{"id":762,"date":"2020-10-14T17:57:38","date_gmt":"2020-10-14T15:57:38","guid":{"rendered":"https:\/\/programme.yiddish.paris\/?page_id=762"},"modified":"2024-05-29T07:17:30","modified_gmt":"2024-05-29T05:17:30","slug":"nos-soutiens","status":"publish","type":"page","link":"https:\/\/programme.yiddish.paris\/?page_id=762","title":{"rendered":"Nos soutiens"},"content":{"rendered":"\n<p>La Maison de la culture yiddish assure son financement gr\u00e2ce<br>\u2013 aux cotisations de ses adh\u00e9rents<br>\u2013 aux dons manuels de ses amis<\/p>\n\n\n\n<p>\u2013 aux subventions r\u00e9guli\u00e8res ou sur projet des institutions suivantes&nbsp;:<br>Le&nbsp;<a href=\"http:\/\/www.culture.gouv.fr\/culture\/\">minist\u00e8re de la Culture et de la Communication<\/a>, notamment \u00e0 travers&nbsp;:<br>la&nbsp;<a href=\"http:\/\/www.culture.gouv.fr\/culture\/regions\/dracs\/idf.htm\">Direction r\u00e9gionale des affaires culturelles d\u2019\u00cele-de-France<\/a><br>la&nbsp;<a href=\"http:\/\/www.culture.gouv.fr\/culture\/dglf\/\">D\u00e9l\u00e9gation g\u00e9n\u00e9rale \u00e0 la langue fran\u00e7aise et aux langues de France<\/a><\/p>\n\n\n\n<p>La&nbsp;<a href=\"http:\/\/www.paris.fr\/\">Mairie de Paris<br><\/a>Le&nbsp;<a href=\"https:\/\/www.iledefrance.fr\/\">Conseil r\u00e9gional d\u2019\u00cele-de-France<br><\/a>Le&nbsp;<a href=\"http:\/\/www.centrenationaldulivre.fr\/\">Centre national du livre<\/a><a href=\"http:\/\/www.bnf.fr\/\"><br><\/a>La&nbsp;<a href=\"http:\/\/www.fondationshoah.org\/\">Fondation pour la m\u00e9moire de la Shoah<br><\/a>Le&nbsp;<a href=\"http:\/\/www.fsju.org\/\">Fonds social juif unifi\u00e9<br><\/a>La&nbsp;<a href=\"http:\/\/www.fondationdujudaisme.org\/\">Fondation du juda\u00efsme fran\u00e7ais<br><\/a>La Fondation Rothschild-Institut Alain de Rothschild<br>La Fondation Rachel Ajzen et L\u00e9on Iagolnitzer sous l\u2019\u00e9gide de la Fondation de France<br>Le Fonds Myriam<br>La&nbsp;<a href=\"http:\/\/www.bnf.fr\/\">Biblioth\u00e8que nationale de France<\/a><br>La Lucius N. Littauer Foundation (\u00c9tats-Unis)<br><a href=\"http:\/\/www.afmedem.org\/home\">American friends of the Medem Library<\/a><br>La Aaron and Sonia Fishman Foundation<br>La Benyumen Shekhter Foundation<a href=\"http:\/\/www.afmedem.org\/home\"><br><\/a>La famille Felzen.<\/p>\n\n\n\n<p>La Maison de la culture yiddish-Biblioth\u00e8que Medem a \u00e9galement re\u00e7u, par le pass\u00e9, le soutien des institutions suivantes&nbsp;:<br>La Commission europ\u00e9enne<br>La Forward Foundation (New York)<br>La Celemenski Foundation (Melbourne)<\/p>\n\n\n\n<figure class=\"wp-block-image size-large is-resized\"><img loading=\"lazy\" decoding=\"async\" width=\"1024\" height=\"306\" src=\"https:\/\/programme.yiddish.paris\/wp-content\/uploads\/2024\/05\/FMS-FJF-2024-1024x306.png\" alt=\"\" class=\"wp-image-5370\" style=\"width:256px;height:83px\" srcset=\"https:\/\/programme.yiddish.paris\/wp-content\/uploads\/2024\/05\/FMS-FJF-2024-1024x306.png 1024w, https:\/\/programme.yiddish.paris\/wp-content\/uploads\/2024\/05\/FMS-FJF-2024-300x90.png 300w, https:\/\/programme.yiddish.paris\/wp-content\/uploads\/2024\/05\/FMS-FJF-2024-768x230.png 768w, https:\/\/programme.yiddish.paris\/wp-content\/uploads\/2024\/05\/FMS-FJF-2024-1536x460.png 1536w, https:\/\/programme.yiddish.paris\/wp-content\/uploads\/2024\/05\/FMS-FJF-2024-24x7.png 24w, https:\/\/programme.yiddish.paris\/wp-content\/uploads\/2024\/05\/FMS-FJF-2024-28x8.png 28w, https:\/\/programme.yiddish.paris\/wp-content\/uploads\/2024\/05\/FMS-FJF-2024-32x10.png 32w, https:\/\/programme.yiddish.paris\/wp-content\/uploads\/2024\/05\/FMS-FJF-2024.png 1878w\" sizes=\"auto, (max-width: 767px) 89vw, (max-width: 1000px) 54vw, (max-width: 1071px) 543px, 580px\" \/><\/figure>\n","protected":false},"excerpt":{"rendered":"<p>La Maison de la culture yiddish assure son financement gr\u00e2ce\u2013 aux cotisations de ses adh\u00e9rents\u2013 aux dons manuels de ses amis \u2013 aux subventions r\u00e9guli\u00e8res ou sur projet des institutions &hellip; <\/p>\n<p class=\"link-more\"><a href=\"https:\/\/programme.yiddish.paris\/?page_id=762\" class=\"more-link\">Continuer la lecture<span class=\"screen-reader-text\"> de &laquo;&nbsp;Nos soutiens&nbsp;&raquo;<\/span><\/a><\/p>\n","protected":false},"author":2,"featured_media":0,"parent":0,"menu_order":0,"comment_status":"closed","ping_status":"closed","template":"","meta":{"_monsterinsights_skip_tracking":false,"_monsterinsights_sitenote_active":false,"_monsterinsights_sitenote_note":"","_monsterinsights_sitenote_category":0,"footnotes":""},"class_list":["post-762","page","type-page","status-publish","hentry"],"yoast_head":"<!-- This site is optimized with the Yoast SEO plugin v27.5 - https:\/\/yoast.com\/product\/yoast-seo-wordpress\/ -->\n<title>Nos soutiens - programme.yiddish.paris<\/title>\n<meta name=\"robots\" content=\"index, follow, max-snippet:-1, max-image-preview:large, max-video-preview:-1\" \/>\n<link rel=\"canonical\" href=\"https:\/\/programme.yiddish.paris\/?page_id=762\" \/>\n<meta property=\"og:locale\" content=\"fr_FR\" \/>\n<meta property=\"og:type\" content=\"article\" \/>\n<meta property=\"og:title\" content=\"Nos soutiens - programme.yiddish.paris\" \/>\n<meta property=\"og:description\" content=\"La Maison de la culture yiddish assure son financement gr\u00e2ce\u2013 aux cotisations de ses adh\u00e9rents\u2013 aux dons manuels de ses amis \u2013 aux subventions r\u00e9guli\u00e8res ou sur projet des institutions &hellip; Continuer la lecture de &laquo;&nbsp;Nos soutiens&nbsp;&raquo;\" \/>\n<meta property=\"og:url\" content=\"https:\/\/programme.yiddish.paris\/?page_id=762\" \/>\n<meta property=\"og:site_name\" content=\"programme.yiddish.paris\" \/>\n<meta property=\"article:modified_time\" content=\"2024-05-29T05:17:30+00:00\" \/>\n<meta property=\"og:image\" content=\"https:\/\/programme.yiddish.paris\/wp-content\/uploads\/2024\/05\/FMS-FJF-2024-1024x306.png\" \/>\n<meta name=\"twitter:card\" content=\"summary_large_image\" \/>\n<meta name=\"twitter:label1\" content=\"Dur\u00e9e de lecture estim\u00e9e\" \/>\n\t<meta name=\"twitter:data1\" content=\"2 minutes\" \/>\n<script type=\"application\/ld+json\" class=\"yoast-schema-graph\">{\"@context\":\"https:\\\/\\\/schema.org\",\"@graph\":[{\"@type\":\"WebPage\",\"@id\":\"https:\\\/\\\/programme.yiddish.paris\\\/?page_id=762\",\"url\":\"https:\\\/\\\/programme.yiddish.paris\\\/?page_id=762\",\"name\":\"Nos soutiens - programme.yiddish.paris\",\"isPartOf\":{\"@id\":\"https:\\\/\\\/programme.yiddish.paris\\\/#website\"},\"primaryImageOfPage\":{\"@id\":\"https:\\\/\\\/programme.yiddish.paris\\\/?page_id=762#primaryimage\"},\"image\":{\"@id\":\"https:\\\/\\\/programme.yiddish.paris\\\/?page_id=762#primaryimage\"},\"thumbnailUrl\":\"https:\\\/\\\/programme.yiddish.paris\\\/wp-content\\\/uploads\\\/2024\\\/05\\\/FMS-FJF-2024-1024x306.png\",\"datePublished\":\"2020-10-14T15:57:38+00:00\",\"dateModified\":\"2024-05-29T05:17:30+00:00\",\"breadcrumb\":{\"@id\":\"https:\\\/\\\/programme.yiddish.paris\\\/?page_id=762#breadcrumb\"},\"inLanguage\":\"fr-FR\",\"potentialAction\":[{\"@type\":\"ReadAction\",\"target\":[\"https:\\\/\\\/programme.yiddish.paris\\\/?page_id=762\"]}]},{\"@type\":\"ImageObject\",\"inLanguage\":\"fr-FR\",\"@id\":\"https:\\\/\\\/programme.yiddish.paris\\\/?page_id=762#primaryimage\",\"url\":\"https:\\\/\\\/programme.yiddish.paris\\\/wp-content\\\/uploads\\\/2024\\\/05\\\/FMS-FJF-2024.png\",\"contentUrl\":\"https:\\\/\\\/programme.yiddish.paris\\\/wp-content\\\/uploads\\\/2024\\\/05\\\/FMS-FJF-2024.png\",\"width\":1878,\"height\":562},{\"@type\":\"BreadcrumbList\",\"@id\":\"https:\\\/\\\/programme.yiddish.paris\\\/?page_id=762#breadcrumb\",\"itemListElement\":[{\"@type\":\"ListItem\",\"position\":1,\"name\":\"Home\",\"item\":\"https:\\\/\\\/programme.yiddish.paris\\\/\"},{\"@type\":\"ListItem\",\"position\":2,\"name\":\"Nos soutiens\"}]},{\"@type\":\"WebSite\",\"@id\":\"https:\\\/\\\/programme.yiddish.paris\\\/#website\",\"url\":\"https:\\\/\\\/programme.yiddish.paris\\\/\",\"name\":\"programme.yiddish.paris\",\"description\":\"La programmation culturelle de la Maison de la culture yiddish \u2013\u00a0Biblioth\u00e8que Medem\",\"publisher\":{\"@id\":\"https:\\\/\\\/programme.yiddish.paris\\\/#organization\"},\"potentialAction\":[{\"@type\":\"SearchAction\",\"target\":{\"@type\":\"EntryPoint\",\"urlTemplate\":\"https:\\\/\\\/programme.yiddish.paris\\\/?s={search_term_string}\"},\"query-input\":{\"@type\":\"PropertyValueSpecification\",\"valueRequired\":true,\"valueName\":\"search_term_string\"}}],\"inLanguage\":\"fr-FR\"},{\"@type\":\"Organization\",\"@id\":\"https:\\\/\\\/programme.yiddish.paris\\\/#organization\",\"name\":\"programme.yiddish.paris\",\"url\":\"https:\\\/\\\/programme.yiddish.paris\\\/\",\"logo\":{\"@type\":\"ImageObject\",\"inLanguage\":\"fr-FR\",\"@id\":\"https:\\\/\\\/programme.yiddish.paris\\\/#\\\/schema\\\/logo\\\/image\\\/\",\"url\":\"https:\\\/\\\/programme.yiddish.paris\\\/wp-content\\\/uploads\\\/2020\\\/07\\\/cropped-mcy_yud-1.png\",\"contentUrl\":\"https:\\\/\\\/programme.yiddish.paris\\\/wp-content\\\/uploads\\\/2020\\\/07\\\/cropped-mcy_yud-1.png\",\"width\":250,\"height\":250,\"caption\":\"programme.yiddish.paris\"},\"image\":{\"@id\":\"https:\\\/\\\/programme.yiddish.paris\\\/#\\\/schema\\\/logo\\\/image\\\/\"}}]}<\/script>\n<!-- \/ Yoast SEO plugin. -->","yoast_head_json":{"title":"Nos soutiens - programme.yiddish.paris","robots":{"index":"index","follow":"follow","max-snippet":"max-snippet:-1","max-image-preview":"max-image-preview:large","max-video-preview":"max-video-preview:-1"},"canonical":"https:\/\/programme.yiddish.paris\/?page_id=762","og_locale":"fr_FR","og_type":"article","og_title":"Nos soutiens - programme.yiddish.paris","og_description":"La Maison de la culture yiddish assure son financement gr\u00e2ce\u2013 aux cotisations de ses adh\u00e9rents\u2013 aux dons manuels de ses amis \u2013 aux subventions r\u00e9guli\u00e8res ou sur projet des institutions &hellip; Continuer la lecture de &laquo;&nbsp;Nos soutiens&nbsp;&raquo;","og_url":"https:\/\/programme.yiddish.paris\/?page_id=762","og_site_name":"programme.yiddish.paris","article_modified_time":"2024-05-29T05:17:30+00:00","og_image":[{"url":"https:\/\/programme.yiddish.paris\/wp-content\/uploads\/2024\/05\/FMS-FJF-2024-1024x306.png","type":"","width":"","height":""}],"twitter_card":"summary_large_image","twitter_misc":{"Dur\u00e9e de lecture estim\u00e9e":"2 minutes"},"schema":{"@context":"https:\/\/schema.org","@graph":[{"@type":"WebPage","@id":"https:\/\/programme.yiddish.paris\/?page_id=762","url":"https:\/\/programme.yiddish.paris\/?page_id=762","name":"Nos soutiens - programme.yiddish.paris","isPartOf":{"@id":"https:\/\/programme.yiddish.paris\/#website"},"primaryImageOfPage":{"@id":"https:\/\/programme.yiddish.paris\/?page_id=762#primaryimage"},"image":{"@id":"https:\/\/programme.yiddish.paris\/?page_id=762#primaryimage"},"thumbnailUrl":"https:\/\/programme.yiddish.paris\/wp-content\/uploads\/2024\/05\/FMS-FJF-2024-1024x306.png","datePublished":"2020-10-14T15:57:38+00:00","dateModified":"2024-05-29T05:17:30+00:00","breadcrumb":{"@id":"https:\/\/programme.yiddish.paris\/?page_id=762#breadcrumb"},"inLanguage":"fr-FR","potentialAction":[{"@type":"ReadAction","target":["https:\/\/programme.yiddish.paris\/?page_id=762"]}]},{"@type":"ImageObject","inLanguage":"fr-FR","@id":"https:\/\/programme.yiddish.paris\/?page_id=762#primaryimage","url":"https:\/\/programme.yiddish.paris\/wp-content\/uploads\/2024\/05\/FMS-FJF-2024.png","contentUrl":"https:\/\/programme.yiddish.paris\/wp-content\/uploads\/2024\/05\/FMS-FJF-2024.png","width":1878,"height":562},{"@type":"BreadcrumbList","@id":"https:\/\/programme.yiddish.paris\/?page_id=762#breadcrumb","itemListElement":[{"@type":"ListItem","position":1,"name":"Home","item":"https:\/\/programme.yiddish.paris\/"},{"@type":"ListItem","position":2,"name":"Nos soutiens"}]},{"@type":"WebSite","@id":"https:\/\/programme.yiddish.paris\/#website","url":"https:\/\/programme.yiddish.paris\/","name":"programme.yiddish.paris","description":"La programmation culturelle de la Maison de la culture yiddish \u2013\u00a0Biblioth\u00e8que Medem","publisher":{"@id":"https:\/\/programme.yiddish.paris\/#organization"},"potentialAction":[{"@type":"SearchAction","target":{"@type":"EntryPoint","urlTemplate":"https:\/\/programme.yiddish.paris\/?s={search_term_string}"},"query-input":{"@type":"PropertyValueSpecification","valueRequired":true,"valueName":"search_term_string"}}],"inLanguage":"fr-FR"},{"@type":"Organization","@id":"https:\/\/programme.yiddish.paris\/#organization","name":"programme.yiddish.paris","url":"https:\/\/programme.yiddish.paris\/","logo":{"@type":"ImageObject","inLanguage":"fr-FR","@id":"https:\/\/programme.yiddish.paris\/#\/schema\/logo\/image\/","url":"https:\/\/programme.yiddish.paris\/wp-content\/uploads\/2020\/07\/cropped-mcy_yud-1.png","contentUrl":"https:\/\/programme.yiddish.paris\/wp-content\/uploads\/2020\/07\/cropped-mcy_yud-1.png","width":250,"height":250,"caption":"programme.yiddish.paris"},"image":{"@id":"https:\/\/programme.yiddish.paris\/#\/schema\/logo\/image\/"}}]}},"_links":{"self":[{"href":"https:\/\/programme.yiddish.paris\/index.php?rest_route=\/wp\/v2\/pages\/762","targetHints":{"allow":["GET"]}}],"collection":[{"href":"https:\/\/programme.yiddish.paris\/index.php?rest_route=\/wp\/v2\/pages"}],"about":[{"href":"https:\/\/programme.yiddish.paris\/index.php?rest_route=\/wp\/v2\/types\/page"}],"author":[{"embeddable":true,"href":"https:\/\/programme.yiddish.paris\/index.php?rest_route=\/wp\/v2\/users\/2"}],"replies":[{"embeddable":true,"href":"https:\/\/programme.yiddish.paris\/index.php?rest_route=%2Fwp%2Fv2%2Fcomments&post=762"}],"version-history":[{"count":9,"href":"https:\/\/programme.yiddish.paris\/index.php?rest_route=\/wp\/v2\/pages\/762\/revisions"}],"predecessor-version":[{"id":5371,"href":"https:\/\/programme.yiddish.paris\/index.php?rest_route=\/wp\/v2\/pages\/762\/revisions\/5371"}],"wp:attachment":[{"href":"https:\/\/programme.yiddish.paris\/index.php?rest_route=%2Fwp%2Fv2%2Fmedia&parent=762"}],"curies":[{"name":"wp","href":"https:\/\/api.w.org\/{rel}","templated":true}]}}