{"id":1419,"date":"2021-02-15T22:57:13","date_gmt":"2021-02-15T21:57:13","guid":{"rendered":"https:\/\/programme.yiddish.paris\/?post_type=tribe_events&#038;p=1419"},"modified":"2021-04-19T13:00:35","modified_gmt":"2021-04-19T11:00:35","slug":"78e-anniversaire-du-soulevement-du-ghetto-de-varsovie-sur-zoom","status":"publish","type":"tribe_events","link":"https:\/\/programme.yiddish.paris\/?tribe_events=78e-anniversaire-du-soulevement-du-ghetto-de-varsovie-sur-zoom","title":{"rendered":"78e anniversaire du soul\u00e8vement du ghetto de Varsovie (sur Zoom)"},"content":{"rendered":"\n\n\n\n\n<p>Les anniversaires du soul\u00e8vement du ghetto de Varsovie sont v\u00e9cus \u00e0 la MCY comme le temps de partager ce qui a \u00e9t\u00e9 cr\u00e9\u00e9 en yiddish \u2014 litt\u00e9rature, chansons, t\u00e9moignages \u2014 sur le <em>Khurbn<\/em>, comme on d\u00e9signe en yiddish le G\u00e9nocide, et la r\u00e9sistance dans les ann\u00e9es 1939-1945.&nbsp;<\/p>\n\n\n\n<p>Autour de Batia Baum et de Yitshkhok Niborski, des textes de diff\u00e9rents po\u00e8tes seront lus en yiddish et en traduction par Arnaud Bikard, Nadia D\u00e9han-Rotschild, Valentina Fedchenko, Shahar Fineberg, Leyele Fisbein, Michel Fisbein, Tal Hever-Chybowski, Annick Prime-Margules, Mich\u00e8le Tauber, Reyze Turner.&nbsp;Chant : Valentina Fedchenko.<\/p>\n\n\n\n<p>En ligne.<\/p>\n\n\n\n<p id=\"block-9f12ed79-6edc-4770-bd43-8fe9522387fe\"><em>Entr\u00e9e libre.<\/em><\/p>\n\n\n\n<p id=\"block-2ba98dcd-5f13-4105-b07b-0b0692c4fa6f\"><strong><a href=\"https:\/\/www.helloasso.com\/associations\/maison-de-la-culture-yiddish-bibliotheque-medem\/evenements\/2021-04\">Cliquez ici<\/a><\/strong>&nbsp;pour r\u00e9server (r\u00e9servation obligatoire).<\/p>\n\n\n\n<p>Les inscriptions fermeront <strong>30 minutes avant le d\u00e9but de l&rsquo;activit\u00e9<\/strong>.<\/p>\n\n\n\n<h1 dir=\"rtl\">\u05e6\u05d5\u05dd 78\u05e1\u05d8\u05df \u05d9\u05d0\u05b8\u05e8\u05d8\u05d0\u05b8\u05d2 \u05e4\u05bf\u05d5\u05df \u05d5\u05d5\u05d0\u05b7\u05e8\u05e9\u05e2\u05d5\u05d5\u05e2\u05e8 \u05d2\u05e2\u05d8\u05d0\u05b8\u05be\u05d0\u05d5\u05d9\u05e4\u05bf\u05e9\u05d8\u05d0\u05b7\u05e0\u05d3 (\u05d3\u05d5\u05e8\u05da \u05d6\u05d5\u05dd)<\/h1>\n<h2 dir=\"rtl\">\u05e9\u05d1\u05ea \u05d3\u05e2\u05dd 17\u05d8\u05df \u05d0\u05b7\u05e4\u05bc\u05e8\u05d9\u05dc 2021, 15,30 \u2014 17,00 \u05d0\u05b7\u05d6<\/h2>\n<div dir=\"rtl\">\u05d5\u05d5\u05d9 \u05d0\u05b7\u05dc\u05e2 \u05d9\u05d0\u05b8\u05e8, \u05d5\u05d5\u05e2\u05d8 \u05d3\u05d9 \u05d0\u05b8\u05e0\u05d3\u05e2\u05e0\u05e7\u05be\u05d0\u05d5\u05e0\u05d8\u05e2\u05e8\u05e0\u05e2\u05de\u05d5\u05e0\u05d2 \u05e4\u05bf\u05d5\u05df \u05e4\u05bc\u05d0\u05b7\u05e8\u05d9\u05d6\u05e2\u05e8 \u05d9\u05d9\u05b4\u05d3\u05d9\u05e9\u05be\u05e6\u05e2\u05e0\u05d8\u05e2\u05e8 \u05d0\u05b7\u05e8\u05d5\u05d9\u05e1\u05d4\u05d9\u05d9\u05d1\u05df \u05de\u05d0\u05b8\u05de\u05e2\u05e0\u05d8\u05df \u05e4\u05bf\u05d5\u05df \u05d3\u05e2\u05e8 \u05d9\u05d9\u05b4\u05d3\u05d9\u05e9\u05e2\u05e8 \u05d7\u05d5\u05e8\u05d1\u05df\u05be\u05dc\u05d9\u05d8\u05e2\u05e8\u05d0\u05b7\u05d8\u05d5\u05e8. \u05e6\u05d5\u05d6\u05d0\u05b7\u05de\u05e2\u05df \u05de\u05d9\u05d8 \u05d1\u05ea\u05d9\u05d4 \u05d1\u05d5\u05d9\u05dd \u05d0\u05d5\u05df \u05d9\u05e6\u05d7\u05e7 \u05e0\u05d9\u05d1\u05d0\u05b8\u05e8\u05e1\u05e7\u05d9, \u05d5\u05d5\u05e2\u05dc\u05df \u05e4\u05bf\u05d0\u05b8\u05e8\u05dc\u05d9\u05d9\u05e2\u05e0\u05e2\u05df \u05e4\u05bc\u05d0\u05b8\u05e2\u05d8\u05d9\u05e9\u05e2 \u05d8\u05e2\u05e7\u05e1\u05d8\u05df \u05d0\u05d9\u05df \u05d9\u05d9\u05b4\u05d3\u05d9\u05e9 \u05d0\u05d5\u05df \u05d0\u05d9\u05df \u05e4\u05bf\u05e8\u05d0\u05b7\u05e0\u05e6\u05d9\u05d9\u05d6\u05d9\u05e9\u05e2\u05e8 \u05d0\u05d9\u05d1\u05e2\u05e8\u05d6\u05e2\u05e6\u05d5\u05e0\u05d2 : \u05d0\u05b7\u05e8\u05e0\u05d0\u05b8 \u05d1\u05d9\u05e7\u05d0\u05b7\u05e8, \u05e0\u05d0\u05b7\u05d3\u05d9\u05d0\u05b7 \u05d3\u05e2\u05d4\u05d0\u05b7\u05df\u05be\u05e8\u05d0\u05b8\u05d8\u05e9\u05d9\u05dc\u05d3, \u05d8\u05dc \u05d7\u05d1\u05bf\u05e8\u05be\u05db\u05d9\u05d1\u05d0\u05b8\u05d5\u05d5\u05e1\u05e7\u05d9, \u05de\u05d9\u05e9\u05e2\u05dc \u05d8\u05d0\u05b7\u05d5\u05d1\u05e2\u05e8, \u05e8\u05d9\u05d9\u05d6\u05e2 \u05d8\u05d5\u05e8\u05e0\u05e2\u05e8, \u05d0\u05b7\u05e0\u05d9\u05e7 \u05e4\u05bc\u05e8\u05d9\u05dd\u05be\u05de\u05d0\u05b7\u05e8\u05d2\u05d5\u05dc\u05d9\u05e1, \u05e9\u05d7\u05e8 \u05e4\u05bf\u05f2\u05b7\u05e0\u05d1\u05e2\u05e8\u05d2, \u05dc\u05d0\u05d4\u05dc\u05e2 \u05e4\u05bf\u05d9\u05e9\u05d1\u05d9\u05d9\u05df, \u05de\u05d9\u05e9\u05e2\u05dc \u05e4\u05bf\u05d9\u05e9\u05d1\u05d9\u05d9\u05df \u05d0\u05d5\u05df \u05d5\u05d5\u05d0\u05b7\u05dc\u05d9\u05e2 \u05e4\u05bf\u05e2\u05d3\u05d8\u05e9\u05e2\u05e0\u05e7\u05d0\u05b8.\u00a0\u05d2\u05e2\u05d6\u05d0\u05b7\u05e0\u05d2 : \u05d5\u05d5\u05d0\u05b7\u05dc\u05d9\u05e2 \u05e4\u05bf\u05e2\u05d3\u05d8\u05e9\u05e2\u05e0\u05e7\u05d0\u05b8.<\/div>\n<div>\u00a0<\/div>\n<div dir=\"rtl\">\u05d0\u05d5\u05d9\u05e3 \u05d0\u05d9\u05e0\u05d8\u05e2\u05e8\u05e0\u05e5<\/div>\n<div>\u00a0<\/div>\n<div style=\"text-align: right;\">\u05d0\u05b7\u05e8\u05f2\u05b7\u05e0\u05d2\u05d0\u05b7\u05e0\u05d2 \u05e4\u05bf\u05e8\u05f2\u05b7<\/div>\n<div dir=\"rtl\">\u00a0<\/div>\n<div dir=\"rtl\">\u05e7\u05d5\u05d5\u05e2\u05d8\u05e9\u05d8 \u05d3\u05d0\u05b8 \u05e6\u05d5 <strong><a href=\"https:\/\/www.helloasso.com\/associations\/maison-de-la-culture-yiddish-bibliotheque-medem\/evenements\/2021-04\">\u05e8\u05e2\u05d6\u05e2\u05e8\u05d5\u05d5\u05d9\u05e8\u05df<\/a><\/strong><\/div>\n\n\n\n\n\n\n\n\n\n\n\n\n","protected":false},"excerpt":{"rendered":"<p>Les anniversaires du soul\u00e8vement du ghetto de Varsovie sont v\u00e9cus \u00e0 la MCY comme le temps de partager ce qui a \u00e9t\u00e9 cr\u00e9\u00e9 en yiddish \u2014 litt\u00e9rature, chansons, t\u00e9moignages \u2014 &hellip; <\/p>\n<p class=\"link-more\"><a href=\"https:\/\/programme.yiddish.paris\/?tribe_events=78e-anniversaire-du-soulevement-du-ghetto-de-varsovie-sur-zoom\" class=\"more-link\">Continuer la lecture<span class=\"screen-reader-text\"> de &laquo;&nbsp;78e anniversaire du soul\u00e8vement du ghetto de Varsovie (sur Zoom)&nbsp;&raquo;<\/span><\/a><\/p>\n","protected":false},"author":2,"featured_media":1420,"template":"","meta":{"_monsterinsights_skip_tracking":false,"_monsterinsights_sitenote_active":false,"_monsterinsights_sitenote_note":"","_monsterinsights_sitenote_category":0,"_tribe_events_status":"","_tribe_events_status_reason":"","footnotes":""},"tags":[],"tribe_events_cat":[70],"class_list":["post-1419","tribe_events","type-tribe_events","status-publish","has-post-thumbnail","hentry","tribe_events_cat-commemoration","cat_commemoration"],"yoast_head":"<!-- This site is optimized with the Yoast SEO plugin v27.5 - https:\/\/yoast.com\/product\/yoast-seo-wordpress\/ -->\n<title>78e anniversaire du soul\u00e8vement du ghetto de Varsovie (sur Zoom) - programme.yiddish.paris<\/title>\n<meta name=\"robots\" content=\"index, follow, max-snippet:-1, max-image-preview:large, max-video-preview:-1\" \/>\n<link rel=\"canonical\" href=\"https:\/\/programme.yiddish.paris\/?tribe_events=78e-anniversaire-du-soulevement-du-ghetto-de-varsovie-sur-zoom\" \/>\n<meta property=\"og:locale\" content=\"fr_FR\" \/>\n<meta property=\"og:type\" content=\"article\" \/>\n<meta property=\"og:title\" content=\"78e anniversaire du soul\u00e8vement du ghetto de Varsovie (sur Zoom) - programme.yiddish.paris\" \/>\n<meta property=\"og:description\" content=\"Les anniversaires du soul\u00e8vement du ghetto de Varsovie sont v\u00e9cus \u00e0 la MCY comme le temps de partager ce qui a \u00e9t\u00e9 cr\u00e9\u00e9 en yiddish \u2014 litt\u00e9rature, chansons, t\u00e9moignages \u2014 &hellip; Continuer la lecture de &laquo;&nbsp;78e anniversaire du soul\u00e8vement du ghetto de Varsovie (sur Zoom)&nbsp;&raquo;\" \/>\n<meta property=\"og:url\" content=\"https:\/\/programme.yiddish.paris\/?tribe_events=78e-anniversaire-du-soulevement-du-ghetto-de-varsovie-sur-zoom\" \/>\n<meta property=\"og:site_name\" content=\"programme.yiddish.paris\" \/>\n<meta property=\"article:modified_time\" content=\"2021-04-19T11:00:35+00:00\" \/>\n<meta property=\"og:image\" content=\"https:\/\/programme.yiddish.paris\/wp-content\/uploads\/2021\/02\/moyer-geto-varshe-scaled.jpg\" \/>\n\t<meta property=\"og:image:width\" content=\"2560\" \/>\n\t<meta property=\"og:image:height\" content=\"1373\" \/>\n\t<meta property=\"og:image:type\" content=\"image\/jpeg\" \/>\n<meta name=\"twitter:card\" content=\"summary_large_image\" \/>\n<meta name=\"twitter:label1\" content=\"Dur\u00e9e de lecture estim\u00e9e\" \/>\n\t<meta name=\"twitter:data1\" content=\"1 minute\" \/>\n<script type=\"application\/ld+json\" class=\"yoast-schema-graph\">{\"@context\":\"https:\\\/\\\/schema.org\",\"@graph\":[{\"@type\":\"WebPage\",\"@id\":\"https:\\\/\\\/programme.yiddish.paris\\\/?tribe_events=78e-anniversaire-du-soulevement-du-ghetto-de-varsovie-sur-zoom\",\"url\":\"https:\\\/\\\/programme.yiddish.paris\\\/?tribe_events=78e-anniversaire-du-soulevement-du-ghetto-de-varsovie-sur-zoom\",\"name\":\"78e anniversaire du soul\u00e8vement du ghetto de Varsovie (sur Zoom) - programme.yiddish.paris\",\"isPartOf\":{\"@id\":\"https:\\\/\\\/programme.yiddish.paris\\\/#website\"},\"primaryImageOfPage\":{\"@id\":\"https:\\\/\\\/programme.yiddish.paris\\\/?tribe_events=78e-anniversaire-du-soulevement-du-ghetto-de-varsovie-sur-zoom#primaryimage\"},\"image\":{\"@id\":\"https:\\\/\\\/programme.yiddish.paris\\\/?tribe_events=78e-anniversaire-du-soulevement-du-ghetto-de-varsovie-sur-zoom#primaryimage\"},\"thumbnailUrl\":\"https:\\\/\\\/programme.yiddish.paris\\\/wp-content\\\/uploads\\\/2021\\\/02\\\/moyer-geto-varshe-scaled.jpg\",\"datePublished\":\"2021-02-15T21:57:13+00:00\",\"dateModified\":\"2021-04-19T11:00:35+00:00\",\"breadcrumb\":{\"@id\":\"https:\\\/\\\/programme.yiddish.paris\\\/?tribe_events=78e-anniversaire-du-soulevement-du-ghetto-de-varsovie-sur-zoom#breadcrumb\"},\"inLanguage\":\"fr-FR\",\"potentialAction\":[{\"@type\":\"ReadAction\",\"target\":[\"https:\\\/\\\/programme.yiddish.paris\\\/?tribe_events=78e-anniversaire-du-soulevement-du-ghetto-de-varsovie-sur-zoom\"]}]},{\"@type\":\"ImageObject\",\"inLanguage\":\"fr-FR\",\"@id\":\"https:\\\/\\\/programme.yiddish.paris\\\/?tribe_events=78e-anniversaire-du-soulevement-du-ghetto-de-varsovie-sur-zoom#primaryimage\",\"url\":\"https:\\\/\\\/programme.yiddish.paris\\\/wp-content\\\/uploads\\\/2021\\\/02\\\/moyer-geto-varshe-scaled.jpg\",\"contentUrl\":\"https:\\\/\\\/programme.yiddish.paris\\\/wp-content\\\/uploads\\\/2021\\\/02\\\/moyer-geto-varshe-scaled.jpg\",\"width\":2560,\"height\":1373},{\"@type\":\"BreadcrumbList\",\"@id\":\"https:\\\/\\\/programme.yiddish.paris\\\/?tribe_events=78e-anniversaire-du-soulevement-du-ghetto-de-varsovie-sur-zoom#breadcrumb\",\"itemListElement\":[{\"@type\":\"ListItem\",\"position\":1,\"name\":\"Home\",\"item\":\"https:\\\/\\\/programme.yiddish.paris\\\/\"},{\"@type\":\"ListItem\",\"position\":2,\"name\":\"\u00c9v\u00e8nements\",\"item\":\"https:\\\/\\\/programme.yiddish.paris\\\/?post_type=tribe_events\"},{\"@type\":\"ListItem\",\"position\":3,\"name\":\"78e anniversaire du soul\u00e8vement du ghetto de Varsovie (sur Zoom)\"}]},{\"@type\":\"WebSite\",\"@id\":\"https:\\\/\\\/programme.yiddish.paris\\\/#website\",\"url\":\"https:\\\/\\\/programme.yiddish.paris\\\/\",\"name\":\"programme.yiddish.paris\",\"description\":\"La programmation culturelle de la Maison de la culture yiddish \u2013\u00a0Biblioth\u00e8que Medem\",\"publisher\":{\"@id\":\"https:\\\/\\\/programme.yiddish.paris\\\/#organization\"},\"potentialAction\":[{\"@type\":\"SearchAction\",\"target\":{\"@type\":\"EntryPoint\",\"urlTemplate\":\"https:\\\/\\\/programme.yiddish.paris\\\/?s={search_term_string}\"},\"query-input\":{\"@type\":\"PropertyValueSpecification\",\"valueRequired\":true,\"valueName\":\"search_term_string\"}}],\"inLanguage\":\"fr-FR\"},{\"@type\":\"Organization\",\"@id\":\"https:\\\/\\\/programme.yiddish.paris\\\/#organization\",\"name\":\"programme.yiddish.paris\",\"url\":\"https:\\\/\\\/programme.yiddish.paris\\\/\",\"logo\":{\"@type\":\"ImageObject\",\"inLanguage\":\"fr-FR\",\"@id\":\"https:\\\/\\\/programme.yiddish.paris\\\/#\\\/schema\\\/logo\\\/image\\\/\",\"url\":\"https:\\\/\\\/programme.yiddish.paris\\\/wp-content\\\/uploads\\\/2020\\\/07\\\/cropped-mcy_yud-1.png\",\"contentUrl\":\"https:\\\/\\\/programme.yiddish.paris\\\/wp-content\\\/uploads\\\/2020\\\/07\\\/cropped-mcy_yud-1.png\",\"width\":250,\"height\":250,\"caption\":\"programme.yiddish.paris\"},\"image\":{\"@id\":\"https:\\\/\\\/programme.yiddish.paris\\\/#\\\/schema\\\/logo\\\/image\\\/\"}}]}<\/script>\n<!-- \/ Yoast SEO plugin. -->","yoast_head_json":{"title":"78e anniversaire du soul\u00e8vement du ghetto de Varsovie (sur Zoom) - programme.yiddish.paris","robots":{"index":"index","follow":"follow","max-snippet":"max-snippet:-1","max-image-preview":"max-image-preview:large","max-video-preview":"max-video-preview:-1"},"canonical":"https:\/\/programme.yiddish.paris\/?tribe_events=78e-anniversaire-du-soulevement-du-ghetto-de-varsovie-sur-zoom","og_locale":"fr_FR","og_type":"article","og_title":"78e anniversaire du soul\u00e8vement du ghetto de Varsovie (sur Zoom) - programme.yiddish.paris","og_description":"Les anniversaires du soul\u00e8vement du ghetto de Varsovie sont v\u00e9cus \u00e0 la MCY comme le temps de partager ce qui a \u00e9t\u00e9 cr\u00e9\u00e9 en yiddish \u2014 litt\u00e9rature, chansons, t\u00e9moignages \u2014 &hellip; Continuer la lecture de &laquo;&nbsp;78e anniversaire du soul\u00e8vement du ghetto de Varsovie (sur Zoom)&nbsp;&raquo;","og_url":"https:\/\/programme.yiddish.paris\/?tribe_events=78e-anniversaire-du-soulevement-du-ghetto-de-varsovie-sur-zoom","og_site_name":"programme.yiddish.paris","article_modified_time":"2021-04-19T11:00:35+00:00","og_image":[{"width":2560,"height":1373,"url":"https:\/\/programme.yiddish.paris\/wp-content\/uploads\/2021\/02\/moyer-geto-varshe-scaled.jpg","type":"image\/jpeg"}],"twitter_card":"summary_large_image","twitter_misc":{"Dur\u00e9e de lecture estim\u00e9e":"1 minute"},"schema":{"@context":"https:\/\/schema.org","@graph":[{"@type":"WebPage","@id":"https:\/\/programme.yiddish.paris\/?tribe_events=78e-anniversaire-du-soulevement-du-ghetto-de-varsovie-sur-zoom","url":"https:\/\/programme.yiddish.paris\/?tribe_events=78e-anniversaire-du-soulevement-du-ghetto-de-varsovie-sur-zoom","name":"78e anniversaire du soul\u00e8vement du ghetto de Varsovie (sur Zoom) - programme.yiddish.paris","isPartOf":{"@id":"https:\/\/programme.yiddish.paris\/#website"},"primaryImageOfPage":{"@id":"https:\/\/programme.yiddish.paris\/?tribe_events=78e-anniversaire-du-soulevement-du-ghetto-de-varsovie-sur-zoom#primaryimage"},"image":{"@id":"https:\/\/programme.yiddish.paris\/?tribe_events=78e-anniversaire-du-soulevement-du-ghetto-de-varsovie-sur-zoom#primaryimage"},"thumbnailUrl":"https:\/\/programme.yiddish.paris\/wp-content\/uploads\/2021\/02\/moyer-geto-varshe-scaled.jpg","datePublished":"2021-02-15T21:57:13+00:00","dateModified":"2021-04-19T11:00:35+00:00","breadcrumb":{"@id":"https:\/\/programme.yiddish.paris\/?tribe_events=78e-anniversaire-du-soulevement-du-ghetto-de-varsovie-sur-zoom#breadcrumb"},"inLanguage":"fr-FR","potentialAction":[{"@type":"ReadAction","target":["https:\/\/programme.yiddish.paris\/?tribe_events=78e-anniversaire-du-soulevement-du-ghetto-de-varsovie-sur-zoom"]}]},{"@type":"ImageObject","inLanguage":"fr-FR","@id":"https:\/\/programme.yiddish.paris\/?tribe_events=78e-anniversaire-du-soulevement-du-ghetto-de-varsovie-sur-zoom#primaryimage","url":"https:\/\/programme.yiddish.paris\/wp-content\/uploads\/2021\/02\/moyer-geto-varshe-scaled.jpg","contentUrl":"https:\/\/programme.yiddish.paris\/wp-content\/uploads\/2021\/02\/moyer-geto-varshe-scaled.jpg","width":2560,"height":1373},{"@type":"BreadcrumbList","@id":"https:\/\/programme.yiddish.paris\/?tribe_events=78e-anniversaire-du-soulevement-du-ghetto-de-varsovie-sur-zoom#breadcrumb","itemListElement":[{"@type":"ListItem","position":1,"name":"Home","item":"https:\/\/programme.yiddish.paris\/"},{"@type":"ListItem","position":2,"name":"\u00c9v\u00e8nements","item":"https:\/\/programme.yiddish.paris\/?post_type=tribe_events"},{"@type":"ListItem","position":3,"name":"78e anniversaire du soul\u00e8vement du ghetto de Varsovie (sur Zoom)"}]},{"@type":"WebSite","@id":"https:\/\/programme.yiddish.paris\/#website","url":"https:\/\/programme.yiddish.paris\/","name":"programme.yiddish.paris","description":"La programmation culturelle de la Maison de la culture yiddish \u2013\u00a0Biblioth\u00e8que Medem","publisher":{"@id":"https:\/\/programme.yiddish.paris\/#organization"},"potentialAction":[{"@type":"SearchAction","target":{"@type":"EntryPoint","urlTemplate":"https:\/\/programme.yiddish.paris\/?s={search_term_string}"},"query-input":{"@type":"PropertyValueSpecification","valueRequired":true,"valueName":"search_term_string"}}],"inLanguage":"fr-FR"},{"@type":"Organization","@id":"https:\/\/programme.yiddish.paris\/#organization","name":"programme.yiddish.paris","url":"https:\/\/programme.yiddish.paris\/","logo":{"@type":"ImageObject","inLanguage":"fr-FR","@id":"https:\/\/programme.yiddish.paris\/#\/schema\/logo\/image\/","url":"https:\/\/programme.yiddish.paris\/wp-content\/uploads\/2020\/07\/cropped-mcy_yud-1.png","contentUrl":"https:\/\/programme.yiddish.paris\/wp-content\/uploads\/2020\/07\/cropped-mcy_yud-1.png","width":250,"height":250,"caption":"programme.yiddish.paris"},"image":{"@id":"https:\/\/programme.yiddish.paris\/#\/schema\/logo\/image\/"}}]}},"_links":{"self":[{"href":"https:\/\/programme.yiddish.paris\/index.php?rest_route=\/wp\/v2\/tribe_events\/1419","targetHints":{"allow":["GET"]}}],"collection":[{"href":"https:\/\/programme.yiddish.paris\/index.php?rest_route=\/wp\/v2\/tribe_events"}],"about":[{"href":"https:\/\/programme.yiddish.paris\/index.php?rest_route=\/wp\/v2\/types\/tribe_events"}],"author":[{"embeddable":true,"href":"https:\/\/programme.yiddish.paris\/index.php?rest_route=\/wp\/v2\/users\/2"}],"version-history":[{"count":5,"href":"https:\/\/programme.yiddish.paris\/index.php?rest_route=\/wp\/v2\/tribe_events\/1419\/revisions"}],"predecessor-version":[{"id":1741,"href":"https:\/\/programme.yiddish.paris\/index.php?rest_route=\/wp\/v2\/tribe_events\/1419\/revisions\/1741"}],"wp:featuredmedia":[{"embeddable":true,"href":"https:\/\/programme.yiddish.paris\/index.php?rest_route=\/wp\/v2\/media\/1420"}],"wp:attachment":[{"href":"https:\/\/programme.yiddish.paris\/index.php?rest_route=%2Fwp%2Fv2%2Fmedia&parent=1419"}],"wp:term":[{"taxonomy":"post_tag","embeddable":true,"href":"https:\/\/programme.yiddish.paris\/index.php?rest_route=%2Fwp%2Fv2%2Ftags&post=1419"},{"taxonomy":"tribe_events_cat","embeddable":true,"href":"https:\/\/programme.yiddish.paris\/index.php?rest_route=%2Fwp%2Fv2%2Ftribe_events_cat&post=1419"}],"curies":[{"name":"wp","href":"https:\/\/api.w.org\/{rel}","templated":true}]}}