{"id":1469,"date":"2021-02-27T17:22:56","date_gmt":"2021-02-27T16:22:56","guid":{"rendered":"https:\/\/programme.yiddish.paris\/?post_type=tribe_events&#038;p=1469"},"modified":"2021-03-03T08:48:56","modified_gmt":"2021-03-03T07:48:56","slug":"105e-anniversaire-de-la-mort-de-sholem-aleykhem","status":"publish","type":"tribe_events","link":"https:\/\/programme.yiddish.paris\/?tribe_events=105e-anniversaire-de-la-mort-de-sholem-aleykhem","title":{"rendered":"105e Anniversaire de la mort de Sholem-Aleykhem (sur Zoom)"},"content":{"rendered":"\n\n\n<p><\/p>\n\n\n\n\n\n<p>Comme tous les ans, fid\u00e8les au souhait exprim\u00e9 par le grand \u00e9crivain dans son testament, nous nous r\u00e9unirons pour le plaisir d\u2019entendre des lectures de ses \u0153uvres.&nbsp;<\/p>\n\n\n\n<p>Introduction : <strong>Yitskhok Niborski<\/strong>. Lecture des derni\u00e8res volont\u00e9s de Sholem-Aleykhem : <strong>L\u00e9opold&nbsp;<\/strong>(<strong>Leybl) Niborski de Milleret<\/strong>. Lecture d&rsquo;une nouvelle du cycle <em>Contes ferroviaires<\/em> (<em>Ayznban-geshikhtes<\/em>) de Sholem-Aleykhem en yiddish : Hershl Grant. Lecture de la traduction fran\u00e7aise : <strong>Annick Prime-Margules<\/strong> et <strong><strong>Laurence<\/strong><\/strong> (<strong>Leyele) Fisbein<\/strong>.<\/p>\n\n\n\n<p>L\u2019activit\u00e9 se d\u00e9roule en yiddish et en fran\u00e7ais. <\/p>\n\n\n\n<p><em>Entr\u00e9e libre.<\/em><\/p>\n\n\n\n<p><strong><a href=\"https:\/\/www.helloasso.com\/associations\/maison-de-la-culture-yiddish-bibliotheque-medem\/evenements\/2021-05\">Cliquez ici<\/a><\/strong>\u00a0pour r\u00e9server (r\u00e9servation obligatoire).<\/p>\n\n\n\n<p>Les inscriptions fermeront <strong>30 minutes avant le d\u00e9but de l&rsquo;activit\u00e9<\/strong>.<\/p>\n\n\n\n<h1 class=\"has-text-align-right wp-block-heading\">\u05e6\u05d5 \u05e9\u05dc\u05d5\u05dd\u05be\u05e2\u05dc\u05d9\u05db\u05de\u05e1 105\u05d8\u05df \u05d9\u05d0\u05b8\u05e8\u05e6\u05f2\u05b7\u05d8<br><\/h1>\n\n\n\n<p dir=\"rtl\">\u05d5\u05d5\u05d9 \u05d0\u05b7\u05dc\u05e2 \u05d9\u05d0\u05b8\u05e8, \u05d1\u05dc\u05f2\u05b7\u05d1\u05df \u05de\u05d9\u05e8 \u05d2\u05e2\u05d8\u05e8\u05f2\u05b7 \u05e6\u05d5 \u05e9\u05dc\u05d5\u05dd\u05be\u05e2\u05dc\u05d9\u05db\u05de\u05e1 \u05d5\u05d5\u05d5\u05bc\u05e0\u05d8\u05e9 \u05d0\u05d9\u05df \u05d6\u05f2\u05b7\u05df \u05e6\u05d5\u05d5\u05d0\u05b8\u05d4 \u05d0\u05d5\u05df \u05d8\u05e8\u05e2\u05e4\u05bf\u05df \u05d6\u05d9\u05da \u05d4\u05e0\u05d0\u05d4 \u05e6\u05d5 \u05d4\u05d0\u05b8\u05d1\u05df \u05e4\u05bf\u05d5\u05df \u05d6\u05f2\u05b7\u05e0\u05e2 \u05e4\u05bf\u05d0\u05b8\u05e8\u05d2\u05e2\u05dc\u05d9\u05d9\u05e2\u05e0\u05d8\u05e2 \u05e9\u05d0\u05b7\u05e4\u05bf\u05d5\u05e0\u05d2\u05e2\u05df.<br \/>\u05d0\u05b7\u05e8\u05f2\u05b7\u05e0\u05e4\u05bf\u05d9\u05e8\u05be\u05d5\u05d5\u05e2\u05e8\u05d8\u05e2\u05e8 : <strong>\u05d9\u05e6\u05d7\u05e7 \u05e0\u05d9\u05d1\u05d0\u05b8\u05e8\u05e1\u05e7<\/strong>\u05d9. \u05e9\u05dc\u05d5\u05dd\u05be\u05e2\u05dc\u05d9\u05db\u05de\u05e1 \u05dc\u05e2\u05e6\u05d8\u05e2 \u05d5\u05d5\u05d5\u05bc\u05e0\u05d8\u05e9\u05df : <strong>\u05dc\u05d9\u05d9\u05d1\u05e2\u05dc\u05e2 \u05e0\u05d9\u05d1\u05d0\u05b8\u05e8\u05e1\u05e7\u05d9 \u05d3\u05e2 \u05de\u05d9\u05dc\u05e8\u05e2<\/strong>. <strong>\u05d4\u05e2\u05e8\u05e9\u05dc<\/strong> <strong>\u05d2\u05e8\u05d0\u05b7\u05e0\u05d8<\/strong> \u05d5\u05d5\u05e2\u05d8 \u05e4\u05bf\u05d0\u05b8\u05e8\u05dc\u05d9\u05d9\u05e2\u05e0\u05e2\u05df \u05d0\u05b7 \u05d3\u05e2\u05e8\u05e6\u05d9\u05d9\u05dc\u05d5\u05e0\u05d2 \u05e4\u05bf\u05d5\u05e0\u05e2\u05dd \u05e6\u05d9\u05e7\u05dc <em>\u05d0\u05f2\u05b7\u05d6\u05e0\u05d1\u05d0\u05b7\u05df\u05be\u05d2\u05e2\u05e9\u05d9\u05db\u05d8\u05e2\u05e1<\/em>. \u05d3\u05d9 \u05d0\u05d9\u05d1\u05e2\u05e8\u05d6\u05e2\u05e6\u05d5\u05e0\u05d2 \u05d0\u05d5\u05d9\u05e3 \u05e4\u05bf\u05e8\u05d0\u05b7\u05e0\u05e6\u05d9\u05d9\u05d6\u05d9\u05e9 \u05d5\u05d5\u05e2\u05dc\u05df \u05e4\u05bf\u05d0\u05b8\u05e8\u05dc\u05d9\u05d9\u05e2\u05e0\u05e2\u05df <strong>\u05d0\u05b7\u05e0\u05d9\u05e7 \u05e4\u05bc\u05e8\u05d9\u05dd\u05be\u05de\u05d0\u05b7\u05e8\u05d2\u05d5\u05dc\u05d9\u05e1<\/strong> \u05d0\u05d5\u05df <strong>\u05dc\u05d0\u05d4\u05dc\u05e2 \u05e4\u05bf\u05d9\u05e9\u05d1\u05d9\u05d9\u05df<\/strong>.<\/p>\n<p dir=\"rtl\">\u05d0\u05d5\u05d9\u05e3 \u05d9\u05d9\u05b4\u05d3\u05d9\u05e9 \u05d0\u05d5\u05df \u05e4\u05bf\u05e8\u05d0\u05b7\u05e0\u05e6\u05d9\u05d9\u05d6\u05d9\u05e9.<\/p>\n<p dir=\"rtl\">\u05d0\u05b7\u05e8\u05f2\u05b7\u05e0\u05d2\u05d0\u05b7\u05e0\u05d2 \u05e4\u05bf\u05e8\u05f2\u05b7. <strong><a href=\"https:\/\/www.helloasso.com\/associations\/maison-de-la-culture-yiddish-bibliotheque-medem\/evenements\/2021-05\">\u05e9\u05e8\u05f2\u05b7\u05d1\u05d8 \u05d6\u05d9\u05da \u05d0\u05f2\u05b7\u05df \u05d3\u05d0\u05b8<\/a><\/strong>.<\/p>\n\n\n\n\n\n\n\n\n\n\n\n\n","protected":false},"excerpt":{"rendered":"<p>Comme tous les ans, fid\u00e8les au souhait exprim\u00e9 par le grand \u00e9crivain dans son testament, nous nous r\u00e9unirons pour le plaisir d\u2019entendre des lectures de ses \u0153uvres.&nbsp; Introduction : Yitskhok &hellip; <\/p>\n<p class=\"link-more\"><a href=\"https:\/\/programme.yiddish.paris\/?tribe_events=105e-anniversaire-de-la-mort-de-sholem-aleykhem\" class=\"more-link\">Continuer la lecture<span class=\"screen-reader-text\"> de &laquo;&nbsp;105e Anniversaire de la mort de Sholem-Aleykhem (sur Zoom)&nbsp;&raquo;<\/span><\/a><\/p>\n","protected":false},"author":2,"featured_media":1470,"template":"","meta":{"_monsterinsights_skip_tracking":false,"_monsterinsights_sitenote_active":false,"_monsterinsights_sitenote_note":"","_monsterinsights_sitenote_category":0,"_tribe_events_status":"","_tribe_events_status_reason":"","footnotes":""},"tags":[],"tribe_events_cat":[70,55,56],"class_list":["post-1469","tribe_events","type-tribe_events","status-publish","has-post-thumbnail","hentry","tribe_events_cat-commemoration","tribe_events_cat-francais","tribe_events_cat-yiddish","cat_commemoration","cat_francais","cat_yiddish"],"yoast_head":"<!-- This site is optimized with the Yoast SEO plugin v27.5 - https:\/\/yoast.com\/product\/yoast-seo-wordpress\/ -->\n<title>105e Anniversaire de la mort de Sholem-Aleykhem (sur Zoom) - programme.yiddish.paris<\/title>\n<meta name=\"robots\" content=\"index, follow, max-snippet:-1, max-image-preview:large, max-video-preview:-1\" \/>\n<link rel=\"canonical\" href=\"https:\/\/programme.yiddish.paris\/?tribe_events=105e-anniversaire-de-la-mort-de-sholem-aleykhem\" \/>\n<meta property=\"og:locale\" content=\"fr_FR\" \/>\n<meta property=\"og:type\" content=\"article\" \/>\n<meta property=\"og:title\" content=\"105e Anniversaire de la mort de Sholem-Aleykhem (sur Zoom) - programme.yiddish.paris\" \/>\n<meta property=\"og:description\" content=\"Comme tous les ans, fid\u00e8les au souhait exprim\u00e9 par le grand \u00e9crivain dans son testament, nous nous r\u00e9unirons pour le plaisir d\u2019entendre des lectures de ses \u0153uvres.&nbsp; Introduction : Yitskhok &hellip; Continuer la lecture de &laquo;&nbsp;105e Anniversaire de la mort de Sholem-Aleykhem (sur Zoom)&nbsp;&raquo;\" \/>\n<meta property=\"og:url\" content=\"https:\/\/programme.yiddish.paris\/?tribe_events=105e-anniversaire-de-la-mort-de-sholem-aleykhem\" \/>\n<meta property=\"og:site_name\" content=\"programme.yiddish.paris\" \/>\n<meta property=\"article:modified_time\" content=\"2021-03-03T07:48:56+00:00\" \/>\n<meta property=\"og:image\" content=\"https:\/\/programme.yiddish.paris\/wp-content\/uploads\/2021\/02\/Nervi12-1024x918-1.jpg\" \/>\n\t<meta property=\"og:image:width\" content=\"1024\" \/>\n\t<meta property=\"og:image:height\" content=\"918\" \/>\n\t<meta property=\"og:image:type\" content=\"image\/jpeg\" \/>\n<meta name=\"twitter:card\" content=\"summary_large_image\" \/>\n<meta name=\"twitter:label1\" content=\"Dur\u00e9e de lecture estim\u00e9e\" \/>\n\t<meta name=\"twitter:data1\" content=\"1 minute\" \/>\n<script type=\"application\/ld+json\" class=\"yoast-schema-graph\">{\"@context\":\"https:\\\/\\\/schema.org\",\"@graph\":[{\"@type\":\"WebPage\",\"@id\":\"https:\\\/\\\/programme.yiddish.paris\\\/?tribe_events=105e-anniversaire-de-la-mort-de-sholem-aleykhem\",\"url\":\"https:\\\/\\\/programme.yiddish.paris\\\/?tribe_events=105e-anniversaire-de-la-mort-de-sholem-aleykhem\",\"name\":\"105e Anniversaire de la mort de Sholem-Aleykhem (sur Zoom) - programme.yiddish.paris\",\"isPartOf\":{\"@id\":\"https:\\\/\\\/programme.yiddish.paris\\\/#website\"},\"primaryImageOfPage\":{\"@id\":\"https:\\\/\\\/programme.yiddish.paris\\\/?tribe_events=105e-anniversaire-de-la-mort-de-sholem-aleykhem#primaryimage\"},\"image\":{\"@id\":\"https:\\\/\\\/programme.yiddish.paris\\\/?tribe_events=105e-anniversaire-de-la-mort-de-sholem-aleykhem#primaryimage\"},\"thumbnailUrl\":\"https:\\\/\\\/programme.yiddish.paris\\\/wp-content\\\/uploads\\\/2021\\\/02\\\/Nervi12-1024x918-1.jpg\",\"datePublished\":\"2021-02-27T16:22:56+00:00\",\"dateModified\":\"2021-03-03T07:48:56+00:00\",\"breadcrumb\":{\"@id\":\"https:\\\/\\\/programme.yiddish.paris\\\/?tribe_events=105e-anniversaire-de-la-mort-de-sholem-aleykhem#breadcrumb\"},\"inLanguage\":\"fr-FR\",\"potentialAction\":[{\"@type\":\"ReadAction\",\"target\":[\"https:\\\/\\\/programme.yiddish.paris\\\/?tribe_events=105e-anniversaire-de-la-mort-de-sholem-aleykhem\"]}]},{\"@type\":\"ImageObject\",\"inLanguage\":\"fr-FR\",\"@id\":\"https:\\\/\\\/programme.yiddish.paris\\\/?tribe_events=105e-anniversaire-de-la-mort-de-sholem-aleykhem#primaryimage\",\"url\":\"https:\\\/\\\/programme.yiddish.paris\\\/wp-content\\\/uploads\\\/2021\\\/02\\\/Nervi12-1024x918-1.jpg\",\"contentUrl\":\"https:\\\/\\\/programme.yiddish.paris\\\/wp-content\\\/uploads\\\/2021\\\/02\\\/Nervi12-1024x918-1.jpg\",\"width\":1024,\"height\":918},{\"@type\":\"BreadcrumbList\",\"@id\":\"https:\\\/\\\/programme.yiddish.paris\\\/?tribe_events=105e-anniversaire-de-la-mort-de-sholem-aleykhem#breadcrumb\",\"itemListElement\":[{\"@type\":\"ListItem\",\"position\":1,\"name\":\"Home\",\"item\":\"https:\\\/\\\/programme.yiddish.paris\\\/\"},{\"@type\":\"ListItem\",\"position\":2,\"name\":\"\u00c9v\u00e8nements\",\"item\":\"https:\\\/\\\/programme.yiddish.paris\\\/?post_type=tribe_events\"},{\"@type\":\"ListItem\",\"position\":3,\"name\":\"105e Anniversaire de la mort de Sholem-Aleykhem (sur Zoom)\"}]},{\"@type\":\"WebSite\",\"@id\":\"https:\\\/\\\/programme.yiddish.paris\\\/#website\",\"url\":\"https:\\\/\\\/programme.yiddish.paris\\\/\",\"name\":\"programme.yiddish.paris\",\"description\":\"La programmation culturelle de la Maison de la culture yiddish \u2013\u00a0Biblioth\u00e8que Medem\",\"publisher\":{\"@id\":\"https:\\\/\\\/programme.yiddish.paris\\\/#organization\"},\"potentialAction\":[{\"@type\":\"SearchAction\",\"target\":{\"@type\":\"EntryPoint\",\"urlTemplate\":\"https:\\\/\\\/programme.yiddish.paris\\\/?s={search_term_string}\"},\"query-input\":{\"@type\":\"PropertyValueSpecification\",\"valueRequired\":true,\"valueName\":\"search_term_string\"}}],\"inLanguage\":\"fr-FR\"},{\"@type\":\"Organization\",\"@id\":\"https:\\\/\\\/programme.yiddish.paris\\\/#organization\",\"name\":\"programme.yiddish.paris\",\"url\":\"https:\\\/\\\/programme.yiddish.paris\\\/\",\"logo\":{\"@type\":\"ImageObject\",\"inLanguage\":\"fr-FR\",\"@id\":\"https:\\\/\\\/programme.yiddish.paris\\\/#\\\/schema\\\/logo\\\/image\\\/\",\"url\":\"https:\\\/\\\/programme.yiddish.paris\\\/wp-content\\\/uploads\\\/2020\\\/07\\\/cropped-mcy_yud-1.png\",\"contentUrl\":\"https:\\\/\\\/programme.yiddish.paris\\\/wp-content\\\/uploads\\\/2020\\\/07\\\/cropped-mcy_yud-1.png\",\"width\":250,\"height\":250,\"caption\":\"programme.yiddish.paris\"},\"image\":{\"@id\":\"https:\\\/\\\/programme.yiddish.paris\\\/#\\\/schema\\\/logo\\\/image\\\/\"}}]}<\/script>\n<!-- \/ Yoast SEO plugin. -->","yoast_head_json":{"title":"105e Anniversaire de la mort de Sholem-Aleykhem (sur Zoom) - programme.yiddish.paris","robots":{"index":"index","follow":"follow","max-snippet":"max-snippet:-1","max-image-preview":"max-image-preview:large","max-video-preview":"max-video-preview:-1"},"canonical":"https:\/\/programme.yiddish.paris\/?tribe_events=105e-anniversaire-de-la-mort-de-sholem-aleykhem","og_locale":"fr_FR","og_type":"article","og_title":"105e Anniversaire de la mort de Sholem-Aleykhem (sur Zoom) - programme.yiddish.paris","og_description":"Comme tous les ans, fid\u00e8les au souhait exprim\u00e9 par le grand \u00e9crivain dans son testament, nous nous r\u00e9unirons pour le plaisir d\u2019entendre des lectures de ses \u0153uvres.&nbsp; Introduction : Yitskhok &hellip; Continuer la lecture de &laquo;&nbsp;105e Anniversaire de la mort de Sholem-Aleykhem (sur Zoom)&nbsp;&raquo;","og_url":"https:\/\/programme.yiddish.paris\/?tribe_events=105e-anniversaire-de-la-mort-de-sholem-aleykhem","og_site_name":"programme.yiddish.paris","article_modified_time":"2021-03-03T07:48:56+00:00","og_image":[{"width":1024,"height":918,"url":"https:\/\/programme.yiddish.paris\/wp-content\/uploads\/2021\/02\/Nervi12-1024x918-1.jpg","type":"image\/jpeg"}],"twitter_card":"summary_large_image","twitter_misc":{"Dur\u00e9e de lecture estim\u00e9e":"1 minute"},"schema":{"@context":"https:\/\/schema.org","@graph":[{"@type":"WebPage","@id":"https:\/\/programme.yiddish.paris\/?tribe_events=105e-anniversaire-de-la-mort-de-sholem-aleykhem","url":"https:\/\/programme.yiddish.paris\/?tribe_events=105e-anniversaire-de-la-mort-de-sholem-aleykhem","name":"105e Anniversaire de la mort de Sholem-Aleykhem (sur Zoom) - programme.yiddish.paris","isPartOf":{"@id":"https:\/\/programme.yiddish.paris\/#website"},"primaryImageOfPage":{"@id":"https:\/\/programme.yiddish.paris\/?tribe_events=105e-anniversaire-de-la-mort-de-sholem-aleykhem#primaryimage"},"image":{"@id":"https:\/\/programme.yiddish.paris\/?tribe_events=105e-anniversaire-de-la-mort-de-sholem-aleykhem#primaryimage"},"thumbnailUrl":"https:\/\/programme.yiddish.paris\/wp-content\/uploads\/2021\/02\/Nervi12-1024x918-1.jpg","datePublished":"2021-02-27T16:22:56+00:00","dateModified":"2021-03-03T07:48:56+00:00","breadcrumb":{"@id":"https:\/\/programme.yiddish.paris\/?tribe_events=105e-anniversaire-de-la-mort-de-sholem-aleykhem#breadcrumb"},"inLanguage":"fr-FR","potentialAction":[{"@type":"ReadAction","target":["https:\/\/programme.yiddish.paris\/?tribe_events=105e-anniversaire-de-la-mort-de-sholem-aleykhem"]}]},{"@type":"ImageObject","inLanguage":"fr-FR","@id":"https:\/\/programme.yiddish.paris\/?tribe_events=105e-anniversaire-de-la-mort-de-sholem-aleykhem#primaryimage","url":"https:\/\/programme.yiddish.paris\/wp-content\/uploads\/2021\/02\/Nervi12-1024x918-1.jpg","contentUrl":"https:\/\/programme.yiddish.paris\/wp-content\/uploads\/2021\/02\/Nervi12-1024x918-1.jpg","width":1024,"height":918},{"@type":"BreadcrumbList","@id":"https:\/\/programme.yiddish.paris\/?tribe_events=105e-anniversaire-de-la-mort-de-sholem-aleykhem#breadcrumb","itemListElement":[{"@type":"ListItem","position":1,"name":"Home","item":"https:\/\/programme.yiddish.paris\/"},{"@type":"ListItem","position":2,"name":"\u00c9v\u00e8nements","item":"https:\/\/programme.yiddish.paris\/?post_type=tribe_events"},{"@type":"ListItem","position":3,"name":"105e Anniversaire de la mort de Sholem-Aleykhem (sur Zoom)"}]},{"@type":"WebSite","@id":"https:\/\/programme.yiddish.paris\/#website","url":"https:\/\/programme.yiddish.paris\/","name":"programme.yiddish.paris","description":"La programmation culturelle de la Maison de la culture yiddish \u2013\u00a0Biblioth\u00e8que Medem","publisher":{"@id":"https:\/\/programme.yiddish.paris\/#organization"},"potentialAction":[{"@type":"SearchAction","target":{"@type":"EntryPoint","urlTemplate":"https:\/\/programme.yiddish.paris\/?s={search_term_string}"},"query-input":{"@type":"PropertyValueSpecification","valueRequired":true,"valueName":"search_term_string"}}],"inLanguage":"fr-FR"},{"@type":"Organization","@id":"https:\/\/programme.yiddish.paris\/#organization","name":"programme.yiddish.paris","url":"https:\/\/programme.yiddish.paris\/","logo":{"@type":"ImageObject","inLanguage":"fr-FR","@id":"https:\/\/programme.yiddish.paris\/#\/schema\/logo\/image\/","url":"https:\/\/programme.yiddish.paris\/wp-content\/uploads\/2020\/07\/cropped-mcy_yud-1.png","contentUrl":"https:\/\/programme.yiddish.paris\/wp-content\/uploads\/2020\/07\/cropped-mcy_yud-1.png","width":250,"height":250,"caption":"programme.yiddish.paris"},"image":{"@id":"https:\/\/programme.yiddish.paris\/#\/schema\/logo\/image\/"}}]}},"_links":{"self":[{"href":"https:\/\/programme.yiddish.paris\/index.php?rest_route=\/wp\/v2\/tribe_events\/1469","targetHints":{"allow":["GET"]}}],"collection":[{"href":"https:\/\/programme.yiddish.paris\/index.php?rest_route=\/wp\/v2\/tribe_events"}],"about":[{"href":"https:\/\/programme.yiddish.paris\/index.php?rest_route=\/wp\/v2\/types\/tribe_events"}],"author":[{"embeddable":true,"href":"https:\/\/programme.yiddish.paris\/index.php?rest_route=\/wp\/v2\/users\/2"}],"version-history":[{"count":10,"href":"https:\/\/programme.yiddish.paris\/index.php?rest_route=\/wp\/v2\/tribe_events\/1469\/revisions"}],"predecessor-version":[{"id":1523,"href":"https:\/\/programme.yiddish.paris\/index.php?rest_route=\/wp\/v2\/tribe_events\/1469\/revisions\/1523"}],"wp:featuredmedia":[{"embeddable":true,"href":"https:\/\/programme.yiddish.paris\/index.php?rest_route=\/wp\/v2\/media\/1470"}],"wp:attachment":[{"href":"https:\/\/programme.yiddish.paris\/index.php?rest_route=%2Fwp%2Fv2%2Fmedia&parent=1469"}],"wp:term":[{"taxonomy":"post_tag","embeddable":true,"href":"https:\/\/programme.yiddish.paris\/index.php?rest_route=%2Fwp%2Fv2%2Ftags&post=1469"},{"taxonomy":"tribe_events_cat","embeddable":true,"href":"https:\/\/programme.yiddish.paris\/index.php?rest_route=%2Fwp%2Fv2%2Ftribe_events_cat&post=1469"}],"curies":[{"name":"wp","href":"https:\/\/api.w.org\/{rel}","templated":true}]}}