{"id":1685,"date":"2021-04-06T10:09:18","date_gmt":"2021-04-06T08:09:18","guid":{"rendered":"https:\/\/programme.yiddish.paris\/?post_type=tribe_events&#038;p=1685"},"modified":"2021-04-22T08:51:21","modified_gmt":"2021-04-22T06:51:21","slug":"incursions-du-yiddish-dans-la-television-americaine-2-sur-zoom","status":"publish","type":"tribe_events","link":"https:\/\/programme.yiddish.paris\/?tribe_events=incursions-du-yiddish-dans-la-television-americaine-2-sur-zoom","title":{"rendered":"Incursions du yiddish dans les s\u00e9ries t\u00e9l\u00e9 am\u00e9ricaines, \u00e9pisode 2 (sur Zoom)"},"content":{"rendered":"\n\n\n\n\n<p>\u00c0 la demande g\u00e9n\u00e9rale, le&nbsp;cin\u00e9-club pr\u00e9sent\u00e9 par <strong>Tal Hever-Chybowski<\/strong> revient pour une deuxi\u00e8me s\u00e9ance.<\/p>\n\n\n\n<p>Avec le succ\u00e8s in\u00e9dit de\u00a0<em>Shtisel\u00a0<\/em>et de\u00a0<em>Unorthodox\u00a0<\/em>sur la plateforme Netflix, le yiddish est entr\u00e9 par la grande porte dans la t\u00e9l\u00e9vision sans fronti\u00e8res de l\u2019internet, lieu non territorial qui convient parfaitement au yiddishland.<br>Pourtant, les repr\u00e9sentations du yiddish, aussi sporadiques et marginales qu\u2019elles aient pu \u00eatre, sont d\u00e9j\u00e0 pr\u00e9sentes depuis des d\u00e9cennies sur le petit \u00e9cran am\u00e9ricain. Dans cette conf\u00e9rence en ligne, Tal Hever-Chybowski commentera d&rsquo;autres sc\u00e8nes de s\u00e9ries t\u00e9l\u00e9vis\u00e9es o\u00f9 le yiddish montre inopin\u00e9ment le bout de son nez en prime-time\u2026<br>Que signifient ces courtes apparitions du yiddish dans des s\u00e9ries ? Que nous apprennent-elles sur la pr\u00e9sence et l\u2019\u00e9volution du r\u00f4le du yiddish dans la culture populaire am\u00e9ricaine ?<\/p>\n\n\n\n<p><strong>Tal Hever-Chybowski<\/strong>&nbsp;est le directeur de la Maison de la culture yiddish et dirige actuellement la pi\u00e8ce <em>Jacob Jacobson<\/em>.<\/p>\n\n\n\n<p>L\u2019activit\u00e9 se d\u00e9roule en fran\u00e7ais, sur Zoom.<\/p>\n\n\n\n<p><em>Tarif : 10 \u20ac. Adh\u00e9rents : 5 \u20ac*.<\/em><\/p>\n\n\n\n<p><em>*<\/em>&nbsp;<em><a href=\"https:\/\/www.helloasso.com\/associations\/maison-de-la-culture-yiddish-bibliotheque-medem\/adhesions\/adhesion-adhesion-en-ligne-a-la-maison-de-la-culture-yiddish-2020-21\">Adh\u00e9rez \u00e0 la Maison de la culture yiddish pour la saison 2020-2021<\/a>&nbsp;et d\u00e9couvrez&nbsp;<strong>le code promotionnel<\/strong>&nbsp;qui vous donnera acc\u00e8s au&nbsp;<strong>tarif r\u00e9duit<\/strong>&nbsp;sur vos r\u00e9servations.<\/em><\/p>\n\n\n\n<p>Les inscriptions fermeront&nbsp;<strong>30 minutes avant le d\u00e9but de l\u2019activit\u00e9<\/strong>.<\/p>\n\n\n\n<p><strong><a href=\"https:\/\/www.helloasso.com\/associations\/maison-de-la-culture-yiddish-bibliotheque-medem\/evenements\/2021-04\">Cliquez ici<\/a><\/strong>&nbsp;pour r\u00e9server (r\u00e9servation obligatoire).<\/p>\n\n\n\n<p><strong>Attention : au moment du r\u00e8glement, la plateforme Helloassso vous proposera d\u2019ajouter une contribution \u00e0 son fonctionnement. Celle-ci est optionnelle, et vous pouvez changer son montant ou bien l\u2019annuler en appuyant sur le bouton \u00ab&nbsp;Modifier&nbsp;\u00bb.<\/strong><\/p>\n\n\n\n\n\n\n\n\n\n\n\n\n","protected":false},"excerpt":{"rendered":"<p>\u00c0 la demande g\u00e9n\u00e9rale, le&nbsp;cin\u00e9-club pr\u00e9sent\u00e9 par Tal Hever-Chybowski revient pour une deuxi\u00e8me s\u00e9ance. Avec le succ\u00e8s in\u00e9dit de\u00a0Shtisel\u00a0et de\u00a0Unorthodox\u00a0sur la plateforme Netflix, le yiddish est entr\u00e9 par la grande &hellip; <\/p>\n<p class=\"link-more\"><a href=\"https:\/\/programme.yiddish.paris\/?tribe_events=incursions-du-yiddish-dans-la-television-americaine-2-sur-zoom\" class=\"more-link\">Continuer la lecture<span class=\"screen-reader-text\"> de &laquo;&nbsp;Incursions du yiddish dans les s\u00e9ries t\u00e9l\u00e9 am\u00e9ricaines, \u00e9pisode 2 (sur Zoom)&nbsp;&raquo;<\/span><\/a><\/p>\n","protected":false},"author":2,"featured_media":1719,"template":"","meta":{"_monsterinsights_skip_tracking":false,"_monsterinsights_sitenote_active":false,"_monsterinsights_sitenote_note":"","_monsterinsights_sitenote_category":0,"_tribe_events_status":"","_tribe_events_status_reason":"","footnotes":""},"tags":[],"tribe_events_cat":[53,55],"class_list":["post-1685","tribe_events","type-tribe_events","status-publish","has-post-thumbnail","hentry","tribe_events_cat-conference","tribe_events_cat-francais","cat_conference","cat_francais"],"yoast_head":"<!-- This site is optimized with the Yoast SEO plugin v27.5 - https:\/\/yoast.com\/product\/yoast-seo-wordpress\/ -->\n<title>Incursions du yiddish dans les s\u00e9ries t\u00e9l\u00e9 am\u00e9ricaines, \u00e9pisode 2 (sur Zoom) - programme.yiddish.paris<\/title>\n<meta name=\"robots\" content=\"index, follow, max-snippet:-1, max-image-preview:large, max-video-preview:-1\" \/>\n<link rel=\"canonical\" href=\"https:\/\/programme.yiddish.paris\/?tribe_events=incursions-du-yiddish-dans-la-television-americaine-2-sur-zoom\" \/>\n<meta property=\"og:locale\" content=\"fr_FR\" \/>\n<meta property=\"og:type\" content=\"article\" \/>\n<meta property=\"og:title\" content=\"Incursions du yiddish dans les s\u00e9ries t\u00e9l\u00e9 am\u00e9ricaines, \u00e9pisode 2 (sur Zoom) - programme.yiddish.paris\" \/>\n<meta property=\"og:description\" content=\"\u00c0 la demande g\u00e9n\u00e9rale, le&nbsp;cin\u00e9-club pr\u00e9sent\u00e9 par Tal Hever-Chybowski revient pour une deuxi\u00e8me s\u00e9ance. Avec le succ\u00e8s in\u00e9dit de\u00a0Shtisel\u00a0et de\u00a0Unorthodox\u00a0sur la plateforme Netflix, le yiddish est entr\u00e9 par la grande &hellip; Continuer la lecture de &laquo;&nbsp;Incursions du yiddish dans les s\u00e9ries t\u00e9l\u00e9 am\u00e9ricaines, \u00e9pisode 2 (sur Zoom)&nbsp;&raquo;\" \/>\n<meta property=\"og:url\" content=\"https:\/\/programme.yiddish.paris\/?tribe_events=incursions-du-yiddish-dans-la-television-americaine-2-sur-zoom\" \/>\n<meta property=\"og:site_name\" content=\"programme.yiddish.paris\" \/>\n<meta property=\"article:modified_time\" content=\"2021-04-22T06:51:21+00:00\" \/>\n<meta property=\"og:image\" content=\"https:\/\/programme.yiddish.paris\/wp-content\/uploads\/2021\/04\/incursions_green-scaled.jpg\" \/>\n\t<meta property=\"og:image:width\" content=\"2560\" \/>\n\t<meta property=\"og:image:height\" content=\"1670\" \/>\n\t<meta property=\"og:image:type\" content=\"image\/jpeg\" \/>\n<meta name=\"twitter:card\" content=\"summary_large_image\" \/>\n<meta name=\"twitter:label1\" content=\"Dur\u00e9e de lecture estim\u00e9e\" \/>\n\t<meta name=\"twitter:data1\" content=\"2 minutes\" \/>\n<script type=\"application\/ld+json\" class=\"yoast-schema-graph\">{\"@context\":\"https:\\\/\\\/schema.org\",\"@graph\":[{\"@type\":\"WebPage\",\"@id\":\"https:\\\/\\\/programme.yiddish.paris\\\/?tribe_events=incursions-du-yiddish-dans-la-television-americaine-2-sur-zoom\",\"url\":\"https:\\\/\\\/programme.yiddish.paris\\\/?tribe_events=incursions-du-yiddish-dans-la-television-americaine-2-sur-zoom\",\"name\":\"Incursions du yiddish dans les s\u00e9ries t\u00e9l\u00e9 am\u00e9ricaines, \u00e9pisode 2 (sur Zoom) - programme.yiddish.paris\",\"isPartOf\":{\"@id\":\"https:\\\/\\\/programme.yiddish.paris\\\/#website\"},\"primaryImageOfPage\":{\"@id\":\"https:\\\/\\\/programme.yiddish.paris\\\/?tribe_events=incursions-du-yiddish-dans-la-television-americaine-2-sur-zoom#primaryimage\"},\"image\":{\"@id\":\"https:\\\/\\\/programme.yiddish.paris\\\/?tribe_events=incursions-du-yiddish-dans-la-television-americaine-2-sur-zoom#primaryimage\"},\"thumbnailUrl\":\"https:\\\/\\\/programme.yiddish.paris\\\/wp-content\\\/uploads\\\/2021\\\/04\\\/incursions_green-scaled.jpg\",\"datePublished\":\"2021-04-06T08:09:18+00:00\",\"dateModified\":\"2021-04-22T06:51:21+00:00\",\"breadcrumb\":{\"@id\":\"https:\\\/\\\/programme.yiddish.paris\\\/?tribe_events=incursions-du-yiddish-dans-la-television-americaine-2-sur-zoom#breadcrumb\"},\"inLanguage\":\"fr-FR\",\"potentialAction\":[{\"@type\":\"ReadAction\",\"target\":[\"https:\\\/\\\/programme.yiddish.paris\\\/?tribe_events=incursions-du-yiddish-dans-la-television-americaine-2-sur-zoom\"]}]},{\"@type\":\"ImageObject\",\"inLanguage\":\"fr-FR\",\"@id\":\"https:\\\/\\\/programme.yiddish.paris\\\/?tribe_events=incursions-du-yiddish-dans-la-television-americaine-2-sur-zoom#primaryimage\",\"url\":\"https:\\\/\\\/programme.yiddish.paris\\\/wp-content\\\/uploads\\\/2021\\\/04\\\/incursions_green-scaled.jpg\",\"contentUrl\":\"https:\\\/\\\/programme.yiddish.paris\\\/wp-content\\\/uploads\\\/2021\\\/04\\\/incursions_green-scaled.jpg\",\"width\":2560,\"height\":1670},{\"@type\":\"BreadcrumbList\",\"@id\":\"https:\\\/\\\/programme.yiddish.paris\\\/?tribe_events=incursions-du-yiddish-dans-la-television-americaine-2-sur-zoom#breadcrumb\",\"itemListElement\":[{\"@type\":\"ListItem\",\"position\":1,\"name\":\"Home\",\"item\":\"https:\\\/\\\/programme.yiddish.paris\\\/\"},{\"@type\":\"ListItem\",\"position\":2,\"name\":\"\u00c9v\u00e8nements\",\"item\":\"https:\\\/\\\/programme.yiddish.paris\\\/?post_type=tribe_events\"},{\"@type\":\"ListItem\",\"position\":3,\"name\":\"Incursions du yiddish dans les s\u00e9ries t\u00e9l\u00e9 am\u00e9ricaines, \u00e9pisode 2 (sur Zoom)\"}]},{\"@type\":\"WebSite\",\"@id\":\"https:\\\/\\\/programme.yiddish.paris\\\/#website\",\"url\":\"https:\\\/\\\/programme.yiddish.paris\\\/\",\"name\":\"programme.yiddish.paris\",\"description\":\"La programmation culturelle de la Maison de la culture yiddish \u2013\u00a0Biblioth\u00e8que Medem\",\"publisher\":{\"@id\":\"https:\\\/\\\/programme.yiddish.paris\\\/#organization\"},\"potentialAction\":[{\"@type\":\"SearchAction\",\"target\":{\"@type\":\"EntryPoint\",\"urlTemplate\":\"https:\\\/\\\/programme.yiddish.paris\\\/?s={search_term_string}\"},\"query-input\":{\"@type\":\"PropertyValueSpecification\",\"valueRequired\":true,\"valueName\":\"search_term_string\"}}],\"inLanguage\":\"fr-FR\"},{\"@type\":\"Organization\",\"@id\":\"https:\\\/\\\/programme.yiddish.paris\\\/#organization\",\"name\":\"programme.yiddish.paris\",\"url\":\"https:\\\/\\\/programme.yiddish.paris\\\/\",\"logo\":{\"@type\":\"ImageObject\",\"inLanguage\":\"fr-FR\",\"@id\":\"https:\\\/\\\/programme.yiddish.paris\\\/#\\\/schema\\\/logo\\\/image\\\/\",\"url\":\"https:\\\/\\\/programme.yiddish.paris\\\/wp-content\\\/uploads\\\/2020\\\/07\\\/cropped-mcy_yud-1.png\",\"contentUrl\":\"https:\\\/\\\/programme.yiddish.paris\\\/wp-content\\\/uploads\\\/2020\\\/07\\\/cropped-mcy_yud-1.png\",\"width\":250,\"height\":250,\"caption\":\"programme.yiddish.paris\"},\"image\":{\"@id\":\"https:\\\/\\\/programme.yiddish.paris\\\/#\\\/schema\\\/logo\\\/image\\\/\"}}]}<\/script>\n<!-- \/ Yoast SEO plugin. -->","yoast_head_json":{"title":"Incursions du yiddish dans les s\u00e9ries t\u00e9l\u00e9 am\u00e9ricaines, \u00e9pisode 2 (sur Zoom) - programme.yiddish.paris","robots":{"index":"index","follow":"follow","max-snippet":"max-snippet:-1","max-image-preview":"max-image-preview:large","max-video-preview":"max-video-preview:-1"},"canonical":"https:\/\/programme.yiddish.paris\/?tribe_events=incursions-du-yiddish-dans-la-television-americaine-2-sur-zoom","og_locale":"fr_FR","og_type":"article","og_title":"Incursions du yiddish dans les s\u00e9ries t\u00e9l\u00e9 am\u00e9ricaines, \u00e9pisode 2 (sur Zoom) - programme.yiddish.paris","og_description":"\u00c0 la demande g\u00e9n\u00e9rale, le&nbsp;cin\u00e9-club pr\u00e9sent\u00e9 par Tal Hever-Chybowski revient pour une deuxi\u00e8me s\u00e9ance. Avec le succ\u00e8s in\u00e9dit de\u00a0Shtisel\u00a0et de\u00a0Unorthodox\u00a0sur la plateforme Netflix, le yiddish est entr\u00e9 par la grande &hellip; Continuer la lecture de &laquo;&nbsp;Incursions du yiddish dans les s\u00e9ries t\u00e9l\u00e9 am\u00e9ricaines, \u00e9pisode 2 (sur Zoom)&nbsp;&raquo;","og_url":"https:\/\/programme.yiddish.paris\/?tribe_events=incursions-du-yiddish-dans-la-television-americaine-2-sur-zoom","og_site_name":"programme.yiddish.paris","article_modified_time":"2021-04-22T06:51:21+00:00","og_image":[{"width":2560,"height":1670,"url":"https:\/\/programme.yiddish.paris\/wp-content\/uploads\/2021\/04\/incursions_green-scaled.jpg","type":"image\/jpeg"}],"twitter_card":"summary_large_image","twitter_misc":{"Dur\u00e9e de lecture estim\u00e9e":"2 minutes"},"schema":{"@context":"https:\/\/schema.org","@graph":[{"@type":"WebPage","@id":"https:\/\/programme.yiddish.paris\/?tribe_events=incursions-du-yiddish-dans-la-television-americaine-2-sur-zoom","url":"https:\/\/programme.yiddish.paris\/?tribe_events=incursions-du-yiddish-dans-la-television-americaine-2-sur-zoom","name":"Incursions du yiddish dans les s\u00e9ries t\u00e9l\u00e9 am\u00e9ricaines, \u00e9pisode 2 (sur Zoom) - programme.yiddish.paris","isPartOf":{"@id":"https:\/\/programme.yiddish.paris\/#website"},"primaryImageOfPage":{"@id":"https:\/\/programme.yiddish.paris\/?tribe_events=incursions-du-yiddish-dans-la-television-americaine-2-sur-zoom#primaryimage"},"image":{"@id":"https:\/\/programme.yiddish.paris\/?tribe_events=incursions-du-yiddish-dans-la-television-americaine-2-sur-zoom#primaryimage"},"thumbnailUrl":"https:\/\/programme.yiddish.paris\/wp-content\/uploads\/2021\/04\/incursions_green-scaled.jpg","datePublished":"2021-04-06T08:09:18+00:00","dateModified":"2021-04-22T06:51:21+00:00","breadcrumb":{"@id":"https:\/\/programme.yiddish.paris\/?tribe_events=incursions-du-yiddish-dans-la-television-americaine-2-sur-zoom#breadcrumb"},"inLanguage":"fr-FR","potentialAction":[{"@type":"ReadAction","target":["https:\/\/programme.yiddish.paris\/?tribe_events=incursions-du-yiddish-dans-la-television-americaine-2-sur-zoom"]}]},{"@type":"ImageObject","inLanguage":"fr-FR","@id":"https:\/\/programme.yiddish.paris\/?tribe_events=incursions-du-yiddish-dans-la-television-americaine-2-sur-zoom#primaryimage","url":"https:\/\/programme.yiddish.paris\/wp-content\/uploads\/2021\/04\/incursions_green-scaled.jpg","contentUrl":"https:\/\/programme.yiddish.paris\/wp-content\/uploads\/2021\/04\/incursions_green-scaled.jpg","width":2560,"height":1670},{"@type":"BreadcrumbList","@id":"https:\/\/programme.yiddish.paris\/?tribe_events=incursions-du-yiddish-dans-la-television-americaine-2-sur-zoom#breadcrumb","itemListElement":[{"@type":"ListItem","position":1,"name":"Home","item":"https:\/\/programme.yiddish.paris\/"},{"@type":"ListItem","position":2,"name":"\u00c9v\u00e8nements","item":"https:\/\/programme.yiddish.paris\/?post_type=tribe_events"},{"@type":"ListItem","position":3,"name":"Incursions du yiddish dans les s\u00e9ries t\u00e9l\u00e9 am\u00e9ricaines, \u00e9pisode 2 (sur Zoom)"}]},{"@type":"WebSite","@id":"https:\/\/programme.yiddish.paris\/#website","url":"https:\/\/programme.yiddish.paris\/","name":"programme.yiddish.paris","description":"La programmation culturelle de la Maison de la culture yiddish \u2013\u00a0Biblioth\u00e8que Medem","publisher":{"@id":"https:\/\/programme.yiddish.paris\/#organization"},"potentialAction":[{"@type":"SearchAction","target":{"@type":"EntryPoint","urlTemplate":"https:\/\/programme.yiddish.paris\/?s={search_term_string}"},"query-input":{"@type":"PropertyValueSpecification","valueRequired":true,"valueName":"search_term_string"}}],"inLanguage":"fr-FR"},{"@type":"Organization","@id":"https:\/\/programme.yiddish.paris\/#organization","name":"programme.yiddish.paris","url":"https:\/\/programme.yiddish.paris\/","logo":{"@type":"ImageObject","inLanguage":"fr-FR","@id":"https:\/\/programme.yiddish.paris\/#\/schema\/logo\/image\/","url":"https:\/\/programme.yiddish.paris\/wp-content\/uploads\/2020\/07\/cropped-mcy_yud-1.png","contentUrl":"https:\/\/programme.yiddish.paris\/wp-content\/uploads\/2020\/07\/cropped-mcy_yud-1.png","width":250,"height":250,"caption":"programme.yiddish.paris"},"image":{"@id":"https:\/\/programme.yiddish.paris\/#\/schema\/logo\/image\/"}}]}},"_links":{"self":[{"href":"https:\/\/programme.yiddish.paris\/index.php?rest_route=\/wp\/v2\/tribe_events\/1685","targetHints":{"allow":["GET"]}}],"collection":[{"href":"https:\/\/programme.yiddish.paris\/index.php?rest_route=\/wp\/v2\/tribe_events"}],"about":[{"href":"https:\/\/programme.yiddish.paris\/index.php?rest_route=\/wp\/v2\/types\/tribe_events"}],"author":[{"embeddable":true,"href":"https:\/\/programme.yiddish.paris\/index.php?rest_route=\/wp\/v2\/users\/2"}],"version-history":[{"count":10,"href":"https:\/\/programme.yiddish.paris\/index.php?rest_route=\/wp\/v2\/tribe_events\/1685\/revisions"}],"predecessor-version":[{"id":1748,"href":"https:\/\/programme.yiddish.paris\/index.php?rest_route=\/wp\/v2\/tribe_events\/1685\/revisions\/1748"}],"wp:featuredmedia":[{"embeddable":true,"href":"https:\/\/programme.yiddish.paris\/index.php?rest_route=\/wp\/v2\/media\/1719"}],"wp:attachment":[{"href":"https:\/\/programme.yiddish.paris\/index.php?rest_route=%2Fwp%2Fv2%2Fmedia&parent=1685"}],"wp:term":[{"taxonomy":"post_tag","embeddable":true,"href":"https:\/\/programme.yiddish.paris\/index.php?rest_route=%2Fwp%2Fv2%2Ftags&post=1685"},{"taxonomy":"tribe_events_cat","embeddable":true,"href":"https:\/\/programme.yiddish.paris\/index.php?rest_route=%2Fwp%2Fv2%2Ftribe_events_cat&post=1685"}],"curies":[{"name":"wp","href":"https:\/\/api.w.org\/{rel}","templated":true}]}}