{"id":1702,"date":"2021-04-08T22:42:11","date_gmt":"2021-04-08T20:42:11","guid":{"rendered":"https:\/\/programme.yiddish.paris\/?post_type=tribe_events&#038;p=1702"},"modified":"2021-04-19T12:51:12","modified_gmt":"2021-04-19T10:51:12","slug":"yo-mit-alemen-vii-avec-yitskhok-niborski","status":"publish","type":"tribe_events","link":"https:\/\/programme.yiddish.paris\/?tribe_events=yo-mit-alemen-vii-avec-yitskhok-niborski","title":{"rendered":"Yo mit alemen VII avec Yitskhok Niborski"},"content":{"rendered":"\n\n\n\n\n<h3 class=\"wp-block-heading\"><em>Metatren<\/em>&nbsp;de Aaron Zeitlin<\/h3>\n\n\n\n<h4 class=\"wp-block-heading\">S\u00e9minaire en ligne pour \u00e9tudiants avanc\u00e9s, du 22 avril au 2 mai 2021.<\/h4>\n\n\n\n<p>Quatre s\u00e9ances d\u2019une heure et demie (6h en tout),&nbsp;les&nbsp;<strong>jeudis et dimanches de 19h \u00e0 20h30&nbsp;<\/strong>(heure de Paris)<\/p>\n\n\n\n<p><strong>Dates&nbsp;<\/strong>:<br>22, 25, 29 avril<br>2 mai<\/p>\n\n\n\n<p>Premier grand po\u00e8me d\u2019Aaron Zeitlin, \u00e2g\u00e9 \u00e0 ce moment de 24 ans,\u00a0<em>Metatren<\/em>\u00a0para\u00eet \u00e0 Varsovie en 1922. En plein essor des avant-gardes yiddish, le po\u00e8me n\u2019en est pas loin par son style, mais prend le contre-pied du d\u00e9fi \u00e0 la tradition qui sous-tend leur vision du monde. C\u2019est un texte empreint de foi mystique qui jette un regard diff\u00e9rent sur le devenir humain, d\u2019une construction originale, tr\u00e8s riche en rythmes diff\u00e9rents et en images fulgurantes.<\/p>\n\n\n\n<p>Le s\u00e9minaire se d\u00e9roule enti\u00e8rement en yiddish, sur Zoom.<\/p>\n\n\n\n<p><em>Tarif&nbsp;: 60 \u20ac<\/em><\/p>\n\n\n\n<p id=\"yid\"><a href=\"https:\/\/www.helloasso.com\/associations\/maison-de-la-culture-yiddish-bibliotheque-medem\/evenements\/yo-mit-alemen-7\"><strong>S&rsquo;inscrire<\/strong><\/a><\/p>\n\n\n\n<h2 class=\"has-text-align-right\">\u05d9\u05d0\u05b8 \u05de\u05d9\u05d8 \u05d0\u05b7\u05dc\u05e2\u05de\u05e2\u05df 7 \u05de\u05d9\u05d8 \u05d9\u05e6\u05d7\u05e7 \u05e0\u05d9\u05d1\u05d0\u05b8\u05e8\u05e1\u05e7\u05d9<\/h2>\n<h3 class=\"has-text-align-right\" dir=\"rtl\">\u05d0\u05b7\u05d4\u05e8\u05df \u05e6\u05d9\u05d9\u05d8\u05dc\u05d9\u05e0\u05e1 \u05e4\u05bc\u05d0\u05b8\u05e2\u05de\u05e2\u00a0<em>\u05de\u05d8\u05d8\u05e8\u05d5\u05df<\/em><\/h3>\n<p class=\"has-text-align-right\">\u05d0\u05b7\u05df \u05d0\u05d9\u05e0\u05d8\u05e2\u05e8\u05e0\u05e2\u05e5\u05be\u05e1\u05e2\u05de\u05d9\u05e0\u05d0\u05b7\u05e8\u05df \u05e4\u05bf\u05d0\u05b7\u05e8 \u05d0\u05b7\u05d5\u05d5\u05d0\u05b7\u05e0\u05e1\u05d9\u05e8\u05d8\u05e2,\u00a0<strong>\u05e4\u05bf\u05d5\u05e0\u05e2\u05dd 22\u05e1\u05d8\u05df \u05d0\u05b7\u05e4\u05bc\u05e8\u05d9\u05dc \u05d1\u05d9\u05d6\u05df 2\u05d8\u05df \u05de\u05f2\u05b7\u00a0<\/strong><strong>2021<\/strong><\/p>\n<p dir=\"rtl\">4 \u05d5\u05d5\u05e2\u05db\u05e2\u05e0\u05d8\u05dc\u05e2\u05db\u05e2 \u05dc\u05e2\u05e7\u05e6\u05d9\u05e2\u05e1 \u05e4\u05bf\u05d5\u05df \u05d0\u05b8\u05e0\u05d3\u05e2\u05e8\u05d8\u05d4\u05d0\u05b7\u05dc\u05d1\u05df \u05e9\u05e2\u05d4, \u05d3\u05d4\u05f2\u05b7\u05e0\u05d5 6 \u05e9\u05e2\u05d4 \u05d1\u05e1\u05da\u05be\u05d4\u05db\u05bc\u05dc,\u00a0<strong>\u05d3\u05d0\u05b8\u05e0\u05e2\u05e8\u05e9\u05d8\u05d9\u05e7 \u05d0\u05d5\u05df \u05d6\u05d5\u05e0\u05d8\u05d9\u05e7 \u05e4\u05bf\u05d5\u05df 19 \u05d1\u05d9\u05d6 20.30 \u05d0\u05b7\u05d6\u2019<\/strong>\u00a0\u05e4\u05bc\u05d0\u05b7\u05e8\u05d9\u05d6\u05e2\u05e8 \u05e6\u05f2\u05b7\u05d8<\/p>\n<p dir=\"rtl\"><strong>\u05d3\u05d0\u05b7\u05d8\u05e2\u05e1<\/strong>\u00a0:<br \/>\u05d3\u05e2\u05dd22\u05e1\u05d8\u05df, 25\u05e1\u05d8\u05df, 29\u05e1\u05d8\u05df \u05d0\u05b7\u05e4\u05bc\u05e8\u05d9\u05dc<br \/>\u05d3\u05e2\u05dd 2\u05d8\u05df \u05de\u05f2\u05b7<\/p>\n<p dir=\"rtl\">\u05d3\u05d9 \u05e2\u05e8\u05e9\u05d8\u05e2 \u05d2\u05e8\u05d5\u05d9\u05e1\u05e2 \u05e4\u05bc\u05d0\u05b8\u05e2\u05de\u05e2 \u05e4\u05bf\u05d5\u05df \u05d0\u05b7\u05d4\u05e8\u05df \u05e6\u05d9\u05d9\u05d8\u05dc\u05d9\u05df, \u201e\u05de\u05d8\u05d8\u05e8\u05d5\u05df\u201c, \u05d0\u05d9\u05d6 \u05d3\u05e2\u05e8\u05e9\u05d9\u05e0\u05e2\u05df \u05d0\u05d9\u05df \u05d5\u05d5\u05d0\u05b7\u05e8\u05e9\u05e2 \u05d0\u05d9\u05df 1922, \u05d5\u05d5\u05e2\u05df \u05d3\u05e2\u05e8 \u05de\u05d7\u05d1\u05e8 \u05d0\u05d9\u05d6 \u05d0\u05b7\u05dc\u05d8 \u05d2\u05e2\u05d5\u05d5\u05e2\u05df 24 \u05d9\u05d0\u05b8\u05e8. \u05d3\u05d0\u05b8\u05e1 \u05d0\u05d9\u05d6 \u05d3\u05d9 \u05d1\u05dc\u05d9\u05e6\u05f2\u05b7\u05d8 \u05e4\u05bf\u05d5\u05df \u05d3\u05d9 \u05d9\u05d9\u05b4\u05d3\u05d9\u05e9\u05e2 \u05d0\u05b7\u05d5\u05d5\u05d0\u05b7\u05e0\u05d2\u05d0\u05b7\u05e8\u05d3\u05df. \u05d3\u05d9 \u05e4\u05bc\u05d0\u05b8\u05e2\u05de\u05e2 \u05d0\u05d9\u05d6 \u05e0\u05d9\u05e9\u05d8 \u05d5\u05d5\u05f2\u05b7\u05d8 \u05e4\u05bf\u05d5\u05df \u05d6\u05d9\u05d9\u05e2\u05e8 \u05e1\u05d8\u05d9\u05dc, \u05d0\u05b8\u05d1\u05e2\u05e8 \u05d0\u05d9\u05d6 \u05d3\u05e2\u05e8 \u05e4\u05bf\u05d5\u05dc\u05e2\u05e8 \u05d4\u05d9\u05e4\u05bc\u05d5\u05da \u05e4\u05bf\u05d5\u05df \u05d3\u05e2\u05e8 \u05d0\u05d5\u05de\u05e8\u05e2\u05dc\u05d9\u05d2\u05d9\u05e2\u05d6\u05e2\u05e8 \u05d0\u05d5\u05df \u05dc\u05e2\u05e1\u05d8\u05e2\u05e8\u05e0\u05d3\u05d9\u05e7\u05e2\u05e8 \u05d0\u05d9\u05e0\u05e1\u05e4\u05bc\u05d9\u05e8\u05d0\u05b7\u05e6\u05d9\u05e2 \u05e4\u05bf\u05d5\u05df \u05d0\u05b7 \u05d1\u05e8\u05d0\u05b8\u05d3\u05e2\u05e8\u05d6\u05d0\u05b8\u05df \u05d0\u05b8\u05d3\u05e2\u05e8 \u05d0\u05b7 \u05de\u05d0\u05b7\u05e8\u05e7\u05d9\u05e9. \u05d6\u05d9 \u05e9\u05e2\u05e4\u05bc\u05d8 \u05d0\u05d9\u05e8 \u05d5\u05d5\u05e2\u05dc\u05d8\u05d1\u05d0\u05b7\u05e0\u05e2\u05dd \u05e4\u05bf\u05d5\u05df \u05d3\u05e2\u05e8 \u05e7\u05d1\u05dc\u05d4 \u05d0\u05d5\u05df \u05e9\u05d8\u05e2\u05dc\u05d8 \u05e4\u05bf\u05d0\u05b8\u05e8 \u05d3\u05d9 \u05e8\u05d0\u05b8\u05dc\u05e2 \u05e4\u05bf\u05d5\u05e0\u05e2\u05dd \u05de\u05e2\u05e0\u05d8\u05e9 \u05d0\u05d9\u05e0\u05e2\u05dd \u05d1\u05d0\u05b7\u05e9\u05d0\u05b7\u05e3 \u05d3\u05d5\u05e8\u05da \u05d0\u05b7 \u05e9\u05dc\u05dc \u05de\u05d9\u05d8 \u05d1\u05dc\u05d9\u05e6\u05d9\u05e7\u05e2 \u05d1\u05d9\u05dc\u05d3\u05e2\u05e8 \u05d0\u05d5\u05df \u05e4\u05bf\u05d0\u05b7\u05e8\u05e9\u05d9\u05d9\u05d3\u05e2\u05e0\u05e2 \u05e8\u05d9\u05d8\u05de\u05e2\u05df.<\/p>\n<p dir=\"rtl\">\u05d3\u05e2\u05e8 \u05e1\u05e2\u05de\u05d9\u05e0\u05d0\u05b7\u05e8 \u05e7\u05d5\u05de\u05d8 \u05e4\u05bf\u05d0\u05b8\u05e8 \u05d0\u05d5\u05d9\u05e3 \u05d9\u05d9\u05b4\u05d3\u05d9\u05e9, \u05d0\u05d5\u05d9\u05e3 \u05d6\u05d5\u05dd.<\/p>\n<p dir=\"rtl\">\u05e4\u05bc\u05e8\u05f2\u05b7\u05d6 \u05e4\u05bf\u05d0\u05b7\u05e8\u05df \u05d2\u05d0\u05b7\u05e0\u05e6\u05df \u05e1\u05e2\u05de\u05d9\u05e0\u05d0\u05b7\u05e8\u00a0: 60 \u05d0\u05d9\u05d9\u05e8\u05d0\u05b8\u05e1.<\/p>\n<p dir=\"rtl\"><strong><a class=\"maxbutton-24 maxbutton maxbutton-s-inscrire-yma7-yi\" href=\"https:\/\/www.helloasso.com\/associations\/maison-de-la-culture-yiddish-bibliotheque-medem\/evenements\/yo-mit-alemen-7\"><span class=\"mb-text\">\u05d0\u05f2\u05b7\u05e0\u05e9\u05e8\u05f2\u05b7\u05d1\u05d5\u05e0\u05d2<\/span><\/a><\/strong><\/p>\n<h3><em>Metatren<\/em> de Aaron Zeitlin<\/h3>\n\n\n\n<h3 class=\"wp-block-heading\" id=\"fre\">Yo mit alemen VII with Yitskhok Niborski<\/h3>\n\n\n\n<h3 class=\"wp-block-heading\" id=\"fre\">Aaron Zeitlin\u2019s&nbsp;<em>Metatren<\/em><\/h3>\n\n\n\n<h4 class=\"wp-block-heading\">Online seminar for advanced students,&nbsp; April 22 \u2013 May 2, 2021.<\/h4>\n\n\n\n<p>Four 90-minute sessions (6 hours in total),&nbsp;<strong>Thursdays<\/strong>&nbsp;and&nbsp;<strong>Sundays<\/strong>&nbsp;from&nbsp;<strong>7 p.m. to 8:30 p.m.<\/strong>&nbsp;(Paris time)<\/p>\n\n\n\n<p><strong>Dates&nbsp;<\/strong>:<br>April 22, 25, 29&nbsp;<br>May 2&nbsp;<\/p>\n\n\n\n<p><em>Metatren<\/em>, Aaron Zeitlin\u2019s first long multipart poem, was published in Warsaw in 1922, when the Yiddish avant-garde was in full flower (Zeitlin was 24 at the time).&nbsp; The poem is nearly avant-garde in style, but is the direct opposite in content to the blasphemous outlook that inspired writers like Broderzon and Markish. The poem, based in a Kabbalistic conception of the world, depicts the human being\u2019s place in creation through a cascade of diverse rhythms and dazzling imagery.<\/p>\n\n\n\n<p>The seminar will be conducted entirely in Yiddish, via&nbsp;Zoom.<\/p>\n\n\n\n<p><em>Price: 60 \u20ac<\/em><\/p>\n\n\n\n<p><strong><a href=\"https:\/\/www.helloasso.com\/associations\/maison-de-la-culture-yiddish-bibliotheque-medem\/evenements\/yo-mit-alemen-7\">Register<\/a><\/strong><\/p>\n\n\n\n<p id=\"yid\"><\/p>\n\n\n\n\n\n\n\n\n\n\n\n\n","protected":false},"excerpt":{"rendered":"<p>Metatren&nbsp;de Aaron Zeitlin S\u00e9minaire en ligne pour \u00e9tudiants avanc\u00e9s, du 22 avril au 2 mai 2021. Quatre s\u00e9ances d\u2019une heure et demie (6h en tout),&nbsp;les&nbsp;jeudis et dimanches de 19h \u00e0 &hellip; <\/p>\n<p class=\"link-more\"><a href=\"https:\/\/programme.yiddish.paris\/?tribe_events=yo-mit-alemen-vii-avec-yitskhok-niborski\" class=\"more-link\">Continuer la lecture<span class=\"screen-reader-text\"> de &laquo;&nbsp;Yo mit alemen VII avec Yitskhok Niborski&nbsp;&raquo;<\/span><\/a><\/p>\n","protected":false},"author":2,"featured_media":1710,"template":"","meta":{"_monsterinsights_skip_tracking":false,"_monsterinsights_sitenote_active":false,"_monsterinsights_sitenote_note":"","_monsterinsights_sitenote_category":0,"_tribe_events_status":"","_tribe_events_status_reason":"","footnotes":""},"tags":[],"tribe_events_cat":[45,56],"class_list":["post-1702","tribe_events","type-tribe_events","status-publish","has-post-thumbnail","hentry","tribe_events_cat-seminaire","tribe_events_cat-yiddish","cat_seminaire","cat_yiddish"],"yoast_head":"<!-- This site is optimized with the Yoast SEO plugin v27.5 - https:\/\/yoast.com\/product\/yoast-seo-wordpress\/ -->\n<title>Yo mit alemen VII avec Yitskhok Niborski - programme.yiddish.paris<\/title>\n<meta name=\"robots\" content=\"index, follow, max-snippet:-1, max-image-preview:large, max-video-preview:-1\" \/>\n<link rel=\"canonical\" href=\"https:\/\/programme.yiddish.paris\/?tribe_events=yo-mit-alemen-vii-avec-yitskhok-niborski\" \/>\n<meta property=\"og:locale\" content=\"fr_FR\" \/>\n<meta property=\"og:type\" content=\"article\" \/>\n<meta property=\"og:title\" content=\"Yo mit alemen VII avec Yitskhok Niborski - programme.yiddish.paris\" \/>\n<meta property=\"og:description\" content=\"Metatren&nbsp;de Aaron Zeitlin S\u00e9minaire en ligne pour \u00e9tudiants avanc\u00e9s, du 22 avril au 2 mai 2021. Quatre s\u00e9ances d\u2019une heure et demie (6h en tout),&nbsp;les&nbsp;jeudis et dimanches de 19h \u00e0 &hellip; Continuer la lecture de &laquo;&nbsp;Yo mit alemen VII avec Yitskhok Niborski&nbsp;&raquo;\" \/>\n<meta property=\"og:url\" content=\"https:\/\/programme.yiddish.paris\/?tribe_events=yo-mit-alemen-vii-avec-yitskhok-niborski\" \/>\n<meta property=\"og:site_name\" content=\"programme.yiddish.paris\" \/>\n<meta property=\"article:modified_time\" content=\"2021-04-19T10:51:12+00:00\" \/>\n<meta property=\"og:image\" content=\"https:\/\/programme.yiddish.paris\/wp-content\/uploads\/2021\/04\/yma7s.jpg\" \/>\n\t<meta property=\"og:image:width\" content=\"1200\" \/>\n\t<meta property=\"og:image:height\" content=\"1131\" \/>\n\t<meta property=\"og:image:type\" content=\"image\/jpeg\" \/>\n<meta name=\"twitter:card\" content=\"summary_large_image\" \/>\n<meta name=\"twitter:label1\" content=\"Dur\u00e9e de lecture estim\u00e9e\" \/>\n\t<meta name=\"twitter:data1\" content=\"2 minutes\" \/>\n<script type=\"application\/ld+json\" class=\"yoast-schema-graph\">{\"@context\":\"https:\\\/\\\/schema.org\",\"@graph\":[{\"@type\":\"WebPage\",\"@id\":\"https:\\\/\\\/programme.yiddish.paris\\\/?tribe_events=yo-mit-alemen-vii-avec-yitskhok-niborski\",\"url\":\"https:\\\/\\\/programme.yiddish.paris\\\/?tribe_events=yo-mit-alemen-vii-avec-yitskhok-niborski\",\"name\":\"Yo mit alemen VII avec Yitskhok Niborski - programme.yiddish.paris\",\"isPartOf\":{\"@id\":\"https:\\\/\\\/programme.yiddish.paris\\\/#website\"},\"primaryImageOfPage\":{\"@id\":\"https:\\\/\\\/programme.yiddish.paris\\\/?tribe_events=yo-mit-alemen-vii-avec-yitskhok-niborski#primaryimage\"},\"image\":{\"@id\":\"https:\\\/\\\/programme.yiddish.paris\\\/?tribe_events=yo-mit-alemen-vii-avec-yitskhok-niborski#primaryimage\"},\"thumbnailUrl\":\"https:\\\/\\\/programme.yiddish.paris\\\/wp-content\\\/uploads\\\/2021\\\/04\\\/yma7s.jpg\",\"datePublished\":\"2021-04-08T20:42:11+00:00\",\"dateModified\":\"2021-04-19T10:51:12+00:00\",\"breadcrumb\":{\"@id\":\"https:\\\/\\\/programme.yiddish.paris\\\/?tribe_events=yo-mit-alemen-vii-avec-yitskhok-niborski#breadcrumb\"},\"inLanguage\":\"fr-FR\",\"potentialAction\":[{\"@type\":\"ReadAction\",\"target\":[\"https:\\\/\\\/programme.yiddish.paris\\\/?tribe_events=yo-mit-alemen-vii-avec-yitskhok-niborski\"]}]},{\"@type\":\"ImageObject\",\"inLanguage\":\"fr-FR\",\"@id\":\"https:\\\/\\\/programme.yiddish.paris\\\/?tribe_events=yo-mit-alemen-vii-avec-yitskhok-niborski#primaryimage\",\"url\":\"https:\\\/\\\/programme.yiddish.paris\\\/wp-content\\\/uploads\\\/2021\\\/04\\\/yma7s.jpg\",\"contentUrl\":\"https:\\\/\\\/programme.yiddish.paris\\\/wp-content\\\/uploads\\\/2021\\\/04\\\/yma7s.jpg\",\"width\":1200,\"height\":1131},{\"@type\":\"BreadcrumbList\",\"@id\":\"https:\\\/\\\/programme.yiddish.paris\\\/?tribe_events=yo-mit-alemen-vii-avec-yitskhok-niborski#breadcrumb\",\"itemListElement\":[{\"@type\":\"ListItem\",\"position\":1,\"name\":\"Home\",\"item\":\"https:\\\/\\\/programme.yiddish.paris\\\/\"},{\"@type\":\"ListItem\",\"position\":2,\"name\":\"\u00c9v\u00e8nements\",\"item\":\"https:\\\/\\\/programme.yiddish.paris\\\/?post_type=tribe_events\"},{\"@type\":\"ListItem\",\"position\":3,\"name\":\"Yo mit alemen VII avec Yitskhok Niborski\"}]},{\"@type\":\"WebSite\",\"@id\":\"https:\\\/\\\/programme.yiddish.paris\\\/#website\",\"url\":\"https:\\\/\\\/programme.yiddish.paris\\\/\",\"name\":\"programme.yiddish.paris\",\"description\":\"La programmation culturelle de la Maison de la culture yiddish \u2013\u00a0Biblioth\u00e8que Medem\",\"publisher\":{\"@id\":\"https:\\\/\\\/programme.yiddish.paris\\\/#organization\"},\"potentialAction\":[{\"@type\":\"SearchAction\",\"target\":{\"@type\":\"EntryPoint\",\"urlTemplate\":\"https:\\\/\\\/programme.yiddish.paris\\\/?s={search_term_string}\"},\"query-input\":{\"@type\":\"PropertyValueSpecification\",\"valueRequired\":true,\"valueName\":\"search_term_string\"}}],\"inLanguage\":\"fr-FR\"},{\"@type\":\"Organization\",\"@id\":\"https:\\\/\\\/programme.yiddish.paris\\\/#organization\",\"name\":\"programme.yiddish.paris\",\"url\":\"https:\\\/\\\/programme.yiddish.paris\\\/\",\"logo\":{\"@type\":\"ImageObject\",\"inLanguage\":\"fr-FR\",\"@id\":\"https:\\\/\\\/programme.yiddish.paris\\\/#\\\/schema\\\/logo\\\/image\\\/\",\"url\":\"https:\\\/\\\/programme.yiddish.paris\\\/wp-content\\\/uploads\\\/2020\\\/07\\\/cropped-mcy_yud-1.png\",\"contentUrl\":\"https:\\\/\\\/programme.yiddish.paris\\\/wp-content\\\/uploads\\\/2020\\\/07\\\/cropped-mcy_yud-1.png\",\"width\":250,\"height\":250,\"caption\":\"programme.yiddish.paris\"},\"image\":{\"@id\":\"https:\\\/\\\/programme.yiddish.paris\\\/#\\\/schema\\\/logo\\\/image\\\/\"}}]}<\/script>\n<!-- \/ Yoast SEO plugin. -->","yoast_head_json":{"title":"Yo mit alemen VII avec Yitskhok Niborski - programme.yiddish.paris","robots":{"index":"index","follow":"follow","max-snippet":"max-snippet:-1","max-image-preview":"max-image-preview:large","max-video-preview":"max-video-preview:-1"},"canonical":"https:\/\/programme.yiddish.paris\/?tribe_events=yo-mit-alemen-vii-avec-yitskhok-niborski","og_locale":"fr_FR","og_type":"article","og_title":"Yo mit alemen VII avec Yitskhok Niborski - programme.yiddish.paris","og_description":"Metatren&nbsp;de Aaron Zeitlin S\u00e9minaire en ligne pour \u00e9tudiants avanc\u00e9s, du 22 avril au 2 mai 2021. Quatre s\u00e9ances d\u2019une heure et demie (6h en tout),&nbsp;les&nbsp;jeudis et dimanches de 19h \u00e0 &hellip; Continuer la lecture de &laquo;&nbsp;Yo mit alemen VII avec Yitskhok Niborski&nbsp;&raquo;","og_url":"https:\/\/programme.yiddish.paris\/?tribe_events=yo-mit-alemen-vii-avec-yitskhok-niborski","og_site_name":"programme.yiddish.paris","article_modified_time":"2021-04-19T10:51:12+00:00","og_image":[{"width":1200,"height":1131,"url":"https:\/\/programme.yiddish.paris\/wp-content\/uploads\/2021\/04\/yma7s.jpg","type":"image\/jpeg"}],"twitter_card":"summary_large_image","twitter_misc":{"Dur\u00e9e de lecture estim\u00e9e":"2 minutes"},"schema":{"@context":"https:\/\/schema.org","@graph":[{"@type":"WebPage","@id":"https:\/\/programme.yiddish.paris\/?tribe_events=yo-mit-alemen-vii-avec-yitskhok-niborski","url":"https:\/\/programme.yiddish.paris\/?tribe_events=yo-mit-alemen-vii-avec-yitskhok-niborski","name":"Yo mit alemen VII avec Yitskhok Niborski - programme.yiddish.paris","isPartOf":{"@id":"https:\/\/programme.yiddish.paris\/#website"},"primaryImageOfPage":{"@id":"https:\/\/programme.yiddish.paris\/?tribe_events=yo-mit-alemen-vii-avec-yitskhok-niborski#primaryimage"},"image":{"@id":"https:\/\/programme.yiddish.paris\/?tribe_events=yo-mit-alemen-vii-avec-yitskhok-niborski#primaryimage"},"thumbnailUrl":"https:\/\/programme.yiddish.paris\/wp-content\/uploads\/2021\/04\/yma7s.jpg","datePublished":"2021-04-08T20:42:11+00:00","dateModified":"2021-04-19T10:51:12+00:00","breadcrumb":{"@id":"https:\/\/programme.yiddish.paris\/?tribe_events=yo-mit-alemen-vii-avec-yitskhok-niborski#breadcrumb"},"inLanguage":"fr-FR","potentialAction":[{"@type":"ReadAction","target":["https:\/\/programme.yiddish.paris\/?tribe_events=yo-mit-alemen-vii-avec-yitskhok-niborski"]}]},{"@type":"ImageObject","inLanguage":"fr-FR","@id":"https:\/\/programme.yiddish.paris\/?tribe_events=yo-mit-alemen-vii-avec-yitskhok-niborski#primaryimage","url":"https:\/\/programme.yiddish.paris\/wp-content\/uploads\/2021\/04\/yma7s.jpg","contentUrl":"https:\/\/programme.yiddish.paris\/wp-content\/uploads\/2021\/04\/yma7s.jpg","width":1200,"height":1131},{"@type":"BreadcrumbList","@id":"https:\/\/programme.yiddish.paris\/?tribe_events=yo-mit-alemen-vii-avec-yitskhok-niborski#breadcrumb","itemListElement":[{"@type":"ListItem","position":1,"name":"Home","item":"https:\/\/programme.yiddish.paris\/"},{"@type":"ListItem","position":2,"name":"\u00c9v\u00e8nements","item":"https:\/\/programme.yiddish.paris\/?post_type=tribe_events"},{"@type":"ListItem","position":3,"name":"Yo mit alemen VII avec Yitskhok Niborski"}]},{"@type":"WebSite","@id":"https:\/\/programme.yiddish.paris\/#website","url":"https:\/\/programme.yiddish.paris\/","name":"programme.yiddish.paris","description":"La programmation culturelle de la Maison de la culture yiddish \u2013\u00a0Biblioth\u00e8que Medem","publisher":{"@id":"https:\/\/programme.yiddish.paris\/#organization"},"potentialAction":[{"@type":"SearchAction","target":{"@type":"EntryPoint","urlTemplate":"https:\/\/programme.yiddish.paris\/?s={search_term_string}"},"query-input":{"@type":"PropertyValueSpecification","valueRequired":true,"valueName":"search_term_string"}}],"inLanguage":"fr-FR"},{"@type":"Organization","@id":"https:\/\/programme.yiddish.paris\/#organization","name":"programme.yiddish.paris","url":"https:\/\/programme.yiddish.paris\/","logo":{"@type":"ImageObject","inLanguage":"fr-FR","@id":"https:\/\/programme.yiddish.paris\/#\/schema\/logo\/image\/","url":"https:\/\/programme.yiddish.paris\/wp-content\/uploads\/2020\/07\/cropped-mcy_yud-1.png","contentUrl":"https:\/\/programme.yiddish.paris\/wp-content\/uploads\/2020\/07\/cropped-mcy_yud-1.png","width":250,"height":250,"caption":"programme.yiddish.paris"},"image":{"@id":"https:\/\/programme.yiddish.paris\/#\/schema\/logo\/image\/"}}]}},"_links":{"self":[{"href":"https:\/\/programme.yiddish.paris\/index.php?rest_route=\/wp\/v2\/tribe_events\/1702","targetHints":{"allow":["GET"]}}],"collection":[{"href":"https:\/\/programme.yiddish.paris\/index.php?rest_route=\/wp\/v2\/tribe_events"}],"about":[{"href":"https:\/\/programme.yiddish.paris\/index.php?rest_route=\/wp\/v2\/types\/tribe_events"}],"author":[{"embeddable":true,"href":"https:\/\/programme.yiddish.paris\/index.php?rest_route=\/wp\/v2\/users\/2"}],"version-history":[{"count":5,"href":"https:\/\/programme.yiddish.paris\/index.php?rest_route=\/wp\/v2\/tribe_events\/1702\/revisions"}],"predecessor-version":[{"id":1740,"href":"https:\/\/programme.yiddish.paris\/index.php?rest_route=\/wp\/v2\/tribe_events\/1702\/revisions\/1740"}],"wp:featuredmedia":[{"embeddable":true,"href":"https:\/\/programme.yiddish.paris\/index.php?rest_route=\/wp\/v2\/media\/1710"}],"wp:attachment":[{"href":"https:\/\/programme.yiddish.paris\/index.php?rest_route=%2Fwp%2Fv2%2Fmedia&parent=1702"}],"wp:term":[{"taxonomy":"post_tag","embeddable":true,"href":"https:\/\/programme.yiddish.paris\/index.php?rest_route=%2Fwp%2Fv2%2Ftags&post=1702"},{"taxonomy":"tribe_events_cat","embeddable":true,"href":"https:\/\/programme.yiddish.paris\/index.php?rest_route=%2Fwp%2Fv2%2Ftribe_events_cat&post=1702"}],"curies":[{"name":"wp","href":"https:\/\/api.w.org\/{rel}","templated":true}]}}