{"id":1930,"date":"2021-07-01T15:20:50","date_gmt":"2021-07-01T13:20:50","guid":{"rendered":"https:\/\/programme.yiddish.paris\/?post_type=tribe_events&#038;p=1930"},"modified":"2021-07-01T20:17:45","modified_gmt":"2021-07-01T18:17:45","slug":"yidish-oyf-der-tsung-en-presentiel-de-qui-se-moque-t-on","status":"publish","type":"tribe_events","link":"https:\/\/programme.yiddish.paris\/?tribe_events=yidish-oyf-der-tsung-en-presentiel-de-qui-se-moque-t-on","title":{"rendered":"Yidish oyf der tsung en pr\u00e9sentiel : de qui se moque-t-on\u00a0?"},"content":{"rendered":"\n\n\n\n\n<h1 class=\"has-text-align-right\" dir=\"rtl\">\u05d9\u05d9\u05b4\u05d3\u05d9\u05e9 \u05d0\u05d5\u05d9\u05e3 \u05d3\u05e2\u05e8 \u05e6\u05d5\u05e0\u05d2 (\u05d0\u05d5\u05d9\u05e4\u05bf\u05df \u05d0\u05b8\u05e8\u05d8) : \u05e6\u05d9 \u05e4\u05bf\u05f2\u05b7\u05e4\u05bf\u05d8 \u05de\u05e2\u05df \u05d0\u05d5\u05d9\u05e3 \u05d0\u05d5\u05e0\u05d3\u05d6 ?<\/h1>\n\n\n\n<p id=\"block-f0705751-768f-4b85-8464-43411c744606\">Anim\u00e9 par&nbsp;<strong>R\u00e9gine Nebel<\/strong>&nbsp;et&nbsp;<strong>Yitskhok Niborski<\/strong>.<\/p>\n\n\n\n<p id=\"block-e7e2476e-f0f6-4e8d-8865-d1d49154ad23\">Le cours de conversation&nbsp;<strong>Yidish oyf der tsung<\/strong>&nbsp;(\u00ab le yiddish sur le bout de la langue \u00bb) est anim\u00e9 par&nbsp;<strong>R\u00e9gine Nebel&nbsp;<\/strong>et les diff\u00e9rents enseignants de la Maison de la culture yiddish. Chaque s\u00e9ance est consacr\u00e9e \u00e0 un th\u00e8me pour lequel un vocabulaire est fourni \u00e0 l\u2019avance d\u00e8s l\u2019inscription. Savoir lire le yiddish est indispensable.<\/p>\n\n\n\n<p id=\"block-8699c27c-dfbe-4c0e-b97a-d81611c01625\">Le cours se d\u00e9roule en yiddish.<\/p>\n\n\n\n<p id=\"block-9f12ed79-6edc-4770-bd43-8fe9522387fe\"><em>Tarif : 20 \u20ac. Adh\u00e9rents : 15 \u20ac*.<br><a href=\"https:\/\/www.helloasso.com\/associations\/maison-de-la-culture-yiddish-bibliotheque-medem\/adhesions\/adhesion-en-ligne-a-la-maison-de-la-culture-yiddish-2021-2022\">*Adh\u00e9rez \u00e0 la Maison de la culture yiddish pour la saison 2021-2022<\/a>&nbsp;et d\u00e9couvrez&nbsp;<strong>le code promotionnel<\/strong>&nbsp;qui vous donnera acc\u00e8s au&nbsp;<strong>tarif r\u00e9duit<\/strong>&nbsp;sur vos r\u00e9servations.<\/em><\/p>\n\n\n\n<p id=\"block-2ba98dcd-5f13-4105-b07b-0b0692c4fa6f\"><strong><a href=\"https:\/\/www.helloasso.com\/associations\/maison-de-la-culture-yiddish-bibliotheque-medem\/evenements\/2021-11\">Cliquez ici<\/a><\/strong>&nbsp;pour r\u00e9server (r\u00e9servation obligatoire).<\/p>\n\n\n\n<p id=\"block-02374118-74c5-4bea-b761-3a9a73091b35\"><strong>Attention : au moment du r\u00e8glement, la plateforme Helloassso vous proposera d\u2019ajouter une contribution \u00e0 son fonctionnement. Celle-ci est optionnelle, et vous pouvez changer son montant ou bien l\u2019annuler en appuyant sur le bouton \u00ab&nbsp;Modifier&nbsp;\u00bb.<\/strong><\/p>\n\n\n\n\n\n\n\n\n\n\n\n\n","protected":false},"excerpt":{"rendered":"<p>\u05d9\u05d9\u05b4\u05d3\u05d9\u05e9 \u05d0\u05d5\u05d9\u05e3 \u05d3\u05e2\u05e8 \u05e6\u05d5\u05e0\u05d2 (\u05d0\u05d5\u05d9\u05e4\u05bf\u05df \u05d0\u05b8\u05e8\u05d8) : \u05e6\u05d9 \u05e4\u05bf\u05f2\u05b7\u05e4\u05bf\u05d8 \u05de\u05e2\u05df \u05d0\u05d5\u05d9\u05e3 \u05d0\u05d5\u05e0\u05d3\u05d6 ? Anim\u00e9 par&nbsp;R\u00e9gine Nebel&nbsp;et&nbsp;Yitskhok Niborski. Le cours de conversation&nbsp;Yidish oyf der tsung&nbsp;(\u00ab le yiddish sur le bout de &hellip; <\/p>\n<p class=\"link-more\"><a href=\"https:\/\/programme.yiddish.paris\/?tribe_events=yidish-oyf-der-tsung-en-presentiel-de-qui-se-moque-t-on\" class=\"more-link\">Continuer la lecture<span class=\"screen-reader-text\"> de &laquo;&nbsp;Yidish oyf der tsung en pr\u00e9sentiel : de qui se moque-t-on\u00a0?&nbsp;&raquo;<\/span><\/a><\/p>\n","protected":false},"author":2,"featured_media":1931,"template":"","meta":{"_monsterinsights_skip_tracking":false,"_monsterinsights_sitenote_active":false,"_monsterinsights_sitenote_note":"","_monsterinsights_sitenote_category":0,"_tribe_events_status":"","_tribe_events_status_reason":"","footnotes":""},"tags":[],"tribe_events_cat":[40,56],"class_list":["post-1930","tribe_events","type-tribe_events","status-publish","has-post-thumbnail","hentry","tribe_events_cat-cours-de-conversation","tribe_events_cat-yiddish","cat_cours-de-conversation","cat_yiddish"],"yoast_head":"<!-- This site is optimized with the Yoast SEO plugin v27.5 - https:\/\/yoast.com\/product\/yoast-seo-wordpress\/ -->\n<title>Yidish oyf der tsung en pr\u00e9sentiel : de qui se moque-t-on\u00a0? - programme.yiddish.paris<\/title>\n<meta name=\"robots\" content=\"index, follow, max-snippet:-1, max-image-preview:large, max-video-preview:-1\" \/>\n<link rel=\"canonical\" href=\"https:\/\/programme.yiddish.paris\/?tribe_events=yidish-oyf-der-tsung-en-presentiel-de-qui-se-moque-t-on\" \/>\n<meta property=\"og:locale\" content=\"fr_FR\" \/>\n<meta property=\"og:type\" content=\"article\" \/>\n<meta property=\"og:title\" content=\"Yidish oyf der tsung en pr\u00e9sentiel : de qui se moque-t-on\u00a0? - programme.yiddish.paris\" \/>\n<meta property=\"og:description\" content=\"\u05d9\u05d9\u05b4\u05d3\u05d9\u05e9 \u05d0\u05d5\u05d9\u05e3 \u05d3\u05e2\u05e8 \u05e6\u05d5\u05e0\u05d2 (\u05d0\u05d5\u05d9\u05e4\u05bf\u05df \u05d0\u05b8\u05e8\u05d8) : \u05e6\u05d9 \u05e4\u05bf\u05f2\u05b7\u05e4\u05bf\u05d8 \u05de\u05e2\u05df \u05d0\u05d5\u05d9\u05e3 \u05d0\u05d5\u05e0\u05d3\u05d6 ? Anim\u00e9 par&nbsp;R\u00e9gine Nebel&nbsp;et&nbsp;Yitskhok Niborski. Le cours de conversation&nbsp;Yidish oyf der tsung&nbsp;(\u00ab le yiddish sur le bout de &hellip; Continuer la lecture de &laquo;&nbsp;Yidish oyf der tsung en pr\u00e9sentiel : de qui se moque-t-on\u00a0?&nbsp;&raquo;\" \/>\n<meta property=\"og:url\" content=\"https:\/\/programme.yiddish.paris\/?tribe_events=yidish-oyf-der-tsung-en-presentiel-de-qui-se-moque-t-on\" \/>\n<meta property=\"og:site_name\" content=\"programme.yiddish.paris\" \/>\n<meta property=\"article:modified_time\" content=\"2021-07-01T18:17:45+00:00\" \/>\n<meta property=\"og:image\" content=\"https:\/\/programme.yiddish.paris\/wp-content\/uploads\/2021\/07\/joker.jpeg\" \/>\n\t<meta property=\"og:image:width\" content=\"764\" \/>\n\t<meta property=\"og:image:height\" content=\"1181\" \/>\n\t<meta property=\"og:image:type\" content=\"image\/jpeg\" \/>\n<meta name=\"twitter:card\" content=\"summary_large_image\" \/>\n<meta name=\"twitter:label1\" content=\"Dur\u00e9e de lecture estim\u00e9e\" \/>\n\t<meta name=\"twitter:data1\" content=\"1 minute\" \/>\n<script type=\"application\/ld+json\" class=\"yoast-schema-graph\">{\"@context\":\"https:\\\/\\\/schema.org\",\"@graph\":[{\"@type\":\"WebPage\",\"@id\":\"https:\\\/\\\/programme.yiddish.paris\\\/?tribe_events=yidish-oyf-der-tsung-en-presentiel-de-qui-se-moque-t-on\",\"url\":\"https:\\\/\\\/programme.yiddish.paris\\\/?tribe_events=yidish-oyf-der-tsung-en-presentiel-de-qui-se-moque-t-on\",\"name\":\"Yidish oyf der tsung en pr\u00e9sentiel : de qui se moque-t-on\u00a0? - programme.yiddish.paris\",\"isPartOf\":{\"@id\":\"https:\\\/\\\/programme.yiddish.paris\\\/#website\"},\"primaryImageOfPage\":{\"@id\":\"https:\\\/\\\/programme.yiddish.paris\\\/?tribe_events=yidish-oyf-der-tsung-en-presentiel-de-qui-se-moque-t-on#primaryimage\"},\"image\":{\"@id\":\"https:\\\/\\\/programme.yiddish.paris\\\/?tribe_events=yidish-oyf-der-tsung-en-presentiel-de-qui-se-moque-t-on#primaryimage\"},\"thumbnailUrl\":\"https:\\\/\\\/programme.yiddish.paris\\\/wp-content\\\/uploads\\\/2021\\\/07\\\/joker.jpeg\",\"datePublished\":\"2021-07-01T13:20:50+00:00\",\"dateModified\":\"2021-07-01T18:17:45+00:00\",\"breadcrumb\":{\"@id\":\"https:\\\/\\\/programme.yiddish.paris\\\/?tribe_events=yidish-oyf-der-tsung-en-presentiel-de-qui-se-moque-t-on#breadcrumb\"},\"inLanguage\":\"fr-FR\",\"potentialAction\":[{\"@type\":\"ReadAction\",\"target\":[\"https:\\\/\\\/programme.yiddish.paris\\\/?tribe_events=yidish-oyf-der-tsung-en-presentiel-de-qui-se-moque-t-on\"]}]},{\"@type\":\"ImageObject\",\"inLanguage\":\"fr-FR\",\"@id\":\"https:\\\/\\\/programme.yiddish.paris\\\/?tribe_events=yidish-oyf-der-tsung-en-presentiel-de-qui-se-moque-t-on#primaryimage\",\"url\":\"https:\\\/\\\/programme.yiddish.paris\\\/wp-content\\\/uploads\\\/2021\\\/07\\\/joker.jpeg\",\"contentUrl\":\"https:\\\/\\\/programme.yiddish.paris\\\/wp-content\\\/uploads\\\/2021\\\/07\\\/joker.jpeg\",\"width\":764,\"height\":1181},{\"@type\":\"BreadcrumbList\",\"@id\":\"https:\\\/\\\/programme.yiddish.paris\\\/?tribe_events=yidish-oyf-der-tsung-en-presentiel-de-qui-se-moque-t-on#breadcrumb\",\"itemListElement\":[{\"@type\":\"ListItem\",\"position\":1,\"name\":\"Home\",\"item\":\"https:\\\/\\\/programme.yiddish.paris\\\/\"},{\"@type\":\"ListItem\",\"position\":2,\"name\":\"\u00c9v\u00e8nements\",\"item\":\"https:\\\/\\\/programme.yiddish.paris\\\/?post_type=tribe_events\"},{\"@type\":\"ListItem\",\"position\":3,\"name\":\"Yidish oyf der tsung en pr\u00e9sentiel : de qui se moque-t-on\u00a0?\"}]},{\"@type\":\"WebSite\",\"@id\":\"https:\\\/\\\/programme.yiddish.paris\\\/#website\",\"url\":\"https:\\\/\\\/programme.yiddish.paris\\\/\",\"name\":\"programme.yiddish.paris\",\"description\":\"La programmation culturelle de la Maison de la culture yiddish \u2013\u00a0Biblioth\u00e8que Medem\",\"publisher\":{\"@id\":\"https:\\\/\\\/programme.yiddish.paris\\\/#organization\"},\"potentialAction\":[{\"@type\":\"SearchAction\",\"target\":{\"@type\":\"EntryPoint\",\"urlTemplate\":\"https:\\\/\\\/programme.yiddish.paris\\\/?s={search_term_string}\"},\"query-input\":{\"@type\":\"PropertyValueSpecification\",\"valueRequired\":true,\"valueName\":\"search_term_string\"}}],\"inLanguage\":\"fr-FR\"},{\"@type\":\"Organization\",\"@id\":\"https:\\\/\\\/programme.yiddish.paris\\\/#organization\",\"name\":\"programme.yiddish.paris\",\"url\":\"https:\\\/\\\/programme.yiddish.paris\\\/\",\"logo\":{\"@type\":\"ImageObject\",\"inLanguage\":\"fr-FR\",\"@id\":\"https:\\\/\\\/programme.yiddish.paris\\\/#\\\/schema\\\/logo\\\/image\\\/\",\"url\":\"https:\\\/\\\/programme.yiddish.paris\\\/wp-content\\\/uploads\\\/2020\\\/07\\\/cropped-mcy_yud-1.png\",\"contentUrl\":\"https:\\\/\\\/programme.yiddish.paris\\\/wp-content\\\/uploads\\\/2020\\\/07\\\/cropped-mcy_yud-1.png\",\"width\":250,\"height\":250,\"caption\":\"programme.yiddish.paris\"},\"image\":{\"@id\":\"https:\\\/\\\/programme.yiddish.paris\\\/#\\\/schema\\\/logo\\\/image\\\/\"}}]}<\/script>\n<!-- \/ Yoast SEO plugin. -->","yoast_head_json":{"title":"Yidish oyf der tsung en pr\u00e9sentiel : de qui se moque-t-on\u00a0? - programme.yiddish.paris","robots":{"index":"index","follow":"follow","max-snippet":"max-snippet:-1","max-image-preview":"max-image-preview:large","max-video-preview":"max-video-preview:-1"},"canonical":"https:\/\/programme.yiddish.paris\/?tribe_events=yidish-oyf-der-tsung-en-presentiel-de-qui-se-moque-t-on","og_locale":"fr_FR","og_type":"article","og_title":"Yidish oyf der tsung en pr\u00e9sentiel : de qui se moque-t-on\u00a0? - programme.yiddish.paris","og_description":"\u05d9\u05d9\u05b4\u05d3\u05d9\u05e9 \u05d0\u05d5\u05d9\u05e3 \u05d3\u05e2\u05e8 \u05e6\u05d5\u05e0\u05d2 (\u05d0\u05d5\u05d9\u05e4\u05bf\u05df \u05d0\u05b8\u05e8\u05d8) : \u05e6\u05d9 \u05e4\u05bf\u05f2\u05b7\u05e4\u05bf\u05d8 \u05de\u05e2\u05df \u05d0\u05d5\u05d9\u05e3 \u05d0\u05d5\u05e0\u05d3\u05d6 ? Anim\u00e9 par&nbsp;R\u00e9gine Nebel&nbsp;et&nbsp;Yitskhok Niborski. Le cours de conversation&nbsp;Yidish oyf der tsung&nbsp;(\u00ab le yiddish sur le bout de &hellip; Continuer la lecture de &laquo;&nbsp;Yidish oyf der tsung en pr\u00e9sentiel : de qui se moque-t-on\u00a0?&nbsp;&raquo;","og_url":"https:\/\/programme.yiddish.paris\/?tribe_events=yidish-oyf-der-tsung-en-presentiel-de-qui-se-moque-t-on","og_site_name":"programme.yiddish.paris","article_modified_time":"2021-07-01T18:17:45+00:00","og_image":[{"width":764,"height":1181,"url":"https:\/\/programme.yiddish.paris\/wp-content\/uploads\/2021\/07\/joker.jpeg","type":"image\/jpeg"}],"twitter_card":"summary_large_image","twitter_misc":{"Dur\u00e9e de lecture estim\u00e9e":"1 minute"},"schema":{"@context":"https:\/\/schema.org","@graph":[{"@type":"WebPage","@id":"https:\/\/programme.yiddish.paris\/?tribe_events=yidish-oyf-der-tsung-en-presentiel-de-qui-se-moque-t-on","url":"https:\/\/programme.yiddish.paris\/?tribe_events=yidish-oyf-der-tsung-en-presentiel-de-qui-se-moque-t-on","name":"Yidish oyf der tsung en pr\u00e9sentiel : de qui se moque-t-on\u00a0? - programme.yiddish.paris","isPartOf":{"@id":"https:\/\/programme.yiddish.paris\/#website"},"primaryImageOfPage":{"@id":"https:\/\/programme.yiddish.paris\/?tribe_events=yidish-oyf-der-tsung-en-presentiel-de-qui-se-moque-t-on#primaryimage"},"image":{"@id":"https:\/\/programme.yiddish.paris\/?tribe_events=yidish-oyf-der-tsung-en-presentiel-de-qui-se-moque-t-on#primaryimage"},"thumbnailUrl":"https:\/\/programme.yiddish.paris\/wp-content\/uploads\/2021\/07\/joker.jpeg","datePublished":"2021-07-01T13:20:50+00:00","dateModified":"2021-07-01T18:17:45+00:00","breadcrumb":{"@id":"https:\/\/programme.yiddish.paris\/?tribe_events=yidish-oyf-der-tsung-en-presentiel-de-qui-se-moque-t-on#breadcrumb"},"inLanguage":"fr-FR","potentialAction":[{"@type":"ReadAction","target":["https:\/\/programme.yiddish.paris\/?tribe_events=yidish-oyf-der-tsung-en-presentiel-de-qui-se-moque-t-on"]}]},{"@type":"ImageObject","inLanguage":"fr-FR","@id":"https:\/\/programme.yiddish.paris\/?tribe_events=yidish-oyf-der-tsung-en-presentiel-de-qui-se-moque-t-on#primaryimage","url":"https:\/\/programme.yiddish.paris\/wp-content\/uploads\/2021\/07\/joker.jpeg","contentUrl":"https:\/\/programme.yiddish.paris\/wp-content\/uploads\/2021\/07\/joker.jpeg","width":764,"height":1181},{"@type":"BreadcrumbList","@id":"https:\/\/programme.yiddish.paris\/?tribe_events=yidish-oyf-der-tsung-en-presentiel-de-qui-se-moque-t-on#breadcrumb","itemListElement":[{"@type":"ListItem","position":1,"name":"Home","item":"https:\/\/programme.yiddish.paris\/"},{"@type":"ListItem","position":2,"name":"\u00c9v\u00e8nements","item":"https:\/\/programme.yiddish.paris\/?post_type=tribe_events"},{"@type":"ListItem","position":3,"name":"Yidish oyf der tsung en pr\u00e9sentiel : de qui se moque-t-on\u00a0?"}]},{"@type":"WebSite","@id":"https:\/\/programme.yiddish.paris\/#website","url":"https:\/\/programme.yiddish.paris\/","name":"programme.yiddish.paris","description":"La programmation culturelle de la Maison de la culture yiddish \u2013\u00a0Biblioth\u00e8que Medem","publisher":{"@id":"https:\/\/programme.yiddish.paris\/#organization"},"potentialAction":[{"@type":"SearchAction","target":{"@type":"EntryPoint","urlTemplate":"https:\/\/programme.yiddish.paris\/?s={search_term_string}"},"query-input":{"@type":"PropertyValueSpecification","valueRequired":true,"valueName":"search_term_string"}}],"inLanguage":"fr-FR"},{"@type":"Organization","@id":"https:\/\/programme.yiddish.paris\/#organization","name":"programme.yiddish.paris","url":"https:\/\/programme.yiddish.paris\/","logo":{"@type":"ImageObject","inLanguage":"fr-FR","@id":"https:\/\/programme.yiddish.paris\/#\/schema\/logo\/image\/","url":"https:\/\/programme.yiddish.paris\/wp-content\/uploads\/2020\/07\/cropped-mcy_yud-1.png","contentUrl":"https:\/\/programme.yiddish.paris\/wp-content\/uploads\/2020\/07\/cropped-mcy_yud-1.png","width":250,"height":250,"caption":"programme.yiddish.paris"},"image":{"@id":"https:\/\/programme.yiddish.paris\/#\/schema\/logo\/image\/"}}]}},"_links":{"self":[{"href":"https:\/\/programme.yiddish.paris\/index.php?rest_route=\/wp\/v2\/tribe_events\/1930","targetHints":{"allow":["GET"]}}],"collection":[{"href":"https:\/\/programme.yiddish.paris\/index.php?rest_route=\/wp\/v2\/tribe_events"}],"about":[{"href":"https:\/\/programme.yiddish.paris\/index.php?rest_route=\/wp\/v2\/types\/tribe_events"}],"author":[{"embeddable":true,"href":"https:\/\/programme.yiddish.paris\/index.php?rest_route=\/wp\/v2\/users\/2"}],"version-history":[{"count":4,"href":"https:\/\/programme.yiddish.paris\/index.php?rest_route=\/wp\/v2\/tribe_events\/1930\/revisions"}],"predecessor-version":[{"id":1939,"href":"https:\/\/programme.yiddish.paris\/index.php?rest_route=\/wp\/v2\/tribe_events\/1930\/revisions\/1939"}],"wp:featuredmedia":[{"embeddable":true,"href":"https:\/\/programme.yiddish.paris\/index.php?rest_route=\/wp\/v2\/media\/1931"}],"wp:attachment":[{"href":"https:\/\/programme.yiddish.paris\/index.php?rest_route=%2Fwp%2Fv2%2Fmedia&parent=1930"}],"wp:term":[{"taxonomy":"post_tag","embeddable":true,"href":"https:\/\/programme.yiddish.paris\/index.php?rest_route=%2Fwp%2Fv2%2Ftags&post=1930"},{"taxonomy":"tribe_events_cat","embeddable":true,"href":"https:\/\/programme.yiddish.paris\/index.php?rest_route=%2Fwp%2Fv2%2Ftribe_events_cat&post=1930"}],"curies":[{"name":"wp","href":"https:\/\/api.w.org\/{rel}","templated":true}]}}