{"id":2427,"date":"2021-10-07T08:49:18","date_gmt":"2021-10-07T06:49:18","guid":{"rendered":"https:\/\/programme.yiddish.paris\/?post_type=tribe_events&#038;p=2427"},"modified":"2024-04-27T22:15:10","modified_gmt":"2024-04-27T20:15:10","slug":"les-acoustiques-solistes-de-la-musique-ashkenaze-en-presentiel","status":"publish","type":"tribe_events","link":"https:\/\/programme.yiddish.paris\/?tribe_events=les-acoustiques-solistes-de-la-musique-ashkenaze-en-presentiel","title":{"rendered":"Les Acoustiques\u00a0: solistes de la musique ashk\u00e9naze (en pr\u00e9sentiel)"},"content":{"rendered":"\r\n\r\n\r\n\r\n\r\n<h2 class=\"wp-block-heading\"><strong>2 : Alexandre Cerveux chante \u00ab Oyd noshuvo el nigun atik \u00bb<\/strong><\/h2>\r\n\r\n\r\n\r\n<p>Des concerts courts et intenses. Des programmes in\u00e9dits. Une rencontre intime avec des solistes de France et d\u2019ailleurs. Pour faire r\u00e9sonner la musique ashk\u00e9naze dans toute son int\u00e9grit\u00e9. Sans amplificateurs, sans chichis.<\/p>\r\n\r\n\r\n\r\n<p>Bribes de m\u00e9lodies, fragments de chants, airs ent\u00eatants : le r\u00e9pertoire pour voix seule, chant\u00e9 pour le culte, sur la route ou dans les champs, est con\u00e7u pour qu\u2019on s\u2019en souvienne ! Les \u00e9poques et les traditions offrent chacune leurs monodies, imagin\u00e9es pour bercer, \u00e9mailler les \u00e9tapes de la vie ou refl\u00e9ter les \u00e9tats de l\u2019\u00e2me. Ce programme propose de mettre en regard des chants d\u2019\u00e9poques diff\u00e9rentes, extraits de cantillation, m\u00e9lodies m\u00e9di\u00e9vales et autres cantiques de la Renaissance et du baroque.<\/p>\r\n\r\n\r\n\r\n<p><strong>Alexandre Cerveux<\/strong> est chanteur, dipl\u00f4m\u00e9 du Centre de musique baroque de Versailles, et musicologue, sp\u00e9cialiste de musique ancienne. Il est hazzan de la CJL, Paris.<\/p>\r\n\r\n\r\n\r\n<p><strong>19h30<\/strong>\u00a0: Ouverture des portes<\/p>\r\n\r\n\r\n\r\n<p><strong>20h<\/strong>\u00a0: Concert<\/p>\r\n\r\n\r\n\r\n<p><strong>20h45<\/strong>\u00a0: Conversation entre l\u2019artiste et <strong>Tal Hever-Chybowski<\/strong>.<\/p>\r\n\r\n\r\n\r\n<p>Chants en h\u00e9breu, latin, fran\u00e7ais et yiddish.<\/p>\r\n\r\n\r\n\r\n<p id=\"block-9f12ed79-6edc-4770-bd43-8fe9522387fe\"><em>Tarif : 15 \u20ac. Adh\u00e9rents : 10 \u20ac*.<br \/><a href=\"https:\/\/www.helloasso.com\/associations\/maison-de-la-culture-yiddish-bibliotheque-medem\/adhesions\/adhesion-en-ligne-a-la-maison-de-la-culture-yiddish-2021-2022\">*Adh\u00e9rez \u00e0 la Maison de la culture yiddish pour la saison 2021-2022<\/a>\u00a0et d\u00e9couvrez\u00a0<strong>le code promotionnel<\/strong>\u00a0qui vous donnera acc\u00e8s au\u00a0<strong>tarif r\u00e9duit<\/strong>\u00a0sur vos r\u00e9servations.<\/em><\/p>\r\n\r\n\r\n\r\n<p id=\"block-2ba98dcd-5f13-4105-b07b-0b0692c4fa6f\"><strong><a href=\"https:\/\/www.helloasso.com\/associations\/maison-de-la-culture-yiddish-bibliotheque-medem\/evenements\/2021-12\">Cliquez ici<\/a><\/strong>\u00a0pour r\u00e9server (r\u00e9servation obligatoire).<\/p>\r\n\r\n\r\n\r\n<p id=\"block-02374118-74c5-4bea-b761-3a9a73091b35\"><strong>Attention : au moment du r\u00e8glement, la plateforme Helloassso vous proposera d\u2019ajouter une contribution \u00e0 son fonctionnement. Celle-ci est optionnelle, et vous pouvez changer son montant ou bien l\u2019annuler en appuyant sur le bouton \u00ab\u00a0Modifier\u00a0\u00bb.<\/strong><\/p>\r\n\r\n\r\n\r\n\r\n\r\n\r\n\r\n\r\n\r\n\r\n\r\n\r\n","protected":false},"excerpt":{"rendered":"<p>2 : Alexandre Cerveux chante \u00ab Oyd noshuvo el nigun atik \u00bb Des concerts courts et intenses. Des programmes in\u00e9dits. Une rencontre intime avec des solistes de France et d\u2019ailleurs. &hellip; <\/p>\n<p class=\"link-more\"><a href=\"https:\/\/programme.yiddish.paris\/?tribe_events=les-acoustiques-solistes-de-la-musique-ashkenaze-en-presentiel\" class=\"more-link\">Continuer la lecture<span class=\"screen-reader-text\"> de &laquo;&nbsp;Les Acoustiques\u00a0: solistes de la musique ashk\u00e9naze (en pr\u00e9sentiel)&nbsp;&raquo;<\/span><\/a><\/p>\n","protected":false},"author":2,"featured_media":0,"template":"","meta":{"_monsterinsights_skip_tracking":false,"_monsterinsights_sitenote_active":false,"_monsterinsights_sitenote_note":"","_monsterinsights_sitenote_category":0,"_tribe_events_status":"","_tribe_events_status_reason":"","footnotes":""},"tags":[],"tribe_events_cat":[44,71],"class_list":["post-2427","tribe_events","type-tribe_events","status-publish","hentry","tribe_events_cat-concert","tribe_events_cat-musique","cat_concert","cat_musique"],"yoast_head":"<!-- This site is optimized with the Yoast SEO plugin v27.5 - https:\/\/yoast.com\/product\/yoast-seo-wordpress\/ -->\n<title>Les Acoustiques\u00a0: solistes de la musique ashk\u00e9naze (en pr\u00e9sentiel) - programme.yiddish.paris<\/title>\n<meta name=\"robots\" content=\"index, follow, max-snippet:-1, max-image-preview:large, max-video-preview:-1\" \/>\n<link rel=\"canonical\" href=\"https:\/\/programme.yiddish.paris\/?tribe_events=les-acoustiques-solistes-de-la-musique-ashkenaze-en-presentiel\" \/>\n<meta property=\"og:locale\" content=\"fr_FR\" \/>\n<meta property=\"og:type\" content=\"article\" \/>\n<meta property=\"og:title\" content=\"Les Acoustiques\u00a0: solistes de la musique ashk\u00e9naze (en pr\u00e9sentiel) - programme.yiddish.paris\" \/>\n<meta property=\"og:description\" content=\"2 : Alexandre Cerveux chante \u00ab Oyd noshuvo el nigun atik \u00bb Des concerts courts et intenses. Des programmes in\u00e9dits. Une rencontre intime avec des solistes de France et d\u2019ailleurs. &hellip; Continuer la lecture de &laquo;&nbsp;Les Acoustiques\u00a0: solistes de la musique ashk\u00e9naze (en pr\u00e9sentiel)&nbsp;&raquo;\" \/>\n<meta property=\"og:url\" content=\"https:\/\/programme.yiddish.paris\/?tribe_events=les-acoustiques-solistes-de-la-musique-ashkenaze-en-presentiel\" \/>\n<meta property=\"og:site_name\" content=\"programme.yiddish.paris\" \/>\n<meta property=\"article:modified_time\" content=\"2024-04-27T20:15:10+00:00\" \/>\n<meta name=\"twitter:card\" content=\"summary_large_image\" \/>\n<meta name=\"twitter:label1\" content=\"Dur\u00e9e de lecture estim\u00e9e\" \/>\n\t<meta name=\"twitter:data1\" content=\"2 minutes\" \/>\n<script type=\"application\/ld+json\" class=\"yoast-schema-graph\">{\"@context\":\"https:\\\/\\\/schema.org\",\"@graph\":[{\"@type\":\"WebPage\",\"@id\":\"https:\\\/\\\/programme.yiddish.paris\\\/?tribe_events=les-acoustiques-solistes-de-la-musique-ashkenaze-en-presentiel\",\"url\":\"https:\\\/\\\/programme.yiddish.paris\\\/?tribe_events=les-acoustiques-solistes-de-la-musique-ashkenaze-en-presentiel\",\"name\":\"Les Acoustiques\u00a0: solistes de la musique ashk\u00e9naze (en pr\u00e9sentiel) - programme.yiddish.paris\",\"isPartOf\":{\"@id\":\"https:\\\/\\\/programme.yiddish.paris\\\/#website\"},\"datePublished\":\"2021-10-07T06:49:18+00:00\",\"dateModified\":\"2024-04-27T20:15:10+00:00\",\"breadcrumb\":{\"@id\":\"https:\\\/\\\/programme.yiddish.paris\\\/?tribe_events=les-acoustiques-solistes-de-la-musique-ashkenaze-en-presentiel#breadcrumb\"},\"inLanguage\":\"fr-FR\",\"potentialAction\":[{\"@type\":\"ReadAction\",\"target\":[\"https:\\\/\\\/programme.yiddish.paris\\\/?tribe_events=les-acoustiques-solistes-de-la-musique-ashkenaze-en-presentiel\"]}]},{\"@type\":\"BreadcrumbList\",\"@id\":\"https:\\\/\\\/programme.yiddish.paris\\\/?tribe_events=les-acoustiques-solistes-de-la-musique-ashkenaze-en-presentiel#breadcrumb\",\"itemListElement\":[{\"@type\":\"ListItem\",\"position\":1,\"name\":\"Home\",\"item\":\"https:\\\/\\\/programme.yiddish.paris\\\/\"},{\"@type\":\"ListItem\",\"position\":2,\"name\":\"\u00c9v\u00e8nements\",\"item\":\"https:\\\/\\\/programme.yiddish.paris\\\/?post_type=tribe_events\"},{\"@type\":\"ListItem\",\"position\":3,\"name\":\"Les Acoustiques\u00a0: solistes de la musique ashk\u00e9naze (en pr\u00e9sentiel)\"}]},{\"@type\":\"WebSite\",\"@id\":\"https:\\\/\\\/programme.yiddish.paris\\\/#website\",\"url\":\"https:\\\/\\\/programme.yiddish.paris\\\/\",\"name\":\"programme.yiddish.paris\",\"description\":\"La programmation culturelle de la Maison de la culture yiddish \u2013\u00a0Biblioth\u00e8que Medem\",\"publisher\":{\"@id\":\"https:\\\/\\\/programme.yiddish.paris\\\/#organization\"},\"potentialAction\":[{\"@type\":\"SearchAction\",\"target\":{\"@type\":\"EntryPoint\",\"urlTemplate\":\"https:\\\/\\\/programme.yiddish.paris\\\/?s={search_term_string}\"},\"query-input\":{\"@type\":\"PropertyValueSpecification\",\"valueRequired\":true,\"valueName\":\"search_term_string\"}}],\"inLanguage\":\"fr-FR\"},{\"@type\":\"Organization\",\"@id\":\"https:\\\/\\\/programme.yiddish.paris\\\/#organization\",\"name\":\"programme.yiddish.paris\",\"url\":\"https:\\\/\\\/programme.yiddish.paris\\\/\",\"logo\":{\"@type\":\"ImageObject\",\"inLanguage\":\"fr-FR\",\"@id\":\"https:\\\/\\\/programme.yiddish.paris\\\/#\\\/schema\\\/logo\\\/image\\\/\",\"url\":\"https:\\\/\\\/programme.yiddish.paris\\\/wp-content\\\/uploads\\\/2020\\\/07\\\/cropped-mcy_yud-1.png\",\"contentUrl\":\"https:\\\/\\\/programme.yiddish.paris\\\/wp-content\\\/uploads\\\/2020\\\/07\\\/cropped-mcy_yud-1.png\",\"width\":250,\"height\":250,\"caption\":\"programme.yiddish.paris\"},\"image\":{\"@id\":\"https:\\\/\\\/programme.yiddish.paris\\\/#\\\/schema\\\/logo\\\/image\\\/\"}}]}<\/script>\n<!-- \/ Yoast SEO plugin. -->","yoast_head_json":{"title":"Les Acoustiques\u00a0: solistes de la musique ashk\u00e9naze (en pr\u00e9sentiel) - programme.yiddish.paris","robots":{"index":"index","follow":"follow","max-snippet":"max-snippet:-1","max-image-preview":"max-image-preview:large","max-video-preview":"max-video-preview:-1"},"canonical":"https:\/\/programme.yiddish.paris\/?tribe_events=les-acoustiques-solistes-de-la-musique-ashkenaze-en-presentiel","og_locale":"fr_FR","og_type":"article","og_title":"Les Acoustiques\u00a0: solistes de la musique ashk\u00e9naze (en pr\u00e9sentiel) - programme.yiddish.paris","og_description":"2 : Alexandre Cerveux chante \u00ab Oyd noshuvo el nigun atik \u00bb Des concerts courts et intenses. Des programmes in\u00e9dits. Une rencontre intime avec des solistes de France et d\u2019ailleurs. &hellip; Continuer la lecture de &laquo;&nbsp;Les Acoustiques\u00a0: solistes de la musique ashk\u00e9naze (en pr\u00e9sentiel)&nbsp;&raquo;","og_url":"https:\/\/programme.yiddish.paris\/?tribe_events=les-acoustiques-solistes-de-la-musique-ashkenaze-en-presentiel","og_site_name":"programme.yiddish.paris","article_modified_time":"2024-04-27T20:15:10+00:00","twitter_card":"summary_large_image","twitter_misc":{"Dur\u00e9e de lecture estim\u00e9e":"2 minutes"},"schema":{"@context":"https:\/\/schema.org","@graph":[{"@type":"WebPage","@id":"https:\/\/programme.yiddish.paris\/?tribe_events=les-acoustiques-solistes-de-la-musique-ashkenaze-en-presentiel","url":"https:\/\/programme.yiddish.paris\/?tribe_events=les-acoustiques-solistes-de-la-musique-ashkenaze-en-presentiel","name":"Les Acoustiques\u00a0: solistes de la musique ashk\u00e9naze (en pr\u00e9sentiel) - programme.yiddish.paris","isPartOf":{"@id":"https:\/\/programme.yiddish.paris\/#website"},"datePublished":"2021-10-07T06:49:18+00:00","dateModified":"2024-04-27T20:15:10+00:00","breadcrumb":{"@id":"https:\/\/programme.yiddish.paris\/?tribe_events=les-acoustiques-solistes-de-la-musique-ashkenaze-en-presentiel#breadcrumb"},"inLanguage":"fr-FR","potentialAction":[{"@type":"ReadAction","target":["https:\/\/programme.yiddish.paris\/?tribe_events=les-acoustiques-solistes-de-la-musique-ashkenaze-en-presentiel"]}]},{"@type":"BreadcrumbList","@id":"https:\/\/programme.yiddish.paris\/?tribe_events=les-acoustiques-solistes-de-la-musique-ashkenaze-en-presentiel#breadcrumb","itemListElement":[{"@type":"ListItem","position":1,"name":"Home","item":"https:\/\/programme.yiddish.paris\/"},{"@type":"ListItem","position":2,"name":"\u00c9v\u00e8nements","item":"https:\/\/programme.yiddish.paris\/?post_type=tribe_events"},{"@type":"ListItem","position":3,"name":"Les Acoustiques\u00a0: solistes de la musique ashk\u00e9naze (en pr\u00e9sentiel)"}]},{"@type":"WebSite","@id":"https:\/\/programme.yiddish.paris\/#website","url":"https:\/\/programme.yiddish.paris\/","name":"programme.yiddish.paris","description":"La programmation culturelle de la Maison de la culture yiddish \u2013\u00a0Biblioth\u00e8que Medem","publisher":{"@id":"https:\/\/programme.yiddish.paris\/#organization"},"potentialAction":[{"@type":"SearchAction","target":{"@type":"EntryPoint","urlTemplate":"https:\/\/programme.yiddish.paris\/?s={search_term_string}"},"query-input":{"@type":"PropertyValueSpecification","valueRequired":true,"valueName":"search_term_string"}}],"inLanguage":"fr-FR"},{"@type":"Organization","@id":"https:\/\/programme.yiddish.paris\/#organization","name":"programme.yiddish.paris","url":"https:\/\/programme.yiddish.paris\/","logo":{"@type":"ImageObject","inLanguage":"fr-FR","@id":"https:\/\/programme.yiddish.paris\/#\/schema\/logo\/image\/","url":"https:\/\/programme.yiddish.paris\/wp-content\/uploads\/2020\/07\/cropped-mcy_yud-1.png","contentUrl":"https:\/\/programme.yiddish.paris\/wp-content\/uploads\/2020\/07\/cropped-mcy_yud-1.png","width":250,"height":250,"caption":"programme.yiddish.paris"},"image":{"@id":"https:\/\/programme.yiddish.paris\/#\/schema\/logo\/image\/"}}]}},"_links":{"self":[{"href":"https:\/\/programme.yiddish.paris\/index.php?rest_route=\/wp\/v2\/tribe_events\/2427","targetHints":{"allow":["GET"]}}],"collection":[{"href":"https:\/\/programme.yiddish.paris\/index.php?rest_route=\/wp\/v2\/tribe_events"}],"about":[{"href":"https:\/\/programme.yiddish.paris\/index.php?rest_route=\/wp\/v2\/types\/tribe_events"}],"author":[{"embeddable":true,"href":"https:\/\/programme.yiddish.paris\/index.php?rest_route=\/wp\/v2\/users\/2"}],"version-history":[{"count":4,"href":"https:\/\/programme.yiddish.paris\/index.php?rest_route=\/wp\/v2\/tribe_events\/2427\/revisions"}],"predecessor-version":[{"id":2653,"href":"https:\/\/programme.yiddish.paris\/index.php?rest_route=\/wp\/v2\/tribe_events\/2427\/revisions\/2653"}],"wp:attachment":[{"href":"https:\/\/programme.yiddish.paris\/index.php?rest_route=%2Fwp%2Fv2%2Fmedia&parent=2427"}],"wp:term":[{"taxonomy":"post_tag","embeddable":true,"href":"https:\/\/programme.yiddish.paris\/index.php?rest_route=%2Fwp%2Fv2%2Ftags&post=2427"},{"taxonomy":"tribe_events_cat","embeddable":true,"href":"https:\/\/programme.yiddish.paris\/index.php?rest_route=%2Fwp%2Fv2%2Ftribe_events_cat&post=2427"}],"curies":[{"name":"wp","href":"https:\/\/api.w.org\/{rel}","templated":true}]}}