{"id":2564,"date":"2021-11-25T15:27:19","date_gmt":"2021-11-25T14:27:19","guid":{"rendered":"https:\/\/programme.yiddish.paris\/?post_type=tribe_events&#038;p=2564"},"modified":"2022-01-12T12:43:40","modified_gmt":"2022-01-12T11:43:40","slug":"nuit-de-la-lecture-2022","status":"publish","type":"tribe_events","link":"https:\/\/programme.yiddish.paris\/?tribe_events=nuit-de-la-lecture-2022","title":{"rendered":"Nuit de la lecture 2022 (en pr\u00e9sentiel)"},"content":{"rendered":"<p class=\"p1\">Pour sa sixi\u00e8me \u00e9dition, la <strong>Nuit de la lecture<\/strong> se rassemble autour du th\u00e8me de l\u2019amour et s&rsquo;inspire de l\u2019injonction de Victor Hugo : \u00ab Aimons toujours ! Aimons encore ! \u00bb<\/p>\n<p class=\"p1\">Amour tendre, vache, passionn\u00e9, divin, diabolique. Pour un \u00eatre, une chose, Dieu, la famille\u2026 ou la litt\u00e9rature : l\u2019amour yiddish vous en fera voir de toutes les couleurs.<\/p>\n<p class=\"p1\">\u00c0 la Maison de la culture yiddish, les com\u00e9diens du Tro\u00efm Teater et des chanteurs mettront en sc\u00e8ne en fran\u00e7ais et en yiddish des textes, po\u00e9sies, et chansons sur l\u2019amour qu\u2019ils ont envie de partager avec le public.<\/p>\n<p class=\"p1\"><img loading=\"lazy\" decoding=\"async\" class=\"size-medium wp-image-2604 alignright\" src=\"https:\/\/programme.yiddish.paris\/wp-content\/uploads\/2021\/11\/Nadir-roman-185x300.jpg\" alt=\"\" width=\"185\" height=\"300\" srcset=\"https:\/\/programme.yiddish.paris\/wp-content\/uploads\/2021\/11\/Nadir-roman-185x300.jpg 185w, https:\/\/programme.yiddish.paris\/wp-content\/uploads\/2021\/11\/Nadir-roman-631x1024.jpg 631w, https:\/\/programme.yiddish.paris\/wp-content\/uploads\/2021\/11\/Nadir-roman-768x1246.jpg 768w, https:\/\/programme.yiddish.paris\/wp-content\/uploads\/2021\/11\/Nadir-roman-947x1536.jpg 947w, https:\/\/programme.yiddish.paris\/wp-content\/uploads\/2021\/11\/Nadir-roman-15x24.jpg 15w, https:\/\/programme.yiddish.paris\/wp-content\/uploads\/2021\/11\/Nadir-roman-17x28.jpg 17w, https:\/\/programme.yiddish.paris\/wp-content\/uploads\/2021\/11\/Nadir-roman-20x32.jpg 20w, https:\/\/programme.yiddish.paris\/wp-content\/uploads\/2021\/11\/Nadir-roman.jpg 980w\" sizes=\"auto, (max-width: 185px) 100vw, 185px\" \/>La litt\u00e9rature yiddish sortira aussi dans la rue pour une lecture en continu, par Shahar Fineberg et des lecteurs assidus des \u00e9ditions Bibiblioth\u00e8que Medem, de <em>L&rsquo;Anneau magique<\/em> de Mendele Moykher-Sforim. \u00c0 l&rsquo;int\u00e9rieur, lectures accompagn\u00e9es de pantomime de textes extraits de la collection yiddish.minibilingues des \u00c9ditions Biblioth\u00e8que Medem, sans oublier notre derni\u00e8re parution <i>Une Danse et autres nouvelles<\/i> de Fradl Shtok.<\/p>\n<p class=\"p1\"><em>Entr\u00e9e libre<\/em> sur r\u00e9servation.<\/p>\n<p><a href=\"https:\/\/www.helloasso.com\/associations\/maison-de-la-culture-yiddish-bibliotheque-medem\/evenements\/2022-01\"><strong>Cliquez ici<\/strong><\/a>\u00a0pour r\u00e9server (r\u00e9servation obligatoire).<\/p>\n","protected":false},"excerpt":{"rendered":"<p>Pour sa sixi\u00e8me \u00e9dition, la Nuit de la lecture se rassemble autour du th\u00e8me de l\u2019amour et s&rsquo;inspire de l\u2019injonction de Victor Hugo : \u00ab Aimons toujours ! Aimons encore &hellip; <\/p>\n<p class=\"link-more\"><a href=\"https:\/\/programme.yiddish.paris\/?tribe_events=nuit-de-la-lecture-2022\" class=\"more-link\">Continuer la lecture<span class=\"screen-reader-text\"> de &laquo;&nbsp;Nuit de la lecture 2022 (en pr\u00e9sentiel)&nbsp;&raquo;<\/span><\/a><\/p>\n","protected":false},"author":2,"featured_media":2636,"template":"","meta":{"_monsterinsights_skip_tracking":false,"_monsterinsights_sitenote_active":false,"_monsterinsights_sitenote_note":"","_monsterinsights_sitenote_category":0,"_tribe_events_status":"","_tribe_events_status_reason":"","footnotes":""},"tags":[],"tribe_events_cat":[46],"class_list":["post-2564","tribe_events","type-tribe_events","status-publish","has-post-thumbnail","hentry","tribe_events_cat-rencontre-litteraire","cat_rencontre-litteraire"],"yoast_head":"<!-- This site is optimized with the Yoast SEO plugin v27.5 - https:\/\/yoast.com\/product\/yoast-seo-wordpress\/ -->\n<title>Nuit de la lecture 2022 (en pr\u00e9sentiel) - programme.yiddish.paris<\/title>\n<meta name=\"robots\" content=\"index, follow, max-snippet:-1, max-image-preview:large, max-video-preview:-1\" \/>\n<link rel=\"canonical\" href=\"https:\/\/programme.yiddish.paris\/?tribe_events=nuit-de-la-lecture-2022\" \/>\n<meta property=\"og:locale\" content=\"fr_FR\" \/>\n<meta property=\"og:type\" content=\"article\" \/>\n<meta property=\"og:title\" content=\"Nuit de la lecture 2022 (en pr\u00e9sentiel) - programme.yiddish.paris\" \/>\n<meta property=\"og:description\" content=\"Pour sa sixi\u00e8me \u00e9dition, la Nuit de la lecture se rassemble autour du th\u00e8me de l\u2019amour et s&rsquo;inspire de l\u2019injonction de Victor Hugo : \u00ab Aimons toujours ! Aimons encore &hellip; Continuer la lecture de &laquo;&nbsp;Nuit de la lecture 2022 (en pr\u00e9sentiel)&nbsp;&raquo;\" \/>\n<meta property=\"og:url\" content=\"https:\/\/programme.yiddish.paris\/?tribe_events=nuit-de-la-lecture-2022\" \/>\n<meta property=\"og:site_name\" content=\"programme.yiddish.paris\" \/>\n<meta property=\"article:modified_time\" content=\"2022-01-12T11:43:40+00:00\" \/>\n<meta property=\"og:image\" content=\"https:\/\/programme.yiddish.paris\/wp-content\/uploads\/2021\/11\/Ndl22_Instagram_1080X1080px_texte.jpg\" \/>\n\t<meta property=\"og:image:width\" content=\"1080\" \/>\n\t<meta property=\"og:image:height\" content=\"1080\" \/>\n\t<meta property=\"og:image:type\" content=\"image\/jpeg\" \/>\n<meta name=\"twitter:card\" content=\"summary_large_image\" \/>\n<meta name=\"twitter:label1\" content=\"Dur\u00e9e de lecture estim\u00e9e\" \/>\n\t<meta name=\"twitter:data1\" content=\"1 minute\" \/>\n<script type=\"application\/ld+json\" class=\"yoast-schema-graph\">{\"@context\":\"https:\\\/\\\/schema.org\",\"@graph\":[{\"@type\":\"WebPage\",\"@id\":\"https:\\\/\\\/programme.yiddish.paris\\\/?tribe_events=nuit-de-la-lecture-2022\",\"url\":\"https:\\\/\\\/programme.yiddish.paris\\\/?tribe_events=nuit-de-la-lecture-2022\",\"name\":\"Nuit de la lecture 2022 (en pr\u00e9sentiel) - programme.yiddish.paris\",\"isPartOf\":{\"@id\":\"https:\\\/\\\/programme.yiddish.paris\\\/#website\"},\"primaryImageOfPage\":{\"@id\":\"https:\\\/\\\/programme.yiddish.paris\\\/?tribe_events=nuit-de-la-lecture-2022#primaryimage\"},\"image\":{\"@id\":\"https:\\\/\\\/programme.yiddish.paris\\\/?tribe_events=nuit-de-la-lecture-2022#primaryimage\"},\"thumbnailUrl\":\"https:\\\/\\\/programme.yiddish.paris\\\/wp-content\\\/uploads\\\/2021\\\/11\\\/Ndl22_Instagram_1080X1080px_texte.jpg\",\"datePublished\":\"2021-11-25T14:27:19+00:00\",\"dateModified\":\"2022-01-12T11:43:40+00:00\",\"breadcrumb\":{\"@id\":\"https:\\\/\\\/programme.yiddish.paris\\\/?tribe_events=nuit-de-la-lecture-2022#breadcrumb\"},\"inLanguage\":\"fr-FR\",\"potentialAction\":[{\"@type\":\"ReadAction\",\"target\":[\"https:\\\/\\\/programme.yiddish.paris\\\/?tribe_events=nuit-de-la-lecture-2022\"]}]},{\"@type\":\"ImageObject\",\"inLanguage\":\"fr-FR\",\"@id\":\"https:\\\/\\\/programme.yiddish.paris\\\/?tribe_events=nuit-de-la-lecture-2022#primaryimage\",\"url\":\"https:\\\/\\\/programme.yiddish.paris\\\/wp-content\\\/uploads\\\/2021\\\/11\\\/Ndl22_Instagram_1080X1080px_texte.jpg\",\"contentUrl\":\"https:\\\/\\\/programme.yiddish.paris\\\/wp-content\\\/uploads\\\/2021\\\/11\\\/Ndl22_Instagram_1080X1080px_texte.jpg\",\"width\":1080,\"height\":1080},{\"@type\":\"BreadcrumbList\",\"@id\":\"https:\\\/\\\/programme.yiddish.paris\\\/?tribe_events=nuit-de-la-lecture-2022#breadcrumb\",\"itemListElement\":[{\"@type\":\"ListItem\",\"position\":1,\"name\":\"Home\",\"item\":\"https:\\\/\\\/programme.yiddish.paris\\\/\"},{\"@type\":\"ListItem\",\"position\":2,\"name\":\"\u00c9v\u00e8nements\",\"item\":\"https:\\\/\\\/programme.yiddish.paris\\\/?post_type=tribe_events\"},{\"@type\":\"ListItem\",\"position\":3,\"name\":\"Nuit de la lecture 2022 (en pr\u00e9sentiel)\"}]},{\"@type\":\"WebSite\",\"@id\":\"https:\\\/\\\/programme.yiddish.paris\\\/#website\",\"url\":\"https:\\\/\\\/programme.yiddish.paris\\\/\",\"name\":\"programme.yiddish.paris\",\"description\":\"La programmation culturelle de la Maison de la culture yiddish \u2013\u00a0Biblioth\u00e8que Medem\",\"publisher\":{\"@id\":\"https:\\\/\\\/programme.yiddish.paris\\\/#organization\"},\"potentialAction\":[{\"@type\":\"SearchAction\",\"target\":{\"@type\":\"EntryPoint\",\"urlTemplate\":\"https:\\\/\\\/programme.yiddish.paris\\\/?s={search_term_string}\"},\"query-input\":{\"@type\":\"PropertyValueSpecification\",\"valueRequired\":true,\"valueName\":\"search_term_string\"}}],\"inLanguage\":\"fr-FR\"},{\"@type\":\"Organization\",\"@id\":\"https:\\\/\\\/programme.yiddish.paris\\\/#organization\",\"name\":\"programme.yiddish.paris\",\"url\":\"https:\\\/\\\/programme.yiddish.paris\\\/\",\"logo\":{\"@type\":\"ImageObject\",\"inLanguage\":\"fr-FR\",\"@id\":\"https:\\\/\\\/programme.yiddish.paris\\\/#\\\/schema\\\/logo\\\/image\\\/\",\"url\":\"https:\\\/\\\/programme.yiddish.paris\\\/wp-content\\\/uploads\\\/2020\\\/07\\\/cropped-mcy_yud-1.png\",\"contentUrl\":\"https:\\\/\\\/programme.yiddish.paris\\\/wp-content\\\/uploads\\\/2020\\\/07\\\/cropped-mcy_yud-1.png\",\"width\":250,\"height\":250,\"caption\":\"programme.yiddish.paris\"},\"image\":{\"@id\":\"https:\\\/\\\/programme.yiddish.paris\\\/#\\\/schema\\\/logo\\\/image\\\/\"}}]}<\/script>\n<!-- \/ Yoast SEO plugin. -->","yoast_head_json":{"title":"Nuit de la lecture 2022 (en pr\u00e9sentiel) - programme.yiddish.paris","robots":{"index":"index","follow":"follow","max-snippet":"max-snippet:-1","max-image-preview":"max-image-preview:large","max-video-preview":"max-video-preview:-1"},"canonical":"https:\/\/programme.yiddish.paris\/?tribe_events=nuit-de-la-lecture-2022","og_locale":"fr_FR","og_type":"article","og_title":"Nuit de la lecture 2022 (en pr\u00e9sentiel) - programme.yiddish.paris","og_description":"Pour sa sixi\u00e8me \u00e9dition, la Nuit de la lecture se rassemble autour du th\u00e8me de l\u2019amour et s&rsquo;inspire de l\u2019injonction de Victor Hugo : \u00ab Aimons toujours ! Aimons encore &hellip; Continuer la lecture de &laquo;&nbsp;Nuit de la lecture 2022 (en pr\u00e9sentiel)&nbsp;&raquo;","og_url":"https:\/\/programme.yiddish.paris\/?tribe_events=nuit-de-la-lecture-2022","og_site_name":"programme.yiddish.paris","article_modified_time":"2022-01-12T11:43:40+00:00","og_image":[{"width":1080,"height":1080,"url":"https:\/\/programme.yiddish.paris\/wp-content\/uploads\/2021\/11\/Ndl22_Instagram_1080X1080px_texte.jpg","type":"image\/jpeg"}],"twitter_card":"summary_large_image","twitter_misc":{"Dur\u00e9e de lecture estim\u00e9e":"1 minute"},"schema":{"@context":"https:\/\/schema.org","@graph":[{"@type":"WebPage","@id":"https:\/\/programme.yiddish.paris\/?tribe_events=nuit-de-la-lecture-2022","url":"https:\/\/programme.yiddish.paris\/?tribe_events=nuit-de-la-lecture-2022","name":"Nuit de la lecture 2022 (en pr\u00e9sentiel) - programme.yiddish.paris","isPartOf":{"@id":"https:\/\/programme.yiddish.paris\/#website"},"primaryImageOfPage":{"@id":"https:\/\/programme.yiddish.paris\/?tribe_events=nuit-de-la-lecture-2022#primaryimage"},"image":{"@id":"https:\/\/programme.yiddish.paris\/?tribe_events=nuit-de-la-lecture-2022#primaryimage"},"thumbnailUrl":"https:\/\/programme.yiddish.paris\/wp-content\/uploads\/2021\/11\/Ndl22_Instagram_1080X1080px_texte.jpg","datePublished":"2021-11-25T14:27:19+00:00","dateModified":"2022-01-12T11:43:40+00:00","breadcrumb":{"@id":"https:\/\/programme.yiddish.paris\/?tribe_events=nuit-de-la-lecture-2022#breadcrumb"},"inLanguage":"fr-FR","potentialAction":[{"@type":"ReadAction","target":["https:\/\/programme.yiddish.paris\/?tribe_events=nuit-de-la-lecture-2022"]}]},{"@type":"ImageObject","inLanguage":"fr-FR","@id":"https:\/\/programme.yiddish.paris\/?tribe_events=nuit-de-la-lecture-2022#primaryimage","url":"https:\/\/programme.yiddish.paris\/wp-content\/uploads\/2021\/11\/Ndl22_Instagram_1080X1080px_texte.jpg","contentUrl":"https:\/\/programme.yiddish.paris\/wp-content\/uploads\/2021\/11\/Ndl22_Instagram_1080X1080px_texte.jpg","width":1080,"height":1080},{"@type":"BreadcrumbList","@id":"https:\/\/programme.yiddish.paris\/?tribe_events=nuit-de-la-lecture-2022#breadcrumb","itemListElement":[{"@type":"ListItem","position":1,"name":"Home","item":"https:\/\/programme.yiddish.paris\/"},{"@type":"ListItem","position":2,"name":"\u00c9v\u00e8nements","item":"https:\/\/programme.yiddish.paris\/?post_type=tribe_events"},{"@type":"ListItem","position":3,"name":"Nuit de la lecture 2022 (en pr\u00e9sentiel)"}]},{"@type":"WebSite","@id":"https:\/\/programme.yiddish.paris\/#website","url":"https:\/\/programme.yiddish.paris\/","name":"programme.yiddish.paris","description":"La programmation culturelle de la Maison de la culture yiddish \u2013\u00a0Biblioth\u00e8que Medem","publisher":{"@id":"https:\/\/programme.yiddish.paris\/#organization"},"potentialAction":[{"@type":"SearchAction","target":{"@type":"EntryPoint","urlTemplate":"https:\/\/programme.yiddish.paris\/?s={search_term_string}"},"query-input":{"@type":"PropertyValueSpecification","valueRequired":true,"valueName":"search_term_string"}}],"inLanguage":"fr-FR"},{"@type":"Organization","@id":"https:\/\/programme.yiddish.paris\/#organization","name":"programme.yiddish.paris","url":"https:\/\/programme.yiddish.paris\/","logo":{"@type":"ImageObject","inLanguage":"fr-FR","@id":"https:\/\/programme.yiddish.paris\/#\/schema\/logo\/image\/","url":"https:\/\/programme.yiddish.paris\/wp-content\/uploads\/2020\/07\/cropped-mcy_yud-1.png","contentUrl":"https:\/\/programme.yiddish.paris\/wp-content\/uploads\/2020\/07\/cropped-mcy_yud-1.png","width":250,"height":250,"caption":"programme.yiddish.paris"},"image":{"@id":"https:\/\/programme.yiddish.paris\/#\/schema\/logo\/image\/"}}]}},"_links":{"self":[{"href":"https:\/\/programme.yiddish.paris\/index.php?rest_route=\/wp\/v2\/tribe_events\/2564","targetHints":{"allow":["GET"]}}],"collection":[{"href":"https:\/\/programme.yiddish.paris\/index.php?rest_route=\/wp\/v2\/tribe_events"}],"about":[{"href":"https:\/\/programme.yiddish.paris\/index.php?rest_route=\/wp\/v2\/types\/tribe_events"}],"author":[{"embeddable":true,"href":"https:\/\/programme.yiddish.paris\/index.php?rest_route=\/wp\/v2\/users\/2"}],"version-history":[{"count":9,"href":"https:\/\/programme.yiddish.paris\/index.php?rest_route=\/wp\/v2\/tribe_events\/2564\/revisions"}],"predecessor-version":[{"id":2845,"href":"https:\/\/programme.yiddish.paris\/index.php?rest_route=\/wp\/v2\/tribe_events\/2564\/revisions\/2845"}],"wp:featuredmedia":[{"embeddable":true,"href":"https:\/\/programme.yiddish.paris\/index.php?rest_route=\/wp\/v2\/media\/2636"}],"wp:attachment":[{"href":"https:\/\/programme.yiddish.paris\/index.php?rest_route=%2Fwp%2Fv2%2Fmedia&parent=2564"}],"wp:term":[{"taxonomy":"post_tag","embeddable":true,"href":"https:\/\/programme.yiddish.paris\/index.php?rest_route=%2Fwp%2Fv2%2Ftags&post=2564"},{"taxonomy":"tribe_events_cat","embeddable":true,"href":"https:\/\/programme.yiddish.paris\/index.php?rest_route=%2Fwp%2Fv2%2Ftribe_events_cat&post=2564"}],"curies":[{"name":"wp","href":"https:\/\/api.w.org\/{rel}","templated":true}]}}