{"id":2628,"date":"2021-11-26T11:45:35","date_gmt":"2021-11-26T10:45:35","guid":{"rendered":"https:\/\/programme.yiddish.paris\/?post_type=tribe_events&#038;p=2628"},"modified":"2021-11-26T11:46:10","modified_gmt":"2021-11-26T10:46:10","slug":"paris-dans-la-litterature-yiddish-une-anthologie-sur-zoom","status":"publish","type":"tribe_events","link":"https:\/\/programme.yiddish.paris\/?tribe_events=paris-dans-la-litterature-yiddish-une-anthologie-sur-zoom","title":{"rendered":"Paris dans la litt\u00e9rature yiddish : une anthologie (sur Zoom)"},"content":{"rendered":"<h2 class=\"p1\">Une nouvelle web-publication de la MCY<\/h2>\n<p class=\"p3\">Ville de r\u00eaves et de dure r\u00e9alit\u00e9, lieu de passage et terre d\u2019exil, espace \u00e9tranger et familier : Paris appara\u00eet dans la po\u00e9sie yiddish sous de multiples facettes. De nombreux \u00e9crivains yiddish l\u2019ont imagin\u00e9 de loin, y ont s\u00e9journ\u00e9 ou v\u00e9cu, pour ensuite l\u2019\u00e9voquer dans leurs oeuvres.<\/p>\n<p class=\"p3\">La Maison de la culture yiddish a r\u00e9cemment entam\u00e9 un projet in\u00e9dit de grande envergure : rassembler ces po\u00e8mes dans une anthologie num\u00e9rique. Sur la page web <a href=\"http:\/\/passages.yiddish.paris\/paris-dans-la-poesie-yiddish-anthologie\/\">\u201cParis dans la litt\u00e9rature yiddish : une anthologie \/ Pariz in der yidisher literatur : an antologye\u201d<\/a><span class=\"s2\">, on trouve d\u2019ores et d\u00e9j\u00e0 une centaine de textes de 24 po\u00e9tesses et po\u00e8tes.<\/span><\/p>\n<p class=\"p3\"><span class=\"s2\"><strong>Natalia Krynicka<\/strong> pr\u00e9sentera cette nouvelle web-publication dans le cadre du<\/span> projet <a href=\"http:\/\/passages.yiddish.paris\/\"><b>Passages<\/b><\/a> qui a pour but de cr\u00e9er la plus grande base de donn\u00e9es consacr\u00e9e \u00e0 la vie culturelle yiddish en France de la fin du XIXe si\u00e8cle \u00e0 nos jours.<\/p>\n<p>En fran\u00e7ais, sur Zoom.<\/p>\n<p id=\"block-9f12ed79-6edc-4770-bd43-8fe9522387fe\"><em>Tarif : 10 \u20ac. Adh\u00e9rents : 5 \u20ac*.<br \/>\n<a href=\"https:\/\/www.helloasso.com\/associations\/maison-de-la-culture-yiddish-bibliotheque-medem\/adhesions\/adhesion-en-ligne-a-la-maison-de-la-culture-yiddish-2021-2022\">*Adh\u00e9rez \u00e0 la Maison de la culture yiddish pour la saison 2021-2022<\/a>\u00a0et d\u00e9couvrez\u00a0<strong>le code promotionnel<\/strong>\u00a0qui vous donnera acc\u00e8s au\u00a0<strong>tarif r\u00e9duit<\/strong>\u00a0sur vos r\u00e9servations.<\/em><\/p>\n<p id=\"block-2ba98dcd-5f13-4105-b07b-0b0692c4fa6f\"><strong><a href=\"https:\/\/www.helloasso.com\/associations\/maison-de-la-culture-yiddish-bibliotheque-medem\/evenements\/2021-12\">Cliquez ici<\/a><\/strong>\u00a0pour r\u00e9server (r\u00e9servation obligatoire).<\/p>\n<p id=\"block-02374118-74c5-4bea-b761-3a9a73091b35\"><strong>Attention : au moment du r\u00e8glement, la plateforme Helloassso vous proposera d\u2019ajouter une contribution \u00e0 son fonctionnement. Celle-ci est optionnelle, et vous pouvez changer son montant ou bien l\u2019annuler en appuyant sur le bouton \u00ab\u00a0Modifier\u00a0\u00bb.<\/strong><\/p>\n","protected":false},"excerpt":{"rendered":"<p>Une nouvelle web-publication de la MCY Ville de r\u00eaves et de dure r\u00e9alit\u00e9, lieu de passage et terre d\u2019exil, espace \u00e9tranger et familier : Paris appara\u00eet dans la po\u00e9sie yiddish &hellip; <\/p>\n<p class=\"link-more\"><a href=\"https:\/\/programme.yiddish.paris\/?tribe_events=paris-dans-la-litterature-yiddish-une-anthologie-sur-zoom\" class=\"more-link\">Continuer la lecture<span class=\"screen-reader-text\"> de &laquo;&nbsp;Paris dans la litt\u00e9rature yiddish : une anthologie (sur Zoom)&nbsp;&raquo;<\/span><\/a><\/p>\n","protected":false},"author":2,"featured_media":2629,"template":"","meta":{"_monsterinsights_skip_tracking":false,"_monsterinsights_sitenote_active":false,"_monsterinsights_sitenote_note":"","_monsterinsights_sitenote_category":0,"_tribe_events_status":"","_tribe_events_status_reason":"","footnotes":""},"tags":[],"tribe_events_cat":[53,55],"class_list":["post-2628","tribe_events","type-tribe_events","status-publish","has-post-thumbnail","hentry","tribe_events_cat-conference","tribe_events_cat-francais","cat_conference","cat_francais"],"yoast_head":"<!-- This site is optimized with the Yoast SEO plugin v27.5 - https:\/\/yoast.com\/product\/yoast-seo-wordpress\/ -->\n<title>Paris dans la litt\u00e9rature yiddish : une anthologie (sur Zoom) - programme.yiddish.paris<\/title>\n<meta name=\"robots\" content=\"index, follow, max-snippet:-1, max-image-preview:large, max-video-preview:-1\" \/>\n<link rel=\"canonical\" href=\"https:\/\/programme.yiddish.paris\/?tribe_events=paris-dans-la-litterature-yiddish-une-anthologie-sur-zoom\" \/>\n<meta property=\"og:locale\" content=\"fr_FR\" \/>\n<meta property=\"og:type\" content=\"article\" \/>\n<meta property=\"og:title\" content=\"Paris dans la litt\u00e9rature yiddish : une anthologie (sur Zoom) - programme.yiddish.paris\" \/>\n<meta property=\"og:description\" content=\"Une nouvelle web-publication de la MCY Ville de r\u00eaves et de dure r\u00e9alit\u00e9, lieu de passage et terre d\u2019exil, espace \u00e9tranger et familier : Paris appara\u00eet dans la po\u00e9sie yiddish &hellip; Continuer la lecture de &laquo;&nbsp;Paris dans la litt\u00e9rature yiddish : une anthologie (sur Zoom)&nbsp;&raquo;\" \/>\n<meta property=\"og:url\" content=\"https:\/\/programme.yiddish.paris\/?tribe_events=paris-dans-la-litterature-yiddish-une-anthologie-sur-zoom\" \/>\n<meta property=\"og:site_name\" content=\"programme.yiddish.paris\" \/>\n<meta property=\"article:modified_time\" content=\"2021-11-26T10:46:10+00:00\" \/>\n<meta property=\"og:image\" content=\"https:\/\/programme.yiddish.paris\/wp-content\/uploads\/2021\/11\/Tsharni-Benn-EyflT-582x1024-1.png\" \/>\n\t<meta property=\"og:image:width\" content=\"582\" \/>\n\t<meta property=\"og:image:height\" content=\"1024\" \/>\n\t<meta property=\"og:image:type\" content=\"image\/png\" \/>\n<meta name=\"twitter:card\" content=\"summary_large_image\" \/>\n<meta name=\"twitter:label1\" content=\"Dur\u00e9e de lecture estim\u00e9e\" \/>\n\t<meta name=\"twitter:data1\" content=\"1 minute\" \/>\n<script type=\"application\/ld+json\" class=\"yoast-schema-graph\">{\"@context\":\"https:\\\/\\\/schema.org\",\"@graph\":[{\"@type\":\"WebPage\",\"@id\":\"https:\\\/\\\/programme.yiddish.paris\\\/?tribe_events=paris-dans-la-litterature-yiddish-une-anthologie-sur-zoom\",\"url\":\"https:\\\/\\\/programme.yiddish.paris\\\/?tribe_events=paris-dans-la-litterature-yiddish-une-anthologie-sur-zoom\",\"name\":\"Paris dans la litt\u00e9rature yiddish : une anthologie (sur Zoom) - programme.yiddish.paris\",\"isPartOf\":{\"@id\":\"https:\\\/\\\/programme.yiddish.paris\\\/#website\"},\"primaryImageOfPage\":{\"@id\":\"https:\\\/\\\/programme.yiddish.paris\\\/?tribe_events=paris-dans-la-litterature-yiddish-une-anthologie-sur-zoom#primaryimage\"},\"image\":{\"@id\":\"https:\\\/\\\/programme.yiddish.paris\\\/?tribe_events=paris-dans-la-litterature-yiddish-une-anthologie-sur-zoom#primaryimage\"},\"thumbnailUrl\":\"https:\\\/\\\/programme.yiddish.paris\\\/wp-content\\\/uploads\\\/2021\\\/11\\\/Tsharni-Benn-EyflT-582x1024-1.png\",\"datePublished\":\"2021-11-26T10:45:35+00:00\",\"dateModified\":\"2021-11-26T10:46:10+00:00\",\"breadcrumb\":{\"@id\":\"https:\\\/\\\/programme.yiddish.paris\\\/?tribe_events=paris-dans-la-litterature-yiddish-une-anthologie-sur-zoom#breadcrumb\"},\"inLanguage\":\"fr-FR\",\"potentialAction\":[{\"@type\":\"ReadAction\",\"target\":[\"https:\\\/\\\/programme.yiddish.paris\\\/?tribe_events=paris-dans-la-litterature-yiddish-une-anthologie-sur-zoom\"]}]},{\"@type\":\"ImageObject\",\"inLanguage\":\"fr-FR\",\"@id\":\"https:\\\/\\\/programme.yiddish.paris\\\/?tribe_events=paris-dans-la-litterature-yiddish-une-anthologie-sur-zoom#primaryimage\",\"url\":\"https:\\\/\\\/programme.yiddish.paris\\\/wp-content\\\/uploads\\\/2021\\\/11\\\/Tsharni-Benn-EyflT-582x1024-1.png\",\"contentUrl\":\"https:\\\/\\\/programme.yiddish.paris\\\/wp-content\\\/uploads\\\/2021\\\/11\\\/Tsharni-Benn-EyflT-582x1024-1.png\",\"width\":582,\"height\":1024},{\"@type\":\"BreadcrumbList\",\"@id\":\"https:\\\/\\\/programme.yiddish.paris\\\/?tribe_events=paris-dans-la-litterature-yiddish-une-anthologie-sur-zoom#breadcrumb\",\"itemListElement\":[{\"@type\":\"ListItem\",\"position\":1,\"name\":\"Home\",\"item\":\"https:\\\/\\\/programme.yiddish.paris\\\/\"},{\"@type\":\"ListItem\",\"position\":2,\"name\":\"\u00c9v\u00e8nements\",\"item\":\"https:\\\/\\\/programme.yiddish.paris\\\/?post_type=tribe_events\"},{\"@type\":\"ListItem\",\"position\":3,\"name\":\"Paris dans la litt\u00e9rature yiddish : une anthologie (sur Zoom)\"}]},{\"@type\":\"WebSite\",\"@id\":\"https:\\\/\\\/programme.yiddish.paris\\\/#website\",\"url\":\"https:\\\/\\\/programme.yiddish.paris\\\/\",\"name\":\"programme.yiddish.paris\",\"description\":\"La programmation culturelle de la Maison de la culture yiddish \u2013\u00a0Biblioth\u00e8que Medem\",\"publisher\":{\"@id\":\"https:\\\/\\\/programme.yiddish.paris\\\/#organization\"},\"potentialAction\":[{\"@type\":\"SearchAction\",\"target\":{\"@type\":\"EntryPoint\",\"urlTemplate\":\"https:\\\/\\\/programme.yiddish.paris\\\/?s={search_term_string}\"},\"query-input\":{\"@type\":\"PropertyValueSpecification\",\"valueRequired\":true,\"valueName\":\"search_term_string\"}}],\"inLanguage\":\"fr-FR\"},{\"@type\":\"Organization\",\"@id\":\"https:\\\/\\\/programme.yiddish.paris\\\/#organization\",\"name\":\"programme.yiddish.paris\",\"url\":\"https:\\\/\\\/programme.yiddish.paris\\\/\",\"logo\":{\"@type\":\"ImageObject\",\"inLanguage\":\"fr-FR\",\"@id\":\"https:\\\/\\\/programme.yiddish.paris\\\/#\\\/schema\\\/logo\\\/image\\\/\",\"url\":\"https:\\\/\\\/programme.yiddish.paris\\\/wp-content\\\/uploads\\\/2020\\\/07\\\/cropped-mcy_yud-1.png\",\"contentUrl\":\"https:\\\/\\\/programme.yiddish.paris\\\/wp-content\\\/uploads\\\/2020\\\/07\\\/cropped-mcy_yud-1.png\",\"width\":250,\"height\":250,\"caption\":\"programme.yiddish.paris\"},\"image\":{\"@id\":\"https:\\\/\\\/programme.yiddish.paris\\\/#\\\/schema\\\/logo\\\/image\\\/\"}}]}<\/script>\n<!-- \/ Yoast SEO plugin. -->","yoast_head_json":{"title":"Paris dans la litt\u00e9rature yiddish : une anthologie (sur Zoom) - programme.yiddish.paris","robots":{"index":"index","follow":"follow","max-snippet":"max-snippet:-1","max-image-preview":"max-image-preview:large","max-video-preview":"max-video-preview:-1"},"canonical":"https:\/\/programme.yiddish.paris\/?tribe_events=paris-dans-la-litterature-yiddish-une-anthologie-sur-zoom","og_locale":"fr_FR","og_type":"article","og_title":"Paris dans la litt\u00e9rature yiddish : une anthologie (sur Zoom) - programme.yiddish.paris","og_description":"Une nouvelle web-publication de la MCY Ville de r\u00eaves et de dure r\u00e9alit\u00e9, lieu de passage et terre d\u2019exil, espace \u00e9tranger et familier : Paris appara\u00eet dans la po\u00e9sie yiddish &hellip; Continuer la lecture de &laquo;&nbsp;Paris dans la litt\u00e9rature yiddish : une anthologie (sur Zoom)&nbsp;&raquo;","og_url":"https:\/\/programme.yiddish.paris\/?tribe_events=paris-dans-la-litterature-yiddish-une-anthologie-sur-zoom","og_site_name":"programme.yiddish.paris","article_modified_time":"2021-11-26T10:46:10+00:00","og_image":[{"width":582,"height":1024,"url":"https:\/\/programme.yiddish.paris\/wp-content\/uploads\/2021\/11\/Tsharni-Benn-EyflT-582x1024-1.png","type":"image\/png"}],"twitter_card":"summary_large_image","twitter_misc":{"Dur\u00e9e de lecture estim\u00e9e":"1 minute"},"schema":{"@context":"https:\/\/schema.org","@graph":[{"@type":"WebPage","@id":"https:\/\/programme.yiddish.paris\/?tribe_events=paris-dans-la-litterature-yiddish-une-anthologie-sur-zoom","url":"https:\/\/programme.yiddish.paris\/?tribe_events=paris-dans-la-litterature-yiddish-une-anthologie-sur-zoom","name":"Paris dans la litt\u00e9rature yiddish : une anthologie (sur Zoom) - programme.yiddish.paris","isPartOf":{"@id":"https:\/\/programme.yiddish.paris\/#website"},"primaryImageOfPage":{"@id":"https:\/\/programme.yiddish.paris\/?tribe_events=paris-dans-la-litterature-yiddish-une-anthologie-sur-zoom#primaryimage"},"image":{"@id":"https:\/\/programme.yiddish.paris\/?tribe_events=paris-dans-la-litterature-yiddish-une-anthologie-sur-zoom#primaryimage"},"thumbnailUrl":"https:\/\/programme.yiddish.paris\/wp-content\/uploads\/2021\/11\/Tsharni-Benn-EyflT-582x1024-1.png","datePublished":"2021-11-26T10:45:35+00:00","dateModified":"2021-11-26T10:46:10+00:00","breadcrumb":{"@id":"https:\/\/programme.yiddish.paris\/?tribe_events=paris-dans-la-litterature-yiddish-une-anthologie-sur-zoom#breadcrumb"},"inLanguage":"fr-FR","potentialAction":[{"@type":"ReadAction","target":["https:\/\/programme.yiddish.paris\/?tribe_events=paris-dans-la-litterature-yiddish-une-anthologie-sur-zoom"]}]},{"@type":"ImageObject","inLanguage":"fr-FR","@id":"https:\/\/programme.yiddish.paris\/?tribe_events=paris-dans-la-litterature-yiddish-une-anthologie-sur-zoom#primaryimage","url":"https:\/\/programme.yiddish.paris\/wp-content\/uploads\/2021\/11\/Tsharni-Benn-EyflT-582x1024-1.png","contentUrl":"https:\/\/programme.yiddish.paris\/wp-content\/uploads\/2021\/11\/Tsharni-Benn-EyflT-582x1024-1.png","width":582,"height":1024},{"@type":"BreadcrumbList","@id":"https:\/\/programme.yiddish.paris\/?tribe_events=paris-dans-la-litterature-yiddish-une-anthologie-sur-zoom#breadcrumb","itemListElement":[{"@type":"ListItem","position":1,"name":"Home","item":"https:\/\/programme.yiddish.paris\/"},{"@type":"ListItem","position":2,"name":"\u00c9v\u00e8nements","item":"https:\/\/programme.yiddish.paris\/?post_type=tribe_events"},{"@type":"ListItem","position":3,"name":"Paris dans la litt\u00e9rature yiddish : une anthologie (sur Zoom)"}]},{"@type":"WebSite","@id":"https:\/\/programme.yiddish.paris\/#website","url":"https:\/\/programme.yiddish.paris\/","name":"programme.yiddish.paris","description":"La programmation culturelle de la Maison de la culture yiddish \u2013\u00a0Biblioth\u00e8que Medem","publisher":{"@id":"https:\/\/programme.yiddish.paris\/#organization"},"potentialAction":[{"@type":"SearchAction","target":{"@type":"EntryPoint","urlTemplate":"https:\/\/programme.yiddish.paris\/?s={search_term_string}"},"query-input":{"@type":"PropertyValueSpecification","valueRequired":true,"valueName":"search_term_string"}}],"inLanguage":"fr-FR"},{"@type":"Organization","@id":"https:\/\/programme.yiddish.paris\/#organization","name":"programme.yiddish.paris","url":"https:\/\/programme.yiddish.paris\/","logo":{"@type":"ImageObject","inLanguage":"fr-FR","@id":"https:\/\/programme.yiddish.paris\/#\/schema\/logo\/image\/","url":"https:\/\/programme.yiddish.paris\/wp-content\/uploads\/2020\/07\/cropped-mcy_yud-1.png","contentUrl":"https:\/\/programme.yiddish.paris\/wp-content\/uploads\/2020\/07\/cropped-mcy_yud-1.png","width":250,"height":250,"caption":"programme.yiddish.paris"},"image":{"@id":"https:\/\/programme.yiddish.paris\/#\/schema\/logo\/image\/"}}]}},"_links":{"self":[{"href":"https:\/\/programme.yiddish.paris\/index.php?rest_route=\/wp\/v2\/tribe_events\/2628","targetHints":{"allow":["GET"]}}],"collection":[{"href":"https:\/\/programme.yiddish.paris\/index.php?rest_route=\/wp\/v2\/tribe_events"}],"about":[{"href":"https:\/\/programme.yiddish.paris\/index.php?rest_route=\/wp\/v2\/types\/tribe_events"}],"author":[{"embeddable":true,"href":"https:\/\/programme.yiddish.paris\/index.php?rest_route=\/wp\/v2\/users\/2"}],"version-history":[{"count":4,"href":"https:\/\/programme.yiddish.paris\/index.php?rest_route=\/wp\/v2\/tribe_events\/2628\/revisions"}],"predecessor-version":[{"id":2633,"href":"https:\/\/programme.yiddish.paris\/index.php?rest_route=\/wp\/v2\/tribe_events\/2628\/revisions\/2633"}],"wp:featuredmedia":[{"embeddable":true,"href":"https:\/\/programme.yiddish.paris\/index.php?rest_route=\/wp\/v2\/media\/2629"}],"wp:attachment":[{"href":"https:\/\/programme.yiddish.paris\/index.php?rest_route=%2Fwp%2Fv2%2Fmedia&parent=2628"}],"wp:term":[{"taxonomy":"post_tag","embeddable":true,"href":"https:\/\/programme.yiddish.paris\/index.php?rest_route=%2Fwp%2Fv2%2Ftags&post=2628"},{"taxonomy":"tribe_events_cat","embeddable":true,"href":"https:\/\/programme.yiddish.paris\/index.php?rest_route=%2Fwp%2Fv2%2Ftribe_events_cat&post=2628"}],"curies":[{"name":"wp","href":"https:\/\/api.w.org\/{rel}","templated":true}]}}