{"id":2906,"date":"2022-01-30T20:06:08","date_gmt":"2022-01-30T19:06:08","guid":{"rendered":"https:\/\/programme.yiddish.paris\/?post_type=tribe_events&#038;p=2906"},"modified":"2022-02-09T19:24:44","modified_gmt":"2022-02-09T18:24:44","slug":"purim-shpil-dalef-kats-en-yiddish-et-en-francais-en-presentiel","status":"publish","type":"tribe_events","link":"https:\/\/programme.yiddish.paris\/?tribe_events=purim-shpil-dalef-kats-en-yiddish-et-en-francais-en-presentiel","title":{"rendered":"C\u2019est Pourim ! (en yiddish et en fran\u00e7ais, en pr\u00e9sentiel)"},"content":{"rendered":"<p class=\"p1\"><strong>20h00<\/strong> : Projection de <em>Pourim<\/em>, de <strong>Joseph Romano<\/strong> (2022)<br \/>\nUn court-m\u00e9trage, non sur l&rsquo;histoire d&rsquo;Esther mais sur la c\u00e9l\u00e9bration en elle m\u00eame de Pourim, ses traditions extravagantes, folkloriques et parfois disparues. Ce qui int\u00e9resse le r\u00e9alisateur, c&rsquo;est la joie et la folie de cette f\u00eate, loin de l\u2019opposition courante entre la culture occidentale lib\u00e9rale &#8211; suppos\u00e9e joyeuse \u2013 et la vie religieuse \u2013 suppos\u00e9e morne et asc\u00e9tique.<\/p>\n<p class=\"p1\"><strong> 20h30<\/strong> : <em>Purim-shpil<\/em> d&rsquo;Alef Kats, lecture mise en espace (en yiddish et en fran\u00e7ais)<br \/>\nAttention, c\u2019est Pourim, l\u2019<strong>atelier th\u00e9\u00e2tre<\/strong> est <i>meshuge<\/i>, il faut s\u2019attendre \u00e0 tout. Pour tout arranger, le public est autoris\u00e9 \u00e0 s\u2019en m\u00ealer. Pour changer, les masques peuvent \u00eatre festifs\u2026 Tous les d\u00e9guisements sont permis, m\u00eame les v\u00eatements normaux.<br \/>\nIl y aura, bien s\u00fbr, de la musique.<br \/>\nLe po\u00e8te Alef Kats (1898\u20131969) na\u00eet en<span class=\"Apple-converted-space\">\u00a0 <\/span>Volhynie et immigre aux \u00c9tats-Unis en 1913. Inspir\u00e9 notamment par le courant introspectiviste In zikh (en soi) et les <i>Contes de rabbi Nakhman de Bratslav<\/i>, il trouve vite une voix originale entre humour satirique et gravit\u00e9. Nombre de ses po\u00e8mes sont mis en musique. Il \u00e9crit aussi pour les enfants.<\/p>\n<p id=\"block-9f12ed79-6edc-4770-bd43-8fe9522387fe\"><em>Tarif : 13 \u20ac. Adh\u00e9rents : 8 \u20ac*.<br \/>\n<a href=\"https:\/\/www.helloasso.com\/associations\/maison-de-la-culture-yiddish-bibliotheque-medem\/adhesions\/adhesion-en-ligne-a-la-maison-de-la-culture-yiddish-2021-2022\">*Adh\u00e9rez \u00e0 la Maison de la culture yiddish pour la saison 2021-2022<\/a>\u00a0et d\u00e9couvrez\u00a0<strong>le code promotionnel<\/strong>\u00a0qui vous donnera acc\u00e8s au\u00a0<strong>tarif r\u00e9duit<\/strong>\u00a0sur vos r\u00e9servations.<\/em><\/p>\n<p id=\"block-2ba98dcd-5f13-4105-b07b-0b0692c4fa6f\"><a href=\"https:\/\/www.helloasso.com\/associations\/maison-de-la-culture-yiddish-bibliotheque-medem\/evenements\/2022-03\"><strong>Cliquez ici<\/strong><\/a>\u00a0pour r\u00e9server (r\u00e9servation obligatoire).<\/p>\n<p id=\"block-02374118-74c5-4bea-b761-3a9a73091b35\"><strong>Attention : au moment du r\u00e8glement, la plateforme Helloassso vous proposera d\u2019ajouter une contribution \u00e0 son fonctionnement. Celle-ci est optionnelle, et vous pouvez changer son montant ou bien l\u2019annuler en appuyant sur le bouton \u00ab\u00a0Modifier\u00a0\u00bb.<\/strong><\/p>\n","protected":false},"excerpt":{"rendered":"<p>20h00 : Projection de Pourim, de Joseph Romano (2022) Un court-m\u00e9trage, non sur l&rsquo;histoire d&rsquo;Esther mais sur la c\u00e9l\u00e9bration en elle m\u00eame de Pourim, ses traditions extravagantes, folkloriques et parfois &hellip; <\/p>\n<p class=\"link-more\"><a href=\"https:\/\/programme.yiddish.paris\/?tribe_events=purim-shpil-dalef-kats-en-yiddish-et-en-francais-en-presentiel\" class=\"more-link\">Continuer la lecture<span class=\"screen-reader-text\"> de &laquo;&nbsp;C\u2019est Pourim ! (en yiddish et en fran\u00e7ais, en pr\u00e9sentiel)&nbsp;&raquo;<\/span><\/a><\/p>\n","protected":false},"author":2,"featured_media":1148,"template":"","meta":{"_monsterinsights_skip_tracking":false,"_monsterinsights_sitenote_active":false,"_monsterinsights_sitenote_note":"","_monsterinsights_sitenote_category":0,"_tribe_events_status":"","_tribe_events_status_reason":"","footnotes":""},"tags":[],"tribe_events_cat":[55,68,56],"class_list":["post-2906","tribe_events","type-tribe_events","status-publish","has-post-thumbnail","hentry","tribe_events_cat-francais","tribe_events_cat-spectacle","tribe_events_cat-yiddish","cat_francais","cat_spectacle","cat_yiddish"],"yoast_head":"<!-- This site is optimized with the Yoast SEO plugin v27.5 - https:\/\/yoast.com\/product\/yoast-seo-wordpress\/ -->\n<title>C\u2019est Pourim ! (en yiddish et en fran\u00e7ais, en pr\u00e9sentiel) - programme.yiddish.paris<\/title>\n<meta name=\"robots\" content=\"index, follow, max-snippet:-1, max-image-preview:large, max-video-preview:-1\" \/>\n<link rel=\"canonical\" href=\"https:\/\/programme.yiddish.paris\/?tribe_events=purim-shpil-dalef-kats-en-yiddish-et-en-francais-en-presentiel\" \/>\n<meta property=\"og:locale\" content=\"fr_FR\" \/>\n<meta property=\"og:type\" content=\"article\" \/>\n<meta property=\"og:title\" content=\"C\u2019est Pourim ! (en yiddish et en fran\u00e7ais, en pr\u00e9sentiel) - programme.yiddish.paris\" \/>\n<meta property=\"og:description\" content=\"20h00 : Projection de Pourim, de Joseph Romano (2022) Un court-m\u00e9trage, non sur l&rsquo;histoire d&rsquo;Esther mais sur la c\u00e9l\u00e9bration en elle m\u00eame de Pourim, ses traditions extravagantes, folkloriques et parfois &hellip; Continuer la lecture de &laquo;&nbsp;C\u2019est Pourim ! (en yiddish et en fran\u00e7ais, en pr\u00e9sentiel)&nbsp;&raquo;\" \/>\n<meta property=\"og:url\" content=\"https:\/\/programme.yiddish.paris\/?tribe_events=purim-shpil-dalef-kats-en-yiddish-et-en-francais-en-presentiel\" \/>\n<meta property=\"og:site_name\" content=\"programme.yiddish.paris\" \/>\n<meta property=\"article:modified_time\" content=\"2022-02-09T18:24:44+00:00\" \/>\n<meta property=\"og:image\" content=\"https:\/\/programme.yiddish.paris\/wp-content\/uploads\/2020\/12\/Purim-Gross.jpg\" \/>\n\t<meta property=\"og:image:width\" content=\"782\" \/>\n\t<meta property=\"og:image:height\" content=\"1024\" \/>\n\t<meta property=\"og:image:type\" content=\"image\/jpeg\" \/>\n<meta name=\"twitter:card\" content=\"summary_large_image\" \/>\n<meta name=\"twitter:label1\" content=\"Dur\u00e9e de lecture estim\u00e9e\" \/>\n\t<meta name=\"twitter:data1\" content=\"1 minute\" \/>\n<script type=\"application\/ld+json\" class=\"yoast-schema-graph\">{\"@context\":\"https:\\\/\\\/schema.org\",\"@graph\":[{\"@type\":\"WebPage\",\"@id\":\"https:\\\/\\\/programme.yiddish.paris\\\/?tribe_events=purim-shpil-dalef-kats-en-yiddish-et-en-francais-en-presentiel\",\"url\":\"https:\\\/\\\/programme.yiddish.paris\\\/?tribe_events=purim-shpil-dalef-kats-en-yiddish-et-en-francais-en-presentiel\",\"name\":\"C\u2019est Pourim ! (en yiddish et en fran\u00e7ais, en pr\u00e9sentiel) - programme.yiddish.paris\",\"isPartOf\":{\"@id\":\"https:\\\/\\\/programme.yiddish.paris\\\/#website\"},\"primaryImageOfPage\":{\"@id\":\"https:\\\/\\\/programme.yiddish.paris\\\/?tribe_events=purim-shpil-dalef-kats-en-yiddish-et-en-francais-en-presentiel#primaryimage\"},\"image\":{\"@id\":\"https:\\\/\\\/programme.yiddish.paris\\\/?tribe_events=purim-shpil-dalef-kats-en-yiddish-et-en-francais-en-presentiel#primaryimage\"},\"thumbnailUrl\":\"https:\\\/\\\/programme.yiddish.paris\\\/wp-content\\\/uploads\\\/2020\\\/12\\\/Purim-Gross.jpg\",\"datePublished\":\"2022-01-30T19:06:08+00:00\",\"dateModified\":\"2022-02-09T18:24:44+00:00\",\"breadcrumb\":{\"@id\":\"https:\\\/\\\/programme.yiddish.paris\\\/?tribe_events=purim-shpil-dalef-kats-en-yiddish-et-en-francais-en-presentiel#breadcrumb\"},\"inLanguage\":\"fr-FR\",\"potentialAction\":[{\"@type\":\"ReadAction\",\"target\":[\"https:\\\/\\\/programme.yiddish.paris\\\/?tribe_events=purim-shpil-dalef-kats-en-yiddish-et-en-francais-en-presentiel\"]}]},{\"@type\":\"ImageObject\",\"inLanguage\":\"fr-FR\",\"@id\":\"https:\\\/\\\/programme.yiddish.paris\\\/?tribe_events=purim-shpil-dalef-kats-en-yiddish-et-en-francais-en-presentiel#primaryimage\",\"url\":\"https:\\\/\\\/programme.yiddish.paris\\\/wp-content\\\/uploads\\\/2020\\\/12\\\/Purim-Gross.jpg\",\"contentUrl\":\"https:\\\/\\\/programme.yiddish.paris\\\/wp-content\\\/uploads\\\/2020\\\/12\\\/Purim-Gross.jpg\",\"width\":782,\"height\":1024},{\"@type\":\"BreadcrumbList\",\"@id\":\"https:\\\/\\\/programme.yiddish.paris\\\/?tribe_events=purim-shpil-dalef-kats-en-yiddish-et-en-francais-en-presentiel#breadcrumb\",\"itemListElement\":[{\"@type\":\"ListItem\",\"position\":1,\"name\":\"Home\",\"item\":\"https:\\\/\\\/programme.yiddish.paris\\\/\"},{\"@type\":\"ListItem\",\"position\":2,\"name\":\"\u00c9v\u00e8nements\",\"item\":\"https:\\\/\\\/programme.yiddish.paris\\\/?post_type=tribe_events\"},{\"@type\":\"ListItem\",\"position\":3,\"name\":\"C\u2019est Pourim ! (en yiddish et en fran\u00e7ais, en pr\u00e9sentiel)\"}]},{\"@type\":\"WebSite\",\"@id\":\"https:\\\/\\\/programme.yiddish.paris\\\/#website\",\"url\":\"https:\\\/\\\/programme.yiddish.paris\\\/\",\"name\":\"programme.yiddish.paris\",\"description\":\"La programmation culturelle de la Maison de la culture yiddish \u2013\u00a0Biblioth\u00e8que Medem\",\"publisher\":{\"@id\":\"https:\\\/\\\/programme.yiddish.paris\\\/#organization\"},\"potentialAction\":[{\"@type\":\"SearchAction\",\"target\":{\"@type\":\"EntryPoint\",\"urlTemplate\":\"https:\\\/\\\/programme.yiddish.paris\\\/?s={search_term_string}\"},\"query-input\":{\"@type\":\"PropertyValueSpecification\",\"valueRequired\":true,\"valueName\":\"search_term_string\"}}],\"inLanguage\":\"fr-FR\"},{\"@type\":\"Organization\",\"@id\":\"https:\\\/\\\/programme.yiddish.paris\\\/#organization\",\"name\":\"programme.yiddish.paris\",\"url\":\"https:\\\/\\\/programme.yiddish.paris\\\/\",\"logo\":{\"@type\":\"ImageObject\",\"inLanguage\":\"fr-FR\",\"@id\":\"https:\\\/\\\/programme.yiddish.paris\\\/#\\\/schema\\\/logo\\\/image\\\/\",\"url\":\"https:\\\/\\\/programme.yiddish.paris\\\/wp-content\\\/uploads\\\/2020\\\/07\\\/cropped-mcy_yud-1.png\",\"contentUrl\":\"https:\\\/\\\/programme.yiddish.paris\\\/wp-content\\\/uploads\\\/2020\\\/07\\\/cropped-mcy_yud-1.png\",\"width\":250,\"height\":250,\"caption\":\"programme.yiddish.paris\"},\"image\":{\"@id\":\"https:\\\/\\\/programme.yiddish.paris\\\/#\\\/schema\\\/logo\\\/image\\\/\"}}]}<\/script>\n<!-- \/ Yoast SEO plugin. -->","yoast_head_json":{"title":"C\u2019est Pourim ! (en yiddish et en fran\u00e7ais, en pr\u00e9sentiel) - programme.yiddish.paris","robots":{"index":"index","follow":"follow","max-snippet":"max-snippet:-1","max-image-preview":"max-image-preview:large","max-video-preview":"max-video-preview:-1"},"canonical":"https:\/\/programme.yiddish.paris\/?tribe_events=purim-shpil-dalef-kats-en-yiddish-et-en-francais-en-presentiel","og_locale":"fr_FR","og_type":"article","og_title":"C\u2019est Pourim ! (en yiddish et en fran\u00e7ais, en pr\u00e9sentiel) - programme.yiddish.paris","og_description":"20h00 : Projection de Pourim, de Joseph Romano (2022) Un court-m\u00e9trage, non sur l&rsquo;histoire d&rsquo;Esther mais sur la c\u00e9l\u00e9bration en elle m\u00eame de Pourim, ses traditions extravagantes, folkloriques et parfois &hellip; Continuer la lecture de &laquo;&nbsp;C\u2019est Pourim ! (en yiddish et en fran\u00e7ais, en pr\u00e9sentiel)&nbsp;&raquo;","og_url":"https:\/\/programme.yiddish.paris\/?tribe_events=purim-shpil-dalef-kats-en-yiddish-et-en-francais-en-presentiel","og_site_name":"programme.yiddish.paris","article_modified_time":"2022-02-09T18:24:44+00:00","og_image":[{"width":782,"height":1024,"url":"https:\/\/programme.yiddish.paris\/wp-content\/uploads\/2020\/12\/Purim-Gross.jpg","type":"image\/jpeg"}],"twitter_card":"summary_large_image","twitter_misc":{"Dur\u00e9e de lecture estim\u00e9e":"1 minute"},"schema":{"@context":"https:\/\/schema.org","@graph":[{"@type":"WebPage","@id":"https:\/\/programme.yiddish.paris\/?tribe_events=purim-shpil-dalef-kats-en-yiddish-et-en-francais-en-presentiel","url":"https:\/\/programme.yiddish.paris\/?tribe_events=purim-shpil-dalef-kats-en-yiddish-et-en-francais-en-presentiel","name":"C\u2019est Pourim ! (en yiddish et en fran\u00e7ais, en pr\u00e9sentiel) - programme.yiddish.paris","isPartOf":{"@id":"https:\/\/programme.yiddish.paris\/#website"},"primaryImageOfPage":{"@id":"https:\/\/programme.yiddish.paris\/?tribe_events=purim-shpil-dalef-kats-en-yiddish-et-en-francais-en-presentiel#primaryimage"},"image":{"@id":"https:\/\/programme.yiddish.paris\/?tribe_events=purim-shpil-dalef-kats-en-yiddish-et-en-francais-en-presentiel#primaryimage"},"thumbnailUrl":"https:\/\/programme.yiddish.paris\/wp-content\/uploads\/2020\/12\/Purim-Gross.jpg","datePublished":"2022-01-30T19:06:08+00:00","dateModified":"2022-02-09T18:24:44+00:00","breadcrumb":{"@id":"https:\/\/programme.yiddish.paris\/?tribe_events=purim-shpil-dalef-kats-en-yiddish-et-en-francais-en-presentiel#breadcrumb"},"inLanguage":"fr-FR","potentialAction":[{"@type":"ReadAction","target":["https:\/\/programme.yiddish.paris\/?tribe_events=purim-shpil-dalef-kats-en-yiddish-et-en-francais-en-presentiel"]}]},{"@type":"ImageObject","inLanguage":"fr-FR","@id":"https:\/\/programme.yiddish.paris\/?tribe_events=purim-shpil-dalef-kats-en-yiddish-et-en-francais-en-presentiel#primaryimage","url":"https:\/\/programme.yiddish.paris\/wp-content\/uploads\/2020\/12\/Purim-Gross.jpg","contentUrl":"https:\/\/programme.yiddish.paris\/wp-content\/uploads\/2020\/12\/Purim-Gross.jpg","width":782,"height":1024},{"@type":"BreadcrumbList","@id":"https:\/\/programme.yiddish.paris\/?tribe_events=purim-shpil-dalef-kats-en-yiddish-et-en-francais-en-presentiel#breadcrumb","itemListElement":[{"@type":"ListItem","position":1,"name":"Home","item":"https:\/\/programme.yiddish.paris\/"},{"@type":"ListItem","position":2,"name":"\u00c9v\u00e8nements","item":"https:\/\/programme.yiddish.paris\/?post_type=tribe_events"},{"@type":"ListItem","position":3,"name":"C\u2019est Pourim ! (en yiddish et en fran\u00e7ais, en pr\u00e9sentiel)"}]},{"@type":"WebSite","@id":"https:\/\/programme.yiddish.paris\/#website","url":"https:\/\/programme.yiddish.paris\/","name":"programme.yiddish.paris","description":"La programmation culturelle de la Maison de la culture yiddish \u2013\u00a0Biblioth\u00e8que Medem","publisher":{"@id":"https:\/\/programme.yiddish.paris\/#organization"},"potentialAction":[{"@type":"SearchAction","target":{"@type":"EntryPoint","urlTemplate":"https:\/\/programme.yiddish.paris\/?s={search_term_string}"},"query-input":{"@type":"PropertyValueSpecification","valueRequired":true,"valueName":"search_term_string"}}],"inLanguage":"fr-FR"},{"@type":"Organization","@id":"https:\/\/programme.yiddish.paris\/#organization","name":"programme.yiddish.paris","url":"https:\/\/programme.yiddish.paris\/","logo":{"@type":"ImageObject","inLanguage":"fr-FR","@id":"https:\/\/programme.yiddish.paris\/#\/schema\/logo\/image\/","url":"https:\/\/programme.yiddish.paris\/wp-content\/uploads\/2020\/07\/cropped-mcy_yud-1.png","contentUrl":"https:\/\/programme.yiddish.paris\/wp-content\/uploads\/2020\/07\/cropped-mcy_yud-1.png","width":250,"height":250,"caption":"programme.yiddish.paris"},"image":{"@id":"https:\/\/programme.yiddish.paris\/#\/schema\/logo\/image\/"}}]}},"_links":{"self":[{"href":"https:\/\/programme.yiddish.paris\/index.php?rest_route=\/wp\/v2\/tribe_events\/2906","targetHints":{"allow":["GET"]}}],"collection":[{"href":"https:\/\/programme.yiddish.paris\/index.php?rest_route=\/wp\/v2\/tribe_events"}],"about":[{"href":"https:\/\/programme.yiddish.paris\/index.php?rest_route=\/wp\/v2\/types\/tribe_events"}],"author":[{"embeddable":true,"href":"https:\/\/programme.yiddish.paris\/index.php?rest_route=\/wp\/v2\/users\/2"}],"version-history":[{"count":3,"href":"https:\/\/programme.yiddish.paris\/index.php?rest_route=\/wp\/v2\/tribe_events\/2906\/revisions"}],"predecessor-version":[{"id":3002,"href":"https:\/\/programme.yiddish.paris\/index.php?rest_route=\/wp\/v2\/tribe_events\/2906\/revisions\/3002"}],"wp:featuredmedia":[{"embeddable":true,"href":"https:\/\/programme.yiddish.paris\/index.php?rest_route=\/wp\/v2\/media\/1148"}],"wp:attachment":[{"href":"https:\/\/programme.yiddish.paris\/index.php?rest_route=%2Fwp%2Fv2%2Fmedia&parent=2906"}],"wp:term":[{"taxonomy":"post_tag","embeddable":true,"href":"https:\/\/programme.yiddish.paris\/index.php?rest_route=%2Fwp%2Fv2%2Ftags&post=2906"},{"taxonomy":"tribe_events_cat","embeddable":true,"href":"https:\/\/programme.yiddish.paris\/index.php?rest_route=%2Fwp%2Fv2%2Ftribe_events_cat&post=2906"}],"curies":[{"name":"wp","href":"https:\/\/api.w.org\/{rel}","templated":true}]}}