{"id":2927,"date":"2022-02-08T10:23:15","date_gmt":"2022-02-08T09:23:15","guid":{"rendered":"https:\/\/programme.yiddish.paris\/?post_type=tribe_events&#038;p=2927"},"modified":"2022-03-29T10:18:52","modified_gmt":"2022-03-29T08:18:52","slug":"seminaire-mensuel-de-litterature-yiddish-sur-zoom-9","status":"publish","type":"tribe_events","link":"https:\/\/programme.yiddish.paris\/?tribe_events=seminaire-mensuel-de-litterature-yiddish-sur-zoom-9","title":{"rendered":"S\u00e9minaire mensuel de litt\u00e9rature yiddish (en yiddish, sur Zoom)"},"content":{"rendered":"<h2>Th\u00e8me : \u00c9crivains yiddish en Union sovi\u00e9tique<\/h2>\n<p><strong>S\u00e9minaire mensuel de litt\u00e9rature yiddish<\/strong>\u00a0sous la direction de\u00a0<strong>Yitskhok Niborski<\/strong>\u00a0et\u00a0<strong>Natalia Krynicka<\/strong>, avec la participation de\u00a0<strong>Sharon Bar-Kochva<\/strong>.<\/p>\n<p>Dans le cadre de la saison\u00a0<strong>La litt\u00e9rature yiddish en Union sovi\u00e9tique : 70e anniversaire du 12 ao\u00fbt 1952<\/strong><img loading=\"lazy\" decoding=\"async\" class=\"alignright wp-image-3157 size-thumbnail\" src=\"https:\/\/programme.yiddish.paris\/wp-content\/uploads\/2022\/03\/1952-2022_logo-150x150.jpg\" alt=\"\" width=\"150\" height=\"150\" srcset=\"https:\/\/programme.yiddish.paris\/wp-content\/uploads\/2022\/03\/1952-2022_logo-150x150.jpg 150w, https:\/\/programme.yiddish.paris\/wp-content\/uploads\/2022\/03\/1952-2022_logo-300x300.jpg 300w, https:\/\/programme.yiddish.paris\/wp-content\/uploads\/2022\/03\/1952-2022_logo-1024x1024.jpg 1024w, https:\/\/programme.yiddish.paris\/wp-content\/uploads\/2022\/03\/1952-2022_logo-768x768.jpg 768w, https:\/\/programme.yiddish.paris\/wp-content\/uploads\/2022\/03\/1952-2022_logo-100x100.jpg 100w, https:\/\/programme.yiddish.paris\/wp-content\/uploads\/2022\/03\/1952-2022_logo-24x24.jpg 24w, https:\/\/programme.yiddish.paris\/wp-content\/uploads\/2022\/03\/1952-2022_logo-28x28.jpg 28w, https:\/\/programme.yiddish.paris\/wp-content\/uploads\/2022\/03\/1952-2022_logo-32x32.jpg 32w, https:\/\/programme.yiddish.paris\/wp-content\/uploads\/2022\/03\/1952-2022_logo.jpg 1200w\" sizes=\"auto, (max-width: 150px) 100vw, 150px\" \/><\/p>\n<p><strong>09h30 \u2013 11h00 : Yitskhok Niborski<\/strong><br \/>\n<strong>11h30-13h00 : Sharon Bar-Kochva<\/strong><br \/>\n<strong>14h30-17h00 : Natalia Krynicka<\/strong><\/p>\n<p>Le s\u00e9minaire se d\u00e9roule en yiddish, sur Zoom.<\/p>\n<p><em>Tarif : 35 \u20ac. Adh\u00e9rents : 30 \u20ac*.<br \/>\n<a href=\"https:\/\/www.helloasso.com\/associations\/maison-de-la-culture-yiddish-bibliotheque-medem\/adhesions\/adhesion-en-ligne-a-la-maison-de-la-culture-yiddish-2021-2022\">*Adh\u00e9rez \u00e0 la Maison de la culture yiddish pour la saison 2021-2022<\/a>\u00a0et d\u00e9couvrez\u00a0<strong>le code promotionnel<\/strong>\u00a0qui vous donnera acc\u00e8s au\u00a0<strong>tarif r\u00e9duit<\/strong>\u00a0sur vos r\u00e9servations.<\/em><\/p>\n<p><a href=\"https:\/\/www.helloasso.com\/associations\/maison-de-la-culture-yiddish-bibliotheque-medem\/evenements\/2022-04\"><strong>Cliquez ici<\/strong><\/a>\u00a0pour r\u00e9server (r\u00e9servation obligatoire).<\/p>\n<p><strong>Attention : au moment du r\u00e8glement, la plateforme Helloassso vous proposera d\u2019ajouter une contribution \u00e0 son fonctionnement. Celle-ci est optionnelle, et vous pouvez changer son montant ou bien l\u2019annuler en appuyant sur le bouton \u00ab\u00a0Modifier\u00a0\u00bb.<\/strong><\/p>\n<h2 class=\"has-text-align-right\" style=\"text-align: right;\">\u05d7\u05d5\u05d3\u05e9\u05dc\u05e2\u05db\u05e2\u05e8 \u05e1\u05e2\u05de\u05d9\u05e0\u05d0\u05b7\u05e8 \u05e4\u05bf\u05d5\u05df \u05d9\u05d9\u05b4\u05d3\u05d9\u05e9\u05e2\u05e8 \u05dc\u05d9\u05d8\u05e2\u05e8\u05d0\u05b7\u05d8\u05d5\u05e8 \u05d0\u05d5\u05e0\u05d8\u05e2\u05e8 \u05d3\u05e2\u05e8 \u05d0\u05b8\u05e0\u05e4\u05bf\u05d9\u05e8\u05d5\u05e0\u05d2 \u05e4\u05bf\u05d5\u05df\u00a0<strong>\u05d9\u05e6\u05d7\u05e7 \u05e0\u05d9\u05d1\u05d0\u05b8\u05e8\u05e1\u05e7\u05d9<\/strong>\u00a0\u05d0\u05d5\u05df\u00a0<strong>\u05e0\u05d0\u05b7\u05d8\u05d0\u05b7\u05dc\u05d9\u05e2 \u05e7\u05e8\u05d9\u05e0\u05d9\u05e6\u05e7\u05d0\u05b7<\/strong><\/h2>\n<h3 class=\"has-text-align-right\" style=\"text-align: right;\">\u05d8\u05e2\u05de\u05e2 : \u05d9\u05d9\u05b4\u05d3\u05d9\u05e9\u05e2\u05e8 \u05e9\u05e8\u05f2\u05b7\u05d1\u05e2\u05e8 \u05d0\u05d9\u05df \u05e8\u05d0\u05b7\u05d8\u05df\u05be\u05e4\u05bf\u05d0\u05b7\u05e8\u05d1\u05d0\u05b7\u05e0\u05d3<\/h3>\n<p style=\"text-align: right;\"><strong>\u05d6\u05d5\u05e0\u05d8\u05d9\u05e7 \u05d3\u05e2\u05dd 3\u05d8\u05df \u05d0\u05b7\u05e4\u05bc\u05e8\u05d9\u05dc 2022, 9.30 \u2014 17.00 \u05d0\u05b7\u05d6\u05f3<\/strong><\/p>\n<p dir=\"rtl\"><strong>9.30 \u2013 11.00 \u05d0\u05b7\u05d6\u2019 : \u05d9\u05e6\u05d7\u05e7 \u05e0\u05d9\u05d1\u05d0\u05b8\u05e8\u05e1\u05e7\u05d9<\/strong><br \/>\n<strong>11.30 \u2013 13.00 \u05d0\u05b7\u05d6\u2019 : \u05e9\u05e8\u05d5\u05df \u05d1\u05e8\u05be\u05db\u05bc\u05d5\u05db\u05d1\u05bf\u05d0<\/strong><br \/>\n<strong>14.30 \u2013 17.00 \u05d0\u05b7\u05d6 : \u05e0\u05d0\u05b7\u05d8\u05d0\u05b7\u05dc\u05d9\u05e2 \u05e7\u05e8\u05d9\u05e0\u05d9\u05e6\u05e7\u05d0\u05b7<\/strong><\/p>\n<p dir=\"rtl\">\u05d3\u05e2\u05e8 \u05e1\u05e2\u05de\u05d9\u05e0\u05d0\u05b7\u05e8 \u05e7\u05d5\u05de\u05d8 \u05e4\u05bf\u05d0\u05b8\u05e8 \u05d0\u05d5\u05d9\u05e3 \u05d9\u05d9\u05b4\u05d3\u05d9\u05e9.<\/p>\n<p dir=\"rtl\">\u05d0\u05d5\u05d9\u05d1 \u05d0\u05d9\u05e8 \u05d4\u05d0\u05b8\u05d8 \u05e4\u05bf\u05e8\u05d0\u05b7\u05d2\u05e2\u05e1\u2009:\u00a0<a href=\"mailto:talmidim@yiddishweb.com\"><strong>talmidim@yiddishweb.com<\/strong><\/a><\/p>\n<p dir=\"rtl\">\u05de\u05e2 \u05d3\u05d0\u05b7\u05e8\u05e3 \u05d6\u05d9\u05da \u05d0\u05d5\u05de\u05d1\u05d0\u05b7\u05d3\u05d9\u05e0\u05d2\u05d8 \u05d0\u05f2\u05b7\u05e0\u05e9\u05e8\u05f2\u05b7\u05d1\u05df \u05d0\u05d9\u05df \u05e4\u05bf\u05d0\u05b8\u05e8\u05d5\u05d9\u05e1.<\/p>\n<h3 dir=\"rtl\"><strong><a href=\"https:\/\/www.helloasso.com\/associations\/maison-de-la-culture-yiddish-bibliotheque-medem\/evenements\/2022-04\">\u05d0\u05f2\u05b7\u05e0\u05e9\u05e8\u05f2\u05b7\u05d1\u05d5\u05e0\u05d2<\/a><\/strong><\/h3>\n<p dir=\"rtl\">\u05e9\u05b9\u05db\u05e8\u05be\u05dc\u05d9\u05de\u05d5\u05d3 : 35 \u05d0\u05d9\u05d9\u05e8\u05d0\u05b8\u05e1. \u05de\u05d9\u05d8\u05d2\u05dc\u05d9\u05d3\u05e2\u05e8* : 30 \u05d0\u05d9\u05d9\u05e8\u05d0\u05b8\u05e1.<\/p>\n<p dir=\"rtl\">*\u05d0\u05d5\u05d9\u05d1 \u05d0\u05d9\u05e8 \u05d5<a href=\"https:\/\/www.helloasso.com\/associations\/maison-de-la-culture-yiddish-bibliotheque-medem\/adhesions\/adhesion-en-ligne-a-la-maison-de-la-culture-yiddish-2021-2022\">\u05d5\u05e2\u05e8\u05d8 \u05d0\u05b7 \u05de\u05d9\u05d8\u05d2\u05dc\u05d9\u05d3 \u05d0\u05d9\u05e0\u05e2\u05dd \u05e4\u05bc\u05d0\u05b7\u05e8\u05d9\u05d6\u05e2\u05e8 \u05d9\u05d9\u05b4\u05d3\u05d9\u05e9\u05be\u05e6\u05e2\u05e0\u05d8\u05e2\u05e8 \u05e4\u05bf\u05d0\u05b7\u05e8\u05df \u05d9\u05d0\u05b8\u05e8\u00a0 2021-2022<\/a>, \u05d5\u05d5\u05e2\u05d8 \u05d0\u05d9\u05e8 \u05e7\u05e8\u05d9\u05d2\u05df \u05d0\u05b7 \u05d4\u05e0\u05d7\u05d4\u05be\u05e7\u05d0\u05b8\u05d3 \u05e4\u05bf\u05d0\u05b7\u05e8\u05df \u05de\u05d9\u05d8\u05d2\u05dc\u05d9\u05d3\u05e2\u05e8\u05be\u05e4\u05bc\u05e8\u05f2\u05b7\u05d6.<\/p>\n<p dir=\"rtl\"><strong>\u05d5\u05d5\u05e2\u05df \u05d0\u05d9\u05e8 \u05d5\u05d5\u05e2\u05d8 \u05d4\u05d0\u05b7\u05dc\u05d8\u05df \u05d1\u05f2\u05b7\u05dd \u05d1\u05d0\u05b7\u05e6\u05d0\u05b8\u05dc\u05df, \u05d5\u05d5\u05e2\u05d8 \u05d0\u05f2\u05b7\u05da \u00ab \u05d4\u05e2\u05dc\u05d0\u05b8\u05d0\u05b7\u05e1\u05d0\u05b8 \u00bb \u05e4\u05bf\u05d0\u05b8\u05e8\u05dc\u05d9\u05d9\u05d2\u05df \u05d0\u05b7 \u05e6\u05d5\u05d2\u05d0\u05b8\u05d1\u05be\u05e6\u05d5\u05e9\u05d8\u05f2\u05b7\u05e2\u05e8 \u05e4\u05bf\u05d0\u05b7\u05e8\u05df \u05e7\u05d9\u05d5\u05dd \u05e4\u05bf\u05d5\u05df \u05d3\u05e2\u05e8 \u05d3\u05d0\u05b8\u05d6\u05d9\u05e7\u05e2\u05e8 \u05e4\u05bc\u05dc\u05d0\u05b7\u05d8\u05e4\u05bf\u05d0\u05b8\u05e8\u05de\u05e2. \u05d3\u05d0\u05b8\u05e1 \u05d0\u05d9\u05d6 \u05d0\u05b8\u05e4\u05bc\u05e6\u05d9\u05d0\u05b8\u05e0\u05e2\u05dc : \u05d0\u05d9\u05e8 \u05e7\u05e2\u05e0\u05d8 \u05d1\u05f2\u05b7\u05d8\u05df \u05d3\u05d9 \u05e1\u05d5\u05de\u05e2 \u05d0\u05b8\u05d3\u05e2\u05e8 \u05d0\u05b7\u05e0\u05d5\u05dc\u05d9\u05e8\u05df \u05d3\u05e2\u05dd \u05e6\u05d5\u05e9\u05d8\u05f2\u05b7\u05e2\u05e8 \u05de\u05d9\u05d8\u05df \u05e7\u05e0\u05e2\u05e4\u05bc\u05dc \u00ab\u00a0Modifier\u00a0\u00bb.\u00a0<\/strong><\/p>\n","protected":false},"excerpt":{"rendered":"<p>Th\u00e8me : \u00c9crivains yiddish en Union sovi\u00e9tique S\u00e9minaire mensuel de litt\u00e9rature yiddish\u00a0sous la direction de\u00a0Yitskhok Niborski\u00a0et\u00a0Natalia Krynicka, avec la participation de\u00a0Sharon Bar-Kochva. Dans le cadre de la saison\u00a0La litt\u00e9rature yiddish &hellip; <\/p>\n<p class=\"link-more\"><a href=\"https:\/\/programme.yiddish.paris\/?tribe_events=seminaire-mensuel-de-litterature-yiddish-sur-zoom-9\" class=\"more-link\">Continuer la lecture<span class=\"screen-reader-text\"> de &laquo;&nbsp;S\u00e9minaire mensuel de litt\u00e9rature yiddish (en yiddish, sur Zoom)&nbsp;&raquo;<\/span><\/a><\/p>\n","protected":false},"author":2,"featured_media":2928,"template":"","meta":{"_monsterinsights_skip_tracking":false,"_monsterinsights_sitenote_active":false,"_monsterinsights_sitenote_note":"","_monsterinsights_sitenote_category":0,"_tribe_events_status":"","_tribe_events_status_reason":"","footnotes":""},"tags":[],"tribe_events_cat":[45,56],"class_list":["post-2927","tribe_events","type-tribe_events","status-publish","has-post-thumbnail","hentry","tribe_events_cat-seminaire","tribe_events_cat-yiddish","cat_seminaire","cat_yiddish"],"yoast_head":"<!-- This site is optimized with the Yoast SEO plugin v27.5 - https:\/\/yoast.com\/product\/yoast-seo-wordpress\/ -->\n<title>S\u00e9minaire mensuel de litt\u00e9rature yiddish (en yiddish, sur Zoom) - programme.yiddish.paris<\/title>\n<meta name=\"robots\" content=\"index, follow, max-snippet:-1, max-image-preview:large, max-video-preview:-1\" \/>\n<link rel=\"canonical\" href=\"https:\/\/programme.yiddish.paris\/?tribe_events=seminaire-mensuel-de-litterature-yiddish-sur-zoom-9\" \/>\n<meta property=\"og:locale\" content=\"fr_FR\" \/>\n<meta property=\"og:type\" content=\"article\" \/>\n<meta property=\"og:title\" content=\"S\u00e9minaire mensuel de litt\u00e9rature yiddish (en yiddish, sur Zoom) - programme.yiddish.paris\" \/>\n<meta property=\"og:description\" content=\"Th\u00e8me : \u00c9crivains yiddish en Union sovi\u00e9tique S\u00e9minaire mensuel de litt\u00e9rature yiddish\u00a0sous la direction de\u00a0Yitskhok Niborski\u00a0et\u00a0Natalia Krynicka, avec la participation de\u00a0Sharon Bar-Kochva. Dans le cadre de la saison\u00a0La litt\u00e9rature yiddish &hellip; Continuer la lecture de &laquo;&nbsp;S\u00e9minaire mensuel de litt\u00e9rature yiddish (en yiddish, sur Zoom)&nbsp;&raquo;\" \/>\n<meta property=\"og:url\" content=\"https:\/\/programme.yiddish.paris\/?tribe_events=seminaire-mensuel-de-litterature-yiddish-sur-zoom-9\" \/>\n<meta property=\"og:site_name\" content=\"programme.yiddish.paris\" \/>\n<meta property=\"article:modified_time\" content=\"2022-03-29T08:18:52+00:00\" \/>\n<meta property=\"og:image\" content=\"https:\/\/programme.yiddish.paris\/wp-content\/uploads\/2022\/02\/Antifashistisher-komitet.jpeg\" \/>\n\t<meta property=\"og:image:width\" content=\"660\" \/>\n\t<meta property=\"og:image:height\" content=\"371\" \/>\n\t<meta property=\"og:image:type\" content=\"image\/jpeg\" \/>\n<meta name=\"twitter:card\" content=\"summary_large_image\" \/>\n<meta name=\"twitter:label1\" content=\"Dur\u00e9e de lecture estim\u00e9e\" \/>\n\t<meta name=\"twitter:data1\" content=\"1 minute\" \/>\n<script type=\"application\/ld+json\" class=\"yoast-schema-graph\">{\"@context\":\"https:\\\/\\\/schema.org\",\"@graph\":[{\"@type\":\"WebPage\",\"@id\":\"https:\\\/\\\/programme.yiddish.paris\\\/?tribe_events=seminaire-mensuel-de-litterature-yiddish-sur-zoom-9\",\"url\":\"https:\\\/\\\/programme.yiddish.paris\\\/?tribe_events=seminaire-mensuel-de-litterature-yiddish-sur-zoom-9\",\"name\":\"S\u00e9minaire mensuel de litt\u00e9rature yiddish (en yiddish, sur Zoom) - programme.yiddish.paris\",\"isPartOf\":{\"@id\":\"https:\\\/\\\/programme.yiddish.paris\\\/#website\"},\"primaryImageOfPage\":{\"@id\":\"https:\\\/\\\/programme.yiddish.paris\\\/?tribe_events=seminaire-mensuel-de-litterature-yiddish-sur-zoom-9#primaryimage\"},\"image\":{\"@id\":\"https:\\\/\\\/programme.yiddish.paris\\\/?tribe_events=seminaire-mensuel-de-litterature-yiddish-sur-zoom-9#primaryimage\"},\"thumbnailUrl\":\"https:\\\/\\\/programme.yiddish.paris\\\/wp-content\\\/uploads\\\/2022\\\/02\\\/Antifashistisher-komitet.jpeg\",\"datePublished\":\"2022-02-08T09:23:15+00:00\",\"dateModified\":\"2022-03-29T08:18:52+00:00\",\"breadcrumb\":{\"@id\":\"https:\\\/\\\/programme.yiddish.paris\\\/?tribe_events=seminaire-mensuel-de-litterature-yiddish-sur-zoom-9#breadcrumb\"},\"inLanguage\":\"fr-FR\",\"potentialAction\":[{\"@type\":\"ReadAction\",\"target\":[\"https:\\\/\\\/programme.yiddish.paris\\\/?tribe_events=seminaire-mensuel-de-litterature-yiddish-sur-zoom-9\"]}]},{\"@type\":\"ImageObject\",\"inLanguage\":\"fr-FR\",\"@id\":\"https:\\\/\\\/programme.yiddish.paris\\\/?tribe_events=seminaire-mensuel-de-litterature-yiddish-sur-zoom-9#primaryimage\",\"url\":\"https:\\\/\\\/programme.yiddish.paris\\\/wp-content\\\/uploads\\\/2022\\\/02\\\/Antifashistisher-komitet.jpeg\",\"contentUrl\":\"https:\\\/\\\/programme.yiddish.paris\\\/wp-content\\\/uploads\\\/2022\\\/02\\\/Antifashistisher-komitet.jpeg\",\"width\":660,\"height\":371},{\"@type\":\"BreadcrumbList\",\"@id\":\"https:\\\/\\\/programme.yiddish.paris\\\/?tribe_events=seminaire-mensuel-de-litterature-yiddish-sur-zoom-9#breadcrumb\",\"itemListElement\":[{\"@type\":\"ListItem\",\"position\":1,\"name\":\"Home\",\"item\":\"https:\\\/\\\/programme.yiddish.paris\\\/\"},{\"@type\":\"ListItem\",\"position\":2,\"name\":\"\u00c9v\u00e8nements\",\"item\":\"https:\\\/\\\/programme.yiddish.paris\\\/?post_type=tribe_events\"},{\"@type\":\"ListItem\",\"position\":3,\"name\":\"S\u00e9minaire mensuel de litt\u00e9rature yiddish (en yiddish, sur Zoom)\"}]},{\"@type\":\"WebSite\",\"@id\":\"https:\\\/\\\/programme.yiddish.paris\\\/#website\",\"url\":\"https:\\\/\\\/programme.yiddish.paris\\\/\",\"name\":\"programme.yiddish.paris\",\"description\":\"La programmation culturelle de la Maison de la culture yiddish \u2013\u00a0Biblioth\u00e8que Medem\",\"publisher\":{\"@id\":\"https:\\\/\\\/programme.yiddish.paris\\\/#organization\"},\"potentialAction\":[{\"@type\":\"SearchAction\",\"target\":{\"@type\":\"EntryPoint\",\"urlTemplate\":\"https:\\\/\\\/programme.yiddish.paris\\\/?s={search_term_string}\"},\"query-input\":{\"@type\":\"PropertyValueSpecification\",\"valueRequired\":true,\"valueName\":\"search_term_string\"}}],\"inLanguage\":\"fr-FR\"},{\"@type\":\"Organization\",\"@id\":\"https:\\\/\\\/programme.yiddish.paris\\\/#organization\",\"name\":\"programme.yiddish.paris\",\"url\":\"https:\\\/\\\/programme.yiddish.paris\\\/\",\"logo\":{\"@type\":\"ImageObject\",\"inLanguage\":\"fr-FR\",\"@id\":\"https:\\\/\\\/programme.yiddish.paris\\\/#\\\/schema\\\/logo\\\/image\\\/\",\"url\":\"https:\\\/\\\/programme.yiddish.paris\\\/wp-content\\\/uploads\\\/2020\\\/07\\\/cropped-mcy_yud-1.png\",\"contentUrl\":\"https:\\\/\\\/programme.yiddish.paris\\\/wp-content\\\/uploads\\\/2020\\\/07\\\/cropped-mcy_yud-1.png\",\"width\":250,\"height\":250,\"caption\":\"programme.yiddish.paris\"},\"image\":{\"@id\":\"https:\\\/\\\/programme.yiddish.paris\\\/#\\\/schema\\\/logo\\\/image\\\/\"}}]}<\/script>\n<!-- \/ Yoast SEO plugin. -->","yoast_head_json":{"title":"S\u00e9minaire mensuel de litt\u00e9rature yiddish (en yiddish, sur Zoom) - programme.yiddish.paris","robots":{"index":"index","follow":"follow","max-snippet":"max-snippet:-1","max-image-preview":"max-image-preview:large","max-video-preview":"max-video-preview:-1"},"canonical":"https:\/\/programme.yiddish.paris\/?tribe_events=seminaire-mensuel-de-litterature-yiddish-sur-zoom-9","og_locale":"fr_FR","og_type":"article","og_title":"S\u00e9minaire mensuel de litt\u00e9rature yiddish (en yiddish, sur Zoom) - programme.yiddish.paris","og_description":"Th\u00e8me : \u00c9crivains yiddish en Union sovi\u00e9tique S\u00e9minaire mensuel de litt\u00e9rature yiddish\u00a0sous la direction de\u00a0Yitskhok Niborski\u00a0et\u00a0Natalia Krynicka, avec la participation de\u00a0Sharon Bar-Kochva. Dans le cadre de la saison\u00a0La litt\u00e9rature yiddish &hellip; Continuer la lecture de &laquo;&nbsp;S\u00e9minaire mensuel de litt\u00e9rature yiddish (en yiddish, sur Zoom)&nbsp;&raquo;","og_url":"https:\/\/programme.yiddish.paris\/?tribe_events=seminaire-mensuel-de-litterature-yiddish-sur-zoom-9","og_site_name":"programme.yiddish.paris","article_modified_time":"2022-03-29T08:18:52+00:00","og_image":[{"width":660,"height":371,"url":"https:\/\/programme.yiddish.paris\/wp-content\/uploads\/2022\/02\/Antifashistisher-komitet.jpeg","type":"image\/jpeg"}],"twitter_card":"summary_large_image","twitter_misc":{"Dur\u00e9e de lecture estim\u00e9e":"1 minute"},"schema":{"@context":"https:\/\/schema.org","@graph":[{"@type":"WebPage","@id":"https:\/\/programme.yiddish.paris\/?tribe_events=seminaire-mensuel-de-litterature-yiddish-sur-zoom-9","url":"https:\/\/programme.yiddish.paris\/?tribe_events=seminaire-mensuel-de-litterature-yiddish-sur-zoom-9","name":"S\u00e9minaire mensuel de litt\u00e9rature yiddish (en yiddish, sur Zoom) - programme.yiddish.paris","isPartOf":{"@id":"https:\/\/programme.yiddish.paris\/#website"},"primaryImageOfPage":{"@id":"https:\/\/programme.yiddish.paris\/?tribe_events=seminaire-mensuel-de-litterature-yiddish-sur-zoom-9#primaryimage"},"image":{"@id":"https:\/\/programme.yiddish.paris\/?tribe_events=seminaire-mensuel-de-litterature-yiddish-sur-zoom-9#primaryimage"},"thumbnailUrl":"https:\/\/programme.yiddish.paris\/wp-content\/uploads\/2022\/02\/Antifashistisher-komitet.jpeg","datePublished":"2022-02-08T09:23:15+00:00","dateModified":"2022-03-29T08:18:52+00:00","breadcrumb":{"@id":"https:\/\/programme.yiddish.paris\/?tribe_events=seminaire-mensuel-de-litterature-yiddish-sur-zoom-9#breadcrumb"},"inLanguage":"fr-FR","potentialAction":[{"@type":"ReadAction","target":["https:\/\/programme.yiddish.paris\/?tribe_events=seminaire-mensuel-de-litterature-yiddish-sur-zoom-9"]}]},{"@type":"ImageObject","inLanguage":"fr-FR","@id":"https:\/\/programme.yiddish.paris\/?tribe_events=seminaire-mensuel-de-litterature-yiddish-sur-zoom-9#primaryimage","url":"https:\/\/programme.yiddish.paris\/wp-content\/uploads\/2022\/02\/Antifashistisher-komitet.jpeg","contentUrl":"https:\/\/programme.yiddish.paris\/wp-content\/uploads\/2022\/02\/Antifashistisher-komitet.jpeg","width":660,"height":371},{"@type":"BreadcrumbList","@id":"https:\/\/programme.yiddish.paris\/?tribe_events=seminaire-mensuel-de-litterature-yiddish-sur-zoom-9#breadcrumb","itemListElement":[{"@type":"ListItem","position":1,"name":"Home","item":"https:\/\/programme.yiddish.paris\/"},{"@type":"ListItem","position":2,"name":"\u00c9v\u00e8nements","item":"https:\/\/programme.yiddish.paris\/?post_type=tribe_events"},{"@type":"ListItem","position":3,"name":"S\u00e9minaire mensuel de litt\u00e9rature yiddish (en yiddish, sur Zoom)"}]},{"@type":"WebSite","@id":"https:\/\/programme.yiddish.paris\/#website","url":"https:\/\/programme.yiddish.paris\/","name":"programme.yiddish.paris","description":"La programmation culturelle de la Maison de la culture yiddish \u2013\u00a0Biblioth\u00e8que Medem","publisher":{"@id":"https:\/\/programme.yiddish.paris\/#organization"},"potentialAction":[{"@type":"SearchAction","target":{"@type":"EntryPoint","urlTemplate":"https:\/\/programme.yiddish.paris\/?s={search_term_string}"},"query-input":{"@type":"PropertyValueSpecification","valueRequired":true,"valueName":"search_term_string"}}],"inLanguage":"fr-FR"},{"@type":"Organization","@id":"https:\/\/programme.yiddish.paris\/#organization","name":"programme.yiddish.paris","url":"https:\/\/programme.yiddish.paris\/","logo":{"@type":"ImageObject","inLanguage":"fr-FR","@id":"https:\/\/programme.yiddish.paris\/#\/schema\/logo\/image\/","url":"https:\/\/programme.yiddish.paris\/wp-content\/uploads\/2020\/07\/cropped-mcy_yud-1.png","contentUrl":"https:\/\/programme.yiddish.paris\/wp-content\/uploads\/2020\/07\/cropped-mcy_yud-1.png","width":250,"height":250,"caption":"programme.yiddish.paris"},"image":{"@id":"https:\/\/programme.yiddish.paris\/#\/schema\/logo\/image\/"}}]}},"_links":{"self":[{"href":"https:\/\/programme.yiddish.paris\/index.php?rest_route=\/wp\/v2\/tribe_events\/2927","targetHints":{"allow":["GET"]}}],"collection":[{"href":"https:\/\/programme.yiddish.paris\/index.php?rest_route=\/wp\/v2\/tribe_events"}],"about":[{"href":"https:\/\/programme.yiddish.paris\/index.php?rest_route=\/wp\/v2\/types\/tribe_events"}],"author":[{"embeddable":true,"href":"https:\/\/programme.yiddish.paris\/index.php?rest_route=\/wp\/v2\/users\/2"}],"version-history":[{"count":4,"href":"https:\/\/programme.yiddish.paris\/index.php?rest_route=\/wp\/v2\/tribe_events\/2927\/revisions"}],"predecessor-version":[{"id":3164,"href":"https:\/\/programme.yiddish.paris\/index.php?rest_route=\/wp\/v2\/tribe_events\/2927\/revisions\/3164"}],"wp:featuredmedia":[{"embeddable":true,"href":"https:\/\/programme.yiddish.paris\/index.php?rest_route=\/wp\/v2\/media\/2928"}],"wp:attachment":[{"href":"https:\/\/programme.yiddish.paris\/index.php?rest_route=%2Fwp%2Fv2%2Fmedia&parent=2927"}],"wp:term":[{"taxonomy":"post_tag","embeddable":true,"href":"https:\/\/programme.yiddish.paris\/index.php?rest_route=%2Fwp%2Fv2%2Ftags&post=2927"},{"taxonomy":"tribe_events_cat","embeddable":true,"href":"https:\/\/programme.yiddish.paris\/index.php?rest_route=%2Fwp%2Fv2%2Ftribe_events_cat&post=2927"}],"curies":[{"name":"wp","href":"https:\/\/api.w.org\/{rel}","templated":true}]}}