{"id":2981,"date":"2022-02-09T12:33:21","date_gmt":"2022-02-09T11:33:21","guid":{"rendered":"https:\/\/programme.yiddish.paris\/?post_type=tribe_events&#038;p=2981"},"modified":"2022-02-09T12:33:21","modified_gmt":"2022-02-09T11:33:21","slug":"voix-voie-meditative-avec-shura-lipovsky-9","status":"publish","type":"tribe_events","link":"https:\/\/programme.yiddish.paris\/?tribe_events=voix-voie-meditative-avec-shura-lipovsky-9","title":{"rendered":"Voix\/voie m\u00e9ditative avec Shura Lipovsky"},"content":{"rendered":"<h2>\u00ab Voie m\u00e9ditative, voix authentique \u00bb<\/h2>\n<h3>Anim\u00e9e par\u00a0<strong>Shura Lipovsky<\/strong><\/h3>\n<h4>Horaires en 2022 : le lundi de 19h30 \u00e0 22h00.<\/h4>\n<p>Depuis de nombreuses ann\u00e9es,\u00a0<strong>Shura Lipovsky<\/strong>\u00a0anime des ateliers de chant et mouvement dans diff\u00e9rents pays d\u2019Europe et en Am\u00e9rique.<\/p>\n<p>Elle a \u00e9tudi\u00e9 l\u2019interaction de la voix et du mouvement sur la circulation des flux \u00e9nerg\u00e9tiques de la personne, et mis au point une m\u00e9thode originale bas\u00e9e sur ses connaissances de la culture traditionnelle ashk\u00e9naze et de la spiritualit\u00e9 juive. Gr\u00e2ce aux\u00a0<em>nigunim<\/em>\u00a0(m\u00e9lodies mystiques), au mouvement, \u00e0 la relaxation et la m\u00e9ditation, les participants partent \u00e0 la d\u00e9couverte de leur vraie \u00ab\u00a0voix\/voie\u00a0\u00bb. Une exp\u00e9rience int\u00e9rieure et artistique.<\/p>\n<p>Les personnes rencontrant des difficult\u00e9s financi\u00e8res peuvent demander l\u2019attribution d\u2019une bourse\u00a0:<strong>\u00a0<a href=\"mailto:stipendyes@yiddishweb.com\">stipendyes@yiddishweb.com<\/a><\/strong><\/p>\n<p>Renseignements aupr\u00e8s d\u2019<strong>Estelle Hulack\u00a0<\/strong>\u00a0:\u00a0<a href=\"mailto:estelle@yiddishweb.com\">estelle@yiddishweb.com<\/a><\/p>\n<p><em>Tarif :\u00a070\u2009\u20ac pour 3 s\u00e9ances ou 25\u2009\u20ac la s\u00e9ance.<\/em><\/p>\n<p><em>\u00a0<a href=\"https:\/\/www.helloasso.com\/associations\/maison-de-la-culture-yiddish-bibliotheque-medem\/adhesions\/adhesion-en-ligne-a-la-maison-de-la-culture-yiddish-2021-2022\">L\u2019adh\u00e9sion\u00a0\u00e0 la Maison de la culture yiddish pour l\u2019ann\u00e9e 2021\/2022<\/a>\u00a0est obligatoire pour participer \u00e0 cet atelier.<\/em><\/p>\n<p><strong><a href=\"https:\/\/www.helloasso.com\/associations\/maison-de-la-culture-yiddish-bibliotheque-medem\/evenements\/mcy-voix-voie-meditative-3-2021\">Cliquez ici<\/a>\u00a0<\/strong>pour r\u00e9server (r\u00e9servation obligatoire).<\/p>\n<p><strong>Attention : au moment du r\u00e8glement, la plateforme Helloassso vous proposera d\u2019ajouter une contribution \u00e0 son fonctionnement. Celle-ci est optionnelle, et vous pouvez changer son montant ou bien l\u2019annuler en appuyant sur le bouton \u00ab\u00a0Modifier\u00a0\u00bb.<\/strong><\/p>\n","protected":false},"excerpt":{"rendered":"<p>\u00ab Voie m\u00e9ditative, voix authentique \u00bb Anim\u00e9e par\u00a0Shura Lipovsky Horaires en 2022 : le lundi de 19h30 \u00e0 22h00. Depuis de nombreuses ann\u00e9es,\u00a0Shura Lipovsky\u00a0anime des ateliers de chant et mouvement &hellip; <\/p>\n<p class=\"link-more\"><a href=\"https:\/\/programme.yiddish.paris\/?tribe_events=voix-voie-meditative-avec-shura-lipovsky-9\" class=\"more-link\">Continuer la lecture<span class=\"screen-reader-text\"> de &laquo;&nbsp;Voix\/voie m\u00e9ditative avec Shura Lipovsky&nbsp;&raquo;<\/span><\/a><\/p>\n","protected":false},"author":2,"featured_media":2314,"template":"","meta":{"_monsterinsights_skip_tracking":false,"_monsterinsights_sitenote_active":false,"_monsterinsights_sitenote_note":"","_monsterinsights_sitenote_category":0,"_tribe_events_status":"","_tribe_events_status_reason":"","footnotes":""},"tags":[],"tribe_events_cat":[42,55],"class_list":["post-2981","tribe_events","type-tribe_events","status-publish","has-post-thumbnail","hentry","tribe_events_cat-atelier","tribe_events_cat-francais","cat_atelier","cat_francais"],"yoast_head":"<!-- This site is optimized with the Yoast SEO plugin v27.5 - https:\/\/yoast.com\/product\/yoast-seo-wordpress\/ -->\n<title>Voix\/voie m\u00e9ditative avec Shura Lipovsky - programme.yiddish.paris<\/title>\n<meta name=\"robots\" content=\"index, follow, max-snippet:-1, max-image-preview:large, max-video-preview:-1\" \/>\n<link rel=\"canonical\" href=\"https:\/\/programme.yiddish.paris\/?tribe_events=voix-voie-meditative-avec-shura-lipovsky-9\" \/>\n<meta property=\"og:locale\" content=\"fr_FR\" \/>\n<meta property=\"og:type\" content=\"article\" \/>\n<meta property=\"og:title\" content=\"Voix\/voie m\u00e9ditative avec Shura Lipovsky - programme.yiddish.paris\" \/>\n<meta property=\"og:description\" content=\"\u00ab Voie m\u00e9ditative, voix authentique \u00bb Anim\u00e9e par\u00a0Shura Lipovsky Horaires en 2022 : le lundi de 19h30 \u00e0 22h00. Depuis de nombreuses ann\u00e9es,\u00a0Shura Lipovsky\u00a0anime des ateliers de chant et mouvement &hellip; Continuer la lecture de &laquo;&nbsp;Voix\/voie m\u00e9ditative avec Shura Lipovsky&nbsp;&raquo;\" \/>\n<meta property=\"og:url\" content=\"https:\/\/programme.yiddish.paris\/?tribe_events=voix-voie-meditative-avec-shura-lipovsky-9\" \/>\n<meta property=\"og:site_name\" content=\"programme.yiddish.paris\" \/>\n<meta property=\"og:image\" content=\"https:\/\/programme.yiddish.paris\/wp-content\/uploads\/2021\/09\/Shura.png\" \/>\n\t<meta property=\"og:image:width\" content=\"555\" \/>\n\t<meta property=\"og:image:height\" content=\"370\" \/>\n\t<meta property=\"og:image:type\" content=\"image\/png\" \/>\n<meta name=\"twitter:card\" content=\"summary_large_image\" \/>\n<meta name=\"twitter:label1\" content=\"Dur\u00e9e de lecture estim\u00e9e\" \/>\n\t<meta name=\"twitter:data1\" content=\"1 minute\" \/>\n<script type=\"application\/ld+json\" class=\"yoast-schema-graph\">{\"@context\":\"https:\\\/\\\/schema.org\",\"@graph\":[{\"@type\":\"WebPage\",\"@id\":\"https:\\\/\\\/programme.yiddish.paris\\\/?tribe_events=voix-voie-meditative-avec-shura-lipovsky-9\",\"url\":\"https:\\\/\\\/programme.yiddish.paris\\\/?tribe_events=voix-voie-meditative-avec-shura-lipovsky-9\",\"name\":\"Voix\\\/voie m\u00e9ditative avec Shura Lipovsky - programme.yiddish.paris\",\"isPartOf\":{\"@id\":\"https:\\\/\\\/programme.yiddish.paris\\\/#website\"},\"primaryImageOfPage\":{\"@id\":\"https:\\\/\\\/programme.yiddish.paris\\\/?tribe_events=voix-voie-meditative-avec-shura-lipovsky-9#primaryimage\"},\"image\":{\"@id\":\"https:\\\/\\\/programme.yiddish.paris\\\/?tribe_events=voix-voie-meditative-avec-shura-lipovsky-9#primaryimage\"},\"thumbnailUrl\":\"https:\\\/\\\/programme.yiddish.paris\\\/wp-content\\\/uploads\\\/2021\\\/09\\\/Shura.png\",\"datePublished\":\"2022-02-09T11:33:21+00:00\",\"breadcrumb\":{\"@id\":\"https:\\\/\\\/programme.yiddish.paris\\\/?tribe_events=voix-voie-meditative-avec-shura-lipovsky-9#breadcrumb\"},\"inLanguage\":\"fr-FR\",\"potentialAction\":[{\"@type\":\"ReadAction\",\"target\":[\"https:\\\/\\\/programme.yiddish.paris\\\/?tribe_events=voix-voie-meditative-avec-shura-lipovsky-9\"]}]},{\"@type\":\"ImageObject\",\"inLanguage\":\"fr-FR\",\"@id\":\"https:\\\/\\\/programme.yiddish.paris\\\/?tribe_events=voix-voie-meditative-avec-shura-lipovsky-9#primaryimage\",\"url\":\"https:\\\/\\\/programme.yiddish.paris\\\/wp-content\\\/uploads\\\/2021\\\/09\\\/Shura.png\",\"contentUrl\":\"https:\\\/\\\/programme.yiddish.paris\\\/wp-content\\\/uploads\\\/2021\\\/09\\\/Shura.png\",\"width\":555,\"height\":370},{\"@type\":\"BreadcrumbList\",\"@id\":\"https:\\\/\\\/programme.yiddish.paris\\\/?tribe_events=voix-voie-meditative-avec-shura-lipovsky-9#breadcrumb\",\"itemListElement\":[{\"@type\":\"ListItem\",\"position\":1,\"name\":\"Home\",\"item\":\"https:\\\/\\\/programme.yiddish.paris\\\/\"},{\"@type\":\"ListItem\",\"position\":2,\"name\":\"\u00c9v\u00e8nements\",\"item\":\"https:\\\/\\\/programme.yiddish.paris\\\/?post_type=tribe_events\"},{\"@type\":\"ListItem\",\"position\":3,\"name\":\"Voix\\\/voie m\u00e9ditative avec Shura Lipovsky\"}]},{\"@type\":\"WebSite\",\"@id\":\"https:\\\/\\\/programme.yiddish.paris\\\/#website\",\"url\":\"https:\\\/\\\/programme.yiddish.paris\\\/\",\"name\":\"programme.yiddish.paris\",\"description\":\"La programmation culturelle de la Maison de la culture yiddish \u2013\u00a0Biblioth\u00e8que Medem\",\"publisher\":{\"@id\":\"https:\\\/\\\/programme.yiddish.paris\\\/#organization\"},\"potentialAction\":[{\"@type\":\"SearchAction\",\"target\":{\"@type\":\"EntryPoint\",\"urlTemplate\":\"https:\\\/\\\/programme.yiddish.paris\\\/?s={search_term_string}\"},\"query-input\":{\"@type\":\"PropertyValueSpecification\",\"valueRequired\":true,\"valueName\":\"search_term_string\"}}],\"inLanguage\":\"fr-FR\"},{\"@type\":\"Organization\",\"@id\":\"https:\\\/\\\/programme.yiddish.paris\\\/#organization\",\"name\":\"programme.yiddish.paris\",\"url\":\"https:\\\/\\\/programme.yiddish.paris\\\/\",\"logo\":{\"@type\":\"ImageObject\",\"inLanguage\":\"fr-FR\",\"@id\":\"https:\\\/\\\/programme.yiddish.paris\\\/#\\\/schema\\\/logo\\\/image\\\/\",\"url\":\"https:\\\/\\\/programme.yiddish.paris\\\/wp-content\\\/uploads\\\/2020\\\/07\\\/cropped-mcy_yud-1.png\",\"contentUrl\":\"https:\\\/\\\/programme.yiddish.paris\\\/wp-content\\\/uploads\\\/2020\\\/07\\\/cropped-mcy_yud-1.png\",\"width\":250,\"height\":250,\"caption\":\"programme.yiddish.paris\"},\"image\":{\"@id\":\"https:\\\/\\\/programme.yiddish.paris\\\/#\\\/schema\\\/logo\\\/image\\\/\"}}]}<\/script>\n<!-- \/ Yoast SEO plugin. -->","yoast_head_json":{"title":"Voix\/voie m\u00e9ditative avec Shura Lipovsky - programme.yiddish.paris","robots":{"index":"index","follow":"follow","max-snippet":"max-snippet:-1","max-image-preview":"max-image-preview:large","max-video-preview":"max-video-preview:-1"},"canonical":"https:\/\/programme.yiddish.paris\/?tribe_events=voix-voie-meditative-avec-shura-lipovsky-9","og_locale":"fr_FR","og_type":"article","og_title":"Voix\/voie m\u00e9ditative avec Shura Lipovsky - programme.yiddish.paris","og_description":"\u00ab Voie m\u00e9ditative, voix authentique \u00bb Anim\u00e9e par\u00a0Shura Lipovsky Horaires en 2022 : le lundi de 19h30 \u00e0 22h00. Depuis de nombreuses ann\u00e9es,\u00a0Shura Lipovsky\u00a0anime des ateliers de chant et mouvement &hellip; Continuer la lecture de &laquo;&nbsp;Voix\/voie m\u00e9ditative avec Shura Lipovsky&nbsp;&raquo;","og_url":"https:\/\/programme.yiddish.paris\/?tribe_events=voix-voie-meditative-avec-shura-lipovsky-9","og_site_name":"programme.yiddish.paris","og_image":[{"width":555,"height":370,"url":"https:\/\/programme.yiddish.paris\/wp-content\/uploads\/2021\/09\/Shura.png","type":"image\/png"}],"twitter_card":"summary_large_image","twitter_misc":{"Dur\u00e9e de lecture estim\u00e9e":"1 minute"},"schema":{"@context":"https:\/\/schema.org","@graph":[{"@type":"WebPage","@id":"https:\/\/programme.yiddish.paris\/?tribe_events=voix-voie-meditative-avec-shura-lipovsky-9","url":"https:\/\/programme.yiddish.paris\/?tribe_events=voix-voie-meditative-avec-shura-lipovsky-9","name":"Voix\/voie m\u00e9ditative avec Shura Lipovsky - programme.yiddish.paris","isPartOf":{"@id":"https:\/\/programme.yiddish.paris\/#website"},"primaryImageOfPage":{"@id":"https:\/\/programme.yiddish.paris\/?tribe_events=voix-voie-meditative-avec-shura-lipovsky-9#primaryimage"},"image":{"@id":"https:\/\/programme.yiddish.paris\/?tribe_events=voix-voie-meditative-avec-shura-lipovsky-9#primaryimage"},"thumbnailUrl":"https:\/\/programme.yiddish.paris\/wp-content\/uploads\/2021\/09\/Shura.png","datePublished":"2022-02-09T11:33:21+00:00","breadcrumb":{"@id":"https:\/\/programme.yiddish.paris\/?tribe_events=voix-voie-meditative-avec-shura-lipovsky-9#breadcrumb"},"inLanguage":"fr-FR","potentialAction":[{"@type":"ReadAction","target":["https:\/\/programme.yiddish.paris\/?tribe_events=voix-voie-meditative-avec-shura-lipovsky-9"]}]},{"@type":"ImageObject","inLanguage":"fr-FR","@id":"https:\/\/programme.yiddish.paris\/?tribe_events=voix-voie-meditative-avec-shura-lipovsky-9#primaryimage","url":"https:\/\/programme.yiddish.paris\/wp-content\/uploads\/2021\/09\/Shura.png","contentUrl":"https:\/\/programme.yiddish.paris\/wp-content\/uploads\/2021\/09\/Shura.png","width":555,"height":370},{"@type":"BreadcrumbList","@id":"https:\/\/programme.yiddish.paris\/?tribe_events=voix-voie-meditative-avec-shura-lipovsky-9#breadcrumb","itemListElement":[{"@type":"ListItem","position":1,"name":"Home","item":"https:\/\/programme.yiddish.paris\/"},{"@type":"ListItem","position":2,"name":"\u00c9v\u00e8nements","item":"https:\/\/programme.yiddish.paris\/?post_type=tribe_events"},{"@type":"ListItem","position":3,"name":"Voix\/voie m\u00e9ditative avec Shura Lipovsky"}]},{"@type":"WebSite","@id":"https:\/\/programme.yiddish.paris\/#website","url":"https:\/\/programme.yiddish.paris\/","name":"programme.yiddish.paris","description":"La programmation culturelle de la Maison de la culture yiddish \u2013\u00a0Biblioth\u00e8que Medem","publisher":{"@id":"https:\/\/programme.yiddish.paris\/#organization"},"potentialAction":[{"@type":"SearchAction","target":{"@type":"EntryPoint","urlTemplate":"https:\/\/programme.yiddish.paris\/?s={search_term_string}"},"query-input":{"@type":"PropertyValueSpecification","valueRequired":true,"valueName":"search_term_string"}}],"inLanguage":"fr-FR"},{"@type":"Organization","@id":"https:\/\/programme.yiddish.paris\/#organization","name":"programme.yiddish.paris","url":"https:\/\/programme.yiddish.paris\/","logo":{"@type":"ImageObject","inLanguage":"fr-FR","@id":"https:\/\/programme.yiddish.paris\/#\/schema\/logo\/image\/","url":"https:\/\/programme.yiddish.paris\/wp-content\/uploads\/2020\/07\/cropped-mcy_yud-1.png","contentUrl":"https:\/\/programme.yiddish.paris\/wp-content\/uploads\/2020\/07\/cropped-mcy_yud-1.png","width":250,"height":250,"caption":"programme.yiddish.paris"},"image":{"@id":"https:\/\/programme.yiddish.paris\/#\/schema\/logo\/image\/"}}]}},"_links":{"self":[{"href":"https:\/\/programme.yiddish.paris\/index.php?rest_route=\/wp\/v2\/tribe_events\/2981","targetHints":{"allow":["GET"]}}],"collection":[{"href":"https:\/\/programme.yiddish.paris\/index.php?rest_route=\/wp\/v2\/tribe_events"}],"about":[{"href":"https:\/\/programme.yiddish.paris\/index.php?rest_route=\/wp\/v2\/types\/tribe_events"}],"author":[{"embeddable":true,"href":"https:\/\/programme.yiddish.paris\/index.php?rest_route=\/wp\/v2\/users\/2"}],"version-history":[{"count":1,"href":"https:\/\/programme.yiddish.paris\/index.php?rest_route=\/wp\/v2\/tribe_events\/2981\/revisions"}],"predecessor-version":[{"id":2982,"href":"https:\/\/programme.yiddish.paris\/index.php?rest_route=\/wp\/v2\/tribe_events\/2981\/revisions\/2982"}],"wp:featuredmedia":[{"embeddable":true,"href":"https:\/\/programme.yiddish.paris\/index.php?rest_route=\/wp\/v2\/media\/2314"}],"wp:attachment":[{"href":"https:\/\/programme.yiddish.paris\/index.php?rest_route=%2Fwp%2Fv2%2Fmedia&parent=2981"}],"wp:term":[{"taxonomy":"post_tag","embeddable":true,"href":"https:\/\/programme.yiddish.paris\/index.php?rest_route=%2Fwp%2Fv2%2Ftags&post=2981"},{"taxonomy":"tribe_events_cat","embeddable":true,"href":"https:\/\/programme.yiddish.paris\/index.php?rest_route=%2Fwp%2Fv2%2Ftribe_events_cat&post=2981"}],"curies":[{"name":"wp","href":"https:\/\/api.w.org\/{rel}","templated":true}]}}