{"id":3175,"date":"2022-04-01T07:29:05","date_gmt":"2022-04-01T05:29:05","guid":{"rendered":"https:\/\/programme.yiddish.paris\/?post_type=tribe_events&#038;p=3175"},"modified":"2022-04-01T07:29:05","modified_gmt":"2022-04-01T05:29:05","slug":"exposition-de-babylone-a-new-york-metamorphoses-du-pourim-shpil","status":"publish","type":"tribe_events","link":"https:\/\/programme.yiddish.paris\/?tribe_events=exposition-de-babylone-a-new-york-metamorphoses-du-pourim-shpil","title":{"rendered":"Exposition \u00ab De Babylone \u00e0 New York, M\u00e9tamorphoses du Pourim shpil \u00bb"},"content":{"rendered":"<h2>\u00ab De Babylone \u00e0 New York, M\u00e9tamorphoses du Pourim shpil \u00bb : l\u2019exposition organis\u00e9e par le Collectif Pourim shpil<\/h2>\n<p>Du <strong>2 au 16 avril<\/strong>\u00a0\u00e0 la\u00a0<strong>Maison de la culture yiddish \u2013 Biblioth\u00e8que Medem<\/strong>, aux heures d\u2019ouverture de la Maison.<\/p>\n<p class=\"p1\">Apparu au XVIIe si\u00e8cle dans les communaut\u00e9s yiddishophones d\u2019Europe, le Pourim shpil est la premi\u00e8re forme de th\u00e9\u00e2tre yiddish. \u00c0 l\u2019origine c\u2019est une sayn\u00e8te jou\u00e9e par des acteurs improvis\u00e9s \u00e0 l\u2019occasion de la f\u00eate de Pourim qui comm\u00e9more le sauvetage des Juifs par Esther au temps d\u2019Assu\u00e9rus et s\u2019accompagne de joyeuses manifestations carnavalesques. Le Pourim shpil se caract\u00e9rise par la satire et la transgression et trouve souvent son inspiration dans l\u2019actualit\u00e9 des communaut\u00e9s juives.<\/p>\n<p class=\"p1\">Les quinze panneaux de cette exposition retracent l\u2019\u00e9volution du Pourim shpil en montrant l\u2019\u00e9volution de ses formes et ses liens avec le th\u00e9\u00e2tre jusqu\u2019\u00e0 aujourd\u2019hui.<\/p>\n<p class=\"p1\">Cr\u00e9\u00e9e en 2012 le Collectif Pourim shpil a pour but de faire inscrire le Pourim shpil au Patrimoine culturel immat\u00e9riel de l\u2019UNESCO. En 2016, une \u00e9tape a \u00e9t\u00e9 franchie : le Pourim shpil a fait son apparition dans la liste du patrimoine culturel immat\u00e9riel en France sur le site du minist\u00e8re de la Culture.<\/p>\n<p class=\"p1\">Le Collectif s\u2019est constitu\u00e9 autour de quatre associations : l\u2019AACCE Association des amis de la Commission centrale de l\u2019enfance, le Centre Medem \u2013 Arbeter Ring, le Cercle Bernard Lazare et la Maison de la culture yiddish, auxquelles se sont jointes Aki Estamos, Al Syete, Yiddish pour tous.<\/p>\n","protected":false},"excerpt":{"rendered":"<p>\u00ab De Babylone \u00e0 New York, M\u00e9tamorphoses du Pourim shpil \u00bb : l\u2019exposition organis\u00e9e par le Collectif Pourim shpil Du 2 au 16 avril\u00a0\u00e0 la\u00a0Maison de la culture yiddish \u2013 &hellip; <\/p>\n<p class=\"link-more\"><a href=\"https:\/\/programme.yiddish.paris\/?tribe_events=exposition-de-babylone-a-new-york-metamorphoses-du-pourim-shpil\" class=\"more-link\">Continuer la lecture<span class=\"screen-reader-text\"> de &laquo;&nbsp;Exposition \u00ab De Babylone \u00e0 New York, M\u00e9tamorphoses du Pourim shpil \u00bb&nbsp;&raquo;<\/span><\/a><\/p>\n","protected":false},"author":2,"featured_media":3049,"template":"","meta":{"_monsterinsights_skip_tracking":false,"_monsterinsights_sitenote_active":false,"_monsterinsights_sitenote_note":"","_monsterinsights_sitenote_category":0,"_tribe_events_status":"","_tribe_events_status_reason":"","footnotes":""},"tags":[],"tribe_events_cat":[76],"class_list":["post-3175","tribe_events","type-tribe_events","status-publish","has-post-thumbnail","hentry","tribe_events_cat-exposition","cat_exposition"],"yoast_head":"<!-- This site is optimized with the Yoast SEO plugin v27.5 - https:\/\/yoast.com\/product\/yoast-seo-wordpress\/ -->\n<title>Exposition \u00ab De Babylone \u00e0 New York, M\u00e9tamorphoses du Pourim shpil \u00bb - programme.yiddish.paris<\/title>\n<meta name=\"robots\" content=\"index, follow, max-snippet:-1, max-image-preview:large, max-video-preview:-1\" \/>\n<link rel=\"canonical\" href=\"https:\/\/programme.yiddish.paris\/?tribe_events=exposition-de-babylone-a-new-york-metamorphoses-du-pourim-shpil\" \/>\n<meta property=\"og:locale\" content=\"fr_FR\" \/>\n<meta property=\"og:type\" content=\"article\" \/>\n<meta property=\"og:title\" content=\"Exposition \u00ab De Babylone \u00e0 New York, M\u00e9tamorphoses du Pourim shpil \u00bb - programme.yiddish.paris\" \/>\n<meta property=\"og:description\" content=\"\u00ab De Babylone \u00e0 New York, M\u00e9tamorphoses du Pourim shpil \u00bb : l\u2019exposition organis\u00e9e par le Collectif Pourim shpil Du 2 au 16 avril\u00a0\u00e0 la\u00a0Maison de la culture yiddish \u2013 &hellip; Continuer la lecture de &laquo;&nbsp;Exposition \u00ab De Babylone \u00e0 New York, M\u00e9tamorphoses du Pourim shpil \u00bb&nbsp;&raquo;\" \/>\n<meta property=\"og:url\" content=\"https:\/\/programme.yiddish.paris\/?tribe_events=exposition-de-babylone-a-new-york-metamorphoses-du-pourim-shpil\" \/>\n<meta property=\"og:site_name\" content=\"programme.yiddish.paris\" \/>\n<meta property=\"og:image\" content=\"https:\/\/programme.yiddish.paris\/wp-content\/uploads\/2022\/03\/pourim-shpil-fl.png\" \/>\n\t<meta property=\"og:image:width\" content=\"1750\" \/>\n\t<meta property=\"og:image:height\" content=\"1046\" \/>\n\t<meta property=\"og:image:type\" content=\"image\/png\" \/>\n<meta name=\"twitter:card\" content=\"summary_large_image\" \/>\n<meta name=\"twitter:label1\" content=\"Dur\u00e9e de lecture estim\u00e9e\" \/>\n\t<meta name=\"twitter:data1\" content=\"1 minute\" \/>\n<script type=\"application\/ld+json\" class=\"yoast-schema-graph\">{\"@context\":\"https:\\\/\\\/schema.org\",\"@graph\":[{\"@type\":\"WebPage\",\"@id\":\"https:\\\/\\\/programme.yiddish.paris\\\/?tribe_events=exposition-de-babylone-a-new-york-metamorphoses-du-pourim-shpil\",\"url\":\"https:\\\/\\\/programme.yiddish.paris\\\/?tribe_events=exposition-de-babylone-a-new-york-metamorphoses-du-pourim-shpil\",\"name\":\"Exposition \u00ab De Babylone \u00e0 New York, M\u00e9tamorphoses du Pourim shpil \u00bb - programme.yiddish.paris\",\"isPartOf\":{\"@id\":\"https:\\\/\\\/programme.yiddish.paris\\\/#website\"},\"primaryImageOfPage\":{\"@id\":\"https:\\\/\\\/programme.yiddish.paris\\\/?tribe_events=exposition-de-babylone-a-new-york-metamorphoses-du-pourim-shpil#primaryimage\"},\"image\":{\"@id\":\"https:\\\/\\\/programme.yiddish.paris\\\/?tribe_events=exposition-de-babylone-a-new-york-metamorphoses-du-pourim-shpil#primaryimage\"},\"thumbnailUrl\":\"https:\\\/\\\/programme.yiddish.paris\\\/wp-content\\\/uploads\\\/2022\\\/03\\\/pourim-shpil-fl.png\",\"datePublished\":\"2022-04-01T05:29:05+00:00\",\"breadcrumb\":{\"@id\":\"https:\\\/\\\/programme.yiddish.paris\\\/?tribe_events=exposition-de-babylone-a-new-york-metamorphoses-du-pourim-shpil#breadcrumb\"},\"inLanguage\":\"fr-FR\",\"potentialAction\":[{\"@type\":\"ReadAction\",\"target\":[\"https:\\\/\\\/programme.yiddish.paris\\\/?tribe_events=exposition-de-babylone-a-new-york-metamorphoses-du-pourim-shpil\"]}]},{\"@type\":\"ImageObject\",\"inLanguage\":\"fr-FR\",\"@id\":\"https:\\\/\\\/programme.yiddish.paris\\\/?tribe_events=exposition-de-babylone-a-new-york-metamorphoses-du-pourim-shpil#primaryimage\",\"url\":\"https:\\\/\\\/programme.yiddish.paris\\\/wp-content\\\/uploads\\\/2022\\\/03\\\/pourim-shpil-fl.png\",\"contentUrl\":\"https:\\\/\\\/programme.yiddish.paris\\\/wp-content\\\/uploads\\\/2022\\\/03\\\/pourim-shpil-fl.png\",\"width\":1750,\"height\":1046},{\"@type\":\"BreadcrumbList\",\"@id\":\"https:\\\/\\\/programme.yiddish.paris\\\/?tribe_events=exposition-de-babylone-a-new-york-metamorphoses-du-pourim-shpil#breadcrumb\",\"itemListElement\":[{\"@type\":\"ListItem\",\"position\":1,\"name\":\"Home\",\"item\":\"https:\\\/\\\/programme.yiddish.paris\\\/\"},{\"@type\":\"ListItem\",\"position\":2,\"name\":\"\u00c9v\u00e8nements\",\"item\":\"https:\\\/\\\/programme.yiddish.paris\\\/?post_type=tribe_events\"},{\"@type\":\"ListItem\",\"position\":3,\"name\":\"Exposition \u00ab De Babylone \u00e0 New York, M\u00e9tamorphoses du Pourim shpil \u00bb\"}]},{\"@type\":\"WebSite\",\"@id\":\"https:\\\/\\\/programme.yiddish.paris\\\/#website\",\"url\":\"https:\\\/\\\/programme.yiddish.paris\\\/\",\"name\":\"programme.yiddish.paris\",\"description\":\"La programmation culturelle de la Maison de la culture yiddish \u2013\u00a0Biblioth\u00e8que Medem\",\"publisher\":{\"@id\":\"https:\\\/\\\/programme.yiddish.paris\\\/#organization\"},\"potentialAction\":[{\"@type\":\"SearchAction\",\"target\":{\"@type\":\"EntryPoint\",\"urlTemplate\":\"https:\\\/\\\/programme.yiddish.paris\\\/?s={search_term_string}\"},\"query-input\":{\"@type\":\"PropertyValueSpecification\",\"valueRequired\":true,\"valueName\":\"search_term_string\"}}],\"inLanguage\":\"fr-FR\"},{\"@type\":\"Organization\",\"@id\":\"https:\\\/\\\/programme.yiddish.paris\\\/#organization\",\"name\":\"programme.yiddish.paris\",\"url\":\"https:\\\/\\\/programme.yiddish.paris\\\/\",\"logo\":{\"@type\":\"ImageObject\",\"inLanguage\":\"fr-FR\",\"@id\":\"https:\\\/\\\/programme.yiddish.paris\\\/#\\\/schema\\\/logo\\\/image\\\/\",\"url\":\"https:\\\/\\\/programme.yiddish.paris\\\/wp-content\\\/uploads\\\/2020\\\/07\\\/cropped-mcy_yud-1.png\",\"contentUrl\":\"https:\\\/\\\/programme.yiddish.paris\\\/wp-content\\\/uploads\\\/2020\\\/07\\\/cropped-mcy_yud-1.png\",\"width\":250,\"height\":250,\"caption\":\"programme.yiddish.paris\"},\"image\":{\"@id\":\"https:\\\/\\\/programme.yiddish.paris\\\/#\\\/schema\\\/logo\\\/image\\\/\"}}]}<\/script>\n<!-- \/ Yoast SEO plugin. -->","yoast_head_json":{"title":"Exposition \u00ab De Babylone \u00e0 New York, M\u00e9tamorphoses du Pourim shpil \u00bb - programme.yiddish.paris","robots":{"index":"index","follow":"follow","max-snippet":"max-snippet:-1","max-image-preview":"max-image-preview:large","max-video-preview":"max-video-preview:-1"},"canonical":"https:\/\/programme.yiddish.paris\/?tribe_events=exposition-de-babylone-a-new-york-metamorphoses-du-pourim-shpil","og_locale":"fr_FR","og_type":"article","og_title":"Exposition \u00ab De Babylone \u00e0 New York, M\u00e9tamorphoses du Pourim shpil \u00bb - programme.yiddish.paris","og_description":"\u00ab De Babylone \u00e0 New York, M\u00e9tamorphoses du Pourim shpil \u00bb : l\u2019exposition organis\u00e9e par le Collectif Pourim shpil Du 2 au 16 avril\u00a0\u00e0 la\u00a0Maison de la culture yiddish \u2013 &hellip; Continuer la lecture de &laquo;&nbsp;Exposition \u00ab De Babylone \u00e0 New York, M\u00e9tamorphoses du Pourim shpil \u00bb&nbsp;&raquo;","og_url":"https:\/\/programme.yiddish.paris\/?tribe_events=exposition-de-babylone-a-new-york-metamorphoses-du-pourim-shpil","og_site_name":"programme.yiddish.paris","og_image":[{"width":1750,"height":1046,"url":"https:\/\/programme.yiddish.paris\/wp-content\/uploads\/2022\/03\/pourim-shpil-fl.png","type":"image\/png"}],"twitter_card":"summary_large_image","twitter_misc":{"Dur\u00e9e de lecture estim\u00e9e":"1 minute"},"schema":{"@context":"https:\/\/schema.org","@graph":[{"@type":"WebPage","@id":"https:\/\/programme.yiddish.paris\/?tribe_events=exposition-de-babylone-a-new-york-metamorphoses-du-pourim-shpil","url":"https:\/\/programme.yiddish.paris\/?tribe_events=exposition-de-babylone-a-new-york-metamorphoses-du-pourim-shpil","name":"Exposition \u00ab De Babylone \u00e0 New York, M\u00e9tamorphoses du Pourim shpil \u00bb - programme.yiddish.paris","isPartOf":{"@id":"https:\/\/programme.yiddish.paris\/#website"},"primaryImageOfPage":{"@id":"https:\/\/programme.yiddish.paris\/?tribe_events=exposition-de-babylone-a-new-york-metamorphoses-du-pourim-shpil#primaryimage"},"image":{"@id":"https:\/\/programme.yiddish.paris\/?tribe_events=exposition-de-babylone-a-new-york-metamorphoses-du-pourim-shpil#primaryimage"},"thumbnailUrl":"https:\/\/programme.yiddish.paris\/wp-content\/uploads\/2022\/03\/pourim-shpil-fl.png","datePublished":"2022-04-01T05:29:05+00:00","breadcrumb":{"@id":"https:\/\/programme.yiddish.paris\/?tribe_events=exposition-de-babylone-a-new-york-metamorphoses-du-pourim-shpil#breadcrumb"},"inLanguage":"fr-FR","potentialAction":[{"@type":"ReadAction","target":["https:\/\/programme.yiddish.paris\/?tribe_events=exposition-de-babylone-a-new-york-metamorphoses-du-pourim-shpil"]}]},{"@type":"ImageObject","inLanguage":"fr-FR","@id":"https:\/\/programme.yiddish.paris\/?tribe_events=exposition-de-babylone-a-new-york-metamorphoses-du-pourim-shpil#primaryimage","url":"https:\/\/programme.yiddish.paris\/wp-content\/uploads\/2022\/03\/pourim-shpil-fl.png","contentUrl":"https:\/\/programme.yiddish.paris\/wp-content\/uploads\/2022\/03\/pourim-shpil-fl.png","width":1750,"height":1046},{"@type":"BreadcrumbList","@id":"https:\/\/programme.yiddish.paris\/?tribe_events=exposition-de-babylone-a-new-york-metamorphoses-du-pourim-shpil#breadcrumb","itemListElement":[{"@type":"ListItem","position":1,"name":"Home","item":"https:\/\/programme.yiddish.paris\/"},{"@type":"ListItem","position":2,"name":"\u00c9v\u00e8nements","item":"https:\/\/programme.yiddish.paris\/?post_type=tribe_events"},{"@type":"ListItem","position":3,"name":"Exposition \u00ab De Babylone \u00e0 New York, M\u00e9tamorphoses du Pourim shpil \u00bb"}]},{"@type":"WebSite","@id":"https:\/\/programme.yiddish.paris\/#website","url":"https:\/\/programme.yiddish.paris\/","name":"programme.yiddish.paris","description":"La programmation culturelle de la Maison de la culture yiddish \u2013\u00a0Biblioth\u00e8que Medem","publisher":{"@id":"https:\/\/programme.yiddish.paris\/#organization"},"potentialAction":[{"@type":"SearchAction","target":{"@type":"EntryPoint","urlTemplate":"https:\/\/programme.yiddish.paris\/?s={search_term_string}"},"query-input":{"@type":"PropertyValueSpecification","valueRequired":true,"valueName":"search_term_string"}}],"inLanguage":"fr-FR"},{"@type":"Organization","@id":"https:\/\/programme.yiddish.paris\/#organization","name":"programme.yiddish.paris","url":"https:\/\/programme.yiddish.paris\/","logo":{"@type":"ImageObject","inLanguage":"fr-FR","@id":"https:\/\/programme.yiddish.paris\/#\/schema\/logo\/image\/","url":"https:\/\/programme.yiddish.paris\/wp-content\/uploads\/2020\/07\/cropped-mcy_yud-1.png","contentUrl":"https:\/\/programme.yiddish.paris\/wp-content\/uploads\/2020\/07\/cropped-mcy_yud-1.png","width":250,"height":250,"caption":"programme.yiddish.paris"},"image":{"@id":"https:\/\/programme.yiddish.paris\/#\/schema\/logo\/image\/"}}]}},"_links":{"self":[{"href":"https:\/\/programme.yiddish.paris\/index.php?rest_route=\/wp\/v2\/tribe_events\/3175","targetHints":{"allow":["GET"]}}],"collection":[{"href":"https:\/\/programme.yiddish.paris\/index.php?rest_route=\/wp\/v2\/tribe_events"}],"about":[{"href":"https:\/\/programme.yiddish.paris\/index.php?rest_route=\/wp\/v2\/types\/tribe_events"}],"author":[{"embeddable":true,"href":"https:\/\/programme.yiddish.paris\/index.php?rest_route=\/wp\/v2\/users\/2"}],"version-history":[{"count":3,"href":"https:\/\/programme.yiddish.paris\/index.php?rest_route=\/wp\/v2\/tribe_events\/3175\/revisions"}],"predecessor-version":[{"id":3178,"href":"https:\/\/programme.yiddish.paris\/index.php?rest_route=\/wp\/v2\/tribe_events\/3175\/revisions\/3178"}],"wp:featuredmedia":[{"embeddable":true,"href":"https:\/\/programme.yiddish.paris\/index.php?rest_route=\/wp\/v2\/media\/3049"}],"wp:attachment":[{"href":"https:\/\/programme.yiddish.paris\/index.php?rest_route=%2Fwp%2Fv2%2Fmedia&parent=3175"}],"wp:term":[{"taxonomy":"post_tag","embeddable":true,"href":"https:\/\/programme.yiddish.paris\/index.php?rest_route=%2Fwp%2Fv2%2Ftags&post=3175"},{"taxonomy":"tribe_events_cat","embeddable":true,"href":"https:\/\/programme.yiddish.paris\/index.php?rest_route=%2Fwp%2Fv2%2Ftribe_events_cat&post=3175"}],"curies":[{"name":"wp","href":"https:\/\/api.w.org\/{rel}","templated":true}]}}