{"id":3281,"date":"2022-06-03T10:08:23","date_gmt":"2022-06-03T08:08:23","guid":{"rendered":"https:\/\/programme.yiddish.paris\/?post_type=tribe_events&#038;p=3281"},"modified":"2022-06-03T11:06:49","modified_gmt":"2022-06-03T09:06:49","slug":"hors-les-murs-rencontre-des-chorales","status":"publish","type":"tribe_events","link":"https:\/\/programme.yiddish.paris\/?tribe_events=hors-les-murs-rencontre-des-chorales","title":{"rendered":"Hors les murs : Rencontre des chorales"},"content":{"rendered":"<p>Dans le cadre du\u00a0<strong>Festival des cultures juives<\/strong>.<\/p>\n<p><img loading=\"lazy\" decoding=\"async\" class=\"alignnone size-medium wp-image-3066\" src=\"https:\/\/programme.yiddish.paris\/wp-content\/uploads\/2022\/03\/cropped-banniere-1920x275_V24-300x43.jpeg\" sizes=\"auto, (max-width: 300px) 100vw, 300px\" srcset=\"https:\/\/programme.yiddish.paris\/wp-content\/uploads\/2022\/03\/cropped-banniere-1920x275_V24-300x43.jpeg 300w, https:\/\/programme.yiddish.paris\/wp-content\/uploads\/2022\/03\/cropped-banniere-1920x275_V24-1024x146.jpeg 1024w, https:\/\/programme.yiddish.paris\/wp-content\/uploads\/2022\/03\/cropped-banniere-1920x275_V24-768x110.jpeg 768w, https:\/\/programme.yiddish.paris\/wp-content\/uploads\/2022\/03\/cropped-banniere-1920x275_V24-24x3.jpeg 24w, https:\/\/programme.yiddish.paris\/wp-content\/uploads\/2022\/03\/cropped-banniere-1920x275_V24-28x4.jpeg 28w, https:\/\/programme.yiddish.paris\/wp-content\/uploads\/2022\/03\/cropped-banniere-1920x275_V24-32x5.jpeg 32w, https:\/\/programme.yiddish.paris\/wp-content\/uploads\/2022\/03\/cropped-banniere-1920x275_V24.jpeg 1140w\" alt=\"\" width=\"300\" height=\"43\" \/><\/p>\n<p class=\"p1\">La Rencontre des Chorales est un grand moment de bonheur partag\u00e9, une <span class=\"s1\">parenth\u00e8se heureuse, \u00e0 l\u2019\u00e9coute de chants yiddish, h\u00e9breux, jud\u00e9o-espagnols, fran\u00e7ais\u2026. Au cours de cette journ\u00e9e, <strong>Shura Lipovsky<\/strong> \u00e0 la t\u00eate de <strong>Tshiribim<\/strong>, la chorale de la Maison de la culture yiddish vous proposera (<strong>vers 15:00<\/strong>) quelques-unes de ses compositions r\u00e9centes et des chansons du r\u00e9pertoire yiddish traditionnel.<\/span><\/p>\n<p class=\"p3\"><span style=\"color: #ff0000;\"><strong>Salle Olympe de Gouges<\/strong><\/span><br \/>\n<span style=\"color: #ff0000;\"><strong>15, rue Merlin<\/strong><\/span><br \/>\n<span style=\"color: #ff0000;\"><strong>75011 Paris<\/strong><\/span><\/p>\n<p class=\"p5\"><span class=\"s2\"><a href=\"https:\/\/www.festivaldesculturesjuives.org\/evenement\/le-chant-premier-des-heritages\/\"><b>En savoir plus<\/b>\u00a0<\/a><\/span>|\u00a0<a href=\"https:\/\/www.festivaldesculturesjuives.org\/billetterie\/\"><span class=\"s2\"><b>R\u00e9servation<\/b><\/span><\/a><\/p>\n","protected":false},"excerpt":{"rendered":"<p>Dans le cadre du\u00a0Festival des cultures juives. La Rencontre des Chorales est un grand moment de bonheur partag\u00e9, une parenth\u00e8se heureuse, \u00e0 l\u2019\u00e9coute de chants yiddish, h\u00e9breux, jud\u00e9o-espagnols, fran\u00e7ais\u2026. Au &hellip; <\/p>\n<p class=\"link-more\"><a href=\"https:\/\/programme.yiddish.paris\/?tribe_events=hors-les-murs-rencontre-des-chorales\" class=\"more-link\">Continuer la lecture<span class=\"screen-reader-text\"> de &laquo;&nbsp;Hors les murs : Rencontre des chorales&nbsp;&raquo;<\/span><\/a><\/p>\n","protected":false},"author":2,"featured_media":3282,"template":"","meta":{"_monsterinsights_skip_tracking":false,"_monsterinsights_sitenote_active":false,"_monsterinsights_sitenote_note":"","_monsterinsights_sitenote_category":0,"_tribe_events_status":"","_tribe_events_status_reason":"","footnotes":""},"tags":[],"tribe_events_cat":[52],"class_list":["post-3281","tribe_events","type-tribe_events","status-publish","has-post-thumbnail","hentry","tribe_events_cat-hors-les-murs","cat_hors-les-murs"],"yoast_head":"<!-- This site is optimized with the Yoast SEO plugin v27.5 - https:\/\/yoast.com\/product\/yoast-seo-wordpress\/ -->\n<title>Hors les murs : Rencontre des chorales - programme.yiddish.paris<\/title>\n<meta name=\"robots\" content=\"index, follow, max-snippet:-1, max-image-preview:large, max-video-preview:-1\" \/>\n<link rel=\"canonical\" href=\"https:\/\/programme.yiddish.paris\/?tribe_events=hors-les-murs-rencontre-des-chorales\" \/>\n<meta property=\"og:locale\" content=\"fr_FR\" \/>\n<meta property=\"og:type\" content=\"article\" \/>\n<meta property=\"og:title\" content=\"Hors les murs : Rencontre des chorales - programme.yiddish.paris\" \/>\n<meta property=\"og:description\" content=\"Dans le cadre du\u00a0Festival des cultures juives. La Rencontre des Chorales est un grand moment de bonheur partag\u00e9, une parenth\u00e8se heureuse, \u00e0 l\u2019\u00e9coute de chants yiddish, h\u00e9breux, jud\u00e9o-espagnols, fran\u00e7ais\u2026. Au &hellip; Continuer la lecture de &laquo;&nbsp;Hors les murs : Rencontre des chorales&nbsp;&raquo;\" \/>\n<meta property=\"og:url\" content=\"https:\/\/programme.yiddish.paris\/?tribe_events=hors-les-murs-rencontre-des-chorales\" \/>\n<meta property=\"og:site_name\" content=\"programme.yiddish.paris\" \/>\n<meta property=\"article:modified_time\" content=\"2022-06-03T09:06:49+00:00\" \/>\n<meta property=\"og:image\" content=\"https:\/\/programme.yiddish.paris\/wp-content\/uploads\/2022\/06\/Festival-2022-Rencontres-chorales.jpg\" \/>\n\t<meta property=\"og:image:width\" content=\"1536\" \/>\n\t<meta property=\"og:image:height\" content=\"1028\" \/>\n\t<meta property=\"og:image:type\" content=\"image\/jpeg\" \/>\n<meta name=\"twitter:card\" content=\"summary_large_image\" \/>\n<script type=\"application\/ld+json\" class=\"yoast-schema-graph\">{\"@context\":\"https:\\\/\\\/schema.org\",\"@graph\":[{\"@type\":\"WebPage\",\"@id\":\"https:\\\/\\\/programme.yiddish.paris\\\/?tribe_events=hors-les-murs-rencontre-des-chorales\",\"url\":\"https:\\\/\\\/programme.yiddish.paris\\\/?tribe_events=hors-les-murs-rencontre-des-chorales\",\"name\":\"Hors les murs : Rencontre des chorales - programme.yiddish.paris\",\"isPartOf\":{\"@id\":\"https:\\\/\\\/programme.yiddish.paris\\\/#website\"},\"primaryImageOfPage\":{\"@id\":\"https:\\\/\\\/programme.yiddish.paris\\\/?tribe_events=hors-les-murs-rencontre-des-chorales#primaryimage\"},\"image\":{\"@id\":\"https:\\\/\\\/programme.yiddish.paris\\\/?tribe_events=hors-les-murs-rencontre-des-chorales#primaryimage\"},\"thumbnailUrl\":\"https:\\\/\\\/programme.yiddish.paris\\\/wp-content\\\/uploads\\\/2022\\\/06\\\/Festival-2022-Rencontres-chorales.jpg\",\"datePublished\":\"2022-06-03T08:08:23+00:00\",\"dateModified\":\"2022-06-03T09:06:49+00:00\",\"breadcrumb\":{\"@id\":\"https:\\\/\\\/programme.yiddish.paris\\\/?tribe_events=hors-les-murs-rencontre-des-chorales#breadcrumb\"},\"inLanguage\":\"fr-FR\",\"potentialAction\":[{\"@type\":\"ReadAction\",\"target\":[\"https:\\\/\\\/programme.yiddish.paris\\\/?tribe_events=hors-les-murs-rencontre-des-chorales\"]}]},{\"@type\":\"ImageObject\",\"inLanguage\":\"fr-FR\",\"@id\":\"https:\\\/\\\/programme.yiddish.paris\\\/?tribe_events=hors-les-murs-rencontre-des-chorales#primaryimage\",\"url\":\"https:\\\/\\\/programme.yiddish.paris\\\/wp-content\\\/uploads\\\/2022\\\/06\\\/Festival-2022-Rencontres-chorales.jpg\",\"contentUrl\":\"https:\\\/\\\/programme.yiddish.paris\\\/wp-content\\\/uploads\\\/2022\\\/06\\\/Festival-2022-Rencontres-chorales.jpg\",\"width\":1536,\"height\":1028},{\"@type\":\"BreadcrumbList\",\"@id\":\"https:\\\/\\\/programme.yiddish.paris\\\/?tribe_events=hors-les-murs-rencontre-des-chorales#breadcrumb\",\"itemListElement\":[{\"@type\":\"ListItem\",\"position\":1,\"name\":\"Home\",\"item\":\"https:\\\/\\\/programme.yiddish.paris\\\/\"},{\"@type\":\"ListItem\",\"position\":2,\"name\":\"\u00c9v\u00e8nements\",\"item\":\"https:\\\/\\\/programme.yiddish.paris\\\/?post_type=tribe_events\"},{\"@type\":\"ListItem\",\"position\":3,\"name\":\"Hors les murs : Rencontre des chorales\"}]},{\"@type\":\"WebSite\",\"@id\":\"https:\\\/\\\/programme.yiddish.paris\\\/#website\",\"url\":\"https:\\\/\\\/programme.yiddish.paris\\\/\",\"name\":\"programme.yiddish.paris\",\"description\":\"La programmation culturelle de la Maison de la culture yiddish \u2013\u00a0Biblioth\u00e8que Medem\",\"publisher\":{\"@id\":\"https:\\\/\\\/programme.yiddish.paris\\\/#organization\"},\"potentialAction\":[{\"@type\":\"SearchAction\",\"target\":{\"@type\":\"EntryPoint\",\"urlTemplate\":\"https:\\\/\\\/programme.yiddish.paris\\\/?s={search_term_string}\"},\"query-input\":{\"@type\":\"PropertyValueSpecification\",\"valueRequired\":true,\"valueName\":\"search_term_string\"}}],\"inLanguage\":\"fr-FR\"},{\"@type\":\"Organization\",\"@id\":\"https:\\\/\\\/programme.yiddish.paris\\\/#organization\",\"name\":\"programme.yiddish.paris\",\"url\":\"https:\\\/\\\/programme.yiddish.paris\\\/\",\"logo\":{\"@type\":\"ImageObject\",\"inLanguage\":\"fr-FR\",\"@id\":\"https:\\\/\\\/programme.yiddish.paris\\\/#\\\/schema\\\/logo\\\/image\\\/\",\"url\":\"https:\\\/\\\/programme.yiddish.paris\\\/wp-content\\\/uploads\\\/2020\\\/07\\\/cropped-mcy_yud-1.png\",\"contentUrl\":\"https:\\\/\\\/programme.yiddish.paris\\\/wp-content\\\/uploads\\\/2020\\\/07\\\/cropped-mcy_yud-1.png\",\"width\":250,\"height\":250,\"caption\":\"programme.yiddish.paris\"},\"image\":{\"@id\":\"https:\\\/\\\/programme.yiddish.paris\\\/#\\\/schema\\\/logo\\\/image\\\/\"}}]}<\/script>\n<!-- \/ Yoast SEO plugin. -->","yoast_head_json":{"title":"Hors les murs : Rencontre des chorales - programme.yiddish.paris","robots":{"index":"index","follow":"follow","max-snippet":"max-snippet:-1","max-image-preview":"max-image-preview:large","max-video-preview":"max-video-preview:-1"},"canonical":"https:\/\/programme.yiddish.paris\/?tribe_events=hors-les-murs-rencontre-des-chorales","og_locale":"fr_FR","og_type":"article","og_title":"Hors les murs : Rencontre des chorales - programme.yiddish.paris","og_description":"Dans le cadre du\u00a0Festival des cultures juives. La Rencontre des Chorales est un grand moment de bonheur partag\u00e9, une parenth\u00e8se heureuse, \u00e0 l\u2019\u00e9coute de chants yiddish, h\u00e9breux, jud\u00e9o-espagnols, fran\u00e7ais\u2026. Au &hellip; Continuer la lecture de &laquo;&nbsp;Hors les murs : Rencontre des chorales&nbsp;&raquo;","og_url":"https:\/\/programme.yiddish.paris\/?tribe_events=hors-les-murs-rencontre-des-chorales","og_site_name":"programme.yiddish.paris","article_modified_time":"2022-06-03T09:06:49+00:00","og_image":[{"width":1536,"height":1028,"url":"https:\/\/programme.yiddish.paris\/wp-content\/uploads\/2022\/06\/Festival-2022-Rencontres-chorales.jpg","type":"image\/jpeg"}],"twitter_card":"summary_large_image","schema":{"@context":"https:\/\/schema.org","@graph":[{"@type":"WebPage","@id":"https:\/\/programme.yiddish.paris\/?tribe_events=hors-les-murs-rencontre-des-chorales","url":"https:\/\/programme.yiddish.paris\/?tribe_events=hors-les-murs-rencontre-des-chorales","name":"Hors les murs : Rencontre des chorales - programme.yiddish.paris","isPartOf":{"@id":"https:\/\/programme.yiddish.paris\/#website"},"primaryImageOfPage":{"@id":"https:\/\/programme.yiddish.paris\/?tribe_events=hors-les-murs-rencontre-des-chorales#primaryimage"},"image":{"@id":"https:\/\/programme.yiddish.paris\/?tribe_events=hors-les-murs-rencontre-des-chorales#primaryimage"},"thumbnailUrl":"https:\/\/programme.yiddish.paris\/wp-content\/uploads\/2022\/06\/Festival-2022-Rencontres-chorales.jpg","datePublished":"2022-06-03T08:08:23+00:00","dateModified":"2022-06-03T09:06:49+00:00","breadcrumb":{"@id":"https:\/\/programme.yiddish.paris\/?tribe_events=hors-les-murs-rencontre-des-chorales#breadcrumb"},"inLanguage":"fr-FR","potentialAction":[{"@type":"ReadAction","target":["https:\/\/programme.yiddish.paris\/?tribe_events=hors-les-murs-rencontre-des-chorales"]}]},{"@type":"ImageObject","inLanguage":"fr-FR","@id":"https:\/\/programme.yiddish.paris\/?tribe_events=hors-les-murs-rencontre-des-chorales#primaryimage","url":"https:\/\/programme.yiddish.paris\/wp-content\/uploads\/2022\/06\/Festival-2022-Rencontres-chorales.jpg","contentUrl":"https:\/\/programme.yiddish.paris\/wp-content\/uploads\/2022\/06\/Festival-2022-Rencontres-chorales.jpg","width":1536,"height":1028},{"@type":"BreadcrumbList","@id":"https:\/\/programme.yiddish.paris\/?tribe_events=hors-les-murs-rencontre-des-chorales#breadcrumb","itemListElement":[{"@type":"ListItem","position":1,"name":"Home","item":"https:\/\/programme.yiddish.paris\/"},{"@type":"ListItem","position":2,"name":"\u00c9v\u00e8nements","item":"https:\/\/programme.yiddish.paris\/?post_type=tribe_events"},{"@type":"ListItem","position":3,"name":"Hors les murs : Rencontre des chorales"}]},{"@type":"WebSite","@id":"https:\/\/programme.yiddish.paris\/#website","url":"https:\/\/programme.yiddish.paris\/","name":"programme.yiddish.paris","description":"La programmation culturelle de la Maison de la culture yiddish \u2013\u00a0Biblioth\u00e8que Medem","publisher":{"@id":"https:\/\/programme.yiddish.paris\/#organization"},"potentialAction":[{"@type":"SearchAction","target":{"@type":"EntryPoint","urlTemplate":"https:\/\/programme.yiddish.paris\/?s={search_term_string}"},"query-input":{"@type":"PropertyValueSpecification","valueRequired":true,"valueName":"search_term_string"}}],"inLanguage":"fr-FR"},{"@type":"Organization","@id":"https:\/\/programme.yiddish.paris\/#organization","name":"programme.yiddish.paris","url":"https:\/\/programme.yiddish.paris\/","logo":{"@type":"ImageObject","inLanguage":"fr-FR","@id":"https:\/\/programme.yiddish.paris\/#\/schema\/logo\/image\/","url":"https:\/\/programme.yiddish.paris\/wp-content\/uploads\/2020\/07\/cropped-mcy_yud-1.png","contentUrl":"https:\/\/programme.yiddish.paris\/wp-content\/uploads\/2020\/07\/cropped-mcy_yud-1.png","width":250,"height":250,"caption":"programme.yiddish.paris"},"image":{"@id":"https:\/\/programme.yiddish.paris\/#\/schema\/logo\/image\/"}}]}},"_links":{"self":[{"href":"https:\/\/programme.yiddish.paris\/index.php?rest_route=\/wp\/v2\/tribe_events\/3281","targetHints":{"allow":["GET"]}}],"collection":[{"href":"https:\/\/programme.yiddish.paris\/index.php?rest_route=\/wp\/v2\/tribe_events"}],"about":[{"href":"https:\/\/programme.yiddish.paris\/index.php?rest_route=\/wp\/v2\/types\/tribe_events"}],"author":[{"embeddable":true,"href":"https:\/\/programme.yiddish.paris\/index.php?rest_route=\/wp\/v2\/users\/2"}],"version-history":[{"count":2,"href":"https:\/\/programme.yiddish.paris\/index.php?rest_route=\/wp\/v2\/tribe_events\/3281\/revisions"}],"predecessor-version":[{"id":3288,"href":"https:\/\/programme.yiddish.paris\/index.php?rest_route=\/wp\/v2\/tribe_events\/3281\/revisions\/3288"}],"wp:featuredmedia":[{"embeddable":true,"href":"https:\/\/programme.yiddish.paris\/index.php?rest_route=\/wp\/v2\/media\/3282"}],"wp:attachment":[{"href":"https:\/\/programme.yiddish.paris\/index.php?rest_route=%2Fwp%2Fv2%2Fmedia&parent=3281"}],"wp:term":[{"taxonomy":"post_tag","embeddable":true,"href":"https:\/\/programme.yiddish.paris\/index.php?rest_route=%2Fwp%2Fv2%2Ftags&post=3281"},{"taxonomy":"tribe_events_cat","embeddable":true,"href":"https:\/\/programme.yiddish.paris\/index.php?rest_route=%2Fwp%2Fv2%2Ftribe_events_cat&post=3281"}],"curies":[{"name":"wp","href":"https:\/\/api.w.org\/{rel}","templated":true}]}}