{"id":3312,"date":"2022-06-07T12:02:24","date_gmt":"2022-06-07T10:02:24","guid":{"rendered":"https:\/\/programme.yiddish.paris\/?post_type=tribe_events&#038;p=3312"},"modified":"2022-06-19T21:44:24","modified_gmt":"2022-06-19T19:44:24","slug":"promenade-a-travers-la-culture-yiddish-pour-les-enfants-de-4-a-12-ans","status":"publish","type":"tribe_events","link":"https:\/\/programme.yiddish.paris\/?tribe_events=promenade-a-travers-la-culture-yiddish-pour-les-enfants-de-4-a-12-ans","title":{"rendered":"Promenade \u00e0 travers la culture yiddish pour les enfants de 4 \u00e0 12 ans"},"content":{"rendered":"<h3 class=\"p1\"><img loading=\"lazy\" decoding=\"async\" class=\"wp-image-3371 alignright\" src=\"https:\/\/programme.yiddish.paris\/wp-content\/uploads\/2022\/06\/Journe\u0301e-europe\u0301enne-300x132.jpg\" alt=\"\" width=\"266\" height=\"117\" srcset=\"https:\/\/programme.yiddish.paris\/wp-content\/uploads\/2022\/06\/Journe\u0301e-europe\u0301enne-300x132.jpg 300w, https:\/\/programme.yiddish.paris\/wp-content\/uploads\/2022\/06\/Journe\u0301e-europe\u0301enne-24x11.jpg 24w, https:\/\/programme.yiddish.paris\/wp-content\/uploads\/2022\/06\/Journe\u0301e-europe\u0301enne-28x12.jpg 28w, https:\/\/programme.yiddish.paris\/wp-content\/uploads\/2022\/06\/Journe\u0301e-europe\u0301enne-32x14.jpg 32w, https:\/\/programme.yiddish.paris\/wp-content\/uploads\/2022\/06\/Journe\u0301e-europe\u0301enne.jpg 400w\" sizes=\"auto, (max-width: 266px) 100vw, 266px\" \/>Dans le cadre des Journ\u00e9es Europ\u00e9ennes de la Culture et du Patrimoine Juifs en France<\/h3>\n<p class=\"p2\"><em> Th\u00e8me : le Renouveau <\/em><\/p>\n<p class=\"p4\">Apr\u00e8s-midi anim\u00e9e par <strong>Marthe Desrosi\u00e8res<\/strong> et <strong>Valentina Fedchenko<\/strong>.<\/p>\n<p class=\"p5\"><b>14h30 &#8211; 15h15<br \/>\n<\/b>Les enfants seront invit\u00e9s \u00e0 participer selon leur envie \u00e0 trois ateliers ludiques : comptines yiddish,<span class=\"Apple-converted-space\">\u00a0<\/span>l&rsquo;<em>alef-beys<\/em> (l\u2019alphabet) en s&rsquo;amusant , jeux de soci\u00e9t\u00e9 en yiddish.<\/p>\n<p class=\"p5\"><b>15h15 &#8211; 16h<\/b><b><br \/>\n<\/b>Apr\u00e8s avoir \u00e9cout\u00e9 un conte, les enfants peindront ensemble une grande fresque o\u00f9 ils exprimeront ce que l\u2019histoire leur aura inspir\u00e9.<\/p>\n<p class=\"p6\"><b>16h &#8211; 16h30<br \/>\n<\/b>Go\u00fbter : une autre fa\u00e7on d\u2019appr\u00e9cier les saveurs du yiddish.<\/p>\n<p class=\"p6\"><b>16h30 &#8211; 17h30<br \/>\n<\/b>Grand bal anim\u00e9 par les Klezmorimlekh : enfants et adultes se r\u00e9uniront pour danser.<\/p>\n<p class=\"p4\"><em>Tarif : 5 \u20ac par enfant, entr\u00e9e libre pour les accompagnateurs. Entr\u00e9e libre pour les enfants de la Kindershul.<\/em><\/p>\n<p id=\"block-2ba98dcd-5f13-4105-b07b-0b0692c4fa6f\"><a href=\"https:\/\/www.helloasso.com\/associations\/maison-de-la-culture-yiddish-bibliotheque-medem\/evenements\/2022-09\"><strong>Cliquez ici<\/strong><\/a>\u00a0pour r\u00e9server (r\u00e9servation obligatoire).<\/p>\n<p id=\"block-02374118-74c5-4bea-b761-3a9a73091b35\"><strong>Attention : au moment du r\u00e8glement, la plateforme Helloasso vous proposera d\u2019ajouter une contribution \u00e0 son fonctionnement. Celle-ci est optionnelle, et vous pouvez changer son montant ou bien l\u2019annuler en appuyant sur le bouton \u00ab Modifier \u00bb.<\/strong><\/p>\n","protected":false},"excerpt":{"rendered":"<p>Dans le cadre des Journ\u00e9es Europ\u00e9ennes de la Culture et du Patrimoine Juifs en France Th\u00e8me : le Renouveau Apr\u00e8s-midi anim\u00e9e par Marthe Desrosi\u00e8res et Valentina Fedchenko. 14h30 &#8211; 15h15 &hellip; <\/p>\n<p class=\"link-more\"><a href=\"https:\/\/programme.yiddish.paris\/?tribe_events=promenade-a-travers-la-culture-yiddish-pour-les-enfants-de-4-a-12-ans\" class=\"more-link\">Continuer la lecture<span class=\"screen-reader-text\"> de &laquo;&nbsp;Promenade \u00e0 travers la culture yiddish pour les enfants de 4 \u00e0 12 ans&nbsp;&raquo;<\/span><\/a><\/p>\n","protected":false},"author":2,"featured_media":3373,"template":"","meta":{"_monsterinsights_skip_tracking":false,"_monsterinsights_sitenote_active":false,"_monsterinsights_sitenote_note":"","_monsterinsights_sitenote_category":0,"_tribe_events_status":"","_tribe_events_status_reason":"","footnotes":""},"tags":[],"tribe_events_cat":[60],"class_list":["post-3312","tribe_events","type-tribe_events","status-publish","has-post-thumbnail","hentry","tribe_events_cat-jeunesse","cat_jeunesse"],"yoast_head":"<!-- This site is optimized with the Yoast SEO plugin v27.5 - https:\/\/yoast.com\/product\/yoast-seo-wordpress\/ -->\n<title>Promenade \u00e0 travers la culture yiddish pour les enfants de 4 \u00e0 12 ans - programme.yiddish.paris<\/title>\n<meta name=\"robots\" content=\"index, follow, max-snippet:-1, max-image-preview:large, max-video-preview:-1\" \/>\n<link rel=\"canonical\" href=\"https:\/\/programme.yiddish.paris\/?tribe_events=promenade-a-travers-la-culture-yiddish-pour-les-enfants-de-4-a-12-ans\" \/>\n<meta property=\"og:locale\" content=\"fr_FR\" \/>\n<meta property=\"og:type\" content=\"article\" \/>\n<meta property=\"og:title\" content=\"Promenade \u00e0 travers la culture yiddish pour les enfants de 4 \u00e0 12 ans - programme.yiddish.paris\" \/>\n<meta property=\"og:description\" content=\"Dans le cadre des Journ\u00e9es Europ\u00e9ennes de la Culture et du Patrimoine Juifs en France Th\u00e8me : le Renouveau Apr\u00e8s-midi anim\u00e9e par Marthe Desrosi\u00e8res et Valentina Fedchenko. 14h30 &#8211; 15h15 &hellip; Continuer la lecture de &laquo;&nbsp;Promenade \u00e0 travers la culture yiddish pour les enfants de 4 \u00e0 12 ans&nbsp;&raquo;\" \/>\n<meta property=\"og:url\" content=\"https:\/\/programme.yiddish.paris\/?tribe_events=promenade-a-travers-la-culture-yiddish-pour-les-enfants-de-4-a-12-ans\" \/>\n<meta property=\"og:site_name\" content=\"programme.yiddish.paris\" \/>\n<meta property=\"article:modified_time\" content=\"2022-06-19T19:44:24+00:00\" \/>\n<meta property=\"og:image\" content=\"https:\/\/programme.yiddish.paris\/wp-content\/uploads\/2022\/06\/kindershul-e1655459452752.jpg\" \/>\n\t<meta property=\"og:image:width\" content=\"1280\" \/>\n\t<meta property=\"og:image:height\" content=\"886\" \/>\n\t<meta property=\"og:image:type\" content=\"image\/jpeg\" \/>\n<meta name=\"twitter:card\" content=\"summary_large_image\" \/>\n<meta name=\"twitter:label1\" content=\"Dur\u00e9e de lecture estim\u00e9e\" \/>\n\t<meta name=\"twitter:data1\" content=\"2 minutes\" \/>\n<script type=\"application\/ld+json\" class=\"yoast-schema-graph\">{\"@context\":\"https:\\\/\\\/schema.org\",\"@graph\":[{\"@type\":\"WebPage\",\"@id\":\"https:\\\/\\\/programme.yiddish.paris\\\/?tribe_events=promenade-a-travers-la-culture-yiddish-pour-les-enfants-de-4-a-12-ans\",\"url\":\"https:\\\/\\\/programme.yiddish.paris\\\/?tribe_events=promenade-a-travers-la-culture-yiddish-pour-les-enfants-de-4-a-12-ans\",\"name\":\"Promenade \u00e0 travers la culture yiddish pour les enfants de 4 \u00e0 12 ans - programme.yiddish.paris\",\"isPartOf\":{\"@id\":\"https:\\\/\\\/programme.yiddish.paris\\\/#website\"},\"primaryImageOfPage\":{\"@id\":\"https:\\\/\\\/programme.yiddish.paris\\\/?tribe_events=promenade-a-travers-la-culture-yiddish-pour-les-enfants-de-4-a-12-ans#primaryimage\"},\"image\":{\"@id\":\"https:\\\/\\\/programme.yiddish.paris\\\/?tribe_events=promenade-a-travers-la-culture-yiddish-pour-les-enfants-de-4-a-12-ans#primaryimage\"},\"thumbnailUrl\":\"https:\\\/\\\/programme.yiddish.paris\\\/wp-content\\\/uploads\\\/2022\\\/06\\\/kindershul-e1655459452752.jpg\",\"datePublished\":\"2022-06-07T10:02:24+00:00\",\"dateModified\":\"2022-06-19T19:44:24+00:00\",\"breadcrumb\":{\"@id\":\"https:\\\/\\\/programme.yiddish.paris\\\/?tribe_events=promenade-a-travers-la-culture-yiddish-pour-les-enfants-de-4-a-12-ans#breadcrumb\"},\"inLanguage\":\"fr-FR\",\"potentialAction\":[{\"@type\":\"ReadAction\",\"target\":[\"https:\\\/\\\/programme.yiddish.paris\\\/?tribe_events=promenade-a-travers-la-culture-yiddish-pour-les-enfants-de-4-a-12-ans\"]}]},{\"@type\":\"ImageObject\",\"inLanguage\":\"fr-FR\",\"@id\":\"https:\\\/\\\/programme.yiddish.paris\\\/?tribe_events=promenade-a-travers-la-culture-yiddish-pour-les-enfants-de-4-a-12-ans#primaryimage\",\"url\":\"https:\\\/\\\/programme.yiddish.paris\\\/wp-content\\\/uploads\\\/2022\\\/06\\\/kindershul-e1655459452752.jpg\",\"contentUrl\":\"https:\\\/\\\/programme.yiddish.paris\\\/wp-content\\\/uploads\\\/2022\\\/06\\\/kindershul-e1655459452752.jpg\",\"width\":1280,\"height\":886},{\"@type\":\"BreadcrumbList\",\"@id\":\"https:\\\/\\\/programme.yiddish.paris\\\/?tribe_events=promenade-a-travers-la-culture-yiddish-pour-les-enfants-de-4-a-12-ans#breadcrumb\",\"itemListElement\":[{\"@type\":\"ListItem\",\"position\":1,\"name\":\"Home\",\"item\":\"https:\\\/\\\/programme.yiddish.paris\\\/\"},{\"@type\":\"ListItem\",\"position\":2,\"name\":\"\u00c9v\u00e8nements\",\"item\":\"https:\\\/\\\/programme.yiddish.paris\\\/?post_type=tribe_events\"},{\"@type\":\"ListItem\",\"position\":3,\"name\":\"Promenade \u00e0 travers la culture yiddish pour les enfants de 4 \u00e0 12 ans\"}]},{\"@type\":\"WebSite\",\"@id\":\"https:\\\/\\\/programme.yiddish.paris\\\/#website\",\"url\":\"https:\\\/\\\/programme.yiddish.paris\\\/\",\"name\":\"programme.yiddish.paris\",\"description\":\"La programmation culturelle de la Maison de la culture yiddish \u2013\u00a0Biblioth\u00e8que Medem\",\"publisher\":{\"@id\":\"https:\\\/\\\/programme.yiddish.paris\\\/#organization\"},\"potentialAction\":[{\"@type\":\"SearchAction\",\"target\":{\"@type\":\"EntryPoint\",\"urlTemplate\":\"https:\\\/\\\/programme.yiddish.paris\\\/?s={search_term_string}\"},\"query-input\":{\"@type\":\"PropertyValueSpecification\",\"valueRequired\":true,\"valueName\":\"search_term_string\"}}],\"inLanguage\":\"fr-FR\"},{\"@type\":\"Organization\",\"@id\":\"https:\\\/\\\/programme.yiddish.paris\\\/#organization\",\"name\":\"programme.yiddish.paris\",\"url\":\"https:\\\/\\\/programme.yiddish.paris\\\/\",\"logo\":{\"@type\":\"ImageObject\",\"inLanguage\":\"fr-FR\",\"@id\":\"https:\\\/\\\/programme.yiddish.paris\\\/#\\\/schema\\\/logo\\\/image\\\/\",\"url\":\"https:\\\/\\\/programme.yiddish.paris\\\/wp-content\\\/uploads\\\/2020\\\/07\\\/cropped-mcy_yud-1.png\",\"contentUrl\":\"https:\\\/\\\/programme.yiddish.paris\\\/wp-content\\\/uploads\\\/2020\\\/07\\\/cropped-mcy_yud-1.png\",\"width\":250,\"height\":250,\"caption\":\"programme.yiddish.paris\"},\"image\":{\"@id\":\"https:\\\/\\\/programme.yiddish.paris\\\/#\\\/schema\\\/logo\\\/image\\\/\"}}]}<\/script>\n<!-- \/ Yoast SEO plugin. -->","yoast_head_json":{"title":"Promenade \u00e0 travers la culture yiddish pour les enfants de 4 \u00e0 12 ans - programme.yiddish.paris","robots":{"index":"index","follow":"follow","max-snippet":"max-snippet:-1","max-image-preview":"max-image-preview:large","max-video-preview":"max-video-preview:-1"},"canonical":"https:\/\/programme.yiddish.paris\/?tribe_events=promenade-a-travers-la-culture-yiddish-pour-les-enfants-de-4-a-12-ans","og_locale":"fr_FR","og_type":"article","og_title":"Promenade \u00e0 travers la culture yiddish pour les enfants de 4 \u00e0 12 ans - programme.yiddish.paris","og_description":"Dans le cadre des Journ\u00e9es Europ\u00e9ennes de la Culture et du Patrimoine Juifs en France Th\u00e8me : le Renouveau Apr\u00e8s-midi anim\u00e9e par Marthe Desrosi\u00e8res et Valentina Fedchenko. 14h30 &#8211; 15h15 &hellip; Continuer la lecture de &laquo;&nbsp;Promenade \u00e0 travers la culture yiddish pour les enfants de 4 \u00e0 12 ans&nbsp;&raquo;","og_url":"https:\/\/programme.yiddish.paris\/?tribe_events=promenade-a-travers-la-culture-yiddish-pour-les-enfants-de-4-a-12-ans","og_site_name":"programme.yiddish.paris","article_modified_time":"2022-06-19T19:44:24+00:00","og_image":[{"width":1280,"height":886,"url":"https:\/\/programme.yiddish.paris\/wp-content\/uploads\/2022\/06\/kindershul-e1655459452752.jpg","type":"image\/jpeg"}],"twitter_card":"summary_large_image","twitter_misc":{"Dur\u00e9e de lecture estim\u00e9e":"2 minutes"},"schema":{"@context":"https:\/\/schema.org","@graph":[{"@type":"WebPage","@id":"https:\/\/programme.yiddish.paris\/?tribe_events=promenade-a-travers-la-culture-yiddish-pour-les-enfants-de-4-a-12-ans","url":"https:\/\/programme.yiddish.paris\/?tribe_events=promenade-a-travers-la-culture-yiddish-pour-les-enfants-de-4-a-12-ans","name":"Promenade \u00e0 travers la culture yiddish pour les enfants de 4 \u00e0 12 ans - programme.yiddish.paris","isPartOf":{"@id":"https:\/\/programme.yiddish.paris\/#website"},"primaryImageOfPage":{"@id":"https:\/\/programme.yiddish.paris\/?tribe_events=promenade-a-travers-la-culture-yiddish-pour-les-enfants-de-4-a-12-ans#primaryimage"},"image":{"@id":"https:\/\/programme.yiddish.paris\/?tribe_events=promenade-a-travers-la-culture-yiddish-pour-les-enfants-de-4-a-12-ans#primaryimage"},"thumbnailUrl":"https:\/\/programme.yiddish.paris\/wp-content\/uploads\/2022\/06\/kindershul-e1655459452752.jpg","datePublished":"2022-06-07T10:02:24+00:00","dateModified":"2022-06-19T19:44:24+00:00","breadcrumb":{"@id":"https:\/\/programme.yiddish.paris\/?tribe_events=promenade-a-travers-la-culture-yiddish-pour-les-enfants-de-4-a-12-ans#breadcrumb"},"inLanguage":"fr-FR","potentialAction":[{"@type":"ReadAction","target":["https:\/\/programme.yiddish.paris\/?tribe_events=promenade-a-travers-la-culture-yiddish-pour-les-enfants-de-4-a-12-ans"]}]},{"@type":"ImageObject","inLanguage":"fr-FR","@id":"https:\/\/programme.yiddish.paris\/?tribe_events=promenade-a-travers-la-culture-yiddish-pour-les-enfants-de-4-a-12-ans#primaryimage","url":"https:\/\/programme.yiddish.paris\/wp-content\/uploads\/2022\/06\/kindershul-e1655459452752.jpg","contentUrl":"https:\/\/programme.yiddish.paris\/wp-content\/uploads\/2022\/06\/kindershul-e1655459452752.jpg","width":1280,"height":886},{"@type":"BreadcrumbList","@id":"https:\/\/programme.yiddish.paris\/?tribe_events=promenade-a-travers-la-culture-yiddish-pour-les-enfants-de-4-a-12-ans#breadcrumb","itemListElement":[{"@type":"ListItem","position":1,"name":"Home","item":"https:\/\/programme.yiddish.paris\/"},{"@type":"ListItem","position":2,"name":"\u00c9v\u00e8nements","item":"https:\/\/programme.yiddish.paris\/?post_type=tribe_events"},{"@type":"ListItem","position":3,"name":"Promenade \u00e0 travers la culture yiddish pour les enfants de 4 \u00e0 12 ans"}]},{"@type":"WebSite","@id":"https:\/\/programme.yiddish.paris\/#website","url":"https:\/\/programme.yiddish.paris\/","name":"programme.yiddish.paris","description":"La programmation culturelle de la Maison de la culture yiddish \u2013\u00a0Biblioth\u00e8que Medem","publisher":{"@id":"https:\/\/programme.yiddish.paris\/#organization"},"potentialAction":[{"@type":"SearchAction","target":{"@type":"EntryPoint","urlTemplate":"https:\/\/programme.yiddish.paris\/?s={search_term_string}"},"query-input":{"@type":"PropertyValueSpecification","valueRequired":true,"valueName":"search_term_string"}}],"inLanguage":"fr-FR"},{"@type":"Organization","@id":"https:\/\/programme.yiddish.paris\/#organization","name":"programme.yiddish.paris","url":"https:\/\/programme.yiddish.paris\/","logo":{"@type":"ImageObject","inLanguage":"fr-FR","@id":"https:\/\/programme.yiddish.paris\/#\/schema\/logo\/image\/","url":"https:\/\/programme.yiddish.paris\/wp-content\/uploads\/2020\/07\/cropped-mcy_yud-1.png","contentUrl":"https:\/\/programme.yiddish.paris\/wp-content\/uploads\/2020\/07\/cropped-mcy_yud-1.png","width":250,"height":250,"caption":"programme.yiddish.paris"},"image":{"@id":"https:\/\/programme.yiddish.paris\/#\/schema\/logo\/image\/"}}]}},"_links":{"self":[{"href":"https:\/\/programme.yiddish.paris\/index.php?rest_route=\/wp\/v2\/tribe_events\/3312","targetHints":{"allow":["GET"]}}],"collection":[{"href":"https:\/\/programme.yiddish.paris\/index.php?rest_route=\/wp\/v2\/tribe_events"}],"about":[{"href":"https:\/\/programme.yiddish.paris\/index.php?rest_route=\/wp\/v2\/types\/tribe_events"}],"author":[{"embeddable":true,"href":"https:\/\/programme.yiddish.paris\/index.php?rest_route=\/wp\/v2\/users\/2"}],"version-history":[{"count":6,"href":"https:\/\/programme.yiddish.paris\/index.php?rest_route=\/wp\/v2\/tribe_events\/3312\/revisions"}],"predecessor-version":[{"id":3396,"href":"https:\/\/programme.yiddish.paris\/index.php?rest_route=\/wp\/v2\/tribe_events\/3312\/revisions\/3396"}],"wp:featuredmedia":[{"embeddable":true,"href":"https:\/\/programme.yiddish.paris\/index.php?rest_route=\/wp\/v2\/media\/3373"}],"wp:attachment":[{"href":"https:\/\/programme.yiddish.paris\/index.php?rest_route=%2Fwp%2Fv2%2Fmedia&parent=3312"}],"wp:term":[{"taxonomy":"post_tag","embeddable":true,"href":"https:\/\/programme.yiddish.paris\/index.php?rest_route=%2Fwp%2Fv2%2Ftags&post=3312"},{"taxonomy":"tribe_events_cat","embeddable":true,"href":"https:\/\/programme.yiddish.paris\/index.php?rest_route=%2Fwp%2Fv2%2Ftribe_events_cat&post=3312"}],"curies":[{"name":"wp","href":"https:\/\/api.w.org\/{rel}","templated":true}]}}