{"id":4835,"date":"2023-11-07T23:16:29","date_gmt":"2023-11-07T22:16:29","guid":{"rendered":"https:\/\/programme.yiddish.paris\/?post_type=tribe_events&#038;p=4835"},"modified":"2024-01-02T10:08:12","modified_gmt":"2024-01-02T09:08:12","slug":"bibliotheque-medem-ouvre-ses-portes-en-francais-en-presentiel-3","status":"publish","type":"tribe_events","link":"https:\/\/programme.yiddish.paris\/?tribe_events=bibliotheque-medem-ouvre-ses-portes-en-francais-en-presentiel-3","title":{"rendered":"Biblioth\u00e8que Medem ouvre ses portes (en fran\u00e7ais, en pr\u00e9sentiel)"},"content":{"rendered":"<h2 class=\"p1\">Totalitarisme et \u00e9dition yiddish en Ukraine : les ann\u00e9es 1930 \u00e0 Ky\u00efv et Kharkiv : conf\u00e9rence de Clarisse Brossard<\/h2>\n<p><strong><span style=\"color: #ff0000;\">Samedi 9 mars 2024, 17h00-18h00<\/span><\/strong><\/p>\n<p class=\"p1\">En 1917, afin de faire de l&rsquo;ombre \u00e0 Ky\u00efv, l&rsquo;\u00e9picentre de l&rsquo;avant-garde, les sovi\u00e9tiques installent d&#8217;embl\u00e9e la capitale de \u00ab\u00a0leur\u00a0\u00bb Ukraine \u00e0 Kharkiv, ville situ\u00e9e tout \u00e0 l&rsquo;est du pays, qui gardera ce statut jusqu&rsquo;en 1934. D\u00e8s la fin des ann\u00e9es 1920, les sovi\u00e9tiques cherchent \u00e0 y concentrer l&rsquo;intelligentsia afin de la faire travailler pour le nouveau r\u00e9gime. S&rsquo;appuyant sur les collections de la Biblioth\u00e8que Medem (environ 120 ouvrages publi\u00e9s \u00e0 cette \u00e9poque dans ces deux villes), Clarisse Brossard montrera comment les deux principales villes d&rsquo;\u00e9dition yiddish d&rsquo;Ukraine sovi\u00e9tique ont travers\u00e9 les ann\u00e9es 1930, en s&rsquo;adaptant au contexte totalitaire sovi\u00e9tique : r\u00e9alisme socialiste et cr\u00e9ation de mythes litt\u00e9raires, surveillance et purge des intellectuels, terreur et massacres de masse.<\/p>\n<p class=\"p1\">Enseignante de yiddish, <b>Clarisse Brossard<\/b>\u00a0est dipl\u00f4m\u00e9e en relations internationales et agr\u00e9g\u00e9e de russe. Ses recherches concernent l\u2019avant-garde yiddish en Ukraine, en particulier le d\u00e9veloppement de la Kultur-lige \u00e0 l\u2019\u00e9poque de la R\u00e9publique populaire d\u2019Ukraine.<\/p>\n<p id=\"block-9f12ed79-6edc-4770-bd43-8fe9522387fe\"><em>Tarif : 5 \u20ac. Adh\u00e9rents : entr\u00e9e libre (sur r\u00e9servation)*.<br \/>\n*<a href=\"https:\/\/www.helloasso.com\/associations\/maison-de-la-culture-yiddish-bibliotheque-medem\/adhesions\/adhesion-en-ligne-a-la-maison-de-la-culture-yiddish-2023-2024\">Adh\u00e9rez \u00e0 la Maison de la culture yiddish pour la saison 2023-2024<\/a>\u00a0et d\u00e9couvrez\u00a0<strong>le code promotionnel<\/strong>\u00a0qui vous donnera acc\u00e8s au\u00a0<strong>tarif r\u00e9duit<\/strong>\u00a0sur vos r\u00e9servations.<br \/>\n<\/em><\/p>\n<p id=\"block-2ba98dcd-5f13-4105-b07b-0b0692c4fa6f\"><a href=\"https:\/\/www.helloasso.com\/associations\/maison-de-la-culture-yiddish-bibliotheque-medem\/evenements\/2024-03\"><strong>Cliquez ici<\/strong><\/a>\u00a0pour r\u00e9server (r\u00e9servation obligatoire).<\/p>\n<p id=\"block-02374118-74c5-4bea-b761-3a9a73091b35\"><strong>Attention : au moment du r\u00e8glement, la plateforme Helloasso vous proposera d\u2019ajouter une contribution \u00e0 son fonctionnement. Celle-ci est optionnelle, et vous pouvez changer son montant ou bien l\u2019annuler en appuyant sur le bouton \u00ab Modifier \u00bb.<\/strong><\/p>\n","protected":false},"excerpt":{"rendered":"<p>Totalitarisme et \u00e9dition yiddish en Ukraine : les ann\u00e9es 1930 \u00e0 Ky\u00efv et Kharkiv : conf\u00e9rence de Clarisse Brossard Samedi 9 mars 2024, 17h00-18h00 En 1917, afin de faire de &hellip; <\/p>\n<p class=\"link-more\"><a href=\"https:\/\/programme.yiddish.paris\/?tribe_events=bibliotheque-medem-ouvre-ses-portes-en-francais-en-presentiel-3\" class=\"more-link\">Continuer la lecture<span class=\"screen-reader-text\"> de &laquo;&nbsp;Biblioth\u00e8que Medem ouvre ses portes (en fran\u00e7ais, en pr\u00e9sentiel)&nbsp;&raquo;<\/span><\/a><\/p>\n","protected":false},"author":2,"featured_media":4838,"template":"","meta":{"_monsterinsights_skip_tracking":false,"_monsterinsights_sitenote_active":false,"_monsterinsights_sitenote_note":"","_monsterinsights_sitenote_category":0,"_tribe_events_status":"","_tribe_events_status_reason":"","footnotes":""},"tags":[],"tribe_events_cat":[53,55],"class_list":["post-4835","tribe_events","type-tribe_events","status-publish","has-post-thumbnail","hentry","tribe_events_cat-conference","tribe_events_cat-francais","cat_conference","cat_francais"],"yoast_head":"<!-- This site is optimized with the Yoast SEO plugin v27.5 - https:\/\/yoast.com\/product\/yoast-seo-wordpress\/ -->\n<title>Biblioth\u00e8que Medem ouvre ses portes (en fran\u00e7ais, en pr\u00e9sentiel) - programme.yiddish.paris<\/title>\n<meta name=\"robots\" content=\"index, follow, max-snippet:-1, max-image-preview:large, max-video-preview:-1\" \/>\n<link rel=\"canonical\" href=\"https:\/\/programme.yiddish.paris\/?tribe_events=bibliotheque-medem-ouvre-ses-portes-en-francais-en-presentiel-3\" \/>\n<meta property=\"og:locale\" content=\"fr_FR\" \/>\n<meta property=\"og:type\" content=\"article\" \/>\n<meta property=\"og:title\" content=\"Biblioth\u00e8que Medem ouvre ses portes (en fran\u00e7ais, en pr\u00e9sentiel) - programme.yiddish.paris\" \/>\n<meta property=\"og:description\" content=\"Totalitarisme et \u00e9dition yiddish en Ukraine : les ann\u00e9es 1930 \u00e0 Ky\u00efv et Kharkiv : conf\u00e9rence de Clarisse Brossard Samedi 9 mars 2024, 17h00-18h00 En 1917, afin de faire de &hellip; Continuer la lecture de &laquo;&nbsp;Biblioth\u00e8que Medem ouvre ses portes (en fran\u00e7ais, en pr\u00e9sentiel)&nbsp;&raquo;\" \/>\n<meta property=\"og:url\" content=\"https:\/\/programme.yiddish.paris\/?tribe_events=bibliotheque-medem-ouvre-ses-portes-en-francais-en-presentiel-3\" \/>\n<meta property=\"og:site_name\" content=\"programme.yiddish.paris\" \/>\n<meta property=\"article:modified_time\" content=\"2024-01-02T09:08:12+00:00\" \/>\n<meta property=\"og:image\" content=\"https:\/\/programme.yiddish.paris\/wp-content\/uploads\/2023\/11\/Fedke.jpg\" \/>\n\t<meta property=\"og:image:width\" content=\"1408\" \/>\n\t<meta property=\"og:image:height\" content=\"1875\" \/>\n\t<meta property=\"og:image:type\" content=\"image\/jpeg\" \/>\n<meta name=\"twitter:card\" content=\"summary_large_image\" \/>\n<meta name=\"twitter:label1\" content=\"Dur\u00e9e de lecture estim\u00e9e\" \/>\n\t<meta name=\"twitter:data1\" content=\"2 minutes\" \/>\n<script type=\"application\/ld+json\" class=\"yoast-schema-graph\">{\"@context\":\"https:\\\/\\\/schema.org\",\"@graph\":[{\"@type\":\"WebPage\",\"@id\":\"https:\\\/\\\/programme.yiddish.paris\\\/?tribe_events=bibliotheque-medem-ouvre-ses-portes-en-francais-en-presentiel-3\",\"url\":\"https:\\\/\\\/programme.yiddish.paris\\\/?tribe_events=bibliotheque-medem-ouvre-ses-portes-en-francais-en-presentiel-3\",\"name\":\"Biblioth\u00e8que Medem ouvre ses portes (en fran\u00e7ais, en pr\u00e9sentiel) - programme.yiddish.paris\",\"isPartOf\":{\"@id\":\"https:\\\/\\\/programme.yiddish.paris\\\/#website\"},\"primaryImageOfPage\":{\"@id\":\"https:\\\/\\\/programme.yiddish.paris\\\/?tribe_events=bibliotheque-medem-ouvre-ses-portes-en-francais-en-presentiel-3#primaryimage\"},\"image\":{\"@id\":\"https:\\\/\\\/programme.yiddish.paris\\\/?tribe_events=bibliotheque-medem-ouvre-ses-portes-en-francais-en-presentiel-3#primaryimage\"},\"thumbnailUrl\":\"https:\\\/\\\/programme.yiddish.paris\\\/wp-content\\\/uploads\\\/2023\\\/11\\\/Fedke.jpg\",\"datePublished\":\"2023-11-07T22:16:29+00:00\",\"dateModified\":\"2024-01-02T09:08:12+00:00\",\"breadcrumb\":{\"@id\":\"https:\\\/\\\/programme.yiddish.paris\\\/?tribe_events=bibliotheque-medem-ouvre-ses-portes-en-francais-en-presentiel-3#breadcrumb\"},\"inLanguage\":\"fr-FR\",\"potentialAction\":[{\"@type\":\"ReadAction\",\"target\":[\"https:\\\/\\\/programme.yiddish.paris\\\/?tribe_events=bibliotheque-medem-ouvre-ses-portes-en-francais-en-presentiel-3\"]}]},{\"@type\":\"ImageObject\",\"inLanguage\":\"fr-FR\",\"@id\":\"https:\\\/\\\/programme.yiddish.paris\\\/?tribe_events=bibliotheque-medem-ouvre-ses-portes-en-francais-en-presentiel-3#primaryimage\",\"url\":\"https:\\\/\\\/programme.yiddish.paris\\\/wp-content\\\/uploads\\\/2023\\\/11\\\/Fedke.jpg\",\"contentUrl\":\"https:\\\/\\\/programme.yiddish.paris\\\/wp-content\\\/uploads\\\/2023\\\/11\\\/Fedke.jpg\",\"width\":1408,\"height\":1875},{\"@type\":\"BreadcrumbList\",\"@id\":\"https:\\\/\\\/programme.yiddish.paris\\\/?tribe_events=bibliotheque-medem-ouvre-ses-portes-en-francais-en-presentiel-3#breadcrumb\",\"itemListElement\":[{\"@type\":\"ListItem\",\"position\":1,\"name\":\"Home\",\"item\":\"https:\\\/\\\/programme.yiddish.paris\\\/\"},{\"@type\":\"ListItem\",\"position\":2,\"name\":\"\u00c9v\u00e8nements\",\"item\":\"https:\\\/\\\/programme.yiddish.paris\\\/?post_type=tribe_events\"},{\"@type\":\"ListItem\",\"position\":3,\"name\":\"Biblioth\u00e8que Medem ouvre ses portes (en fran\u00e7ais, en pr\u00e9sentiel)\"}]},{\"@type\":\"WebSite\",\"@id\":\"https:\\\/\\\/programme.yiddish.paris\\\/#website\",\"url\":\"https:\\\/\\\/programme.yiddish.paris\\\/\",\"name\":\"programme.yiddish.paris\",\"description\":\"La programmation culturelle de la Maison de la culture yiddish \u2013\u00a0Biblioth\u00e8que Medem\",\"publisher\":{\"@id\":\"https:\\\/\\\/programme.yiddish.paris\\\/#organization\"},\"potentialAction\":[{\"@type\":\"SearchAction\",\"target\":{\"@type\":\"EntryPoint\",\"urlTemplate\":\"https:\\\/\\\/programme.yiddish.paris\\\/?s={search_term_string}\"},\"query-input\":{\"@type\":\"PropertyValueSpecification\",\"valueRequired\":true,\"valueName\":\"search_term_string\"}}],\"inLanguage\":\"fr-FR\"},{\"@type\":\"Organization\",\"@id\":\"https:\\\/\\\/programme.yiddish.paris\\\/#organization\",\"name\":\"programme.yiddish.paris\",\"url\":\"https:\\\/\\\/programme.yiddish.paris\\\/\",\"logo\":{\"@type\":\"ImageObject\",\"inLanguage\":\"fr-FR\",\"@id\":\"https:\\\/\\\/programme.yiddish.paris\\\/#\\\/schema\\\/logo\\\/image\\\/\",\"url\":\"https:\\\/\\\/programme.yiddish.paris\\\/wp-content\\\/uploads\\\/2020\\\/07\\\/cropped-mcy_yud-1.png\",\"contentUrl\":\"https:\\\/\\\/programme.yiddish.paris\\\/wp-content\\\/uploads\\\/2020\\\/07\\\/cropped-mcy_yud-1.png\",\"width\":250,\"height\":250,\"caption\":\"programme.yiddish.paris\"},\"image\":{\"@id\":\"https:\\\/\\\/programme.yiddish.paris\\\/#\\\/schema\\\/logo\\\/image\\\/\"}}]}<\/script>\n<!-- \/ Yoast SEO plugin. -->","yoast_head_json":{"title":"Biblioth\u00e8que Medem ouvre ses portes (en fran\u00e7ais, en pr\u00e9sentiel) - programme.yiddish.paris","robots":{"index":"index","follow":"follow","max-snippet":"max-snippet:-1","max-image-preview":"max-image-preview:large","max-video-preview":"max-video-preview:-1"},"canonical":"https:\/\/programme.yiddish.paris\/?tribe_events=bibliotheque-medem-ouvre-ses-portes-en-francais-en-presentiel-3","og_locale":"fr_FR","og_type":"article","og_title":"Biblioth\u00e8que Medem ouvre ses portes (en fran\u00e7ais, en pr\u00e9sentiel) - programme.yiddish.paris","og_description":"Totalitarisme et \u00e9dition yiddish en Ukraine : les ann\u00e9es 1930 \u00e0 Ky\u00efv et Kharkiv : conf\u00e9rence de Clarisse Brossard Samedi 9 mars 2024, 17h00-18h00 En 1917, afin de faire de &hellip; Continuer la lecture de &laquo;&nbsp;Biblioth\u00e8que Medem ouvre ses portes (en fran\u00e7ais, en pr\u00e9sentiel)&nbsp;&raquo;","og_url":"https:\/\/programme.yiddish.paris\/?tribe_events=bibliotheque-medem-ouvre-ses-portes-en-francais-en-presentiel-3","og_site_name":"programme.yiddish.paris","article_modified_time":"2024-01-02T09:08:12+00:00","og_image":[{"width":1408,"height":1875,"url":"https:\/\/programme.yiddish.paris\/wp-content\/uploads\/2023\/11\/Fedke.jpg","type":"image\/jpeg"}],"twitter_card":"summary_large_image","twitter_misc":{"Dur\u00e9e de lecture estim\u00e9e":"2 minutes"},"schema":{"@context":"https:\/\/schema.org","@graph":[{"@type":"WebPage","@id":"https:\/\/programme.yiddish.paris\/?tribe_events=bibliotheque-medem-ouvre-ses-portes-en-francais-en-presentiel-3","url":"https:\/\/programme.yiddish.paris\/?tribe_events=bibliotheque-medem-ouvre-ses-portes-en-francais-en-presentiel-3","name":"Biblioth\u00e8que Medem ouvre ses portes (en fran\u00e7ais, en pr\u00e9sentiel) - programme.yiddish.paris","isPartOf":{"@id":"https:\/\/programme.yiddish.paris\/#website"},"primaryImageOfPage":{"@id":"https:\/\/programme.yiddish.paris\/?tribe_events=bibliotheque-medem-ouvre-ses-portes-en-francais-en-presentiel-3#primaryimage"},"image":{"@id":"https:\/\/programme.yiddish.paris\/?tribe_events=bibliotheque-medem-ouvre-ses-portes-en-francais-en-presentiel-3#primaryimage"},"thumbnailUrl":"https:\/\/programme.yiddish.paris\/wp-content\/uploads\/2023\/11\/Fedke.jpg","datePublished":"2023-11-07T22:16:29+00:00","dateModified":"2024-01-02T09:08:12+00:00","breadcrumb":{"@id":"https:\/\/programme.yiddish.paris\/?tribe_events=bibliotheque-medem-ouvre-ses-portes-en-francais-en-presentiel-3#breadcrumb"},"inLanguage":"fr-FR","potentialAction":[{"@type":"ReadAction","target":["https:\/\/programme.yiddish.paris\/?tribe_events=bibliotheque-medem-ouvre-ses-portes-en-francais-en-presentiel-3"]}]},{"@type":"ImageObject","inLanguage":"fr-FR","@id":"https:\/\/programme.yiddish.paris\/?tribe_events=bibliotheque-medem-ouvre-ses-portes-en-francais-en-presentiel-3#primaryimage","url":"https:\/\/programme.yiddish.paris\/wp-content\/uploads\/2023\/11\/Fedke.jpg","contentUrl":"https:\/\/programme.yiddish.paris\/wp-content\/uploads\/2023\/11\/Fedke.jpg","width":1408,"height":1875},{"@type":"BreadcrumbList","@id":"https:\/\/programme.yiddish.paris\/?tribe_events=bibliotheque-medem-ouvre-ses-portes-en-francais-en-presentiel-3#breadcrumb","itemListElement":[{"@type":"ListItem","position":1,"name":"Home","item":"https:\/\/programme.yiddish.paris\/"},{"@type":"ListItem","position":2,"name":"\u00c9v\u00e8nements","item":"https:\/\/programme.yiddish.paris\/?post_type=tribe_events"},{"@type":"ListItem","position":3,"name":"Biblioth\u00e8que Medem ouvre ses portes (en fran\u00e7ais, en pr\u00e9sentiel)"}]},{"@type":"WebSite","@id":"https:\/\/programme.yiddish.paris\/#website","url":"https:\/\/programme.yiddish.paris\/","name":"programme.yiddish.paris","description":"La programmation culturelle de la Maison de la culture yiddish \u2013\u00a0Biblioth\u00e8que Medem","publisher":{"@id":"https:\/\/programme.yiddish.paris\/#organization"},"potentialAction":[{"@type":"SearchAction","target":{"@type":"EntryPoint","urlTemplate":"https:\/\/programme.yiddish.paris\/?s={search_term_string}"},"query-input":{"@type":"PropertyValueSpecification","valueRequired":true,"valueName":"search_term_string"}}],"inLanguage":"fr-FR"},{"@type":"Organization","@id":"https:\/\/programme.yiddish.paris\/#organization","name":"programme.yiddish.paris","url":"https:\/\/programme.yiddish.paris\/","logo":{"@type":"ImageObject","inLanguage":"fr-FR","@id":"https:\/\/programme.yiddish.paris\/#\/schema\/logo\/image\/","url":"https:\/\/programme.yiddish.paris\/wp-content\/uploads\/2020\/07\/cropped-mcy_yud-1.png","contentUrl":"https:\/\/programme.yiddish.paris\/wp-content\/uploads\/2020\/07\/cropped-mcy_yud-1.png","width":250,"height":250,"caption":"programme.yiddish.paris"},"image":{"@id":"https:\/\/programme.yiddish.paris\/#\/schema\/logo\/image\/"}}]}},"_links":{"self":[{"href":"https:\/\/programme.yiddish.paris\/index.php?rest_route=\/wp\/v2\/tribe_events\/4835","targetHints":{"allow":["GET"]}}],"collection":[{"href":"https:\/\/programme.yiddish.paris\/index.php?rest_route=\/wp\/v2\/tribe_events"}],"about":[{"href":"https:\/\/programme.yiddish.paris\/index.php?rest_route=\/wp\/v2\/types\/tribe_events"}],"author":[{"embeddable":true,"href":"https:\/\/programme.yiddish.paris\/index.php?rest_route=\/wp\/v2\/users\/2"}],"version-history":[{"count":5,"href":"https:\/\/programme.yiddish.paris\/index.php?rest_route=\/wp\/v2\/tribe_events\/4835\/revisions"}],"predecessor-version":[{"id":5039,"href":"https:\/\/programme.yiddish.paris\/index.php?rest_route=\/wp\/v2\/tribe_events\/4835\/revisions\/5039"}],"wp:featuredmedia":[{"embeddable":true,"href":"https:\/\/programme.yiddish.paris\/index.php?rest_route=\/wp\/v2\/media\/4838"}],"wp:attachment":[{"href":"https:\/\/programme.yiddish.paris\/index.php?rest_route=%2Fwp%2Fv2%2Fmedia&parent=4835"}],"wp:term":[{"taxonomy":"post_tag","embeddable":true,"href":"https:\/\/programme.yiddish.paris\/index.php?rest_route=%2Fwp%2Fv2%2Ftags&post=4835"},{"taxonomy":"tribe_events_cat","embeddable":true,"href":"https:\/\/programme.yiddish.paris\/index.php?rest_route=%2Fwp%2Fv2%2Ftribe_events_cat&post=4835"}],"curies":[{"name":"wp","href":"https:\/\/api.w.org\/{rel}","templated":true}]}}