{"id":4905,"date":"2023-11-22T10:02:08","date_gmt":"2023-11-22T09:02:08","guid":{"rendered":"https:\/\/programme.yiddish.paris\/?post_type=tribe_events&#038;p=4905"},"modified":"2024-01-02T10:07:01","modified_gmt":"2024-01-02T09:07:01","slug":"the-semer-ensemble-musical-lecture-by-alan-bern-in-english-via-zoom","status":"publish","type":"tribe_events","link":"https:\/\/programme.yiddish.paris\/?tribe_events=the-semer-ensemble-musical-lecture-by-alan-bern-in-english-via-zoom","title":{"rendered":"The Semer Ensemble: musical lecture by Alan Bern (in English, via Zoom)"},"content":{"rendered":"<p><em>English below<\/em><\/p>\n<h2 class=\"p1\">Le Semer Ensemble : conf\u00e9rence musicale d\u2019Alan Bern<\/h2>\n<p><strong><span style=\"color: #ff0000;\">Jeudi 7 mars 2024, 19h30-21h00<\/span><\/strong><\/p>\n<p class=\"p2\">En anglais, sur Zoom.<\/p>\n<p class=\"p3\">Fond\u00e9 en 2012, le Semer Ensemble, bas\u00e9 \u00e0 Berlin, se consacre \u00e0 la r\u00e9interpr\u00e9tation d\u2019\u0153uvres musicales enregistr\u00e9es par des artistes juifs pendant la p\u00e9riode nazie sous le label berlinois Semer. D\u00e9truit par les nazis en 1938, l&rsquo;ensemble du catalogue Semer, compos\u00e9 de centaines d&rsquo;enregistrements pr\u00e9cieux et uniques, \u00e9tait consid\u00e9r\u00e9 comme perdu \u00e0 jamais jusqu&rsquo;\u00e0 ce qu&rsquo;il soit red\u00e9couvert au d\u00e9but des ann\u00e9es 2000.<\/p>\n<p class=\"p3\">Dirig\u00e9 par Alan Bern, le Semer Ensemble r\u00e9unit une extraordinaire brochette d&rsquo;artistes de la musique yiddish, dont Lorin Sklamberg, Daniel Kahn, Sasha Lurje, Mark Kovnatskiy, Paul Brody, Martin Lillich et Fabian Schnedler.<\/p>\n<p class=\"p3\"><strong>Alan Bern<\/strong> contera l&rsquo;histoire \u00e9tonnante du label Semer, partagera avec les auditeurs des enregistrements originaux des artistes du label datant des ann\u00e9es 1930, ainsi que des vid\u00e9os de performances r\u00e9centes du Semer Ensemble.<\/p>\n<p class=\"p3\">Compositeur, pianiste, accord\u00e9oniste, enseignant, install\u00e9 \u00e0 Berlin depuis 1987, Alan Bern est internationalement reconnu pour ses contributions \u00e0 la recherche, \u00e0 la diffusion et au renouvellement cr\u00e9atif de la musique juive. Il a re\u00e7u plusieurs prix pour son travail.<\/p>\n<p><em>Tarif : 11 \u20ac. Adh\u00e9rents : 6 \u20ac*.<br \/>\n<a href=\"https:\/\/www.helloasso.com\/associations\/maison-de-la-culture-yiddish-bibliotheque-medem\/adhesions\/adhesion-en-ligne-a-la-maison-de-la-culture-yiddish-2021-2022\">*<\/a><a href=\"https:\/\/www.helloasso.com\/associations\/maison-de-la-culture-yiddish-bibliotheque-medem\/adhesions\/adhesion-en-ligne-a-la-maison-de-la-culture-yiddish-2023-2024\">Adh\u00e9rez \u00e0 la Maison de la culture yiddish pour la saison 2023-2024<\/a>\u00a0et d\u00e9couvrez\u00a0<strong>le code promotionnel<\/strong>\u00a0qui vous donnera acc\u00e8s au\u00a0<strong>tarif r\u00e9duit<\/strong>\u00a0sur vos r\u00e9servations.<\/em><\/p>\n<p><a href=\"https:\/\/www.helloasso.com\/associations\/maison-de-la-culture-yiddish-bibliotheque-medem\/evenements\/2024-03\"><strong>Cliquez ici<\/strong><\/a>\u00a0pour r\u00e9server (r\u00e9servation obligatoire).<\/p>\n<p><strong>Attention : au moment du r\u00e8glement, la plateforme Helloasso vous proposera d\u2019ajouter une contribution \u00e0 son fonctionnement. Celle-ci est optionnelle, et vous pouvez changer son montant ou bien l\u2019annuler en appuyant sur le bouton \u00ab Modifier \u00bb.<\/strong><\/p>\n<h2>The Semer Ensemble: musical lecture by Alan Bern (in English, via Zoom)<\/h2>\n<p><strong><span style=\"color: #ff0000;\">Thursday, March 7, 2024, 7:30-9:00 pm (Paris time)<\/span><\/strong><\/p>\n<p class=\"p1\">Dr. <a href=\"https:\/\/en.wikipedia.org\/wiki\/Alan_Bern\">Alan Bern<\/a> <span class=\"s1\">(Bloomington, Indiana, 1955) is an American Jewish composer, pianist, accordionist, educator and cultural activist, based in Berlin since 1987. He is the founding artistic director of Yiddish Summer Weimar and the Other Music Academy (OMA). He is internationally recognized for his contributions to the research, dissemination and creative renewal of Jewish music with\u00a0<a href=\"https:\/\/en.wikipedia.org\/wiki\/Brave_Old_World\"><span class=\"s2\">Brave Old World<\/span><\/a>, The Other Europeans and the Semer Ensemble, among others. For his work he has been awared the Order of Merit of the Federal Republic of Germany and the Weimar Prize, among others.\u00a0 <\/span><\/p>\n<p class=\"p2\">Founded in 2012, the Berlin-based Semer Ensemble is dedicated reinterpreting music recorded by Jewish artists during the Nazi period on the almost unknown Berlin-based Semer record label. Destroyed by the Nazis in 1938, the entire Semer catalogue of hundreds of precious, unique recordings was considered lost forever until it was rediscovered in the early 2000s. Led by Alan Bern, the Semer Ensemble features an extraordinary lineup of Yiddish music artists, including Lorin Sklamberg, Daniel Kahn, Sasha Lurje, Mark Kovnatskiy, Paul Brody, Martin Lillich and Fabian Schnedler. <a href=\"http:\/\/www.semerensemble.com\"><span class=\"s4\">www.semerensemble.com<\/span><\/a><\/p>\n<p class=\"p2\">In today\u2019s presentation, Alan will share the amazing back story of the original Semer label, original 1930s recordings of label artists, and video of recent performances by the Semer Ensemble.<\/p>\n<p>In English, via Zoom.<\/p>\n<p><em>11 \u20ac. Members: 6 \u20ac<\/em><\/p>\n<p><strong><a href=\"https:\/\/www.helloasso.com\/associations\/maison-de-la-culture-yiddish-bibliotheque-medem\/evenements\/2024-03\">Register<\/a><\/strong><\/p>\n<p><strong>When you are ready to pay, the website Helloasso will suggest that you contribute a \u201ctip\u201d in order to support its functioning. This \u201ctip\u201d is completely optional. You can change the amount or cancel it entirely by clicking \u201cModifier.\u201d<\/strong><\/p>\n","protected":false},"excerpt":{"rendered":"<p>English below Le Semer Ensemble : conf\u00e9rence musicale d\u2019Alan Bern Jeudi 7 mars 2024, 19h30-21h00 En anglais, sur Zoom. Fond\u00e9 en 2012, le Semer Ensemble, bas\u00e9 \u00e0 Berlin, se consacre &hellip; <\/p>\n<p class=\"link-more\"><a href=\"https:\/\/programme.yiddish.paris\/?tribe_events=the-semer-ensemble-musical-lecture-by-alan-bern-in-english-via-zoom\" class=\"more-link\">Continuer la lecture<span class=\"screen-reader-text\"> de &laquo;&nbsp;The Semer Ensemble: musical lecture by Alan Bern (in English, via Zoom)&nbsp;&raquo;<\/span><\/a><\/p>\n","protected":false},"author":2,"featured_media":4907,"template":"","meta":{"_monsterinsights_skip_tracking":false,"_monsterinsights_sitenote_active":false,"_monsterinsights_sitenote_note":"","_monsterinsights_sitenote_category":0,"_tribe_events_status":"","_tribe_events_status_reason":"","footnotes":""},"tags":[],"tribe_events_cat":[53,71],"class_list":["post-4905","tribe_events","type-tribe_events","status-publish","has-post-thumbnail","hentry","tribe_events_cat-conference","tribe_events_cat-musique","cat_conference","cat_musique"],"yoast_head":"<!-- This site is optimized with the Yoast SEO plugin v27.5 - https:\/\/yoast.com\/product\/yoast-seo-wordpress\/ -->\n<title>The Semer Ensemble: musical lecture by Alan Bern (in English, via Zoom) - programme.yiddish.paris<\/title>\n<meta name=\"robots\" content=\"index, follow, max-snippet:-1, max-image-preview:large, max-video-preview:-1\" \/>\n<link rel=\"canonical\" href=\"https:\/\/programme.yiddish.paris\/?tribe_events=the-semer-ensemble-musical-lecture-by-alan-bern-in-english-via-zoom\" \/>\n<meta property=\"og:locale\" content=\"fr_FR\" \/>\n<meta property=\"og:type\" content=\"article\" \/>\n<meta property=\"og:title\" content=\"The Semer Ensemble: musical lecture by Alan Bern (in English, via Zoom) - programme.yiddish.paris\" \/>\n<meta property=\"og:description\" content=\"English below Le Semer Ensemble : conf\u00e9rence musicale d\u2019Alan Bern Jeudi 7 mars 2024, 19h30-21h00 En anglais, sur Zoom. Fond\u00e9 en 2012, le Semer Ensemble, bas\u00e9 \u00e0 Berlin, se consacre &hellip; Continuer la lecture de &laquo;&nbsp;The Semer Ensemble: musical lecture by Alan Bern (in English, via Zoom)&nbsp;&raquo;\" \/>\n<meta property=\"og:url\" content=\"https:\/\/programme.yiddish.paris\/?tribe_events=the-semer-ensemble-musical-lecture-by-alan-bern-in-english-via-zoom\" \/>\n<meta property=\"og:site_name\" content=\"programme.yiddish.paris\" \/>\n<meta property=\"article:modified_time\" content=\"2024-01-02T09:07:01+00:00\" \/>\n<meta property=\"og:image\" content=\"https:\/\/programme.yiddish.paris\/wp-content\/uploads\/2023\/11\/Semer-Ensemble.jpg\" \/>\n\t<meta property=\"og:image:width\" content=\"2500\" \/>\n\t<meta property=\"og:image:height\" content=\"2029\" \/>\n\t<meta property=\"og:image:type\" content=\"image\/jpeg\" \/>\n<meta name=\"twitter:card\" content=\"summary_large_image\" \/>\n<meta name=\"twitter:label1\" content=\"Dur\u00e9e de lecture estim\u00e9e\" \/>\n\t<meta name=\"twitter:data1\" content=\"3 minutes\" \/>\n<script type=\"application\/ld+json\" class=\"yoast-schema-graph\">{\"@context\":\"https:\\\/\\\/schema.org\",\"@graph\":[{\"@type\":\"WebPage\",\"@id\":\"https:\\\/\\\/programme.yiddish.paris\\\/?tribe_events=the-semer-ensemble-musical-lecture-by-alan-bern-in-english-via-zoom\",\"url\":\"https:\\\/\\\/programme.yiddish.paris\\\/?tribe_events=the-semer-ensemble-musical-lecture-by-alan-bern-in-english-via-zoom\",\"name\":\"The Semer Ensemble: musical lecture by Alan Bern (in English, via Zoom) - programme.yiddish.paris\",\"isPartOf\":{\"@id\":\"https:\\\/\\\/programme.yiddish.paris\\\/#website\"},\"primaryImageOfPage\":{\"@id\":\"https:\\\/\\\/programme.yiddish.paris\\\/?tribe_events=the-semer-ensemble-musical-lecture-by-alan-bern-in-english-via-zoom#primaryimage\"},\"image\":{\"@id\":\"https:\\\/\\\/programme.yiddish.paris\\\/?tribe_events=the-semer-ensemble-musical-lecture-by-alan-bern-in-english-via-zoom#primaryimage\"},\"thumbnailUrl\":\"https:\\\/\\\/programme.yiddish.paris\\\/wp-content\\\/uploads\\\/2023\\\/11\\\/Semer-Ensemble.jpg\",\"datePublished\":\"2023-11-22T09:02:08+00:00\",\"dateModified\":\"2024-01-02T09:07:01+00:00\",\"breadcrumb\":{\"@id\":\"https:\\\/\\\/programme.yiddish.paris\\\/?tribe_events=the-semer-ensemble-musical-lecture-by-alan-bern-in-english-via-zoom#breadcrumb\"},\"inLanguage\":\"fr-FR\",\"potentialAction\":[{\"@type\":\"ReadAction\",\"target\":[\"https:\\\/\\\/programme.yiddish.paris\\\/?tribe_events=the-semer-ensemble-musical-lecture-by-alan-bern-in-english-via-zoom\"]}]},{\"@type\":\"ImageObject\",\"inLanguage\":\"fr-FR\",\"@id\":\"https:\\\/\\\/programme.yiddish.paris\\\/?tribe_events=the-semer-ensemble-musical-lecture-by-alan-bern-in-english-via-zoom#primaryimage\",\"url\":\"https:\\\/\\\/programme.yiddish.paris\\\/wp-content\\\/uploads\\\/2023\\\/11\\\/Semer-Ensemble.jpg\",\"contentUrl\":\"https:\\\/\\\/programme.yiddish.paris\\\/wp-content\\\/uploads\\\/2023\\\/11\\\/Semer-Ensemble.jpg\",\"width\":2500,\"height\":2029},{\"@type\":\"BreadcrumbList\",\"@id\":\"https:\\\/\\\/programme.yiddish.paris\\\/?tribe_events=the-semer-ensemble-musical-lecture-by-alan-bern-in-english-via-zoom#breadcrumb\",\"itemListElement\":[{\"@type\":\"ListItem\",\"position\":1,\"name\":\"Home\",\"item\":\"https:\\\/\\\/programme.yiddish.paris\\\/\"},{\"@type\":\"ListItem\",\"position\":2,\"name\":\"\u00c9v\u00e8nements\",\"item\":\"https:\\\/\\\/programme.yiddish.paris\\\/?post_type=tribe_events\"},{\"@type\":\"ListItem\",\"position\":3,\"name\":\"The Semer Ensemble: musical lecture by Alan Bern (in English, via Zoom)\"}]},{\"@type\":\"WebSite\",\"@id\":\"https:\\\/\\\/programme.yiddish.paris\\\/#website\",\"url\":\"https:\\\/\\\/programme.yiddish.paris\\\/\",\"name\":\"programme.yiddish.paris\",\"description\":\"La programmation culturelle de la Maison de la culture yiddish \u2013\u00a0Biblioth\u00e8que Medem\",\"publisher\":{\"@id\":\"https:\\\/\\\/programme.yiddish.paris\\\/#organization\"},\"potentialAction\":[{\"@type\":\"SearchAction\",\"target\":{\"@type\":\"EntryPoint\",\"urlTemplate\":\"https:\\\/\\\/programme.yiddish.paris\\\/?s={search_term_string}\"},\"query-input\":{\"@type\":\"PropertyValueSpecification\",\"valueRequired\":true,\"valueName\":\"search_term_string\"}}],\"inLanguage\":\"fr-FR\"},{\"@type\":\"Organization\",\"@id\":\"https:\\\/\\\/programme.yiddish.paris\\\/#organization\",\"name\":\"programme.yiddish.paris\",\"url\":\"https:\\\/\\\/programme.yiddish.paris\\\/\",\"logo\":{\"@type\":\"ImageObject\",\"inLanguage\":\"fr-FR\",\"@id\":\"https:\\\/\\\/programme.yiddish.paris\\\/#\\\/schema\\\/logo\\\/image\\\/\",\"url\":\"https:\\\/\\\/programme.yiddish.paris\\\/wp-content\\\/uploads\\\/2020\\\/07\\\/cropped-mcy_yud-1.png\",\"contentUrl\":\"https:\\\/\\\/programme.yiddish.paris\\\/wp-content\\\/uploads\\\/2020\\\/07\\\/cropped-mcy_yud-1.png\",\"width\":250,\"height\":250,\"caption\":\"programme.yiddish.paris\"},\"image\":{\"@id\":\"https:\\\/\\\/programme.yiddish.paris\\\/#\\\/schema\\\/logo\\\/image\\\/\"}}]}<\/script>\n<!-- \/ Yoast SEO plugin. -->","yoast_head_json":{"title":"The Semer Ensemble: musical lecture by Alan Bern (in English, via Zoom) - programme.yiddish.paris","robots":{"index":"index","follow":"follow","max-snippet":"max-snippet:-1","max-image-preview":"max-image-preview:large","max-video-preview":"max-video-preview:-1"},"canonical":"https:\/\/programme.yiddish.paris\/?tribe_events=the-semer-ensemble-musical-lecture-by-alan-bern-in-english-via-zoom","og_locale":"fr_FR","og_type":"article","og_title":"The Semer Ensemble: musical lecture by Alan Bern (in English, via Zoom) - programme.yiddish.paris","og_description":"English below Le Semer Ensemble : conf\u00e9rence musicale d\u2019Alan Bern Jeudi 7 mars 2024, 19h30-21h00 En anglais, sur Zoom. Fond\u00e9 en 2012, le Semer Ensemble, bas\u00e9 \u00e0 Berlin, se consacre &hellip; Continuer la lecture de &laquo;&nbsp;The Semer Ensemble: musical lecture by Alan Bern (in English, via Zoom)&nbsp;&raquo;","og_url":"https:\/\/programme.yiddish.paris\/?tribe_events=the-semer-ensemble-musical-lecture-by-alan-bern-in-english-via-zoom","og_site_name":"programme.yiddish.paris","article_modified_time":"2024-01-02T09:07:01+00:00","og_image":[{"width":2500,"height":2029,"url":"https:\/\/programme.yiddish.paris\/wp-content\/uploads\/2023\/11\/Semer-Ensemble.jpg","type":"image\/jpeg"}],"twitter_card":"summary_large_image","twitter_misc":{"Dur\u00e9e de lecture estim\u00e9e":"3 minutes"},"schema":{"@context":"https:\/\/schema.org","@graph":[{"@type":"WebPage","@id":"https:\/\/programme.yiddish.paris\/?tribe_events=the-semer-ensemble-musical-lecture-by-alan-bern-in-english-via-zoom","url":"https:\/\/programme.yiddish.paris\/?tribe_events=the-semer-ensemble-musical-lecture-by-alan-bern-in-english-via-zoom","name":"The Semer Ensemble: musical lecture by Alan Bern (in English, via Zoom) - programme.yiddish.paris","isPartOf":{"@id":"https:\/\/programme.yiddish.paris\/#website"},"primaryImageOfPage":{"@id":"https:\/\/programme.yiddish.paris\/?tribe_events=the-semer-ensemble-musical-lecture-by-alan-bern-in-english-via-zoom#primaryimage"},"image":{"@id":"https:\/\/programme.yiddish.paris\/?tribe_events=the-semer-ensemble-musical-lecture-by-alan-bern-in-english-via-zoom#primaryimage"},"thumbnailUrl":"https:\/\/programme.yiddish.paris\/wp-content\/uploads\/2023\/11\/Semer-Ensemble.jpg","datePublished":"2023-11-22T09:02:08+00:00","dateModified":"2024-01-02T09:07:01+00:00","breadcrumb":{"@id":"https:\/\/programme.yiddish.paris\/?tribe_events=the-semer-ensemble-musical-lecture-by-alan-bern-in-english-via-zoom#breadcrumb"},"inLanguage":"fr-FR","potentialAction":[{"@type":"ReadAction","target":["https:\/\/programme.yiddish.paris\/?tribe_events=the-semer-ensemble-musical-lecture-by-alan-bern-in-english-via-zoom"]}]},{"@type":"ImageObject","inLanguage":"fr-FR","@id":"https:\/\/programme.yiddish.paris\/?tribe_events=the-semer-ensemble-musical-lecture-by-alan-bern-in-english-via-zoom#primaryimage","url":"https:\/\/programme.yiddish.paris\/wp-content\/uploads\/2023\/11\/Semer-Ensemble.jpg","contentUrl":"https:\/\/programme.yiddish.paris\/wp-content\/uploads\/2023\/11\/Semer-Ensemble.jpg","width":2500,"height":2029},{"@type":"BreadcrumbList","@id":"https:\/\/programme.yiddish.paris\/?tribe_events=the-semer-ensemble-musical-lecture-by-alan-bern-in-english-via-zoom#breadcrumb","itemListElement":[{"@type":"ListItem","position":1,"name":"Home","item":"https:\/\/programme.yiddish.paris\/"},{"@type":"ListItem","position":2,"name":"\u00c9v\u00e8nements","item":"https:\/\/programme.yiddish.paris\/?post_type=tribe_events"},{"@type":"ListItem","position":3,"name":"The Semer Ensemble: musical lecture by Alan Bern (in English, via Zoom)"}]},{"@type":"WebSite","@id":"https:\/\/programme.yiddish.paris\/#website","url":"https:\/\/programme.yiddish.paris\/","name":"programme.yiddish.paris","description":"La programmation culturelle de la Maison de la culture yiddish \u2013\u00a0Biblioth\u00e8que Medem","publisher":{"@id":"https:\/\/programme.yiddish.paris\/#organization"},"potentialAction":[{"@type":"SearchAction","target":{"@type":"EntryPoint","urlTemplate":"https:\/\/programme.yiddish.paris\/?s={search_term_string}"},"query-input":{"@type":"PropertyValueSpecification","valueRequired":true,"valueName":"search_term_string"}}],"inLanguage":"fr-FR"},{"@type":"Organization","@id":"https:\/\/programme.yiddish.paris\/#organization","name":"programme.yiddish.paris","url":"https:\/\/programme.yiddish.paris\/","logo":{"@type":"ImageObject","inLanguage":"fr-FR","@id":"https:\/\/programme.yiddish.paris\/#\/schema\/logo\/image\/","url":"https:\/\/programme.yiddish.paris\/wp-content\/uploads\/2020\/07\/cropped-mcy_yud-1.png","contentUrl":"https:\/\/programme.yiddish.paris\/wp-content\/uploads\/2020\/07\/cropped-mcy_yud-1.png","width":250,"height":250,"caption":"programme.yiddish.paris"},"image":{"@id":"https:\/\/programme.yiddish.paris\/#\/schema\/logo\/image\/"}}]}},"_links":{"self":[{"href":"https:\/\/programme.yiddish.paris\/index.php?rest_route=\/wp\/v2\/tribe_events\/4905","targetHints":{"allow":["GET"]}}],"collection":[{"href":"https:\/\/programme.yiddish.paris\/index.php?rest_route=\/wp\/v2\/tribe_events"}],"about":[{"href":"https:\/\/programme.yiddish.paris\/index.php?rest_route=\/wp\/v2\/types\/tribe_events"}],"author":[{"embeddable":true,"href":"https:\/\/programme.yiddish.paris\/index.php?rest_route=\/wp\/v2\/users\/2"}],"version-history":[{"count":3,"href":"https:\/\/programme.yiddish.paris\/index.php?rest_route=\/wp\/v2\/tribe_events\/4905\/revisions"}],"predecessor-version":[{"id":5038,"href":"https:\/\/programme.yiddish.paris\/index.php?rest_route=\/wp\/v2\/tribe_events\/4905\/revisions\/5038"}],"wp:featuredmedia":[{"embeddable":true,"href":"https:\/\/programme.yiddish.paris\/index.php?rest_route=\/wp\/v2\/media\/4907"}],"wp:attachment":[{"href":"https:\/\/programme.yiddish.paris\/index.php?rest_route=%2Fwp%2Fv2%2Fmedia&parent=4905"}],"wp:term":[{"taxonomy":"post_tag","embeddable":true,"href":"https:\/\/programme.yiddish.paris\/index.php?rest_route=%2Fwp%2Fv2%2Ftags&post=4905"},{"taxonomy":"tribe_events_cat","embeddable":true,"href":"https:\/\/programme.yiddish.paris\/index.php?rest_route=%2Fwp%2Fv2%2Ftribe_events_cat&post=4905"}],"curies":[{"name":"wp","href":"https:\/\/api.w.org\/{rel}","templated":true}]}}