{"id":4980,"date":"2023-12-14T09:09:40","date_gmt":"2023-12-14T08:09:40","guid":{"rendered":"https:\/\/programme.yiddish.paris\/?post_type=tribe_events&#038;p=4980"},"modified":"2024-03-09T14:50:47","modified_gmt":"2024-03-09T13:50:47","slug":"le-printemps-des-poetes-la-grace-en-francais-et-yiddish-en-presentiel","status":"publish","type":"tribe_events","link":"https:\/\/programme.yiddish.paris\/?tribe_events=le-printemps-des-poetes-la-grace-en-francais-et-yiddish-en-presentiel","title":{"rendered":"Le Printemps des po\u00e8tes : la gr\u00e2ce (en fran\u00e7ais et yiddish, en pr\u00e9sentiel)"},"content":{"rendered":"<h3 class=\"p1\">Pr\u00e9sent\u00e9 par <strong>Shahar Fineberg <\/strong><\/h3>\n<p><strong><span style=\"color: #ff0000;\">Samedi 9 mars 2024, 18h30-20h00<\/span><\/strong><\/p>\n<p class=\"p1\">Tous les ans depuis 1999, le Printemps des po\u00e8tes nous invite \u00e0 d\u00e9couvrir ou red\u00e9couvrir autour d\u2019une th\u00e9matique la vitalit\u00e9 et la puissance de la parole po\u00e9tique<span class=\"Apple-converted-space\">\u00a0 <\/span>Le th\u00e8me de la gr\u00e2ce comme beaut\u00e9, comme mis\u00e9ricorde, comme sentiment du divin, irradie la po\u00e9sie yiddish. Mais toute \u00e9criture po\u00e9tique n\u2019est-elle pas elle-m\u00eame une gr\u00e2ce ? C\u2019est ce qu\u2019on ressentira aussi lors de cette soir\u00e9e de lectures o\u00f9 r\u00e9sonnera la musique du fran\u00e7ais et du yiddish.<\/p>\n<p class=\"p1\">Floril\u00e8ge de po\u00e8mes d\u2019Avrom Sutzkever, Miryam Ulinover, Anna Margolin, Arn Lutski, Eliezer Shteynbarg, Itsik Manger, Avrom Reyzen et Aaron Zeitlin.<\/p>\n<p>Avec : <strong>Sharon Bar-Kochva<\/strong>, <strong>Shahar Fineberg<\/strong>,\u00a0<strong>Laurence (Leyele)\u00a0 Aptekier-Fisbein<\/strong>, <strong>Michel Fisbein<\/strong>, <strong>Macha Fogel<\/strong>, <strong>Yitskhok<\/strong> <strong>Niborski<\/strong>,\u00a0<strong>Flore Rozenberg<\/strong>.<\/p>\n<p class=\"p1\">Spectacle : acte I de la pi\u00e8ce <i>Shulamis<\/i>, d&rsquo;Avrom Goldfaden (1840-1908), l\u2019un des fondateurs du th\u00e9\u00e2tre yiddish. Avec <strong>Am\u00e9lie Moser<\/strong>, <strong>Annick Prime-Margules<\/strong> et <strong>Shahar Fineberg<\/strong>.<\/p>\n<p class=\"p1\">Interm\u00e8des musicaux\u00a0: <strong>Nicolas Dupin <\/strong>(violon) <strong>et Bastien Hartmann <\/strong>(piano).<\/p>\n<p><em>Tarif : 18 \u20ac. Adh\u00e9rents : 13 \u20ac*.<br \/>\n<a href=\"https:\/\/www.helloasso.com\/associations\/maison-de-la-culture-yiddish-bibliotheque-medem\/adhesions\/adhesion-en-ligne-a-la-maison-de-la-culture-yiddish-2021-2022\">*<\/a><a href=\"https:\/\/www.helloasso.com\/associations\/maison-de-la-culture-yiddish-bibliotheque-medem\/adhesions\/adhesion-en-ligne-a-la-maison-de-la-culture-yiddish-2023-2024\">Adh\u00e9rez \u00e0 la Maison de la culture yiddish pour la saison 2023-2024<\/a>\u00a0et d\u00e9couvrez\u00a0<strong>le code promotionnel<\/strong>\u00a0qui vous donnera acc\u00e8s au\u00a0<strong>tarif r\u00e9duit<\/strong>\u00a0sur vos r\u00e9servations.<\/em><\/p>\n<p><span style=\"color: #ff0000;\"><strong>Suite \u00e0 un bug sur la plateforme Helloasso, il n&rsquo;est pas possible de r\u00e9server en ligne. Vous pourrez r\u00e9gler sur place.<\/strong><\/span><\/p>\n<p><a href=\"https:\/\/www.helloasso.com\/associations\/maison-de-la-culture-yiddish-bibliotheque-medem\/evenements\/2024-03\"><strong>Cliquez ici<\/strong><\/a>\u00a0pour r\u00e9server (r\u00e9servation obligatoire).<\/p>\n<p><strong>Attention : au moment du r\u00e8glement, la plateforme Helloasso vous proposera d\u2019ajouter une contribution \u00e0 son fonctionnement. Celle-ci est optionnelle, et vous pouvez changer son montant ou bien l\u2019annuler en appuyant sur le bouton \u00ab Modifier \u00bb.<\/strong><\/p>\n","protected":false},"excerpt":{"rendered":"<p>Pr\u00e9sent\u00e9 par Shahar Fineberg Samedi 9 mars 2024, 18h30-20h00 Tous les ans depuis 1999, le Printemps des po\u00e8tes nous invite \u00e0 d\u00e9couvrir ou red\u00e9couvrir autour d\u2019une th\u00e9matique la vitalit\u00e9 et &hellip; <\/p>\n<p class=\"link-more\"><a href=\"https:\/\/programme.yiddish.paris\/?tribe_events=le-printemps-des-poetes-la-grace-en-francais-et-yiddish-en-presentiel\" class=\"more-link\">Continuer la lecture<span class=\"screen-reader-text\"> de &laquo;&nbsp;Le Printemps des po\u00e8tes : la gr\u00e2ce (en fran\u00e7ais et yiddish, en pr\u00e9sentiel)&nbsp;&raquo;<\/span><\/a><\/p>\n","protected":false},"author":2,"featured_media":4981,"template":"","meta":{"_monsterinsights_skip_tracking":false,"_monsterinsights_sitenote_active":false,"_monsterinsights_sitenote_note":"","_monsterinsights_sitenote_category":0,"_tribe_events_status":"","_tribe_events_status_reason":"","footnotes":""},"tags":[],"tribe_events_cat":[55,41,71,56],"class_list":["post-4980","tribe_events","type-tribe_events","status-publish","has-post-thumbnail","hentry","tribe_events_cat-francais","tribe_events_cat-lecture-musicale","tribe_events_cat-musique","tribe_events_cat-yiddish","cat_francais","cat_lecture-musicale","cat_musique","cat_yiddish"],"yoast_head":"<!-- This site is optimized with the Yoast SEO plugin v27.4 - https:\/\/yoast.com\/product\/yoast-seo-wordpress\/ -->\n<title>Le Printemps des po\u00e8tes : la gr\u00e2ce (en fran\u00e7ais et yiddish, en pr\u00e9sentiel) - programme.yiddish.paris<\/title>\n<meta name=\"robots\" content=\"index, follow, max-snippet:-1, max-image-preview:large, max-video-preview:-1\" \/>\n<link rel=\"canonical\" href=\"https:\/\/programme.yiddish.paris\/?tribe_events=le-printemps-des-poetes-la-grace-en-francais-et-yiddish-en-presentiel\" \/>\n<meta property=\"og:locale\" content=\"fr_FR\" \/>\n<meta property=\"og:type\" content=\"article\" \/>\n<meta property=\"og:title\" content=\"Le Printemps des po\u00e8tes : la gr\u00e2ce (en fran\u00e7ais et yiddish, en pr\u00e9sentiel) - programme.yiddish.paris\" \/>\n<meta property=\"og:description\" content=\"Pr\u00e9sent\u00e9 par Shahar Fineberg Samedi 9 mars 2024, 18h30-20h00 Tous les ans depuis 1999, le Printemps des po\u00e8tes nous invite \u00e0 d\u00e9couvrir ou red\u00e9couvrir autour d\u2019une th\u00e9matique la vitalit\u00e9 et &hellip; Continuer la lecture de &laquo;&nbsp;Le Printemps des po\u00e8tes : la gr\u00e2ce (en fran\u00e7ais et yiddish, en pr\u00e9sentiel)&nbsp;&raquo;\" \/>\n<meta property=\"og:url\" content=\"https:\/\/programme.yiddish.paris\/?tribe_events=le-printemps-des-poetes-la-grace-en-francais-et-yiddish-en-presentiel\" \/>\n<meta property=\"og:site_name\" content=\"programme.yiddish.paris\" \/>\n<meta property=\"article:modified_time\" content=\"2024-03-09T13:50:47+00:00\" \/>\n<meta property=\"og:image\" content=\"https:\/\/programme.yiddish.paris\/wp-content\/uploads\/2023\/12\/pdp_2024_affiche_la-grace_post-site_1000x1500.jpeg\" \/>\n\t<meta property=\"og:image:width\" content=\"1000\" \/>\n\t<meta property=\"og:image:height\" content=\"1500\" \/>\n\t<meta property=\"og:image:type\" content=\"image\/jpeg\" \/>\n<meta name=\"twitter:card\" content=\"summary_large_image\" \/>\n<meta name=\"twitter:label1\" content=\"Dur\u00e9e de lecture estim\u00e9e\" \/>\n\t<meta name=\"twitter:data1\" content=\"2 minutes\" \/>\n<script type=\"application\/ld+json\" class=\"yoast-schema-graph\">{\"@context\":\"https:\\\/\\\/schema.org\",\"@graph\":[{\"@type\":\"WebPage\",\"@id\":\"https:\\\/\\\/programme.yiddish.paris\\\/?tribe_events=le-printemps-des-poetes-la-grace-en-francais-et-yiddish-en-presentiel\",\"url\":\"https:\\\/\\\/programme.yiddish.paris\\\/?tribe_events=le-printemps-des-poetes-la-grace-en-francais-et-yiddish-en-presentiel\",\"name\":\"Le Printemps des po\u00e8tes : la gr\u00e2ce (en fran\u00e7ais et yiddish, en pr\u00e9sentiel) - programme.yiddish.paris\",\"isPartOf\":{\"@id\":\"https:\\\/\\\/programme.yiddish.paris\\\/#website\"},\"primaryImageOfPage\":{\"@id\":\"https:\\\/\\\/programme.yiddish.paris\\\/?tribe_events=le-printemps-des-poetes-la-grace-en-francais-et-yiddish-en-presentiel#primaryimage\"},\"image\":{\"@id\":\"https:\\\/\\\/programme.yiddish.paris\\\/?tribe_events=le-printemps-des-poetes-la-grace-en-francais-et-yiddish-en-presentiel#primaryimage\"},\"thumbnailUrl\":\"https:\\\/\\\/programme.yiddish.paris\\\/wp-content\\\/uploads\\\/2023\\\/12\\\/pdp_2024_affiche_la-grace_post-site_1000x1500.jpeg\",\"datePublished\":\"2023-12-14T08:09:40+00:00\",\"dateModified\":\"2024-03-09T13:50:47+00:00\",\"breadcrumb\":{\"@id\":\"https:\\\/\\\/programme.yiddish.paris\\\/?tribe_events=le-printemps-des-poetes-la-grace-en-francais-et-yiddish-en-presentiel#breadcrumb\"},\"inLanguage\":\"fr-FR\",\"potentialAction\":[{\"@type\":\"ReadAction\",\"target\":[\"https:\\\/\\\/programme.yiddish.paris\\\/?tribe_events=le-printemps-des-poetes-la-grace-en-francais-et-yiddish-en-presentiel\"]}]},{\"@type\":\"ImageObject\",\"inLanguage\":\"fr-FR\",\"@id\":\"https:\\\/\\\/programme.yiddish.paris\\\/?tribe_events=le-printemps-des-poetes-la-grace-en-francais-et-yiddish-en-presentiel#primaryimage\",\"url\":\"https:\\\/\\\/programme.yiddish.paris\\\/wp-content\\\/uploads\\\/2023\\\/12\\\/pdp_2024_affiche_la-grace_post-site_1000x1500.jpeg\",\"contentUrl\":\"https:\\\/\\\/programme.yiddish.paris\\\/wp-content\\\/uploads\\\/2023\\\/12\\\/pdp_2024_affiche_la-grace_post-site_1000x1500.jpeg\",\"width\":1000,\"height\":1500},{\"@type\":\"BreadcrumbList\",\"@id\":\"https:\\\/\\\/programme.yiddish.paris\\\/?tribe_events=le-printemps-des-poetes-la-grace-en-francais-et-yiddish-en-presentiel#breadcrumb\",\"itemListElement\":[{\"@type\":\"ListItem\",\"position\":1,\"name\":\"Home\",\"item\":\"https:\\\/\\\/programme.yiddish.paris\\\/\"},{\"@type\":\"ListItem\",\"position\":2,\"name\":\"\u00c9v\u00e8nements\",\"item\":\"https:\\\/\\\/programme.yiddish.paris\\\/?post_type=tribe_events\"},{\"@type\":\"ListItem\",\"position\":3,\"name\":\"Le Printemps des po\u00e8tes : la gr\u00e2ce (en fran\u00e7ais et yiddish, en pr\u00e9sentiel)\"}]},{\"@type\":\"WebSite\",\"@id\":\"https:\\\/\\\/programme.yiddish.paris\\\/#website\",\"url\":\"https:\\\/\\\/programme.yiddish.paris\\\/\",\"name\":\"programme.yiddish.paris\",\"description\":\"La programmation culturelle de la Maison de la culture yiddish \u2013\u00a0Biblioth\u00e8que Medem\",\"publisher\":{\"@id\":\"https:\\\/\\\/programme.yiddish.paris\\\/#organization\"},\"potentialAction\":[{\"@type\":\"SearchAction\",\"target\":{\"@type\":\"EntryPoint\",\"urlTemplate\":\"https:\\\/\\\/programme.yiddish.paris\\\/?s={search_term_string}\"},\"query-input\":{\"@type\":\"PropertyValueSpecification\",\"valueRequired\":true,\"valueName\":\"search_term_string\"}}],\"inLanguage\":\"fr-FR\"},{\"@type\":\"Organization\",\"@id\":\"https:\\\/\\\/programme.yiddish.paris\\\/#organization\",\"name\":\"programme.yiddish.paris\",\"url\":\"https:\\\/\\\/programme.yiddish.paris\\\/\",\"logo\":{\"@type\":\"ImageObject\",\"inLanguage\":\"fr-FR\",\"@id\":\"https:\\\/\\\/programme.yiddish.paris\\\/#\\\/schema\\\/logo\\\/image\\\/\",\"url\":\"https:\\\/\\\/programme.yiddish.paris\\\/wp-content\\\/uploads\\\/2020\\\/07\\\/cropped-mcy_yud-1.png\",\"contentUrl\":\"https:\\\/\\\/programme.yiddish.paris\\\/wp-content\\\/uploads\\\/2020\\\/07\\\/cropped-mcy_yud-1.png\",\"width\":250,\"height\":250,\"caption\":\"programme.yiddish.paris\"},\"image\":{\"@id\":\"https:\\\/\\\/programme.yiddish.paris\\\/#\\\/schema\\\/logo\\\/image\\\/\"}}]}<\/script>\n<!-- \/ Yoast SEO plugin. -->","yoast_head_json":{"title":"Le Printemps des po\u00e8tes : la gr\u00e2ce (en fran\u00e7ais et yiddish, en pr\u00e9sentiel) - programme.yiddish.paris","robots":{"index":"index","follow":"follow","max-snippet":"max-snippet:-1","max-image-preview":"max-image-preview:large","max-video-preview":"max-video-preview:-1"},"canonical":"https:\/\/programme.yiddish.paris\/?tribe_events=le-printemps-des-poetes-la-grace-en-francais-et-yiddish-en-presentiel","og_locale":"fr_FR","og_type":"article","og_title":"Le Printemps des po\u00e8tes : la gr\u00e2ce (en fran\u00e7ais et yiddish, en pr\u00e9sentiel) - programme.yiddish.paris","og_description":"Pr\u00e9sent\u00e9 par Shahar Fineberg Samedi 9 mars 2024, 18h30-20h00 Tous les ans depuis 1999, le Printemps des po\u00e8tes nous invite \u00e0 d\u00e9couvrir ou red\u00e9couvrir autour d\u2019une th\u00e9matique la vitalit\u00e9 et &hellip; Continuer la lecture de &laquo;&nbsp;Le Printemps des po\u00e8tes : la gr\u00e2ce (en fran\u00e7ais et yiddish, en pr\u00e9sentiel)&nbsp;&raquo;","og_url":"https:\/\/programme.yiddish.paris\/?tribe_events=le-printemps-des-poetes-la-grace-en-francais-et-yiddish-en-presentiel","og_site_name":"programme.yiddish.paris","article_modified_time":"2024-03-09T13:50:47+00:00","og_image":[{"width":1000,"height":1500,"url":"https:\/\/programme.yiddish.paris\/wp-content\/uploads\/2023\/12\/pdp_2024_affiche_la-grace_post-site_1000x1500.jpeg","type":"image\/jpeg"}],"twitter_card":"summary_large_image","twitter_misc":{"Dur\u00e9e de lecture estim\u00e9e":"2 minutes"},"schema":{"@context":"https:\/\/schema.org","@graph":[{"@type":"WebPage","@id":"https:\/\/programme.yiddish.paris\/?tribe_events=le-printemps-des-poetes-la-grace-en-francais-et-yiddish-en-presentiel","url":"https:\/\/programme.yiddish.paris\/?tribe_events=le-printemps-des-poetes-la-grace-en-francais-et-yiddish-en-presentiel","name":"Le Printemps des po\u00e8tes : la gr\u00e2ce (en fran\u00e7ais et yiddish, en pr\u00e9sentiel) - programme.yiddish.paris","isPartOf":{"@id":"https:\/\/programme.yiddish.paris\/#website"},"primaryImageOfPage":{"@id":"https:\/\/programme.yiddish.paris\/?tribe_events=le-printemps-des-poetes-la-grace-en-francais-et-yiddish-en-presentiel#primaryimage"},"image":{"@id":"https:\/\/programme.yiddish.paris\/?tribe_events=le-printemps-des-poetes-la-grace-en-francais-et-yiddish-en-presentiel#primaryimage"},"thumbnailUrl":"https:\/\/programme.yiddish.paris\/wp-content\/uploads\/2023\/12\/pdp_2024_affiche_la-grace_post-site_1000x1500.jpeg","datePublished":"2023-12-14T08:09:40+00:00","dateModified":"2024-03-09T13:50:47+00:00","breadcrumb":{"@id":"https:\/\/programme.yiddish.paris\/?tribe_events=le-printemps-des-poetes-la-grace-en-francais-et-yiddish-en-presentiel#breadcrumb"},"inLanguage":"fr-FR","potentialAction":[{"@type":"ReadAction","target":["https:\/\/programme.yiddish.paris\/?tribe_events=le-printemps-des-poetes-la-grace-en-francais-et-yiddish-en-presentiel"]}]},{"@type":"ImageObject","inLanguage":"fr-FR","@id":"https:\/\/programme.yiddish.paris\/?tribe_events=le-printemps-des-poetes-la-grace-en-francais-et-yiddish-en-presentiel#primaryimage","url":"https:\/\/programme.yiddish.paris\/wp-content\/uploads\/2023\/12\/pdp_2024_affiche_la-grace_post-site_1000x1500.jpeg","contentUrl":"https:\/\/programme.yiddish.paris\/wp-content\/uploads\/2023\/12\/pdp_2024_affiche_la-grace_post-site_1000x1500.jpeg","width":1000,"height":1500},{"@type":"BreadcrumbList","@id":"https:\/\/programme.yiddish.paris\/?tribe_events=le-printemps-des-poetes-la-grace-en-francais-et-yiddish-en-presentiel#breadcrumb","itemListElement":[{"@type":"ListItem","position":1,"name":"Home","item":"https:\/\/programme.yiddish.paris\/"},{"@type":"ListItem","position":2,"name":"\u00c9v\u00e8nements","item":"https:\/\/programme.yiddish.paris\/?post_type=tribe_events"},{"@type":"ListItem","position":3,"name":"Le Printemps des po\u00e8tes : la gr\u00e2ce (en fran\u00e7ais et yiddish, en pr\u00e9sentiel)"}]},{"@type":"WebSite","@id":"https:\/\/programme.yiddish.paris\/#website","url":"https:\/\/programme.yiddish.paris\/","name":"programme.yiddish.paris","description":"La programmation culturelle de la Maison de la culture yiddish \u2013\u00a0Biblioth\u00e8que Medem","publisher":{"@id":"https:\/\/programme.yiddish.paris\/#organization"},"potentialAction":[{"@type":"SearchAction","target":{"@type":"EntryPoint","urlTemplate":"https:\/\/programme.yiddish.paris\/?s={search_term_string}"},"query-input":{"@type":"PropertyValueSpecification","valueRequired":true,"valueName":"search_term_string"}}],"inLanguage":"fr-FR"},{"@type":"Organization","@id":"https:\/\/programme.yiddish.paris\/#organization","name":"programme.yiddish.paris","url":"https:\/\/programme.yiddish.paris\/","logo":{"@type":"ImageObject","inLanguage":"fr-FR","@id":"https:\/\/programme.yiddish.paris\/#\/schema\/logo\/image\/","url":"https:\/\/programme.yiddish.paris\/wp-content\/uploads\/2020\/07\/cropped-mcy_yud-1.png","contentUrl":"https:\/\/programme.yiddish.paris\/wp-content\/uploads\/2020\/07\/cropped-mcy_yud-1.png","width":250,"height":250,"caption":"programme.yiddish.paris"},"image":{"@id":"https:\/\/programme.yiddish.paris\/#\/schema\/logo\/image\/"}}]}},"_links":{"self":[{"href":"https:\/\/programme.yiddish.paris\/index.php?rest_route=\/wp\/v2\/tribe_events\/4980","targetHints":{"allow":["GET"]}}],"collection":[{"href":"https:\/\/programme.yiddish.paris\/index.php?rest_route=\/wp\/v2\/tribe_events"}],"about":[{"href":"https:\/\/programme.yiddish.paris\/index.php?rest_route=\/wp\/v2\/types\/tribe_events"}],"author":[{"embeddable":true,"href":"https:\/\/programme.yiddish.paris\/index.php?rest_route=\/wp\/v2\/users\/2"}],"version-history":[{"count":10,"href":"https:\/\/programme.yiddish.paris\/index.php?rest_route=\/wp\/v2\/tribe_events\/4980\/revisions"}],"predecessor-version":[{"id":5210,"href":"https:\/\/programme.yiddish.paris\/index.php?rest_route=\/wp\/v2\/tribe_events\/4980\/revisions\/5210"}],"wp:featuredmedia":[{"embeddable":true,"href":"https:\/\/programme.yiddish.paris\/index.php?rest_route=\/wp\/v2\/media\/4981"}],"wp:attachment":[{"href":"https:\/\/programme.yiddish.paris\/index.php?rest_route=%2Fwp%2Fv2%2Fmedia&parent=4980"}],"wp:term":[{"taxonomy":"post_tag","embeddable":true,"href":"https:\/\/programme.yiddish.paris\/index.php?rest_route=%2Fwp%2Fv2%2Ftags&post=4980"},{"taxonomy":"tribe_events_cat","embeddable":true,"href":"https:\/\/programme.yiddish.paris\/index.php?rest_route=%2Fwp%2Fv2%2Ftribe_events_cat&post=4980"}],"curies":[{"name":"wp","href":"https:\/\/api.w.org\/{rel}","templated":true}]}}