{"id":5251,"date":"2024-03-27T12:29:52","date_gmt":"2024-03-27T11:29:52","guid":{"rendered":"https:\/\/programme.yiddish.paris\/?post_type=tribe_events&#038;p=5251"},"modified":"2024-04-15T09:57:35","modified_gmt":"2024-04-15T07:57:35","slug":"5251","status":"publish","type":"tribe_events","link":"https:\/\/programme.yiddish.paris\/?tribe_events=5251","title":{"rendered":"HARTS \/ \u05d4\u05d0\u05b7\u05e8\u05e5, une pi\u00e8ce en cours de cr\u00e9ation"},"content":{"rendered":"<p class=\"p1\">\u00ab\u00a0Pourquoi faites-vous du th\u00e9\u00e2tre en yiddish aujourd&rsquo;hui ?\u00a0\u00bb \u2013 question qui a intrigu\u00e9 la metteuse en sc\u00e8ne Tal Reuveny lorsqu&rsquo;on lui a propos\u00e9 de travailler avec l&rsquo;ensemble th\u00e9\u00e2tral Tro\u00efm teater<\/p>\n<p class=\"p1\">Pour tenter d\u2019y r\u00e9pondre chacun des acteurs a \u00e9crit une r\u00e9ponse venant de son c\u0153ur, qui raconte son histoire personnelle et son rapport \u00e0 la langue yiddish. Certaines r\u00e9ponses remontent \u00e0 l&rsquo;enfance, d&rsquo;autres \u00e0 plus tard dans la vie, mais toujours avec un lien \u00e9motionnel fort.<\/p>\n<p class=\"p1\">Au cours des six derniers mois, le groupe dirig\u00e9 par Tal a travaill\u00e9 et retravaill\u00e9 les textes et ses dispositifs sc\u00e9niques pour aboutir \u00e0 une pi\u00e8ce de th\u00e9\u00e2tre unique.<\/p>\n<p class=\"p1\">HARTS \/ \u05d4\u05d0\u05b7\u05e8\u05e5 est l&rsquo;histoire de la transmission, de la famille, des secrets et de d\u00e9couverte. C&rsquo;est l&rsquo;histoire des hommes et des femmes pendant plusieurs g\u00e9n\u00e9rations qui ont travers\u00e9 tant d\u2019\u00e9preuves mais n\u2019ont rien perdu de leur esprit fort, cr\u00e9atif et vivant.<\/p>\n<p class=\"p1\">Nous vous invitons \u00e0 d\u00e9couvrir cette premiere \u00e9tape de travail.<\/p>\n<p class=\"p1\"><b>Tal Reuveny<\/b> est metteuse en sc\u00e8ne et com\u00e9dienne. Elle a \u00e9tudi\u00e9 la mise en sc\u00e8ne et la p\u00e9dagogie au Conservatoire d\u2019Art Dramatique de Tel-Aviv. En 2016, elle s\u2019installe \u00e0 Paris, o\u00f9 elle \u00e9tudie \u00e0 l\u2019Ecole Internationale de Th\u00e9\u00e2tre Jacques Lecoq pendant deux ans. En 2019, elle cr\u00e9e la compagnie NACHEPA avec Michael Charny, qu\u2019ils co-dirigent aujourd\u2019hui avec Louve Reiniche-Larroche. En 2023, elle est laur\u00e9ate de la Bourse mise en sc\u00e8ne Beaumarchais-SACD pour\u00a0<i>Sans Faire de Bruit<\/i>.\u00a0Elle \u00e9crit actuellement son premier roman.<\/p>\n<p class=\"p1\">\u00a0Musique : <strong>Nicolas Dupin<\/strong>, <strong>Bastien Hartmann<\/strong> et <strong>Rapha\u00ebl Setty<\/strong>.<\/p>\n<p class=\"p1\">En yiddish et en fran\u00e7ais<\/p>\n<p id=\"block-9f12ed79-6edc-4770-bd43-8fe9522387fe\"><em>Tarif : 15 \u20ac. Adh\u00e9rents : 10 \u20ac*.<br \/>\n<a href=\"https:\/\/www.helloasso.com\/associations\/maison-de-la-culture-yiddish-bibliotheque-medem\/adhesions\/adhesion-en-ligne-a-la-maison-de-la-culture-yiddish-2023-2024\">*Adh\u00e9rez \u00e0 la Maison de la culture yiddish pour la saison 2023-2024<\/a>\u00a0et d\u00e9couvrez\u00a0<strong>le code promotionnel<\/strong>\u00a0qui vous donnera acc\u00e8s au\u00a0<strong>tarif r\u00e9duit<\/strong>\u00a0sur vos r\u00e9servations.<\/em><\/p>\n<p id=\"block-2ba98dcd-5f13-4105-b07b-0b0692c4fa6f\"><strong><a href=\"https:\/\/www.helloasso.com\/associations\/maison-de-la-culture-yiddish-bibliotheque-medem\/evenements\/2024-06\">Cliquez ici<\/a><\/strong>\u00a0pour r\u00e9server (r\u00e9servation obligatoire).<\/p>\n<p id=\"block-02374118-74c5-4bea-b761-3a9a73091b35\"><strong>Attention : au moment du r\u00e8glement, la plateforme Helloassso vous proposera d\u2019ajouter une contribution \u00e0 son fonctionnement. Celle-ci est optionnelle, et vous pouvez changer son montant ou bien l\u2019annuler en appuyant sur le bouton \u00ab\u00a0Modifier\u00a0\u00bb.<\/strong><\/p>\n","protected":false},"excerpt":{"rendered":"<p>\u00ab\u00a0Pourquoi faites-vous du th\u00e9\u00e2tre en yiddish aujourd&rsquo;hui ?\u00a0\u00bb \u2013 question qui a intrigu\u00e9 la metteuse en sc\u00e8ne Tal Reuveny lorsqu&rsquo;on lui a propos\u00e9 de travailler avec l&rsquo;ensemble th\u00e9\u00e2tral Tro\u00efm teater &hellip; <\/p>\n<p class=\"link-more\"><a href=\"https:\/\/programme.yiddish.paris\/?tribe_events=5251\" class=\"more-link\">Continuer la lecture<span class=\"screen-reader-text\"> de &laquo;&nbsp;HARTS \/ \u05d4\u05d0\u05b7\u05e8\u05e5, une pi\u00e8ce en cours de cr\u00e9ation&nbsp;&raquo;<\/span><\/a><\/p>\n","protected":false},"author":2,"featured_media":5254,"template":"","meta":{"_monsterinsights_skip_tracking":false,"_monsterinsights_sitenote_active":false,"_monsterinsights_sitenote_note":"","_monsterinsights_sitenote_category":0,"_tribe_events_status":"","_tribe_events_status_reason":"","footnotes":""},"tags":[],"tribe_events_cat":[55,68,56],"class_list":["post-5251","tribe_events","type-tribe_events","status-publish","has-post-thumbnail","hentry","tribe_events_cat-francais","tribe_events_cat-spectacle","tribe_events_cat-yiddish","cat_francais","cat_spectacle","cat_yiddish"],"yoast_head":"<!-- This site is optimized with the Yoast SEO plugin v27.5 - https:\/\/yoast.com\/product\/yoast-seo-wordpress\/ -->\n<title>HARTS \/ \u05d4\u05d0\u05b7\u05e8\u05e5, une pi\u00e8ce en cours de cr\u00e9ation - programme.yiddish.paris<\/title>\n<meta name=\"robots\" content=\"index, follow, max-snippet:-1, max-image-preview:large, max-video-preview:-1\" \/>\n<link rel=\"canonical\" href=\"https:\/\/programme.yiddish.paris\/?tribe_events=5251\" \/>\n<meta property=\"og:locale\" content=\"fr_FR\" \/>\n<meta property=\"og:type\" content=\"article\" \/>\n<meta property=\"og:title\" content=\"HARTS \/ \u05d4\u05d0\u05b7\u05e8\u05e5, une pi\u00e8ce en cours de cr\u00e9ation - programme.yiddish.paris\" \/>\n<meta property=\"og:description\" content=\"\u00ab\u00a0Pourquoi faites-vous du th\u00e9\u00e2tre en yiddish aujourd&rsquo;hui ?\u00a0\u00bb \u2013 question qui a intrigu\u00e9 la metteuse en sc\u00e8ne Tal Reuveny lorsqu&rsquo;on lui a propos\u00e9 de travailler avec l&rsquo;ensemble th\u00e9\u00e2tral Tro\u00efm teater &hellip; Continuer la lecture de &laquo;&nbsp;HARTS \/ \u05d4\u05d0\u05b7\u05e8\u05e5, une pi\u00e8ce en cours de cr\u00e9ation&nbsp;&raquo;\" \/>\n<meta property=\"og:url\" content=\"https:\/\/programme.yiddish.paris\/?tribe_events=5251\" \/>\n<meta property=\"og:site_name\" content=\"programme.yiddish.paris\" \/>\n<meta property=\"article:modified_time\" content=\"2024-04-15T07:57:35+00:00\" \/>\n<meta property=\"og:image\" content=\"https:\/\/programme.yiddish.paris\/wp-content\/uploads\/2024\/03\/harts.png\" \/>\n\t<meta property=\"og:image:width\" content=\"772\" \/>\n\t<meta property=\"og:image:height\" content=\"744\" \/>\n\t<meta property=\"og:image:type\" content=\"image\/png\" \/>\n<meta name=\"twitter:card\" content=\"summary_large_image\" \/>\n<meta name=\"twitter:label1\" content=\"Dur\u00e9e de lecture estim\u00e9e\" \/>\n\t<meta name=\"twitter:data1\" content=\"2 minutes\" \/>\n<script type=\"application\/ld+json\" class=\"yoast-schema-graph\">{\"@context\":\"https:\\\/\\\/schema.org\",\"@graph\":[{\"@type\":\"WebPage\",\"@id\":\"https:\\\/\\\/programme.yiddish.paris\\\/?tribe_events=5251\",\"url\":\"https:\\\/\\\/programme.yiddish.paris\\\/?tribe_events=5251\",\"name\":\"HARTS \\\/ \u05d4\u05d0\u05b7\u05e8\u05e5, une pi\u00e8ce en cours de cr\u00e9ation - programme.yiddish.paris\",\"isPartOf\":{\"@id\":\"https:\\\/\\\/programme.yiddish.paris\\\/#website\"},\"primaryImageOfPage\":{\"@id\":\"https:\\\/\\\/programme.yiddish.paris\\\/?tribe_events=5251#primaryimage\"},\"image\":{\"@id\":\"https:\\\/\\\/programme.yiddish.paris\\\/?tribe_events=5251#primaryimage\"},\"thumbnailUrl\":\"https:\\\/\\\/programme.yiddish.paris\\\/wp-content\\\/uploads\\\/2024\\\/03\\\/harts.png\",\"datePublished\":\"2024-03-27T11:29:52+00:00\",\"dateModified\":\"2024-04-15T07:57:35+00:00\",\"breadcrumb\":{\"@id\":\"https:\\\/\\\/programme.yiddish.paris\\\/?tribe_events=5251#breadcrumb\"},\"inLanguage\":\"fr-FR\",\"potentialAction\":[{\"@type\":\"ReadAction\",\"target\":[\"https:\\\/\\\/programme.yiddish.paris\\\/?tribe_events=5251\"]}]},{\"@type\":\"ImageObject\",\"inLanguage\":\"fr-FR\",\"@id\":\"https:\\\/\\\/programme.yiddish.paris\\\/?tribe_events=5251#primaryimage\",\"url\":\"https:\\\/\\\/programme.yiddish.paris\\\/wp-content\\\/uploads\\\/2024\\\/03\\\/harts.png\",\"contentUrl\":\"https:\\\/\\\/programme.yiddish.paris\\\/wp-content\\\/uploads\\\/2024\\\/03\\\/harts.png\",\"width\":772,\"height\":744},{\"@type\":\"BreadcrumbList\",\"@id\":\"https:\\\/\\\/programme.yiddish.paris\\\/?tribe_events=5251#breadcrumb\",\"itemListElement\":[{\"@type\":\"ListItem\",\"position\":1,\"name\":\"Home\",\"item\":\"https:\\\/\\\/programme.yiddish.paris\\\/\"},{\"@type\":\"ListItem\",\"position\":2,\"name\":\"\u00c9v\u00e8nements\",\"item\":\"https:\\\/\\\/programme.yiddish.paris\\\/?post_type=tribe_events\"},{\"@type\":\"ListItem\",\"position\":3,\"name\":\"HARTS \\\/ \u05d4\u05d0\u05b7\u05e8\u05e5, une pi\u00e8ce en cours de cr\u00e9ation\"}]},{\"@type\":\"WebSite\",\"@id\":\"https:\\\/\\\/programme.yiddish.paris\\\/#website\",\"url\":\"https:\\\/\\\/programme.yiddish.paris\\\/\",\"name\":\"programme.yiddish.paris\",\"description\":\"La programmation culturelle de la Maison de la culture yiddish \u2013\u00a0Biblioth\u00e8que Medem\",\"publisher\":{\"@id\":\"https:\\\/\\\/programme.yiddish.paris\\\/#organization\"},\"potentialAction\":[{\"@type\":\"SearchAction\",\"target\":{\"@type\":\"EntryPoint\",\"urlTemplate\":\"https:\\\/\\\/programme.yiddish.paris\\\/?s={search_term_string}\"},\"query-input\":{\"@type\":\"PropertyValueSpecification\",\"valueRequired\":true,\"valueName\":\"search_term_string\"}}],\"inLanguage\":\"fr-FR\"},{\"@type\":\"Organization\",\"@id\":\"https:\\\/\\\/programme.yiddish.paris\\\/#organization\",\"name\":\"programme.yiddish.paris\",\"url\":\"https:\\\/\\\/programme.yiddish.paris\\\/\",\"logo\":{\"@type\":\"ImageObject\",\"inLanguage\":\"fr-FR\",\"@id\":\"https:\\\/\\\/programme.yiddish.paris\\\/#\\\/schema\\\/logo\\\/image\\\/\",\"url\":\"https:\\\/\\\/programme.yiddish.paris\\\/wp-content\\\/uploads\\\/2020\\\/07\\\/cropped-mcy_yud-1.png\",\"contentUrl\":\"https:\\\/\\\/programme.yiddish.paris\\\/wp-content\\\/uploads\\\/2020\\\/07\\\/cropped-mcy_yud-1.png\",\"width\":250,\"height\":250,\"caption\":\"programme.yiddish.paris\"},\"image\":{\"@id\":\"https:\\\/\\\/programme.yiddish.paris\\\/#\\\/schema\\\/logo\\\/image\\\/\"}}]}<\/script>\n<!-- \/ Yoast SEO plugin. -->","yoast_head_json":{"title":"HARTS \/ \u05d4\u05d0\u05b7\u05e8\u05e5, une pi\u00e8ce en cours de cr\u00e9ation - programme.yiddish.paris","robots":{"index":"index","follow":"follow","max-snippet":"max-snippet:-1","max-image-preview":"max-image-preview:large","max-video-preview":"max-video-preview:-1"},"canonical":"https:\/\/programme.yiddish.paris\/?tribe_events=5251","og_locale":"fr_FR","og_type":"article","og_title":"HARTS \/ \u05d4\u05d0\u05b7\u05e8\u05e5, une pi\u00e8ce en cours de cr\u00e9ation - programme.yiddish.paris","og_description":"\u00ab\u00a0Pourquoi faites-vous du th\u00e9\u00e2tre en yiddish aujourd&rsquo;hui ?\u00a0\u00bb \u2013 question qui a intrigu\u00e9 la metteuse en sc\u00e8ne Tal Reuveny lorsqu&rsquo;on lui a propos\u00e9 de travailler avec l&rsquo;ensemble th\u00e9\u00e2tral Tro\u00efm teater &hellip; Continuer la lecture de &laquo;&nbsp;HARTS \/ \u05d4\u05d0\u05b7\u05e8\u05e5, une pi\u00e8ce en cours de cr\u00e9ation&nbsp;&raquo;","og_url":"https:\/\/programme.yiddish.paris\/?tribe_events=5251","og_site_name":"programme.yiddish.paris","article_modified_time":"2024-04-15T07:57:35+00:00","og_image":[{"width":772,"height":744,"url":"https:\/\/programme.yiddish.paris\/wp-content\/uploads\/2024\/03\/harts.png","type":"image\/png"}],"twitter_card":"summary_large_image","twitter_misc":{"Dur\u00e9e de lecture estim\u00e9e":"2 minutes"},"schema":{"@context":"https:\/\/schema.org","@graph":[{"@type":"WebPage","@id":"https:\/\/programme.yiddish.paris\/?tribe_events=5251","url":"https:\/\/programme.yiddish.paris\/?tribe_events=5251","name":"HARTS \/ \u05d4\u05d0\u05b7\u05e8\u05e5, une pi\u00e8ce en cours de cr\u00e9ation - programme.yiddish.paris","isPartOf":{"@id":"https:\/\/programme.yiddish.paris\/#website"},"primaryImageOfPage":{"@id":"https:\/\/programme.yiddish.paris\/?tribe_events=5251#primaryimage"},"image":{"@id":"https:\/\/programme.yiddish.paris\/?tribe_events=5251#primaryimage"},"thumbnailUrl":"https:\/\/programme.yiddish.paris\/wp-content\/uploads\/2024\/03\/harts.png","datePublished":"2024-03-27T11:29:52+00:00","dateModified":"2024-04-15T07:57:35+00:00","breadcrumb":{"@id":"https:\/\/programme.yiddish.paris\/?tribe_events=5251#breadcrumb"},"inLanguage":"fr-FR","potentialAction":[{"@type":"ReadAction","target":["https:\/\/programme.yiddish.paris\/?tribe_events=5251"]}]},{"@type":"ImageObject","inLanguage":"fr-FR","@id":"https:\/\/programme.yiddish.paris\/?tribe_events=5251#primaryimage","url":"https:\/\/programme.yiddish.paris\/wp-content\/uploads\/2024\/03\/harts.png","contentUrl":"https:\/\/programme.yiddish.paris\/wp-content\/uploads\/2024\/03\/harts.png","width":772,"height":744},{"@type":"BreadcrumbList","@id":"https:\/\/programme.yiddish.paris\/?tribe_events=5251#breadcrumb","itemListElement":[{"@type":"ListItem","position":1,"name":"Home","item":"https:\/\/programme.yiddish.paris\/"},{"@type":"ListItem","position":2,"name":"\u00c9v\u00e8nements","item":"https:\/\/programme.yiddish.paris\/?post_type=tribe_events"},{"@type":"ListItem","position":3,"name":"HARTS \/ \u05d4\u05d0\u05b7\u05e8\u05e5, une pi\u00e8ce en cours de cr\u00e9ation"}]},{"@type":"WebSite","@id":"https:\/\/programme.yiddish.paris\/#website","url":"https:\/\/programme.yiddish.paris\/","name":"programme.yiddish.paris","description":"La programmation culturelle de la Maison de la culture yiddish \u2013\u00a0Biblioth\u00e8que Medem","publisher":{"@id":"https:\/\/programme.yiddish.paris\/#organization"},"potentialAction":[{"@type":"SearchAction","target":{"@type":"EntryPoint","urlTemplate":"https:\/\/programme.yiddish.paris\/?s={search_term_string}"},"query-input":{"@type":"PropertyValueSpecification","valueRequired":true,"valueName":"search_term_string"}}],"inLanguage":"fr-FR"},{"@type":"Organization","@id":"https:\/\/programme.yiddish.paris\/#organization","name":"programme.yiddish.paris","url":"https:\/\/programme.yiddish.paris\/","logo":{"@type":"ImageObject","inLanguage":"fr-FR","@id":"https:\/\/programme.yiddish.paris\/#\/schema\/logo\/image\/","url":"https:\/\/programme.yiddish.paris\/wp-content\/uploads\/2020\/07\/cropped-mcy_yud-1.png","contentUrl":"https:\/\/programme.yiddish.paris\/wp-content\/uploads\/2020\/07\/cropped-mcy_yud-1.png","width":250,"height":250,"caption":"programme.yiddish.paris"},"image":{"@id":"https:\/\/programme.yiddish.paris\/#\/schema\/logo\/image\/"}}]}},"_links":{"self":[{"href":"https:\/\/programme.yiddish.paris\/index.php?rest_route=\/wp\/v2\/tribe_events\/5251","targetHints":{"allow":["GET"]}}],"collection":[{"href":"https:\/\/programme.yiddish.paris\/index.php?rest_route=\/wp\/v2\/tribe_events"}],"about":[{"href":"https:\/\/programme.yiddish.paris\/index.php?rest_route=\/wp\/v2\/types\/tribe_events"}],"author":[{"embeddable":true,"href":"https:\/\/programme.yiddish.paris\/index.php?rest_route=\/wp\/v2\/users\/2"}],"version-history":[{"count":4,"href":"https:\/\/programme.yiddish.paris\/index.php?rest_route=\/wp\/v2\/tribe_events\/5251\/revisions"}],"predecessor-version":[{"id":5256,"href":"https:\/\/programme.yiddish.paris\/index.php?rest_route=\/wp\/v2\/tribe_events\/5251\/revisions\/5256"}],"wp:featuredmedia":[{"embeddable":true,"href":"https:\/\/programme.yiddish.paris\/index.php?rest_route=\/wp\/v2\/media\/5254"}],"wp:attachment":[{"href":"https:\/\/programme.yiddish.paris\/index.php?rest_route=%2Fwp%2Fv2%2Fmedia&parent=5251"}],"wp:term":[{"taxonomy":"post_tag","embeddable":true,"href":"https:\/\/programme.yiddish.paris\/index.php?rest_route=%2Fwp%2Fv2%2Ftags&post=5251"},{"taxonomy":"tribe_events_cat","embeddable":true,"href":"https:\/\/programme.yiddish.paris\/index.php?rest_route=%2Fwp%2Fv2%2Ftribe_events_cat&post=5251"}],"curies":[{"name":"wp","href":"https:\/\/api.w.org\/{rel}","templated":true}]}}