{"id":5259,"date":"2024-03-28T16:48:09","date_gmt":"2024-03-28T15:48:09","guid":{"rendered":"https:\/\/programme.yiddish.paris\/?post_type=tribe_events&#038;p=5259"},"modified":"2024-05-25T23:40:35","modified_gmt":"2024-05-25T21:40:35","slug":"le-livre-en-fete-en-presentiel","status":"publish","type":"tribe_events","link":"https:\/\/programme.yiddish.paris\/?tribe_events=le-livre-en-fete-en-presentiel","title":{"rendered":"Le livre en f\u00eate (en pr\u00e9sentiel)"},"content":{"rendered":"<h1 class=\"p3\">Le livre en f\u00eate \/ \u05d1\u05d9\u05db\u05e2\u05e8\u05be\u05e4\u05bf\u05e2\u05e1\u05d8\u05d9\u05d5\u05d5\u05d0\u05b7\u05dc<\/h1>\n<h3>Salon du livre avec des auteurs, des traducteurs, des maisons d&rsquo;\u00e9dition et des d\u00e9dicaces<\/h3>\n<p>Invit\u00e9s<\/p>\n<p><span style=\"color: #ff0000;\"><strong>14h &#8211; 18h<br \/>\n<\/strong><\/span><span style=\"color: #ff0000;\"><strong><span style=\"color: #000000;\">\u00c9ditions Biblioth\u00e8que<\/span><\/strong><span style=\"color: #000000;\"><strong> Medem<\/strong> : Natalia Krynicka, en pr\u00e9sence d&rsquo;Evelyne Grumberg<\/span><strong><br \/>\n<\/strong><\/span><b>\u00c9ditions de<\/b> <strong>L\u2019Antilope\u00a0<\/strong>: Anne-Sophie Dreyfus et Gilles Rozier, en pr\u00e9sence d&rsquo;Evelyne Grumberg<br \/>\n<b>\u00c9ditions Lior<\/b> : Fran\u00e7ois Azar<\/p>\n<p><span style=\"color: #ff0000;\"><strong>14h &#8211; 16h<\/strong><\/span><br \/>\nVanessa Sibi, Sylvie-Anne Goldberg, Annette Wieviorka, Talila, Virginie Linhart, Michael Sibony, C\u00e9cile Wajsbrot<\/p>\n<p><span style=\"color: #ff0000;\"><strong>16h &#8211; 18h<\/strong><\/span><br \/>\nRobert Bober, Henri Raczymov, Arnaud Bikard, Magali Bertrand, Carole Mann, Elise Golberg, Bernard Suchecky, Katia Fater-Simbsler, Ami Flammer<\/p>\n<h3>Braderie de livres d&rsquo;occasion\u00a0\u00e0 prix libre<\/h3>\n<p class=\"p3\">Il y en aura pour tous les go\u00fbts : livres de la librairie, beaucoup d\u2019ouvrages en fran\u00e7ais sur des sujets divers,\u00a0<em>juda\u00efca<\/em>, ainsi qu\u2019une s\u00e9lection d\u2019\u0153uvres en yiddish pour lecteurs de tous niveaux.<\/p>\n<div>Un tr\u00e8s grand choix de livres \u00e0 la vente (environ 2000 livres), dans les cat\u00e9gories suivantes :<\/div>\n<div><\/div>\n<div>\n<div><strong>A prix libre :\u00a0<\/strong><\/div>\n<div>&#8211; ouvrages de recherche<\/div>\n<div>&#8211; monde s\u00e9farade<\/div>\n<div>&#8211; litt\u00e9rature h\u00e9bra\u00efque<\/div>\n<div>&#8211; romans<\/div>\n<div>&#8211; livres en polonais<\/div>\n<div>&#8211; musique et partitions<\/div>\n<div>&#8211; religion juive et spiritualit\u00e9 (y compris cabbale)<\/div>\n<div>&#8211; cuisine juive<\/div>\n<div>&#8211; manuels et dictionnaires (notamment d&rsquo;h\u00e9breu)<\/div>\n<div>&#8211; ouvrage g\u00e9n\u00e9raux sur le juda\u00efsme<\/div>\n<\/div>\n<div>\n<div>&#8211; t\u00e9moignages et documents (notamment sur la Shoah)<\/div>\n<div><\/div>\n<div><strong>Avec un prix fix\u00e9 :<\/strong><\/div>\n<div>&#8211; beaux livres (prix minimum de 20 euros)<\/div>\n<div>&#8211; livres en yiddish (environ 10 euros)<\/div>\n<div>&#8211; revues en yiddish (environ 5 euros)<\/div>\n<div>&#8211; disques \u00e0 5 euros<\/div>\n<\/div>\n<p class=\"p3\">Occasions \u00e0 ne pas rater !<\/p>\n<p class=\"p3\">Nous serons l\u00e0 pour vous guider !<\/p>\n<p class=\"p3\">Venez nombreuses et nombreux !<\/p>\n<p class=\"p3\"><em>Entr\u00e9e libre<\/em><\/p>\n","protected":false},"excerpt":{"rendered":"<p>Le livre en f\u00eate \/ \u05d1\u05d9\u05db\u05e2\u05e8\u05be\u05e4\u05bf\u05e2\u05e1\u05d8\u05d9\u05d5\u05d5\u05d0\u05b7\u05dc Salon du livre avec des auteurs, des traducteurs, des maisons d&rsquo;\u00e9dition et des d\u00e9dicaces Invit\u00e9s 14h &#8211; 18h \u00c9ditions Biblioth\u00e8que Medem : Natalia Krynicka, &hellip; <\/p>\n<p class=\"link-more\"><a href=\"https:\/\/programme.yiddish.paris\/?tribe_events=le-livre-en-fete-en-presentiel\" class=\"more-link\">Continuer la lecture<span class=\"screen-reader-text\"> de &laquo;&nbsp;Le livre en f\u00eate (en pr\u00e9sentiel)&nbsp;&raquo;<\/span><\/a><\/p>\n","protected":false},"author":2,"featured_media":5261,"template":"","meta":{"_monsterinsights_skip_tracking":false,"_monsterinsights_sitenote_active":false,"_monsterinsights_sitenote_note":"","_monsterinsights_sitenote_category":0,"_tribe_events_status":"","_tribe_events_status_reason":"","footnotes":""},"tags":[],"tribe_events_cat":[39],"class_list":["post-5259","tribe_events","type-tribe_events","status-publish","has-post-thumbnail","hentry","tribe_events_cat-divertissement","cat_divertissement"],"yoast_head":"<!-- This site is optimized with the Yoast SEO plugin v27.5 - https:\/\/yoast.com\/product\/yoast-seo-wordpress\/ -->\n<title>Le livre en f\u00eate (en pr\u00e9sentiel) - programme.yiddish.paris<\/title>\n<meta name=\"robots\" content=\"index, follow, max-snippet:-1, max-image-preview:large, max-video-preview:-1\" \/>\n<link rel=\"canonical\" href=\"https:\/\/programme.yiddish.paris\/?tribe_events=le-livre-en-fete-en-presentiel\" \/>\n<meta property=\"og:locale\" content=\"fr_FR\" \/>\n<meta property=\"og:type\" content=\"article\" \/>\n<meta property=\"og:title\" content=\"Le livre en f\u00eate (en pr\u00e9sentiel) - programme.yiddish.paris\" \/>\n<meta property=\"og:description\" content=\"Le livre en f\u00eate \/ \u05d1\u05d9\u05db\u05e2\u05e8\u05be\u05e4\u05bf\u05e2\u05e1\u05d8\u05d9\u05d5\u05d5\u05d0\u05b7\u05dc Salon du livre avec des auteurs, des traducteurs, des maisons d&rsquo;\u00e9dition et des d\u00e9dicaces Invit\u00e9s 14h &#8211; 18h \u00c9ditions Biblioth\u00e8que Medem : Natalia Krynicka, &hellip; Continuer la lecture de &laquo;&nbsp;Le livre en f\u00eate (en pr\u00e9sentiel)&nbsp;&raquo;\" \/>\n<meta property=\"og:url\" content=\"https:\/\/programme.yiddish.paris\/?tribe_events=le-livre-en-fete-en-presentiel\" \/>\n<meta property=\"og:site_name\" content=\"programme.yiddish.paris\" \/>\n<meta property=\"article:modified_time\" content=\"2024-05-25T21:40:35+00:00\" \/>\n<meta property=\"og:image\" content=\"https:\/\/programme.yiddish.paris\/wp-content\/uploads\/2024\/03\/braderie-juni-3.png\" \/>\n\t<meta property=\"og:image:width\" content=\"1587\" \/>\n\t<meta property=\"og:image:height\" content=\"2245\" \/>\n\t<meta property=\"og:image:type\" content=\"image\/png\" \/>\n<meta name=\"twitter:card\" content=\"summary_large_image\" \/>\n<meta name=\"twitter:label1\" content=\"Dur\u00e9e de lecture estim\u00e9e\" \/>\n\t<meta name=\"twitter:data1\" content=\"2 minutes\" \/>\n<script type=\"application\/ld+json\" class=\"yoast-schema-graph\">{\"@context\":\"https:\\\/\\\/schema.org\",\"@graph\":[{\"@type\":\"WebPage\",\"@id\":\"https:\\\/\\\/programme.yiddish.paris\\\/?tribe_events=le-livre-en-fete-en-presentiel\",\"url\":\"https:\\\/\\\/programme.yiddish.paris\\\/?tribe_events=le-livre-en-fete-en-presentiel\",\"name\":\"Le livre en f\u00eate (en pr\u00e9sentiel) - programme.yiddish.paris\",\"isPartOf\":{\"@id\":\"https:\\\/\\\/programme.yiddish.paris\\\/#website\"},\"primaryImageOfPage\":{\"@id\":\"https:\\\/\\\/programme.yiddish.paris\\\/?tribe_events=le-livre-en-fete-en-presentiel#primaryimage\"},\"image\":{\"@id\":\"https:\\\/\\\/programme.yiddish.paris\\\/?tribe_events=le-livre-en-fete-en-presentiel#primaryimage\"},\"thumbnailUrl\":\"https:\\\/\\\/programme.yiddish.paris\\\/wp-content\\\/uploads\\\/2024\\\/03\\\/braderie-juni-3.png\",\"datePublished\":\"2024-03-28T15:48:09+00:00\",\"dateModified\":\"2024-05-25T21:40:35+00:00\",\"breadcrumb\":{\"@id\":\"https:\\\/\\\/programme.yiddish.paris\\\/?tribe_events=le-livre-en-fete-en-presentiel#breadcrumb\"},\"inLanguage\":\"fr-FR\",\"potentialAction\":[{\"@type\":\"ReadAction\",\"target\":[\"https:\\\/\\\/programme.yiddish.paris\\\/?tribe_events=le-livre-en-fete-en-presentiel\"]}]},{\"@type\":\"ImageObject\",\"inLanguage\":\"fr-FR\",\"@id\":\"https:\\\/\\\/programme.yiddish.paris\\\/?tribe_events=le-livre-en-fete-en-presentiel#primaryimage\",\"url\":\"https:\\\/\\\/programme.yiddish.paris\\\/wp-content\\\/uploads\\\/2024\\\/03\\\/braderie-juni-3.png\",\"contentUrl\":\"https:\\\/\\\/programme.yiddish.paris\\\/wp-content\\\/uploads\\\/2024\\\/03\\\/braderie-juni-3.png\",\"width\":1587,\"height\":2245},{\"@type\":\"BreadcrumbList\",\"@id\":\"https:\\\/\\\/programme.yiddish.paris\\\/?tribe_events=le-livre-en-fete-en-presentiel#breadcrumb\",\"itemListElement\":[{\"@type\":\"ListItem\",\"position\":1,\"name\":\"Home\",\"item\":\"https:\\\/\\\/programme.yiddish.paris\\\/\"},{\"@type\":\"ListItem\",\"position\":2,\"name\":\"\u00c9v\u00e8nements\",\"item\":\"https:\\\/\\\/programme.yiddish.paris\\\/?post_type=tribe_events\"},{\"@type\":\"ListItem\",\"position\":3,\"name\":\"Le livre en f\u00eate (en pr\u00e9sentiel)\"}]},{\"@type\":\"WebSite\",\"@id\":\"https:\\\/\\\/programme.yiddish.paris\\\/#website\",\"url\":\"https:\\\/\\\/programme.yiddish.paris\\\/\",\"name\":\"programme.yiddish.paris\",\"description\":\"La programmation culturelle de la Maison de la culture yiddish \u2013\u00a0Biblioth\u00e8que Medem\",\"publisher\":{\"@id\":\"https:\\\/\\\/programme.yiddish.paris\\\/#organization\"},\"potentialAction\":[{\"@type\":\"SearchAction\",\"target\":{\"@type\":\"EntryPoint\",\"urlTemplate\":\"https:\\\/\\\/programme.yiddish.paris\\\/?s={search_term_string}\"},\"query-input\":{\"@type\":\"PropertyValueSpecification\",\"valueRequired\":true,\"valueName\":\"search_term_string\"}}],\"inLanguage\":\"fr-FR\"},{\"@type\":\"Organization\",\"@id\":\"https:\\\/\\\/programme.yiddish.paris\\\/#organization\",\"name\":\"programme.yiddish.paris\",\"url\":\"https:\\\/\\\/programme.yiddish.paris\\\/\",\"logo\":{\"@type\":\"ImageObject\",\"inLanguage\":\"fr-FR\",\"@id\":\"https:\\\/\\\/programme.yiddish.paris\\\/#\\\/schema\\\/logo\\\/image\\\/\",\"url\":\"https:\\\/\\\/programme.yiddish.paris\\\/wp-content\\\/uploads\\\/2020\\\/07\\\/cropped-mcy_yud-1.png\",\"contentUrl\":\"https:\\\/\\\/programme.yiddish.paris\\\/wp-content\\\/uploads\\\/2020\\\/07\\\/cropped-mcy_yud-1.png\",\"width\":250,\"height\":250,\"caption\":\"programme.yiddish.paris\"},\"image\":{\"@id\":\"https:\\\/\\\/programme.yiddish.paris\\\/#\\\/schema\\\/logo\\\/image\\\/\"}}]}<\/script>\n<!-- \/ Yoast SEO plugin. -->","yoast_head_json":{"title":"Le livre en f\u00eate (en pr\u00e9sentiel) - programme.yiddish.paris","robots":{"index":"index","follow":"follow","max-snippet":"max-snippet:-1","max-image-preview":"max-image-preview:large","max-video-preview":"max-video-preview:-1"},"canonical":"https:\/\/programme.yiddish.paris\/?tribe_events=le-livre-en-fete-en-presentiel","og_locale":"fr_FR","og_type":"article","og_title":"Le livre en f\u00eate (en pr\u00e9sentiel) - programme.yiddish.paris","og_description":"Le livre en f\u00eate \/ \u05d1\u05d9\u05db\u05e2\u05e8\u05be\u05e4\u05bf\u05e2\u05e1\u05d8\u05d9\u05d5\u05d5\u05d0\u05b7\u05dc Salon du livre avec des auteurs, des traducteurs, des maisons d&rsquo;\u00e9dition et des d\u00e9dicaces Invit\u00e9s 14h &#8211; 18h \u00c9ditions Biblioth\u00e8que Medem : Natalia Krynicka, &hellip; Continuer la lecture de &laquo;&nbsp;Le livre en f\u00eate (en pr\u00e9sentiel)&nbsp;&raquo;","og_url":"https:\/\/programme.yiddish.paris\/?tribe_events=le-livre-en-fete-en-presentiel","og_site_name":"programme.yiddish.paris","article_modified_time":"2024-05-25T21:40:35+00:00","og_image":[{"width":1587,"height":2245,"url":"https:\/\/programme.yiddish.paris\/wp-content\/uploads\/2024\/03\/braderie-juni-3.png","type":"image\/png"}],"twitter_card":"summary_large_image","twitter_misc":{"Dur\u00e9e de lecture estim\u00e9e":"2 minutes"},"schema":{"@context":"https:\/\/schema.org","@graph":[{"@type":"WebPage","@id":"https:\/\/programme.yiddish.paris\/?tribe_events=le-livre-en-fete-en-presentiel","url":"https:\/\/programme.yiddish.paris\/?tribe_events=le-livre-en-fete-en-presentiel","name":"Le livre en f\u00eate (en pr\u00e9sentiel) - programme.yiddish.paris","isPartOf":{"@id":"https:\/\/programme.yiddish.paris\/#website"},"primaryImageOfPage":{"@id":"https:\/\/programme.yiddish.paris\/?tribe_events=le-livre-en-fete-en-presentiel#primaryimage"},"image":{"@id":"https:\/\/programme.yiddish.paris\/?tribe_events=le-livre-en-fete-en-presentiel#primaryimage"},"thumbnailUrl":"https:\/\/programme.yiddish.paris\/wp-content\/uploads\/2024\/03\/braderie-juni-3.png","datePublished":"2024-03-28T15:48:09+00:00","dateModified":"2024-05-25T21:40:35+00:00","breadcrumb":{"@id":"https:\/\/programme.yiddish.paris\/?tribe_events=le-livre-en-fete-en-presentiel#breadcrumb"},"inLanguage":"fr-FR","potentialAction":[{"@type":"ReadAction","target":["https:\/\/programme.yiddish.paris\/?tribe_events=le-livre-en-fete-en-presentiel"]}]},{"@type":"ImageObject","inLanguage":"fr-FR","@id":"https:\/\/programme.yiddish.paris\/?tribe_events=le-livre-en-fete-en-presentiel#primaryimage","url":"https:\/\/programme.yiddish.paris\/wp-content\/uploads\/2024\/03\/braderie-juni-3.png","contentUrl":"https:\/\/programme.yiddish.paris\/wp-content\/uploads\/2024\/03\/braderie-juni-3.png","width":1587,"height":2245},{"@type":"BreadcrumbList","@id":"https:\/\/programme.yiddish.paris\/?tribe_events=le-livre-en-fete-en-presentiel#breadcrumb","itemListElement":[{"@type":"ListItem","position":1,"name":"Home","item":"https:\/\/programme.yiddish.paris\/"},{"@type":"ListItem","position":2,"name":"\u00c9v\u00e8nements","item":"https:\/\/programme.yiddish.paris\/?post_type=tribe_events"},{"@type":"ListItem","position":3,"name":"Le livre en f\u00eate (en pr\u00e9sentiel)"}]},{"@type":"WebSite","@id":"https:\/\/programme.yiddish.paris\/#website","url":"https:\/\/programme.yiddish.paris\/","name":"programme.yiddish.paris","description":"La programmation culturelle de la Maison de la culture yiddish \u2013\u00a0Biblioth\u00e8que Medem","publisher":{"@id":"https:\/\/programme.yiddish.paris\/#organization"},"potentialAction":[{"@type":"SearchAction","target":{"@type":"EntryPoint","urlTemplate":"https:\/\/programme.yiddish.paris\/?s={search_term_string}"},"query-input":{"@type":"PropertyValueSpecification","valueRequired":true,"valueName":"search_term_string"}}],"inLanguage":"fr-FR"},{"@type":"Organization","@id":"https:\/\/programme.yiddish.paris\/#organization","name":"programme.yiddish.paris","url":"https:\/\/programme.yiddish.paris\/","logo":{"@type":"ImageObject","inLanguage":"fr-FR","@id":"https:\/\/programme.yiddish.paris\/#\/schema\/logo\/image\/","url":"https:\/\/programme.yiddish.paris\/wp-content\/uploads\/2020\/07\/cropped-mcy_yud-1.png","contentUrl":"https:\/\/programme.yiddish.paris\/wp-content\/uploads\/2020\/07\/cropped-mcy_yud-1.png","width":250,"height":250,"caption":"programme.yiddish.paris"},"image":{"@id":"https:\/\/programme.yiddish.paris\/#\/schema\/logo\/image\/"}}]}},"_links":{"self":[{"href":"https:\/\/programme.yiddish.paris\/index.php?rest_route=\/wp\/v2\/tribe_events\/5259","targetHints":{"allow":["GET"]}}],"collection":[{"href":"https:\/\/programme.yiddish.paris\/index.php?rest_route=\/wp\/v2\/tribe_events"}],"about":[{"href":"https:\/\/programme.yiddish.paris\/index.php?rest_route=\/wp\/v2\/types\/tribe_events"}],"author":[{"embeddable":true,"href":"https:\/\/programme.yiddish.paris\/index.php?rest_route=\/wp\/v2\/users\/2"}],"version-history":[{"count":10,"href":"https:\/\/programme.yiddish.paris\/index.php?rest_route=\/wp\/v2\/tribe_events\/5259\/revisions"}],"predecessor-version":[{"id":5365,"href":"https:\/\/programme.yiddish.paris\/index.php?rest_route=\/wp\/v2\/tribe_events\/5259\/revisions\/5365"}],"wp:featuredmedia":[{"embeddable":true,"href":"https:\/\/programme.yiddish.paris\/index.php?rest_route=\/wp\/v2\/media\/5261"}],"wp:attachment":[{"href":"https:\/\/programme.yiddish.paris\/index.php?rest_route=%2Fwp%2Fv2%2Fmedia&parent=5259"}],"wp:term":[{"taxonomy":"post_tag","embeddable":true,"href":"https:\/\/programme.yiddish.paris\/index.php?rest_route=%2Fwp%2Fv2%2Ftags&post=5259"},{"taxonomy":"tribe_events_cat","embeddable":true,"href":"https:\/\/programme.yiddish.paris\/index.php?rest_route=%2Fwp%2Fv2%2Ftribe_events_cat&post=5259"}],"curies":[{"name":"wp","href":"https:\/\/api.w.org\/{rel}","templated":true}]}}