{"id":5500,"date":"2024-06-28T20:38:38","date_gmt":"2024-06-28T18:38:38","guid":{"rendered":"https:\/\/programme.yiddish.paris\/?post_type=tribe_events&#038;p=5500"},"modified":"2024-06-28T20:41:53","modified_gmt":"2024-06-28T18:41:53","slug":"mini-festival-de-theatre-en-presentiel","status":"publish","type":"tribe_events","link":"https:\/\/programme.yiddish.paris\/?tribe_events=mini-festival-de-theatre-en-presentiel","title":{"rendered":"Mini-festival de th\u00e9\u00e2tre (en pr\u00e9sentiel)"},"content":{"rendered":"<p class=\"p1\">Pour ouvrir la saison th\u00e9\u00e2trale, les com\u00e9diens de la Maison de la culture yiddish pr\u00e9sentent une nouvelle production encadr\u00e9e par deux de leurs grands succ\u00e8s comiques.<\/p>\n<p class=\"p4\"><strong><i>Sure Indik<\/i><\/strong> : mise en espace de la nouvelle extraite des <i>Gens de Kasrilevk\u00e8. <\/i><\/p>\n<p class=\"p4\">Vous avez r\u00eav\u00e9 d\u2019un met d\u00e9licieux ? Vous avez besoin de rire ? Et bien s\u00fbr vous aimez Sholem-Aleykhem ? Venez go\u00fbter \u00e0 l\u2019in\u00e9narrable cuisine de Sure Indik !<\/p>\n<p class=\"p4\">En yiddish surtitr\u00e9 en fran\u00e7ais (traduction d\u2019Annick Prime Margules).<\/p>\n<p class=\"p4\"><strong><i>Le Dibouk<\/i><\/strong> : un extrait de ce grand classique du th\u00e9\u00e2tre yiddish<span class=\"Apple-converted-space\">\u00a0<\/span>sera interpr\u00e9t\u00e9 en yiddish (surtitr\u00e9 en fran\u00e7ais) dans une mise en sc\u00e8ne intense.<\/p>\n<p class=\"p4\">Cette ann\u00e9e verra la parution en \u00e9dition bilingue (aux \u00e9ditions Biblioth\u00e8que Medem) du drame de Sh. An-ski dans une nouvelle traduction de Batia Baum.<\/p>\n<p class=\"p6\"><strong><i>Shulamis<\/i><\/strong> : l\u2019op\u00e9rette d\u2019Avrom\u00a0Goldfaden (1840-1908), l\u2019un des fondateurs du th\u00e9\u00e2tre yiddish, m\u00eale avec brio satire des traditions, histoire d\u2019amour et quiproquos.<\/p>\n<p class=\"p6\">Mise en espace d\u2019un extrait particuli\u00e8rement fantasque de l\u2019acte II.<\/p>\n<p class=\"p6\">Com\u00e9diens : <strong>Shahar Fineberg<\/strong>, <strong>Laurence Aptekier Fisbein<\/strong>, <strong>Michel Fisbein<\/strong>, <strong>Am\u00e9lie Moser<\/strong>, <strong>Annick Prime Margules<\/strong>.<\/p>\n<p class=\"p6\">Mise en sc\u00e8ne et en espace : <strong>Shahar Fineberg<\/strong> et <strong>Annick Prime Margules<\/strong>.<\/p>\n<p class=\"p1\">Ce cocktail tragi-burlesque sera accompagn\u00e9 d\u2019un ap\u00e9ritif.<\/p>\n<p id=\"block-9f12ed79-6edc-4770-bd43-8fe9522387fe\"><em>Tarif : 18 \u20ac. Adh\u00e9rents : 13 \u20ac*.<br \/>\n<a href=\"https:\/\/www.helloasso.com\/associations\/maison-de-la-culture-yiddish-bibliotheque-medem\/adhesions\/adhesion-en-ligne-a-la-maison-de-la-culture-yiddish-09-2024-08-2025\">*Adh\u00e9rez \u00e0 la Maison de la culture yiddish pour la saison 2024-2025<\/a>\u00a0et d\u00e9couvrez\u00a0<strong>le code promotionnel<\/strong>\u00a0qui vous donnera acc\u00e8s au\u00a0<strong>tarif r\u00e9duit<\/strong>\u00a0sur vos r\u00e9servations.<\/em><\/p>\n<p id=\"block-2ba98dcd-5f13-4105-b07b-0b0692c4fa6f\"><a href=\"https:\/\/www.helloasso.com\/associations\/maison-de-la-culture-yiddish-bibliotheque-medem\/evenements\/2024-09\"><strong>Cliquez ici<\/strong><\/a>\u00a0pour r\u00e9server (r\u00e9servation obligatoire).<\/p>\n<p id=\"block-02374118-74c5-4bea-b761-3a9a73091b35\"><strong>Attention : au moment du r\u00e8glement, la plateforme Helloasso vous proposera d\u2019ajouter une contribution \u00e0 son fonctionnement. Celle-ci est optionnelle, et vous pouvez changer son montant ou bien l\u2019annuler en appuyant sur le bouton \u00ab Modifier \u00bb.<\/strong><\/p>\n","protected":false},"excerpt":{"rendered":"<p>Pour ouvrir la saison th\u00e9\u00e2trale, les com\u00e9diens de la Maison de la culture yiddish pr\u00e9sentent une nouvelle production encadr\u00e9e par deux de leurs grands succ\u00e8s comiques. Sure Indik : mise &hellip; <\/p>\n<p class=\"link-more\"><a href=\"https:\/\/programme.yiddish.paris\/?tribe_events=mini-festival-de-theatre-en-presentiel\" class=\"more-link\">Continuer la lecture<span class=\"screen-reader-text\"> de &laquo;&nbsp;Mini-festival de th\u00e9\u00e2tre (en pr\u00e9sentiel)&nbsp;&raquo;<\/span><\/a><\/p>\n","protected":false},"author":2,"featured_media":5502,"template":"","meta":{"_monsterinsights_skip_tracking":false,"_monsterinsights_sitenote_active":false,"_monsterinsights_sitenote_note":"","_monsterinsights_sitenote_category":0,"_tribe_events_status":"","_tribe_events_status_reason":"","footnotes":""},"tags":[],"tribe_events_cat":[39,68],"class_list":["post-5500","tribe_events","type-tribe_events","status-publish","has-post-thumbnail","hentry","tribe_events_cat-divertissement","tribe_events_cat-spectacle","cat_divertissement","cat_spectacle"],"yoast_head":"<!-- This site is optimized with the Yoast SEO plugin v27.5 - https:\/\/yoast.com\/product\/yoast-seo-wordpress\/ -->\n<title>Mini-festival de th\u00e9\u00e2tre (en pr\u00e9sentiel) - programme.yiddish.paris<\/title>\n<meta name=\"robots\" content=\"index, follow, max-snippet:-1, max-image-preview:large, max-video-preview:-1\" \/>\n<link rel=\"canonical\" href=\"https:\/\/programme.yiddish.paris\/?tribe_events=mini-festival-de-theatre-en-presentiel\" \/>\n<meta property=\"og:locale\" content=\"fr_FR\" \/>\n<meta property=\"og:type\" content=\"article\" \/>\n<meta property=\"og:title\" content=\"Mini-festival de th\u00e9\u00e2tre (en pr\u00e9sentiel) - programme.yiddish.paris\" \/>\n<meta property=\"og:description\" content=\"Pour ouvrir la saison th\u00e9\u00e2trale, les com\u00e9diens de la Maison de la culture yiddish pr\u00e9sentent une nouvelle production encadr\u00e9e par deux de leurs grands succ\u00e8s comiques. Sure Indik : mise &hellip; Continuer la lecture de &laquo;&nbsp;Mini-festival de th\u00e9\u00e2tre (en pr\u00e9sentiel)&nbsp;&raquo;\" \/>\n<meta property=\"og:url\" content=\"https:\/\/programme.yiddish.paris\/?tribe_events=mini-festival-de-theatre-en-presentiel\" \/>\n<meta property=\"og:site_name\" content=\"programme.yiddish.paris\" \/>\n<meta property=\"article:modified_time\" content=\"2024-06-28T18:41:53+00:00\" \/>\n<meta property=\"og:image\" content=\"https:\/\/programme.yiddish.paris\/wp-content\/uploads\/2024\/06\/Shulamis-1024x567.png\" \/>\n\t<meta property=\"og:image:width\" content=\"1024\" \/>\n\t<meta property=\"og:image:height\" content=\"567\" \/>\n\t<meta property=\"og:image:type\" content=\"image\/png\" \/>\n<meta name=\"twitter:card\" content=\"summary_large_image\" \/>\n<meta name=\"twitter:label1\" content=\"Dur\u00e9e de lecture estim\u00e9e\" \/>\n\t<meta name=\"twitter:data1\" content=\"2 minutes\" \/>\n<script type=\"application\/ld+json\" class=\"yoast-schema-graph\">{\"@context\":\"https:\\\/\\\/schema.org\",\"@graph\":[{\"@type\":\"WebPage\",\"@id\":\"https:\\\/\\\/programme.yiddish.paris\\\/?tribe_events=mini-festival-de-theatre-en-presentiel\",\"url\":\"https:\\\/\\\/programme.yiddish.paris\\\/?tribe_events=mini-festival-de-theatre-en-presentiel\",\"name\":\"Mini-festival de th\u00e9\u00e2tre (en pr\u00e9sentiel) - programme.yiddish.paris\",\"isPartOf\":{\"@id\":\"https:\\\/\\\/programme.yiddish.paris\\\/#website\"},\"primaryImageOfPage\":{\"@id\":\"https:\\\/\\\/programme.yiddish.paris\\\/?tribe_events=mini-festival-de-theatre-en-presentiel#primaryimage\"},\"image\":{\"@id\":\"https:\\\/\\\/programme.yiddish.paris\\\/?tribe_events=mini-festival-de-theatre-en-presentiel#primaryimage\"},\"thumbnailUrl\":\"https:\\\/\\\/programme.yiddish.paris\\\/wp-content\\\/uploads\\\/2024\\\/06\\\/Shulamis.png\",\"datePublished\":\"2024-06-28T18:38:38+00:00\",\"dateModified\":\"2024-06-28T18:41:53+00:00\",\"breadcrumb\":{\"@id\":\"https:\\\/\\\/programme.yiddish.paris\\\/?tribe_events=mini-festival-de-theatre-en-presentiel#breadcrumb\"},\"inLanguage\":\"fr-FR\",\"potentialAction\":[{\"@type\":\"ReadAction\",\"target\":[\"https:\\\/\\\/programme.yiddish.paris\\\/?tribe_events=mini-festival-de-theatre-en-presentiel\"]}]},{\"@type\":\"ImageObject\",\"inLanguage\":\"fr-FR\",\"@id\":\"https:\\\/\\\/programme.yiddish.paris\\\/?tribe_events=mini-festival-de-theatre-en-presentiel#primaryimage\",\"url\":\"https:\\\/\\\/programme.yiddish.paris\\\/wp-content\\\/uploads\\\/2024\\\/06\\\/Shulamis.png\",\"contentUrl\":\"https:\\\/\\\/programme.yiddish.paris\\\/wp-content\\\/uploads\\\/2024\\\/06\\\/Shulamis.png\",\"width\":1614,\"height\":894},{\"@type\":\"BreadcrumbList\",\"@id\":\"https:\\\/\\\/programme.yiddish.paris\\\/?tribe_events=mini-festival-de-theatre-en-presentiel#breadcrumb\",\"itemListElement\":[{\"@type\":\"ListItem\",\"position\":1,\"name\":\"Home\",\"item\":\"https:\\\/\\\/programme.yiddish.paris\\\/\"},{\"@type\":\"ListItem\",\"position\":2,\"name\":\"\u00c9v\u00e8nements\",\"item\":\"https:\\\/\\\/programme.yiddish.paris\\\/?post_type=tribe_events\"},{\"@type\":\"ListItem\",\"position\":3,\"name\":\"Mini-festival de th\u00e9\u00e2tre (en pr\u00e9sentiel)\"}]},{\"@type\":\"WebSite\",\"@id\":\"https:\\\/\\\/programme.yiddish.paris\\\/#website\",\"url\":\"https:\\\/\\\/programme.yiddish.paris\\\/\",\"name\":\"programme.yiddish.paris\",\"description\":\"La programmation culturelle de la Maison de la culture yiddish \u2013\u00a0Biblioth\u00e8que Medem\",\"publisher\":{\"@id\":\"https:\\\/\\\/programme.yiddish.paris\\\/#organization\"},\"potentialAction\":[{\"@type\":\"SearchAction\",\"target\":{\"@type\":\"EntryPoint\",\"urlTemplate\":\"https:\\\/\\\/programme.yiddish.paris\\\/?s={search_term_string}\"},\"query-input\":{\"@type\":\"PropertyValueSpecification\",\"valueRequired\":true,\"valueName\":\"search_term_string\"}}],\"inLanguage\":\"fr-FR\"},{\"@type\":\"Organization\",\"@id\":\"https:\\\/\\\/programme.yiddish.paris\\\/#organization\",\"name\":\"programme.yiddish.paris\",\"url\":\"https:\\\/\\\/programme.yiddish.paris\\\/\",\"logo\":{\"@type\":\"ImageObject\",\"inLanguage\":\"fr-FR\",\"@id\":\"https:\\\/\\\/programme.yiddish.paris\\\/#\\\/schema\\\/logo\\\/image\\\/\",\"url\":\"https:\\\/\\\/programme.yiddish.paris\\\/wp-content\\\/uploads\\\/2020\\\/07\\\/cropped-mcy_yud-1.png\",\"contentUrl\":\"https:\\\/\\\/programme.yiddish.paris\\\/wp-content\\\/uploads\\\/2020\\\/07\\\/cropped-mcy_yud-1.png\",\"width\":250,\"height\":250,\"caption\":\"programme.yiddish.paris\"},\"image\":{\"@id\":\"https:\\\/\\\/programme.yiddish.paris\\\/#\\\/schema\\\/logo\\\/image\\\/\"}}]}<\/script>\n<!-- \/ Yoast SEO plugin. -->","yoast_head_json":{"title":"Mini-festival de th\u00e9\u00e2tre (en pr\u00e9sentiel) - programme.yiddish.paris","robots":{"index":"index","follow":"follow","max-snippet":"max-snippet:-1","max-image-preview":"max-image-preview:large","max-video-preview":"max-video-preview:-1"},"canonical":"https:\/\/programme.yiddish.paris\/?tribe_events=mini-festival-de-theatre-en-presentiel","og_locale":"fr_FR","og_type":"article","og_title":"Mini-festival de th\u00e9\u00e2tre (en pr\u00e9sentiel) - programme.yiddish.paris","og_description":"Pour ouvrir la saison th\u00e9\u00e2trale, les com\u00e9diens de la Maison de la culture yiddish pr\u00e9sentent une nouvelle production encadr\u00e9e par deux de leurs grands succ\u00e8s comiques. Sure Indik : mise &hellip; Continuer la lecture de &laquo;&nbsp;Mini-festival de th\u00e9\u00e2tre (en pr\u00e9sentiel)&nbsp;&raquo;","og_url":"https:\/\/programme.yiddish.paris\/?tribe_events=mini-festival-de-theatre-en-presentiel","og_site_name":"programme.yiddish.paris","article_modified_time":"2024-06-28T18:41:53+00:00","og_image":[{"width":1024,"height":567,"url":"https:\/\/programme.yiddish.paris\/wp-content\/uploads\/2024\/06\/Shulamis-1024x567.png","type":"image\/png"}],"twitter_card":"summary_large_image","twitter_misc":{"Dur\u00e9e de lecture estim\u00e9e":"2 minutes"},"schema":{"@context":"https:\/\/schema.org","@graph":[{"@type":"WebPage","@id":"https:\/\/programme.yiddish.paris\/?tribe_events=mini-festival-de-theatre-en-presentiel","url":"https:\/\/programme.yiddish.paris\/?tribe_events=mini-festival-de-theatre-en-presentiel","name":"Mini-festival de th\u00e9\u00e2tre (en pr\u00e9sentiel) - programme.yiddish.paris","isPartOf":{"@id":"https:\/\/programme.yiddish.paris\/#website"},"primaryImageOfPage":{"@id":"https:\/\/programme.yiddish.paris\/?tribe_events=mini-festival-de-theatre-en-presentiel#primaryimage"},"image":{"@id":"https:\/\/programme.yiddish.paris\/?tribe_events=mini-festival-de-theatre-en-presentiel#primaryimage"},"thumbnailUrl":"https:\/\/programme.yiddish.paris\/wp-content\/uploads\/2024\/06\/Shulamis.png","datePublished":"2024-06-28T18:38:38+00:00","dateModified":"2024-06-28T18:41:53+00:00","breadcrumb":{"@id":"https:\/\/programme.yiddish.paris\/?tribe_events=mini-festival-de-theatre-en-presentiel#breadcrumb"},"inLanguage":"fr-FR","potentialAction":[{"@type":"ReadAction","target":["https:\/\/programme.yiddish.paris\/?tribe_events=mini-festival-de-theatre-en-presentiel"]}]},{"@type":"ImageObject","inLanguage":"fr-FR","@id":"https:\/\/programme.yiddish.paris\/?tribe_events=mini-festival-de-theatre-en-presentiel#primaryimage","url":"https:\/\/programme.yiddish.paris\/wp-content\/uploads\/2024\/06\/Shulamis.png","contentUrl":"https:\/\/programme.yiddish.paris\/wp-content\/uploads\/2024\/06\/Shulamis.png","width":1614,"height":894},{"@type":"BreadcrumbList","@id":"https:\/\/programme.yiddish.paris\/?tribe_events=mini-festival-de-theatre-en-presentiel#breadcrumb","itemListElement":[{"@type":"ListItem","position":1,"name":"Home","item":"https:\/\/programme.yiddish.paris\/"},{"@type":"ListItem","position":2,"name":"\u00c9v\u00e8nements","item":"https:\/\/programme.yiddish.paris\/?post_type=tribe_events"},{"@type":"ListItem","position":3,"name":"Mini-festival de th\u00e9\u00e2tre (en pr\u00e9sentiel)"}]},{"@type":"WebSite","@id":"https:\/\/programme.yiddish.paris\/#website","url":"https:\/\/programme.yiddish.paris\/","name":"programme.yiddish.paris","description":"La programmation culturelle de la Maison de la culture yiddish \u2013\u00a0Biblioth\u00e8que Medem","publisher":{"@id":"https:\/\/programme.yiddish.paris\/#organization"},"potentialAction":[{"@type":"SearchAction","target":{"@type":"EntryPoint","urlTemplate":"https:\/\/programme.yiddish.paris\/?s={search_term_string}"},"query-input":{"@type":"PropertyValueSpecification","valueRequired":true,"valueName":"search_term_string"}}],"inLanguage":"fr-FR"},{"@type":"Organization","@id":"https:\/\/programme.yiddish.paris\/#organization","name":"programme.yiddish.paris","url":"https:\/\/programme.yiddish.paris\/","logo":{"@type":"ImageObject","inLanguage":"fr-FR","@id":"https:\/\/programme.yiddish.paris\/#\/schema\/logo\/image\/","url":"https:\/\/programme.yiddish.paris\/wp-content\/uploads\/2020\/07\/cropped-mcy_yud-1.png","contentUrl":"https:\/\/programme.yiddish.paris\/wp-content\/uploads\/2020\/07\/cropped-mcy_yud-1.png","width":250,"height":250,"caption":"programme.yiddish.paris"},"image":{"@id":"https:\/\/programme.yiddish.paris\/#\/schema\/logo\/image\/"}}]}},"_links":{"self":[{"href":"https:\/\/programme.yiddish.paris\/index.php?rest_route=\/wp\/v2\/tribe_events\/5500","targetHints":{"allow":["GET"]}}],"collection":[{"href":"https:\/\/programme.yiddish.paris\/index.php?rest_route=\/wp\/v2\/tribe_events"}],"about":[{"href":"https:\/\/programme.yiddish.paris\/index.php?rest_route=\/wp\/v2\/types\/tribe_events"}],"author":[{"embeddable":true,"href":"https:\/\/programme.yiddish.paris\/index.php?rest_route=\/wp\/v2\/users\/2"}],"version-history":[{"count":1,"href":"https:\/\/programme.yiddish.paris\/index.php?rest_route=\/wp\/v2\/tribe_events\/5500\/revisions"}],"predecessor-version":[{"id":5501,"href":"https:\/\/programme.yiddish.paris\/index.php?rest_route=\/wp\/v2\/tribe_events\/5500\/revisions\/5501"}],"wp:featuredmedia":[{"embeddable":true,"href":"https:\/\/programme.yiddish.paris\/index.php?rest_route=\/wp\/v2\/media\/5502"}],"wp:attachment":[{"href":"https:\/\/programme.yiddish.paris\/index.php?rest_route=%2Fwp%2Fv2%2Fmedia&parent=5500"}],"wp:term":[{"taxonomy":"post_tag","embeddable":true,"href":"https:\/\/programme.yiddish.paris\/index.php?rest_route=%2Fwp%2Fv2%2Ftags&post=5500"},{"taxonomy":"tribe_events_cat","embeddable":true,"href":"https:\/\/programme.yiddish.paris\/index.php?rest_route=%2Fwp%2Fv2%2Ftribe_events_cat&post=5500"}],"curies":[{"name":"wp","href":"https:\/\/api.w.org\/{rel}","templated":true}]}}