{"id":5508,"date":"2024-07-02T15:42:41","date_gmt":"2024-07-02T13:42:41","guid":{"rendered":"https:\/\/programme.yiddish.paris\/?post_type=tribe_events&#038;p=5508"},"modified":"2024-11-05T15:38:50","modified_gmt":"2024-11-05T14:38:50","slug":"le-yiddish-et-la-lituanie","status":"publish","type":"tribe_events","link":"https:\/\/programme.yiddish.paris\/?tribe_events=le-yiddish-et-la-lituanie","title":{"rendered":"Le yiddish et la Lituanie : week-end de d\u00e9couverte"},"content":{"rendered":"<p class=\"p2\"><span style=\"color: #ff0000;\"><b>7 &#8211; 10 novembre 2024<\/b><\/span><\/p>\n<p class=\"p4\"><img loading=\"lazy\" decoding=\"async\" class=\"size-medium wp-image-5527 alignright\" src=\"https:\/\/programme.yiddish.paris\/wp-content\/uploads\/2024\/07\/Image-Lituanie-yiddish-219x300.png\" alt=\"\" width=\"219\" height=\"300\" srcset=\"https:\/\/programme.yiddish.paris\/wp-content\/uploads\/2024\/07\/Image-Lituanie-yiddish-219x300.png 219w, https:\/\/programme.yiddish.paris\/wp-content\/uploads\/2024\/07\/Image-Lituanie-yiddish-748x1024.png 748w, https:\/\/programme.yiddish.paris\/wp-content\/uploads\/2024\/07\/Image-Lituanie-yiddish-768x1052.png 768w, https:\/\/programme.yiddish.paris\/wp-content\/uploads\/2024\/07\/Image-Lituanie-yiddish-1122x1536.png 1122w, https:\/\/programme.yiddish.paris\/wp-content\/uploads\/2024\/07\/Image-Lituanie-yiddish-1496x2048.png 1496w, https:\/\/programme.yiddish.paris\/wp-content\/uploads\/2024\/07\/Image-Lituanie-yiddish-18x24.png 18w, https:\/\/programme.yiddish.paris\/wp-content\/uploads\/2024\/07\/Image-Lituanie-yiddish-20x28.png 20w, https:\/\/programme.yiddish.paris\/wp-content\/uploads\/2024\/07\/Image-Lituanie-yiddish-23x32.png 23w, https:\/\/programme.yiddish.paris\/wp-content\/uploads\/2024\/07\/Image-Lituanie-yiddish.png 1503w\" sizes=\"auto, (max-width: 219px) 100vw, 219px\" \/>\u00c0 l\u2019occasion de<b>\u00a0<\/b>la saison \u00ab Lituanie en France 2024 \u00bb, la Maison de la culture yiddish organise quatre journ\u00e9es consacr\u00e9es \u00e0 la riche et longue histoire qui relie le yiddish et la Lituanie : tout un week-end pour comprendre les passionnants ph\u00e9nom\u00e8nes d&rsquo;une symbiose mouvement\u00e9e entre des cultures multiples sur un m\u00eame territoire.<\/p>\n<p class=\"p4\">Films, conf\u00e9rences, ateliers, d\u00e9gustations de plats traditionnels, <em>shabes-tish<\/em> et un s\u00e9minaire se succ\u00e9deront pour conjuguer yiddish et Lituanie sur des modes vari\u00e9s.<\/p>\n<p class=\"p4\">Sans oublier l\u2019exposition en cours d\u00e8s le 14 septembre : <em>Mille portes \u00e9troites vers le monde \u2013 regard sur la culture yiddish \u00e0 Vilnius<\/em>.<\/p>\n<h1 class=\"p4\">PROGRAMME<\/h1>\n<p><span style=\"color: #ff0000; font-size: 18pt;\"><strong>Jeudi 7 novembre<\/strong><\/span><\/p>\n<p class=\"p1\"><span style=\"font-size: 14pt;\"><span style=\"color: #ff0000;\"><b>18h <\/b><\/span>\u2013 <strong>Soir\u00e9e d\u2019ouverture<\/strong><\/span><\/p>\n<p class=\"p1\"><span style=\"font-size: 14pt;\"><span style=\"color: #ff0000;\"><b>19h<\/b><\/span> \u2013 Projection de film <b> <\/b><b><i>Les secrets de la grande synagogue de Vilna <\/i><\/b>(2023) de<b> Lo\u00efc Salfati\u00a0<\/b>(en fran\u00e7ais, en pr\u00e9sentiel)<\/span><\/p>\n<p class=\"p1\">Au c\u0153ur de la ville de Vilnius, capitale de la Lituanie, une \u00e9quipe internationale d\u2019arch\u00e9ologues tente de retrouver l\u2019emplacement de la Grande synagogue \u2013 ainsi que la civilisation qui l\u2019entourait \u2013 d\u00e9truite par les autorit\u00e9s sovi\u00e9tiques dans les ann\u00e9es 1950.<\/p>\n<p class=\"p1\">La projection sera suivie d\u2019une discussion avec <b>Lo\u00efc Salfati<\/b>, r\u00e9alisateur et directeur adjoint de l\u2019Institut fran\u00e7ais de Lituanie. Rencontre anim\u00e9e par <b>Shahar Fineberg<\/b>, sc\u00e9nariste et animateur de <i>Yiddish haynt<\/i> sur RCJ 94.8.<\/p>\n<p><em>Tarif : 13 \u20ac. Adh\u00e9rents : 8 \u20ac.<br \/>\n<\/em><\/p>\n<p>&nbsp;<\/p>\n<p><span style=\"color: #ff0000; font-size: 18pt;\"><strong>Vendredi 8 novembre<\/strong><\/span><\/p>\n<p class=\"p1\"><span style=\"font-size: 14pt;\"><span style=\"color: #ff0000;\"><b>10h <\/b><\/span>\u2013<b> Repr\u00e9senter la vie juive de la Lituanie de l\u2019entre-deux-guerres<\/b> : atelier de bande dessin\u00e9e avec <strong>Migl\u0117 Anu\u0161auskait\u0117 <\/strong>(en fran\u00e7ais, en pr\u00e9sentiel)<\/span><\/p>\n<p class=\"p1\">Petits marchands du shtetl, po\u00e8tes maudits, cercles modernistes, agitation politique des grandes villes : Migl\u0117 Anu\u0161auskait\u0117 animera un atelier ludique sur les questions de la repr\u00e9sentation de \u00ab\u00a0la vie juive\u00a0\u00bb en Lituanie pendant cette p\u00e9riode effervescente de son histoire.<\/p>\n<p class=\"p1\"><b>Migl\u0117 Anu\u0161auskait\u0117<\/b> est artiste de bandes dessin\u00e9es et chercheuse sp\u00e9cialis\u00e9e dans l\u2019histoire juive en Lituanie.<\/p>\n<p><em>Tarif : 20 \u20ac. Adh\u00e9rents : 15 \u20ac.<\/em><\/p>\n<p>&nbsp;<\/p>\n<p class=\"p1\"><span style=\"font-size: 14pt;\"><span style=\"color: #ff0000;\"><b>11h30 <\/b><\/span>\u2013<b> Les \u00e9crivains yiddish de Kaunas de l\u2019entre-deux-guerres <\/b>: conf\u00e9rence d\u2019<strong>Akvil\u0117 Grigoravi\u010di\u016bt\u0117\u00a0<\/strong>(en fran\u00e7ais, en pr\u00e9sentiel)<\/span><\/p>\n<p class=\"p1\">La cr\u00e9ation litt\u00e9raire yiddish a connu un remarquable essor \u00e0 Kaunas, capitale de la Lituanie dans l&rsquo;entre-deux-guerres. Malgr\u00e9 un contexte socio-\u00e9conomique et politique peu favorable dans la nouvelle r\u00e9publique ind\u00e9pendante de Lituanie, des \u00e9crivains yiddish ont \u00e9merg\u00e9, qui ont su capter les nuances de la vie juive dans cette p\u00e9riode tumultueuse. Cette conf\u00e9rence explorera comment ces auteurs ont navigu\u00e9 \u00e0 travers les d\u00e9fis et les opportunit\u00e9s de l\u2019\u00e9poque.<\/p>\n<p class=\"p1\"><b>Akvil\u0117 Grigoravi\u010di\u016bt\u0117<\/b> est chercheuse sur la culture yiddish dans les \u00c9tats baltes.<\/p>\n<p><em>Tarif : 12 \u20ac. Adh\u00e9rents : 7 \u20ac.<\/em><\/p>\n<p>&nbsp;<\/p>\n<p class=\"p1\"><span style=\"font-size: 14pt;\"><span style=\"color: #ff0000;\"><b>15h <\/b><\/span>\u2013<b> Introduction au yiddish lituanien<\/b>\u00a0: conf\u00e9rence de <strong>Leyzer Burko\u00a0<\/strong>(en yiddish, en hybride : pr\u00e9sentiel et Zoom)<\/span><\/p>\n<p class=\"p1\">Le nom yiddish pour la Lituanie, <i>Lite<\/i>, d\u00e9signe un territoire qui comprend la Lituanie, le nord-est de la Pologne et une grande partie de la Bi\u00e9lorussie actuelles. Si le yiddish standard base son syst\u00e8me phonologique sur le <i>litvish <\/i>yiddish, quelles sont les diff\u00e9rences entre le yiddish que enseign\u00e9 dans des programmes comme celui de la Maison de la culture, et la langue parl\u00e9e dans la zone de <i>Lite<\/i>\u00a0? Une conf\u00e9rence comparative pour mieux conna\u00eetre l\u2019histoire et l\u2019\u00e9volution de la langue yiddish.<\/p>\n<p class=\"p1\"><b>Leyzer Burko<\/b> est linguiste sp\u00e9cialis\u00e9 en dialectologie yiddish.<\/p>\n<p><em>Tarif : 12 \u20ac. Adh\u00e9rents : 7 \u20ac.<\/em><\/p>\n<p>&nbsp;<\/p>\n<p class=\"p1\"><span style=\"font-size: 14pt;\"><span style=\"color: #ff0000;\"><b>16h30 <\/b><\/span>\u2013 <b><i>Vilna Tango<\/i>, r\u00e9cit de voyage <\/b>: rencontre avec <b>Thierry Clermont<\/b>\u00a0autour de son livre <i>Vilna Tango<\/i>\u00a0(en fran\u00e7ais, en pr\u00e9sentiel)<\/span><\/p>\n<p class=\"p1\">Pour \u00e9crire ce r\u00e9cit de voyage en Lituanie, dans lequel la pr\u00e9sence\/absence juive tient sa part, Thierry Clermont s\u2019est beaucoup promen\u00e9, a multipli\u00e9 les rencontres, et s\u2019est aussi plong\u00e9 dans quelques livres de r\u00e9f\u00e9rence sur la Lituanie juive et Vilnius, qui fut la \u00ab J\u00e9rusalem du Nord \u00bb. Il nous emm\u00e8nera sur ces traces juives, et entre les pages de ces livres sortis, pour l\u2019occasion, des collections de la Biblioth\u00e8que Medem.<\/p>\n<p><strong>Thierry Clermont<\/strong> est \u00e9crivain et journaliste. Son livre <em>Vilna Tango<\/em> est publi\u00e9 aux \u00e9d. Stock, en septembre 2024.<\/p>\n<p class=\"p1\">Rencontre anim\u00e9e par <b>Gilles Rozier<\/b>.<\/p>\n<p><em>Tarif : 12 \u20ac. Adh\u00e9rents : 7 \u20ac.<\/em><\/p>\n<p>&nbsp;<\/p>\n<p class=\"p1\"><span style=\"font-size: 14pt;\"><span style=\"color: #ff0000;\"><b>20h<\/b><\/span> \u2013<b> Shabes tish<\/b> : Un grand repas festif avec des sp\u00e9cialit\u00e9s de Lituanie\u00a0<\/span><\/p>\n<p>Repas festif compos\u00e9 de sp\u00e9cialit\u00e9s lituaniennes pr\u00e9par\u00e9es par\u00a0<b>Annick Prime-Margulis\u00a0<\/b>et\u00a0<b>Laurel Kratochvila<\/b>, cheffe et fondatrice de Fine Bagels \u00e0 Berlin. La soir\u00e9e sera anim\u00e9e par\u00a0<b>Shahar Fineberg<\/b>\u00a0et\u00a0<b>Magdalena Ma\u015blak<\/b>, anthropologue sp\u00e9cialis\u00e9e dans la cuisine juive de l\u2019Europe orientale qui travaille au mus\u00e9e POLIN de Varsovie, qui commentera l&rsquo;histoire et le contexte des plats d\u00e9gust\u00e9s.<\/p>\n<p>Attention, pour le\u00a0Shabes-tish, les <strong>inscriptions<\/strong> seront <strong>closes <\/strong>lundi <strong>4 novembre<\/strong>\u00a0\u00e0 minuit.<\/p>\n<p><em>Tarif : 44 \u20ac. Adh\u00e9rents : 39 \u20ac.<\/em><\/p>\n<p>&nbsp;<\/p>\n<p><span style=\"font-size: 18pt;\"><strong><span style=\"color: #ff0000;\">Samedi 9 novembre<\/span><\/strong><\/span><\/p>\n<p class=\"p1\"><span style=\"font-size: 14pt;\"><span style=\"color: #ff0000;\"><b>11h30<\/b><\/span> \u2013<b> Les mets juifs et non-juifs de Lituanie <\/b>: conf\u00e9rence d\u00e9gustation avec <strong>Laurel Kratochvila<\/strong> et <strong>Magdalena Ma\u015blak<\/strong> (en fran\u00e7ais, en pr\u00e9sentiel)<\/span><\/p>\n<p class=\"p1\">Une conf\u00e9rence guid\u00e9e pour explorer la cuisine lituanienne, juive et non juive. Les participants auront l&rsquo;occasion de d\u00e9guster une vari\u00e9t\u00e9 de plats traditionnels tout en d\u00e9couvrant les ingr\u00e9dients, les m\u00e9thodes de pr\u00e9paration, et les influences culturelles qui les ont fa\u00e7onn\u00e9s. Une attention particuli\u00e8re sera accord\u00e9e aux interactions historiques entre les communaut\u00e9s juives et non juives et \u00e0 la mani\u00e8re dont elles se refl\u00e8tent dans leurs traditions culinaires respectives.<\/p>\n<p>La conf\u00e9rence <strong>inclut la d\u00e9gustation<\/strong> de sp\u00e9cialit\u00e9s pr\u00e9par\u00e9es par <strong>Laurel Kratochvila<\/strong>.<\/p>\n<p class=\"p1\"><b>Laurel Kratochvila<\/b> est cheffe et fondatrice de Fine Bagels \u00e0 Berlin\u00a0; <b>Magdalena Ma\u015blak <\/b>est anthropologue culturelle sp\u00e9cialis\u00e9e dans la cuisine juive qui travaille au mus\u00e9e POLIN de Varsovie, o\u00f9 elle dirige le centre Menora.<\/p>\n<p><em>Tarif : 20 \u20ac. Adh\u00e9rents : 15 \u20ac.<\/em><\/p>\n<p>&nbsp;<\/p>\n<p class=\"p1\"><span style=\"font-size: 14pt;\"><b><span style=\"color: #ff0000;\">14h<\/span> <\/b>\u2013 Projection de film <b><i>Viena <\/i><\/b>(\u00ab\u00a0<i>Toute seule<\/i> \u00bb, 2021), <span class=\"s1\">d\u2019<\/span><b>Akvil\u0117 Kaba\u0161inskait\u0117, Ieva Kotryna Skirmantait\u0117 <\/b>et<b> Akvil\u0117 Grigoravi\u010di\u016bt\u0117 <\/b>(en fran\u00e7ais, en pr\u00e9sentiel)<\/span><\/p>\n<p class=\"p6\"><i>Viena<\/i> est consacr\u00e9 \u00e0 la vie et aux actes de r\u00e9sistance d\u2019Ona \u0160imait\u0117, biblioth\u00e9caire et \u00e9crivaine lituanienne, qui s\u2019est servi de ses fonctions \u00e0 l\u2019universit\u00e9 de Vilnius pour aider et sauver des Juifs du ghetto de Vilnius, ainsi que pour pr\u00e9server des documents, des livres et des manuscrits. Ona \u0160imait\u0117 a \u00e9t\u00e9 reconnue comme Juste parmi les nations.<\/p>\n<p class=\"p1\">La projection sera suivie d\u2019une discussion avec<b> Akvil\u0117 Grigoravi\u010di\u016bt\u0117, <\/b>r\u00e9alisatrice et chercheuse en culture yiddish. Rencontre anim\u00e9e par <b>Shahar Fineberg<\/b>.<\/p>\n<p><em>Tarif : 13 \u20ac. Adh\u00e9rents : 8 \u20ac.<\/em><\/p>\n<p>&nbsp;<\/p>\n<p class=\"p1\"><span style=\"font-size: 14pt;\"><span style=\"color: #ff0000;\"><b>16h <\/b><\/span>\u2013<b> Le Gaon de Vilna, un sacr\u00e9 caract\u00e8re !\u00a0<\/b>: conf\u00e9rence de <strong>Migl\u0117<\/strong> <strong>Anu\u0161auskait\u0117<\/strong> et <strong>Shahar Fineberg<\/strong> (en fran\u00e7ais, en pr\u00e9sentiel)<\/span><\/p>\n<p class=\"p1\">Le Gaon de Vilna (1720-1797) est une figure embl\u00e9matique de l\u2019histoire du juda\u00efsme. A la diff\u00e9rence de ses contemporains, il \u00e9tudiait \u00e9galement les sciences de son \u00e9poque, notamment les math\u00e9matiques, l\u2019astronomie et la linguistique, dans le but de mieux comprendre le Talmud \u2013 mais cette ouverture d\u2019esprit s\u2019arr\u00eatait d\u00e8s qu\u2019il s\u2019agissait du mouvement \u00e9mergent du hassidisme\u00a0! La conf\u00e9rence propose une exploration ludique du personnage du Gaon \u00e0 travers des anecdotes de sa vie, et elle sera suivie d\u2019une pi\u00e8ce radiophonique originale inspir\u00e9e de son caract\u00e8re unique et particulier.<\/p>\n<p class=\"p1\"><b>Migl\u0117 Anu\u0161auskait\u0117 <\/b>est<b> <\/b>autrice de bandes dessin\u00e9es et chercheuse sp\u00e9cialis\u00e9e en histoire du juda\u00efsme\u00a0; <b>Shahar Fineberg<\/b> est <span class=\"s2\">sc\u00e9nariste et animateur de <i>Yiddish haynt <\/i>sur RCJ 94.8<\/span>.<\/p>\n<p><em>Tarif : 12 \u20ac. Adh\u00e9rents : 7 \u20ac.<\/em><\/p>\n<p>&nbsp;<\/p>\n<p class=\"p1\"><span style=\"font-size: 14pt;\"><span style=\"color: #ff0000;\"><b>19h <\/b><\/span>\u2013<b> Lettres au monde. L&rsquo;image multilingue de la communaut\u00e9 juive de Vilnius et de ses institutions<\/b>\u00a0: conf\u00e9rence de cl\u00f4ture de <strong>Lara Lempert<\/strong> (en anglais, en hybride : pr\u00e9sentiel et Zoom)<\/span><\/p>\n<p class=\"p1\">En examinant des lettres, des documents et des publications multilingues, Lara Lempert nous fait d\u00e9couvrir comment la communaut\u00e9 juive de Vilnius s&rsquo;est exprim\u00e9e et organis\u00e9e \u00e0 travers diff\u00e9rentes langues telles que le yiddish, l&rsquo;h\u00e9breu, le polonais, le russe et d\u2019autres encore. La th\u00e9matique mettra en lumi\u00e8re l&rsquo;importance de cette diversit\u00e9 linguistique dans la vie quotidienne et culturelle de la communaut\u00e9 juive de Vilnius.<\/p>\n<p class=\"p1\"><b>Lara Lempert<\/b> est directrice du Judaica Research Center \u00e0 la Biblioth\u00e8que nationale de Lituanie.<\/p>\n<p><em>Tarif : 12 \u20ac. Adh\u00e9rents : 7 \u20ac.<\/em><\/p>\n<p>&nbsp;<\/p>\n<p class=\"p1\"><span style=\"font-size: 14pt;\"><span style=\"color: #ff0000;\"><b>20h30<\/b><\/span> \u2013 <strong>Pot de cl\u00f4ture<\/strong><\/span><\/p>\n<p>&nbsp;<\/p>\n<p><span style=\"color: #ff0000; font-size: 18pt;\"><strong>Dimanche 10 novembre<\/strong><\/span><\/p>\n<p class=\"p1\"><span style=\"font-size: 14pt;\"><span style=\"color: #ff0000;\"><b>9h30 &#8211; 17h<\/b><\/span> \u2013 <strong>S\u00e9minaire mensuel de litt\u00e9rature yiddish<\/strong> (en yiddish, en hybride : pr\u00e9sentiel et sur Zoom)<\/span><\/p>\n<p class=\"p3\"><b>Th\u00e8me : Le yiddish lituanien et ses p\u00e9r\u00e9grinations \u00e0 travers le monde<\/b><\/p>\n<p class=\"p1\">En suivant des figures cl\u00e9 du monde yiddish originaires de Lituanie, cette journ\u00e9e d\u2019\u00e9tude permet d\u2019appr\u00e9hender la diffusion du yiddish lituanien \u00e0 travers le monde et les \u00e9changes culturels qui sont n\u00e9s dans les nouvelles aires d\u2019implantation de la langue.<\/p>\n<p class=\"p1\"><i>Intervenants\u00a0:<\/i> <b>Leyzer Burko <\/b>(linguiste sp\u00e9cialis\u00e9 en dialectologie yiddish), <b>Sharon Bar-Kochva <\/b>(chercheuse, biblioth\u00e9caire de la Biblioth\u00e8que Medem),<b> Natalia Krynicka <\/b>(chercheuse, conservatrice de la Biblioth\u00e8que Medem).<\/p>\n<p><em>Tarif : 35 \u20ac. Adh\u00e9rents : 30 \u20ac.<\/em><\/p>\n<p><span style=\"font-size: 18pt; color: #ff0000;\"><strong>Lundi 11 novembre (attention, changement de date !)<\/strong><\/span><\/p>\n<p class=\"p1\"><span style=\"font-size: 14pt;\"><span style=\"color: #ff0000;\"><b>19h<\/b><\/span> \u2013<b> \u00ab Back to Kaunas \u00bb\u00a0<\/b>: conf\u00e9rence de <strong>Michael Shubitz<\/strong> (en yiddish, sur Zoom)<\/span><\/p>\n<p class=\"p1\">Michael Shubitz retrace \u00e0 travers un projet photographique la vie de douze survivants de la Shoah originaires de Kaunas\u00a0: parmi eux, Aharon Barak, ancien pr\u00e9sident de la cour supr\u00eame d\u2019Isra\u00ebl, le violoniste Albert Joffe, le g\u00e9ologue Zvi Garfunkel, et d\u2019autres encore. \u00c9voquant la ville de leur jeunesse par les photos datant de l\u2019\u00e9poque et celles prises pour le projet, Shubitz s\u2019attache \u00e0 reconstituer leur histoire.<\/p>\n<p class=\"p1\"><b>Michael Shubitz<\/b> est chef-op\u00e9rateur et photographe de presse. Rencontre anim\u00e9e par <b>Sharon Bar-Kochva<\/b>, biblioth\u00e9caire de la MCY et enseignante de yiddish.<\/p>\n<p><em>Tarif : 12 \u20ac. Adh\u00e9rents : 7 \u20ac.<\/em><\/p>\n<p>&nbsp;<\/p>\n<p><a href=\"https:\/\/www.helloasso.com\/associations\/maison-de-la-culture-yiddish-bibliotheque-medem\/evenements\/2024-11\"><span style=\"font-size: 18pt;\">R\u00c9SERVATION<\/span><\/a><\/p>\n<p>Vous pouvez vous inscrire \u00e0 <strong>chaque activit\u00e9 s\u00e9par\u00e9ment<\/strong>, ou bien choisir un des <strong>pass<\/strong> :<\/p>\n<ul>\n<li><strong>Pass week-end<\/strong> (toutes les activit\u00e9s sauf le Shabes-tish et le s\u00e9minaire de litt\u00e9rature yiddish). <em>Tarif : 115 \u20ac. Adh\u00e9rents : 75 \u20ac<\/em><\/li>\n<li><strong>Pass week-end + Shabes-tish<\/strong> (toutes les activit\u00e9s sauf le s\u00e9minaire de litt\u00e9rature yiddish). <em>Tarif : 145 \u20ac. Adh\u00e9rents : 105 \u20ac<\/em><\/li>\n<\/ul>\n<p><span style=\"color: #ff0000;\"><a style=\"color: #ff0000;\" href=\"https:\/\/www.helloasso.com\/associations\/maison-de-la-culture-yiddish-bibliotheque-medem\/evenements\/2024-11\"><strong>Cliquez ici<\/strong><\/a>\u00a0<\/span>pour r\u00e9server (r\u00e9servation obligatoire).<\/p>\n<p><em><a href=\"https:\/\/www.helloasso.com\/associations\/maison-de-la-culture-yiddish-bibliotheque-medem\/adhesions\/adhesion-en-ligne-a-la-maison-de-la-culture-yiddish-09-2024-08-2025\">Adh\u00e9rez \u00e0 la Maison de la culture yiddish pour la saison 2024-2025<\/a>\u00a0et d\u00e9couvrez\u00a0<strong>le code promotionnel<\/strong>\u00a0qui vous donnera acc\u00e8s au\u00a0<strong>tarif r\u00e9duit<\/strong>\u00a0sur vos r\u00e9servations.<\/em><\/p>\n<p><strong>Attention : au moment du r\u00e8glement, la plateforme Helloasso vous proposera d\u2019ajouter une contribution \u00e0 son fonctionnement. Celle-ci est optionnelle, et vous pouvez changer son montant ou bien l\u2019annuler en appuyant sur le bouton \u00ab Modifier \u00bb.<\/strong><\/p>\n","protected":false},"excerpt":{"rendered":"<p>7 &#8211; 10 novembre 2024 \u00c0 l\u2019occasion de\u00a0la saison \u00ab Lituanie en France 2024 \u00bb, la Maison de la culture yiddish organise quatre journ\u00e9es consacr\u00e9es \u00e0 la riche et longue &hellip; <\/p>\n<p class=\"link-more\"><a href=\"https:\/\/programme.yiddish.paris\/?tribe_events=le-yiddish-et-la-lituanie\" class=\"more-link\">Continuer la lecture<span class=\"screen-reader-text\"> de &laquo;&nbsp;Le yiddish et la Lituanie : week-end de d\u00e9couverte&nbsp;&raquo;<\/span><\/a><\/p>\n","protected":false},"author":2,"featured_media":5509,"template":"","meta":{"_monsterinsights_skip_tracking":false,"_monsterinsights_sitenote_active":false,"_monsterinsights_sitenote_note":"","_monsterinsights_sitenote_category":0,"_tribe_events_status":"","_tribe_events_status_reason":"","footnotes":""},"tags":[],"tribe_events_cat":[53,45],"class_list":["post-5508","tribe_events","type-tribe_events","status-publish","has-post-thumbnail","hentry","tribe_events_cat-conference","tribe_events_cat-seminaire","cat_conference","cat_seminaire"],"yoast_head":"<!-- This site is optimized with the Yoast SEO plugin v27.5 - https:\/\/yoast.com\/product\/yoast-seo-wordpress\/ -->\n<title>Le yiddish et la Lituanie : week-end de d\u00e9couverte - programme.yiddish.paris<\/title>\n<meta name=\"robots\" content=\"index, follow, max-snippet:-1, max-image-preview:large, max-video-preview:-1\" \/>\n<link rel=\"canonical\" href=\"https:\/\/programme.yiddish.paris\/?tribe_events=le-yiddish-et-la-lituanie\" \/>\n<meta property=\"og:locale\" content=\"fr_FR\" \/>\n<meta property=\"og:type\" content=\"article\" \/>\n<meta property=\"og:title\" content=\"Le yiddish et la Lituanie : week-end de d\u00e9couverte - programme.yiddish.paris\" \/>\n<meta property=\"og:description\" content=\"7 &#8211; 10 novembre 2024 \u00c0 l\u2019occasion de\u00a0la saison \u00ab Lituanie en France 2024 \u00bb, la Maison de la culture yiddish organise quatre journ\u00e9es consacr\u00e9es \u00e0 la riche et longue &hellip; Continuer la lecture de &laquo;&nbsp;Le yiddish et la Lituanie : week-end de d\u00e9couverte&nbsp;&raquo;\" \/>\n<meta property=\"og:url\" content=\"https:\/\/programme.yiddish.paris\/?tribe_events=le-yiddish-et-la-lituanie\" \/>\n<meta property=\"og:site_name\" content=\"programme.yiddish.paris\" \/>\n<meta property=\"article:modified_time\" content=\"2024-11-05T14:38:50+00:00\" \/>\n<meta property=\"og:image\" content=\"https:\/\/programme.yiddish.paris\/wp-content\/uploads\/2024\/07\/Lite.png\" \/>\n\t<meta property=\"og:image:width\" content=\"1386\" \/>\n\t<meta property=\"og:image:height\" content=\"1992\" \/>\n\t<meta property=\"og:image:type\" content=\"image\/png\" \/>\n<meta name=\"twitter:card\" content=\"summary_large_image\" \/>\n<meta name=\"twitter:label1\" content=\"Dur\u00e9e de lecture estim\u00e9e\" \/>\n\t<meta name=\"twitter:data1\" content=\"9 minutes\" \/>\n<script type=\"application\/ld+json\" class=\"yoast-schema-graph\">{\"@context\":\"https:\\\/\\\/schema.org\",\"@graph\":[{\"@type\":\"WebPage\",\"@id\":\"https:\\\/\\\/programme.yiddish.paris\\\/?tribe_events=le-yiddish-et-la-lituanie\",\"url\":\"https:\\\/\\\/programme.yiddish.paris\\\/?tribe_events=le-yiddish-et-la-lituanie\",\"name\":\"Le yiddish et la Lituanie : week-end de d\u00e9couverte - programme.yiddish.paris\",\"isPartOf\":{\"@id\":\"https:\\\/\\\/programme.yiddish.paris\\\/#website\"},\"primaryImageOfPage\":{\"@id\":\"https:\\\/\\\/programme.yiddish.paris\\\/?tribe_events=le-yiddish-et-la-lituanie#primaryimage\"},\"image\":{\"@id\":\"https:\\\/\\\/programme.yiddish.paris\\\/?tribe_events=le-yiddish-et-la-lituanie#primaryimage\"},\"thumbnailUrl\":\"https:\\\/\\\/programme.yiddish.paris\\\/wp-content\\\/uploads\\\/2024\\\/07\\\/Lite.png\",\"datePublished\":\"2024-07-02T13:42:41+00:00\",\"dateModified\":\"2024-11-05T14:38:50+00:00\",\"breadcrumb\":{\"@id\":\"https:\\\/\\\/programme.yiddish.paris\\\/?tribe_events=le-yiddish-et-la-lituanie#breadcrumb\"},\"inLanguage\":\"fr-FR\",\"potentialAction\":[{\"@type\":\"ReadAction\",\"target\":[\"https:\\\/\\\/programme.yiddish.paris\\\/?tribe_events=le-yiddish-et-la-lituanie\"]}]},{\"@type\":\"ImageObject\",\"inLanguage\":\"fr-FR\",\"@id\":\"https:\\\/\\\/programme.yiddish.paris\\\/?tribe_events=le-yiddish-et-la-lituanie#primaryimage\",\"url\":\"https:\\\/\\\/programme.yiddish.paris\\\/wp-content\\\/uploads\\\/2024\\\/07\\\/Lite.png\",\"contentUrl\":\"https:\\\/\\\/programme.yiddish.paris\\\/wp-content\\\/uploads\\\/2024\\\/07\\\/Lite.png\",\"width\":1386,\"height\":1992},{\"@type\":\"BreadcrumbList\",\"@id\":\"https:\\\/\\\/programme.yiddish.paris\\\/?tribe_events=le-yiddish-et-la-lituanie#breadcrumb\",\"itemListElement\":[{\"@type\":\"ListItem\",\"position\":1,\"name\":\"Home\",\"item\":\"https:\\\/\\\/programme.yiddish.paris\\\/\"},{\"@type\":\"ListItem\",\"position\":2,\"name\":\"\u00c9v\u00e8nements\",\"item\":\"https:\\\/\\\/programme.yiddish.paris\\\/?post_type=tribe_events\"},{\"@type\":\"ListItem\",\"position\":3,\"name\":\"Le yiddish et la Lituanie : week-end de d\u00e9couverte\"}]},{\"@type\":\"WebSite\",\"@id\":\"https:\\\/\\\/programme.yiddish.paris\\\/#website\",\"url\":\"https:\\\/\\\/programme.yiddish.paris\\\/\",\"name\":\"programme.yiddish.paris\",\"description\":\"La programmation culturelle de la Maison de la culture yiddish \u2013\u00a0Biblioth\u00e8que Medem\",\"publisher\":{\"@id\":\"https:\\\/\\\/programme.yiddish.paris\\\/#organization\"},\"potentialAction\":[{\"@type\":\"SearchAction\",\"target\":{\"@type\":\"EntryPoint\",\"urlTemplate\":\"https:\\\/\\\/programme.yiddish.paris\\\/?s={search_term_string}\"},\"query-input\":{\"@type\":\"PropertyValueSpecification\",\"valueRequired\":true,\"valueName\":\"search_term_string\"}}],\"inLanguage\":\"fr-FR\"},{\"@type\":\"Organization\",\"@id\":\"https:\\\/\\\/programme.yiddish.paris\\\/#organization\",\"name\":\"programme.yiddish.paris\",\"url\":\"https:\\\/\\\/programme.yiddish.paris\\\/\",\"logo\":{\"@type\":\"ImageObject\",\"inLanguage\":\"fr-FR\",\"@id\":\"https:\\\/\\\/programme.yiddish.paris\\\/#\\\/schema\\\/logo\\\/image\\\/\",\"url\":\"https:\\\/\\\/programme.yiddish.paris\\\/wp-content\\\/uploads\\\/2020\\\/07\\\/cropped-mcy_yud-1.png\",\"contentUrl\":\"https:\\\/\\\/programme.yiddish.paris\\\/wp-content\\\/uploads\\\/2020\\\/07\\\/cropped-mcy_yud-1.png\",\"width\":250,\"height\":250,\"caption\":\"programme.yiddish.paris\"},\"image\":{\"@id\":\"https:\\\/\\\/programme.yiddish.paris\\\/#\\\/schema\\\/logo\\\/image\\\/\"}}]}<\/script>\n<!-- \/ Yoast SEO plugin. -->","yoast_head_json":{"title":"Le yiddish et la Lituanie : week-end de d\u00e9couverte - programme.yiddish.paris","robots":{"index":"index","follow":"follow","max-snippet":"max-snippet:-1","max-image-preview":"max-image-preview:large","max-video-preview":"max-video-preview:-1"},"canonical":"https:\/\/programme.yiddish.paris\/?tribe_events=le-yiddish-et-la-lituanie","og_locale":"fr_FR","og_type":"article","og_title":"Le yiddish et la Lituanie : week-end de d\u00e9couverte - programme.yiddish.paris","og_description":"7 &#8211; 10 novembre 2024 \u00c0 l\u2019occasion de\u00a0la saison \u00ab Lituanie en France 2024 \u00bb, la Maison de la culture yiddish organise quatre journ\u00e9es consacr\u00e9es \u00e0 la riche et longue &hellip; Continuer la lecture de &laquo;&nbsp;Le yiddish et la Lituanie : week-end de d\u00e9couverte&nbsp;&raquo;","og_url":"https:\/\/programme.yiddish.paris\/?tribe_events=le-yiddish-et-la-lituanie","og_site_name":"programme.yiddish.paris","article_modified_time":"2024-11-05T14:38:50+00:00","og_image":[{"width":1386,"height":1992,"url":"https:\/\/programme.yiddish.paris\/wp-content\/uploads\/2024\/07\/Lite.png","type":"image\/png"}],"twitter_card":"summary_large_image","twitter_misc":{"Dur\u00e9e de lecture estim\u00e9e":"9 minutes"},"schema":{"@context":"https:\/\/schema.org","@graph":[{"@type":"WebPage","@id":"https:\/\/programme.yiddish.paris\/?tribe_events=le-yiddish-et-la-lituanie","url":"https:\/\/programme.yiddish.paris\/?tribe_events=le-yiddish-et-la-lituanie","name":"Le yiddish et la Lituanie : week-end de d\u00e9couverte - programme.yiddish.paris","isPartOf":{"@id":"https:\/\/programme.yiddish.paris\/#website"},"primaryImageOfPage":{"@id":"https:\/\/programme.yiddish.paris\/?tribe_events=le-yiddish-et-la-lituanie#primaryimage"},"image":{"@id":"https:\/\/programme.yiddish.paris\/?tribe_events=le-yiddish-et-la-lituanie#primaryimage"},"thumbnailUrl":"https:\/\/programme.yiddish.paris\/wp-content\/uploads\/2024\/07\/Lite.png","datePublished":"2024-07-02T13:42:41+00:00","dateModified":"2024-11-05T14:38:50+00:00","breadcrumb":{"@id":"https:\/\/programme.yiddish.paris\/?tribe_events=le-yiddish-et-la-lituanie#breadcrumb"},"inLanguage":"fr-FR","potentialAction":[{"@type":"ReadAction","target":["https:\/\/programme.yiddish.paris\/?tribe_events=le-yiddish-et-la-lituanie"]}]},{"@type":"ImageObject","inLanguage":"fr-FR","@id":"https:\/\/programme.yiddish.paris\/?tribe_events=le-yiddish-et-la-lituanie#primaryimage","url":"https:\/\/programme.yiddish.paris\/wp-content\/uploads\/2024\/07\/Lite.png","contentUrl":"https:\/\/programme.yiddish.paris\/wp-content\/uploads\/2024\/07\/Lite.png","width":1386,"height":1992},{"@type":"BreadcrumbList","@id":"https:\/\/programme.yiddish.paris\/?tribe_events=le-yiddish-et-la-lituanie#breadcrumb","itemListElement":[{"@type":"ListItem","position":1,"name":"Home","item":"https:\/\/programme.yiddish.paris\/"},{"@type":"ListItem","position":2,"name":"\u00c9v\u00e8nements","item":"https:\/\/programme.yiddish.paris\/?post_type=tribe_events"},{"@type":"ListItem","position":3,"name":"Le yiddish et la Lituanie : week-end de d\u00e9couverte"}]},{"@type":"WebSite","@id":"https:\/\/programme.yiddish.paris\/#website","url":"https:\/\/programme.yiddish.paris\/","name":"programme.yiddish.paris","description":"La programmation culturelle de la Maison de la culture yiddish \u2013\u00a0Biblioth\u00e8que Medem","publisher":{"@id":"https:\/\/programme.yiddish.paris\/#organization"},"potentialAction":[{"@type":"SearchAction","target":{"@type":"EntryPoint","urlTemplate":"https:\/\/programme.yiddish.paris\/?s={search_term_string}"},"query-input":{"@type":"PropertyValueSpecification","valueRequired":true,"valueName":"search_term_string"}}],"inLanguage":"fr-FR"},{"@type":"Organization","@id":"https:\/\/programme.yiddish.paris\/#organization","name":"programme.yiddish.paris","url":"https:\/\/programme.yiddish.paris\/","logo":{"@type":"ImageObject","inLanguage":"fr-FR","@id":"https:\/\/programme.yiddish.paris\/#\/schema\/logo\/image\/","url":"https:\/\/programme.yiddish.paris\/wp-content\/uploads\/2020\/07\/cropped-mcy_yud-1.png","contentUrl":"https:\/\/programme.yiddish.paris\/wp-content\/uploads\/2020\/07\/cropped-mcy_yud-1.png","width":250,"height":250,"caption":"programme.yiddish.paris"},"image":{"@id":"https:\/\/programme.yiddish.paris\/#\/schema\/logo\/image\/"}}]}},"_links":{"self":[{"href":"https:\/\/programme.yiddish.paris\/index.php?rest_route=\/wp\/v2\/tribe_events\/5508","targetHints":{"allow":["GET"]}}],"collection":[{"href":"https:\/\/programme.yiddish.paris\/index.php?rest_route=\/wp\/v2\/tribe_events"}],"about":[{"href":"https:\/\/programme.yiddish.paris\/index.php?rest_route=\/wp\/v2\/types\/tribe_events"}],"author":[{"embeddable":true,"href":"https:\/\/programme.yiddish.paris\/index.php?rest_route=\/wp\/v2\/users\/2"}],"version-history":[{"count":10,"href":"https:\/\/programme.yiddish.paris\/index.php?rest_route=\/wp\/v2\/tribe_events\/5508\/revisions"}],"predecessor-version":[{"id":5661,"href":"https:\/\/programme.yiddish.paris\/index.php?rest_route=\/wp\/v2\/tribe_events\/5508\/revisions\/5661"}],"wp:featuredmedia":[{"embeddable":true,"href":"https:\/\/programme.yiddish.paris\/index.php?rest_route=\/wp\/v2\/media\/5509"}],"wp:attachment":[{"href":"https:\/\/programme.yiddish.paris\/index.php?rest_route=%2Fwp%2Fv2%2Fmedia&parent=5508"}],"wp:term":[{"taxonomy":"post_tag","embeddable":true,"href":"https:\/\/programme.yiddish.paris\/index.php?rest_route=%2Fwp%2Fv2%2Ftags&post=5508"},{"taxonomy":"tribe_events_cat","embeddable":true,"href":"https:\/\/programme.yiddish.paris\/index.php?rest_route=%2Fwp%2Fv2%2Ftribe_events_cat&post=5508"}],"curies":[{"name":"wp","href":"https:\/\/api.w.org\/{rel}","templated":true}]}}