{"id":5520,"date":"2024-07-04T18:08:14","date_gmt":"2024-07-04T16:08:14","guid":{"rendered":"https:\/\/programme.yiddish.paris\/?post_type=tribe_events&#038;p=5520"},"modified":"2024-10-22T08:36:06","modified_gmt":"2024-10-22T06:36:06","slug":"nos-chansons-yiddish-mes-chansons-francaises-concert-de-betty-reiche","status":"publish","type":"tribe_events","link":"https:\/\/programme.yiddish.paris\/?tribe_events=nos-chansons-yiddish-mes-chansons-francaises-concert-de-betty-reiche","title":{"rendered":"Nos chansons yiddish, mes chansons fran\u00e7aises : concert de Betty Reicher"},"content":{"rendered":"<p class=\"p1\"><strong>Betty Reicher<\/strong>, auteur, compositeur, interpr\u00e8te, nous propose un nouveau r\u00e9cital franco-yiddish.<\/p>\n<p class=\"p1\">Ses compositions rec\u00e8lent des souvenirs d&rsquo;enfance, des\u00a0\u00e9vocations de son histoire mais aussi des\u00a0moments de\u00a0pure po\u00e9sie, de r\u00eaverie un peu d\u00e9jant\u00e9e, o\u00f9 l&rsquo;\u00e9criture est toujours pr\u00e9cise, riche et d\u00e9licate.<\/p>\n<p class=\"p1\">Les chansons yiddish qu&rsquo;elle\u00a0interpr\u00e8te plongent leurs racines dans le temps et l&rsquo;espace et restent pour certaines reli\u00e9es au r\u00e9pertoire de la chanson fran\u00e7aise et internationale (Standards traduites en yiddish : Dance\u00a0me to the end of love, La javanaise,\u00a0 Padam&#8230;)<\/p>\n<p class=\"p2\">Elle est accompagn\u00e9e au piano par <strong>Bernard Toubiana <\/strong>et aux percussions par<strong> Philippe Brada<\/strong>.<\/p>\n<p><em>Tarif : 18 \u20ac. Adh\u00e9rents : 13 \u20ac*.<br \/>\n<a href=\"https:\/\/www.helloasso.com\/associations\/maison-de-la-culture-yiddish-bibliotheque-medem\/adhesions\/adhesion-en-ligne-a-la-maison-de-la-culture-yiddish-2021-2022\">*<\/a><a href=\"https:\/\/www.helloasso.com\/associations\/maison-de-la-culture-yiddish-bibliotheque-medem\/adhesions\/adhesion-en-ligne-a-la-maison-de-la-culture-yiddish-09-2024-08-2025\">Adh\u00e9rez \u00e0 la Maison de la culture yiddish pour la saison 2024-2025<\/a>\u00a0et d\u00e9couvrez\u00a0<strong>le code promotionnel<\/strong>\u00a0qui vous donnera acc\u00e8s au\u00a0<strong>tarif r\u00e9duit<\/strong>\u00a0sur vos r\u00e9servations.<\/em><\/p>\n<p><a href=\"https:\/\/www.helloasso.com\/associations\/maison-de-la-culture-yiddish-bibliotheque-medem\/evenements\/2024-12\"><strong>Cliquez ici<\/strong><\/a>\u00a0pour r\u00e9server (r\u00e9servation obligatoire).<\/p>\n<p><strong>Attention : au moment du r\u00e8glement, la plateforme Helloasso vous proposera d\u2019ajouter une contribution \u00e0 son fonctionnement. Celle-ci est optionnelle, et vous pouvez changer son montant ou bien l\u2019annuler en appuyant sur le bouton \u00ab Modifier \u00bb.<\/strong><\/p>\n","protected":false},"excerpt":{"rendered":"<p>Betty Reicher, auteur, compositeur, interpr\u00e8te, nous propose un nouveau r\u00e9cital franco-yiddish. Ses compositions rec\u00e8lent des souvenirs d&rsquo;enfance, des\u00a0\u00e9vocations de son histoire mais aussi des\u00a0moments de\u00a0pure po\u00e9sie, de r\u00eaverie un peu &hellip; <\/p>\n<p class=\"link-more\"><a href=\"https:\/\/programme.yiddish.paris\/?tribe_events=nos-chansons-yiddish-mes-chansons-francaises-concert-de-betty-reiche\" class=\"more-link\">Continuer la lecture<span class=\"screen-reader-text\"> de &laquo;&nbsp;Nos chansons yiddish, mes chansons fran\u00e7aises : concert de Betty Reicher&nbsp;&raquo;<\/span><\/a><\/p>\n","protected":false},"author":2,"featured_media":5522,"template":"","meta":{"_monsterinsights_skip_tracking":false,"_monsterinsights_sitenote_active":false,"_monsterinsights_sitenote_note":"","_monsterinsights_sitenote_category":0,"_tribe_events_status":"","_tribe_events_status_reason":"","footnotes":""},"tags":[],"tribe_events_cat":[44],"class_list":["post-5520","tribe_events","type-tribe_events","status-publish","has-post-thumbnail","hentry","tribe_events_cat-concert","cat_concert"],"yoast_head":"<!-- This site is optimized with the Yoast SEO plugin v27.5 - https:\/\/yoast.com\/product\/yoast-seo-wordpress\/ -->\n<title>Nos chansons yiddish, mes chansons fran\u00e7aises : concert de Betty Reicher - programme.yiddish.paris<\/title>\n<meta name=\"robots\" content=\"index, follow, max-snippet:-1, max-image-preview:large, max-video-preview:-1\" \/>\n<link rel=\"canonical\" href=\"https:\/\/programme.yiddish.paris\/?tribe_events=nos-chansons-yiddish-mes-chansons-francaises-concert-de-betty-reiche\" \/>\n<meta property=\"og:locale\" content=\"fr_FR\" \/>\n<meta property=\"og:type\" content=\"article\" \/>\n<meta property=\"og:title\" content=\"Nos chansons yiddish, mes chansons fran\u00e7aises : concert de Betty Reicher - programme.yiddish.paris\" \/>\n<meta property=\"og:description\" content=\"Betty Reicher, auteur, compositeur, interpr\u00e8te, nous propose un nouveau r\u00e9cital franco-yiddish. Ses compositions rec\u00e8lent des souvenirs d&rsquo;enfance, des\u00a0\u00e9vocations de son histoire mais aussi des\u00a0moments de\u00a0pure po\u00e9sie, de r\u00eaverie un peu &hellip; Continuer la lecture de &laquo;&nbsp;Nos chansons yiddish, mes chansons fran\u00e7aises : concert de Betty Reicher&nbsp;&raquo;\" \/>\n<meta property=\"og:url\" content=\"https:\/\/programme.yiddish.paris\/?tribe_events=nos-chansons-yiddish-mes-chansons-francaises-concert-de-betty-reiche\" \/>\n<meta property=\"og:site_name\" content=\"programme.yiddish.paris\" \/>\n<meta property=\"article:modified_time\" content=\"2024-10-22T06:36:06+00:00\" \/>\n<meta property=\"og:image\" content=\"https:\/\/programme.yiddish.paris\/wp-content\/uploads\/2024\/07\/Betty-Reicher.jpg\" \/>\n\t<meta property=\"og:image:width\" content=\"768\" \/>\n\t<meta property=\"og:image:height\" content=\"1024\" \/>\n\t<meta property=\"og:image:type\" content=\"image\/jpeg\" \/>\n<meta name=\"twitter:card\" content=\"summary_large_image\" \/>\n<meta name=\"twitter:label1\" content=\"Dur\u00e9e de lecture estim\u00e9e\" \/>\n\t<meta name=\"twitter:data1\" content=\"2 minutes\" \/>\n<script type=\"application\/ld+json\" class=\"yoast-schema-graph\">{\"@context\":\"https:\\\/\\\/schema.org\",\"@graph\":[{\"@type\":\"WebPage\",\"@id\":\"https:\\\/\\\/programme.yiddish.paris\\\/?tribe_events=nos-chansons-yiddish-mes-chansons-francaises-concert-de-betty-reiche\",\"url\":\"https:\\\/\\\/programme.yiddish.paris\\\/?tribe_events=nos-chansons-yiddish-mes-chansons-francaises-concert-de-betty-reiche\",\"name\":\"Nos chansons yiddish, mes chansons fran\u00e7aises : concert de Betty Reicher - programme.yiddish.paris\",\"isPartOf\":{\"@id\":\"https:\\\/\\\/programme.yiddish.paris\\\/#website\"},\"primaryImageOfPage\":{\"@id\":\"https:\\\/\\\/programme.yiddish.paris\\\/?tribe_events=nos-chansons-yiddish-mes-chansons-francaises-concert-de-betty-reiche#primaryimage\"},\"image\":{\"@id\":\"https:\\\/\\\/programme.yiddish.paris\\\/?tribe_events=nos-chansons-yiddish-mes-chansons-francaises-concert-de-betty-reiche#primaryimage\"},\"thumbnailUrl\":\"https:\\\/\\\/programme.yiddish.paris\\\/wp-content\\\/uploads\\\/2024\\\/07\\\/Betty-Reicher.jpg\",\"datePublished\":\"2024-07-04T16:08:14+00:00\",\"dateModified\":\"2024-10-22T06:36:06+00:00\",\"breadcrumb\":{\"@id\":\"https:\\\/\\\/programme.yiddish.paris\\\/?tribe_events=nos-chansons-yiddish-mes-chansons-francaises-concert-de-betty-reiche#breadcrumb\"},\"inLanguage\":\"fr-FR\",\"potentialAction\":[{\"@type\":\"ReadAction\",\"target\":[\"https:\\\/\\\/programme.yiddish.paris\\\/?tribe_events=nos-chansons-yiddish-mes-chansons-francaises-concert-de-betty-reiche\"]}]},{\"@type\":\"ImageObject\",\"inLanguage\":\"fr-FR\",\"@id\":\"https:\\\/\\\/programme.yiddish.paris\\\/?tribe_events=nos-chansons-yiddish-mes-chansons-francaises-concert-de-betty-reiche#primaryimage\",\"url\":\"https:\\\/\\\/programme.yiddish.paris\\\/wp-content\\\/uploads\\\/2024\\\/07\\\/Betty-Reicher.jpg\",\"contentUrl\":\"https:\\\/\\\/programme.yiddish.paris\\\/wp-content\\\/uploads\\\/2024\\\/07\\\/Betty-Reicher.jpg\",\"width\":768,\"height\":1024},{\"@type\":\"BreadcrumbList\",\"@id\":\"https:\\\/\\\/programme.yiddish.paris\\\/?tribe_events=nos-chansons-yiddish-mes-chansons-francaises-concert-de-betty-reiche#breadcrumb\",\"itemListElement\":[{\"@type\":\"ListItem\",\"position\":1,\"name\":\"Home\",\"item\":\"https:\\\/\\\/programme.yiddish.paris\\\/\"},{\"@type\":\"ListItem\",\"position\":2,\"name\":\"\u00c9v\u00e8nements\",\"item\":\"https:\\\/\\\/programme.yiddish.paris\\\/?post_type=tribe_events\"},{\"@type\":\"ListItem\",\"position\":3,\"name\":\"Nos chansons yiddish, mes chansons fran\u00e7aises : concert de Betty Reicher\"}]},{\"@type\":\"WebSite\",\"@id\":\"https:\\\/\\\/programme.yiddish.paris\\\/#website\",\"url\":\"https:\\\/\\\/programme.yiddish.paris\\\/\",\"name\":\"programme.yiddish.paris\",\"description\":\"La programmation culturelle de la Maison de la culture yiddish \u2013\u00a0Biblioth\u00e8que Medem\",\"publisher\":{\"@id\":\"https:\\\/\\\/programme.yiddish.paris\\\/#organization\"},\"potentialAction\":[{\"@type\":\"SearchAction\",\"target\":{\"@type\":\"EntryPoint\",\"urlTemplate\":\"https:\\\/\\\/programme.yiddish.paris\\\/?s={search_term_string}\"},\"query-input\":{\"@type\":\"PropertyValueSpecification\",\"valueRequired\":true,\"valueName\":\"search_term_string\"}}],\"inLanguage\":\"fr-FR\"},{\"@type\":\"Organization\",\"@id\":\"https:\\\/\\\/programme.yiddish.paris\\\/#organization\",\"name\":\"programme.yiddish.paris\",\"url\":\"https:\\\/\\\/programme.yiddish.paris\\\/\",\"logo\":{\"@type\":\"ImageObject\",\"inLanguage\":\"fr-FR\",\"@id\":\"https:\\\/\\\/programme.yiddish.paris\\\/#\\\/schema\\\/logo\\\/image\\\/\",\"url\":\"https:\\\/\\\/programme.yiddish.paris\\\/wp-content\\\/uploads\\\/2020\\\/07\\\/cropped-mcy_yud-1.png\",\"contentUrl\":\"https:\\\/\\\/programme.yiddish.paris\\\/wp-content\\\/uploads\\\/2020\\\/07\\\/cropped-mcy_yud-1.png\",\"width\":250,\"height\":250,\"caption\":\"programme.yiddish.paris\"},\"image\":{\"@id\":\"https:\\\/\\\/programme.yiddish.paris\\\/#\\\/schema\\\/logo\\\/image\\\/\"}}]}<\/script>\n<!-- \/ Yoast SEO plugin. -->","yoast_head_json":{"title":"Nos chansons yiddish, mes chansons fran\u00e7aises : concert de Betty Reicher - programme.yiddish.paris","robots":{"index":"index","follow":"follow","max-snippet":"max-snippet:-1","max-image-preview":"max-image-preview:large","max-video-preview":"max-video-preview:-1"},"canonical":"https:\/\/programme.yiddish.paris\/?tribe_events=nos-chansons-yiddish-mes-chansons-francaises-concert-de-betty-reiche","og_locale":"fr_FR","og_type":"article","og_title":"Nos chansons yiddish, mes chansons fran\u00e7aises : concert de Betty Reicher - programme.yiddish.paris","og_description":"Betty Reicher, auteur, compositeur, interpr\u00e8te, nous propose un nouveau r\u00e9cital franco-yiddish. Ses compositions rec\u00e8lent des souvenirs d&rsquo;enfance, des\u00a0\u00e9vocations de son histoire mais aussi des\u00a0moments de\u00a0pure po\u00e9sie, de r\u00eaverie un peu &hellip; Continuer la lecture de &laquo;&nbsp;Nos chansons yiddish, mes chansons fran\u00e7aises : concert de Betty Reicher&nbsp;&raquo;","og_url":"https:\/\/programme.yiddish.paris\/?tribe_events=nos-chansons-yiddish-mes-chansons-francaises-concert-de-betty-reiche","og_site_name":"programme.yiddish.paris","article_modified_time":"2024-10-22T06:36:06+00:00","og_image":[{"width":768,"height":1024,"url":"https:\/\/programme.yiddish.paris\/wp-content\/uploads\/2024\/07\/Betty-Reicher.jpg","type":"image\/jpeg"}],"twitter_card":"summary_large_image","twitter_misc":{"Dur\u00e9e de lecture estim\u00e9e":"2 minutes"},"schema":{"@context":"https:\/\/schema.org","@graph":[{"@type":"WebPage","@id":"https:\/\/programme.yiddish.paris\/?tribe_events=nos-chansons-yiddish-mes-chansons-francaises-concert-de-betty-reiche","url":"https:\/\/programme.yiddish.paris\/?tribe_events=nos-chansons-yiddish-mes-chansons-francaises-concert-de-betty-reiche","name":"Nos chansons yiddish, mes chansons fran\u00e7aises : concert de Betty Reicher - programme.yiddish.paris","isPartOf":{"@id":"https:\/\/programme.yiddish.paris\/#website"},"primaryImageOfPage":{"@id":"https:\/\/programme.yiddish.paris\/?tribe_events=nos-chansons-yiddish-mes-chansons-francaises-concert-de-betty-reiche#primaryimage"},"image":{"@id":"https:\/\/programme.yiddish.paris\/?tribe_events=nos-chansons-yiddish-mes-chansons-francaises-concert-de-betty-reiche#primaryimage"},"thumbnailUrl":"https:\/\/programme.yiddish.paris\/wp-content\/uploads\/2024\/07\/Betty-Reicher.jpg","datePublished":"2024-07-04T16:08:14+00:00","dateModified":"2024-10-22T06:36:06+00:00","breadcrumb":{"@id":"https:\/\/programme.yiddish.paris\/?tribe_events=nos-chansons-yiddish-mes-chansons-francaises-concert-de-betty-reiche#breadcrumb"},"inLanguage":"fr-FR","potentialAction":[{"@type":"ReadAction","target":["https:\/\/programme.yiddish.paris\/?tribe_events=nos-chansons-yiddish-mes-chansons-francaises-concert-de-betty-reiche"]}]},{"@type":"ImageObject","inLanguage":"fr-FR","@id":"https:\/\/programme.yiddish.paris\/?tribe_events=nos-chansons-yiddish-mes-chansons-francaises-concert-de-betty-reiche#primaryimage","url":"https:\/\/programme.yiddish.paris\/wp-content\/uploads\/2024\/07\/Betty-Reicher.jpg","contentUrl":"https:\/\/programme.yiddish.paris\/wp-content\/uploads\/2024\/07\/Betty-Reicher.jpg","width":768,"height":1024},{"@type":"BreadcrumbList","@id":"https:\/\/programme.yiddish.paris\/?tribe_events=nos-chansons-yiddish-mes-chansons-francaises-concert-de-betty-reiche#breadcrumb","itemListElement":[{"@type":"ListItem","position":1,"name":"Home","item":"https:\/\/programme.yiddish.paris\/"},{"@type":"ListItem","position":2,"name":"\u00c9v\u00e8nements","item":"https:\/\/programme.yiddish.paris\/?post_type=tribe_events"},{"@type":"ListItem","position":3,"name":"Nos chansons yiddish, mes chansons fran\u00e7aises : concert de Betty Reicher"}]},{"@type":"WebSite","@id":"https:\/\/programme.yiddish.paris\/#website","url":"https:\/\/programme.yiddish.paris\/","name":"programme.yiddish.paris","description":"La programmation culturelle de la Maison de la culture yiddish \u2013\u00a0Biblioth\u00e8que Medem","publisher":{"@id":"https:\/\/programme.yiddish.paris\/#organization"},"potentialAction":[{"@type":"SearchAction","target":{"@type":"EntryPoint","urlTemplate":"https:\/\/programme.yiddish.paris\/?s={search_term_string}"},"query-input":{"@type":"PropertyValueSpecification","valueRequired":true,"valueName":"search_term_string"}}],"inLanguage":"fr-FR"},{"@type":"Organization","@id":"https:\/\/programme.yiddish.paris\/#organization","name":"programme.yiddish.paris","url":"https:\/\/programme.yiddish.paris\/","logo":{"@type":"ImageObject","inLanguage":"fr-FR","@id":"https:\/\/programme.yiddish.paris\/#\/schema\/logo\/image\/","url":"https:\/\/programme.yiddish.paris\/wp-content\/uploads\/2020\/07\/cropped-mcy_yud-1.png","contentUrl":"https:\/\/programme.yiddish.paris\/wp-content\/uploads\/2020\/07\/cropped-mcy_yud-1.png","width":250,"height":250,"caption":"programme.yiddish.paris"},"image":{"@id":"https:\/\/programme.yiddish.paris\/#\/schema\/logo\/image\/"}}]}},"_links":{"self":[{"href":"https:\/\/programme.yiddish.paris\/index.php?rest_route=\/wp\/v2\/tribe_events\/5520","targetHints":{"allow":["GET"]}}],"collection":[{"href":"https:\/\/programme.yiddish.paris\/index.php?rest_route=\/wp\/v2\/tribe_events"}],"about":[{"href":"https:\/\/programme.yiddish.paris\/index.php?rest_route=\/wp\/v2\/types\/tribe_events"}],"author":[{"embeddable":true,"href":"https:\/\/programme.yiddish.paris\/index.php?rest_route=\/wp\/v2\/users\/2"}],"version-history":[{"count":3,"href":"https:\/\/programme.yiddish.paris\/index.php?rest_route=\/wp\/v2\/tribe_events\/5520\/revisions"}],"predecessor-version":[{"id":5622,"href":"https:\/\/programme.yiddish.paris\/index.php?rest_route=\/wp\/v2\/tribe_events\/5520\/revisions\/5622"}],"wp:featuredmedia":[{"embeddable":true,"href":"https:\/\/programme.yiddish.paris\/index.php?rest_route=\/wp\/v2\/media\/5522"}],"wp:attachment":[{"href":"https:\/\/programme.yiddish.paris\/index.php?rest_route=%2Fwp%2Fv2%2Fmedia&parent=5520"}],"wp:term":[{"taxonomy":"post_tag","embeddable":true,"href":"https:\/\/programme.yiddish.paris\/index.php?rest_route=%2Fwp%2Fv2%2Ftags&post=5520"},{"taxonomy":"tribe_events_cat","embeddable":true,"href":"https:\/\/programme.yiddish.paris\/index.php?rest_route=%2Fwp%2Fv2%2Ftribe_events_cat&post=5520"}],"curies":[{"name":"wp","href":"https:\/\/api.w.org\/{rel}","templated":true}]}}