{"id":5636,"date":"2024-11-05T07:44:21","date_gmt":"2024-11-05T06:44:21","guid":{"rendered":"https:\/\/programme.yiddish.paris\/?post_type=tribe_events&#038;p=5636"},"modified":"2025-01-11T11:06:48","modified_gmt":"2025-01-11T10:06:48","slug":"avrom-reyzen-et-moi-en-francais-en-presentiel","status":"publish","type":"tribe_events","link":"https:\/\/programme.yiddish.paris\/?tribe_events=avrom-reyzen-et-moi-en-francais-en-presentiel","title":{"rendered":"Avrom Reyzen et moi (en fran\u00e7ais, en pr\u00e9sentiel)"},"content":{"rendered":"<p><strong>Jeudi 16 janvier 2025, 19h30-21h<\/strong><\/p>\n<p class=\"p1\">Entre Avrom Reyzen (1876-1953), po\u00e8te et \u00e9crivain du quotidien, de la rupture entre ancien et nouveau monde dans un subtil m\u00e9lange d\u2019humour et d\u2019\u00e9motion, et Nadia D\u00e9han-Rotschild, traductrice, le rendez-vous \u00e9tait-il in\u00e9vitable<span class=\"Apple-converted-space\">\u00a0 <\/span>?<\/p>\n<p class=\"p1\"><img loading=\"lazy\" decoding=\"async\" class=\"size-medium wp-image-5638 alignright\" src=\"https:\/\/programme.yiddish.paris\/wp-content\/uploads\/2024\/11\/Reyzen_minibilingue_couv-350x578-1-182x300.jpg\" alt=\"\" width=\"182\" height=\"300\" srcset=\"https:\/\/programme.yiddish.paris\/wp-content\/uploads\/2024\/11\/Reyzen_minibilingue_couv-350x578-1-182x300.jpg 182w, https:\/\/programme.yiddish.paris\/wp-content\/uploads\/2024\/11\/Reyzen_minibilingue_couv-350x578-1-15x24.jpg 15w, https:\/\/programme.yiddish.paris\/wp-content\/uploads\/2024\/11\/Reyzen_minibilingue_couv-350x578-1-17x28.jpg 17w, https:\/\/programme.yiddish.paris\/wp-content\/uploads\/2024\/11\/Reyzen_minibilingue_couv-350x578-1-19x32.jpg 19w, https:\/\/programme.yiddish.paris\/wp-content\/uploads\/2024\/11\/Reyzen_minibilingue_couv-350x578-1.jpg 350w\" sizes=\"auto, (max-width: 182px) 100vw, 182px\" \/>Tout ce que vous avez toujours voulu savoir sur la relation entre un auteur et une traductrice, racont\u00e9 par elle-m\u00eame : la rencontre, les d\u00e9couvertes et les affinit\u00e9s, les frictions, les r\u00e9conciliations\u2026<\/p>\n<p class=\"p1\">L\u2019occasion, aussi, de d\u00e9couvrir ou red\u00e9couvrir l\u2019un des auteurs yiddish les plus populaires.<\/p>\n<p class=\"p1\"><strong>Nadia D\u00e9han-Rotschild<\/strong> a traduit, entre autres, le recueil de nouvelles <i>L\u2019Homme qui causa la chute du Temple, <\/i>d\u2019Avrom Reyzen (collection yiddish.minibilingues, \u00e9ditions Biblioth\u00e8que Medem, 2018).<\/p>\n<p>La rencontre se d\u00e9roule en fran\u00e7ais, en pr\u00e9sentiel.<\/p>\n<p><em>Tarif : 12 \u20ac. Adh\u00e9rents : 7 \u20ac*.<br \/>\n<a href=\"https:\/\/www.helloasso.com\/associations\/maison-de-la-culture-yiddish-bibliotheque-medem\/adhesions\/adhesion-en-ligne-a-la-maison-de-la-culture-yiddish-2021-2022\">*<\/a><a href=\"https:\/\/www.helloasso.com\/associations\/maison-de-la-culture-yiddish-bibliotheque-medem\/adhesions\/adhesion-en-ligne-a-la-maison-de-la-culture-yiddish-09-2024-08-2025\">Adh\u00e9rez \u00e0 la Maison de la culture yiddish pour la saison 2024-2025<\/a>\u00a0et d\u00e9couvrez\u00a0<strong>le code promotionnel<\/strong>\u00a0qui vous donnera acc\u00e8s au\u00a0<strong>tarif r\u00e9duit<\/strong>\u00a0sur vos r\u00e9servations.<\/em><\/p>\n<p><a href=\"https:\/\/www.helloasso.com\/associations\/maison-de-la-culture-yiddish-bibliotheque-medem\/evenements\/2025-01\"><strong><span style=\"color: #ff0000;\">Cliquez ici<\/span><\/strong><\/a>\u00a0pour r\u00e9server (r\u00e9servation obligatoire).<\/p>\n<p><strong>Attention : au moment du r\u00e8glement, la plateforme Helloasso vous proposera d\u2019ajouter une contribution \u00e0 son fonctionnement. Celle-ci est optionnelle, et vous pouvez changer son montant ou bien l\u2019annuler en appuyant sur le bouton \u00ab Modifier \u00bb.<\/strong><\/p>\n<p><img loading=\"lazy\" decoding=\"async\" class=\"alignright wp-image-3209 size-thumbnail\" src=\"https:\/\/programme.yiddish.paris\/wp-content\/uploads\/2022\/02\/Logo-FMS-150x150.jpg\" sizes=\"auto, (max-width: 150px) 100vw, 150px\" srcset=\"https:\/\/programme.yiddish.paris\/wp-content\/uploads\/2022\/02\/Logo-FMS-150x150.jpg 150w, https:\/\/programme.yiddish.paris\/wp-content\/uploads\/2022\/02\/Logo-FMS-300x300.jpg 300w, https:\/\/programme.yiddish.paris\/wp-content\/uploads\/2022\/02\/Logo-FMS-100x100.jpg 100w, https:\/\/programme.yiddish.paris\/wp-content\/uploads\/2022\/02\/Logo-FMS-24x24.jpg 24w, https:\/\/programme.yiddish.paris\/wp-content\/uploads\/2022\/02\/Logo-FMS-28x28.jpg 28w, https:\/\/programme.yiddish.paris\/wp-content\/uploads\/2022\/02\/Logo-FMS-32x32.jpg 32w, https:\/\/programme.yiddish.paris\/wp-content\/uploads\/2022\/02\/Logo-FMS.jpg 567w\" alt=\"\" width=\"150\" height=\"150\" \/>La saison \u00ab La famille Reyzen \u00bb est soutenue par la Fondation pour la m\u00e9moire de la Shoah.<\/p>\n<p>&nbsp;<\/p>\n<h2 class=\"has-text-align-right\" style=\"text-align: right;\"><\/h2>\n","protected":false},"excerpt":{"rendered":"<p>Jeudi 16 janvier 2025, 19h30-21h Entre Avrom Reyzen (1876-1953), po\u00e8te et \u00e9crivain du quotidien, de la rupture entre ancien et nouveau monde dans un subtil m\u00e9lange d\u2019humour et d\u2019\u00e9motion, et &hellip; <\/p>\n<p class=\"link-more\"><a href=\"https:\/\/programme.yiddish.paris\/?tribe_events=avrom-reyzen-et-moi-en-francais-en-presentiel\" class=\"more-link\">Continuer la lecture<span class=\"screen-reader-text\"> de &laquo;&nbsp;Avrom Reyzen et moi (en fran\u00e7ais, en pr\u00e9sentiel)&nbsp;&raquo;<\/span><\/a><\/p>\n","protected":false},"author":2,"featured_media":5637,"template":"","meta":{"_monsterinsights_skip_tracking":false,"_monsterinsights_sitenote_active":false,"_monsterinsights_sitenote_note":"","_monsterinsights_sitenote_category":0,"_tribe_events_status":"","_tribe_events_status_reason":"","footnotes":""},"tags":[],"tribe_events_cat":[46],"class_list":["post-5636","tribe_events","type-tribe_events","status-publish","has-post-thumbnail","hentry","tribe_events_cat-rencontre-litteraire","cat_rencontre-litteraire"],"yoast_head":"<!-- This site is optimized with the Yoast SEO plugin v27.5 - https:\/\/yoast.com\/product\/yoast-seo-wordpress\/ -->\n<title>Avrom Reyzen et moi (en fran\u00e7ais, en pr\u00e9sentiel) - programme.yiddish.paris<\/title>\n<meta name=\"robots\" content=\"index, follow, max-snippet:-1, max-image-preview:large, max-video-preview:-1\" \/>\n<link rel=\"canonical\" href=\"https:\/\/programme.yiddish.paris\/?tribe_events=avrom-reyzen-et-moi-en-francais-en-presentiel\" \/>\n<meta property=\"og:locale\" content=\"fr_FR\" \/>\n<meta property=\"og:type\" content=\"article\" \/>\n<meta property=\"og:title\" content=\"Avrom Reyzen et moi (en fran\u00e7ais, en pr\u00e9sentiel) - programme.yiddish.paris\" \/>\n<meta property=\"og:description\" content=\"Jeudi 16 janvier 2025, 19h30-21h Entre Avrom Reyzen (1876-1953), po\u00e8te et \u00e9crivain du quotidien, de la rupture entre ancien et nouveau monde dans un subtil m\u00e9lange d\u2019humour et d\u2019\u00e9motion, et &hellip; Continuer la lecture de &laquo;&nbsp;Avrom Reyzen et moi (en fran\u00e7ais, en pr\u00e9sentiel)&nbsp;&raquo;\" \/>\n<meta property=\"og:url\" content=\"https:\/\/programme.yiddish.paris\/?tribe_events=avrom-reyzen-et-moi-en-francais-en-presentiel\" \/>\n<meta property=\"og:site_name\" content=\"programme.yiddish.paris\" \/>\n<meta property=\"article:modified_time\" content=\"2025-01-11T10:06:48+00:00\" \/>\n<meta property=\"og:image\" content=\"https:\/\/programme.yiddish.paris\/wp-content\/uploads\/2024\/11\/Nadia-un-Avrom.jpg\" \/>\n\t<meta property=\"og:image:width\" content=\"1693\" \/>\n\t<meta property=\"og:image:height\" content=\"1154\" \/>\n\t<meta property=\"og:image:type\" content=\"image\/jpeg\" \/>\n<meta name=\"twitter:card\" content=\"summary_large_image\" \/>\n<meta name=\"twitter:label1\" content=\"Dur\u00e9e de lecture estim\u00e9e\" \/>\n\t<meta name=\"twitter:data1\" content=\"2 minutes\" \/>\n<script type=\"application\/ld+json\" class=\"yoast-schema-graph\">{\"@context\":\"https:\\\/\\\/schema.org\",\"@graph\":[{\"@type\":\"WebPage\",\"@id\":\"https:\\\/\\\/programme.yiddish.paris\\\/?tribe_events=avrom-reyzen-et-moi-en-francais-en-presentiel\",\"url\":\"https:\\\/\\\/programme.yiddish.paris\\\/?tribe_events=avrom-reyzen-et-moi-en-francais-en-presentiel\",\"name\":\"Avrom Reyzen et moi (en fran\u00e7ais, en pr\u00e9sentiel) - programme.yiddish.paris\",\"isPartOf\":{\"@id\":\"https:\\\/\\\/programme.yiddish.paris\\\/#website\"},\"primaryImageOfPage\":{\"@id\":\"https:\\\/\\\/programme.yiddish.paris\\\/?tribe_events=avrom-reyzen-et-moi-en-francais-en-presentiel#primaryimage\"},\"image\":{\"@id\":\"https:\\\/\\\/programme.yiddish.paris\\\/?tribe_events=avrom-reyzen-et-moi-en-francais-en-presentiel#primaryimage\"},\"thumbnailUrl\":\"https:\\\/\\\/programme.yiddish.paris\\\/wp-content\\\/uploads\\\/2024\\\/11\\\/Nadia-un-Avrom.jpg\",\"datePublished\":\"2024-11-05T06:44:21+00:00\",\"dateModified\":\"2025-01-11T10:06:48+00:00\",\"breadcrumb\":{\"@id\":\"https:\\\/\\\/programme.yiddish.paris\\\/?tribe_events=avrom-reyzen-et-moi-en-francais-en-presentiel#breadcrumb\"},\"inLanguage\":\"fr-FR\",\"potentialAction\":[{\"@type\":\"ReadAction\",\"target\":[\"https:\\\/\\\/programme.yiddish.paris\\\/?tribe_events=avrom-reyzen-et-moi-en-francais-en-presentiel\"]}]},{\"@type\":\"ImageObject\",\"inLanguage\":\"fr-FR\",\"@id\":\"https:\\\/\\\/programme.yiddish.paris\\\/?tribe_events=avrom-reyzen-et-moi-en-francais-en-presentiel#primaryimage\",\"url\":\"https:\\\/\\\/programme.yiddish.paris\\\/wp-content\\\/uploads\\\/2024\\\/11\\\/Nadia-un-Avrom.jpg\",\"contentUrl\":\"https:\\\/\\\/programme.yiddish.paris\\\/wp-content\\\/uploads\\\/2024\\\/11\\\/Nadia-un-Avrom.jpg\",\"width\":1693,\"height\":1154},{\"@type\":\"BreadcrumbList\",\"@id\":\"https:\\\/\\\/programme.yiddish.paris\\\/?tribe_events=avrom-reyzen-et-moi-en-francais-en-presentiel#breadcrumb\",\"itemListElement\":[{\"@type\":\"ListItem\",\"position\":1,\"name\":\"Home\",\"item\":\"https:\\\/\\\/programme.yiddish.paris\\\/\"},{\"@type\":\"ListItem\",\"position\":2,\"name\":\"\u00c9v\u00e8nements\",\"item\":\"https:\\\/\\\/programme.yiddish.paris\\\/?post_type=tribe_events\"},{\"@type\":\"ListItem\",\"position\":3,\"name\":\"Avrom Reyzen et moi (en fran\u00e7ais, en pr\u00e9sentiel)\"}]},{\"@type\":\"WebSite\",\"@id\":\"https:\\\/\\\/programme.yiddish.paris\\\/#website\",\"url\":\"https:\\\/\\\/programme.yiddish.paris\\\/\",\"name\":\"programme.yiddish.paris\",\"description\":\"La programmation culturelle de la Maison de la culture yiddish \u2013\u00a0Biblioth\u00e8que Medem\",\"publisher\":{\"@id\":\"https:\\\/\\\/programme.yiddish.paris\\\/#organization\"},\"potentialAction\":[{\"@type\":\"SearchAction\",\"target\":{\"@type\":\"EntryPoint\",\"urlTemplate\":\"https:\\\/\\\/programme.yiddish.paris\\\/?s={search_term_string}\"},\"query-input\":{\"@type\":\"PropertyValueSpecification\",\"valueRequired\":true,\"valueName\":\"search_term_string\"}}],\"inLanguage\":\"fr-FR\"},{\"@type\":\"Organization\",\"@id\":\"https:\\\/\\\/programme.yiddish.paris\\\/#organization\",\"name\":\"programme.yiddish.paris\",\"url\":\"https:\\\/\\\/programme.yiddish.paris\\\/\",\"logo\":{\"@type\":\"ImageObject\",\"inLanguage\":\"fr-FR\",\"@id\":\"https:\\\/\\\/programme.yiddish.paris\\\/#\\\/schema\\\/logo\\\/image\\\/\",\"url\":\"https:\\\/\\\/programme.yiddish.paris\\\/wp-content\\\/uploads\\\/2020\\\/07\\\/cropped-mcy_yud-1.png\",\"contentUrl\":\"https:\\\/\\\/programme.yiddish.paris\\\/wp-content\\\/uploads\\\/2020\\\/07\\\/cropped-mcy_yud-1.png\",\"width\":250,\"height\":250,\"caption\":\"programme.yiddish.paris\"},\"image\":{\"@id\":\"https:\\\/\\\/programme.yiddish.paris\\\/#\\\/schema\\\/logo\\\/image\\\/\"}}]}<\/script>\n<!-- \/ Yoast SEO plugin. -->","yoast_head_json":{"title":"Avrom Reyzen et moi (en fran\u00e7ais, en pr\u00e9sentiel) - programme.yiddish.paris","robots":{"index":"index","follow":"follow","max-snippet":"max-snippet:-1","max-image-preview":"max-image-preview:large","max-video-preview":"max-video-preview:-1"},"canonical":"https:\/\/programme.yiddish.paris\/?tribe_events=avrom-reyzen-et-moi-en-francais-en-presentiel","og_locale":"fr_FR","og_type":"article","og_title":"Avrom Reyzen et moi (en fran\u00e7ais, en pr\u00e9sentiel) - programme.yiddish.paris","og_description":"Jeudi 16 janvier 2025, 19h30-21h Entre Avrom Reyzen (1876-1953), po\u00e8te et \u00e9crivain du quotidien, de la rupture entre ancien et nouveau monde dans un subtil m\u00e9lange d\u2019humour et d\u2019\u00e9motion, et &hellip; Continuer la lecture de &laquo;&nbsp;Avrom Reyzen et moi (en fran\u00e7ais, en pr\u00e9sentiel)&nbsp;&raquo;","og_url":"https:\/\/programme.yiddish.paris\/?tribe_events=avrom-reyzen-et-moi-en-francais-en-presentiel","og_site_name":"programme.yiddish.paris","article_modified_time":"2025-01-11T10:06:48+00:00","og_image":[{"width":1693,"height":1154,"url":"https:\/\/programme.yiddish.paris\/wp-content\/uploads\/2024\/11\/Nadia-un-Avrom.jpg","type":"image\/jpeg"}],"twitter_card":"summary_large_image","twitter_misc":{"Dur\u00e9e de lecture estim\u00e9e":"2 minutes"},"schema":{"@context":"https:\/\/schema.org","@graph":[{"@type":"WebPage","@id":"https:\/\/programme.yiddish.paris\/?tribe_events=avrom-reyzen-et-moi-en-francais-en-presentiel","url":"https:\/\/programme.yiddish.paris\/?tribe_events=avrom-reyzen-et-moi-en-francais-en-presentiel","name":"Avrom Reyzen et moi (en fran\u00e7ais, en pr\u00e9sentiel) - programme.yiddish.paris","isPartOf":{"@id":"https:\/\/programme.yiddish.paris\/#website"},"primaryImageOfPage":{"@id":"https:\/\/programme.yiddish.paris\/?tribe_events=avrom-reyzen-et-moi-en-francais-en-presentiel#primaryimage"},"image":{"@id":"https:\/\/programme.yiddish.paris\/?tribe_events=avrom-reyzen-et-moi-en-francais-en-presentiel#primaryimage"},"thumbnailUrl":"https:\/\/programme.yiddish.paris\/wp-content\/uploads\/2024\/11\/Nadia-un-Avrom.jpg","datePublished":"2024-11-05T06:44:21+00:00","dateModified":"2025-01-11T10:06:48+00:00","breadcrumb":{"@id":"https:\/\/programme.yiddish.paris\/?tribe_events=avrom-reyzen-et-moi-en-francais-en-presentiel#breadcrumb"},"inLanguage":"fr-FR","potentialAction":[{"@type":"ReadAction","target":["https:\/\/programme.yiddish.paris\/?tribe_events=avrom-reyzen-et-moi-en-francais-en-presentiel"]}]},{"@type":"ImageObject","inLanguage":"fr-FR","@id":"https:\/\/programme.yiddish.paris\/?tribe_events=avrom-reyzen-et-moi-en-francais-en-presentiel#primaryimage","url":"https:\/\/programme.yiddish.paris\/wp-content\/uploads\/2024\/11\/Nadia-un-Avrom.jpg","contentUrl":"https:\/\/programme.yiddish.paris\/wp-content\/uploads\/2024\/11\/Nadia-un-Avrom.jpg","width":1693,"height":1154},{"@type":"BreadcrumbList","@id":"https:\/\/programme.yiddish.paris\/?tribe_events=avrom-reyzen-et-moi-en-francais-en-presentiel#breadcrumb","itemListElement":[{"@type":"ListItem","position":1,"name":"Home","item":"https:\/\/programme.yiddish.paris\/"},{"@type":"ListItem","position":2,"name":"\u00c9v\u00e8nements","item":"https:\/\/programme.yiddish.paris\/?post_type=tribe_events"},{"@type":"ListItem","position":3,"name":"Avrom Reyzen et moi (en fran\u00e7ais, en pr\u00e9sentiel)"}]},{"@type":"WebSite","@id":"https:\/\/programme.yiddish.paris\/#website","url":"https:\/\/programme.yiddish.paris\/","name":"programme.yiddish.paris","description":"La programmation culturelle de la Maison de la culture yiddish \u2013\u00a0Biblioth\u00e8que Medem","publisher":{"@id":"https:\/\/programme.yiddish.paris\/#organization"},"potentialAction":[{"@type":"SearchAction","target":{"@type":"EntryPoint","urlTemplate":"https:\/\/programme.yiddish.paris\/?s={search_term_string}"},"query-input":{"@type":"PropertyValueSpecification","valueRequired":true,"valueName":"search_term_string"}}],"inLanguage":"fr-FR"},{"@type":"Organization","@id":"https:\/\/programme.yiddish.paris\/#organization","name":"programme.yiddish.paris","url":"https:\/\/programme.yiddish.paris\/","logo":{"@type":"ImageObject","inLanguage":"fr-FR","@id":"https:\/\/programme.yiddish.paris\/#\/schema\/logo\/image\/","url":"https:\/\/programme.yiddish.paris\/wp-content\/uploads\/2020\/07\/cropped-mcy_yud-1.png","contentUrl":"https:\/\/programme.yiddish.paris\/wp-content\/uploads\/2020\/07\/cropped-mcy_yud-1.png","width":250,"height":250,"caption":"programme.yiddish.paris"},"image":{"@id":"https:\/\/programme.yiddish.paris\/#\/schema\/logo\/image\/"}}]}},"_links":{"self":[{"href":"https:\/\/programme.yiddish.paris\/index.php?rest_route=\/wp\/v2\/tribe_events\/5636","targetHints":{"allow":["GET"]}}],"collection":[{"href":"https:\/\/programme.yiddish.paris\/index.php?rest_route=\/wp\/v2\/tribe_events"}],"about":[{"href":"https:\/\/programme.yiddish.paris\/index.php?rest_route=\/wp\/v2\/types\/tribe_events"}],"author":[{"embeddable":true,"href":"https:\/\/programme.yiddish.paris\/index.php?rest_route=\/wp\/v2\/users\/2"}],"version-history":[{"count":4,"href":"https:\/\/programme.yiddish.paris\/index.php?rest_route=\/wp\/v2\/tribe_events\/5636\/revisions"}],"predecessor-version":[{"id":5880,"href":"https:\/\/programme.yiddish.paris\/index.php?rest_route=\/wp\/v2\/tribe_events\/5636\/revisions\/5880"}],"wp:featuredmedia":[{"embeddable":true,"href":"https:\/\/programme.yiddish.paris\/index.php?rest_route=\/wp\/v2\/media\/5637"}],"wp:attachment":[{"href":"https:\/\/programme.yiddish.paris\/index.php?rest_route=%2Fwp%2Fv2%2Fmedia&parent=5636"}],"wp:term":[{"taxonomy":"post_tag","embeddable":true,"href":"https:\/\/programme.yiddish.paris\/index.php?rest_route=%2Fwp%2Fv2%2Ftags&post=5636"},{"taxonomy":"tribe_events_cat","embeddable":true,"href":"https:\/\/programme.yiddish.paris\/index.php?rest_route=%2Fwp%2Fv2%2Ftribe_events_cat&post=5636"}],"curies":[{"name":"wp","href":"https:\/\/api.w.org\/{rel}","templated":true}]}}