{"id":5648,"date":"2024-11-05T08:10:39","date_gmt":"2024-11-05T07:10:39","guid":{"rendered":"https:\/\/programme.yiddish.paris\/?post_type=tribe_events&#038;p=5648"},"modified":"2024-11-27T10:33:44","modified_gmt":"2024-11-27T09:33:44","slug":"karl-marx-et-la-question-juive-ce-que-lon-sait-moins-en-francais-en-presentiel","status":"publish","type":"tribe_events","link":"https:\/\/programme.yiddish.paris\/?tribe_events=karl-marx-et-la-question-juive-ce-que-lon-sait-moins-en-francais-en-presentiel","title":{"rendered":"Karl Marx et la question juive \u2013 ce que l\u2019on sait moins (en fran\u00e7ais, en pr\u00e9sentiel)"},"content":{"rendered":"<p class=\"p1\"><span style=\"color: #ff0000;\"><strong>Jeudi 6 f\u00e9vrier 2025, 19h30-21h00<\/strong><\/span><\/p>\n<h3 class=\"p1\">Conf\u00e9rence de <strong>Philippe Boukara<\/strong><\/h3>\n<p class=\"p1\">Philippe Boukara explorera dans la biographie de Marx et de son entourage certains \u00e9l\u00e9ments souvent surprenants qui m\u00e9ritent d&rsquo;\u00eatre pris en compte lorsque l&rsquo;on \u00e9voque la relation entre \u00ab\u00a0le marxisme\u00a0\u00bb, les marxistes, les Juifs et le juda\u00efsme.<\/p>\n<p class=\"p1\">Historien, Philippe Boukara est sp\u00e9cialiste d&rsquo;histoire juive contemporaine.<\/p>\n<p>La rencontre se d\u00e9roule en fran\u00e7ais, en pr\u00e9sentiel.<\/p>\n<p><em>Tarif : 12 \u20ac. Adh\u00e9rents : 7 \u20ac*.<br \/>\n<a href=\"https:\/\/www.helloasso.com\/associations\/maison-de-la-culture-yiddish-bibliotheque-medem\/adhesions\/adhesion-en-ligne-a-la-maison-de-la-culture-yiddish-2021-2022\">*<\/a><a href=\"https:\/\/www.helloasso.com\/associations\/maison-de-la-culture-yiddish-bibliotheque-medem\/adhesions\/adhesion-en-ligne-a-la-maison-de-la-culture-yiddish-09-2024-08-2025\">Adh\u00e9rez \u00e0 la Maison de la culture yiddish pour la saison 2024-2025<\/a>\u00a0et d\u00e9couvrez\u00a0<strong>le code promotionnel<\/strong>\u00a0qui vous donnera acc\u00e8s au\u00a0<strong>tarif r\u00e9duit<\/strong>\u00a0sur vos r\u00e9servations.<\/em><\/p>\n<p><span style=\"color: #ff0000;\"><a style=\"color: #ff0000;\" href=\"https:\/\/www.helloasso.com\/associations\/maison-de-la-culture-yiddish-bibliotheque-medem\/evenements\/2025-02\"><strong>Cliquez ici<\/strong><\/a><\/span>\u00a0pour r\u00e9server (r\u00e9servation obligatoire).<\/p>\n<p><strong>Attention : au moment du r\u00e8glement, la plateforme Helloasso vous proposera d\u2019ajouter une contribution \u00e0 son fonctionnement. Celle-ci est optionnelle, et vous pouvez changer son montant ou bien l\u2019annuler en appuyant sur le bouton \u00ab Modifier \u00bb.<\/strong><\/p>\n","protected":false},"excerpt":{"rendered":"<p>Jeudi 6 f\u00e9vrier 2025, 19h30-21h00 Conf\u00e9rence de Philippe Boukara Philippe Boukara explorera dans la biographie de Marx et de son entourage certains \u00e9l\u00e9ments souvent surprenants qui m\u00e9ritent d&rsquo;\u00eatre pris en &hellip; <\/p>\n<p class=\"link-more\"><a href=\"https:\/\/programme.yiddish.paris\/?tribe_events=karl-marx-et-la-question-juive-ce-que-lon-sait-moins-en-francais-en-presentiel\" class=\"more-link\">Continuer la lecture<span class=\"screen-reader-text\"> de &laquo;&nbsp;Karl Marx et la question juive \u2013 ce que l\u2019on sait moins (en fran\u00e7ais, en pr\u00e9sentiel)&nbsp;&raquo;<\/span><\/a><\/p>\n","protected":false},"author":2,"featured_media":5649,"template":"","meta":{"_monsterinsights_skip_tracking":false,"_monsterinsights_sitenote_active":false,"_monsterinsights_sitenote_note":"","_monsterinsights_sitenote_category":0,"_tribe_events_status":"","_tribe_events_status_reason":"","footnotes":""},"tags":[],"tribe_events_cat":[53,55],"class_list":["post-5648","tribe_events","type-tribe_events","status-publish","has-post-thumbnail","hentry","tribe_events_cat-conference","tribe_events_cat-francais","cat_conference","cat_francais"],"yoast_head":"<!-- This site is optimized with the Yoast SEO plugin v27.5 - https:\/\/yoast.com\/product\/yoast-seo-wordpress\/ -->\n<title>Karl Marx et la question juive \u2013 ce que l\u2019on sait moins (en fran\u00e7ais, en pr\u00e9sentiel) - programme.yiddish.paris<\/title>\n<meta name=\"robots\" content=\"index, follow, max-snippet:-1, max-image-preview:large, max-video-preview:-1\" \/>\n<link rel=\"canonical\" href=\"https:\/\/programme.yiddish.paris\/?tribe_events=karl-marx-et-la-question-juive-ce-que-lon-sait-moins-en-francais-en-presentiel\" \/>\n<meta property=\"og:locale\" content=\"fr_FR\" \/>\n<meta property=\"og:type\" content=\"article\" \/>\n<meta property=\"og:title\" content=\"Karl Marx et la question juive \u2013 ce que l\u2019on sait moins (en fran\u00e7ais, en pr\u00e9sentiel) - programme.yiddish.paris\" \/>\n<meta property=\"og:description\" content=\"Jeudi 6 f\u00e9vrier 2025, 19h30-21h00 Conf\u00e9rence de Philippe Boukara Philippe Boukara explorera dans la biographie de Marx et de son entourage certains \u00e9l\u00e9ments souvent surprenants qui m\u00e9ritent d&rsquo;\u00eatre pris en &hellip; Continuer la lecture de &laquo;&nbsp;Karl Marx et la question juive \u2013 ce que l\u2019on sait moins (en fran\u00e7ais, en pr\u00e9sentiel)&nbsp;&raquo;\" \/>\n<meta property=\"og:url\" content=\"https:\/\/programme.yiddish.paris\/?tribe_events=karl-marx-et-la-question-juive-ce-que-lon-sait-moins-en-francais-en-presentiel\" \/>\n<meta property=\"og:site_name\" content=\"programme.yiddish.paris\" \/>\n<meta property=\"article:modified_time\" content=\"2024-11-27T09:33:44+00:00\" \/>\n<meta property=\"og:image\" content=\"https:\/\/programme.yiddish.paris\/wp-content\/uploads\/2024\/11\/Karl_Marx.jpg\" \/>\n\t<meta property=\"og:image:width\" content=\"1200\" \/>\n\t<meta property=\"og:image:height\" content=\"1721\" \/>\n\t<meta property=\"og:image:type\" content=\"image\/jpeg\" \/>\n<meta name=\"twitter:card\" content=\"summary_large_image\" \/>\n<meta name=\"twitter:label1\" content=\"Dur\u00e9e de lecture estim\u00e9e\" \/>\n\t<meta name=\"twitter:data1\" content=\"1 minute\" \/>\n<script type=\"application\/ld+json\" class=\"yoast-schema-graph\">{\"@context\":\"https:\\\/\\\/schema.org\",\"@graph\":[{\"@type\":\"WebPage\",\"@id\":\"https:\\\/\\\/programme.yiddish.paris\\\/?tribe_events=karl-marx-et-la-question-juive-ce-que-lon-sait-moins-en-francais-en-presentiel\",\"url\":\"https:\\\/\\\/programme.yiddish.paris\\\/?tribe_events=karl-marx-et-la-question-juive-ce-que-lon-sait-moins-en-francais-en-presentiel\",\"name\":\"Karl Marx et la question juive \u2013 ce que l\u2019on sait moins (en fran\u00e7ais, en pr\u00e9sentiel) - programme.yiddish.paris\",\"isPartOf\":{\"@id\":\"https:\\\/\\\/programme.yiddish.paris\\\/#website\"},\"primaryImageOfPage\":{\"@id\":\"https:\\\/\\\/programme.yiddish.paris\\\/?tribe_events=karl-marx-et-la-question-juive-ce-que-lon-sait-moins-en-francais-en-presentiel#primaryimage\"},\"image\":{\"@id\":\"https:\\\/\\\/programme.yiddish.paris\\\/?tribe_events=karl-marx-et-la-question-juive-ce-que-lon-sait-moins-en-francais-en-presentiel#primaryimage\"},\"thumbnailUrl\":\"https:\\\/\\\/programme.yiddish.paris\\\/wp-content\\\/uploads\\\/2024\\\/11\\\/Karl_Marx.jpg\",\"datePublished\":\"2024-11-05T07:10:39+00:00\",\"dateModified\":\"2024-11-27T09:33:44+00:00\",\"breadcrumb\":{\"@id\":\"https:\\\/\\\/programme.yiddish.paris\\\/?tribe_events=karl-marx-et-la-question-juive-ce-que-lon-sait-moins-en-francais-en-presentiel#breadcrumb\"},\"inLanguage\":\"fr-FR\",\"potentialAction\":[{\"@type\":\"ReadAction\",\"target\":[\"https:\\\/\\\/programme.yiddish.paris\\\/?tribe_events=karl-marx-et-la-question-juive-ce-que-lon-sait-moins-en-francais-en-presentiel\"]}]},{\"@type\":\"ImageObject\",\"inLanguage\":\"fr-FR\",\"@id\":\"https:\\\/\\\/programme.yiddish.paris\\\/?tribe_events=karl-marx-et-la-question-juive-ce-que-lon-sait-moins-en-francais-en-presentiel#primaryimage\",\"url\":\"https:\\\/\\\/programme.yiddish.paris\\\/wp-content\\\/uploads\\\/2024\\\/11\\\/Karl_Marx.jpg\",\"contentUrl\":\"https:\\\/\\\/programme.yiddish.paris\\\/wp-content\\\/uploads\\\/2024\\\/11\\\/Karl_Marx.jpg\",\"width\":1200,\"height\":1721,\"caption\":\"UNSPECIFIED - CIRCA 1865: Karl Marx (1818-1883), philosopher and German politician. (Photo by Roger Viollet Collection\\\/Getty Images)\"},{\"@type\":\"BreadcrumbList\",\"@id\":\"https:\\\/\\\/programme.yiddish.paris\\\/?tribe_events=karl-marx-et-la-question-juive-ce-que-lon-sait-moins-en-francais-en-presentiel#breadcrumb\",\"itemListElement\":[{\"@type\":\"ListItem\",\"position\":1,\"name\":\"Home\",\"item\":\"https:\\\/\\\/programme.yiddish.paris\\\/\"},{\"@type\":\"ListItem\",\"position\":2,\"name\":\"\u00c9v\u00e8nements\",\"item\":\"https:\\\/\\\/programme.yiddish.paris\\\/?post_type=tribe_events\"},{\"@type\":\"ListItem\",\"position\":3,\"name\":\"Karl Marx et la question juive \u2013 ce que l\u2019on sait moins (en fran\u00e7ais, en pr\u00e9sentiel)\"}]},{\"@type\":\"WebSite\",\"@id\":\"https:\\\/\\\/programme.yiddish.paris\\\/#website\",\"url\":\"https:\\\/\\\/programme.yiddish.paris\\\/\",\"name\":\"programme.yiddish.paris\",\"description\":\"La programmation culturelle de la Maison de la culture yiddish \u2013\u00a0Biblioth\u00e8que Medem\",\"publisher\":{\"@id\":\"https:\\\/\\\/programme.yiddish.paris\\\/#organization\"},\"potentialAction\":[{\"@type\":\"SearchAction\",\"target\":{\"@type\":\"EntryPoint\",\"urlTemplate\":\"https:\\\/\\\/programme.yiddish.paris\\\/?s={search_term_string}\"},\"query-input\":{\"@type\":\"PropertyValueSpecification\",\"valueRequired\":true,\"valueName\":\"search_term_string\"}}],\"inLanguage\":\"fr-FR\"},{\"@type\":\"Organization\",\"@id\":\"https:\\\/\\\/programme.yiddish.paris\\\/#organization\",\"name\":\"programme.yiddish.paris\",\"url\":\"https:\\\/\\\/programme.yiddish.paris\\\/\",\"logo\":{\"@type\":\"ImageObject\",\"inLanguage\":\"fr-FR\",\"@id\":\"https:\\\/\\\/programme.yiddish.paris\\\/#\\\/schema\\\/logo\\\/image\\\/\",\"url\":\"https:\\\/\\\/programme.yiddish.paris\\\/wp-content\\\/uploads\\\/2020\\\/07\\\/cropped-mcy_yud-1.png\",\"contentUrl\":\"https:\\\/\\\/programme.yiddish.paris\\\/wp-content\\\/uploads\\\/2020\\\/07\\\/cropped-mcy_yud-1.png\",\"width\":250,\"height\":250,\"caption\":\"programme.yiddish.paris\"},\"image\":{\"@id\":\"https:\\\/\\\/programme.yiddish.paris\\\/#\\\/schema\\\/logo\\\/image\\\/\"}}]}<\/script>\n<!-- \/ Yoast SEO plugin. -->","yoast_head_json":{"title":"Karl Marx et la question juive \u2013 ce que l\u2019on sait moins (en fran\u00e7ais, en pr\u00e9sentiel) - programme.yiddish.paris","robots":{"index":"index","follow":"follow","max-snippet":"max-snippet:-1","max-image-preview":"max-image-preview:large","max-video-preview":"max-video-preview:-1"},"canonical":"https:\/\/programme.yiddish.paris\/?tribe_events=karl-marx-et-la-question-juive-ce-que-lon-sait-moins-en-francais-en-presentiel","og_locale":"fr_FR","og_type":"article","og_title":"Karl Marx et la question juive \u2013 ce que l\u2019on sait moins (en fran\u00e7ais, en pr\u00e9sentiel) - programme.yiddish.paris","og_description":"Jeudi 6 f\u00e9vrier 2025, 19h30-21h00 Conf\u00e9rence de Philippe Boukara Philippe Boukara explorera dans la biographie de Marx et de son entourage certains \u00e9l\u00e9ments souvent surprenants qui m\u00e9ritent d&rsquo;\u00eatre pris en &hellip; Continuer la lecture de &laquo;&nbsp;Karl Marx et la question juive \u2013 ce que l\u2019on sait moins (en fran\u00e7ais, en pr\u00e9sentiel)&nbsp;&raquo;","og_url":"https:\/\/programme.yiddish.paris\/?tribe_events=karl-marx-et-la-question-juive-ce-que-lon-sait-moins-en-francais-en-presentiel","og_site_name":"programme.yiddish.paris","article_modified_time":"2024-11-27T09:33:44+00:00","og_image":[{"width":1200,"height":1721,"url":"https:\/\/programme.yiddish.paris\/wp-content\/uploads\/2024\/11\/Karl_Marx.jpg","type":"image\/jpeg"}],"twitter_card":"summary_large_image","twitter_misc":{"Dur\u00e9e de lecture estim\u00e9e":"1 minute"},"schema":{"@context":"https:\/\/schema.org","@graph":[{"@type":"WebPage","@id":"https:\/\/programme.yiddish.paris\/?tribe_events=karl-marx-et-la-question-juive-ce-que-lon-sait-moins-en-francais-en-presentiel","url":"https:\/\/programme.yiddish.paris\/?tribe_events=karl-marx-et-la-question-juive-ce-que-lon-sait-moins-en-francais-en-presentiel","name":"Karl Marx et la question juive \u2013 ce que l\u2019on sait moins (en fran\u00e7ais, en pr\u00e9sentiel) - programme.yiddish.paris","isPartOf":{"@id":"https:\/\/programme.yiddish.paris\/#website"},"primaryImageOfPage":{"@id":"https:\/\/programme.yiddish.paris\/?tribe_events=karl-marx-et-la-question-juive-ce-que-lon-sait-moins-en-francais-en-presentiel#primaryimage"},"image":{"@id":"https:\/\/programme.yiddish.paris\/?tribe_events=karl-marx-et-la-question-juive-ce-que-lon-sait-moins-en-francais-en-presentiel#primaryimage"},"thumbnailUrl":"https:\/\/programme.yiddish.paris\/wp-content\/uploads\/2024\/11\/Karl_Marx.jpg","datePublished":"2024-11-05T07:10:39+00:00","dateModified":"2024-11-27T09:33:44+00:00","breadcrumb":{"@id":"https:\/\/programme.yiddish.paris\/?tribe_events=karl-marx-et-la-question-juive-ce-que-lon-sait-moins-en-francais-en-presentiel#breadcrumb"},"inLanguage":"fr-FR","potentialAction":[{"@type":"ReadAction","target":["https:\/\/programme.yiddish.paris\/?tribe_events=karl-marx-et-la-question-juive-ce-que-lon-sait-moins-en-francais-en-presentiel"]}]},{"@type":"ImageObject","inLanguage":"fr-FR","@id":"https:\/\/programme.yiddish.paris\/?tribe_events=karl-marx-et-la-question-juive-ce-que-lon-sait-moins-en-francais-en-presentiel#primaryimage","url":"https:\/\/programme.yiddish.paris\/wp-content\/uploads\/2024\/11\/Karl_Marx.jpg","contentUrl":"https:\/\/programme.yiddish.paris\/wp-content\/uploads\/2024\/11\/Karl_Marx.jpg","width":1200,"height":1721,"caption":"UNSPECIFIED - CIRCA 1865: Karl Marx (1818-1883), philosopher and German politician. (Photo by Roger Viollet Collection\/Getty Images)"},{"@type":"BreadcrumbList","@id":"https:\/\/programme.yiddish.paris\/?tribe_events=karl-marx-et-la-question-juive-ce-que-lon-sait-moins-en-francais-en-presentiel#breadcrumb","itemListElement":[{"@type":"ListItem","position":1,"name":"Home","item":"https:\/\/programme.yiddish.paris\/"},{"@type":"ListItem","position":2,"name":"\u00c9v\u00e8nements","item":"https:\/\/programme.yiddish.paris\/?post_type=tribe_events"},{"@type":"ListItem","position":3,"name":"Karl Marx et la question juive \u2013 ce que l\u2019on sait moins (en fran\u00e7ais, en pr\u00e9sentiel)"}]},{"@type":"WebSite","@id":"https:\/\/programme.yiddish.paris\/#website","url":"https:\/\/programme.yiddish.paris\/","name":"programme.yiddish.paris","description":"La programmation culturelle de la Maison de la culture yiddish \u2013\u00a0Biblioth\u00e8que Medem","publisher":{"@id":"https:\/\/programme.yiddish.paris\/#organization"},"potentialAction":[{"@type":"SearchAction","target":{"@type":"EntryPoint","urlTemplate":"https:\/\/programme.yiddish.paris\/?s={search_term_string}"},"query-input":{"@type":"PropertyValueSpecification","valueRequired":true,"valueName":"search_term_string"}}],"inLanguage":"fr-FR"},{"@type":"Organization","@id":"https:\/\/programme.yiddish.paris\/#organization","name":"programme.yiddish.paris","url":"https:\/\/programme.yiddish.paris\/","logo":{"@type":"ImageObject","inLanguage":"fr-FR","@id":"https:\/\/programme.yiddish.paris\/#\/schema\/logo\/image\/","url":"https:\/\/programme.yiddish.paris\/wp-content\/uploads\/2020\/07\/cropped-mcy_yud-1.png","contentUrl":"https:\/\/programme.yiddish.paris\/wp-content\/uploads\/2020\/07\/cropped-mcy_yud-1.png","width":250,"height":250,"caption":"programme.yiddish.paris"},"image":{"@id":"https:\/\/programme.yiddish.paris\/#\/schema\/logo\/image\/"}}]}},"_links":{"self":[{"href":"https:\/\/programme.yiddish.paris\/index.php?rest_route=\/wp\/v2\/tribe_events\/5648","targetHints":{"allow":["GET"]}}],"collection":[{"href":"https:\/\/programme.yiddish.paris\/index.php?rest_route=\/wp\/v2\/tribe_events"}],"about":[{"href":"https:\/\/programme.yiddish.paris\/index.php?rest_route=\/wp\/v2\/types\/tribe_events"}],"author":[{"embeddable":true,"href":"https:\/\/programme.yiddish.paris\/index.php?rest_route=\/wp\/v2\/users\/2"}],"version-history":[{"count":4,"href":"https:\/\/programme.yiddish.paris\/index.php?rest_route=\/wp\/v2\/tribe_events\/5648\/revisions"}],"predecessor-version":[{"id":5722,"href":"https:\/\/programme.yiddish.paris\/index.php?rest_route=\/wp\/v2\/tribe_events\/5648\/revisions\/5722"}],"wp:featuredmedia":[{"embeddable":true,"href":"https:\/\/programme.yiddish.paris\/index.php?rest_route=\/wp\/v2\/media\/5649"}],"wp:attachment":[{"href":"https:\/\/programme.yiddish.paris\/index.php?rest_route=%2Fwp%2Fv2%2Fmedia&parent=5648"}],"wp:term":[{"taxonomy":"post_tag","embeddable":true,"href":"https:\/\/programme.yiddish.paris\/index.php?rest_route=%2Fwp%2Fv2%2Ftags&post=5648"},{"taxonomy":"tribe_events_cat","embeddable":true,"href":"https:\/\/programme.yiddish.paris\/index.php?rest_route=%2Fwp%2Fv2%2Ftribe_events_cat&post=5648"}],"curies":[{"name":"wp","href":"https:\/\/api.w.org\/{rel}","templated":true}]}}