{"id":5655,"date":"2024-11-05T09:13:22","date_gmt":"2024-11-05T08:13:22","guid":{"rendered":"https:\/\/programme.yiddish.paris\/?post_type=tribe_events&#038;p=5655"},"modified":"2024-12-01T10:11:56","modified_gmt":"2024-12-01T09:11:56","slug":"en-guise-dheritage-des-bibliotheques-laisses-derriere-nos-parents-en-francais-en-presentiel","status":"publish","type":"tribe_events","link":"https:\/\/programme.yiddish.paris\/?tribe_events=en-guise-dheritage-des-bibliotheques-laisses-derriere-nos-parents-en-francais-en-presentiel","title":{"rendered":"En guise d\u2019h\u00e9ritage\u00a0: des biblioth\u00e8ques laiss\u00e9es derri\u00e8re nos parents (en fran\u00e7ais, en pr\u00e9sentiel)"},"content":{"rendered":"<p><strong>Jeudi 30 janvier 2025, 19h30-21h<\/strong><\/p>\n<h3 class=\"p1\">Conf\u00e9rence de <strong>Sylvie Anne Goldberg<\/strong>, directrice d\u2019\u00e9tudes, emerita, Ehess, Paris.<\/h3>\n<p class=\"p1\">Les livres en g\u00e9n\u00e9ral encombrent. Sont per\u00e7us parfois pour inutiles, \u00e9touffants. Ils prennent de la place, occupent l\u2019espace, amassent la poussi\u00e8re. \u00c0 moins d\u2019\u00eatre interpell\u00e9s, ouverts, d\u00e9pli\u00e9s, ils se taisent obstin\u00e9ment. Certains encombrent particuli\u00e8rement car on ne les a pas choisis tout comme on ne choisit ni sa famille ni ses parents. \u00c0 regarder leurs reliures et pages de titre, on voit bien qu\u2019ils pourraient servir de guide de la vie et des centres d\u2019int\u00e9r\u00eats des <i>Yids<\/i> du Paris de l\u2019apr\u00e8s-guerre et des ann\u00e9es suivantes qu\u2019ils inventorient. Pour peu qu\u2019on leur pr\u00eate attention voil\u00e0 qu\u2019ils se mettent \u00e0 raconter une \u00e9poque. Ils en t\u00e9moignent. Comme tout livre qui se respecte ils sont titr\u00e9s, \u00e9dit\u00e9s, dat\u00e9s, parfois d\u00e9dicac\u00e9s. Les titres indiquent ce dont ils parlent, les lieux et dates d\u2019\u00e9dition racontent leurs provenances et leurs situations dans le temps : publi\u00e9s \u00e0 Paris, New York, Buenos-Aires, Tel Aviv ou encore Moscou, ils indiquent la pr\u00e9sence des imprimeries et des presses en yiddish, nombreuses ou rares, qui signalent ainsi, par devers elles, la vivacit\u00e9 si ce n\u2019est l\u2019existence de communaut\u00e9s juives yiddishophones \u00e0 un moment ou un autre du 20<span class=\"s1\"><sup>e<\/sup><\/span> si\u00e8cle.<\/p>\n<p id=\"block-8699c27c-dfbe-4c0e-b97a-d81611c01625\">La conf\u00e9rence se d\u00e9roule en fran\u00e7ais, en pr\u00e9sentiel.<\/p>\n<p id=\"block-9f12ed79-6edc-4770-bd43-8fe9522387fe\"><em>Tarif : 12 \u20ac. Adh\u00e9rents : 7 \u20ac*.<br \/>\n<a href=\"https:\/\/www.helloasso.com\/associations\/maison-de-la-culture-yiddish-bibliotheque-medem\/adhesions\/adhesion-en-ligne-a-la-maison-de-la-culture-yiddish-09-2024-08-2025\">*Adh\u00e9rez \u00e0 la Maison de la culture yiddish pour la saison 2024-2025<\/a>\u00a0et d\u00e9couvrez\u00a0<strong>le code promotionnel<\/strong>\u00a0qui vous donnera acc\u00e8s au\u00a0<strong>tarif r\u00e9duit<\/strong>\u00a0sur vos r\u00e9servations.<br \/>\n<\/em><\/p>\n<p id=\"block-2ba98dcd-5f13-4105-b07b-0b0692c4fa6f\"><a href=\"https:\/\/www.helloasso.com\/associations\/maison-de-la-culture-yiddish-bibliotheque-medem\/evenements\/2025-01\"><strong>Cliquez ici<\/strong><\/a>\u00a0pour r\u00e9server (r\u00e9servation obligatoire).<\/p>\n<p id=\"block-02374118-74c5-4bea-b761-3a9a73091b35\"><strong>Attention : au moment du r\u00e8glement, la plateforme Helloasso vous proposera d\u2019ajouter une contribution \u00e0 son fonctionnement. Celle-ci est optionnelle, et vous pouvez changer son montant ou bien l\u2019annuler en appuyant sur le bouton \u00ab Modifier \u00bb.<\/strong><\/p>\n","protected":false},"excerpt":{"rendered":"<p>Jeudi 30 janvier 2025, 19h30-21h Conf\u00e9rence de Sylvie Anne Goldberg, directrice d\u2019\u00e9tudes, emerita, Ehess, Paris. Les livres en g\u00e9n\u00e9ral encombrent. Sont per\u00e7us parfois pour inutiles, \u00e9touffants. Ils prennent de la &hellip; <\/p>\n<p class=\"link-more\"><a href=\"https:\/\/programme.yiddish.paris\/?tribe_events=en-guise-dheritage-des-bibliotheques-laisses-derriere-nos-parents-en-francais-en-presentiel\" class=\"more-link\">Continuer la lecture<span class=\"screen-reader-text\"> de &laquo;&nbsp;En guise d\u2019h\u00e9ritage\u00a0: des biblioth\u00e8ques laiss\u00e9es derri\u00e8re nos parents (en fran\u00e7ais, en pr\u00e9sentiel)&nbsp;&raquo;<\/span><\/a><\/p>\n","protected":false},"author":2,"featured_media":5658,"template":"","meta":{"_monsterinsights_skip_tracking":false,"_monsterinsights_sitenote_active":false,"_monsterinsights_sitenote_note":"","_monsterinsights_sitenote_category":0,"_tribe_events_status":"","_tribe_events_status_reason":"","footnotes":""},"tags":[],"tribe_events_cat":[53],"class_list":["post-5655","tribe_events","type-tribe_events","status-publish","has-post-thumbnail","hentry","tribe_events_cat-conference","cat_conference"],"yoast_head":"<!-- This site is optimized with the Yoast SEO plugin v27.5 - https:\/\/yoast.com\/product\/yoast-seo-wordpress\/ -->\n<title>En guise d\u2019h\u00e9ritage\u00a0: des biblioth\u00e8ques laiss\u00e9es derri\u00e8re nos parents (en fran\u00e7ais, en pr\u00e9sentiel) - programme.yiddish.paris<\/title>\n<meta name=\"robots\" content=\"index, follow, max-snippet:-1, max-image-preview:large, max-video-preview:-1\" \/>\n<link rel=\"canonical\" href=\"https:\/\/programme.yiddish.paris\/?tribe_events=en-guise-dheritage-des-bibliotheques-laisses-derriere-nos-parents-en-francais-en-presentiel\" \/>\n<meta property=\"og:locale\" content=\"fr_FR\" \/>\n<meta property=\"og:type\" content=\"article\" \/>\n<meta property=\"og:title\" content=\"En guise d\u2019h\u00e9ritage\u00a0: des biblioth\u00e8ques laiss\u00e9es derri\u00e8re nos parents (en fran\u00e7ais, en pr\u00e9sentiel) - programme.yiddish.paris\" \/>\n<meta property=\"og:description\" content=\"Jeudi 30 janvier 2025, 19h30-21h Conf\u00e9rence de Sylvie Anne Goldberg, directrice d\u2019\u00e9tudes, emerita, Ehess, Paris. Les livres en g\u00e9n\u00e9ral encombrent. Sont per\u00e7us parfois pour inutiles, \u00e9touffants. Ils prennent de la &hellip; Continuer la lecture de &laquo;&nbsp;En guise d\u2019h\u00e9ritage\u00a0: des biblioth\u00e8ques laiss\u00e9es derri\u00e8re nos parents (en fran\u00e7ais, en pr\u00e9sentiel)&nbsp;&raquo;\" \/>\n<meta property=\"og:url\" content=\"https:\/\/programme.yiddish.paris\/?tribe_events=en-guise-dheritage-des-bibliotheques-laisses-derriere-nos-parents-en-francais-en-presentiel\" \/>\n<meta property=\"og:site_name\" content=\"programme.yiddish.paris\" \/>\n<meta property=\"article:modified_time\" content=\"2024-12-01T09:11:56+00:00\" \/>\n<meta property=\"og:image\" content=\"https:\/\/programme.yiddish.paris\/wp-content\/uploads\/2024\/11\/books.jpg\" \/>\n\t<meta property=\"og:image:width\" content=\"681\" \/>\n\t<meta property=\"og:image:height\" content=\"716\" \/>\n\t<meta property=\"og:image:type\" content=\"image\/jpeg\" \/>\n<meta name=\"twitter:card\" content=\"summary_large_image\" \/>\n<meta name=\"twitter:label1\" content=\"Dur\u00e9e de lecture estim\u00e9e\" \/>\n\t<meta name=\"twitter:data1\" content=\"2 minutes\" \/>\n<script type=\"application\/ld+json\" class=\"yoast-schema-graph\">{\"@context\":\"https:\\\/\\\/schema.org\",\"@graph\":[{\"@type\":\"WebPage\",\"@id\":\"https:\\\/\\\/programme.yiddish.paris\\\/?tribe_events=en-guise-dheritage-des-bibliotheques-laisses-derriere-nos-parents-en-francais-en-presentiel\",\"url\":\"https:\\\/\\\/programme.yiddish.paris\\\/?tribe_events=en-guise-dheritage-des-bibliotheques-laisses-derriere-nos-parents-en-francais-en-presentiel\",\"name\":\"En guise d\u2019h\u00e9ritage\u00a0: des biblioth\u00e8ques laiss\u00e9es derri\u00e8re nos parents (en fran\u00e7ais, en pr\u00e9sentiel) - programme.yiddish.paris\",\"isPartOf\":{\"@id\":\"https:\\\/\\\/programme.yiddish.paris\\\/#website\"},\"primaryImageOfPage\":{\"@id\":\"https:\\\/\\\/programme.yiddish.paris\\\/?tribe_events=en-guise-dheritage-des-bibliotheques-laisses-derriere-nos-parents-en-francais-en-presentiel#primaryimage\"},\"image\":{\"@id\":\"https:\\\/\\\/programme.yiddish.paris\\\/?tribe_events=en-guise-dheritage-des-bibliotheques-laisses-derriere-nos-parents-en-francais-en-presentiel#primaryimage\"},\"thumbnailUrl\":\"https:\\\/\\\/programme.yiddish.paris\\\/wp-content\\\/uploads\\\/2024\\\/11\\\/books.jpg\",\"datePublished\":\"2024-11-05T08:13:22+00:00\",\"dateModified\":\"2024-12-01T09:11:56+00:00\",\"breadcrumb\":{\"@id\":\"https:\\\/\\\/programme.yiddish.paris\\\/?tribe_events=en-guise-dheritage-des-bibliotheques-laisses-derriere-nos-parents-en-francais-en-presentiel#breadcrumb\"},\"inLanguage\":\"fr-FR\",\"potentialAction\":[{\"@type\":\"ReadAction\",\"target\":[\"https:\\\/\\\/programme.yiddish.paris\\\/?tribe_events=en-guise-dheritage-des-bibliotheques-laisses-derriere-nos-parents-en-francais-en-presentiel\"]}]},{\"@type\":\"ImageObject\",\"inLanguage\":\"fr-FR\",\"@id\":\"https:\\\/\\\/programme.yiddish.paris\\\/?tribe_events=en-guise-dheritage-des-bibliotheques-laisses-derriere-nos-parents-en-francais-en-presentiel#primaryimage\",\"url\":\"https:\\\/\\\/programme.yiddish.paris\\\/wp-content\\\/uploads\\\/2024\\\/11\\\/books.jpg\",\"contentUrl\":\"https:\\\/\\\/programme.yiddish.paris\\\/wp-content\\\/uploads\\\/2024\\\/11\\\/books.jpg\",\"width\":681,\"height\":716},{\"@type\":\"BreadcrumbList\",\"@id\":\"https:\\\/\\\/programme.yiddish.paris\\\/?tribe_events=en-guise-dheritage-des-bibliotheques-laisses-derriere-nos-parents-en-francais-en-presentiel#breadcrumb\",\"itemListElement\":[{\"@type\":\"ListItem\",\"position\":1,\"name\":\"Home\",\"item\":\"https:\\\/\\\/programme.yiddish.paris\\\/\"},{\"@type\":\"ListItem\",\"position\":2,\"name\":\"\u00c9v\u00e8nements\",\"item\":\"https:\\\/\\\/programme.yiddish.paris\\\/?post_type=tribe_events\"},{\"@type\":\"ListItem\",\"position\":3,\"name\":\"En guise d\u2019h\u00e9ritage\u00a0: des biblioth\u00e8ques laiss\u00e9es derri\u00e8re nos parents (en fran\u00e7ais, en pr\u00e9sentiel)\"}]},{\"@type\":\"WebSite\",\"@id\":\"https:\\\/\\\/programme.yiddish.paris\\\/#website\",\"url\":\"https:\\\/\\\/programme.yiddish.paris\\\/\",\"name\":\"programme.yiddish.paris\",\"description\":\"La programmation culturelle de la Maison de la culture yiddish \u2013\u00a0Biblioth\u00e8que Medem\",\"publisher\":{\"@id\":\"https:\\\/\\\/programme.yiddish.paris\\\/#organization\"},\"potentialAction\":[{\"@type\":\"SearchAction\",\"target\":{\"@type\":\"EntryPoint\",\"urlTemplate\":\"https:\\\/\\\/programme.yiddish.paris\\\/?s={search_term_string}\"},\"query-input\":{\"@type\":\"PropertyValueSpecification\",\"valueRequired\":true,\"valueName\":\"search_term_string\"}}],\"inLanguage\":\"fr-FR\"},{\"@type\":\"Organization\",\"@id\":\"https:\\\/\\\/programme.yiddish.paris\\\/#organization\",\"name\":\"programme.yiddish.paris\",\"url\":\"https:\\\/\\\/programme.yiddish.paris\\\/\",\"logo\":{\"@type\":\"ImageObject\",\"inLanguage\":\"fr-FR\",\"@id\":\"https:\\\/\\\/programme.yiddish.paris\\\/#\\\/schema\\\/logo\\\/image\\\/\",\"url\":\"https:\\\/\\\/programme.yiddish.paris\\\/wp-content\\\/uploads\\\/2020\\\/07\\\/cropped-mcy_yud-1.png\",\"contentUrl\":\"https:\\\/\\\/programme.yiddish.paris\\\/wp-content\\\/uploads\\\/2020\\\/07\\\/cropped-mcy_yud-1.png\",\"width\":250,\"height\":250,\"caption\":\"programme.yiddish.paris\"},\"image\":{\"@id\":\"https:\\\/\\\/programme.yiddish.paris\\\/#\\\/schema\\\/logo\\\/image\\\/\"}}]}<\/script>\n<!-- \/ Yoast SEO plugin. -->","yoast_head_json":{"title":"En guise d\u2019h\u00e9ritage\u00a0: des biblioth\u00e8ques laiss\u00e9es derri\u00e8re nos parents (en fran\u00e7ais, en pr\u00e9sentiel) - programme.yiddish.paris","robots":{"index":"index","follow":"follow","max-snippet":"max-snippet:-1","max-image-preview":"max-image-preview:large","max-video-preview":"max-video-preview:-1"},"canonical":"https:\/\/programme.yiddish.paris\/?tribe_events=en-guise-dheritage-des-bibliotheques-laisses-derriere-nos-parents-en-francais-en-presentiel","og_locale":"fr_FR","og_type":"article","og_title":"En guise d\u2019h\u00e9ritage\u00a0: des biblioth\u00e8ques laiss\u00e9es derri\u00e8re nos parents (en fran\u00e7ais, en pr\u00e9sentiel) - programme.yiddish.paris","og_description":"Jeudi 30 janvier 2025, 19h30-21h Conf\u00e9rence de Sylvie Anne Goldberg, directrice d\u2019\u00e9tudes, emerita, Ehess, Paris. Les livres en g\u00e9n\u00e9ral encombrent. Sont per\u00e7us parfois pour inutiles, \u00e9touffants. Ils prennent de la &hellip; Continuer la lecture de &laquo;&nbsp;En guise d\u2019h\u00e9ritage\u00a0: des biblioth\u00e8ques laiss\u00e9es derri\u00e8re nos parents (en fran\u00e7ais, en pr\u00e9sentiel)&nbsp;&raquo;","og_url":"https:\/\/programme.yiddish.paris\/?tribe_events=en-guise-dheritage-des-bibliotheques-laisses-derriere-nos-parents-en-francais-en-presentiel","og_site_name":"programme.yiddish.paris","article_modified_time":"2024-12-01T09:11:56+00:00","og_image":[{"width":681,"height":716,"url":"https:\/\/programme.yiddish.paris\/wp-content\/uploads\/2024\/11\/books.jpg","type":"image\/jpeg"}],"twitter_card":"summary_large_image","twitter_misc":{"Dur\u00e9e de lecture estim\u00e9e":"2 minutes"},"schema":{"@context":"https:\/\/schema.org","@graph":[{"@type":"WebPage","@id":"https:\/\/programme.yiddish.paris\/?tribe_events=en-guise-dheritage-des-bibliotheques-laisses-derriere-nos-parents-en-francais-en-presentiel","url":"https:\/\/programme.yiddish.paris\/?tribe_events=en-guise-dheritage-des-bibliotheques-laisses-derriere-nos-parents-en-francais-en-presentiel","name":"En guise d\u2019h\u00e9ritage\u00a0: des biblioth\u00e8ques laiss\u00e9es derri\u00e8re nos parents (en fran\u00e7ais, en pr\u00e9sentiel) - programme.yiddish.paris","isPartOf":{"@id":"https:\/\/programme.yiddish.paris\/#website"},"primaryImageOfPage":{"@id":"https:\/\/programme.yiddish.paris\/?tribe_events=en-guise-dheritage-des-bibliotheques-laisses-derriere-nos-parents-en-francais-en-presentiel#primaryimage"},"image":{"@id":"https:\/\/programme.yiddish.paris\/?tribe_events=en-guise-dheritage-des-bibliotheques-laisses-derriere-nos-parents-en-francais-en-presentiel#primaryimage"},"thumbnailUrl":"https:\/\/programme.yiddish.paris\/wp-content\/uploads\/2024\/11\/books.jpg","datePublished":"2024-11-05T08:13:22+00:00","dateModified":"2024-12-01T09:11:56+00:00","breadcrumb":{"@id":"https:\/\/programme.yiddish.paris\/?tribe_events=en-guise-dheritage-des-bibliotheques-laisses-derriere-nos-parents-en-francais-en-presentiel#breadcrumb"},"inLanguage":"fr-FR","potentialAction":[{"@type":"ReadAction","target":["https:\/\/programme.yiddish.paris\/?tribe_events=en-guise-dheritage-des-bibliotheques-laisses-derriere-nos-parents-en-francais-en-presentiel"]}]},{"@type":"ImageObject","inLanguage":"fr-FR","@id":"https:\/\/programme.yiddish.paris\/?tribe_events=en-guise-dheritage-des-bibliotheques-laisses-derriere-nos-parents-en-francais-en-presentiel#primaryimage","url":"https:\/\/programme.yiddish.paris\/wp-content\/uploads\/2024\/11\/books.jpg","contentUrl":"https:\/\/programme.yiddish.paris\/wp-content\/uploads\/2024\/11\/books.jpg","width":681,"height":716},{"@type":"BreadcrumbList","@id":"https:\/\/programme.yiddish.paris\/?tribe_events=en-guise-dheritage-des-bibliotheques-laisses-derriere-nos-parents-en-francais-en-presentiel#breadcrumb","itemListElement":[{"@type":"ListItem","position":1,"name":"Home","item":"https:\/\/programme.yiddish.paris\/"},{"@type":"ListItem","position":2,"name":"\u00c9v\u00e8nements","item":"https:\/\/programme.yiddish.paris\/?post_type=tribe_events"},{"@type":"ListItem","position":3,"name":"En guise d\u2019h\u00e9ritage\u00a0: des biblioth\u00e8ques laiss\u00e9es derri\u00e8re nos parents (en fran\u00e7ais, en pr\u00e9sentiel)"}]},{"@type":"WebSite","@id":"https:\/\/programme.yiddish.paris\/#website","url":"https:\/\/programme.yiddish.paris\/","name":"programme.yiddish.paris","description":"La programmation culturelle de la Maison de la culture yiddish \u2013\u00a0Biblioth\u00e8que Medem","publisher":{"@id":"https:\/\/programme.yiddish.paris\/#organization"},"potentialAction":[{"@type":"SearchAction","target":{"@type":"EntryPoint","urlTemplate":"https:\/\/programme.yiddish.paris\/?s={search_term_string}"},"query-input":{"@type":"PropertyValueSpecification","valueRequired":true,"valueName":"search_term_string"}}],"inLanguage":"fr-FR"},{"@type":"Organization","@id":"https:\/\/programme.yiddish.paris\/#organization","name":"programme.yiddish.paris","url":"https:\/\/programme.yiddish.paris\/","logo":{"@type":"ImageObject","inLanguage":"fr-FR","@id":"https:\/\/programme.yiddish.paris\/#\/schema\/logo\/image\/","url":"https:\/\/programme.yiddish.paris\/wp-content\/uploads\/2020\/07\/cropped-mcy_yud-1.png","contentUrl":"https:\/\/programme.yiddish.paris\/wp-content\/uploads\/2020\/07\/cropped-mcy_yud-1.png","width":250,"height":250,"caption":"programme.yiddish.paris"},"image":{"@id":"https:\/\/programme.yiddish.paris\/#\/schema\/logo\/image\/"}}]}},"_links":{"self":[{"href":"https:\/\/programme.yiddish.paris\/index.php?rest_route=\/wp\/v2\/tribe_events\/5655","targetHints":{"allow":["GET"]}}],"collection":[{"href":"https:\/\/programme.yiddish.paris\/index.php?rest_route=\/wp\/v2\/tribe_events"}],"about":[{"href":"https:\/\/programme.yiddish.paris\/index.php?rest_route=\/wp\/v2\/types\/tribe_events"}],"author":[{"embeddable":true,"href":"https:\/\/programme.yiddish.paris\/index.php?rest_route=\/wp\/v2\/users\/2"}],"version-history":[{"count":3,"href":"https:\/\/programme.yiddish.paris\/index.php?rest_route=\/wp\/v2\/tribe_events\/5655\/revisions"}],"predecessor-version":[{"id":5753,"href":"https:\/\/programme.yiddish.paris\/index.php?rest_route=\/wp\/v2\/tribe_events\/5655\/revisions\/5753"}],"wp:featuredmedia":[{"embeddable":true,"href":"https:\/\/programme.yiddish.paris\/index.php?rest_route=\/wp\/v2\/media\/5658"}],"wp:attachment":[{"href":"https:\/\/programme.yiddish.paris\/index.php?rest_route=%2Fwp%2Fv2%2Fmedia&parent=5655"}],"wp:term":[{"taxonomy":"post_tag","embeddable":true,"href":"https:\/\/programme.yiddish.paris\/index.php?rest_route=%2Fwp%2Fv2%2Ftags&post=5655"},{"taxonomy":"tribe_events_cat","embeddable":true,"href":"https:\/\/programme.yiddish.paris\/index.php?rest_route=%2Fwp%2Fv2%2Ftribe_events_cat&post=5655"}],"curies":[{"name":"wp","href":"https:\/\/api.w.org\/{rel}","templated":true}]}}