{"id":5688,"date":"2024-11-13T09:55:00","date_gmt":"2024-11-13T08:55:00","guid":{"rendered":"https:\/\/programme.yiddish.paris\/?post_type=tribe_events&#038;p=5688"},"modified":"2025-01-11T11:07:48","modified_gmt":"2025-01-11T10:07:48","slug":"la-bibliotheque-medem-ouvre-ses-portes-la-famille-reyzen","status":"publish","type":"tribe_events","link":"https:\/\/programme.yiddish.paris\/?tribe_events=la-bibliotheque-medem-ouvre-ses-portes-la-famille-reyzen","title":{"rendered":"La Biblioth\u00e8que Medem ouvre ses portes : La famille Reyzen (en fran\u00e7ais, en pr\u00e9sentiel)"},"content":{"rendered":"<p class=\"p1\"><span style=\"color: #ff0000;\"><b>Samedi 8 f\u00e9vrier 2025, 17h00-18h00<\/b><\/span><\/p>\n<p class=\"p1\">Y aurait-il un ph\u00e9nom\u00e8ne \u00e0 \u00e9tudier ? Les familles d\u2019\u00e9crivains ne sont pas rares dans le monde yiddish. Quoi qu\u2019il en soit, les \u0153uvres des Reyzen (le p\u00e8re, Kalmen, la fille, Sore, et les deux fils, Avrom et Zalmen) remplissent quelques \u00e9tag\u00e8res de la Biblioth\u00e8que Medem et figurent dans le catalogue sous des rubriques tr\u00e8s diverses (po\u00e9sie, prose, litt\u00e9rature pour enfants, traductions, journaux, ouvrages p\u00e9dagogiques, dictionnaires, linguistique, chansons).<\/p>\n<p class=\"p1\"><strong>Natalia Krynicka<\/strong>, conservatrice de la biblioth\u00e8que-m\u00e9diath\u00e8que, en sortira des tr\u00e9sors qui t\u00e9moigneront de quatre existences et de quatre talents qui s\u2019\u00e9panouirent de la fin du XIXe au milieu du XXe si\u00e8cle entre ancien et nouveau monde.<\/p>\n<p><em>Tarif : 7\u20ac. Entr\u00e9e libre sur inscription pour les adh\u00e9rents*.<br \/>\n<a href=\"https:\/\/www.helloasso.com\/associations\/maison-de-la-culture-yiddish-bibliotheque-medem\/adhesions\/adhesion-en-ligne-a-la-maison-de-la-culture-yiddish-2021-2022\">*<\/a><a href=\"https:\/\/www.helloasso.com\/associations\/maison-de-la-culture-yiddish-bibliotheque-medem\/adhesions\/adhesion-en-ligne-a-la-maison-de-la-culture-yiddish-09-2024-08-2025\">Adh\u00e9rez \u00e0 la Maison de la culture yiddish pour la saison 2024-2025<\/a>\u00a0et d\u00e9couvrez\u00a0<strong>le code promotionnel<\/strong>\u00a0qui vous donnera acc\u00e8s au\u00a0<strong>tarif r\u00e9duit<\/strong>\u00a0sur vos r\u00e9servations.<\/em><\/p>\n<p><a href=\"https:\/\/www.helloasso.com\/associations\/maison-de-la-culture-yiddish-bibliotheque-medem\/evenements\/2025-02\"><strong>Cliquez ici<\/strong><\/a>\u00a0pour r\u00e9server (r\u00e9servation obligatoire).<\/p>\n<p><strong>Attention : au moment du r\u00e8glement, la plateforme Helloasso vous proposera d\u2019ajouter une contribution \u00e0 son fonctionnement. Celle-ci est optionnelle, et vous pouvez changer son montant ou bien l\u2019annuler en appuyant sur le bouton \u00ab Modifier \u00bb.<\/strong><\/p>\n<p><img loading=\"lazy\" decoding=\"async\" class=\"alignright wp-image-3209 size-thumbnail\" src=\"https:\/\/programme.yiddish.paris\/wp-content\/uploads\/2022\/02\/Logo-FMS-150x150.jpg\" sizes=\"auto, (max-width: 150px) 100vw, 150px\" srcset=\"https:\/\/programme.yiddish.paris\/wp-content\/uploads\/2022\/02\/Logo-FMS-150x150.jpg 150w, https:\/\/programme.yiddish.paris\/wp-content\/uploads\/2022\/02\/Logo-FMS-300x300.jpg 300w, https:\/\/programme.yiddish.paris\/wp-content\/uploads\/2022\/02\/Logo-FMS-100x100.jpg 100w, https:\/\/programme.yiddish.paris\/wp-content\/uploads\/2022\/02\/Logo-FMS-24x24.jpg 24w, https:\/\/programme.yiddish.paris\/wp-content\/uploads\/2022\/02\/Logo-FMS-28x28.jpg 28w, https:\/\/programme.yiddish.paris\/wp-content\/uploads\/2022\/02\/Logo-FMS-32x32.jpg 32w, https:\/\/programme.yiddish.paris\/wp-content\/uploads\/2022\/02\/Logo-FMS.jpg 567w\" alt=\"\" width=\"150\" height=\"150\" \/>La saison \u00ab La famille Reyzen \u00bb est soutenue par la Fondation pour la m\u00e9moire de la Shoah.<\/p>\n<p>&nbsp;<\/p>\n<h2 class=\"has-text-align-right\" style=\"text-align: right;\"><\/h2>\n","protected":false},"excerpt":{"rendered":"<p>Samedi 8 f\u00e9vrier 2025, 17h00-18h00 Y aurait-il un ph\u00e9nom\u00e8ne \u00e0 \u00e9tudier ? Les familles d\u2019\u00e9crivains ne sont pas rares dans le monde yiddish. Quoi qu\u2019il en soit, les \u0153uvres des &hellip; <\/p>\n<p class=\"link-more\"><a href=\"https:\/\/programme.yiddish.paris\/?tribe_events=la-bibliotheque-medem-ouvre-ses-portes-la-famille-reyzen\" class=\"more-link\">Continuer la lecture<span class=\"screen-reader-text\"> de &laquo;&nbsp;La Biblioth\u00e8que Medem ouvre ses portes : La famille Reyzen (en fran\u00e7ais, en pr\u00e9sentiel)&nbsp;&raquo;<\/span><\/a><\/p>\n","protected":false},"author":2,"featured_media":5697,"template":"","meta":{"_monsterinsights_skip_tracking":false,"_monsterinsights_sitenote_active":false,"_monsterinsights_sitenote_note":"","_monsterinsights_sitenote_category":0,"_tribe_events_status":"","_tribe_events_status_reason":"","footnotes":""},"tags":[],"tribe_events_cat":[53,55],"class_list":["post-5688","tribe_events","type-tribe_events","status-publish","has-post-thumbnail","hentry","tribe_events_cat-conference","tribe_events_cat-francais","cat_conference","cat_francais"],"yoast_head":"<!-- This site is optimized with the Yoast SEO plugin v27.5 - https:\/\/yoast.com\/product\/yoast-seo-wordpress\/ -->\n<title>La Biblioth\u00e8que Medem ouvre ses portes : La famille Reyzen (en fran\u00e7ais, en pr\u00e9sentiel) - programme.yiddish.paris<\/title>\n<meta name=\"robots\" content=\"index, follow, max-snippet:-1, max-image-preview:large, max-video-preview:-1\" \/>\n<link rel=\"canonical\" href=\"https:\/\/programme.yiddish.paris\/?tribe_events=la-bibliotheque-medem-ouvre-ses-portes-la-famille-reyzen\" \/>\n<meta property=\"og:locale\" content=\"fr_FR\" \/>\n<meta property=\"og:type\" content=\"article\" \/>\n<meta property=\"og:title\" content=\"La Biblioth\u00e8que Medem ouvre ses portes : La famille Reyzen (en fran\u00e7ais, en pr\u00e9sentiel) - programme.yiddish.paris\" \/>\n<meta property=\"og:description\" content=\"Samedi 8 f\u00e9vrier 2025, 17h00-18h00 Y aurait-il un ph\u00e9nom\u00e8ne \u00e0 \u00e9tudier ? Les familles d\u2019\u00e9crivains ne sont pas rares dans le monde yiddish. Quoi qu\u2019il en soit, les \u0153uvres des &hellip; Continuer la lecture de &laquo;&nbsp;La Biblioth\u00e8que Medem ouvre ses portes : La famille Reyzen (en fran\u00e7ais, en pr\u00e9sentiel)&nbsp;&raquo;\" \/>\n<meta property=\"og:url\" content=\"https:\/\/programme.yiddish.paris\/?tribe_events=la-bibliotheque-medem-ouvre-ses-portes-la-famille-reyzen\" \/>\n<meta property=\"og:site_name\" content=\"programme.yiddish.paris\" \/>\n<meta property=\"article:modified_time\" content=\"2025-01-11T10:07:48+00:00\" \/>\n<meta property=\"og:image\" content=\"https:\/\/programme.yiddish.paris\/wp-content\/uploads\/2024\/11\/Nayer-Zhurnal.jpg\" \/>\n\t<meta property=\"og:image:width\" content=\"1455\" \/>\n\t<meta property=\"og:image:height\" content=\"2101\" \/>\n\t<meta property=\"og:image:type\" content=\"image\/jpeg\" \/>\n<meta name=\"twitter:card\" content=\"summary_large_image\" \/>\n<meta name=\"twitter:label1\" content=\"Dur\u00e9e de lecture estim\u00e9e\" \/>\n\t<meta name=\"twitter:data1\" content=\"2 minutes\" \/>\n<script type=\"application\/ld+json\" class=\"yoast-schema-graph\">{\"@context\":\"https:\\\/\\\/schema.org\",\"@graph\":[{\"@type\":\"WebPage\",\"@id\":\"https:\\\/\\\/programme.yiddish.paris\\\/?tribe_events=la-bibliotheque-medem-ouvre-ses-portes-la-famille-reyzen\",\"url\":\"https:\\\/\\\/programme.yiddish.paris\\\/?tribe_events=la-bibliotheque-medem-ouvre-ses-portes-la-famille-reyzen\",\"name\":\"La Biblioth\u00e8que Medem ouvre ses portes : La famille Reyzen (en fran\u00e7ais, en pr\u00e9sentiel) - programme.yiddish.paris\",\"isPartOf\":{\"@id\":\"https:\\\/\\\/programme.yiddish.paris\\\/#website\"},\"primaryImageOfPage\":{\"@id\":\"https:\\\/\\\/programme.yiddish.paris\\\/?tribe_events=la-bibliotheque-medem-ouvre-ses-portes-la-famille-reyzen#primaryimage\"},\"image\":{\"@id\":\"https:\\\/\\\/programme.yiddish.paris\\\/?tribe_events=la-bibliotheque-medem-ouvre-ses-portes-la-famille-reyzen#primaryimage\"},\"thumbnailUrl\":\"https:\\\/\\\/programme.yiddish.paris\\\/wp-content\\\/uploads\\\/2024\\\/11\\\/Nayer-Zhurnal.jpg\",\"datePublished\":\"2024-11-13T08:55:00+00:00\",\"dateModified\":\"2025-01-11T10:07:48+00:00\",\"breadcrumb\":{\"@id\":\"https:\\\/\\\/programme.yiddish.paris\\\/?tribe_events=la-bibliotheque-medem-ouvre-ses-portes-la-famille-reyzen#breadcrumb\"},\"inLanguage\":\"fr-FR\",\"potentialAction\":[{\"@type\":\"ReadAction\",\"target\":[\"https:\\\/\\\/programme.yiddish.paris\\\/?tribe_events=la-bibliotheque-medem-ouvre-ses-portes-la-famille-reyzen\"]}]},{\"@type\":\"ImageObject\",\"inLanguage\":\"fr-FR\",\"@id\":\"https:\\\/\\\/programme.yiddish.paris\\\/?tribe_events=la-bibliotheque-medem-ouvre-ses-portes-la-famille-reyzen#primaryimage\",\"url\":\"https:\\\/\\\/programme.yiddish.paris\\\/wp-content\\\/uploads\\\/2024\\\/11\\\/Nayer-Zhurnal.jpg\",\"contentUrl\":\"https:\\\/\\\/programme.yiddish.paris\\\/wp-content\\\/uploads\\\/2024\\\/11\\\/Nayer-Zhurnal.jpg\",\"width\":1455,\"height\":2101},{\"@type\":\"BreadcrumbList\",\"@id\":\"https:\\\/\\\/programme.yiddish.paris\\\/?tribe_events=la-bibliotheque-medem-ouvre-ses-portes-la-famille-reyzen#breadcrumb\",\"itemListElement\":[{\"@type\":\"ListItem\",\"position\":1,\"name\":\"Home\",\"item\":\"https:\\\/\\\/programme.yiddish.paris\\\/\"},{\"@type\":\"ListItem\",\"position\":2,\"name\":\"\u00c9v\u00e8nements\",\"item\":\"https:\\\/\\\/programme.yiddish.paris\\\/?post_type=tribe_events\"},{\"@type\":\"ListItem\",\"position\":3,\"name\":\"La Biblioth\u00e8que Medem ouvre ses portes : La famille Reyzen (en fran\u00e7ais, en pr\u00e9sentiel)\"}]},{\"@type\":\"WebSite\",\"@id\":\"https:\\\/\\\/programme.yiddish.paris\\\/#website\",\"url\":\"https:\\\/\\\/programme.yiddish.paris\\\/\",\"name\":\"programme.yiddish.paris\",\"description\":\"La programmation culturelle de la Maison de la culture yiddish \u2013\u00a0Biblioth\u00e8que Medem\",\"publisher\":{\"@id\":\"https:\\\/\\\/programme.yiddish.paris\\\/#organization\"},\"potentialAction\":[{\"@type\":\"SearchAction\",\"target\":{\"@type\":\"EntryPoint\",\"urlTemplate\":\"https:\\\/\\\/programme.yiddish.paris\\\/?s={search_term_string}\"},\"query-input\":{\"@type\":\"PropertyValueSpecification\",\"valueRequired\":true,\"valueName\":\"search_term_string\"}}],\"inLanguage\":\"fr-FR\"},{\"@type\":\"Organization\",\"@id\":\"https:\\\/\\\/programme.yiddish.paris\\\/#organization\",\"name\":\"programme.yiddish.paris\",\"url\":\"https:\\\/\\\/programme.yiddish.paris\\\/\",\"logo\":{\"@type\":\"ImageObject\",\"inLanguage\":\"fr-FR\",\"@id\":\"https:\\\/\\\/programme.yiddish.paris\\\/#\\\/schema\\\/logo\\\/image\\\/\",\"url\":\"https:\\\/\\\/programme.yiddish.paris\\\/wp-content\\\/uploads\\\/2020\\\/07\\\/cropped-mcy_yud-1.png\",\"contentUrl\":\"https:\\\/\\\/programme.yiddish.paris\\\/wp-content\\\/uploads\\\/2020\\\/07\\\/cropped-mcy_yud-1.png\",\"width\":250,\"height\":250,\"caption\":\"programme.yiddish.paris\"},\"image\":{\"@id\":\"https:\\\/\\\/programme.yiddish.paris\\\/#\\\/schema\\\/logo\\\/image\\\/\"}}]}<\/script>\n<!-- \/ Yoast SEO plugin. -->","yoast_head_json":{"title":"La Biblioth\u00e8que Medem ouvre ses portes : La famille Reyzen (en fran\u00e7ais, en pr\u00e9sentiel) - programme.yiddish.paris","robots":{"index":"index","follow":"follow","max-snippet":"max-snippet:-1","max-image-preview":"max-image-preview:large","max-video-preview":"max-video-preview:-1"},"canonical":"https:\/\/programme.yiddish.paris\/?tribe_events=la-bibliotheque-medem-ouvre-ses-portes-la-famille-reyzen","og_locale":"fr_FR","og_type":"article","og_title":"La Biblioth\u00e8que Medem ouvre ses portes : La famille Reyzen (en fran\u00e7ais, en pr\u00e9sentiel) - programme.yiddish.paris","og_description":"Samedi 8 f\u00e9vrier 2025, 17h00-18h00 Y aurait-il un ph\u00e9nom\u00e8ne \u00e0 \u00e9tudier ? Les familles d\u2019\u00e9crivains ne sont pas rares dans le monde yiddish. Quoi qu\u2019il en soit, les \u0153uvres des &hellip; Continuer la lecture de &laquo;&nbsp;La Biblioth\u00e8que Medem ouvre ses portes : La famille Reyzen (en fran\u00e7ais, en pr\u00e9sentiel)&nbsp;&raquo;","og_url":"https:\/\/programme.yiddish.paris\/?tribe_events=la-bibliotheque-medem-ouvre-ses-portes-la-famille-reyzen","og_site_name":"programme.yiddish.paris","article_modified_time":"2025-01-11T10:07:48+00:00","og_image":[{"width":1455,"height":2101,"url":"https:\/\/programme.yiddish.paris\/wp-content\/uploads\/2024\/11\/Nayer-Zhurnal.jpg","type":"image\/jpeg"}],"twitter_card":"summary_large_image","twitter_misc":{"Dur\u00e9e de lecture estim\u00e9e":"2 minutes"},"schema":{"@context":"https:\/\/schema.org","@graph":[{"@type":"WebPage","@id":"https:\/\/programme.yiddish.paris\/?tribe_events=la-bibliotheque-medem-ouvre-ses-portes-la-famille-reyzen","url":"https:\/\/programme.yiddish.paris\/?tribe_events=la-bibliotheque-medem-ouvre-ses-portes-la-famille-reyzen","name":"La Biblioth\u00e8que Medem ouvre ses portes : La famille Reyzen (en fran\u00e7ais, en pr\u00e9sentiel) - programme.yiddish.paris","isPartOf":{"@id":"https:\/\/programme.yiddish.paris\/#website"},"primaryImageOfPage":{"@id":"https:\/\/programme.yiddish.paris\/?tribe_events=la-bibliotheque-medem-ouvre-ses-portes-la-famille-reyzen#primaryimage"},"image":{"@id":"https:\/\/programme.yiddish.paris\/?tribe_events=la-bibliotheque-medem-ouvre-ses-portes-la-famille-reyzen#primaryimage"},"thumbnailUrl":"https:\/\/programme.yiddish.paris\/wp-content\/uploads\/2024\/11\/Nayer-Zhurnal.jpg","datePublished":"2024-11-13T08:55:00+00:00","dateModified":"2025-01-11T10:07:48+00:00","breadcrumb":{"@id":"https:\/\/programme.yiddish.paris\/?tribe_events=la-bibliotheque-medem-ouvre-ses-portes-la-famille-reyzen#breadcrumb"},"inLanguage":"fr-FR","potentialAction":[{"@type":"ReadAction","target":["https:\/\/programme.yiddish.paris\/?tribe_events=la-bibliotheque-medem-ouvre-ses-portes-la-famille-reyzen"]}]},{"@type":"ImageObject","inLanguage":"fr-FR","@id":"https:\/\/programme.yiddish.paris\/?tribe_events=la-bibliotheque-medem-ouvre-ses-portes-la-famille-reyzen#primaryimage","url":"https:\/\/programme.yiddish.paris\/wp-content\/uploads\/2024\/11\/Nayer-Zhurnal.jpg","contentUrl":"https:\/\/programme.yiddish.paris\/wp-content\/uploads\/2024\/11\/Nayer-Zhurnal.jpg","width":1455,"height":2101},{"@type":"BreadcrumbList","@id":"https:\/\/programme.yiddish.paris\/?tribe_events=la-bibliotheque-medem-ouvre-ses-portes-la-famille-reyzen#breadcrumb","itemListElement":[{"@type":"ListItem","position":1,"name":"Home","item":"https:\/\/programme.yiddish.paris\/"},{"@type":"ListItem","position":2,"name":"\u00c9v\u00e8nements","item":"https:\/\/programme.yiddish.paris\/?post_type=tribe_events"},{"@type":"ListItem","position":3,"name":"La Biblioth\u00e8que Medem ouvre ses portes : La famille Reyzen (en fran\u00e7ais, en pr\u00e9sentiel)"}]},{"@type":"WebSite","@id":"https:\/\/programme.yiddish.paris\/#website","url":"https:\/\/programme.yiddish.paris\/","name":"programme.yiddish.paris","description":"La programmation culturelle de la Maison de la culture yiddish \u2013\u00a0Biblioth\u00e8que Medem","publisher":{"@id":"https:\/\/programme.yiddish.paris\/#organization"},"potentialAction":[{"@type":"SearchAction","target":{"@type":"EntryPoint","urlTemplate":"https:\/\/programme.yiddish.paris\/?s={search_term_string}"},"query-input":{"@type":"PropertyValueSpecification","valueRequired":true,"valueName":"search_term_string"}}],"inLanguage":"fr-FR"},{"@type":"Organization","@id":"https:\/\/programme.yiddish.paris\/#organization","name":"programme.yiddish.paris","url":"https:\/\/programme.yiddish.paris\/","logo":{"@type":"ImageObject","inLanguage":"fr-FR","@id":"https:\/\/programme.yiddish.paris\/#\/schema\/logo\/image\/","url":"https:\/\/programme.yiddish.paris\/wp-content\/uploads\/2020\/07\/cropped-mcy_yud-1.png","contentUrl":"https:\/\/programme.yiddish.paris\/wp-content\/uploads\/2020\/07\/cropped-mcy_yud-1.png","width":250,"height":250,"caption":"programme.yiddish.paris"},"image":{"@id":"https:\/\/programme.yiddish.paris\/#\/schema\/logo\/image\/"}}]}},"_links":{"self":[{"href":"https:\/\/programme.yiddish.paris\/index.php?rest_route=\/wp\/v2\/tribe_events\/5688","targetHints":{"allow":["GET"]}}],"collection":[{"href":"https:\/\/programme.yiddish.paris\/index.php?rest_route=\/wp\/v2\/tribe_events"}],"about":[{"href":"https:\/\/programme.yiddish.paris\/index.php?rest_route=\/wp\/v2\/types\/tribe_events"}],"author":[{"embeddable":true,"href":"https:\/\/programme.yiddish.paris\/index.php?rest_route=\/wp\/v2\/users\/2"}],"version-history":[{"count":3,"href":"https:\/\/programme.yiddish.paris\/index.php?rest_route=\/wp\/v2\/tribe_events\/5688\/revisions"}],"predecessor-version":[{"id":5882,"href":"https:\/\/programme.yiddish.paris\/index.php?rest_route=\/wp\/v2\/tribe_events\/5688\/revisions\/5882"}],"wp:featuredmedia":[{"embeddable":true,"href":"https:\/\/programme.yiddish.paris\/index.php?rest_route=\/wp\/v2\/media\/5697"}],"wp:attachment":[{"href":"https:\/\/programme.yiddish.paris\/index.php?rest_route=%2Fwp%2Fv2%2Fmedia&parent=5688"}],"wp:term":[{"taxonomy":"post_tag","embeddable":true,"href":"https:\/\/programme.yiddish.paris\/index.php?rest_route=%2Fwp%2Fv2%2Ftags&post=5688"},{"taxonomy":"tribe_events_cat","embeddable":true,"href":"https:\/\/programme.yiddish.paris\/index.php?rest_route=%2Fwp%2Fv2%2Ftribe_events_cat&post=5688"}],"curies":[{"name":"wp","href":"https:\/\/api.w.org\/{rel}","templated":true}]}}