{"id":5997,"date":"2025-02-04T09:25:29","date_gmt":"2025-02-04T08:25:29","guid":{"rendered":"https:\/\/programme.yiddish.paris\/?post_type=tribe_events&#038;p=5997"},"modified":"2025-02-04T09:26:33","modified_gmt":"2025-02-04T08:26:33","slug":"les-juifs-de-belleville-de-benjamin-schlevin","status":"publish","type":"tribe_events","link":"https:\/\/programme.yiddish.paris\/?tribe_events=les-juifs-de-belleville-de-benjamin-schlevin","title":{"rendered":"Les Juifs de Belleville, de Benjamin Schlevin : rencontre litt\u00e9raire (en fran\u00e7ais, en pr\u00e9sentiel)"},"content":{"rendered":"<p class=\"p1\"><span style=\"color: #ff0000;\"><strong>Jeudi 15 mai 2025 \u00e0 19h30\u00a0<\/strong><\/span><\/p>\n<p class=\"p1\"><em>Les Juifs de Belleville<\/em>, de Benjamin Schlevin, traduit du yiddish par Batia Baum et Joseph Strasburger (\u00e9ditions de L&rsquo;\u00e9chapp\u00e9e, collection Paris perdu, 2025)<\/p>\n<p class=\"p3\">\u00c9crivain et critique litt\u00e9raire arriv\u00e9 \u00e0 Paris en 1934, Benjamin Schlevin (1913, Bi\u00e9lorussie &#8211; 1981, Paris), restitue dans ce roman<span class=\"Apple-converted-space\">\u00a0 <\/span>la vie intense du petit peuple des artisans et ouvriers juifs de Belleville, originaires d\u2019une Europe orientale boulevers\u00e9e par la guerre de 1914-1918 et la r\u00e9volution bolchevique. On suit les trajectoires divergentes de B\u00e9ni l\u2019arriviste et de Jacques l\u2019id\u00e9aliste pour d\u00e9couvrir le monde complexe des ateliers, les soci\u00e9t\u00e9s de secours mutuels, les cercles politiques et culturels, la vie tr\u00e9pidante des caf\u00e9s bellevillois, les combats antifascistes et les gr\u00e8ves de 1936, jusqu\u2019aux pages sombres de l\u2019Occupation.<\/p>\n<p class=\"p5\"><strong>Arnaud Bikard<\/strong>, enseignant de yiddish ( INALCO, Maison de la culture yiddish) conversera avec <strong>Denis Eckert<\/strong>, auteur de la <span class=\"s1\">Postface et de l\u2019appareil critique<\/span><span class=\"s2\">.<\/span><\/p>\n<p><em>Tarif : 12 \u20ac. Adh\u00e9rents : 7 \u20ac*.<br \/>\n<a href=\"https:\/\/www.helloasso.com\/associations\/maison-de-la-culture-yiddish-bibliotheque-medem\/adhesions\/adhesion-en-ligne-a-la-maison-de-la-culture-yiddish-2021-2022\">*<\/a><a href=\"https:\/\/www.helloasso.com\/associations\/maison-de-la-culture-yiddish-bibliotheque-medem\/adhesions\/adhesion-en-ligne-a-la-maison-de-la-culture-yiddish-09-2024-08-2025\">Adh\u00e9rez \u00e0 la Maison de la culture yiddish pour la saison 2024-2025<\/a>\u00a0et d\u00e9couvrez\u00a0<strong>le code promotionnel<\/strong>\u00a0qui vous donnera acc\u00e8s au\u00a0<strong>tarif r\u00e9duit<\/strong>\u00a0sur vos r\u00e9servations.<\/em><\/p>\n<p><a href=\"https:\/\/www.helloasso.com\/associations\/maison-de-la-culture-yiddish-bibliotheque-medem\/evenements\/2025-05\"><strong>Cliquez ici<\/strong><\/a>\u00a0pour r\u00e9server (r\u00e9servation obligatoire).<\/p>\n<p><strong>Attention : au moment du r\u00e8glement, la plateforme Helloasso vous proposera d\u2019ajouter une contribution \u00e0 son fonctionnement. Celle-ci est optionnelle, et vous pouvez changer son montant ou bien l\u2019annuler en appuyant sur le bouton \u00ab Modifier\u00a0<\/strong><strong>\u00bb.<\/strong><\/p>\n","protected":false},"excerpt":{"rendered":"<p>Jeudi 15 mai 2025 \u00e0 19h30\u00a0 Les Juifs de Belleville, de Benjamin Schlevin, traduit du yiddish par Batia Baum et Joseph Strasburger (\u00e9ditions de L&rsquo;\u00e9chapp\u00e9e, collection Paris perdu, 2025) \u00c9crivain &hellip; <\/p>\n<p class=\"link-more\"><a href=\"https:\/\/programme.yiddish.paris\/?tribe_events=les-juifs-de-belleville-de-benjamin-schlevin\" class=\"more-link\">Continuer la lecture<span class=\"screen-reader-text\"> de &laquo;&nbsp;Les Juifs de Belleville, de Benjamin Schlevin : rencontre litt\u00e9raire (en fran\u00e7ais, en pr\u00e9sentiel)&nbsp;&raquo;<\/span><\/a><\/p>\n","protected":false},"author":2,"featured_media":5998,"template":"","meta":{"_monsterinsights_skip_tracking":false,"_monsterinsights_sitenote_active":false,"_monsterinsights_sitenote_note":"","_monsterinsights_sitenote_category":0,"_tribe_events_status":"","_tribe_events_status_reason":"","footnotes":""},"tags":[],"tribe_events_cat":[46],"class_list":["post-5997","tribe_events","type-tribe_events","status-publish","has-post-thumbnail","hentry","tribe_events_cat-rencontre-litteraire","cat_rencontre-litteraire"],"yoast_head":"<!-- This site is optimized with the Yoast SEO plugin v27.5 - https:\/\/yoast.com\/product\/yoast-seo-wordpress\/ -->\n<title>Les Juifs de Belleville, de Benjamin Schlevin : rencontre litt\u00e9raire (en fran\u00e7ais, en pr\u00e9sentiel) - programme.yiddish.paris<\/title>\n<meta name=\"robots\" content=\"index, follow, max-snippet:-1, max-image-preview:large, max-video-preview:-1\" \/>\n<link rel=\"canonical\" href=\"https:\/\/programme.yiddish.paris\/?tribe_events=les-juifs-de-belleville-de-benjamin-schlevin\" \/>\n<meta property=\"og:locale\" content=\"fr_FR\" \/>\n<meta property=\"og:type\" content=\"article\" \/>\n<meta property=\"og:title\" content=\"Les Juifs de Belleville, de Benjamin Schlevin : rencontre litt\u00e9raire (en fran\u00e7ais, en pr\u00e9sentiel) - programme.yiddish.paris\" \/>\n<meta property=\"og:description\" content=\"Jeudi 15 mai 2025 \u00e0 19h30\u00a0 Les Juifs de Belleville, de Benjamin Schlevin, traduit du yiddish par Batia Baum et Joseph Strasburger (\u00e9ditions de L&rsquo;\u00e9chapp\u00e9e, collection Paris perdu, 2025) \u00c9crivain &hellip; Continuer la lecture de &laquo;&nbsp;Les Juifs de Belleville, de Benjamin Schlevin : rencontre litt\u00e9raire (en fran\u00e7ais, en pr\u00e9sentiel)&nbsp;&raquo;\" \/>\n<meta property=\"og:url\" content=\"https:\/\/programme.yiddish.paris\/?tribe_events=les-juifs-de-belleville-de-benjamin-schlevin\" \/>\n<meta property=\"og:site_name\" content=\"programme.yiddish.paris\" \/>\n<meta property=\"article:modified_time\" content=\"2025-02-04T08:26:33+00:00\" \/>\n<meta property=\"og:image\" content=\"https:\/\/programme.yiddish.paris\/wp-content\/uploads\/2025\/02\/Juifs-de-belleville-Benjamin-Schlevin.png\" \/>\n\t<meta property=\"og:image:width\" content=\"500\" \/>\n\t<meta property=\"og:image:height\" content=\"769\" \/>\n\t<meta property=\"og:image:type\" content=\"image\/png\" \/>\n<meta name=\"twitter:card\" content=\"summary_large_image\" \/>\n<meta name=\"twitter:label1\" content=\"Dur\u00e9e de lecture estim\u00e9e\" \/>\n\t<meta name=\"twitter:data1\" content=\"2 minutes\" \/>\n<script type=\"application\/ld+json\" class=\"yoast-schema-graph\">{\"@context\":\"https:\\\/\\\/schema.org\",\"@graph\":[{\"@type\":\"WebPage\",\"@id\":\"https:\\\/\\\/programme.yiddish.paris\\\/?tribe_events=les-juifs-de-belleville-de-benjamin-schlevin\",\"url\":\"https:\\\/\\\/programme.yiddish.paris\\\/?tribe_events=les-juifs-de-belleville-de-benjamin-schlevin\",\"name\":\"Les Juifs de Belleville, de Benjamin Schlevin : rencontre litt\u00e9raire (en fran\u00e7ais, en pr\u00e9sentiel) - programme.yiddish.paris\",\"isPartOf\":{\"@id\":\"https:\\\/\\\/programme.yiddish.paris\\\/#website\"},\"primaryImageOfPage\":{\"@id\":\"https:\\\/\\\/programme.yiddish.paris\\\/?tribe_events=les-juifs-de-belleville-de-benjamin-schlevin#primaryimage\"},\"image\":{\"@id\":\"https:\\\/\\\/programme.yiddish.paris\\\/?tribe_events=les-juifs-de-belleville-de-benjamin-schlevin#primaryimage\"},\"thumbnailUrl\":\"https:\\\/\\\/programme.yiddish.paris\\\/wp-content\\\/uploads\\\/2025\\\/02\\\/Juifs-de-belleville-Benjamin-Schlevin.png\",\"datePublished\":\"2025-02-04T08:25:29+00:00\",\"dateModified\":\"2025-02-04T08:26:33+00:00\",\"breadcrumb\":{\"@id\":\"https:\\\/\\\/programme.yiddish.paris\\\/?tribe_events=les-juifs-de-belleville-de-benjamin-schlevin#breadcrumb\"},\"inLanguage\":\"fr-FR\",\"potentialAction\":[{\"@type\":\"ReadAction\",\"target\":[\"https:\\\/\\\/programme.yiddish.paris\\\/?tribe_events=les-juifs-de-belleville-de-benjamin-schlevin\"]}]},{\"@type\":\"ImageObject\",\"inLanguage\":\"fr-FR\",\"@id\":\"https:\\\/\\\/programme.yiddish.paris\\\/?tribe_events=les-juifs-de-belleville-de-benjamin-schlevin#primaryimage\",\"url\":\"https:\\\/\\\/programme.yiddish.paris\\\/wp-content\\\/uploads\\\/2025\\\/02\\\/Juifs-de-belleville-Benjamin-Schlevin.png\",\"contentUrl\":\"https:\\\/\\\/programme.yiddish.paris\\\/wp-content\\\/uploads\\\/2025\\\/02\\\/Juifs-de-belleville-Benjamin-Schlevin.png\",\"width\":500,\"height\":769},{\"@type\":\"BreadcrumbList\",\"@id\":\"https:\\\/\\\/programme.yiddish.paris\\\/?tribe_events=les-juifs-de-belleville-de-benjamin-schlevin#breadcrumb\",\"itemListElement\":[{\"@type\":\"ListItem\",\"position\":1,\"name\":\"Home\",\"item\":\"https:\\\/\\\/programme.yiddish.paris\\\/\"},{\"@type\":\"ListItem\",\"position\":2,\"name\":\"\u00c9v\u00e8nements\",\"item\":\"https:\\\/\\\/programme.yiddish.paris\\\/?post_type=tribe_events\"},{\"@type\":\"ListItem\",\"position\":3,\"name\":\"Les Juifs de Belleville, de Benjamin Schlevin : rencontre litt\u00e9raire (en fran\u00e7ais, en pr\u00e9sentiel)\"}]},{\"@type\":\"WebSite\",\"@id\":\"https:\\\/\\\/programme.yiddish.paris\\\/#website\",\"url\":\"https:\\\/\\\/programme.yiddish.paris\\\/\",\"name\":\"programme.yiddish.paris\",\"description\":\"La programmation culturelle de la Maison de la culture yiddish \u2013\u00a0Biblioth\u00e8que Medem\",\"publisher\":{\"@id\":\"https:\\\/\\\/programme.yiddish.paris\\\/#organization\"},\"potentialAction\":[{\"@type\":\"SearchAction\",\"target\":{\"@type\":\"EntryPoint\",\"urlTemplate\":\"https:\\\/\\\/programme.yiddish.paris\\\/?s={search_term_string}\"},\"query-input\":{\"@type\":\"PropertyValueSpecification\",\"valueRequired\":true,\"valueName\":\"search_term_string\"}}],\"inLanguage\":\"fr-FR\"},{\"@type\":\"Organization\",\"@id\":\"https:\\\/\\\/programme.yiddish.paris\\\/#organization\",\"name\":\"programme.yiddish.paris\",\"url\":\"https:\\\/\\\/programme.yiddish.paris\\\/\",\"logo\":{\"@type\":\"ImageObject\",\"inLanguage\":\"fr-FR\",\"@id\":\"https:\\\/\\\/programme.yiddish.paris\\\/#\\\/schema\\\/logo\\\/image\\\/\",\"url\":\"https:\\\/\\\/programme.yiddish.paris\\\/wp-content\\\/uploads\\\/2020\\\/07\\\/cropped-mcy_yud-1.png\",\"contentUrl\":\"https:\\\/\\\/programme.yiddish.paris\\\/wp-content\\\/uploads\\\/2020\\\/07\\\/cropped-mcy_yud-1.png\",\"width\":250,\"height\":250,\"caption\":\"programme.yiddish.paris\"},\"image\":{\"@id\":\"https:\\\/\\\/programme.yiddish.paris\\\/#\\\/schema\\\/logo\\\/image\\\/\"}}]}<\/script>\n<!-- \/ Yoast SEO plugin. -->","yoast_head_json":{"title":"Les Juifs de Belleville, de Benjamin Schlevin : rencontre litt\u00e9raire (en fran\u00e7ais, en pr\u00e9sentiel) - programme.yiddish.paris","robots":{"index":"index","follow":"follow","max-snippet":"max-snippet:-1","max-image-preview":"max-image-preview:large","max-video-preview":"max-video-preview:-1"},"canonical":"https:\/\/programme.yiddish.paris\/?tribe_events=les-juifs-de-belleville-de-benjamin-schlevin","og_locale":"fr_FR","og_type":"article","og_title":"Les Juifs de Belleville, de Benjamin Schlevin : rencontre litt\u00e9raire (en fran\u00e7ais, en pr\u00e9sentiel) - programme.yiddish.paris","og_description":"Jeudi 15 mai 2025 \u00e0 19h30\u00a0 Les Juifs de Belleville, de Benjamin Schlevin, traduit du yiddish par Batia Baum et Joseph Strasburger (\u00e9ditions de L&rsquo;\u00e9chapp\u00e9e, collection Paris perdu, 2025) \u00c9crivain &hellip; Continuer la lecture de &laquo;&nbsp;Les Juifs de Belleville, de Benjamin Schlevin : rencontre litt\u00e9raire (en fran\u00e7ais, en pr\u00e9sentiel)&nbsp;&raquo;","og_url":"https:\/\/programme.yiddish.paris\/?tribe_events=les-juifs-de-belleville-de-benjamin-schlevin","og_site_name":"programme.yiddish.paris","article_modified_time":"2025-02-04T08:26:33+00:00","og_image":[{"width":500,"height":769,"url":"https:\/\/programme.yiddish.paris\/wp-content\/uploads\/2025\/02\/Juifs-de-belleville-Benjamin-Schlevin.png","type":"image\/png"}],"twitter_card":"summary_large_image","twitter_misc":{"Dur\u00e9e de lecture estim\u00e9e":"2 minutes"},"schema":{"@context":"https:\/\/schema.org","@graph":[{"@type":"WebPage","@id":"https:\/\/programme.yiddish.paris\/?tribe_events=les-juifs-de-belleville-de-benjamin-schlevin","url":"https:\/\/programme.yiddish.paris\/?tribe_events=les-juifs-de-belleville-de-benjamin-schlevin","name":"Les Juifs de Belleville, de Benjamin Schlevin : rencontre litt\u00e9raire (en fran\u00e7ais, en pr\u00e9sentiel) - programme.yiddish.paris","isPartOf":{"@id":"https:\/\/programme.yiddish.paris\/#website"},"primaryImageOfPage":{"@id":"https:\/\/programme.yiddish.paris\/?tribe_events=les-juifs-de-belleville-de-benjamin-schlevin#primaryimage"},"image":{"@id":"https:\/\/programme.yiddish.paris\/?tribe_events=les-juifs-de-belleville-de-benjamin-schlevin#primaryimage"},"thumbnailUrl":"https:\/\/programme.yiddish.paris\/wp-content\/uploads\/2025\/02\/Juifs-de-belleville-Benjamin-Schlevin.png","datePublished":"2025-02-04T08:25:29+00:00","dateModified":"2025-02-04T08:26:33+00:00","breadcrumb":{"@id":"https:\/\/programme.yiddish.paris\/?tribe_events=les-juifs-de-belleville-de-benjamin-schlevin#breadcrumb"},"inLanguage":"fr-FR","potentialAction":[{"@type":"ReadAction","target":["https:\/\/programme.yiddish.paris\/?tribe_events=les-juifs-de-belleville-de-benjamin-schlevin"]}]},{"@type":"ImageObject","inLanguage":"fr-FR","@id":"https:\/\/programme.yiddish.paris\/?tribe_events=les-juifs-de-belleville-de-benjamin-schlevin#primaryimage","url":"https:\/\/programme.yiddish.paris\/wp-content\/uploads\/2025\/02\/Juifs-de-belleville-Benjamin-Schlevin.png","contentUrl":"https:\/\/programme.yiddish.paris\/wp-content\/uploads\/2025\/02\/Juifs-de-belleville-Benjamin-Schlevin.png","width":500,"height":769},{"@type":"BreadcrumbList","@id":"https:\/\/programme.yiddish.paris\/?tribe_events=les-juifs-de-belleville-de-benjamin-schlevin#breadcrumb","itemListElement":[{"@type":"ListItem","position":1,"name":"Home","item":"https:\/\/programme.yiddish.paris\/"},{"@type":"ListItem","position":2,"name":"\u00c9v\u00e8nements","item":"https:\/\/programme.yiddish.paris\/?post_type=tribe_events"},{"@type":"ListItem","position":3,"name":"Les Juifs de Belleville, de Benjamin Schlevin : rencontre litt\u00e9raire (en fran\u00e7ais, en pr\u00e9sentiel)"}]},{"@type":"WebSite","@id":"https:\/\/programme.yiddish.paris\/#website","url":"https:\/\/programme.yiddish.paris\/","name":"programme.yiddish.paris","description":"La programmation culturelle de la Maison de la culture yiddish \u2013\u00a0Biblioth\u00e8que Medem","publisher":{"@id":"https:\/\/programme.yiddish.paris\/#organization"},"potentialAction":[{"@type":"SearchAction","target":{"@type":"EntryPoint","urlTemplate":"https:\/\/programme.yiddish.paris\/?s={search_term_string}"},"query-input":{"@type":"PropertyValueSpecification","valueRequired":true,"valueName":"search_term_string"}}],"inLanguage":"fr-FR"},{"@type":"Organization","@id":"https:\/\/programme.yiddish.paris\/#organization","name":"programme.yiddish.paris","url":"https:\/\/programme.yiddish.paris\/","logo":{"@type":"ImageObject","inLanguage":"fr-FR","@id":"https:\/\/programme.yiddish.paris\/#\/schema\/logo\/image\/","url":"https:\/\/programme.yiddish.paris\/wp-content\/uploads\/2020\/07\/cropped-mcy_yud-1.png","contentUrl":"https:\/\/programme.yiddish.paris\/wp-content\/uploads\/2020\/07\/cropped-mcy_yud-1.png","width":250,"height":250,"caption":"programme.yiddish.paris"},"image":{"@id":"https:\/\/programme.yiddish.paris\/#\/schema\/logo\/image\/"}}]}},"_links":{"self":[{"href":"https:\/\/programme.yiddish.paris\/index.php?rest_route=\/wp\/v2\/tribe_events\/5997","targetHints":{"allow":["GET"]}}],"collection":[{"href":"https:\/\/programme.yiddish.paris\/index.php?rest_route=\/wp\/v2\/tribe_events"}],"about":[{"href":"https:\/\/programme.yiddish.paris\/index.php?rest_route=\/wp\/v2\/types\/tribe_events"}],"author":[{"embeddable":true,"href":"https:\/\/programme.yiddish.paris\/index.php?rest_route=\/wp\/v2\/users\/2"}],"version-history":[{"count":3,"href":"https:\/\/programme.yiddish.paris\/index.php?rest_route=\/wp\/v2\/tribe_events\/5997\/revisions"}],"predecessor-version":[{"id":6001,"href":"https:\/\/programme.yiddish.paris\/index.php?rest_route=\/wp\/v2\/tribe_events\/5997\/revisions\/6001"}],"wp:featuredmedia":[{"embeddable":true,"href":"https:\/\/programme.yiddish.paris\/index.php?rest_route=\/wp\/v2\/media\/5998"}],"wp:attachment":[{"href":"https:\/\/programme.yiddish.paris\/index.php?rest_route=%2Fwp%2Fv2%2Fmedia&parent=5997"}],"wp:term":[{"taxonomy":"post_tag","embeddable":true,"href":"https:\/\/programme.yiddish.paris\/index.php?rest_route=%2Fwp%2Fv2%2Ftags&post=5997"},{"taxonomy":"tribe_events_cat","embeddable":true,"href":"https:\/\/programme.yiddish.paris\/index.php?rest_route=%2Fwp%2Fv2%2Ftribe_events_cat&post=5997"}],"curies":[{"name":"wp","href":"https:\/\/api.w.org\/{rel}","templated":true}]}}