{"id":6024,"date":"2025-02-13T14:51:50","date_gmt":"2025-02-13T13:51:50","guid":{"rendered":"https:\/\/programme.yiddish.paris\/?post_type=tribe_events&#038;p=6024"},"modified":"2025-03-11T17:05:55","modified_gmt":"2025-03-11T16:05:55","slug":"seminaire-exceptionnel-avec-mikhail-krutikov-en-yiddish-en-presentiel-et-sur-zoom","status":"publish","type":"tribe_events","link":"https:\/\/programme.yiddish.paris\/?tribe_events=seminaire-exceptionnel-avec-mikhail-krutikov-en-yiddish-en-presentiel-et-sur-zoom","title":{"rendered":"ANNUL\u00c9 Seminar \/ S\u00e9minaire exceptionnel avec Mikhail Krutikov (en yiddish, en pr\u00e9sentiel et sur Zoom)"},"content":{"rendered":"<ul>\n<li><a href=\"#YID\">Yiddish<\/a><a id=\"YID\"><\/a><\/li>\n<li><a href=\"#FRE\">Fran\u00e7ais<\/a><\/li>\n<li><a href=\"#ENG\">English<\/a><\/li>\n<\/ul>\n<h1 class=\"v1v1xv1xmsonormal11\" dir=\"RTL\"><span lang=\"HE\">\u05d0\u05b8\u05e4\u05bc\u05e7\u05dc\u05d0\u05b7\u05e0\u05d2\u05e2\u05df \u05e4\u05bf\u05d5\u05df \u05e7\u05d1\u05dc\u05d4 \u05d0\u05d5\u05df \u05d7\u05e1\u05d9\u05d3\u05d5\u05ea \u05d0\u05d9\u05df \u05d3\u05e2\u05e8 \u05e1\u05d0\u05b8\u05f0\u05e2\u05d8\u05d9\u05e9\u05e2\u05e8 \u05d9\u05d9\u05b4\u05d3\u05d9\u05e9\u05e2\u05e8 \u05dc\u05d9\u05d8\u05e2\u05e8\u05d0\u05b7\u05d8\u05d5\u05e8<\/span><\/h1>\n<h2 class=\"v1v1xv1xmsonormal11\" dir=\"RTL\">\u05e1\u05e2\u05de\u05d9\u05e0\u05d0\u05b7\u05e8 \u05e4\u05bf\u05d0\u05b7\u05e8 \u05d0\u05b7\u05d5\u05d5\u05d0\u05b7\u05e0\u05e1\u05d9\u05e8\u05d8\u05e2 \u05e1\u05d8\u05d5\u05d3\u05e2\u05e0\u05d8\u05df \u05de\u05d9\u05d8 <strong>\u05de\u05d9\u05db\u05d0\u05dc \u05e7\u05e8\u05d5\u05d8\u05d9\u05e7\u05d0\u05b8\u05d5\u05d5<\/strong><\/h2>\n<p dir=\"RTL\"><span style=\"color: #ff0000;\"><strong>\u05d6\u05d5\u05e0\u05d8\u05d9\u05e7 \u05d3\u05e2\u05dd 30\u05e1\u05d8\u05df \u05de\u05d0\u05b7\u05e8\u05e5 2025<\/strong><\/span><br \/>\n<strong>11:30 \u05d1\u05d9\u05d6 13:00 \u05d0\u05b7\u05d6\u05f3<\/strong>\u00a0\u05e4\u05bc\u05d0\u05b7\u05e8\u05d9\u05d6\u05e2\u05e8 \u05e6\u05f2\u05b7\u05d8<br \/>\n\u05de\u05d9\u05d8\u05d9\u05e7<span lang=\"HE\">\u05be<\/span>\u05d4\u05e4\u05bf\u05e1\u05e7\u05d4<br \/>\n<strong>14:00 \u05d1\u05d9\u05d6 15:30 \u05d0\u05b7\u05d6\u05f3<\/strong>\u00a0\u05e4\u05bc\u05d0\u05b7\u05e8\u05d9\u05d6\u05e2\u05e8 \u05e6\u05f2\u05b7\u05d8<\/p>\n<p class=\"v1v1xv1xmsonormal11\" dir=\"RTL\"><span lang=\"HE\">\u05e1\u05d0\u05b8\u05f0\u05e2\u05d8\u05d9\u05e9\u05e2 \u05d9\u05d9\u05b4\u05d3\u05d9\u05e9\u05e2 \u05dc\u05d9\u05d8\u05e2\u05e8\u05d0\u05b7\u05d8\u05d5\u05e8 \u05d4\u05d0\u05b8\u05d8 \u05d6\u05d9\u05da \u05d0\u05b8\u05e0\u05d2\u05e2\u05d4\u05f1\u05d1\u05df \u05f0\u05d9 \u05d0\u05b7 \u05e9\u05e2\u05e4\u05bf\u05e2\u05e8\u05d9\u05e9\u05e2\u05e8 \u05e2\u05e7\u05e1\u05e4\u05bc\u05e2\u05e8\u05d9\u05de\u05e2\u05e0\u05d8, \u05f0\u05d0\u05b8\u05e1 \u05d4\u05d0\u05b8\u05d8 \u05d2\u05e2\u05e4\u05bc\u05e8\u05d5\u05bc\u05f0\u05d8 \u05e6\u05d5\u05e0\u05f1\u05e4\u05bf\u05e6\u05d5\u05e9\u05de\u05e2\u05dc\u05e6\u05df \u05d9\u05d9\u05b4\u05d3\u05d9\u05e9\u05e7\u05f2\u05d8 \u05de\u05d9\u05d8 \u05e1\u05d0\u05b8\u05f0\u05e2\u05d8\u05d9\u05e9\u05e7\u05f2\u05d8. \u05de\u05d9\u05e8 \u05f0\u05e2\u05dc\u05df \u05d1\u05d0\u05b7\u05d8\u05e8\u05d0\u05b7\u05db\u05d8\u05df, \u05f0\u05d9 \u05d0\u05b7\u05d6\u05f1 \u05d3\u05e2\u05e8 \u05d3\u05d9\u05db\u05d8\u05e2\u05e8 \u05d3\u05d5\u05d3 \u05d4\u05d0\u05b8\u05e4\u05bf\u05e9\u05d8\u05f2\u05df, \u05d3\u05e2\u05e8 \u05e4\u05bc\u05e8\u05d0\u05b8\u05d6\u05e2\u05be\u05e9\u05e8\u05f2\u05b7\u05d1\u05e2\u05e8 \u05d3\u05e2\u05e8 \u05e0\u05e1\u05ea\u05bc\u05e8, \u05d3\u05e2\u05e8 \u05e7\u05e8\u05d9\u05d8\u05d9\u05e7\u05e2\u05e8 \u05de\u05d0\u05d9\u05e8 \u05f0\u05d9\u05e0\u05e2\u05e8 \u05d0\u05d5\u05df \u05d0\u05b7\u05e0\u05d3\u05e2\u05e8\u05e2 \u05dc\u05d9\u05d8\u05e2\u05e8\u05d0\u05b7\u05d8\u05df \u05d4\u05d0\u05b8\u05d1\u05df \u05d2\u05e2\u05e9\u05e2\u05e4\u05bc\u05d8 \u05e1\u05d9\u05de\u05d1\u05d0\u05b8\u05dc\u05df, \u05d0\u05d9\u05de\u05d0\u05b7\u05d6\u05e9\u05df \u05d0\u05d5\u05df \u05d1\u05d0\u05b7\u05d2\u05e8\u05d9\u05e4\u05bf\u05df \u05e4\u05bf\u05d5\u05df \u05d9\u05d9\u05b4\u05d3\u05d9\u05e9\u05e2 \u05de\u05d9\u05e1\u05d8\u05d9\u05e9\u05e2 \u05d0\u05d5\u05e6\u05e8\u05d5\u05ea, \u05db\u05bc\u05d3\u05d9 \u05e6\u05d5 \u05d1\u05d0\u05b7\u05d6\u05d9\u05e0\u05d9\u05e7\u05df \u05d0\u05d5\u05df \u05d0\u05b8\u05e4\u05bc\u05e6\u05d5\u05e9\u05e4\u05bc\u05d9\u05d2\u05dc\u05e2\u05df \u05d3\u05d9 \u05e0\u05f2\u05b7\u05e2 \u05e1\u05d0\u05b8\u05f0\u05e2\u05d8\u05d9\u05e9\u05e2 \u05f0\u05d9\u05e8\u05e7\u05dc\u05e2\u05db\u05e7\u05f2\u05d8 \u05d0\u05d9\u05df \u05d6\u05f2\u05e2\u05e8\u05e2 \u05f0\u05e2\u05e8\u05e7.<\/span><\/p>\n<p class=\"v1v1xv1xmsonormal11\" dir=\"RTL\"><span lang=\"HE\"><strong>\u05de\u05d9\u05db\u05d0\u05dc \u05e7\u05e8\u05d5\u05d8\u05d9\u05e7\u05d0\u05b8\u05f0<\/strong> \u05d0\u05d9\u05d6 \u05d0\u05b7 \u05e4\u05bc\u05e8\u05d0\u05b8\u05e4\u05bf\u05e2\u05e1\u05d0\u05b8\u05e8 \u05e4\u05bf\u05d5\u05df \u05d9\u05d9\u05b4\u05d3\u05d9\u05e9\u05e2 \u05d0\u05d5\u05df \u05e1\u05dc\u05d0\u05b7\u05f0\u05d9\u05e9\u05e2 \u05dc\u05d9\u05de\u05d5\u05d3\u05d9\u05dd \u05d0\u05d9\u05e0\u05e2\u05dd \u05d0\u05d5\u05e0\u05d9\u05f0\u05e2\u05e8\u05e1\u05d9\u05d8\u05e2\u05d8 \u05e4\u05bf\u05d5\u05df \u05de\u05d9\u05e9\u05d9\u05d2\u05e2\u05df, \u05e2\u05df\u05be\u05d0\u05b7\u05e8\u05d1\u05d0\u05b8\u05e8, \u05e4\u05bf\u05d0\u05b7\u05e8\u05d0\u05f2\u05e0\u05d9\u05e7\u05d8\u05e2 \u05e9\u05d8\u05d0\u05b7\u05d8\u05df. \u05e2\u05e8 \u05d0\u05d9\u05d6 \u05d3\u05e2\u05e8 \u05de\u05d7\u05d1\u05e8 \u05e4\u05bf\u05d5\u05df \u05d3\u05e8\u05f2\u05b7 \u05de\u05d0\u05b8\u05e0\u05d0\u05b8\u05d2\u05e8\u05d0\u05b7\u05e4\u05bf\u05d9\u05e2\u05e1 \u05d0\u05d5\u05df \u05d0\u05b7 \u05de\u05d9\u05d8\u05e8\u05e2\u05d3\u05d0\u05b7\u05e7\u05d8\u05d0\u05b8\u05e8 \u05e4\u05bf\u05d5\u05df \u05e6\u05e2\u05df \u05d6\u05d0\u05b7\u05de\u05dc\u05d5\u05e0\u05d2\u05e2\u05df \u05e4\u05bf\u05d5\u05df \u05d0\u05b7\u05e8\u05d8\u05d9\u05e7\u05dc\u05e2\u05df \u05d0\u05f1\u05e3 \u05e2\u05e0\u05d2\u05dc\u05d9\u05e9 \u05f0\u05e2\u05d2\u05df \u05d3\u05e2\u05e8 \u05d9\u05d9\u05b4\u05d3\u05d9\u05e9\u05e2\u05e8 \u05dc\u05d9\u05d8\u05e2\u05e8\u05d0\u05b7\u05d8\u05d5\u05e8\u05be\u05d2\u05e2\u05e9\u05d9\u05db\u05d8\u05e2. \u05e2\u05e8 \u05e9\u05e8\u05f2\u05b7\u05d1\u05d8 \u05f0\u05e2\u05d2\u05df \u05e0\u05f2\u05b7\u05e2 \u05d1\u05d9\u05db\u05e2\u05e8 \u05e4\u05bf\u05d0\u05b7\u05e8\u05df \u05e0\u05d9\u05d5\u05be\u05d9\u05d0\u05b8\u05e8\u05e7\u05e2\u05e8 \u05d9\u05d9\u05b4\u05d3\u05d9\u05e9\u05df \u00ab\u00a0\u05e4\u05bf\u05d0\u05b8\u05e8\u05f0\u05e2\u05e8\u05d8\u05e1\u00a0\u00bb. \u05d6\u05f2\u05b7\u05e0\u05e2 \u05d2\u05e2\u05e7\u05dc\u05d9\u05d1\u05e2\u05e0\u05e2 \u05d0\u05b7\u05e8\u05d8\u05d9\u05e7\u05dc\u05e2\u05df \u05d6\u05f2\u05b7\u05e0\u05e2\u05df \u05d0\u05b7\u05e8\u05f1\u05e1 \u05f0\u05d9 \u05d0\u05b7 \u05d1\u05d5\u05da \u00ab\u00a0\u05e6\u05f0\u05d9\u05e9\u05df \u05e9\u05d5\u05e8\u05d5\u05ea: \u05e0\u05d0\u05b8\u05d8\u05d9\u05e6\u05df \u05f0\u05e2\u05d2\u05df \u05d9\u05d9\u05b4\u05d3\u05d9\u05e9\u05e2\u05e8 \u05e7\u05d5\u05dc\u05d8\u05d5\u05e8\u00a0\u00bb (\u05d9\u05e8\u05d5\u05e9\u05dc\u05d9\u05dd, 2018)\u00a0\u00bb.<\/span><\/p>\n<p dir=\"RTL\">\u05d3\u05e2\u05e8 \u05e1\u05e2\u05de\u05d9\u05e0\u05d0\u05b7\u05e8 \u05e7\u05d5\u05de\u05d8 \u05e4\u05bf\u05d0\u05b8\u05e8 <strong>\u05d0\u05d5\u05d9\u05e3 \u05d9\u05d9\u05b4\u05d3\u05d9\u05e9<\/strong>, \u05d2\u05dc\u05f2\u05b7\u05db\u05e6\u05f2\u05b7\u05d8\u05d9\u05e7 <strong>\u05d0\u05d9\u05e0\u05e2\u05dd \u05dc\u05d0\u05b8\u05e7\u05d0\u05b7\u05dc<\/strong> \u05e4\u05bf\u05d5\u05e0\u05e2\u05dd \u05e4\u05bc\u05d0\u05b7\u05e8\u05d9\u05d6\u05e2\u05e8 \u05d9\u05d9\u05b4\u05d3\u05d9\u05e9<span lang=\"HE\">\u05be<\/span>\u05e6\u05e2\u05e0\u05d8\u05e2\u05e8 \u05d0\u05d5\u05df <strong>\u05d3\u05d5\u05e8\u05da \u05d6\u05d5\u05dd<\/strong>.<\/p>\n<p dir=\"rtl\">\u05d0\u05d5\u05d9\u05d1 \u05d0\u05d9\u05e8 \u05d4\u05d0\u05b8\u05d8 \u05e4\u05bf\u05e8\u05d0\u05b7\u05d2\u05e2\u05e1\u2009:\u00a0<a href=\"mailto:talmidim@yiddishweb.com\"><strong>talmidim@yiddishweb.com<\/strong><\/a><\/p>\n<p dir=\"rtl\">\u05de\u05e2 \u05d3\u05d0\u05b7\u05e8\u05e3 \u05d6\u05d9\u05da \u05d0\u05d5\u05de\u05d1\u05d0\u05b7\u05d3\u05d9\u05e0\u05d2\u05d8 \u05d0\u05f2\u05b7\u05e0\u05e9\u05e8\u05f2\u05b7\u05d1\u05df \u05d0\u05d9\u05df \u05e4\u05bf\u05d0\u05b8\u05e8\u05d5\u05d9\u05e1.<\/p>\n<h3 dir=\"rtl\"><strong>\u05d0\u05f2\u05b7\u05e0\u05e9\u05e8\u05f2\u05b7\u05d1\u05d5\u05e0\u05d2<\/strong><\/h3>\n<p dir=\"rtl\">\u05e9\u05b9\u05db\u05e8\u05be\u05dc\u05d9\u05de\u05d5\u05d3 : 35 \u05d0\u05d9\u05d9\u05e8\u05d0\u05b8\u05e1. \u05de\u05d9\u05d8\u05d2\u05dc\u05d9\u05d3\u05e2\u05e8* : 30 \u05d0\u05d9\u05d9\u05e8\u05d0\u05b8\u05e1.<\/p>\n<p dir=\"rtl\">*\u05d0\u05d5\u05d9\u05d1 \u05d0\u05d9\u05e8\u00a0\u05d5\u05d5\u05e2\u05e8\u05d8 \u05d0\u05b7\u00a0<a href=\"https:\/\/www.helloasso.com\/associations\/maison-de-la-culture-yiddish-bibliotheque-medem\/adhesions\/adhesion-en-ligne-a-la-maison-de-la-culture-yiddish-09-2024-08-2025\">\u05de\u05d9\u05d8\u05d2\u05dc\u05d9\u05d3 \u05d0\u05d9\u05e0\u05e2\u05dd \u05e4\u05bc\u05d0\u05b7\u05e8\u05d9\u05d6\u05e2\u05e8 \u05d9\u05d9\u05b4\u05d3\u05d9\u05e9\u05be\u05e6\u05e2\u05e0\u05d8\u05e2\u05e8 \u05e4\u05bf\u05d0\u05b7\u05e8\u05df \u05d9\u05d0\u05b8\u05e8\u00a0 2025-2024<\/a>, \u05d5\u05d5\u05e2\u05d8 \u05d0\u05d9\u05e8 \u05e7\u05e8\u05d9\u05d2\u05df \u05d0\u05b7 \u05d4\u05e0\u05d7\u05d4\u05be\u05e7\u05d0\u05b8\u05d3 \u05e4\u05bf\u05d0\u05b7\u05e8\u05df \u05de\u05d9\u05d8\u05d2\u05dc\u05d9\u05d3\u05e2\u05e8\u05be\u05e4\u05bc\u05e8\u05f2\u05b7\u05d6.<\/p>\n<p dir=\"rtl\"><strong>\u05d5\u05d5\u05e2\u05df \u05d0\u05d9\u05e8 \u05d5\u05d5\u05e2\u05d8 \u05d4\u05d0\u05b7\u05dc\u05d8\u05df \u05d1\u05f2\u05b7\u05dd \u05d1\u05d0\u05b7\u05e6\u05d0\u05b8\u05dc\u05df, \u05d5\u05d5\u05e2\u05d8 \u05d0\u05f2\u05b7\u05da \u00ab \u05d4\u05e2\u05dc\u05d0\u05b8\u05d0\u05b7\u05e1\u05d0\u05b8 \u00bb \u05e4\u05bf\u05d0\u05b8\u05e8\u05dc\u05d9\u05d9\u05d2\u05df \u05d0\u05b7 \u05e6\u05d5\u05d2\u05d0\u05b8\u05d1\u05be\u05e6\u05d5\u05e9\u05d8\u05f2\u05b7\u05e2\u05e8 \u05e4\u05bf\u05d0\u05b7\u05e8\u05df \u05e7\u05d9\u05d5\u05dd \u05e4\u05bf\u05d5\u05df \u05d3\u05e2\u05e8 \u05d3\u05d0\u05b8\u05d6\u05d9\u05e7\u05e2\u05e8 \u05e4\u05bc\u05dc\u05d0\u05b7\u05d8\u05e4\u05bf\u05d0\u05b8\u05e8\u05de\u05e2. \u05d3\u05d0\u05b8\u05e1 \u05d0\u05d9\u05d6 \u05d0\u05b8\u05e4\u05bc\u05e6\u05d9\u05d0\u05b8\u05e0\u05e2\u05dc : \u05d0\u05d9\u05e8 \u05e7\u05e2\u05e0\u05d8 \u05d1\u05f2\u05b7\u05d8\u05df \u05d3\u05d9 \u05e1\u05d5\u05de\u05e2 \u05d0\u05b8\u05d3\u05e2\u05e8 \u05d0\u05b7\u05e0\u05d5\u05dc\u05d9\u05e8\u05df \u05d3\u05e2\u05dd \u05e6\u05d5\u05e9\u05d8\u05f2\u05b7\u05e2\u05e8 \u05de\u05d9\u05d8\u05df \u05e7\u05e0\u05e2\u05e4\u05bc\u05dc \u00ab\u00a0Modifier\u00a0\u00bb<a id=\"FRE\"><\/a>.<\/strong><\/p>\n<h2 dir=\"rtl\" style=\"text-align: left;\">S\u00e9minaire exceptionnel avec Mikhail Krutikov (en yiddish, en pr\u00e9sentiel et sur Zoom)<\/h2>\n<p><span style=\"color: #ff0000;\"><strong>Dimanche 30 mars 2025<br \/>\n<span style=\"color: #000000;\">11h30-13h00<\/span><\/strong><br \/>\n<span style=\"color: #000000;\">Pause d\u00e9jeuner<\/span><br \/>\n<strong><span style=\"color: #000000;\">14h00-15h30<\/span><br \/>\n<\/strong><\/span><\/p>\n<p><em>\u00c0 l\u2019occasion de la pr\u00e9sence \u00e0 Paris de <strong>Mikhail Krutikov<\/strong><\/em><\/p>\n<h2>\u00c9chos de la kabbale et du hassidisme dans la litt\u00e9rature yiddish sovi\u00e9tique<\/h2>\n<p>La litt\u00e9rature yiddish sovi\u00e9tique s\u2019est d\u2019abord d\u00e9velopp\u00e9e comme une exp\u00e9rience inventive qui tentait de fondre les mat\u00e9riaux juifs et sovi\u00e9tiques. Mikhail Krutikov analysera la fa\u00e7on dont le po\u00e8te Dovid Hofshteyn, l\u2019\u00e9crivain Der Nister, le critique litt\u00e9raire Meir Wiener ainsi que d\u2019autres auteurs ont utilis\u00e9 symboles, images et concepts venus des tr\u00e9sors du mysticisme juif afin d\u2019appr\u00e9hender et de refl\u00e9ter la nouvelle r\u00e9alit\u00e9 sovi\u00e9tique dans leurs \u0153uvres.<\/p>\n<p>Professeur d\u2019\u00e9tudes juives et de langues et \u00a0litt\u00e9ratures slaves \u00e0 l\u2019Universit\u00e9 du Michigan, Ann Arbor (\u00c9tats-Unis), <strong>Mikhail Krutikov<\/strong> est l\u2019auteur de trois monographies et co-auteur dans dix volumes collectifs d\u2019articles en anglais sur l\u2019histoire de la litt\u00e9rature yiddish. Il commente les nouvelles publications pour le journal new-yorkais <em>Forverts<\/em>.<\/p>\n<p>Pour \u00e9tudiants avanc\u00e9s.<\/p>\n<p><em>Le s\u00e9minaire se d\u00e9roule en yiddish, en pr\u00e9sentiel et sur Zoom.<\/em><\/p>\n<p><em>Tarif : 35 \u20ac. Adh\u00e9rents : 30 \u20ac*.<br \/>\n<a href=\"https:\/\/www.helloasso.com\/associations\/maison-de-la-culture-yiddish-bibliotheque-medem\/adhesions\/adhesion-en-ligne-a-la-maison-de-la-culture-yiddish-2021-2022\">*<\/a><a href=\"https:\/\/www.helloasso.com\/associations\/maison-de-la-culture-yiddish-bibliotheque-medem\/adhesions\/adhesion-en-ligne-a-la-maison-de-la-culture-yiddish-09-2024-08-2025\">Adh\u00e9rez \u00e0 la Maison de la culture yiddish pour la saison 2024-2025<\/a>\u00a0et d\u00e9couvrez\u00a0<strong>le code promotionnel<\/strong>\u00a0qui vous donnera acc\u00e8s au\u00a0<strong>tarif r\u00e9duit<\/strong>\u00a0sur vos r\u00e9servations.<\/em><\/p>\n<p><strong>Cliquez ici<\/strong>\u00a0pour r\u00e9server (r\u00e9servation obligatoire).<\/p>\n<p><strong>Attention : au moment du r\u00e8glement, la plateforme Helloasso vous proposera d\u2019ajouter une contribution \u00e0 son fonctionnement. Celle-ci est optionnelle, et vous pouvez changer son montant ou bien l\u2019annuler en appuyant sur le bouton \u00ab Modifier \u00bb<a id=\"ENG\"><\/a>.<\/strong><\/p>\n<h2 dir=\"rtl\" style=\"text-align: left;\"><span lang=\"EN-US\">Echoes of Kabbalah and Hasidism in Soviet Yiddish literature:\u00a0 seminar with Mikhail Krutikov<\/span><\/h2>\n<p class=\"v1MsoNormal\"><span style=\"color: #ff0000;\"><strong><span lang=\"EN-US\">Sunday, March 30, 2025<br \/>\n<\/span><\/strong><\/span><span lang=\"EN-US\"><strong>11:30am-1:00pm<\/strong> Paris time (GMT+1)<br \/>\n<\/span><span lang=\"EN-US\">Lunch break<br \/>\n<\/span><span lang=\"EN-US\"><strong>2:00 pm &#8211; 3:30 pm<\/strong> Paris time (GMT+1)<\/span><\/p>\n<p class=\"v1MsoNormal\"><em><span lang=\"EN-US\">\u00a0<\/span><span lang=\"EN-US\">On the occasion of the presence in Paris of Mikhail Krutikov<\/span><\/em><\/p>\n<p class=\"v1MsoNormal\"><span lang=\"EN-US\">Soviet Yiddish literature first developed as an inventive experiment in fusing Jewish and Soviet materials. Mikhail Krutikov will analyze how poet Dovid Hofshteyn, writer Der Nister, literary critic Meir Wiener and other authors used symbols, images and concepts from the treasures of Jewish mysticism to apprehend and reflect the new Soviet reality in their works.<\/span><\/p>\n<p class=\"v1MsoNormal\"><span lang=\"EN-US\">\u00a0<\/span><span lang=\"EN-US\">Professor of Jewish Studies and Slavic Languages and Literatures at the University of Michigan, Ann Arbor (USA), <strong>Mikhail Krutikov<\/strong> is the author of three monographs and a co-author in ten collective volumes of articles in English on the history of Yiddish literature. He comments on new publications for the New York based web magazine <em>Forverts<\/em>.<\/span><\/p>\n<p class=\"v1MsoNormal\"><span lang=\"EN-US\">For advanced students.<\/span><\/p>\n<p class=\"v1MsoNormal\"><span lang=\"EN-US\">The seminar takes place in Yiddish, face-to-face in our Paris center, and on Zoom.<\/span><\/p>\n<p class=\"v1MsoNormal\"><span lang=\"EN-US\">\u00a0<\/span><span lang=\"EN-US\">Price: \u20ac35. Members: \u20ac30*.<\/span><\/p>\n<p class=\"v1MsoNormal\"><span lang=\"EN-US\">*Join the <a href=\"https:\/\/www.helloasso.com\/associations\/maison-de-la-culture-yiddish-bibliotheque-medem\/adhesions\/adhesion-en-ligne-a-la-maison-de-la-culture-yiddish-09-2024-08-2025\">Maison de la culture yiddish for the 2024-2025 season<\/a> and discover the promotional code that will give you access to a reduced rate on your bookings.<\/span><\/p>\n<p class=\"v1MsoNormal\"><strong><span lang=\"EN-US\">\u00a0<\/span><\/strong><span lang=\"EN-US\"><strong>Click here<\/strong> to register (reservation required).<\/span><\/p>\n<p class=\"v1MsoNormal\"><strong><span lang=\"EN-US\">\u00a0<\/span><span lang=\"EN-US\">Please note: at checkout, the Helloasso platform will ask you to add a contribution to its operation. This is optional, and you can change the amount or cancel it by pressing the \u00ab\u00a0Modify\u00a0\u00bb button.<\/span><\/strong><\/p>\n<p class=\"v1MsoNormal\">\n","protected":false},"excerpt":{"rendered":"<p>Yiddish Fran\u00e7ais English \u05d0\u05b8\u05e4\u05bc\u05e7\u05dc\u05d0\u05b7\u05e0\u05d2\u05e2\u05df \u05e4\u05bf\u05d5\u05df \u05e7\u05d1\u05dc\u05d4 \u05d0\u05d5\u05df \u05d7\u05e1\u05d9\u05d3\u05d5\u05ea \u05d0\u05d9\u05df \u05d3\u05e2\u05e8 \u05e1\u05d0\u05b8\u05f0\u05e2\u05d8\u05d9\u05e9\u05e2\u05e8 \u05d9\u05d9\u05b4\u05d3\u05d9\u05e9\u05e2\u05e8 \u05dc\u05d9\u05d8\u05e2\u05e8\u05d0\u05b7\u05d8\u05d5\u05e8 \u05e1\u05e2\u05de\u05d9\u05e0\u05d0\u05b7\u05e8 \u05e4\u05bf\u05d0\u05b7\u05e8 \u05d0\u05b7\u05d5\u05d5\u05d0\u05b7\u05e0\u05e1\u05d9\u05e8\u05d8\u05e2 \u05e1\u05d8\u05d5\u05d3\u05e2\u05e0\u05d8\u05df \u05de\u05d9\u05d8 \u05de\u05d9\u05db\u05d0\u05dc \u05e7\u05e8\u05d5\u05d8\u05d9\u05e7\u05d0\u05b8\u05d5\u05d5 \u05d6\u05d5\u05e0\u05d8\u05d9\u05e7 \u05d3\u05e2\u05dd 30\u05e1\u05d8\u05df \u05de\u05d0\u05b7\u05e8\u05e5 2025 11:30 \u05d1\u05d9\u05d6 13:00 \u05d0\u05b7\u05d6\u05f3\u00a0\u05e4\u05bc\u05d0\u05b7\u05e8\u05d9\u05d6\u05e2\u05e8 \u05e6\u05f2\u05b7\u05d8 &hellip; <\/p>\n<p class=\"link-more\"><a href=\"https:\/\/programme.yiddish.paris\/?tribe_events=seminaire-exceptionnel-avec-mikhail-krutikov-en-yiddish-en-presentiel-et-sur-zoom\" class=\"more-link\">Continuer la lecture<span class=\"screen-reader-text\"> de &laquo;&nbsp;ANNUL\u00c9 Seminar \/ S\u00e9minaire exceptionnel avec Mikhail Krutikov (en yiddish, en pr\u00e9sentiel et sur Zoom)&nbsp;&raquo;<\/span><\/a><\/p>\n","protected":false},"author":2,"featured_media":2666,"template":"","meta":{"_monsterinsights_skip_tracking":false,"_monsterinsights_sitenote_active":false,"_monsterinsights_sitenote_note":"","_monsterinsights_sitenote_category":0,"_tribe_events_status":"","_tribe_events_status_reason":"","footnotes":""},"tags":[],"tribe_events_cat":[45,56],"class_list":["post-6024","tribe_events","type-tribe_events","status-publish","has-post-thumbnail","hentry","tribe_events_cat-seminaire","tribe_events_cat-yiddish","cat_seminaire","cat_yiddish"],"yoast_head":"<!-- This site is optimized with the Yoast SEO plugin v27.5 - https:\/\/yoast.com\/product\/yoast-seo-wordpress\/ -->\n<title>ANNUL\u00c9 Seminar \/ S\u00e9minaire exceptionnel avec Mikhail Krutikov (en yiddish, en pr\u00e9sentiel et sur Zoom) - programme.yiddish.paris<\/title>\n<meta name=\"robots\" content=\"index, follow, max-snippet:-1, max-image-preview:large, max-video-preview:-1\" \/>\n<link rel=\"canonical\" href=\"https:\/\/programme.yiddish.paris\/?tribe_events=seminaire-exceptionnel-avec-mikhail-krutikov-en-yiddish-en-presentiel-et-sur-zoom\" \/>\n<meta property=\"og:locale\" content=\"fr_FR\" \/>\n<meta property=\"og:type\" content=\"article\" \/>\n<meta property=\"og:title\" content=\"ANNUL\u00c9 Seminar \/ S\u00e9minaire exceptionnel avec Mikhail Krutikov (en yiddish, en pr\u00e9sentiel et sur Zoom) - programme.yiddish.paris\" \/>\n<meta property=\"og:description\" content=\"Yiddish Fran\u00e7ais English \u05d0\u05b8\u05e4\u05bc\u05e7\u05dc\u05d0\u05b7\u05e0\u05d2\u05e2\u05df \u05e4\u05bf\u05d5\u05df \u05e7\u05d1\u05dc\u05d4 \u05d0\u05d5\u05df \u05d7\u05e1\u05d9\u05d3\u05d5\u05ea \u05d0\u05d9\u05df \u05d3\u05e2\u05e8 \u05e1\u05d0\u05b8\u05f0\u05e2\u05d8\u05d9\u05e9\u05e2\u05e8 \u05d9\u05d9\u05b4\u05d3\u05d9\u05e9\u05e2\u05e8 \u05dc\u05d9\u05d8\u05e2\u05e8\u05d0\u05b7\u05d8\u05d5\u05e8 \u05e1\u05e2\u05de\u05d9\u05e0\u05d0\u05b7\u05e8 \u05e4\u05bf\u05d0\u05b7\u05e8 \u05d0\u05b7\u05d5\u05d5\u05d0\u05b7\u05e0\u05e1\u05d9\u05e8\u05d8\u05e2 \u05e1\u05d8\u05d5\u05d3\u05e2\u05e0\u05d8\u05df \u05de\u05d9\u05d8 \u05de\u05d9\u05db\u05d0\u05dc \u05e7\u05e8\u05d5\u05d8\u05d9\u05e7\u05d0\u05b8\u05d5\u05d5 \u05d6\u05d5\u05e0\u05d8\u05d9\u05e7 \u05d3\u05e2\u05dd 30\u05e1\u05d8\u05df \u05de\u05d0\u05b7\u05e8\u05e5 2025 11:30 \u05d1\u05d9\u05d6 13:00 \u05d0\u05b7\u05d6\u05f3\u00a0\u05e4\u05bc\u05d0\u05b7\u05e8\u05d9\u05d6\u05e2\u05e8 \u05e6\u05f2\u05b7\u05d8 &hellip; Continuer la lecture de &laquo;&nbsp;ANNUL\u00c9 Seminar \/ S\u00e9minaire exceptionnel avec Mikhail Krutikov (en yiddish, en pr\u00e9sentiel et sur Zoom)&nbsp;&raquo;\" \/>\n<meta property=\"og:url\" content=\"https:\/\/programme.yiddish.paris\/?tribe_events=seminaire-exceptionnel-avec-mikhail-krutikov-en-yiddish-en-presentiel-et-sur-zoom\" \/>\n<meta property=\"og:site_name\" content=\"programme.yiddish.paris\" \/>\n<meta property=\"article:modified_time\" content=\"2025-03-11T16:05:55+00:00\" \/>\n<meta property=\"og:image\" content=\"https:\/\/programme.yiddish.paris\/wp-content\/uploads\/2021\/11\/khad-gadye-kleyn2.jpeg\" \/>\n\t<meta property=\"og:image:width\" content=\"480\" \/>\n\t<meta property=\"og:image:height\" content=\"512\" \/>\n\t<meta property=\"og:image:type\" content=\"image\/jpeg\" \/>\n<meta name=\"twitter:card\" content=\"summary_large_image\" \/>\n<meta name=\"twitter:label1\" content=\"Dur\u00e9e de lecture estim\u00e9e\" \/>\n\t<meta name=\"twitter:data1\" content=\"4 minutes\" \/>\n<script type=\"application\/ld+json\" class=\"yoast-schema-graph\">{\"@context\":\"https:\\\/\\\/schema.org\",\"@graph\":[{\"@type\":\"WebPage\",\"@id\":\"https:\\\/\\\/programme.yiddish.paris\\\/?tribe_events=seminaire-exceptionnel-avec-mikhail-krutikov-en-yiddish-en-presentiel-et-sur-zoom\",\"url\":\"https:\\\/\\\/programme.yiddish.paris\\\/?tribe_events=seminaire-exceptionnel-avec-mikhail-krutikov-en-yiddish-en-presentiel-et-sur-zoom\",\"name\":\"ANNUL\u00c9 Seminar \\\/ S\u00e9minaire exceptionnel avec Mikhail Krutikov (en yiddish, en pr\u00e9sentiel et sur Zoom) - programme.yiddish.paris\",\"isPartOf\":{\"@id\":\"https:\\\/\\\/programme.yiddish.paris\\\/#website\"},\"primaryImageOfPage\":{\"@id\":\"https:\\\/\\\/programme.yiddish.paris\\\/?tribe_events=seminaire-exceptionnel-avec-mikhail-krutikov-en-yiddish-en-presentiel-et-sur-zoom#primaryimage\"},\"image\":{\"@id\":\"https:\\\/\\\/programme.yiddish.paris\\\/?tribe_events=seminaire-exceptionnel-avec-mikhail-krutikov-en-yiddish-en-presentiel-et-sur-zoom#primaryimage\"},\"thumbnailUrl\":\"https:\\\/\\\/programme.yiddish.paris\\\/wp-content\\\/uploads\\\/2021\\\/11\\\/khad-gadye-kleyn2.jpeg\",\"datePublished\":\"2025-02-13T13:51:50+00:00\",\"dateModified\":\"2025-03-11T16:05:55+00:00\",\"breadcrumb\":{\"@id\":\"https:\\\/\\\/programme.yiddish.paris\\\/?tribe_events=seminaire-exceptionnel-avec-mikhail-krutikov-en-yiddish-en-presentiel-et-sur-zoom#breadcrumb\"},\"inLanguage\":\"fr-FR\",\"potentialAction\":[{\"@type\":\"ReadAction\",\"target\":[\"https:\\\/\\\/programme.yiddish.paris\\\/?tribe_events=seminaire-exceptionnel-avec-mikhail-krutikov-en-yiddish-en-presentiel-et-sur-zoom\"]}]},{\"@type\":\"ImageObject\",\"inLanguage\":\"fr-FR\",\"@id\":\"https:\\\/\\\/programme.yiddish.paris\\\/?tribe_events=seminaire-exceptionnel-avec-mikhail-krutikov-en-yiddish-en-presentiel-et-sur-zoom#primaryimage\",\"url\":\"https:\\\/\\\/programme.yiddish.paris\\\/wp-content\\\/uploads\\\/2021\\\/11\\\/khad-gadye-kleyn2.jpeg\",\"contentUrl\":\"https:\\\/\\\/programme.yiddish.paris\\\/wp-content\\\/uploads\\\/2021\\\/11\\\/khad-gadye-kleyn2.jpeg\",\"width\":480,\"height\":512},{\"@type\":\"BreadcrumbList\",\"@id\":\"https:\\\/\\\/programme.yiddish.paris\\\/?tribe_events=seminaire-exceptionnel-avec-mikhail-krutikov-en-yiddish-en-presentiel-et-sur-zoom#breadcrumb\",\"itemListElement\":[{\"@type\":\"ListItem\",\"position\":1,\"name\":\"Home\",\"item\":\"https:\\\/\\\/programme.yiddish.paris\\\/\"},{\"@type\":\"ListItem\",\"position\":2,\"name\":\"\u00c9v\u00e8nements\",\"item\":\"https:\\\/\\\/programme.yiddish.paris\\\/?post_type=tribe_events\"},{\"@type\":\"ListItem\",\"position\":3,\"name\":\"ANNUL\u00c9 Seminar \\\/ S\u00e9minaire exceptionnel avec Mikhail Krutikov (en yiddish, en pr\u00e9sentiel et sur Zoom)\"}]},{\"@type\":\"WebSite\",\"@id\":\"https:\\\/\\\/programme.yiddish.paris\\\/#website\",\"url\":\"https:\\\/\\\/programme.yiddish.paris\\\/\",\"name\":\"programme.yiddish.paris\",\"description\":\"La programmation culturelle de la Maison de la culture yiddish \u2013\u00a0Biblioth\u00e8que Medem\",\"publisher\":{\"@id\":\"https:\\\/\\\/programme.yiddish.paris\\\/#organization\"},\"potentialAction\":[{\"@type\":\"SearchAction\",\"target\":{\"@type\":\"EntryPoint\",\"urlTemplate\":\"https:\\\/\\\/programme.yiddish.paris\\\/?s={search_term_string}\"},\"query-input\":{\"@type\":\"PropertyValueSpecification\",\"valueRequired\":true,\"valueName\":\"search_term_string\"}}],\"inLanguage\":\"fr-FR\"},{\"@type\":\"Organization\",\"@id\":\"https:\\\/\\\/programme.yiddish.paris\\\/#organization\",\"name\":\"programme.yiddish.paris\",\"url\":\"https:\\\/\\\/programme.yiddish.paris\\\/\",\"logo\":{\"@type\":\"ImageObject\",\"inLanguage\":\"fr-FR\",\"@id\":\"https:\\\/\\\/programme.yiddish.paris\\\/#\\\/schema\\\/logo\\\/image\\\/\",\"url\":\"https:\\\/\\\/programme.yiddish.paris\\\/wp-content\\\/uploads\\\/2020\\\/07\\\/cropped-mcy_yud-1.png\",\"contentUrl\":\"https:\\\/\\\/programme.yiddish.paris\\\/wp-content\\\/uploads\\\/2020\\\/07\\\/cropped-mcy_yud-1.png\",\"width\":250,\"height\":250,\"caption\":\"programme.yiddish.paris\"},\"image\":{\"@id\":\"https:\\\/\\\/programme.yiddish.paris\\\/#\\\/schema\\\/logo\\\/image\\\/\"}}]}<\/script>\n<!-- \/ Yoast SEO plugin. -->","yoast_head_json":{"title":"ANNUL\u00c9 Seminar \/ S\u00e9minaire exceptionnel avec Mikhail Krutikov (en yiddish, en pr\u00e9sentiel et sur Zoom) - programme.yiddish.paris","robots":{"index":"index","follow":"follow","max-snippet":"max-snippet:-1","max-image-preview":"max-image-preview:large","max-video-preview":"max-video-preview:-1"},"canonical":"https:\/\/programme.yiddish.paris\/?tribe_events=seminaire-exceptionnel-avec-mikhail-krutikov-en-yiddish-en-presentiel-et-sur-zoom","og_locale":"fr_FR","og_type":"article","og_title":"ANNUL\u00c9 Seminar \/ S\u00e9minaire exceptionnel avec Mikhail Krutikov (en yiddish, en pr\u00e9sentiel et sur Zoom) - programme.yiddish.paris","og_description":"Yiddish Fran\u00e7ais English \u05d0\u05b8\u05e4\u05bc\u05e7\u05dc\u05d0\u05b7\u05e0\u05d2\u05e2\u05df \u05e4\u05bf\u05d5\u05df \u05e7\u05d1\u05dc\u05d4 \u05d0\u05d5\u05df \u05d7\u05e1\u05d9\u05d3\u05d5\u05ea \u05d0\u05d9\u05df \u05d3\u05e2\u05e8 \u05e1\u05d0\u05b8\u05f0\u05e2\u05d8\u05d9\u05e9\u05e2\u05e8 \u05d9\u05d9\u05b4\u05d3\u05d9\u05e9\u05e2\u05e8 \u05dc\u05d9\u05d8\u05e2\u05e8\u05d0\u05b7\u05d8\u05d5\u05e8 \u05e1\u05e2\u05de\u05d9\u05e0\u05d0\u05b7\u05e8 \u05e4\u05bf\u05d0\u05b7\u05e8 \u05d0\u05b7\u05d5\u05d5\u05d0\u05b7\u05e0\u05e1\u05d9\u05e8\u05d8\u05e2 \u05e1\u05d8\u05d5\u05d3\u05e2\u05e0\u05d8\u05df \u05de\u05d9\u05d8 \u05de\u05d9\u05db\u05d0\u05dc \u05e7\u05e8\u05d5\u05d8\u05d9\u05e7\u05d0\u05b8\u05d5\u05d5 \u05d6\u05d5\u05e0\u05d8\u05d9\u05e7 \u05d3\u05e2\u05dd 30\u05e1\u05d8\u05df \u05de\u05d0\u05b7\u05e8\u05e5 2025 11:30 \u05d1\u05d9\u05d6 13:00 \u05d0\u05b7\u05d6\u05f3\u00a0\u05e4\u05bc\u05d0\u05b7\u05e8\u05d9\u05d6\u05e2\u05e8 \u05e6\u05f2\u05b7\u05d8 &hellip; Continuer la lecture de &laquo;&nbsp;ANNUL\u00c9 Seminar \/ S\u00e9minaire exceptionnel avec Mikhail Krutikov (en yiddish, en pr\u00e9sentiel et sur Zoom)&nbsp;&raquo;","og_url":"https:\/\/programme.yiddish.paris\/?tribe_events=seminaire-exceptionnel-avec-mikhail-krutikov-en-yiddish-en-presentiel-et-sur-zoom","og_site_name":"programme.yiddish.paris","article_modified_time":"2025-03-11T16:05:55+00:00","og_image":[{"width":480,"height":512,"url":"https:\/\/programme.yiddish.paris\/wp-content\/uploads\/2021\/11\/khad-gadye-kleyn2.jpeg","type":"image\/jpeg"}],"twitter_card":"summary_large_image","twitter_misc":{"Dur\u00e9e de lecture estim\u00e9e":"4 minutes"},"schema":{"@context":"https:\/\/schema.org","@graph":[{"@type":"WebPage","@id":"https:\/\/programme.yiddish.paris\/?tribe_events=seminaire-exceptionnel-avec-mikhail-krutikov-en-yiddish-en-presentiel-et-sur-zoom","url":"https:\/\/programme.yiddish.paris\/?tribe_events=seminaire-exceptionnel-avec-mikhail-krutikov-en-yiddish-en-presentiel-et-sur-zoom","name":"ANNUL\u00c9 Seminar \/ S\u00e9minaire exceptionnel avec Mikhail Krutikov (en yiddish, en pr\u00e9sentiel et sur Zoom) - programme.yiddish.paris","isPartOf":{"@id":"https:\/\/programme.yiddish.paris\/#website"},"primaryImageOfPage":{"@id":"https:\/\/programme.yiddish.paris\/?tribe_events=seminaire-exceptionnel-avec-mikhail-krutikov-en-yiddish-en-presentiel-et-sur-zoom#primaryimage"},"image":{"@id":"https:\/\/programme.yiddish.paris\/?tribe_events=seminaire-exceptionnel-avec-mikhail-krutikov-en-yiddish-en-presentiel-et-sur-zoom#primaryimage"},"thumbnailUrl":"https:\/\/programme.yiddish.paris\/wp-content\/uploads\/2021\/11\/khad-gadye-kleyn2.jpeg","datePublished":"2025-02-13T13:51:50+00:00","dateModified":"2025-03-11T16:05:55+00:00","breadcrumb":{"@id":"https:\/\/programme.yiddish.paris\/?tribe_events=seminaire-exceptionnel-avec-mikhail-krutikov-en-yiddish-en-presentiel-et-sur-zoom#breadcrumb"},"inLanguage":"fr-FR","potentialAction":[{"@type":"ReadAction","target":["https:\/\/programme.yiddish.paris\/?tribe_events=seminaire-exceptionnel-avec-mikhail-krutikov-en-yiddish-en-presentiel-et-sur-zoom"]}]},{"@type":"ImageObject","inLanguage":"fr-FR","@id":"https:\/\/programme.yiddish.paris\/?tribe_events=seminaire-exceptionnel-avec-mikhail-krutikov-en-yiddish-en-presentiel-et-sur-zoom#primaryimage","url":"https:\/\/programme.yiddish.paris\/wp-content\/uploads\/2021\/11\/khad-gadye-kleyn2.jpeg","contentUrl":"https:\/\/programme.yiddish.paris\/wp-content\/uploads\/2021\/11\/khad-gadye-kleyn2.jpeg","width":480,"height":512},{"@type":"BreadcrumbList","@id":"https:\/\/programme.yiddish.paris\/?tribe_events=seminaire-exceptionnel-avec-mikhail-krutikov-en-yiddish-en-presentiel-et-sur-zoom#breadcrumb","itemListElement":[{"@type":"ListItem","position":1,"name":"Home","item":"https:\/\/programme.yiddish.paris\/"},{"@type":"ListItem","position":2,"name":"\u00c9v\u00e8nements","item":"https:\/\/programme.yiddish.paris\/?post_type=tribe_events"},{"@type":"ListItem","position":3,"name":"ANNUL\u00c9 Seminar \/ S\u00e9minaire exceptionnel avec Mikhail Krutikov (en yiddish, en pr\u00e9sentiel et sur Zoom)"}]},{"@type":"WebSite","@id":"https:\/\/programme.yiddish.paris\/#website","url":"https:\/\/programme.yiddish.paris\/","name":"programme.yiddish.paris","description":"La programmation culturelle de la Maison de la culture yiddish \u2013\u00a0Biblioth\u00e8que Medem","publisher":{"@id":"https:\/\/programme.yiddish.paris\/#organization"},"potentialAction":[{"@type":"SearchAction","target":{"@type":"EntryPoint","urlTemplate":"https:\/\/programme.yiddish.paris\/?s={search_term_string}"},"query-input":{"@type":"PropertyValueSpecification","valueRequired":true,"valueName":"search_term_string"}}],"inLanguage":"fr-FR"},{"@type":"Organization","@id":"https:\/\/programme.yiddish.paris\/#organization","name":"programme.yiddish.paris","url":"https:\/\/programme.yiddish.paris\/","logo":{"@type":"ImageObject","inLanguage":"fr-FR","@id":"https:\/\/programme.yiddish.paris\/#\/schema\/logo\/image\/","url":"https:\/\/programme.yiddish.paris\/wp-content\/uploads\/2020\/07\/cropped-mcy_yud-1.png","contentUrl":"https:\/\/programme.yiddish.paris\/wp-content\/uploads\/2020\/07\/cropped-mcy_yud-1.png","width":250,"height":250,"caption":"programme.yiddish.paris"},"image":{"@id":"https:\/\/programme.yiddish.paris\/#\/schema\/logo\/image\/"}}]}},"_links":{"self":[{"href":"https:\/\/programme.yiddish.paris\/index.php?rest_route=\/wp\/v2\/tribe_events\/6024","targetHints":{"allow":["GET"]}}],"collection":[{"href":"https:\/\/programme.yiddish.paris\/index.php?rest_route=\/wp\/v2\/tribe_events"}],"about":[{"href":"https:\/\/programme.yiddish.paris\/index.php?rest_route=\/wp\/v2\/types\/tribe_events"}],"author":[{"embeddable":true,"href":"https:\/\/programme.yiddish.paris\/index.php?rest_route=\/wp\/v2\/users\/2"}],"version-history":[{"count":10,"href":"https:\/\/programme.yiddish.paris\/index.php?rest_route=\/wp\/v2\/tribe_events\/6024\/revisions"}],"predecessor-version":[{"id":6086,"href":"https:\/\/programme.yiddish.paris\/index.php?rest_route=\/wp\/v2\/tribe_events\/6024\/revisions\/6086"}],"wp:featuredmedia":[{"embeddable":true,"href":"https:\/\/programme.yiddish.paris\/index.php?rest_route=\/wp\/v2\/media\/2666"}],"wp:attachment":[{"href":"https:\/\/programme.yiddish.paris\/index.php?rest_route=%2Fwp%2Fv2%2Fmedia&parent=6024"}],"wp:term":[{"taxonomy":"post_tag","embeddable":true,"href":"https:\/\/programme.yiddish.paris\/index.php?rest_route=%2Fwp%2Fv2%2Ftags&post=6024"},{"taxonomy":"tribe_events_cat","embeddable":true,"href":"https:\/\/programme.yiddish.paris\/index.php?rest_route=%2Fwp%2Fv2%2Ftribe_events_cat&post=6024"}],"curies":[{"name":"wp","href":"https:\/\/api.w.org\/{rel}","templated":true}]}}