{"id":6026,"date":"2025-02-13T13:01:47","date_gmt":"2025-02-13T12:01:47","guid":{"rendered":"https:\/\/programme.yiddish.paris\/?post_type=tribe_events&#038;p=6026"},"modified":"2025-03-13T15:14:15","modified_gmt":"2025-03-13T14:14:15","slug":"mayn-yidish-kabaretkele-cabaret-yiddish-en-presentiel","status":"publish","type":"tribe_events","link":"https:\/\/programme.yiddish.paris\/?tribe_events=mayn-yidish-kabaretkele-cabaret-yiddish-en-presentiel","title":{"rendered":"Mayn yidish kabaretkele : cabaret yiddish (en pr\u00e9sentiel)"},"content":{"rendered":"<p><span style=\"color: #ff0000;\"><strong>Samedi 5 avril 2025 \u00e0 18h30<\/strong> \u00a0<\/span><\/p>\n<h2 style=\"text-align: right;\">\u05d9\u05d9\u05b4\u05d3\u05d9\u05e9\u05be\u05e7\u05d0\u05b7\u05d1\u05d0\u05b7\u05e8\u05e2\u05d8\u05e7\u05e2\u05dc\u05e2<\/h2>\n<p><span style=\"font-size: 14pt;\"><em>Quand\u00a0Paris chante et danse comme \u00e0 Varsovie, comme \u00e0 Lodz, comme au shtetl !<\/em><\/span><\/p>\n<p>Professionnels et amateurs talentueux sont invit\u00e9s \u00e0 se produire dans des num\u00e9ros vari\u00e9s, chansons yiddish, conte, th\u00e9\u00e2tre, po\u00e9sie, etc.<\/p>\n<p>Sous la direction artistique de <strong>Betty Reicher<\/strong>.<\/p>\n<h3>Avec <a href=\"https:\/\/lloicaczackis.com\/press.html\"><strong>Lloica Czackis<\/strong><\/a>\u00a0: chant et guitare.<\/h3>\n<p><em>Entour\u00e9e de<br \/>\n<\/em><strong>Annie Satler<\/strong> : chant, accompagn\u00e9e \u00e0 l&rsquo;accord\u00e9on par <strong>Tafieda Sabbouh<\/strong> et \u00e0 la guitare par <strong>Roland Maarek<\/strong> ;<strong><br \/>\nLionelle Franck<\/strong> : conteuse ;<br \/>\n<strong>Macha Sevela<\/strong> : com\u00e9dienne ;<br \/>\n<strong>Michel Luksenberg<\/strong> : chant et piano ;<br \/>\n<strong>Charles Perelle<\/strong> : piano.<\/p>\n<p>Le Tshaynik caf\u00e9 accueillera le public \u00e0 partir de 18h.<\/p>\n<p id=\"block-9f12ed79-6edc-4770-bd43-8fe9522387fe\"><em>Tarif : 20 \u20ac. Adh\u00e9rents* : 15 \u20ac.<br \/>\n<a href=\"https:\/\/www.helloasso.com\/associations\/maison-de-la-culture-yiddish-bibliotheque-medem\/adhesions\/adhesion-en-ligne-a-la-maison-de-la-culture-yiddish-09-2024-08-2025\">*Adh\u00e9rez \u00e0 la Maison de la culture yiddish pour la saison 2024-2025<\/a>\u00a0et d\u00e9couvrez\u00a0<strong>le code promotionnel<\/strong>\u00a0qui vous donnera acc\u00e8s au\u00a0<strong>tarif r\u00e9duit<\/strong>\u00a0sur vos r\u00e9servations.<\/em><\/p>\n<p id=\"block-2ba98dcd-5f13-4105-b07b-0b0692c4fa6f\"><a href=\"https:\/\/www.helloasso.com\/associations\/maison-de-la-culture-yiddish-bibliotheque-medem\/evenements\/2025-04\"><strong>Cliquez ici<\/strong><\/a>\u00a0pour r\u00e9server (r\u00e9servation obligatoire).<\/p>\n<p id=\"block-02374118-74c5-4bea-b761-3a9a73091b35\"><strong>Attention : au moment du r\u00e8glement, la plateforme Helloasso vous proposera d\u2019ajouter une contribution \u00e0 son fonctionnement. Celle-ci est optionnelle, et vous pouvez changer son montant ou bien l\u2019annuler en appuyant sur le bouton \u00ab Modifier \u00bb.<\/strong><\/p>\n","protected":false},"excerpt":{"rendered":"<p>Samedi 5 avril 2025 \u00e0 18h30 \u00a0 \u05d9\u05d9\u05b4\u05d3\u05d9\u05e9\u05be\u05e7\u05d0\u05b7\u05d1\u05d0\u05b7\u05e8\u05e2\u05d8\u05e7\u05e2\u05dc\u05e2 Quand\u00a0Paris chante et danse comme \u00e0 Varsovie, comme \u00e0 Lodz, comme au shtetl ! Professionnels et amateurs talentueux sont invit\u00e9s \u00e0 se &hellip; <\/p>\n<p class=\"link-more\"><a href=\"https:\/\/programme.yiddish.paris\/?tribe_events=mayn-yidish-kabaretkele-cabaret-yiddish-en-presentiel\" class=\"more-link\">Continuer la lecture<span class=\"screen-reader-text\"> de &laquo;&nbsp;Mayn yidish kabaretkele : cabaret yiddish (en pr\u00e9sentiel)&nbsp;&raquo;<\/span><\/a><\/p>\n","protected":false},"author":2,"featured_media":6028,"template":"","meta":{"_monsterinsights_skip_tracking":false,"_monsterinsights_sitenote_active":false,"_monsterinsights_sitenote_note":"","_monsterinsights_sitenote_category":0,"_tribe_events_status":"","_tribe_events_status_reason":"","footnotes":""},"tags":[],"tribe_events_cat":[84],"class_list":["post-6026","tribe_events","type-tribe_events","status-publish","has-post-thumbnail","hentry","tribe_events_cat-cabaret","cat_cabaret"],"yoast_head":"<!-- This site is optimized with the Yoast SEO plugin v27.4 - https:\/\/yoast.com\/product\/yoast-seo-wordpress\/ -->\n<title>Mayn yidish kabaretkele : cabaret yiddish (en pr\u00e9sentiel) - programme.yiddish.paris<\/title>\n<meta name=\"robots\" content=\"index, follow, max-snippet:-1, max-image-preview:large, max-video-preview:-1\" \/>\n<link rel=\"canonical\" href=\"https:\/\/programme.yiddish.paris\/?tribe_events=mayn-yidish-kabaretkele-cabaret-yiddish-en-presentiel\" \/>\n<meta property=\"og:locale\" content=\"fr_FR\" \/>\n<meta property=\"og:type\" content=\"article\" \/>\n<meta property=\"og:title\" content=\"Mayn yidish kabaretkele : cabaret yiddish (en pr\u00e9sentiel) - programme.yiddish.paris\" \/>\n<meta property=\"og:description\" content=\"Samedi 5 avril 2025 \u00e0 18h30 \u00a0 \u05d9\u05d9\u05b4\u05d3\u05d9\u05e9\u05be\u05e7\u05d0\u05b7\u05d1\u05d0\u05b7\u05e8\u05e2\u05d8\u05e7\u05e2\u05dc\u05e2 Quand\u00a0Paris chante et danse comme \u00e0 Varsovie, comme \u00e0 Lodz, comme au shtetl ! Professionnels et amateurs talentueux sont invit\u00e9s \u00e0 se &hellip; Continuer la lecture de &laquo;&nbsp;Mayn yidish kabaretkele : cabaret yiddish (en pr\u00e9sentiel)&nbsp;&raquo;\" \/>\n<meta property=\"og:url\" content=\"https:\/\/programme.yiddish.paris\/?tribe_events=mayn-yidish-kabaretkele-cabaret-yiddish-en-presentiel\" \/>\n<meta property=\"og:site_name\" content=\"programme.yiddish.paris\" \/>\n<meta property=\"article:modified_time\" content=\"2025-03-13T14:14:15+00:00\" \/>\n<meta property=\"og:image\" content=\"https:\/\/programme.yiddish.paris\/wp-content\/uploads\/2025\/02\/rideau-sans-rien-OK.jpg\" \/>\n\t<meta property=\"og:image:width\" content=\"1152\" \/>\n\t<meta property=\"og:image:height\" content=\"1631\" \/>\n\t<meta property=\"og:image:type\" content=\"image\/jpeg\" \/>\n<meta name=\"twitter:card\" content=\"summary_large_image\" \/>\n<meta name=\"twitter:label1\" content=\"Dur\u00e9e de lecture estim\u00e9e\" \/>\n\t<meta name=\"twitter:data1\" content=\"2 minutes\" \/>\n<script type=\"application\/ld+json\" class=\"yoast-schema-graph\">{\"@context\":\"https:\\\/\\\/schema.org\",\"@graph\":[{\"@type\":\"WebPage\",\"@id\":\"https:\\\/\\\/programme.yiddish.paris\\\/?tribe_events=mayn-yidish-kabaretkele-cabaret-yiddish-en-presentiel\",\"url\":\"https:\\\/\\\/programme.yiddish.paris\\\/?tribe_events=mayn-yidish-kabaretkele-cabaret-yiddish-en-presentiel\",\"name\":\"Mayn yidish kabaretkele : cabaret yiddish (en pr\u00e9sentiel) - programme.yiddish.paris\",\"isPartOf\":{\"@id\":\"https:\\\/\\\/programme.yiddish.paris\\\/#website\"},\"primaryImageOfPage\":{\"@id\":\"https:\\\/\\\/programme.yiddish.paris\\\/?tribe_events=mayn-yidish-kabaretkele-cabaret-yiddish-en-presentiel#primaryimage\"},\"image\":{\"@id\":\"https:\\\/\\\/programme.yiddish.paris\\\/?tribe_events=mayn-yidish-kabaretkele-cabaret-yiddish-en-presentiel#primaryimage\"},\"thumbnailUrl\":\"https:\\\/\\\/programme.yiddish.paris\\\/wp-content\\\/uploads\\\/2025\\\/02\\\/rideau-sans-rien-OK.jpg\",\"datePublished\":\"2025-02-13T12:01:47+00:00\",\"dateModified\":\"2025-03-13T14:14:15+00:00\",\"breadcrumb\":{\"@id\":\"https:\\\/\\\/programme.yiddish.paris\\\/?tribe_events=mayn-yidish-kabaretkele-cabaret-yiddish-en-presentiel#breadcrumb\"},\"inLanguage\":\"fr-FR\",\"potentialAction\":[{\"@type\":\"ReadAction\",\"target\":[\"https:\\\/\\\/programme.yiddish.paris\\\/?tribe_events=mayn-yidish-kabaretkele-cabaret-yiddish-en-presentiel\"]}]},{\"@type\":\"ImageObject\",\"inLanguage\":\"fr-FR\",\"@id\":\"https:\\\/\\\/programme.yiddish.paris\\\/?tribe_events=mayn-yidish-kabaretkele-cabaret-yiddish-en-presentiel#primaryimage\",\"url\":\"https:\\\/\\\/programme.yiddish.paris\\\/wp-content\\\/uploads\\\/2025\\\/02\\\/rideau-sans-rien-OK.jpg\",\"contentUrl\":\"https:\\\/\\\/programme.yiddish.paris\\\/wp-content\\\/uploads\\\/2025\\\/02\\\/rideau-sans-rien-OK.jpg\",\"width\":1152,\"height\":1631},{\"@type\":\"BreadcrumbList\",\"@id\":\"https:\\\/\\\/programme.yiddish.paris\\\/?tribe_events=mayn-yidish-kabaretkele-cabaret-yiddish-en-presentiel#breadcrumb\",\"itemListElement\":[{\"@type\":\"ListItem\",\"position\":1,\"name\":\"Home\",\"item\":\"https:\\\/\\\/programme.yiddish.paris\\\/\"},{\"@type\":\"ListItem\",\"position\":2,\"name\":\"\u00c9v\u00e8nements\",\"item\":\"https:\\\/\\\/programme.yiddish.paris\\\/?post_type=tribe_events\"},{\"@type\":\"ListItem\",\"position\":3,\"name\":\"Mayn yidish kabaretkele : cabaret yiddish (en pr\u00e9sentiel)\"}]},{\"@type\":\"WebSite\",\"@id\":\"https:\\\/\\\/programme.yiddish.paris\\\/#website\",\"url\":\"https:\\\/\\\/programme.yiddish.paris\\\/\",\"name\":\"programme.yiddish.paris\",\"description\":\"La programmation culturelle de la Maison de la culture yiddish \u2013\u00a0Biblioth\u00e8que Medem\",\"publisher\":{\"@id\":\"https:\\\/\\\/programme.yiddish.paris\\\/#organization\"},\"potentialAction\":[{\"@type\":\"SearchAction\",\"target\":{\"@type\":\"EntryPoint\",\"urlTemplate\":\"https:\\\/\\\/programme.yiddish.paris\\\/?s={search_term_string}\"},\"query-input\":{\"@type\":\"PropertyValueSpecification\",\"valueRequired\":true,\"valueName\":\"search_term_string\"}}],\"inLanguage\":\"fr-FR\"},{\"@type\":\"Organization\",\"@id\":\"https:\\\/\\\/programme.yiddish.paris\\\/#organization\",\"name\":\"programme.yiddish.paris\",\"url\":\"https:\\\/\\\/programme.yiddish.paris\\\/\",\"logo\":{\"@type\":\"ImageObject\",\"inLanguage\":\"fr-FR\",\"@id\":\"https:\\\/\\\/programme.yiddish.paris\\\/#\\\/schema\\\/logo\\\/image\\\/\",\"url\":\"https:\\\/\\\/programme.yiddish.paris\\\/wp-content\\\/uploads\\\/2020\\\/07\\\/cropped-mcy_yud-1.png\",\"contentUrl\":\"https:\\\/\\\/programme.yiddish.paris\\\/wp-content\\\/uploads\\\/2020\\\/07\\\/cropped-mcy_yud-1.png\",\"width\":250,\"height\":250,\"caption\":\"programme.yiddish.paris\"},\"image\":{\"@id\":\"https:\\\/\\\/programme.yiddish.paris\\\/#\\\/schema\\\/logo\\\/image\\\/\"}}]}<\/script>\n<!-- \/ Yoast SEO plugin. -->","yoast_head_json":{"title":"Mayn yidish kabaretkele : cabaret yiddish (en pr\u00e9sentiel) - programme.yiddish.paris","robots":{"index":"index","follow":"follow","max-snippet":"max-snippet:-1","max-image-preview":"max-image-preview:large","max-video-preview":"max-video-preview:-1"},"canonical":"https:\/\/programme.yiddish.paris\/?tribe_events=mayn-yidish-kabaretkele-cabaret-yiddish-en-presentiel","og_locale":"fr_FR","og_type":"article","og_title":"Mayn yidish kabaretkele : cabaret yiddish (en pr\u00e9sentiel) - programme.yiddish.paris","og_description":"Samedi 5 avril 2025 \u00e0 18h30 \u00a0 \u05d9\u05d9\u05b4\u05d3\u05d9\u05e9\u05be\u05e7\u05d0\u05b7\u05d1\u05d0\u05b7\u05e8\u05e2\u05d8\u05e7\u05e2\u05dc\u05e2 Quand\u00a0Paris chante et danse comme \u00e0 Varsovie, comme \u00e0 Lodz, comme au shtetl ! Professionnels et amateurs talentueux sont invit\u00e9s \u00e0 se &hellip; Continuer la lecture de &laquo;&nbsp;Mayn yidish kabaretkele : cabaret yiddish (en pr\u00e9sentiel)&nbsp;&raquo;","og_url":"https:\/\/programme.yiddish.paris\/?tribe_events=mayn-yidish-kabaretkele-cabaret-yiddish-en-presentiel","og_site_name":"programme.yiddish.paris","article_modified_time":"2025-03-13T14:14:15+00:00","og_image":[{"width":1152,"height":1631,"url":"https:\/\/programme.yiddish.paris\/wp-content\/uploads\/2025\/02\/rideau-sans-rien-OK.jpg","type":"image\/jpeg"}],"twitter_card":"summary_large_image","twitter_misc":{"Dur\u00e9e de lecture estim\u00e9e":"2 minutes"},"schema":{"@context":"https:\/\/schema.org","@graph":[{"@type":"WebPage","@id":"https:\/\/programme.yiddish.paris\/?tribe_events=mayn-yidish-kabaretkele-cabaret-yiddish-en-presentiel","url":"https:\/\/programme.yiddish.paris\/?tribe_events=mayn-yidish-kabaretkele-cabaret-yiddish-en-presentiel","name":"Mayn yidish kabaretkele : cabaret yiddish (en pr\u00e9sentiel) - programme.yiddish.paris","isPartOf":{"@id":"https:\/\/programme.yiddish.paris\/#website"},"primaryImageOfPage":{"@id":"https:\/\/programme.yiddish.paris\/?tribe_events=mayn-yidish-kabaretkele-cabaret-yiddish-en-presentiel#primaryimage"},"image":{"@id":"https:\/\/programme.yiddish.paris\/?tribe_events=mayn-yidish-kabaretkele-cabaret-yiddish-en-presentiel#primaryimage"},"thumbnailUrl":"https:\/\/programme.yiddish.paris\/wp-content\/uploads\/2025\/02\/rideau-sans-rien-OK.jpg","datePublished":"2025-02-13T12:01:47+00:00","dateModified":"2025-03-13T14:14:15+00:00","breadcrumb":{"@id":"https:\/\/programme.yiddish.paris\/?tribe_events=mayn-yidish-kabaretkele-cabaret-yiddish-en-presentiel#breadcrumb"},"inLanguage":"fr-FR","potentialAction":[{"@type":"ReadAction","target":["https:\/\/programme.yiddish.paris\/?tribe_events=mayn-yidish-kabaretkele-cabaret-yiddish-en-presentiel"]}]},{"@type":"ImageObject","inLanguage":"fr-FR","@id":"https:\/\/programme.yiddish.paris\/?tribe_events=mayn-yidish-kabaretkele-cabaret-yiddish-en-presentiel#primaryimage","url":"https:\/\/programme.yiddish.paris\/wp-content\/uploads\/2025\/02\/rideau-sans-rien-OK.jpg","contentUrl":"https:\/\/programme.yiddish.paris\/wp-content\/uploads\/2025\/02\/rideau-sans-rien-OK.jpg","width":1152,"height":1631},{"@type":"BreadcrumbList","@id":"https:\/\/programme.yiddish.paris\/?tribe_events=mayn-yidish-kabaretkele-cabaret-yiddish-en-presentiel#breadcrumb","itemListElement":[{"@type":"ListItem","position":1,"name":"Home","item":"https:\/\/programme.yiddish.paris\/"},{"@type":"ListItem","position":2,"name":"\u00c9v\u00e8nements","item":"https:\/\/programme.yiddish.paris\/?post_type=tribe_events"},{"@type":"ListItem","position":3,"name":"Mayn yidish kabaretkele : cabaret yiddish (en pr\u00e9sentiel)"}]},{"@type":"WebSite","@id":"https:\/\/programme.yiddish.paris\/#website","url":"https:\/\/programme.yiddish.paris\/","name":"programme.yiddish.paris","description":"La programmation culturelle de la Maison de la culture yiddish \u2013\u00a0Biblioth\u00e8que Medem","publisher":{"@id":"https:\/\/programme.yiddish.paris\/#organization"},"potentialAction":[{"@type":"SearchAction","target":{"@type":"EntryPoint","urlTemplate":"https:\/\/programme.yiddish.paris\/?s={search_term_string}"},"query-input":{"@type":"PropertyValueSpecification","valueRequired":true,"valueName":"search_term_string"}}],"inLanguage":"fr-FR"},{"@type":"Organization","@id":"https:\/\/programme.yiddish.paris\/#organization","name":"programme.yiddish.paris","url":"https:\/\/programme.yiddish.paris\/","logo":{"@type":"ImageObject","inLanguage":"fr-FR","@id":"https:\/\/programme.yiddish.paris\/#\/schema\/logo\/image\/","url":"https:\/\/programme.yiddish.paris\/wp-content\/uploads\/2020\/07\/cropped-mcy_yud-1.png","contentUrl":"https:\/\/programme.yiddish.paris\/wp-content\/uploads\/2020\/07\/cropped-mcy_yud-1.png","width":250,"height":250,"caption":"programme.yiddish.paris"},"image":{"@id":"https:\/\/programme.yiddish.paris\/#\/schema\/logo\/image\/"}}]}},"_links":{"self":[{"href":"https:\/\/programme.yiddish.paris\/index.php?rest_route=\/wp\/v2\/tribe_events\/6026","targetHints":{"allow":["GET"]}}],"collection":[{"href":"https:\/\/programme.yiddish.paris\/index.php?rest_route=\/wp\/v2\/tribe_events"}],"about":[{"href":"https:\/\/programme.yiddish.paris\/index.php?rest_route=\/wp\/v2\/types\/tribe_events"}],"author":[{"embeddable":true,"href":"https:\/\/programme.yiddish.paris\/index.php?rest_route=\/wp\/v2\/users\/2"}],"version-history":[{"count":8,"href":"https:\/\/programme.yiddish.paris\/index.php?rest_route=\/wp\/v2\/tribe_events\/6026\/revisions"}],"predecessor-version":[{"id":6087,"href":"https:\/\/programme.yiddish.paris\/index.php?rest_route=\/wp\/v2\/tribe_events\/6026\/revisions\/6087"}],"wp:featuredmedia":[{"embeddable":true,"href":"https:\/\/programme.yiddish.paris\/index.php?rest_route=\/wp\/v2\/media\/6028"}],"wp:attachment":[{"href":"https:\/\/programme.yiddish.paris\/index.php?rest_route=%2Fwp%2Fv2%2Fmedia&parent=6026"}],"wp:term":[{"taxonomy":"post_tag","embeddable":true,"href":"https:\/\/programme.yiddish.paris\/index.php?rest_route=%2Fwp%2Fv2%2Ftags&post=6026"},{"taxonomy":"tribe_events_cat","embeddable":true,"href":"https:\/\/programme.yiddish.paris\/index.php?rest_route=%2Fwp%2Fv2%2Ftribe_events_cat&post=6026"}],"curies":[{"name":"wp","href":"https:\/\/api.w.org\/{rel}","templated":true}]}}