{"id":6106,"date":"2025-03-31T18:44:00","date_gmt":"2025-03-31T16:44:00","guid":{"rendered":"https:\/\/programme.yiddish.paris\/?post_type=tribe_events&#038;p=6106"},"modified":"2025-03-31T18:46:57","modified_gmt":"2025-03-31T16:46:57","slug":"la-phonotheque-ouvre-ses-portes-sarah-gorby-conference-musicale-en-francais","status":"publish","type":"tribe_events","link":"https:\/\/programme.yiddish.paris\/?tribe_events=la-phonotheque-ouvre-ses-portes-sarah-gorby-conference-musicale-en-francais","title":{"rendered":"La phonoth\u00e8que ouvre ses portes : Sarah Gorby (conf\u00e9rence musicale, en fran\u00e7ais)"},"content":{"rendered":"<h1 class=\"p1\">Phonoth\u00e8que Medem ouvre ses portes<\/h1>\n<p class=\"p1\"><span style=\"color: #ff0000;\"><strong>Jeudi 5 juin 2025, \u00e0 19h30<\/strong><\/span><\/p>\n<h2 class=\"p2\">Sarah Gorby, une conf\u00e9rence musicale<\/h2>\n<p><span style=\"font-size: 12pt; font-family: tahoma, arial, helvetica, sans-serif;\"><span style=\"color: #121212;\">Sarah Gorby (1900, Kishinev &#8211; 1980, Paris) fut l\u2019une des grandes voix de la chanson yiddish.<\/span><\/span><\/p>\n<p><span style=\"font-size: 12pt; font-family: tahoma, arial, helvetica, sans-serif;\"><span style=\"color: #121212;\">Partie \u00e9tudier la musique \u00e0 l\u2019\u00e2ge de 17 ans \u00e0 Jassy, <\/span><span style=\"color: #121212;\">elle s\u2019installe avec son mari \u00e0 Paris dans les ann\u00e9es 1920 et m\u00e8nera une carri\u00e8re internationale. <strong>Nadia D\u00e9han<\/strong><\/span><strong><span style=\"color: #121212;\">&#8211;<\/span><\/strong><span style=\"color: #121212;\"><strong> Rotschild<\/strong> et <strong>Talila<\/strong> illustreront par les tr\u00e9sors de la m\u00e9diath\u00e8que une vie marqu\u00e9e par les bouleversements du si\u00e8cle, le d\u00e9sir de d\u00e9couverte, l\u2019amour des langues et des cultures. <\/span><\/span><\/p>\n<p id=\"block-9f12ed79-6edc-4770-bd43-8fe9522387fe\"><em>Tarif : 12 \u20ac. Adh\u00e9rents* : 7\u20ac.<br \/>\n<a href=\"https:\/\/www.helloasso.com\/associations\/maison-de-la-culture-yiddish-bibliotheque-medem\/adhesions\/adhesion-en-ligne-a-la-maison-de-la-culture-yiddish-09-2024-08-2025\">*Adh\u00e9rez \u00e0 la Maison de la culture yiddish pour la saison 2024-2025<\/a>\u00a0et d\u00e9couvrez\u00a0<strong>le code promotionnel<\/strong>\u00a0qui vous donnera acc\u00e8s au\u00a0<strong>tarif r\u00e9duit<\/strong>\u00a0sur vos r\u00e9servations.<\/em><\/p>\n<p id=\"block-2ba98dcd-5f13-4105-b07b-0b0692c4fa6f\"><a href=\"https:\/\/www.helloasso.com\/associations\/maison-de-la-culture-yiddish-bibliotheque-medem\/evenements\/2025-06\"><strong>Cliquez ici<\/strong><\/a>\u00a0pour r\u00e9server (r\u00e9servation obligatoire).<\/p>\n<p id=\"block-02374118-74c5-4bea-b761-3a9a73091b35\"><strong>Attention : au moment du r\u00e8glement, la plateforme Helloasso vous proposera d\u2019ajouter une contribution \u00e0 son fonctionnement. Celle-ci est optionnelle, et vous pouvez changer son montant ou bien l\u2019annuler en appuyant sur le bouton \u00ab Modifier \u00bb.<\/strong><\/p>\n","protected":false},"excerpt":{"rendered":"<p>Phonoth\u00e8que Medem ouvre ses portes Jeudi 5 juin 2025, \u00e0 19h30 Sarah Gorby, une conf\u00e9rence musicale Sarah Gorby (1900, Kishinev &#8211; 1980, Paris) fut l\u2019une des grandes voix de la &hellip; <\/p>\n<p class=\"link-more\"><a href=\"https:\/\/programme.yiddish.paris\/?tribe_events=la-phonotheque-ouvre-ses-portes-sarah-gorby-conference-musicale-en-francais\" class=\"more-link\">Continuer la lecture<span class=\"screen-reader-text\"> de &laquo;&nbsp;La phonoth\u00e8que ouvre ses portes : Sarah Gorby (conf\u00e9rence musicale, en fran\u00e7ais)&nbsp;&raquo;<\/span><\/a><\/p>\n","protected":false},"author":5,"featured_media":6108,"template":"","meta":{"_monsterinsights_skip_tracking":false,"_monsterinsights_sitenote_active":false,"_monsterinsights_sitenote_note":"","_monsterinsights_sitenote_category":0,"_tribe_events_status":"","_tribe_events_status_reason":"","footnotes":""},"tags":[],"tribe_events_cat":[53],"class_list":["post-6106","tribe_events","type-tribe_events","status-publish","has-post-thumbnail","hentry","tribe_events_cat-conference","cat_conference"],"yoast_head":"<!-- This site is optimized with the Yoast SEO plugin v27.5 - https:\/\/yoast.com\/product\/yoast-seo-wordpress\/ -->\n<title>La phonoth\u00e8que ouvre ses portes : Sarah Gorby (conf\u00e9rence musicale, en fran\u00e7ais) - programme.yiddish.paris<\/title>\n<meta name=\"robots\" content=\"index, follow, max-snippet:-1, max-image-preview:large, max-video-preview:-1\" \/>\n<link rel=\"canonical\" href=\"https:\/\/programme.yiddish.paris\/?tribe_events=la-phonotheque-ouvre-ses-portes-sarah-gorby-conference-musicale-en-francais\" \/>\n<meta property=\"og:locale\" content=\"fr_FR\" \/>\n<meta property=\"og:type\" content=\"article\" \/>\n<meta property=\"og:title\" content=\"La phonoth\u00e8que ouvre ses portes : Sarah Gorby (conf\u00e9rence musicale, en fran\u00e7ais) - programme.yiddish.paris\" \/>\n<meta property=\"og:description\" content=\"Phonoth\u00e8que Medem ouvre ses portes Jeudi 5 juin 2025, \u00e0 19h30 Sarah Gorby, une conf\u00e9rence musicale Sarah Gorby (1900, Kishinev &#8211; 1980, Paris) fut l\u2019une des grandes voix de la &hellip; Continuer la lecture de &laquo;&nbsp;La phonoth\u00e8que ouvre ses portes : Sarah Gorby (conf\u00e9rence musicale, en fran\u00e7ais)&nbsp;&raquo;\" \/>\n<meta property=\"og:url\" content=\"https:\/\/programme.yiddish.paris\/?tribe_events=la-phonotheque-ouvre-ses-portes-sarah-gorby-conference-musicale-en-francais\" \/>\n<meta property=\"og:site_name\" content=\"programme.yiddish.paris\" \/>\n<meta property=\"article:modified_time\" content=\"2025-03-31T16:46:57+00:00\" \/>\n<meta property=\"og:image\" content=\"https:\/\/programme.yiddish.paris\/wp-content\/uploads\/2025\/03\/sarah_gorby.jpg\" \/>\n\t<meta property=\"og:image:width\" content=\"566\" \/>\n\t<meta property=\"og:image:height\" content=\"318\" \/>\n\t<meta property=\"og:image:type\" content=\"image\/jpeg\" \/>\n<meta name=\"twitter:card\" content=\"summary_large_image\" \/>\n<meta name=\"twitter:label1\" content=\"Dur\u00e9e de lecture estim\u00e9e\" \/>\n\t<meta name=\"twitter:data1\" content=\"2 minutes\" \/>\n<script type=\"application\/ld+json\" class=\"yoast-schema-graph\">{\"@context\":\"https:\\\/\\\/schema.org\",\"@graph\":[{\"@type\":\"WebPage\",\"@id\":\"https:\\\/\\\/programme.yiddish.paris\\\/?tribe_events=la-phonotheque-ouvre-ses-portes-sarah-gorby-conference-musicale-en-francais\",\"url\":\"https:\\\/\\\/programme.yiddish.paris\\\/?tribe_events=la-phonotheque-ouvre-ses-portes-sarah-gorby-conference-musicale-en-francais\",\"name\":\"La phonoth\u00e8que ouvre ses portes : Sarah Gorby (conf\u00e9rence musicale, en fran\u00e7ais) - programme.yiddish.paris\",\"isPartOf\":{\"@id\":\"https:\\\/\\\/programme.yiddish.paris\\\/#website\"},\"primaryImageOfPage\":{\"@id\":\"https:\\\/\\\/programme.yiddish.paris\\\/?tribe_events=la-phonotheque-ouvre-ses-portes-sarah-gorby-conference-musicale-en-francais#primaryimage\"},\"image\":{\"@id\":\"https:\\\/\\\/programme.yiddish.paris\\\/?tribe_events=la-phonotheque-ouvre-ses-portes-sarah-gorby-conference-musicale-en-francais#primaryimage\"},\"thumbnailUrl\":\"https:\\\/\\\/programme.yiddish.paris\\\/wp-content\\\/uploads\\\/2025\\\/03\\\/sarah_gorby.jpg\",\"datePublished\":\"2025-03-31T16:44:00+00:00\",\"dateModified\":\"2025-03-31T16:46:57+00:00\",\"breadcrumb\":{\"@id\":\"https:\\\/\\\/programme.yiddish.paris\\\/?tribe_events=la-phonotheque-ouvre-ses-portes-sarah-gorby-conference-musicale-en-francais#breadcrumb\"},\"inLanguage\":\"fr-FR\",\"potentialAction\":[{\"@type\":\"ReadAction\",\"target\":[\"https:\\\/\\\/programme.yiddish.paris\\\/?tribe_events=la-phonotheque-ouvre-ses-portes-sarah-gorby-conference-musicale-en-francais\"]}]},{\"@type\":\"ImageObject\",\"inLanguage\":\"fr-FR\",\"@id\":\"https:\\\/\\\/programme.yiddish.paris\\\/?tribe_events=la-phonotheque-ouvre-ses-portes-sarah-gorby-conference-musicale-en-francais#primaryimage\",\"url\":\"https:\\\/\\\/programme.yiddish.paris\\\/wp-content\\\/uploads\\\/2025\\\/03\\\/sarah_gorby.jpg\",\"contentUrl\":\"https:\\\/\\\/programme.yiddish.paris\\\/wp-content\\\/uploads\\\/2025\\\/03\\\/sarah_gorby.jpg\",\"width\":566,\"height\":318},{\"@type\":\"BreadcrumbList\",\"@id\":\"https:\\\/\\\/programme.yiddish.paris\\\/?tribe_events=la-phonotheque-ouvre-ses-portes-sarah-gorby-conference-musicale-en-francais#breadcrumb\",\"itemListElement\":[{\"@type\":\"ListItem\",\"position\":1,\"name\":\"Home\",\"item\":\"https:\\\/\\\/programme.yiddish.paris\\\/\"},{\"@type\":\"ListItem\",\"position\":2,\"name\":\"\u00c9v\u00e8nements\",\"item\":\"https:\\\/\\\/programme.yiddish.paris\\\/?post_type=tribe_events\"},{\"@type\":\"ListItem\",\"position\":3,\"name\":\"La phonoth\u00e8que ouvre ses portes : Sarah Gorby (conf\u00e9rence musicale, en fran\u00e7ais)\"}]},{\"@type\":\"WebSite\",\"@id\":\"https:\\\/\\\/programme.yiddish.paris\\\/#website\",\"url\":\"https:\\\/\\\/programme.yiddish.paris\\\/\",\"name\":\"programme.yiddish.paris\",\"description\":\"La programmation culturelle de la Maison de la culture yiddish \u2013\u00a0Biblioth\u00e8que Medem\",\"publisher\":{\"@id\":\"https:\\\/\\\/programme.yiddish.paris\\\/#organization\"},\"potentialAction\":[{\"@type\":\"SearchAction\",\"target\":{\"@type\":\"EntryPoint\",\"urlTemplate\":\"https:\\\/\\\/programme.yiddish.paris\\\/?s={search_term_string}\"},\"query-input\":{\"@type\":\"PropertyValueSpecification\",\"valueRequired\":true,\"valueName\":\"search_term_string\"}}],\"inLanguage\":\"fr-FR\"},{\"@type\":\"Organization\",\"@id\":\"https:\\\/\\\/programme.yiddish.paris\\\/#organization\",\"name\":\"programme.yiddish.paris\",\"url\":\"https:\\\/\\\/programme.yiddish.paris\\\/\",\"logo\":{\"@type\":\"ImageObject\",\"inLanguage\":\"fr-FR\",\"@id\":\"https:\\\/\\\/programme.yiddish.paris\\\/#\\\/schema\\\/logo\\\/image\\\/\",\"url\":\"https:\\\/\\\/programme.yiddish.paris\\\/wp-content\\\/uploads\\\/2020\\\/07\\\/cropped-mcy_yud-1.png\",\"contentUrl\":\"https:\\\/\\\/programme.yiddish.paris\\\/wp-content\\\/uploads\\\/2020\\\/07\\\/cropped-mcy_yud-1.png\",\"width\":250,\"height\":250,\"caption\":\"programme.yiddish.paris\"},\"image\":{\"@id\":\"https:\\\/\\\/programme.yiddish.paris\\\/#\\\/schema\\\/logo\\\/image\\\/\"}}]}<\/script>\n<!-- \/ Yoast SEO plugin. -->","yoast_head_json":{"title":"La phonoth\u00e8que ouvre ses portes : Sarah Gorby (conf\u00e9rence musicale, en fran\u00e7ais) - programme.yiddish.paris","robots":{"index":"index","follow":"follow","max-snippet":"max-snippet:-1","max-image-preview":"max-image-preview:large","max-video-preview":"max-video-preview:-1"},"canonical":"https:\/\/programme.yiddish.paris\/?tribe_events=la-phonotheque-ouvre-ses-portes-sarah-gorby-conference-musicale-en-francais","og_locale":"fr_FR","og_type":"article","og_title":"La phonoth\u00e8que ouvre ses portes : Sarah Gorby (conf\u00e9rence musicale, en fran\u00e7ais) - programme.yiddish.paris","og_description":"Phonoth\u00e8que Medem ouvre ses portes Jeudi 5 juin 2025, \u00e0 19h30 Sarah Gorby, une conf\u00e9rence musicale Sarah Gorby (1900, Kishinev &#8211; 1980, Paris) fut l\u2019une des grandes voix de la &hellip; Continuer la lecture de &laquo;&nbsp;La phonoth\u00e8que ouvre ses portes : Sarah Gorby (conf\u00e9rence musicale, en fran\u00e7ais)&nbsp;&raquo;","og_url":"https:\/\/programme.yiddish.paris\/?tribe_events=la-phonotheque-ouvre-ses-portes-sarah-gorby-conference-musicale-en-francais","og_site_name":"programme.yiddish.paris","article_modified_time":"2025-03-31T16:46:57+00:00","og_image":[{"width":566,"height":318,"url":"https:\/\/programme.yiddish.paris\/wp-content\/uploads\/2025\/03\/sarah_gorby.jpg","type":"image\/jpeg"}],"twitter_card":"summary_large_image","twitter_misc":{"Dur\u00e9e de lecture estim\u00e9e":"2 minutes"},"schema":{"@context":"https:\/\/schema.org","@graph":[{"@type":"WebPage","@id":"https:\/\/programme.yiddish.paris\/?tribe_events=la-phonotheque-ouvre-ses-portes-sarah-gorby-conference-musicale-en-francais","url":"https:\/\/programme.yiddish.paris\/?tribe_events=la-phonotheque-ouvre-ses-portes-sarah-gorby-conference-musicale-en-francais","name":"La phonoth\u00e8que ouvre ses portes : Sarah Gorby (conf\u00e9rence musicale, en fran\u00e7ais) - programme.yiddish.paris","isPartOf":{"@id":"https:\/\/programme.yiddish.paris\/#website"},"primaryImageOfPage":{"@id":"https:\/\/programme.yiddish.paris\/?tribe_events=la-phonotheque-ouvre-ses-portes-sarah-gorby-conference-musicale-en-francais#primaryimage"},"image":{"@id":"https:\/\/programme.yiddish.paris\/?tribe_events=la-phonotheque-ouvre-ses-portes-sarah-gorby-conference-musicale-en-francais#primaryimage"},"thumbnailUrl":"https:\/\/programme.yiddish.paris\/wp-content\/uploads\/2025\/03\/sarah_gorby.jpg","datePublished":"2025-03-31T16:44:00+00:00","dateModified":"2025-03-31T16:46:57+00:00","breadcrumb":{"@id":"https:\/\/programme.yiddish.paris\/?tribe_events=la-phonotheque-ouvre-ses-portes-sarah-gorby-conference-musicale-en-francais#breadcrumb"},"inLanguage":"fr-FR","potentialAction":[{"@type":"ReadAction","target":["https:\/\/programme.yiddish.paris\/?tribe_events=la-phonotheque-ouvre-ses-portes-sarah-gorby-conference-musicale-en-francais"]}]},{"@type":"ImageObject","inLanguage":"fr-FR","@id":"https:\/\/programme.yiddish.paris\/?tribe_events=la-phonotheque-ouvre-ses-portes-sarah-gorby-conference-musicale-en-francais#primaryimage","url":"https:\/\/programme.yiddish.paris\/wp-content\/uploads\/2025\/03\/sarah_gorby.jpg","contentUrl":"https:\/\/programme.yiddish.paris\/wp-content\/uploads\/2025\/03\/sarah_gorby.jpg","width":566,"height":318},{"@type":"BreadcrumbList","@id":"https:\/\/programme.yiddish.paris\/?tribe_events=la-phonotheque-ouvre-ses-portes-sarah-gorby-conference-musicale-en-francais#breadcrumb","itemListElement":[{"@type":"ListItem","position":1,"name":"Home","item":"https:\/\/programme.yiddish.paris\/"},{"@type":"ListItem","position":2,"name":"\u00c9v\u00e8nements","item":"https:\/\/programme.yiddish.paris\/?post_type=tribe_events"},{"@type":"ListItem","position":3,"name":"La phonoth\u00e8que ouvre ses portes : Sarah Gorby (conf\u00e9rence musicale, en fran\u00e7ais)"}]},{"@type":"WebSite","@id":"https:\/\/programme.yiddish.paris\/#website","url":"https:\/\/programme.yiddish.paris\/","name":"programme.yiddish.paris","description":"La programmation culturelle de la Maison de la culture yiddish \u2013\u00a0Biblioth\u00e8que Medem","publisher":{"@id":"https:\/\/programme.yiddish.paris\/#organization"},"potentialAction":[{"@type":"SearchAction","target":{"@type":"EntryPoint","urlTemplate":"https:\/\/programme.yiddish.paris\/?s={search_term_string}"},"query-input":{"@type":"PropertyValueSpecification","valueRequired":true,"valueName":"search_term_string"}}],"inLanguage":"fr-FR"},{"@type":"Organization","@id":"https:\/\/programme.yiddish.paris\/#organization","name":"programme.yiddish.paris","url":"https:\/\/programme.yiddish.paris\/","logo":{"@type":"ImageObject","inLanguage":"fr-FR","@id":"https:\/\/programme.yiddish.paris\/#\/schema\/logo\/image\/","url":"https:\/\/programme.yiddish.paris\/wp-content\/uploads\/2020\/07\/cropped-mcy_yud-1.png","contentUrl":"https:\/\/programme.yiddish.paris\/wp-content\/uploads\/2020\/07\/cropped-mcy_yud-1.png","width":250,"height":250,"caption":"programme.yiddish.paris"},"image":{"@id":"https:\/\/programme.yiddish.paris\/#\/schema\/logo\/image\/"}}]}},"_links":{"self":[{"href":"https:\/\/programme.yiddish.paris\/index.php?rest_route=\/wp\/v2\/tribe_events\/6106","targetHints":{"allow":["GET"]}}],"collection":[{"href":"https:\/\/programme.yiddish.paris\/index.php?rest_route=\/wp\/v2\/tribe_events"}],"about":[{"href":"https:\/\/programme.yiddish.paris\/index.php?rest_route=\/wp\/v2\/types\/tribe_events"}],"author":[{"embeddable":true,"href":"https:\/\/programme.yiddish.paris\/index.php?rest_route=\/wp\/v2\/users\/5"}],"version-history":[{"count":3,"href":"https:\/\/programme.yiddish.paris\/index.php?rest_route=\/wp\/v2\/tribe_events\/6106\/revisions"}],"predecessor-version":[{"id":6113,"href":"https:\/\/programme.yiddish.paris\/index.php?rest_route=\/wp\/v2\/tribe_events\/6106\/revisions\/6113"}],"wp:featuredmedia":[{"embeddable":true,"href":"https:\/\/programme.yiddish.paris\/index.php?rest_route=\/wp\/v2\/media\/6108"}],"wp:attachment":[{"href":"https:\/\/programme.yiddish.paris\/index.php?rest_route=%2Fwp%2Fv2%2Fmedia&parent=6106"}],"wp:term":[{"taxonomy":"post_tag","embeddable":true,"href":"https:\/\/programme.yiddish.paris\/index.php?rest_route=%2Fwp%2Fv2%2Ftags&post=6106"},{"taxonomy":"tribe_events_cat","embeddable":true,"href":"https:\/\/programme.yiddish.paris\/index.php?rest_route=%2Fwp%2Fv2%2Ftribe_events_cat&post=6106"}],"curies":[{"name":"wp","href":"https:\/\/api.w.org\/{rel}","templated":true}]}}