{"id":6178,"date":"2025-05-31T21:15:24","date_gmt":"2025-05-31T19:15:24","guid":{"rendered":"https:\/\/programme.yiddish.paris\/?post_type=tribe_events&#038;p=6178"},"modified":"2025-05-31T21:15:24","modified_gmt":"2025-05-31T19:15:24","slug":"journee-portes-ouvertes-de-la-mcy","status":"publish","type":"tribe_events","link":"https:\/\/programme.yiddish.paris\/?tribe_events=journee-portes-ouvertes-de-la-mcy","title":{"rendered":"Journ\u00e9e Portes Ouvertes de la MCY"},"content":{"rendered":"<p>L\u2019\u00e9quipe de la Maison de la culture yiddish vous accueillera pour commencer une nouvelle ann\u00e9e de d\u00e9couvertes !<\/p>\n<p>Une apr\u00e8s-midi conviviale o\u00f9 animateurs et enseignants vous pr\u00e9senteront chacun leur activit\u00e9 sur des stands distribu\u00e9s \u00e0 travers la maison. L\u2019occasion de visiter aussi la biblioth\u00e8que-m\u00e9diath\u00e8que et de fl\u00e2ner dans notre coin librairie.<\/p>\n<p>Cours et ateliers commencent \u00e0 partir du 15 septembre mais le public pourra d\u2019ores et d\u00e9j\u00e0 voir l\u2019exposition \u201c100 ans de livres yiddish\u201d de nouveau sur nos murs \u00e0 l\u2019occasion des Journ\u00e9es du patrimoine.<\/p>\n<p>Et bien s\u00fbr le Tshaynik caf\u00e9, ouvert non stop, pour (re)trouver des amis autour d\u2019un th\u00e9 et d\u2019un g\u00e2teau.<\/p>\n","protected":false},"excerpt":{"rendered":"<p>L\u2019\u00e9quipe de la Maison de la culture yiddish vous accueillera pour commencer une nouvelle ann\u00e9e de d\u00e9couvertes ! Une apr\u00e8s-midi conviviale o\u00f9 animateurs et enseignants vous pr\u00e9senteront chacun leur activit\u00e9 &hellip; <\/p>\n<p class=\"link-more\"><a href=\"https:\/\/programme.yiddish.paris\/?tribe_events=journee-portes-ouvertes-de-la-mcy\" class=\"more-link\">Continuer la lecture<span class=\"screen-reader-text\"> de &laquo;&nbsp;Journ\u00e9e Portes Ouvertes de la MCY&nbsp;&raquo;<\/span><\/a><\/p>\n","protected":false},"author":5,"featured_media":0,"template":"","meta":{"_monsterinsights_skip_tracking":false,"_monsterinsights_sitenote_active":false,"_monsterinsights_sitenote_note":"","_monsterinsights_sitenote_category":0,"_tribe_events_status":"","_tribe_events_status_reason":"","footnotes":""},"tags":[],"tribe_events_cat":[],"class_list":["post-6178","tribe_events","type-tribe_events","status-publish","hentry"],"yoast_head":"<!-- This site is optimized with the Yoast SEO plugin v27.5 - https:\/\/yoast.com\/product\/yoast-seo-wordpress\/ -->\n<title>Journ\u00e9e Portes Ouvertes de la MCY - programme.yiddish.paris<\/title>\n<meta name=\"robots\" content=\"index, follow, max-snippet:-1, max-image-preview:large, max-video-preview:-1\" \/>\n<link rel=\"canonical\" href=\"https:\/\/programme.yiddish.paris\/?tribe_events=journee-portes-ouvertes-de-la-mcy\" \/>\n<meta property=\"og:locale\" content=\"fr_FR\" \/>\n<meta property=\"og:type\" content=\"article\" \/>\n<meta property=\"og:title\" content=\"Journ\u00e9e Portes Ouvertes de la MCY - programme.yiddish.paris\" \/>\n<meta property=\"og:description\" content=\"L\u2019\u00e9quipe de la Maison de la culture yiddish vous accueillera pour commencer une nouvelle ann\u00e9e de d\u00e9couvertes ! Une apr\u00e8s-midi conviviale o\u00f9 animateurs et enseignants vous pr\u00e9senteront chacun leur activit\u00e9 &hellip; Continuer la lecture de &laquo;&nbsp;Journ\u00e9e Portes Ouvertes de la MCY&nbsp;&raquo;\" \/>\n<meta property=\"og:url\" content=\"https:\/\/programme.yiddish.paris\/?tribe_events=journee-portes-ouvertes-de-la-mcy\" \/>\n<meta property=\"og:site_name\" content=\"programme.yiddish.paris\" \/>\n<meta name=\"twitter:card\" content=\"summary_large_image\" \/>\n<meta name=\"twitter:label1\" content=\"Dur\u00e9e de lecture estim\u00e9e\" \/>\n\t<meta name=\"twitter:data1\" content=\"1 minute\" \/>\n<script type=\"application\/ld+json\" class=\"yoast-schema-graph\">{\"@context\":\"https:\\\/\\\/schema.org\",\"@graph\":[{\"@type\":\"WebPage\",\"@id\":\"https:\\\/\\\/programme.yiddish.paris\\\/?tribe_events=journee-portes-ouvertes-de-la-mcy\",\"url\":\"https:\\\/\\\/programme.yiddish.paris\\\/?tribe_events=journee-portes-ouvertes-de-la-mcy\",\"name\":\"Journ\u00e9e Portes Ouvertes de la MCY - programme.yiddish.paris\",\"isPartOf\":{\"@id\":\"https:\\\/\\\/programme.yiddish.paris\\\/#website\"},\"datePublished\":\"2025-05-31T19:15:24+00:00\",\"breadcrumb\":{\"@id\":\"https:\\\/\\\/programme.yiddish.paris\\\/?tribe_events=journee-portes-ouvertes-de-la-mcy#breadcrumb\"},\"inLanguage\":\"fr-FR\",\"potentialAction\":[{\"@type\":\"ReadAction\",\"target\":[\"https:\\\/\\\/programme.yiddish.paris\\\/?tribe_events=journee-portes-ouvertes-de-la-mcy\"]}]},{\"@type\":\"BreadcrumbList\",\"@id\":\"https:\\\/\\\/programme.yiddish.paris\\\/?tribe_events=journee-portes-ouvertes-de-la-mcy#breadcrumb\",\"itemListElement\":[{\"@type\":\"ListItem\",\"position\":1,\"name\":\"Home\",\"item\":\"https:\\\/\\\/programme.yiddish.paris\\\/\"},{\"@type\":\"ListItem\",\"position\":2,\"name\":\"\u00c9v\u00e8nements\",\"item\":\"https:\\\/\\\/programme.yiddish.paris\\\/?post_type=tribe_events\"},{\"@type\":\"ListItem\",\"position\":3,\"name\":\"Journ\u00e9e Portes Ouvertes de la MCY\"}]},{\"@type\":\"WebSite\",\"@id\":\"https:\\\/\\\/programme.yiddish.paris\\\/#website\",\"url\":\"https:\\\/\\\/programme.yiddish.paris\\\/\",\"name\":\"programme.yiddish.paris\",\"description\":\"La programmation culturelle de la Maison de la culture yiddish \u2013\u00a0Biblioth\u00e8que Medem\",\"publisher\":{\"@id\":\"https:\\\/\\\/programme.yiddish.paris\\\/#organization\"},\"potentialAction\":[{\"@type\":\"SearchAction\",\"target\":{\"@type\":\"EntryPoint\",\"urlTemplate\":\"https:\\\/\\\/programme.yiddish.paris\\\/?s={search_term_string}\"},\"query-input\":{\"@type\":\"PropertyValueSpecification\",\"valueRequired\":true,\"valueName\":\"search_term_string\"}}],\"inLanguage\":\"fr-FR\"},{\"@type\":\"Organization\",\"@id\":\"https:\\\/\\\/programme.yiddish.paris\\\/#organization\",\"name\":\"programme.yiddish.paris\",\"url\":\"https:\\\/\\\/programme.yiddish.paris\\\/\",\"logo\":{\"@type\":\"ImageObject\",\"inLanguage\":\"fr-FR\",\"@id\":\"https:\\\/\\\/programme.yiddish.paris\\\/#\\\/schema\\\/logo\\\/image\\\/\",\"url\":\"https:\\\/\\\/programme.yiddish.paris\\\/wp-content\\\/uploads\\\/2020\\\/07\\\/cropped-mcy_yud-1.png\",\"contentUrl\":\"https:\\\/\\\/programme.yiddish.paris\\\/wp-content\\\/uploads\\\/2020\\\/07\\\/cropped-mcy_yud-1.png\",\"width\":250,\"height\":250,\"caption\":\"programme.yiddish.paris\"},\"image\":{\"@id\":\"https:\\\/\\\/programme.yiddish.paris\\\/#\\\/schema\\\/logo\\\/image\\\/\"}}]}<\/script>\n<!-- \/ Yoast SEO plugin. -->","yoast_head_json":{"title":"Journ\u00e9e Portes Ouvertes de la MCY - programme.yiddish.paris","robots":{"index":"index","follow":"follow","max-snippet":"max-snippet:-1","max-image-preview":"max-image-preview:large","max-video-preview":"max-video-preview:-1"},"canonical":"https:\/\/programme.yiddish.paris\/?tribe_events=journee-portes-ouvertes-de-la-mcy","og_locale":"fr_FR","og_type":"article","og_title":"Journ\u00e9e Portes Ouvertes de la MCY - programme.yiddish.paris","og_description":"L\u2019\u00e9quipe de la Maison de la culture yiddish vous accueillera pour commencer une nouvelle ann\u00e9e de d\u00e9couvertes ! Une apr\u00e8s-midi conviviale o\u00f9 animateurs et enseignants vous pr\u00e9senteront chacun leur activit\u00e9 &hellip; Continuer la lecture de &laquo;&nbsp;Journ\u00e9e Portes Ouvertes de la MCY&nbsp;&raquo;","og_url":"https:\/\/programme.yiddish.paris\/?tribe_events=journee-portes-ouvertes-de-la-mcy","og_site_name":"programme.yiddish.paris","twitter_card":"summary_large_image","twitter_misc":{"Dur\u00e9e de lecture estim\u00e9e":"1 minute"},"schema":{"@context":"https:\/\/schema.org","@graph":[{"@type":"WebPage","@id":"https:\/\/programme.yiddish.paris\/?tribe_events=journee-portes-ouvertes-de-la-mcy","url":"https:\/\/programme.yiddish.paris\/?tribe_events=journee-portes-ouvertes-de-la-mcy","name":"Journ\u00e9e Portes Ouvertes de la MCY - programme.yiddish.paris","isPartOf":{"@id":"https:\/\/programme.yiddish.paris\/#website"},"datePublished":"2025-05-31T19:15:24+00:00","breadcrumb":{"@id":"https:\/\/programme.yiddish.paris\/?tribe_events=journee-portes-ouvertes-de-la-mcy#breadcrumb"},"inLanguage":"fr-FR","potentialAction":[{"@type":"ReadAction","target":["https:\/\/programme.yiddish.paris\/?tribe_events=journee-portes-ouvertes-de-la-mcy"]}]},{"@type":"BreadcrumbList","@id":"https:\/\/programme.yiddish.paris\/?tribe_events=journee-portes-ouvertes-de-la-mcy#breadcrumb","itemListElement":[{"@type":"ListItem","position":1,"name":"Home","item":"https:\/\/programme.yiddish.paris\/"},{"@type":"ListItem","position":2,"name":"\u00c9v\u00e8nements","item":"https:\/\/programme.yiddish.paris\/?post_type=tribe_events"},{"@type":"ListItem","position":3,"name":"Journ\u00e9e Portes Ouvertes de la MCY"}]},{"@type":"WebSite","@id":"https:\/\/programme.yiddish.paris\/#website","url":"https:\/\/programme.yiddish.paris\/","name":"programme.yiddish.paris","description":"La programmation culturelle de la Maison de la culture yiddish \u2013\u00a0Biblioth\u00e8que Medem","publisher":{"@id":"https:\/\/programme.yiddish.paris\/#organization"},"potentialAction":[{"@type":"SearchAction","target":{"@type":"EntryPoint","urlTemplate":"https:\/\/programme.yiddish.paris\/?s={search_term_string}"},"query-input":{"@type":"PropertyValueSpecification","valueRequired":true,"valueName":"search_term_string"}}],"inLanguage":"fr-FR"},{"@type":"Organization","@id":"https:\/\/programme.yiddish.paris\/#organization","name":"programme.yiddish.paris","url":"https:\/\/programme.yiddish.paris\/","logo":{"@type":"ImageObject","inLanguage":"fr-FR","@id":"https:\/\/programme.yiddish.paris\/#\/schema\/logo\/image\/","url":"https:\/\/programme.yiddish.paris\/wp-content\/uploads\/2020\/07\/cropped-mcy_yud-1.png","contentUrl":"https:\/\/programme.yiddish.paris\/wp-content\/uploads\/2020\/07\/cropped-mcy_yud-1.png","width":250,"height":250,"caption":"programme.yiddish.paris"},"image":{"@id":"https:\/\/programme.yiddish.paris\/#\/schema\/logo\/image\/"}}]}},"_links":{"self":[{"href":"https:\/\/programme.yiddish.paris\/index.php?rest_route=\/wp\/v2\/tribe_events\/6178","targetHints":{"allow":["GET"]}}],"collection":[{"href":"https:\/\/programme.yiddish.paris\/index.php?rest_route=\/wp\/v2\/tribe_events"}],"about":[{"href":"https:\/\/programme.yiddish.paris\/index.php?rest_route=\/wp\/v2\/types\/tribe_events"}],"author":[{"embeddable":true,"href":"https:\/\/programme.yiddish.paris\/index.php?rest_route=\/wp\/v2\/users\/5"}],"version-history":[{"count":1,"href":"https:\/\/programme.yiddish.paris\/index.php?rest_route=\/wp\/v2\/tribe_events\/6178\/revisions"}],"predecessor-version":[{"id":6179,"href":"https:\/\/programme.yiddish.paris\/index.php?rest_route=\/wp\/v2\/tribe_events\/6178\/revisions\/6179"}],"wp:attachment":[{"href":"https:\/\/programme.yiddish.paris\/index.php?rest_route=%2Fwp%2Fv2%2Fmedia&parent=6178"}],"wp:term":[{"taxonomy":"post_tag","embeddable":true,"href":"https:\/\/programme.yiddish.paris\/index.php?rest_route=%2Fwp%2Fv2%2Ftags&post=6178"},{"taxonomy":"tribe_events_cat","embeddable":true,"href":"https:\/\/programme.yiddish.paris\/index.php?rest_route=%2Fwp%2Fv2%2Ftribe_events_cat&post=6178"}],"curies":[{"name":"wp","href":"https:\/\/api.w.org\/{rel}","templated":true}]}}