{"id":6196,"date":"2025-05-31T22:36:42","date_gmt":"2025-05-31T20:36:42","guid":{"rendered":"https:\/\/programme.yiddish.paris\/?post_type=tribe_events&#038;p=6196"},"modified":"2025-10-12T16:53:28","modified_gmt":"2025-10-12T14:53:28","slug":"rencontre-litteraire-mythes-juifs-le-retour-du-sacre-de-david-haziza","status":"publish","type":"tribe_events","link":"https:\/\/programme.yiddish.paris\/?tribe_events=rencontre-litteraire-mythes-juifs-le-retour-du-sacre-de-david-haziza","title":{"rendered":"Rencontre litt\u00e9raire : Mythes juifs, le retour du sacr\u00e9 de David Haziza (sur Zoom)"},"content":{"rendered":"<p>Rencontre litt\u00e9raire sur Zoom<\/p>\n<p class=\"v1elementToProof\">Et si la litt\u00e9rature permettait de voyager entre les mondes ? En s&rsquo;appuyant sur des motifs de la culture yiddish (dibbouk, golem, loup-garou&#8230;), David\u00a0Haziza\u00a0montrera comment, dans la tradition juive,\u00a0l&rsquo;\u00e9criture convoque en m\u00eame temps qu&rsquo;elle conjure les forces du mal et du pass\u00e9.<\/p>\n<p><b>Macha Fogel<\/b>, directrice de la MCY, recevra\u00a0<b>David\u00a0Haziza<\/b>, \u00e9crivain, \u00e9ditorialiste et chercheur.<\/p>\n<p><strong>Dans le cadre des Journ\u00e9es Europ\u00e9ennes de la Culture Juive 2025, th\u00e8me : \u00ab Peuple(s) des livres \u00bb<\/strong><\/p>\n<p><em><img loading=\"lazy\" decoding=\"async\" class=\"alignnone size-medium wp-image-6259\" src=\"https:\/\/programme.yiddish.paris\/wp-content\/uploads\/2025\/06\/IMG_0216-300x169.jpeg\" alt=\"\" width=\"300\" height=\"169\" srcset=\"https:\/\/programme.yiddish.paris\/wp-content\/uploads\/2025\/06\/IMG_0216-300x169.jpeg 300w, https:\/\/programme.yiddish.paris\/wp-content\/uploads\/2025\/06\/IMG_0216-1024x575.jpeg 1024w, https:\/\/programme.yiddish.paris\/wp-content\/uploads\/2025\/06\/IMG_0216-768x431.jpeg 768w, https:\/\/programme.yiddish.paris\/wp-content\/uploads\/2025\/06\/IMG_0216-1536x863.jpeg 1536w, https:\/\/programme.yiddish.paris\/wp-content\/uploads\/2025\/06\/IMG_0216-2048x1151.jpeg 2048w, https:\/\/programme.yiddish.paris\/wp-content\/uploads\/2025\/06\/IMG_0216-24x13.jpeg 24w, https:\/\/programme.yiddish.paris\/wp-content\/uploads\/2025\/06\/IMG_0216-28x16.jpeg 28w, https:\/\/programme.yiddish.paris\/wp-content\/uploads\/2025\/06\/IMG_0216-32x18.jpeg 32w\" sizes=\"auto, (max-width: 300px) 100vw, 300px\" \/><\/em><\/p>\n<p id=\"block-9f12ed79-6edc-4770-bd43-8fe9522387fe\"><em>Tarif : 12 \u20ac. Adh\u00e9rents* : 7\u20ac.<br \/>\n*Adh\u00e9rez \u00e0 la Maison de la culture yiddish pour la saison 2025-2026\u00a0et d\u00e9couvrez\u00a0<strong>le code promotionnel<\/strong>\u00a0qui vous donnera acc\u00e8s au\u00a0<strong>tarif r\u00e9duit<\/strong> sur vos r\u00e9servations.<\/em><\/p>\n<p id=\"block-2ba98dcd-5f13-4105-b07b-0b0692c4fa6f\"><a href=\"https:\/\/www.helloasso.com\/associations\/maison-de-la-culture-yiddish-bibliotheque-medem\/evenements\/mcy-activites-octobre-2025\"><strong>Cliquez ici<\/strong><\/a>\u00a0pour r\u00e9server (r\u00e9servation obligatoire).<\/p>\n<p id=\"block-02374118-74c5-4bea-b761-3a9a73091b35\"><strong>Attention : au moment du r\u00e8glement, la plateforme Helloasso vous proposera d\u2019ajouter une contribution \u00e0 son fonctionnement. Celle-ci est optionnelle, et vous pouvez changer son montant ou bien l\u2019annuler en appuyant sur le bouton \u00ab Modifier \u00bb.<\/strong><\/p>\n","protected":false},"excerpt":{"rendered":"<p>Rencontre litt\u00e9raire sur Zoom Et si la litt\u00e9rature permettait de voyager entre les mondes ? En s&rsquo;appuyant sur des motifs de la culture yiddish (dibbouk, golem, loup-garou&#8230;), David\u00a0Haziza\u00a0montrera comment, dans &hellip; <\/p>\n<p class=\"link-more\"><a href=\"https:\/\/programme.yiddish.paris\/?tribe_events=rencontre-litteraire-mythes-juifs-le-retour-du-sacre-de-david-haziza\" class=\"more-link\">Continuer la lecture<span class=\"screen-reader-text\"> de &laquo;&nbsp;Rencontre litt\u00e9raire : Mythes juifs, le retour du sacr\u00e9 de David Haziza (sur Zoom)&nbsp;&raquo;<\/span><\/a><\/p>\n","protected":false},"author":5,"featured_media":6202,"template":"","meta":{"_monsterinsights_skip_tracking":false,"_monsterinsights_sitenote_active":false,"_monsterinsights_sitenote_note":"","_monsterinsights_sitenote_category":0,"_tribe_events_status":"","_tribe_events_status_reason":"","footnotes":""},"tags":[],"tribe_events_cat":[46],"class_list":["post-6196","tribe_events","type-tribe_events","status-publish","has-post-thumbnail","hentry","tribe_events_cat-rencontre-litteraire","cat_rencontre-litteraire"],"yoast_head":"<!-- This site is optimized with the Yoast SEO plugin v27.5 - https:\/\/yoast.com\/product\/yoast-seo-wordpress\/ -->\n<title>Rencontre litt\u00e9raire : Mythes juifs, le retour du sacr\u00e9 de David Haziza (sur Zoom) - programme.yiddish.paris<\/title>\n<meta name=\"robots\" content=\"index, follow, max-snippet:-1, max-image-preview:large, max-video-preview:-1\" \/>\n<link rel=\"canonical\" href=\"https:\/\/programme.yiddish.paris\/?tribe_events=rencontre-litteraire-mythes-juifs-le-retour-du-sacre-de-david-haziza\" \/>\n<meta property=\"og:locale\" content=\"fr_FR\" \/>\n<meta property=\"og:type\" content=\"article\" \/>\n<meta property=\"og:title\" content=\"Rencontre litt\u00e9raire : Mythes juifs, le retour du sacr\u00e9 de David Haziza (sur Zoom) - programme.yiddish.paris\" \/>\n<meta property=\"og:description\" content=\"Rencontre litt\u00e9raire sur Zoom Et si la litt\u00e9rature permettait de voyager entre les mondes ? En s&rsquo;appuyant sur des motifs de la culture yiddish (dibbouk, golem, loup-garou&#8230;), David\u00a0Haziza\u00a0montrera comment, dans &hellip; Continuer la lecture de &laquo;&nbsp;Rencontre litt\u00e9raire : Mythes juifs, le retour du sacr\u00e9 de David Haziza (sur Zoom)&nbsp;&raquo;\" \/>\n<meta property=\"og:url\" content=\"https:\/\/programme.yiddish.paris\/?tribe_events=rencontre-litteraire-mythes-juifs-le-retour-du-sacre-de-david-haziza\" \/>\n<meta property=\"og:site_name\" content=\"programme.yiddish.paris\" \/>\n<meta property=\"article:modified_time\" content=\"2025-10-12T14:53:28+00:00\" \/>\n<meta property=\"og:image\" content=\"https:\/\/programme.yiddish.paris\/wp-content\/uploads\/2025\/05\/IMG_0171.jpeg\" \/>\n\t<meta property=\"og:image:width\" content=\"733\" \/>\n\t<meta property=\"og:image:height\" content=\"1196\" \/>\n\t<meta property=\"og:image:type\" content=\"image\/jpeg\" \/>\n<meta name=\"twitter:card\" content=\"summary_large_image\" \/>\n<meta name=\"twitter:label1\" content=\"Dur\u00e9e de lecture estim\u00e9e\" \/>\n\t<meta name=\"twitter:data1\" content=\"2 minutes\" \/>\n<script type=\"application\/ld+json\" class=\"yoast-schema-graph\">{\"@context\":\"https:\\\/\\\/schema.org\",\"@graph\":[{\"@type\":\"WebPage\",\"@id\":\"https:\\\/\\\/programme.yiddish.paris\\\/?tribe_events=rencontre-litteraire-mythes-juifs-le-retour-du-sacre-de-david-haziza\",\"url\":\"https:\\\/\\\/programme.yiddish.paris\\\/?tribe_events=rencontre-litteraire-mythes-juifs-le-retour-du-sacre-de-david-haziza\",\"name\":\"Rencontre litt\u00e9raire : Mythes juifs, le retour du sacr\u00e9 de David Haziza (sur Zoom) - programme.yiddish.paris\",\"isPartOf\":{\"@id\":\"https:\\\/\\\/programme.yiddish.paris\\\/#website\"},\"primaryImageOfPage\":{\"@id\":\"https:\\\/\\\/programme.yiddish.paris\\\/?tribe_events=rencontre-litteraire-mythes-juifs-le-retour-du-sacre-de-david-haziza#primaryimage\"},\"image\":{\"@id\":\"https:\\\/\\\/programme.yiddish.paris\\\/?tribe_events=rencontre-litteraire-mythes-juifs-le-retour-du-sacre-de-david-haziza#primaryimage\"},\"thumbnailUrl\":\"https:\\\/\\\/programme.yiddish.paris\\\/wp-content\\\/uploads\\\/2025\\\/05\\\/IMG_0171.jpeg\",\"datePublished\":\"2025-05-31T20:36:42+00:00\",\"dateModified\":\"2025-10-12T14:53:28+00:00\",\"breadcrumb\":{\"@id\":\"https:\\\/\\\/programme.yiddish.paris\\\/?tribe_events=rencontre-litteraire-mythes-juifs-le-retour-du-sacre-de-david-haziza#breadcrumb\"},\"inLanguage\":\"fr-FR\",\"potentialAction\":[{\"@type\":\"ReadAction\",\"target\":[\"https:\\\/\\\/programme.yiddish.paris\\\/?tribe_events=rencontre-litteraire-mythes-juifs-le-retour-du-sacre-de-david-haziza\"]}]},{\"@type\":\"ImageObject\",\"inLanguage\":\"fr-FR\",\"@id\":\"https:\\\/\\\/programme.yiddish.paris\\\/?tribe_events=rencontre-litteraire-mythes-juifs-le-retour-du-sacre-de-david-haziza#primaryimage\",\"url\":\"https:\\\/\\\/programme.yiddish.paris\\\/wp-content\\\/uploads\\\/2025\\\/05\\\/IMG_0171.jpeg\",\"contentUrl\":\"https:\\\/\\\/programme.yiddish.paris\\\/wp-content\\\/uploads\\\/2025\\\/05\\\/IMG_0171.jpeg\",\"width\":733,\"height\":1196},{\"@type\":\"BreadcrumbList\",\"@id\":\"https:\\\/\\\/programme.yiddish.paris\\\/?tribe_events=rencontre-litteraire-mythes-juifs-le-retour-du-sacre-de-david-haziza#breadcrumb\",\"itemListElement\":[{\"@type\":\"ListItem\",\"position\":1,\"name\":\"Home\",\"item\":\"https:\\\/\\\/programme.yiddish.paris\\\/\"},{\"@type\":\"ListItem\",\"position\":2,\"name\":\"\u00c9v\u00e8nements\",\"item\":\"https:\\\/\\\/programme.yiddish.paris\\\/?post_type=tribe_events\"},{\"@type\":\"ListItem\",\"position\":3,\"name\":\"Rencontre litt\u00e9raire : Mythes juifs, le retour du sacr\u00e9 de David Haziza (sur Zoom)\"}]},{\"@type\":\"WebSite\",\"@id\":\"https:\\\/\\\/programme.yiddish.paris\\\/#website\",\"url\":\"https:\\\/\\\/programme.yiddish.paris\\\/\",\"name\":\"programme.yiddish.paris\",\"description\":\"La programmation culturelle de la Maison de la culture yiddish \u2013\u00a0Biblioth\u00e8que Medem\",\"publisher\":{\"@id\":\"https:\\\/\\\/programme.yiddish.paris\\\/#organization\"},\"potentialAction\":[{\"@type\":\"SearchAction\",\"target\":{\"@type\":\"EntryPoint\",\"urlTemplate\":\"https:\\\/\\\/programme.yiddish.paris\\\/?s={search_term_string}\"},\"query-input\":{\"@type\":\"PropertyValueSpecification\",\"valueRequired\":true,\"valueName\":\"search_term_string\"}}],\"inLanguage\":\"fr-FR\"},{\"@type\":\"Organization\",\"@id\":\"https:\\\/\\\/programme.yiddish.paris\\\/#organization\",\"name\":\"programme.yiddish.paris\",\"url\":\"https:\\\/\\\/programme.yiddish.paris\\\/\",\"logo\":{\"@type\":\"ImageObject\",\"inLanguage\":\"fr-FR\",\"@id\":\"https:\\\/\\\/programme.yiddish.paris\\\/#\\\/schema\\\/logo\\\/image\\\/\",\"url\":\"https:\\\/\\\/programme.yiddish.paris\\\/wp-content\\\/uploads\\\/2020\\\/07\\\/cropped-mcy_yud-1.png\",\"contentUrl\":\"https:\\\/\\\/programme.yiddish.paris\\\/wp-content\\\/uploads\\\/2020\\\/07\\\/cropped-mcy_yud-1.png\",\"width\":250,\"height\":250,\"caption\":\"programme.yiddish.paris\"},\"image\":{\"@id\":\"https:\\\/\\\/programme.yiddish.paris\\\/#\\\/schema\\\/logo\\\/image\\\/\"}}]}<\/script>\n<!-- \/ Yoast SEO plugin. -->","yoast_head_json":{"title":"Rencontre litt\u00e9raire : Mythes juifs, le retour du sacr\u00e9 de David Haziza (sur Zoom) - programme.yiddish.paris","robots":{"index":"index","follow":"follow","max-snippet":"max-snippet:-1","max-image-preview":"max-image-preview:large","max-video-preview":"max-video-preview:-1"},"canonical":"https:\/\/programme.yiddish.paris\/?tribe_events=rencontre-litteraire-mythes-juifs-le-retour-du-sacre-de-david-haziza","og_locale":"fr_FR","og_type":"article","og_title":"Rencontre litt\u00e9raire : Mythes juifs, le retour du sacr\u00e9 de David Haziza (sur Zoom) - programme.yiddish.paris","og_description":"Rencontre litt\u00e9raire sur Zoom Et si la litt\u00e9rature permettait de voyager entre les mondes ? En s&rsquo;appuyant sur des motifs de la culture yiddish (dibbouk, golem, loup-garou&#8230;), David\u00a0Haziza\u00a0montrera comment, dans &hellip; Continuer la lecture de &laquo;&nbsp;Rencontre litt\u00e9raire : Mythes juifs, le retour du sacr\u00e9 de David Haziza (sur Zoom)&nbsp;&raquo;","og_url":"https:\/\/programme.yiddish.paris\/?tribe_events=rencontre-litteraire-mythes-juifs-le-retour-du-sacre-de-david-haziza","og_site_name":"programme.yiddish.paris","article_modified_time":"2025-10-12T14:53:28+00:00","og_image":[{"width":733,"height":1196,"url":"https:\/\/programme.yiddish.paris\/wp-content\/uploads\/2025\/05\/IMG_0171.jpeg","type":"image\/jpeg"}],"twitter_card":"summary_large_image","twitter_misc":{"Dur\u00e9e de lecture estim\u00e9e":"2 minutes"},"schema":{"@context":"https:\/\/schema.org","@graph":[{"@type":"WebPage","@id":"https:\/\/programme.yiddish.paris\/?tribe_events=rencontre-litteraire-mythes-juifs-le-retour-du-sacre-de-david-haziza","url":"https:\/\/programme.yiddish.paris\/?tribe_events=rencontre-litteraire-mythes-juifs-le-retour-du-sacre-de-david-haziza","name":"Rencontre litt\u00e9raire : Mythes juifs, le retour du sacr\u00e9 de David Haziza (sur Zoom) - programme.yiddish.paris","isPartOf":{"@id":"https:\/\/programme.yiddish.paris\/#website"},"primaryImageOfPage":{"@id":"https:\/\/programme.yiddish.paris\/?tribe_events=rencontre-litteraire-mythes-juifs-le-retour-du-sacre-de-david-haziza#primaryimage"},"image":{"@id":"https:\/\/programme.yiddish.paris\/?tribe_events=rencontre-litteraire-mythes-juifs-le-retour-du-sacre-de-david-haziza#primaryimage"},"thumbnailUrl":"https:\/\/programme.yiddish.paris\/wp-content\/uploads\/2025\/05\/IMG_0171.jpeg","datePublished":"2025-05-31T20:36:42+00:00","dateModified":"2025-10-12T14:53:28+00:00","breadcrumb":{"@id":"https:\/\/programme.yiddish.paris\/?tribe_events=rencontre-litteraire-mythes-juifs-le-retour-du-sacre-de-david-haziza#breadcrumb"},"inLanguage":"fr-FR","potentialAction":[{"@type":"ReadAction","target":["https:\/\/programme.yiddish.paris\/?tribe_events=rencontre-litteraire-mythes-juifs-le-retour-du-sacre-de-david-haziza"]}]},{"@type":"ImageObject","inLanguage":"fr-FR","@id":"https:\/\/programme.yiddish.paris\/?tribe_events=rencontre-litteraire-mythes-juifs-le-retour-du-sacre-de-david-haziza#primaryimage","url":"https:\/\/programme.yiddish.paris\/wp-content\/uploads\/2025\/05\/IMG_0171.jpeg","contentUrl":"https:\/\/programme.yiddish.paris\/wp-content\/uploads\/2025\/05\/IMG_0171.jpeg","width":733,"height":1196},{"@type":"BreadcrumbList","@id":"https:\/\/programme.yiddish.paris\/?tribe_events=rencontre-litteraire-mythes-juifs-le-retour-du-sacre-de-david-haziza#breadcrumb","itemListElement":[{"@type":"ListItem","position":1,"name":"Home","item":"https:\/\/programme.yiddish.paris\/"},{"@type":"ListItem","position":2,"name":"\u00c9v\u00e8nements","item":"https:\/\/programme.yiddish.paris\/?post_type=tribe_events"},{"@type":"ListItem","position":3,"name":"Rencontre litt\u00e9raire : Mythes juifs, le retour du sacr\u00e9 de David Haziza (sur Zoom)"}]},{"@type":"WebSite","@id":"https:\/\/programme.yiddish.paris\/#website","url":"https:\/\/programme.yiddish.paris\/","name":"programme.yiddish.paris","description":"La programmation culturelle de la Maison de la culture yiddish \u2013\u00a0Biblioth\u00e8que Medem","publisher":{"@id":"https:\/\/programme.yiddish.paris\/#organization"},"potentialAction":[{"@type":"SearchAction","target":{"@type":"EntryPoint","urlTemplate":"https:\/\/programme.yiddish.paris\/?s={search_term_string}"},"query-input":{"@type":"PropertyValueSpecification","valueRequired":true,"valueName":"search_term_string"}}],"inLanguage":"fr-FR"},{"@type":"Organization","@id":"https:\/\/programme.yiddish.paris\/#organization","name":"programme.yiddish.paris","url":"https:\/\/programme.yiddish.paris\/","logo":{"@type":"ImageObject","inLanguage":"fr-FR","@id":"https:\/\/programme.yiddish.paris\/#\/schema\/logo\/image\/","url":"https:\/\/programme.yiddish.paris\/wp-content\/uploads\/2020\/07\/cropped-mcy_yud-1.png","contentUrl":"https:\/\/programme.yiddish.paris\/wp-content\/uploads\/2020\/07\/cropped-mcy_yud-1.png","width":250,"height":250,"caption":"programme.yiddish.paris"},"image":{"@id":"https:\/\/programme.yiddish.paris\/#\/schema\/logo\/image\/"}}]}},"_links":{"self":[{"href":"https:\/\/programme.yiddish.paris\/index.php?rest_route=\/wp\/v2\/tribe_events\/6196","targetHints":{"allow":["GET"]}}],"collection":[{"href":"https:\/\/programme.yiddish.paris\/index.php?rest_route=\/wp\/v2\/tribe_events"}],"about":[{"href":"https:\/\/programme.yiddish.paris\/index.php?rest_route=\/wp\/v2\/types\/tribe_events"}],"author":[{"embeddable":true,"href":"https:\/\/programme.yiddish.paris\/index.php?rest_route=\/wp\/v2\/users\/5"}],"version-history":[{"count":10,"href":"https:\/\/programme.yiddish.paris\/index.php?rest_route=\/wp\/v2\/tribe_events\/6196\/revisions"}],"predecessor-version":[{"id":6656,"href":"https:\/\/programme.yiddish.paris\/index.php?rest_route=\/wp\/v2\/tribe_events\/6196\/revisions\/6656"}],"wp:featuredmedia":[{"embeddable":true,"href":"https:\/\/programme.yiddish.paris\/index.php?rest_route=\/wp\/v2\/media\/6202"}],"wp:attachment":[{"href":"https:\/\/programme.yiddish.paris\/index.php?rest_route=%2Fwp%2Fv2%2Fmedia&parent=6196"}],"wp:term":[{"taxonomy":"post_tag","embeddable":true,"href":"https:\/\/programme.yiddish.paris\/index.php?rest_route=%2Fwp%2Fv2%2Ftags&post=6196"},{"taxonomy":"tribe_events_cat","embeddable":true,"href":"https:\/\/programme.yiddish.paris\/index.php?rest_route=%2Fwp%2Fv2%2Ftribe_events_cat&post=6196"}],"curies":[{"name":"wp","href":"https:\/\/api.w.org\/{rel}","templated":true}]}}