{"id":6204,"date":"2025-05-31T22:50:39","date_gmt":"2025-05-31T20:50:39","guid":{"rendered":"https:\/\/programme.yiddish.paris\/?post_type=tribe_events&#038;p=6204"},"modified":"2025-10-23T12:22:53","modified_gmt":"2025-10-23T10:22:53","slug":"les-zakouskis-interpretes-de-la-musique-ashkenaze","status":"publish","type":"tribe_events","link":"https:\/\/programme.yiddish.paris\/?tribe_events=les-zakouskis-interpretes-de-la-musique-ashkenaze","title":{"rendered":"Les Zakouskis : interpr\u00e8tes de la musique ashk\u00e9naze"},"content":{"rendered":"<p class=\"s9\"><span class=\"s8\">Eric Slabiak, <\/span><span class=\"s8\">au violon et au chant, a<\/span><span class=\"s10\">ccompagn\u00e9 par Ivica Bogdanic <\/span><span class=\"s12\">\u00e0 l\u2019accord\u00e9on et <\/span><span class=\"s12\">Frank Anastasio \u00e0 la guitare<\/span><\/p>\n<p class=\"s9\"><span class=\"s8\">Des concerts courts et intenses. Des programmes in\u00e9dits. Une rencontre intime avec des musiciens de France et d\u2019ailleurs. Pour faire r\u00e9sonner la musique ashk\u00e9naze dans toute son int\u00e9grit\u00e9. Sans chichis.<\/span><\/p>\n<p class=\"s15\"><span class=\"s8\">Le concert sera suivi d\u2019une <\/span><span class=\"s14\">conversation entre Eric Slabiak et Gilles Rozier.<\/span><\/p>\n<p id=\"block-9f12ed79-6edc-4770-bd43-8fe9522387fe\"><em><br \/>\nTarif : 20 \u20ac. Adh\u00e9rents* : 15\u20ac.<br \/>\n*Adh\u00e9rez \u00e0 la Maison de la culture yiddish pour la saison 2025-2026\u00a0et d\u00e9couvrez\u00a0<strong>le code promotionnel<\/strong>\u00a0qui vous donnera acc\u00e8s au\u00a0<strong>tarif r\u00e9duit<\/strong> sur vos r\u00e9servations.<\/em><\/p>\n<p><em>Le caf\u00e9 Tshaynik ouvre ses portes une heure avant le d\u00e9but du spectacle.<\/em><\/p>\n<p id=\"block-2ba98dcd-5f13-4105-b07b-0b0692c4fa6f\"><em>EVENEMENT COMPLET<\/em><br \/>\n<a href=\"https:\/\/www.helloasso.com\/associations\/maison-de-la-culture-yiddish-bibliotheque-medem\/evenements\/mcy-activites-novembre-2025\"><strong>Cliquez ici<\/strong><\/a>\u00a0pour r\u00e9server (r\u00e9servation obligatoire).<\/p>\n<p id=\"block-02374118-74c5-4bea-b761-3a9a73091b35\"><strong>Attention : au moment du r\u00e8glement, la plateforme Helloasso vous proposera d\u2019ajouter une contribution \u00e0 son fonctionnement. Celle-ci est optionnelle, et vous pouvez changer son montant ou bien l\u2019annuler en appuyant sur le bouton \u00ab Modifier \u00bb.<\/strong><\/p>\n","protected":false},"excerpt":{"rendered":"<p>Eric Slabiak, au violon et au chant, accompagn\u00e9 par Ivica Bogdanic \u00e0 l\u2019accord\u00e9on et Frank Anastasio \u00e0 la guitare Des concerts courts et intenses. Des programmes in\u00e9dits. Une rencontre intime &hellip; <\/p>\n<p class=\"link-more\"><a href=\"https:\/\/programme.yiddish.paris\/?tribe_events=les-zakouskis-interpretes-de-la-musique-ashkenaze\" class=\"more-link\">Continuer la lecture<span class=\"screen-reader-text\"> de &laquo;&nbsp;Les Zakouskis : interpr\u00e8tes de la musique ashk\u00e9naze&nbsp;&raquo;<\/span><\/a><\/p>\n","protected":false},"author":5,"featured_media":6205,"template":"","meta":{"_monsterinsights_skip_tracking":false,"_monsterinsights_sitenote_active":false,"_monsterinsights_sitenote_note":"","_monsterinsights_sitenote_category":0,"_tribe_events_status":"","_tribe_events_status_reason":"","footnotes":""},"tags":[],"tribe_events_cat":[44],"class_list":["post-6204","tribe_events","type-tribe_events","status-publish","has-post-thumbnail","hentry","tribe_events_cat-concert","cat_concert"],"yoast_head":"<!-- This site is optimized with the Yoast SEO plugin v27.5 - https:\/\/yoast.com\/product\/yoast-seo-wordpress\/ -->\n<title>Les Zakouskis : interpr\u00e8tes de la musique ashk\u00e9naze - programme.yiddish.paris<\/title>\n<meta name=\"robots\" content=\"index, follow, max-snippet:-1, max-image-preview:large, max-video-preview:-1\" \/>\n<link rel=\"canonical\" href=\"https:\/\/programme.yiddish.paris\/?tribe_events=les-zakouskis-interpretes-de-la-musique-ashkenaze\" \/>\n<meta property=\"og:locale\" content=\"fr_FR\" \/>\n<meta property=\"og:type\" content=\"article\" \/>\n<meta property=\"og:title\" content=\"Les Zakouskis : interpr\u00e8tes de la musique ashk\u00e9naze - programme.yiddish.paris\" \/>\n<meta property=\"og:description\" content=\"Eric Slabiak, au violon et au chant, accompagn\u00e9 par Ivica Bogdanic \u00e0 l\u2019accord\u00e9on et Frank Anastasio \u00e0 la guitare Des concerts courts et intenses. Des programmes in\u00e9dits. Une rencontre intime &hellip; Continuer la lecture de &laquo;&nbsp;Les Zakouskis : interpr\u00e8tes de la musique ashk\u00e9naze&nbsp;&raquo;\" \/>\n<meta property=\"og:url\" content=\"https:\/\/programme.yiddish.paris\/?tribe_events=les-zakouskis-interpretes-de-la-musique-ashkenaze\" \/>\n<meta property=\"og:site_name\" content=\"programme.yiddish.paris\" \/>\n<meta property=\"article:modified_time\" content=\"2025-10-23T10:22:53+00:00\" \/>\n<meta property=\"og:image\" content=\"https:\/\/programme.yiddish.paris\/wp-content\/uploads\/2025\/05\/IMG_0172.jpeg\" \/>\n\t<meta property=\"og:image:width\" content=\"204\" \/>\n\t<meta property=\"og:image:height\" content=\"192\" \/>\n\t<meta property=\"og:image:type\" content=\"image\/jpeg\" \/>\n<meta name=\"twitter:card\" content=\"summary_large_image\" \/>\n<meta name=\"twitter:label1\" content=\"Dur\u00e9e de lecture estim\u00e9e\" \/>\n\t<meta name=\"twitter:data1\" content=\"1 minute\" \/>\n<script type=\"application\/ld+json\" class=\"yoast-schema-graph\">{\"@context\":\"https:\\\/\\\/schema.org\",\"@graph\":[{\"@type\":\"WebPage\",\"@id\":\"https:\\\/\\\/programme.yiddish.paris\\\/?tribe_events=les-zakouskis-interpretes-de-la-musique-ashkenaze\",\"url\":\"https:\\\/\\\/programme.yiddish.paris\\\/?tribe_events=les-zakouskis-interpretes-de-la-musique-ashkenaze\",\"name\":\"Les Zakouskis : interpr\u00e8tes de la musique ashk\u00e9naze - programme.yiddish.paris\",\"isPartOf\":{\"@id\":\"https:\\\/\\\/programme.yiddish.paris\\\/#website\"},\"primaryImageOfPage\":{\"@id\":\"https:\\\/\\\/programme.yiddish.paris\\\/?tribe_events=les-zakouskis-interpretes-de-la-musique-ashkenaze#primaryimage\"},\"image\":{\"@id\":\"https:\\\/\\\/programme.yiddish.paris\\\/?tribe_events=les-zakouskis-interpretes-de-la-musique-ashkenaze#primaryimage\"},\"thumbnailUrl\":\"https:\\\/\\\/programme.yiddish.paris\\\/wp-content\\\/uploads\\\/2025\\\/05\\\/IMG_0172.jpeg\",\"datePublished\":\"2025-05-31T20:50:39+00:00\",\"dateModified\":\"2025-10-23T10:22:53+00:00\",\"breadcrumb\":{\"@id\":\"https:\\\/\\\/programme.yiddish.paris\\\/?tribe_events=les-zakouskis-interpretes-de-la-musique-ashkenaze#breadcrumb\"},\"inLanguage\":\"fr-FR\",\"potentialAction\":[{\"@type\":\"ReadAction\",\"target\":[\"https:\\\/\\\/programme.yiddish.paris\\\/?tribe_events=les-zakouskis-interpretes-de-la-musique-ashkenaze\"]}]},{\"@type\":\"ImageObject\",\"inLanguage\":\"fr-FR\",\"@id\":\"https:\\\/\\\/programme.yiddish.paris\\\/?tribe_events=les-zakouskis-interpretes-de-la-musique-ashkenaze#primaryimage\",\"url\":\"https:\\\/\\\/programme.yiddish.paris\\\/wp-content\\\/uploads\\\/2025\\\/05\\\/IMG_0172.jpeg\",\"contentUrl\":\"https:\\\/\\\/programme.yiddish.paris\\\/wp-content\\\/uploads\\\/2025\\\/05\\\/IMG_0172.jpeg\",\"width\":204,\"height\":192},{\"@type\":\"BreadcrumbList\",\"@id\":\"https:\\\/\\\/programme.yiddish.paris\\\/?tribe_events=les-zakouskis-interpretes-de-la-musique-ashkenaze#breadcrumb\",\"itemListElement\":[{\"@type\":\"ListItem\",\"position\":1,\"name\":\"Home\",\"item\":\"https:\\\/\\\/programme.yiddish.paris\\\/\"},{\"@type\":\"ListItem\",\"position\":2,\"name\":\"\u00c9v\u00e8nements\",\"item\":\"https:\\\/\\\/programme.yiddish.paris\\\/?post_type=tribe_events\"},{\"@type\":\"ListItem\",\"position\":3,\"name\":\"Les Zakouskis : interpr\u00e8tes de la musique ashk\u00e9naze\"}]},{\"@type\":\"WebSite\",\"@id\":\"https:\\\/\\\/programme.yiddish.paris\\\/#website\",\"url\":\"https:\\\/\\\/programme.yiddish.paris\\\/\",\"name\":\"programme.yiddish.paris\",\"description\":\"La programmation culturelle de la Maison de la culture yiddish \u2013\u00a0Biblioth\u00e8que Medem\",\"publisher\":{\"@id\":\"https:\\\/\\\/programme.yiddish.paris\\\/#organization\"},\"potentialAction\":[{\"@type\":\"SearchAction\",\"target\":{\"@type\":\"EntryPoint\",\"urlTemplate\":\"https:\\\/\\\/programme.yiddish.paris\\\/?s={search_term_string}\"},\"query-input\":{\"@type\":\"PropertyValueSpecification\",\"valueRequired\":true,\"valueName\":\"search_term_string\"}}],\"inLanguage\":\"fr-FR\"},{\"@type\":\"Organization\",\"@id\":\"https:\\\/\\\/programme.yiddish.paris\\\/#organization\",\"name\":\"programme.yiddish.paris\",\"url\":\"https:\\\/\\\/programme.yiddish.paris\\\/\",\"logo\":{\"@type\":\"ImageObject\",\"inLanguage\":\"fr-FR\",\"@id\":\"https:\\\/\\\/programme.yiddish.paris\\\/#\\\/schema\\\/logo\\\/image\\\/\",\"url\":\"https:\\\/\\\/programme.yiddish.paris\\\/wp-content\\\/uploads\\\/2020\\\/07\\\/cropped-mcy_yud-1.png\",\"contentUrl\":\"https:\\\/\\\/programme.yiddish.paris\\\/wp-content\\\/uploads\\\/2020\\\/07\\\/cropped-mcy_yud-1.png\",\"width\":250,\"height\":250,\"caption\":\"programme.yiddish.paris\"},\"image\":{\"@id\":\"https:\\\/\\\/programme.yiddish.paris\\\/#\\\/schema\\\/logo\\\/image\\\/\"}}]}<\/script>\n<!-- \/ Yoast SEO plugin. -->","yoast_head_json":{"title":"Les Zakouskis : interpr\u00e8tes de la musique ashk\u00e9naze - programme.yiddish.paris","robots":{"index":"index","follow":"follow","max-snippet":"max-snippet:-1","max-image-preview":"max-image-preview:large","max-video-preview":"max-video-preview:-1"},"canonical":"https:\/\/programme.yiddish.paris\/?tribe_events=les-zakouskis-interpretes-de-la-musique-ashkenaze","og_locale":"fr_FR","og_type":"article","og_title":"Les Zakouskis : interpr\u00e8tes de la musique ashk\u00e9naze - programme.yiddish.paris","og_description":"Eric Slabiak, au violon et au chant, accompagn\u00e9 par Ivica Bogdanic \u00e0 l\u2019accord\u00e9on et Frank Anastasio \u00e0 la guitare Des concerts courts et intenses. Des programmes in\u00e9dits. Une rencontre intime &hellip; Continuer la lecture de &laquo;&nbsp;Les Zakouskis : interpr\u00e8tes de la musique ashk\u00e9naze&nbsp;&raquo;","og_url":"https:\/\/programme.yiddish.paris\/?tribe_events=les-zakouskis-interpretes-de-la-musique-ashkenaze","og_site_name":"programme.yiddish.paris","article_modified_time":"2025-10-23T10:22:53+00:00","og_image":[{"width":204,"height":192,"url":"https:\/\/programme.yiddish.paris\/wp-content\/uploads\/2025\/05\/IMG_0172.jpeg","type":"image\/jpeg"}],"twitter_card":"summary_large_image","twitter_misc":{"Dur\u00e9e de lecture estim\u00e9e":"1 minute"},"schema":{"@context":"https:\/\/schema.org","@graph":[{"@type":"WebPage","@id":"https:\/\/programme.yiddish.paris\/?tribe_events=les-zakouskis-interpretes-de-la-musique-ashkenaze","url":"https:\/\/programme.yiddish.paris\/?tribe_events=les-zakouskis-interpretes-de-la-musique-ashkenaze","name":"Les Zakouskis : interpr\u00e8tes de la musique ashk\u00e9naze - programme.yiddish.paris","isPartOf":{"@id":"https:\/\/programme.yiddish.paris\/#website"},"primaryImageOfPage":{"@id":"https:\/\/programme.yiddish.paris\/?tribe_events=les-zakouskis-interpretes-de-la-musique-ashkenaze#primaryimage"},"image":{"@id":"https:\/\/programme.yiddish.paris\/?tribe_events=les-zakouskis-interpretes-de-la-musique-ashkenaze#primaryimage"},"thumbnailUrl":"https:\/\/programme.yiddish.paris\/wp-content\/uploads\/2025\/05\/IMG_0172.jpeg","datePublished":"2025-05-31T20:50:39+00:00","dateModified":"2025-10-23T10:22:53+00:00","breadcrumb":{"@id":"https:\/\/programme.yiddish.paris\/?tribe_events=les-zakouskis-interpretes-de-la-musique-ashkenaze#breadcrumb"},"inLanguage":"fr-FR","potentialAction":[{"@type":"ReadAction","target":["https:\/\/programme.yiddish.paris\/?tribe_events=les-zakouskis-interpretes-de-la-musique-ashkenaze"]}]},{"@type":"ImageObject","inLanguage":"fr-FR","@id":"https:\/\/programme.yiddish.paris\/?tribe_events=les-zakouskis-interpretes-de-la-musique-ashkenaze#primaryimage","url":"https:\/\/programme.yiddish.paris\/wp-content\/uploads\/2025\/05\/IMG_0172.jpeg","contentUrl":"https:\/\/programme.yiddish.paris\/wp-content\/uploads\/2025\/05\/IMG_0172.jpeg","width":204,"height":192},{"@type":"BreadcrumbList","@id":"https:\/\/programme.yiddish.paris\/?tribe_events=les-zakouskis-interpretes-de-la-musique-ashkenaze#breadcrumb","itemListElement":[{"@type":"ListItem","position":1,"name":"Home","item":"https:\/\/programme.yiddish.paris\/"},{"@type":"ListItem","position":2,"name":"\u00c9v\u00e8nements","item":"https:\/\/programme.yiddish.paris\/?post_type=tribe_events"},{"@type":"ListItem","position":3,"name":"Les Zakouskis : interpr\u00e8tes de la musique ashk\u00e9naze"}]},{"@type":"WebSite","@id":"https:\/\/programme.yiddish.paris\/#website","url":"https:\/\/programme.yiddish.paris\/","name":"programme.yiddish.paris","description":"La programmation culturelle de la Maison de la culture yiddish \u2013\u00a0Biblioth\u00e8que Medem","publisher":{"@id":"https:\/\/programme.yiddish.paris\/#organization"},"potentialAction":[{"@type":"SearchAction","target":{"@type":"EntryPoint","urlTemplate":"https:\/\/programme.yiddish.paris\/?s={search_term_string}"},"query-input":{"@type":"PropertyValueSpecification","valueRequired":true,"valueName":"search_term_string"}}],"inLanguage":"fr-FR"},{"@type":"Organization","@id":"https:\/\/programme.yiddish.paris\/#organization","name":"programme.yiddish.paris","url":"https:\/\/programme.yiddish.paris\/","logo":{"@type":"ImageObject","inLanguage":"fr-FR","@id":"https:\/\/programme.yiddish.paris\/#\/schema\/logo\/image\/","url":"https:\/\/programme.yiddish.paris\/wp-content\/uploads\/2020\/07\/cropped-mcy_yud-1.png","contentUrl":"https:\/\/programme.yiddish.paris\/wp-content\/uploads\/2020\/07\/cropped-mcy_yud-1.png","width":250,"height":250,"caption":"programme.yiddish.paris"},"image":{"@id":"https:\/\/programme.yiddish.paris\/#\/schema\/logo\/image\/"}}]}},"_links":{"self":[{"href":"https:\/\/programme.yiddish.paris\/index.php?rest_route=\/wp\/v2\/tribe_events\/6204","targetHints":{"allow":["GET"]}}],"collection":[{"href":"https:\/\/programme.yiddish.paris\/index.php?rest_route=\/wp\/v2\/tribe_events"}],"about":[{"href":"https:\/\/programme.yiddish.paris\/index.php?rest_route=\/wp\/v2\/types\/tribe_events"}],"author":[{"embeddable":true,"href":"https:\/\/programme.yiddish.paris\/index.php?rest_route=\/wp\/v2\/users\/5"}],"version-history":[{"count":6,"href":"https:\/\/programme.yiddish.paris\/index.php?rest_route=\/wp\/v2\/tribe_events\/6204\/revisions"}],"predecessor-version":[{"id":6693,"href":"https:\/\/programme.yiddish.paris\/index.php?rest_route=\/wp\/v2\/tribe_events\/6204\/revisions\/6693"}],"wp:featuredmedia":[{"embeddable":true,"href":"https:\/\/programme.yiddish.paris\/index.php?rest_route=\/wp\/v2\/media\/6205"}],"wp:attachment":[{"href":"https:\/\/programme.yiddish.paris\/index.php?rest_route=%2Fwp%2Fv2%2Fmedia&parent=6204"}],"wp:term":[{"taxonomy":"post_tag","embeddable":true,"href":"https:\/\/programme.yiddish.paris\/index.php?rest_route=%2Fwp%2Fv2%2Ftags&post=6204"},{"taxonomy":"tribe_events_cat","embeddable":true,"href":"https:\/\/programme.yiddish.paris\/index.php?rest_route=%2Fwp%2Fv2%2Ftribe_events_cat&post=6204"}],"curies":[{"name":"wp","href":"https:\/\/api.w.org\/{rel}","templated":true}]}}