{"id":6379,"date":"2025-10-03T17:32:57","date_gmt":"2025-10-03T15:32:57","guid":{"rendered":"https:\/\/programme.yiddish.paris\/?post_type=tribe_events&#038;p=6379"},"modified":"2026-01-15T14:02:28","modified_gmt":"2026-01-15T13:02:28","slug":"bibliotheque-medem-ouvre-ses-portes-quand-le-cinema-sinspire-de-la-litterature-yiddish","status":"publish","type":"tribe_events","link":"https:\/\/programme.yiddish.paris\/?tribe_events=bibliotheque-medem-ouvre-ses-portes-quand-le-cinema-sinspire-de-la-litterature-yiddish","title":{"rendered":"Biblioth\u00e8que Medem ouvre ses portes : les ouvrages consacr\u00e9s au 7\u00e8me art yiddish"},"content":{"rendered":"<p>Biblioth\u00e8que Medem ouvre ses portes : une pr\u00e9sentation des livres de la biblioth\u00e8que consacr\u00e9s au yiddish dans le 7\u00e8me art.<\/p>\n<p>Pr\u00e9sentation par <strong>Sharon Bar-Kochva<\/strong>\u00a0(Biblioth\u00e8que Medem).<\/p>\n<p id=\"block-9f12ed79-6edc-4770-bd43-8fe9522387fe\"><em>Tarif : 10 \u20ac. Adh\u00e9rents* : 5 \u20ac.<br \/>\n*Adh\u00e9rez \u00e0 la Maison de la culture yiddish pour la saison 2025-2026\u00a0et d\u00e9couvrez\u00a0<strong>le code promotionnel<\/strong>\u00a0qui vous donnera acc\u00e8s au\u00a0<strong>tarif r\u00e9duit<\/strong>\u00a0sur vos r\u00e9servations.<\/em><\/p>\n<p id=\"block-2ba98dcd-5f13-4105-b07b-0b0692c4fa6f\"><a href=\"https:\/\/www.helloasso.com\/associations\/maison-de-la-culture-yiddish-bibliotheque-medem\/evenements\/mcy-activites-janvier-2026\"><strong>Cliquez ici<\/strong><\/a>\u00a0pour r\u00e9server (r\u00e9servation obligatoire).<\/p>\n<p id=\"block-02374118-74c5-4bea-b761-3a9a73091b35\"><strong>Attention : au moment du r\u00e8glement, la plateforme Helloasso vous proposera d\u2019ajouter une contribution \u00e0 son fonctionnement. Celle-ci est optionnelle, et vous pouvez changer son montant ou bien l\u2019annuler en appuyant sur le bouton \u00ab Modifier \u00bb.<\/strong><\/p>\n<p>Pour voir le <strong>programme complet de la saison<\/strong>, <span style=\"color: #0000ff;\"><a style=\"color: #0000ff;\" href=\"https:\/\/programme.yiddish.paris\/?page_id=6523\">cliquez ici<\/a>.<\/span><\/p>\n<p>Avec le soutien de la Fondation pour la M\u00e9moire de la Shoah<br \/>\n<img loading=\"lazy\" decoding=\"async\" class=\"alignnone size-full wp-image-6914\" src=\"https:\/\/programme.yiddish.paris\/wp-content\/uploads\/2025\/10\/Capture-decran-2026-01-12-175728.png\" alt=\"\" width=\"129\" height=\"129\" srcset=\"https:\/\/programme.yiddish.paris\/wp-content\/uploads\/2025\/10\/Capture-decran-2026-01-12-175728.png 129w, https:\/\/programme.yiddish.paris\/wp-content\/uploads\/2025\/10\/Capture-decran-2026-01-12-175728-100x100.png 100w, https:\/\/programme.yiddish.paris\/wp-content\/uploads\/2025\/10\/Capture-decran-2026-01-12-175728-24x24.png 24w, https:\/\/programme.yiddish.paris\/wp-content\/uploads\/2025\/10\/Capture-decran-2026-01-12-175728-28x28.png 28w, https:\/\/programme.yiddish.paris\/wp-content\/uploads\/2025\/10\/Capture-decran-2026-01-12-175728-32x32.png 32w\" sizes=\"auto, (max-width: 129px) 100vw, 129px\" \/><\/p>\n","protected":false},"excerpt":{"rendered":"<p>Biblioth\u00e8que Medem ouvre ses portes : une pr\u00e9sentation des livres de la biblioth\u00e8que consacr\u00e9s au yiddish dans le 7\u00e8me art. Pr\u00e9sentation par Sharon Bar-Kochva\u00a0(Biblioth\u00e8que Medem). Tarif : 10 \u20ac. Adh\u00e9rents* &hellip; <\/p>\n<p class=\"link-more\"><a href=\"https:\/\/programme.yiddish.paris\/?tribe_events=bibliotheque-medem-ouvre-ses-portes-quand-le-cinema-sinspire-de-la-litterature-yiddish\" class=\"more-link\">Continuer la lecture<span class=\"screen-reader-text\"> de &laquo;&nbsp;Biblioth\u00e8que Medem ouvre ses portes : les ouvrages consacr\u00e9s au 7\u00e8me art yiddish&nbsp;&raquo;<\/span><\/a><\/p>\n","protected":false},"author":5,"featured_media":6370,"template":"","meta":{"_monsterinsights_skip_tracking":false,"_monsterinsights_sitenote_active":false,"_monsterinsights_sitenote_note":"","_monsterinsights_sitenote_category":0,"_tribe_events_status":"","_tribe_events_status_reason":"","footnotes":""},"tags":[],"tribe_events_cat":[85],"class_list":["post-6379","tribe_events","type-tribe_events","status-publish","has-post-thumbnail","hentry","tribe_events_cat-saison-cinema","cat_saison-cinema"],"yoast_head":"<!-- This site is optimized with the Yoast SEO plugin v27.5 - https:\/\/yoast.com\/product\/yoast-seo-wordpress\/ -->\n<title>Biblioth\u00e8que Medem ouvre ses portes : les ouvrages consacr\u00e9s au 7\u00e8me art yiddish - programme.yiddish.paris<\/title>\n<meta name=\"robots\" content=\"index, follow, max-snippet:-1, max-image-preview:large, max-video-preview:-1\" \/>\n<link rel=\"canonical\" href=\"https:\/\/programme.yiddish.paris\/?tribe_events=bibliotheque-medem-ouvre-ses-portes-quand-le-cinema-sinspire-de-la-litterature-yiddish\" \/>\n<meta property=\"og:locale\" content=\"fr_FR\" \/>\n<meta property=\"og:type\" content=\"article\" \/>\n<meta property=\"og:title\" content=\"Biblioth\u00e8que Medem ouvre ses portes : les ouvrages consacr\u00e9s au 7\u00e8me art yiddish - programme.yiddish.paris\" \/>\n<meta property=\"og:description\" content=\"Biblioth\u00e8que Medem ouvre ses portes : une pr\u00e9sentation des livres de la biblioth\u00e8que consacr\u00e9s au yiddish dans le 7\u00e8me art. Pr\u00e9sentation par Sharon Bar-Kochva\u00a0(Biblioth\u00e8que Medem). Tarif : 10 \u20ac. Adh\u00e9rents* &hellip; Continuer la lecture de &laquo;&nbsp;Biblioth\u00e8que Medem ouvre ses portes : les ouvrages consacr\u00e9s au 7\u00e8me art yiddish&nbsp;&raquo;\" \/>\n<meta property=\"og:url\" content=\"https:\/\/programme.yiddish.paris\/?tribe_events=bibliotheque-medem-ouvre-ses-portes-quand-le-cinema-sinspire-de-la-litterature-yiddish\" \/>\n<meta property=\"og:site_name\" content=\"programme.yiddish.paris\" \/>\n<meta property=\"article:modified_time\" content=\"2026-01-15T13:02:28+00:00\" \/>\n<meta property=\"og:image\" content=\"https:\/\/programme.yiddish.paris\/wp-content\/uploads\/2025\/10\/BANNIERE_01-4.jpg\" \/>\n\t<meta property=\"og:image:width\" content=\"1142\" \/>\n\t<meta property=\"og:image:height\" content=\"811\" \/>\n\t<meta property=\"og:image:type\" content=\"image\/jpeg\" \/>\n<meta name=\"twitter:card\" content=\"summary_large_image\" \/>\n<meta name=\"twitter:label1\" content=\"Dur\u00e9e de lecture estim\u00e9e\" \/>\n\t<meta name=\"twitter:data1\" content=\"2 minutes\" \/>\n<script type=\"application\/ld+json\" class=\"yoast-schema-graph\">{\"@context\":\"https:\\\/\\\/schema.org\",\"@graph\":[{\"@type\":\"WebPage\",\"@id\":\"https:\\\/\\\/programme.yiddish.paris\\\/?tribe_events=bibliotheque-medem-ouvre-ses-portes-quand-le-cinema-sinspire-de-la-litterature-yiddish\",\"url\":\"https:\\\/\\\/programme.yiddish.paris\\\/?tribe_events=bibliotheque-medem-ouvre-ses-portes-quand-le-cinema-sinspire-de-la-litterature-yiddish\",\"name\":\"Biblioth\u00e8que Medem ouvre ses portes : les ouvrages consacr\u00e9s au 7\u00e8me art yiddish - programme.yiddish.paris\",\"isPartOf\":{\"@id\":\"https:\\\/\\\/programme.yiddish.paris\\\/#website\"},\"primaryImageOfPage\":{\"@id\":\"https:\\\/\\\/programme.yiddish.paris\\\/?tribe_events=bibliotheque-medem-ouvre-ses-portes-quand-le-cinema-sinspire-de-la-litterature-yiddish#primaryimage\"},\"image\":{\"@id\":\"https:\\\/\\\/programme.yiddish.paris\\\/?tribe_events=bibliotheque-medem-ouvre-ses-portes-quand-le-cinema-sinspire-de-la-litterature-yiddish#primaryimage\"},\"thumbnailUrl\":\"https:\\\/\\\/programme.yiddish.paris\\\/wp-content\\\/uploads\\\/2025\\\/10\\\/BANNIERE_01-4.jpg\",\"datePublished\":\"2025-10-03T15:32:57+00:00\",\"dateModified\":\"2026-01-15T13:02:28+00:00\",\"breadcrumb\":{\"@id\":\"https:\\\/\\\/programme.yiddish.paris\\\/?tribe_events=bibliotheque-medem-ouvre-ses-portes-quand-le-cinema-sinspire-de-la-litterature-yiddish#breadcrumb\"},\"inLanguage\":\"fr-FR\",\"potentialAction\":[{\"@type\":\"ReadAction\",\"target\":[\"https:\\\/\\\/programme.yiddish.paris\\\/?tribe_events=bibliotheque-medem-ouvre-ses-portes-quand-le-cinema-sinspire-de-la-litterature-yiddish\"]}]},{\"@type\":\"ImageObject\",\"inLanguage\":\"fr-FR\",\"@id\":\"https:\\\/\\\/programme.yiddish.paris\\\/?tribe_events=bibliotheque-medem-ouvre-ses-portes-quand-le-cinema-sinspire-de-la-litterature-yiddish#primaryimage\",\"url\":\"https:\\\/\\\/programme.yiddish.paris\\\/wp-content\\\/uploads\\\/2025\\\/10\\\/BANNIERE_01-4.jpg\",\"contentUrl\":\"https:\\\/\\\/programme.yiddish.paris\\\/wp-content\\\/uploads\\\/2025\\\/10\\\/BANNIERE_01-4.jpg\",\"width\":1142,\"height\":811},{\"@type\":\"BreadcrumbList\",\"@id\":\"https:\\\/\\\/programme.yiddish.paris\\\/?tribe_events=bibliotheque-medem-ouvre-ses-portes-quand-le-cinema-sinspire-de-la-litterature-yiddish#breadcrumb\",\"itemListElement\":[{\"@type\":\"ListItem\",\"position\":1,\"name\":\"Home\",\"item\":\"https:\\\/\\\/programme.yiddish.paris\\\/\"},{\"@type\":\"ListItem\",\"position\":2,\"name\":\"\u00c9v\u00e8nements\",\"item\":\"https:\\\/\\\/programme.yiddish.paris\\\/?post_type=tribe_events\"},{\"@type\":\"ListItem\",\"position\":3,\"name\":\"Biblioth\u00e8que Medem ouvre ses portes : les ouvrages consacr\u00e9s au 7\u00e8me art yiddish\"}]},{\"@type\":\"WebSite\",\"@id\":\"https:\\\/\\\/programme.yiddish.paris\\\/#website\",\"url\":\"https:\\\/\\\/programme.yiddish.paris\\\/\",\"name\":\"programme.yiddish.paris\",\"description\":\"La programmation culturelle de la Maison de la culture yiddish \u2013\u00a0Biblioth\u00e8que Medem\",\"publisher\":{\"@id\":\"https:\\\/\\\/programme.yiddish.paris\\\/#organization\"},\"potentialAction\":[{\"@type\":\"SearchAction\",\"target\":{\"@type\":\"EntryPoint\",\"urlTemplate\":\"https:\\\/\\\/programme.yiddish.paris\\\/?s={search_term_string}\"},\"query-input\":{\"@type\":\"PropertyValueSpecification\",\"valueRequired\":true,\"valueName\":\"search_term_string\"}}],\"inLanguage\":\"fr-FR\"},{\"@type\":\"Organization\",\"@id\":\"https:\\\/\\\/programme.yiddish.paris\\\/#organization\",\"name\":\"programme.yiddish.paris\",\"url\":\"https:\\\/\\\/programme.yiddish.paris\\\/\",\"logo\":{\"@type\":\"ImageObject\",\"inLanguage\":\"fr-FR\",\"@id\":\"https:\\\/\\\/programme.yiddish.paris\\\/#\\\/schema\\\/logo\\\/image\\\/\",\"url\":\"https:\\\/\\\/programme.yiddish.paris\\\/wp-content\\\/uploads\\\/2020\\\/07\\\/cropped-mcy_yud-1.png\",\"contentUrl\":\"https:\\\/\\\/programme.yiddish.paris\\\/wp-content\\\/uploads\\\/2020\\\/07\\\/cropped-mcy_yud-1.png\",\"width\":250,\"height\":250,\"caption\":\"programme.yiddish.paris\"},\"image\":{\"@id\":\"https:\\\/\\\/programme.yiddish.paris\\\/#\\\/schema\\\/logo\\\/image\\\/\"}}]}<\/script>\n<!-- \/ Yoast SEO plugin. -->","yoast_head_json":{"title":"Biblioth\u00e8que Medem ouvre ses portes : les ouvrages consacr\u00e9s au 7\u00e8me art yiddish - programme.yiddish.paris","robots":{"index":"index","follow":"follow","max-snippet":"max-snippet:-1","max-image-preview":"max-image-preview:large","max-video-preview":"max-video-preview:-1"},"canonical":"https:\/\/programme.yiddish.paris\/?tribe_events=bibliotheque-medem-ouvre-ses-portes-quand-le-cinema-sinspire-de-la-litterature-yiddish","og_locale":"fr_FR","og_type":"article","og_title":"Biblioth\u00e8que Medem ouvre ses portes : les ouvrages consacr\u00e9s au 7\u00e8me art yiddish - programme.yiddish.paris","og_description":"Biblioth\u00e8que Medem ouvre ses portes : une pr\u00e9sentation des livres de la biblioth\u00e8que consacr\u00e9s au yiddish dans le 7\u00e8me art. Pr\u00e9sentation par Sharon Bar-Kochva\u00a0(Biblioth\u00e8que Medem). Tarif : 10 \u20ac. Adh\u00e9rents* &hellip; Continuer la lecture de &laquo;&nbsp;Biblioth\u00e8que Medem ouvre ses portes : les ouvrages consacr\u00e9s au 7\u00e8me art yiddish&nbsp;&raquo;","og_url":"https:\/\/programme.yiddish.paris\/?tribe_events=bibliotheque-medem-ouvre-ses-portes-quand-le-cinema-sinspire-de-la-litterature-yiddish","og_site_name":"programme.yiddish.paris","article_modified_time":"2026-01-15T13:02:28+00:00","og_image":[{"width":1142,"height":811,"url":"https:\/\/programme.yiddish.paris\/wp-content\/uploads\/2025\/10\/BANNIERE_01-4.jpg","type":"image\/jpeg"}],"twitter_card":"summary_large_image","twitter_misc":{"Dur\u00e9e de lecture estim\u00e9e":"2 minutes"},"schema":{"@context":"https:\/\/schema.org","@graph":[{"@type":"WebPage","@id":"https:\/\/programme.yiddish.paris\/?tribe_events=bibliotheque-medem-ouvre-ses-portes-quand-le-cinema-sinspire-de-la-litterature-yiddish","url":"https:\/\/programme.yiddish.paris\/?tribe_events=bibliotheque-medem-ouvre-ses-portes-quand-le-cinema-sinspire-de-la-litterature-yiddish","name":"Biblioth\u00e8que Medem ouvre ses portes : les ouvrages consacr\u00e9s au 7\u00e8me art yiddish - programme.yiddish.paris","isPartOf":{"@id":"https:\/\/programme.yiddish.paris\/#website"},"primaryImageOfPage":{"@id":"https:\/\/programme.yiddish.paris\/?tribe_events=bibliotheque-medem-ouvre-ses-portes-quand-le-cinema-sinspire-de-la-litterature-yiddish#primaryimage"},"image":{"@id":"https:\/\/programme.yiddish.paris\/?tribe_events=bibliotheque-medem-ouvre-ses-portes-quand-le-cinema-sinspire-de-la-litterature-yiddish#primaryimage"},"thumbnailUrl":"https:\/\/programme.yiddish.paris\/wp-content\/uploads\/2025\/10\/BANNIERE_01-4.jpg","datePublished":"2025-10-03T15:32:57+00:00","dateModified":"2026-01-15T13:02:28+00:00","breadcrumb":{"@id":"https:\/\/programme.yiddish.paris\/?tribe_events=bibliotheque-medem-ouvre-ses-portes-quand-le-cinema-sinspire-de-la-litterature-yiddish#breadcrumb"},"inLanguage":"fr-FR","potentialAction":[{"@type":"ReadAction","target":["https:\/\/programme.yiddish.paris\/?tribe_events=bibliotheque-medem-ouvre-ses-portes-quand-le-cinema-sinspire-de-la-litterature-yiddish"]}]},{"@type":"ImageObject","inLanguage":"fr-FR","@id":"https:\/\/programme.yiddish.paris\/?tribe_events=bibliotheque-medem-ouvre-ses-portes-quand-le-cinema-sinspire-de-la-litterature-yiddish#primaryimage","url":"https:\/\/programme.yiddish.paris\/wp-content\/uploads\/2025\/10\/BANNIERE_01-4.jpg","contentUrl":"https:\/\/programme.yiddish.paris\/wp-content\/uploads\/2025\/10\/BANNIERE_01-4.jpg","width":1142,"height":811},{"@type":"BreadcrumbList","@id":"https:\/\/programme.yiddish.paris\/?tribe_events=bibliotheque-medem-ouvre-ses-portes-quand-le-cinema-sinspire-de-la-litterature-yiddish#breadcrumb","itemListElement":[{"@type":"ListItem","position":1,"name":"Home","item":"https:\/\/programme.yiddish.paris\/"},{"@type":"ListItem","position":2,"name":"\u00c9v\u00e8nements","item":"https:\/\/programme.yiddish.paris\/?post_type=tribe_events"},{"@type":"ListItem","position":3,"name":"Biblioth\u00e8que Medem ouvre ses portes : les ouvrages consacr\u00e9s au 7\u00e8me art yiddish"}]},{"@type":"WebSite","@id":"https:\/\/programme.yiddish.paris\/#website","url":"https:\/\/programme.yiddish.paris\/","name":"programme.yiddish.paris","description":"La programmation culturelle de la Maison de la culture yiddish \u2013\u00a0Biblioth\u00e8que Medem","publisher":{"@id":"https:\/\/programme.yiddish.paris\/#organization"},"potentialAction":[{"@type":"SearchAction","target":{"@type":"EntryPoint","urlTemplate":"https:\/\/programme.yiddish.paris\/?s={search_term_string}"},"query-input":{"@type":"PropertyValueSpecification","valueRequired":true,"valueName":"search_term_string"}}],"inLanguage":"fr-FR"},{"@type":"Organization","@id":"https:\/\/programme.yiddish.paris\/#organization","name":"programme.yiddish.paris","url":"https:\/\/programme.yiddish.paris\/","logo":{"@type":"ImageObject","inLanguage":"fr-FR","@id":"https:\/\/programme.yiddish.paris\/#\/schema\/logo\/image\/","url":"https:\/\/programme.yiddish.paris\/wp-content\/uploads\/2020\/07\/cropped-mcy_yud-1.png","contentUrl":"https:\/\/programme.yiddish.paris\/wp-content\/uploads\/2020\/07\/cropped-mcy_yud-1.png","width":250,"height":250,"caption":"programme.yiddish.paris"},"image":{"@id":"https:\/\/programme.yiddish.paris\/#\/schema\/logo\/image\/"}}]}},"_links":{"self":[{"href":"https:\/\/programme.yiddish.paris\/index.php?rest_route=\/wp\/v2\/tribe_events\/6379","targetHints":{"allow":["GET"]}}],"collection":[{"href":"https:\/\/programme.yiddish.paris\/index.php?rest_route=\/wp\/v2\/tribe_events"}],"about":[{"href":"https:\/\/programme.yiddish.paris\/index.php?rest_route=\/wp\/v2\/types\/tribe_events"}],"author":[{"embeddable":true,"href":"https:\/\/programme.yiddish.paris\/index.php?rest_route=\/wp\/v2\/users\/5"}],"version-history":[{"count":10,"href":"https:\/\/programme.yiddish.paris\/index.php?rest_route=\/wp\/v2\/tribe_events\/6379\/revisions"}],"predecessor-version":[{"id":6940,"href":"https:\/\/programme.yiddish.paris\/index.php?rest_route=\/wp\/v2\/tribe_events\/6379\/revisions\/6940"}],"wp:featuredmedia":[{"embeddable":true,"href":"https:\/\/programme.yiddish.paris\/index.php?rest_route=\/wp\/v2\/media\/6370"}],"wp:attachment":[{"href":"https:\/\/programme.yiddish.paris\/index.php?rest_route=%2Fwp%2Fv2%2Fmedia&parent=6379"}],"wp:term":[{"taxonomy":"post_tag","embeddable":true,"href":"https:\/\/programme.yiddish.paris\/index.php?rest_route=%2Fwp%2Fv2%2Ftags&post=6379"},{"taxonomy":"tribe_events_cat","embeddable":true,"href":"https:\/\/programme.yiddish.paris\/index.php?rest_route=%2Fwp%2Fv2%2Ftribe_events_cat&post=6379"}],"curies":[{"name":"wp","href":"https:\/\/api.w.org\/{rel}","templated":true}]}}