{"id":6822,"date":"2025-12-16T17:42:34","date_gmt":"2025-12-16T16:42:34","guid":{"rendered":"https:\/\/programme.yiddish.paris\/?post_type=tribe_events&#038;p=6822"},"modified":"2025-12-16T17:45:35","modified_gmt":"2025-12-16T16:45:35","slug":"le-shtibl-a-paris","status":"publish","type":"tribe_events","link":"https:\/\/programme.yiddish.paris\/?tribe_events=le-shtibl-a-paris","title":{"rendered":"Le shtibl \u00e0 Paris"},"content":{"rendered":"<div class=\"v1elementToProof\">Beaucoup des immigrants yiddishophones en France se sont \u00e9loign\u00e9s de la pratique religieuse avant leur arriv\u00e9e, ou bien apr\u00e8s. Mais il restait suffisamment de fid\u00e8les pour faire vivre un nombre important de\u00a0<i>stibblekh<\/i>, c&rsquo;est \u00e0 dire d&rsquo;oratoires de style est-europ\u00e9en, en g\u00e9n\u00e9ral hassidiques, tr\u00e8s diff\u00e9rents des synagogues des Juifs fran\u00e7ais. On se propose ici de dresser un panorama de ces lieux, souvent repris aujourd&rsquo;hui par des Juifs d&rsquo;Afrique du Nord, ainsi que de leurs rabbins : ils font partie du pluralisme inscrit dans le paysage juif.<i>\u00a0<\/i><\/div>\n<div class=\"v1elementToProof\"><b><i>\u00a0<\/i><\/b><\/div>\n<div class=\"v1elementToProof\">Historien,\u00a0<b>Philippe Boukara<\/b>\u00a0est sp\u00e9cialiste d&rsquo;histoire juive contemporaine.<\/div>\n<div class=\"v1elementToProof\">La rencontre se d\u00e9roule en fran\u00e7ais, en pr\u00e9sentiel.<\/div>\n<div><\/div>\n<div><\/div>\n<div class=\"v1elementToProof\"><em>Tarif : 12 \u20ac. Adh\u00e9rents* : 7 \u20ac.<br \/>\nTarif Jeunes moins de 26 ans : 6\u20ac, sur place uniquement, en fonction des places disponibles.\u00a0<\/em><\/div>\n<div class=\"v1elementToProof\"><em><br \/>\n*Adh\u00e9rez \u00e0 la Maison de la culture yiddish pour la saison 2025-2026\u00a0et d\u00e9couvrez\u00a0<strong>le code promotionnel<\/strong>\u00a0qui vous donnera acc\u00e8s au\u00a0<strong>tarif r\u00e9duit<\/strong>\u00a0sur vos r\u00e9servations.<\/em><\/div>\n<div><\/div>\n<div>\n<p id=\"block-2ba98dcd-5f13-4105-b07b-0b0692c4fa6f\"><a href=\"https:\/\/www.helloasso.com\/associations\/maison-de-la-culture-yiddish-bibliotheque-medem\/evenements\/mcy-activites-fevrier-2026\"><strong>Cliquez ici<\/strong><\/a>\u00a0pour r\u00e9server (r\u00e9servation obligatoire).<\/p>\n<p id=\"block-02374118-74c5-4bea-b761-3a9a73091b35\"><strong>Attention : au moment du r\u00e8glement, la plateforme Helloasso vous proposera d\u2019ajouter une contribution \u00e0 son fonctionnement. Celle-ci est optionnelle, et vous pouvez changer son montant ou bien l\u2019annuler en appuyant sur le bouton \u00ab Modifier \u00bb.<\/strong><\/p>\n<\/div>\n","protected":false},"excerpt":{"rendered":"<p>Beaucoup des immigrants yiddishophones en France se sont \u00e9loign\u00e9s de la pratique religieuse avant leur arriv\u00e9e, ou bien apr\u00e8s. Mais il restait suffisamment de fid\u00e8les pour faire vivre un nombre &hellip; <\/p>\n<p class=\"link-more\"><a href=\"https:\/\/programme.yiddish.paris\/?tribe_events=le-shtibl-a-paris\" class=\"more-link\">Continuer la lecture<span class=\"screen-reader-text\"> de &laquo;&nbsp;Le shtibl \u00e0 Paris&nbsp;&raquo;<\/span><\/a><\/p>\n","protected":false},"author":5,"featured_media":6828,"template":"","meta":{"_monsterinsights_skip_tracking":false,"_monsterinsights_sitenote_active":false,"_monsterinsights_sitenote_note":"","_monsterinsights_sitenote_category":0,"_tribe_events_status":"","_tribe_events_status_reason":"","footnotes":""},"tags":[],"tribe_events_cat":[53],"class_list":["post-6822","tribe_events","type-tribe_events","status-publish","has-post-thumbnail","hentry","tribe_events_cat-conference","cat_conference"],"yoast_head":"<!-- This site is optimized with the Yoast SEO plugin v27.5 - https:\/\/yoast.com\/product\/yoast-seo-wordpress\/ -->\n<title>Le shtibl \u00e0 Paris - programme.yiddish.paris<\/title>\n<meta name=\"robots\" content=\"index, follow, max-snippet:-1, max-image-preview:large, max-video-preview:-1\" \/>\n<link rel=\"canonical\" href=\"https:\/\/programme.yiddish.paris\/?tribe_events=le-shtibl-a-paris\" \/>\n<meta property=\"og:locale\" content=\"fr_FR\" \/>\n<meta property=\"og:type\" content=\"article\" \/>\n<meta property=\"og:title\" content=\"Le shtibl \u00e0 Paris - programme.yiddish.paris\" \/>\n<meta property=\"og:description\" content=\"Beaucoup des immigrants yiddishophones en France se sont \u00e9loign\u00e9s de la pratique religieuse avant leur arriv\u00e9e, ou bien apr\u00e8s. Mais il restait suffisamment de fid\u00e8les pour faire vivre un nombre &hellip; Continuer la lecture de &laquo;&nbsp;Le shtibl \u00e0 Paris&nbsp;&raquo;\" \/>\n<meta property=\"og:url\" content=\"https:\/\/programme.yiddish.paris\/?tribe_events=le-shtibl-a-paris\" \/>\n<meta property=\"og:site_name\" content=\"programme.yiddish.paris\" \/>\n<meta property=\"article:modified_time\" content=\"2025-12-16T16:45:35+00:00\" \/>\n<meta property=\"og:image\" content=\"https:\/\/programme.yiddish.paris\/wp-content\/uploads\/2025\/12\/A-hasidic-shtibl-in-late-nineteenth-century-Galicia-according-to-the-artistic-vision-of.png\" \/>\n\t<meta property=\"og:image:width\" content=\"850\" \/>\n\t<meta property=\"og:image:height\" content=\"645\" \/>\n\t<meta property=\"og:image:type\" content=\"image\/png\" \/>\n<meta name=\"twitter:card\" content=\"summary_large_image\" \/>\n<meta name=\"twitter:label1\" content=\"Dur\u00e9e de lecture estim\u00e9e\" \/>\n\t<meta name=\"twitter:data1\" content=\"2 minutes\" \/>\n<script type=\"application\/ld+json\" class=\"yoast-schema-graph\">{\"@context\":\"https:\\\/\\\/schema.org\",\"@graph\":[{\"@type\":\"WebPage\",\"@id\":\"https:\\\/\\\/programme.yiddish.paris\\\/?tribe_events=le-shtibl-a-paris\",\"url\":\"https:\\\/\\\/programme.yiddish.paris\\\/?tribe_events=le-shtibl-a-paris\",\"name\":\"Le shtibl \u00e0 Paris - programme.yiddish.paris\",\"isPartOf\":{\"@id\":\"https:\\\/\\\/programme.yiddish.paris\\\/#website\"},\"primaryImageOfPage\":{\"@id\":\"https:\\\/\\\/programme.yiddish.paris\\\/?tribe_events=le-shtibl-a-paris#primaryimage\"},\"image\":{\"@id\":\"https:\\\/\\\/programme.yiddish.paris\\\/?tribe_events=le-shtibl-a-paris#primaryimage\"},\"thumbnailUrl\":\"https:\\\/\\\/programme.yiddish.paris\\\/wp-content\\\/uploads\\\/2025\\\/12\\\/A-hasidic-shtibl-in-late-nineteenth-century-Galicia-according-to-the-artistic-vision-of.png\",\"datePublished\":\"2025-12-16T16:42:34+00:00\",\"dateModified\":\"2025-12-16T16:45:35+00:00\",\"breadcrumb\":{\"@id\":\"https:\\\/\\\/programme.yiddish.paris\\\/?tribe_events=le-shtibl-a-paris#breadcrumb\"},\"inLanguage\":\"fr-FR\",\"potentialAction\":[{\"@type\":\"ReadAction\",\"target\":[\"https:\\\/\\\/programme.yiddish.paris\\\/?tribe_events=le-shtibl-a-paris\"]}]},{\"@type\":\"ImageObject\",\"inLanguage\":\"fr-FR\",\"@id\":\"https:\\\/\\\/programme.yiddish.paris\\\/?tribe_events=le-shtibl-a-paris#primaryimage\",\"url\":\"https:\\\/\\\/programme.yiddish.paris\\\/wp-content\\\/uploads\\\/2025\\\/12\\\/A-hasidic-shtibl-in-late-nineteenth-century-Galicia-according-to-the-artistic-vision-of.png\",\"contentUrl\":\"https:\\\/\\\/programme.yiddish.paris\\\/wp-content\\\/uploads\\\/2025\\\/12\\\/A-hasidic-shtibl-in-late-nineteenth-century-Galicia-according-to-the-artistic-vision-of.png\",\"width\":850,\"height\":645},{\"@type\":\"BreadcrumbList\",\"@id\":\"https:\\\/\\\/programme.yiddish.paris\\\/?tribe_events=le-shtibl-a-paris#breadcrumb\",\"itemListElement\":[{\"@type\":\"ListItem\",\"position\":1,\"name\":\"Home\",\"item\":\"https:\\\/\\\/programme.yiddish.paris\\\/\"},{\"@type\":\"ListItem\",\"position\":2,\"name\":\"\u00c9v\u00e8nements\",\"item\":\"https:\\\/\\\/programme.yiddish.paris\\\/?post_type=tribe_events\"},{\"@type\":\"ListItem\",\"position\":3,\"name\":\"Le shtibl \u00e0 Paris\"}]},{\"@type\":\"WebSite\",\"@id\":\"https:\\\/\\\/programme.yiddish.paris\\\/#website\",\"url\":\"https:\\\/\\\/programme.yiddish.paris\\\/\",\"name\":\"programme.yiddish.paris\",\"description\":\"La programmation culturelle de la Maison de la culture yiddish \u2013\u00a0Biblioth\u00e8que Medem\",\"publisher\":{\"@id\":\"https:\\\/\\\/programme.yiddish.paris\\\/#organization\"},\"potentialAction\":[{\"@type\":\"SearchAction\",\"target\":{\"@type\":\"EntryPoint\",\"urlTemplate\":\"https:\\\/\\\/programme.yiddish.paris\\\/?s={search_term_string}\"},\"query-input\":{\"@type\":\"PropertyValueSpecification\",\"valueRequired\":true,\"valueName\":\"search_term_string\"}}],\"inLanguage\":\"fr-FR\"},{\"@type\":\"Organization\",\"@id\":\"https:\\\/\\\/programme.yiddish.paris\\\/#organization\",\"name\":\"programme.yiddish.paris\",\"url\":\"https:\\\/\\\/programme.yiddish.paris\\\/\",\"logo\":{\"@type\":\"ImageObject\",\"inLanguage\":\"fr-FR\",\"@id\":\"https:\\\/\\\/programme.yiddish.paris\\\/#\\\/schema\\\/logo\\\/image\\\/\",\"url\":\"https:\\\/\\\/programme.yiddish.paris\\\/wp-content\\\/uploads\\\/2020\\\/07\\\/cropped-mcy_yud-1.png\",\"contentUrl\":\"https:\\\/\\\/programme.yiddish.paris\\\/wp-content\\\/uploads\\\/2020\\\/07\\\/cropped-mcy_yud-1.png\",\"width\":250,\"height\":250,\"caption\":\"programme.yiddish.paris\"},\"image\":{\"@id\":\"https:\\\/\\\/programme.yiddish.paris\\\/#\\\/schema\\\/logo\\\/image\\\/\"}}]}<\/script>\n<!-- \/ Yoast SEO plugin. -->","yoast_head_json":{"title":"Le shtibl \u00e0 Paris - programme.yiddish.paris","robots":{"index":"index","follow":"follow","max-snippet":"max-snippet:-1","max-image-preview":"max-image-preview:large","max-video-preview":"max-video-preview:-1"},"canonical":"https:\/\/programme.yiddish.paris\/?tribe_events=le-shtibl-a-paris","og_locale":"fr_FR","og_type":"article","og_title":"Le shtibl \u00e0 Paris - programme.yiddish.paris","og_description":"Beaucoup des immigrants yiddishophones en France se sont \u00e9loign\u00e9s de la pratique religieuse avant leur arriv\u00e9e, ou bien apr\u00e8s. Mais il restait suffisamment de fid\u00e8les pour faire vivre un nombre &hellip; Continuer la lecture de &laquo;&nbsp;Le shtibl \u00e0 Paris&nbsp;&raquo;","og_url":"https:\/\/programme.yiddish.paris\/?tribe_events=le-shtibl-a-paris","og_site_name":"programme.yiddish.paris","article_modified_time":"2025-12-16T16:45:35+00:00","og_image":[{"width":850,"height":645,"url":"https:\/\/programme.yiddish.paris\/wp-content\/uploads\/2025\/12\/A-hasidic-shtibl-in-late-nineteenth-century-Galicia-according-to-the-artistic-vision-of.png","type":"image\/png"}],"twitter_card":"summary_large_image","twitter_misc":{"Dur\u00e9e de lecture estim\u00e9e":"2 minutes"},"schema":{"@context":"https:\/\/schema.org","@graph":[{"@type":"WebPage","@id":"https:\/\/programme.yiddish.paris\/?tribe_events=le-shtibl-a-paris","url":"https:\/\/programme.yiddish.paris\/?tribe_events=le-shtibl-a-paris","name":"Le shtibl \u00e0 Paris - programme.yiddish.paris","isPartOf":{"@id":"https:\/\/programme.yiddish.paris\/#website"},"primaryImageOfPage":{"@id":"https:\/\/programme.yiddish.paris\/?tribe_events=le-shtibl-a-paris#primaryimage"},"image":{"@id":"https:\/\/programme.yiddish.paris\/?tribe_events=le-shtibl-a-paris#primaryimage"},"thumbnailUrl":"https:\/\/programme.yiddish.paris\/wp-content\/uploads\/2025\/12\/A-hasidic-shtibl-in-late-nineteenth-century-Galicia-according-to-the-artistic-vision-of.png","datePublished":"2025-12-16T16:42:34+00:00","dateModified":"2025-12-16T16:45:35+00:00","breadcrumb":{"@id":"https:\/\/programme.yiddish.paris\/?tribe_events=le-shtibl-a-paris#breadcrumb"},"inLanguage":"fr-FR","potentialAction":[{"@type":"ReadAction","target":["https:\/\/programme.yiddish.paris\/?tribe_events=le-shtibl-a-paris"]}]},{"@type":"ImageObject","inLanguage":"fr-FR","@id":"https:\/\/programme.yiddish.paris\/?tribe_events=le-shtibl-a-paris#primaryimage","url":"https:\/\/programme.yiddish.paris\/wp-content\/uploads\/2025\/12\/A-hasidic-shtibl-in-late-nineteenth-century-Galicia-according-to-the-artistic-vision-of.png","contentUrl":"https:\/\/programme.yiddish.paris\/wp-content\/uploads\/2025\/12\/A-hasidic-shtibl-in-late-nineteenth-century-Galicia-according-to-the-artistic-vision-of.png","width":850,"height":645},{"@type":"BreadcrumbList","@id":"https:\/\/programme.yiddish.paris\/?tribe_events=le-shtibl-a-paris#breadcrumb","itemListElement":[{"@type":"ListItem","position":1,"name":"Home","item":"https:\/\/programme.yiddish.paris\/"},{"@type":"ListItem","position":2,"name":"\u00c9v\u00e8nements","item":"https:\/\/programme.yiddish.paris\/?post_type=tribe_events"},{"@type":"ListItem","position":3,"name":"Le shtibl \u00e0 Paris"}]},{"@type":"WebSite","@id":"https:\/\/programme.yiddish.paris\/#website","url":"https:\/\/programme.yiddish.paris\/","name":"programme.yiddish.paris","description":"La programmation culturelle de la Maison de la culture yiddish \u2013\u00a0Biblioth\u00e8que Medem","publisher":{"@id":"https:\/\/programme.yiddish.paris\/#organization"},"potentialAction":[{"@type":"SearchAction","target":{"@type":"EntryPoint","urlTemplate":"https:\/\/programme.yiddish.paris\/?s={search_term_string}"},"query-input":{"@type":"PropertyValueSpecification","valueRequired":true,"valueName":"search_term_string"}}],"inLanguage":"fr-FR"},{"@type":"Organization","@id":"https:\/\/programme.yiddish.paris\/#organization","name":"programme.yiddish.paris","url":"https:\/\/programme.yiddish.paris\/","logo":{"@type":"ImageObject","inLanguage":"fr-FR","@id":"https:\/\/programme.yiddish.paris\/#\/schema\/logo\/image\/","url":"https:\/\/programme.yiddish.paris\/wp-content\/uploads\/2020\/07\/cropped-mcy_yud-1.png","contentUrl":"https:\/\/programme.yiddish.paris\/wp-content\/uploads\/2020\/07\/cropped-mcy_yud-1.png","width":250,"height":250,"caption":"programme.yiddish.paris"},"image":{"@id":"https:\/\/programme.yiddish.paris\/#\/schema\/logo\/image\/"}}]}},"_links":{"self":[{"href":"https:\/\/programme.yiddish.paris\/index.php?rest_route=\/wp\/v2\/tribe_events\/6822","targetHints":{"allow":["GET"]}}],"collection":[{"href":"https:\/\/programme.yiddish.paris\/index.php?rest_route=\/wp\/v2\/tribe_events"}],"about":[{"href":"https:\/\/programme.yiddish.paris\/index.php?rest_route=\/wp\/v2\/types\/tribe_events"}],"author":[{"embeddable":true,"href":"https:\/\/programme.yiddish.paris\/index.php?rest_route=\/wp\/v2\/users\/5"}],"version-history":[{"count":3,"href":"https:\/\/programme.yiddish.paris\/index.php?rest_route=\/wp\/v2\/tribe_events\/6822\/revisions"}],"predecessor-version":[{"id":6830,"href":"https:\/\/programme.yiddish.paris\/index.php?rest_route=\/wp\/v2\/tribe_events\/6822\/revisions\/6830"}],"wp:featuredmedia":[{"embeddable":true,"href":"https:\/\/programme.yiddish.paris\/index.php?rest_route=\/wp\/v2\/media\/6828"}],"wp:attachment":[{"href":"https:\/\/programme.yiddish.paris\/index.php?rest_route=%2Fwp%2Fv2%2Fmedia&parent=6822"}],"wp:term":[{"taxonomy":"post_tag","embeddable":true,"href":"https:\/\/programme.yiddish.paris\/index.php?rest_route=%2Fwp%2Fv2%2Ftags&post=6822"},{"taxonomy":"tribe_events_cat","embeddable":true,"href":"https:\/\/programme.yiddish.paris\/index.php?rest_route=%2Fwp%2Fv2%2Ftribe_events_cat&post=6822"}],"curies":[{"name":"wp","href":"https:\/\/api.w.org\/{rel}","templated":true}]}}