{"id":6906,"date":"2026-01-10T15:27:19","date_gmt":"2026-01-10T14:27:19","guid":{"rendered":"https:\/\/programme.yiddish.paris\/?post_type=tribe_events&#038;p=6906"},"modified":"2026-02-12T14:12:52","modified_gmt":"2026-02-12T13:12:52","slug":"seminaire-intensif-de-grammaire","status":"publish","type":"tribe_events","link":"https:\/\/programme.yiddish.paris\/?tribe_events=seminaire-intensif-de-grammaire","title":{"rendered":"S\u00e9minaire intensif de grammaire (en yiddish ; hybride)"},"content":{"rendered":"<h2><strong>S\u00e9minaire de grammaire yiddish, avec Eli\u00e9zer et Yitskhok Niborski<\/strong><\/h2>\n<p>Vous avez pris des cours ou vous parlez le yiddish, mais il vous manque toujours des bases de grammaire? Vous \u00eates en niveau interm\u00e9diaire? Venez apprendre dans une ambiance bienveillante, efficace et amicale avec <strong>Eliezer et Yitskhok Niborski\u00a0<\/strong>!<\/p>\n<p>Le s\u00e9minaire se d\u00e9roulera <strong>en yiddish<\/strong>. Programme d\u00e9taill\u00e9 :<\/p>\n<p><b>Samedi 21 f\u00e9vrier<br \/>\n<\/b>&#8211; [11h30 : accueil des \u00e9tudiants. Pour ceux qui souhaitent d\u00e9jeuner sur place, repas collectif, chacun apporte sa contribution.]<br \/>\n&#8211; 13h00\u201314h30 : <b>Yitskhok Niborski<\/b> \u2014 Nuances de sens des mots d\u2019h\u00e9breu en yiddish<br \/>\n&#8211; 14h45\u201316h15 : <b>Eliezer Niborski <\/b>\u2014 Formation de mots autour des nombres.<br \/>\n&#8211; 16h30\u201318h00 : <b>Eliezer Niborski<\/b> \u2014 Article d\u00e9fini ou ind\u00e9fini ?<\/p>\n<p><b>Dimanche 22 f\u00e9vrier<\/b><\/p>\n<p>&#8211; [11h30 : accueil des \u00e9tudiants. Pour ceux qui souhaitent d\u00e9jeuner sur place, repas collectif, chacun apporte sa contribution.]<br \/>\n&#8211; 13h00\u201314h30 : <b>Eliezer Niborski<\/b> \u2014 Les subordonn\u00e9es relatives et leur ordre interne.<br \/>\n&#8211; 14h45\u201316h15 : <b>Yitskhok Niborski<\/b> \u2014 Pr\u00e9fixes verbaux.<br \/>\n&#8211; 16h30\u201318h00 : <b>Yitskhok Niborski<\/b> \u2014 Pr\u00e9fixes verbaux (suite).<\/p>\n<p id=\"block-9f12ed79-6edc-4770-bd43-8fe9522387fe\"><em>Tarif : 80 \u20ac. Tarif pr\u00e9f\u00e9rentiel pour les \u00e9tudiants de la MCY, \u00e9crivez-nous \u00e0 mcy@yiddishweb.com<br \/>\n<\/em><em>*Adh\u00e9rez \u00e0 la Maison de la culture yiddish pour la saison 2025-2026\u00a0et d\u00e9couvrez\u00a0<strong>le code promotionnel<\/strong>\u00a0qui vous donnera acc\u00e8s au\u00a0<strong>tarif r\u00e9duit<\/strong>\u00a0sur vos r\u00e9servations.<\/em><\/p>\n<p id=\"block-2ba98dcd-5f13-4105-b07b-0b0692c4fa6f\"><a href=\"https:\/\/www.helloasso.com\/associations\/maison-de-la-culture-yiddish-bibliotheque-medem\/evenements\/mcy-activites-fevrier-2026\"><strong>Cliquez ici<\/strong><\/a>\u00a0pour r\u00e9server (r\u00e9servation obligatoire).<\/p>\n<p id=\"block-02374118-74c5-4bea-b761-3a9a73091b35\"><strong>Attention : au moment du r\u00e8glement, la plateforme Helloasso vous proposera d\u2019ajouter une contribution \u00e0 son fonctionnement. Celle-ci est optionnelle, et vous pouvez changer son montant ou bien l\u2019annuler en appuyant sur le bouton \u00ab Modifier \u00bb.<\/strong><\/p>\n<p style=\"text-align: right;\">\u05d0\u05d5\u05d9\u05d1 \u05d0\u05d9\u05e8 \u05d6\u05f2\u05b7\u05d8 \u05d0\u05b7 \u05de\u05d9\u05d8\u05e0\u05d3\u05d9\u05e7\u05e2\u05e8 \u05d9\u05d9\u05b4\u05d3\u05d9\u05e9\u05be\u05e1\u05d8\u05d5\u05d3\u05e2\u05e0\u05d8, \u05d0\u05d5\u05d9\u05d1 \u05d0\u05d9\u05e8 \u05d5\u05d5\u05d9\u05dc\u05d8 \u05d2\u05e8\u05d5\u05e0\u05d8\u05e4\u05bf\u05e2\u05e1\u05d8\u05d9\u05e7\u05df \u05d0\u05d5\u05df \u05e9\u05d8\u05d0\u05b7\u05e8\u05e7 \u05d1\u05d0\u05b7\u05e8\u05f2\u05b7\u05db\u05e2\u05e8\u05df \u05d0\u05f2\u05b7\u05e2\u05e8\u05e2 \u05d9\u05d3\u05d9\u05e2\u05d5\u05ea \u05d0\u05d9\u05df \u05d9\u05d9\u05b4\u05d3\u05d9\u05e9\u05e2\u05e8 \u05d2\u05e8\u05d0\u05b7\u05de\u05d0\u05b7\u05d8\u05d9\u05e7, \u05d0\u05d9\u05d6 \u05d3\u05e2\u05e8 \u05d0\u05d9\u05e0\u05d8\u05e2\u05e0\u05e1\u05d9\u05d5\u05d5\u05e2\u05e8 \u05e7\u05d5\u05e8\u05e1 \u05e4\u05bf\u05d5\u05df 21\u05e1\u05d8\u05df\u201422\u05e1\u05d8\u05df \u05e4\u05bf\u05e2\u05d1\u05e8\u05d5\u05d0\u05b7\u05e8 \u05d0\u05b7 \u05d6\u05e2\u05dc\u05d8\u05e2\u05e0\u05e2 \u05d2\u05e2\u05dc\u05e2\u05d2\u05e0\u05d4\u05d9\u05d9\u05d8 \u05d6\u05d9\u05da \u05e6\u05d5 \u05e9\u05d8\u05d5\u05d3\u05d9\u05e8\u05df \u05d0\u05d5\u05e0\u05d8\u05e2\u05e8 \u05d3\u05e2\u05e8 \u05d0\u05b8\u05e0\u05e4\u05bf\u05d9\u05e8\u05d5\u05e0\u05d2 \u05e4\u05bf\u05d5\u05df \u05d3\u05d9 \u05dc\u05e2\u05e8\u05e2\u05e8\u05e1 \u05d0\u05dc\u05d9\u05e2\u05d6\u05e8 \u05e0\u05d9\u05d1\u05d0\u05b8\u05e8\u05e1\u05e7\u05d9 (\u05dc\u05d5\u05e0\u05d3\u05e2\u05e8 \u05d0\u05d5\u05e0\u05d9\u05d5\u05d5\u05e2\u05e8\u05e1\u05d9\u05d8\u05e2\u05d8) \u05d0\u05d5\u05df \u05d9\u05e6\u05d7\u05e7 \u05e0\u05d9\u05d1\u05d0\u05b8\u05e8\u05e1\u05e7\u05d9 (\u05e4\u05bf\u05d5\u05df \u05d3\u05d9 \u05d2\u05e8\u05d9\u05e0\u05d3\u05e2\u05e8\u05e1\u00a0 \u05e4\u05bf\u05d5\u05df \u05e4\u05bc\u05d0\u05b7\u05e8\u05d9\u05d6\u05e2\u05e8 \u05d9\u05d9\u05b4\u05d3\u05d9\u05e9\u05be\u05e6\u05e2\u05e0\u05d8\u05e2\u05e8 \u2014 \u05de\u05e2\u05d3\u05e2\u05dd\u05be\u05d1\u05d9\u05d1\u05dc\u05d9\u05d0\u05b8\u05d8\u05e2\u05e7)<\/p>\n<p style=\"text-align: right;\">\u05d3\u05d9 \u05e4\u05bc\u05e8\u05d0\u05b8\u05d2\u05e8\u05d0\u05b7\u05dd \u05d0\u05d9\u05d6 \u05d2\u05e2\u05e6\u05d9\u05dc\u05d8 \u05e6\u05d5 \u05d9\u05e2\u05e0\u05e2, \u05d5\u05d5\u05d0\u05b8\u05e1 \u05d5\u05d5\u05d9\u05dc\u05df \u05e4\u05bf\u05d0\u05b7\u05e8\u05e4\u05bf\u05e2\u05e1\u05d8\u05d9\u05e7\u05df \u05d6\u05d9\u05d9\u05e2\u05e8 \u05e9\u05dc\u05d9\u05d8\u05d4 \u05d0\u05d9\u05d1\u05e2\u05e8 \u05d9\u05d9\u05b4\u05d3\u05d9\u05e9 \u05d0\u05d5\u05df \u05e4\u05bf\u05d0\u05b7\u05e8\u05d8\u05d9\u05e4\u05bf\u05df \u05d6\u05d9\u05d9\u05e2\u05e8\u05e2 \u05d9\u05d3\u05d9\u05e2\u05d5\u05ea \u05d0\u05d9\u05df \u05d3\u05e2\u05e8 \u05d2\u05e8\u05d0\u05b7\u05de\u05d0\u05b7\u05d8\u05d9\u05e7 \u05e4\u05bf\u05d5\u05df \u05d3\u05e2\u05e8 \u05e9\u05e4\u05bc\u05e8\u05d0\u05b7\u05da<\/p>\n<p style=\"text-align: right;\">\u05d3\u05d9 \u05d5\u05d5\u05d0\u05b8\u05e1 \u05d5\u05d5\u05d9\u05dc\u05df \u05e2\u05e1\u05df \u05e6\u05d5\u05d6\u05d0\u05b7\u05de\u05e2\u05df \u05de\u05d9\u05d8\u05d0\u05b8\u05d2 (\u05de\u05d9\u05d8 \u05d9\u05e2\u05d3\u05e2\u05e8\u05e0\u05e1 \u05d1\u05f2\u05b7\u05d8\u05e8\u05d0\u05b8\u05d2), \u05d5\u05d5\u05e2\u05dc\u05df \u05e2\u05e1 \u05e7\u05e2\u05e0\u05e2\u05df \u05d8\u05d0\u05b8\u05df \u05d0\u05d5\u05d9\u05e4\u05bf\u05df \u05d0\u05b8\u05e8\u05d8 \u05e4\u05bf\u05d0\u05b7\u05e8 \u05d3\u05e2\u05dd \u05d0\u05b8\u05e0\u05d4\u05d9\u05d9\u05d1 \u05e4\u05bf\u05d5\u05df \u05d3\u05d9 \u05dc\u05e2\u05e7\u05e6\u05d9\u05e2\u05e1<\/p>\n","protected":false},"excerpt":{"rendered":"<p>S\u00e9minaire de grammaire yiddish, avec Eli\u00e9zer et Yitskhok Niborski Vous avez pris des cours ou vous parlez le yiddish, mais il vous manque toujours des bases de grammaire? Vous \u00eates &hellip; <\/p>\n<p class=\"link-more\"><a href=\"https:\/\/programme.yiddish.paris\/?tribe_events=seminaire-intensif-de-grammaire\" class=\"more-link\">Continuer la lecture<span class=\"screen-reader-text\"> de &laquo;&nbsp;S\u00e9minaire intensif de grammaire (en yiddish ; hybride)&nbsp;&raquo;<\/span><\/a><\/p>\n","protected":false},"author":5,"featured_media":6907,"template":"","meta":{"_monsterinsights_skip_tracking":false,"_monsterinsights_sitenote_active":false,"_monsterinsights_sitenote_note":"","_monsterinsights_sitenote_category":0,"_tribe_events_status":"","_tribe_events_status_reason":"","footnotes":""},"tags":[],"tribe_events_cat":[49],"class_list":["post-6906","tribe_events","type-tribe_events","status-publish","has-post-thumbnail","hentry","tribe_events_cat-seminaire-intensif","cat_seminaire-intensif"],"yoast_head":"<!-- This site is optimized with the Yoast SEO plugin v27.5 - https:\/\/yoast.com\/product\/yoast-seo-wordpress\/ -->\n<title>S\u00e9minaire intensif de grammaire (en yiddish ; hybride) - programme.yiddish.paris<\/title>\n<meta name=\"robots\" content=\"index, follow, max-snippet:-1, max-image-preview:large, max-video-preview:-1\" \/>\n<link rel=\"canonical\" href=\"https:\/\/programme.yiddish.paris\/?tribe_events=seminaire-intensif-de-grammaire\" \/>\n<meta property=\"og:locale\" content=\"fr_FR\" \/>\n<meta property=\"og:type\" content=\"article\" \/>\n<meta property=\"og:title\" content=\"S\u00e9minaire intensif de grammaire (en yiddish ; hybride) - programme.yiddish.paris\" \/>\n<meta property=\"og:description\" content=\"S\u00e9minaire de grammaire yiddish, avec Eli\u00e9zer et Yitskhok Niborski Vous avez pris des cours ou vous parlez le yiddish, mais il vous manque toujours des bases de grammaire? Vous \u00eates &hellip; Continuer la lecture de &laquo;&nbsp;S\u00e9minaire intensif de grammaire (en yiddish ; hybride)&nbsp;&raquo;\" \/>\n<meta property=\"og:url\" content=\"https:\/\/programme.yiddish.paris\/?tribe_events=seminaire-intensif-de-grammaire\" \/>\n<meta property=\"og:site_name\" content=\"programme.yiddish.paris\" \/>\n<meta property=\"article:modified_time\" content=\"2026-02-12T13:12:52+00:00\" \/>\n<meta property=\"og:image\" content=\"https:\/\/programme.yiddish.paris\/wp-content\/uploads\/2026\/01\/IMG_0259.jpeg\" \/>\n\t<meta property=\"og:image:width\" content=\"1360\" \/>\n\t<meta property=\"og:image:height\" content=\"883\" \/>\n\t<meta property=\"og:image:type\" content=\"image\/jpeg\" \/>\n<meta name=\"twitter:card\" content=\"summary_large_image\" \/>\n<meta name=\"twitter:label1\" content=\"Dur\u00e9e de lecture estim\u00e9e\" \/>\n\t<meta name=\"twitter:data1\" content=\"2 minutes\" \/>\n<script type=\"application\/ld+json\" class=\"yoast-schema-graph\">{\"@context\":\"https:\\\/\\\/schema.org\",\"@graph\":[{\"@type\":\"WebPage\",\"@id\":\"https:\\\/\\\/programme.yiddish.paris\\\/?tribe_events=seminaire-intensif-de-grammaire\",\"url\":\"https:\\\/\\\/programme.yiddish.paris\\\/?tribe_events=seminaire-intensif-de-grammaire\",\"name\":\"S\u00e9minaire intensif de grammaire (en yiddish ; hybride) - programme.yiddish.paris\",\"isPartOf\":{\"@id\":\"https:\\\/\\\/programme.yiddish.paris\\\/#website\"},\"primaryImageOfPage\":{\"@id\":\"https:\\\/\\\/programme.yiddish.paris\\\/?tribe_events=seminaire-intensif-de-grammaire#primaryimage\"},\"image\":{\"@id\":\"https:\\\/\\\/programme.yiddish.paris\\\/?tribe_events=seminaire-intensif-de-grammaire#primaryimage\"},\"thumbnailUrl\":\"https:\\\/\\\/programme.yiddish.paris\\\/wp-content\\\/uploads\\\/2026\\\/01\\\/IMG_0259.jpeg\",\"datePublished\":\"2026-01-10T14:27:19+00:00\",\"dateModified\":\"2026-02-12T13:12:52+00:00\",\"breadcrumb\":{\"@id\":\"https:\\\/\\\/programme.yiddish.paris\\\/?tribe_events=seminaire-intensif-de-grammaire#breadcrumb\"},\"inLanguage\":\"fr-FR\",\"potentialAction\":[{\"@type\":\"ReadAction\",\"target\":[\"https:\\\/\\\/programme.yiddish.paris\\\/?tribe_events=seminaire-intensif-de-grammaire\"]}]},{\"@type\":\"ImageObject\",\"inLanguage\":\"fr-FR\",\"@id\":\"https:\\\/\\\/programme.yiddish.paris\\\/?tribe_events=seminaire-intensif-de-grammaire#primaryimage\",\"url\":\"https:\\\/\\\/programme.yiddish.paris\\\/wp-content\\\/uploads\\\/2026\\\/01\\\/IMG_0259.jpeg\",\"contentUrl\":\"https:\\\/\\\/programme.yiddish.paris\\\/wp-content\\\/uploads\\\/2026\\\/01\\\/IMG_0259.jpeg\",\"width\":1360,\"height\":883},{\"@type\":\"BreadcrumbList\",\"@id\":\"https:\\\/\\\/programme.yiddish.paris\\\/?tribe_events=seminaire-intensif-de-grammaire#breadcrumb\",\"itemListElement\":[{\"@type\":\"ListItem\",\"position\":1,\"name\":\"Home\",\"item\":\"https:\\\/\\\/programme.yiddish.paris\\\/\"},{\"@type\":\"ListItem\",\"position\":2,\"name\":\"\u00c9v\u00e8nements\",\"item\":\"https:\\\/\\\/programme.yiddish.paris\\\/?post_type=tribe_events\"},{\"@type\":\"ListItem\",\"position\":3,\"name\":\"S\u00e9minaire intensif de grammaire (en yiddish ; hybride)\"}]},{\"@type\":\"WebSite\",\"@id\":\"https:\\\/\\\/programme.yiddish.paris\\\/#website\",\"url\":\"https:\\\/\\\/programme.yiddish.paris\\\/\",\"name\":\"programme.yiddish.paris\",\"description\":\"La programmation culturelle de la Maison de la culture yiddish \u2013\u00a0Biblioth\u00e8que Medem\",\"publisher\":{\"@id\":\"https:\\\/\\\/programme.yiddish.paris\\\/#organization\"},\"potentialAction\":[{\"@type\":\"SearchAction\",\"target\":{\"@type\":\"EntryPoint\",\"urlTemplate\":\"https:\\\/\\\/programme.yiddish.paris\\\/?s={search_term_string}\"},\"query-input\":{\"@type\":\"PropertyValueSpecification\",\"valueRequired\":true,\"valueName\":\"search_term_string\"}}],\"inLanguage\":\"fr-FR\"},{\"@type\":\"Organization\",\"@id\":\"https:\\\/\\\/programme.yiddish.paris\\\/#organization\",\"name\":\"programme.yiddish.paris\",\"url\":\"https:\\\/\\\/programme.yiddish.paris\\\/\",\"logo\":{\"@type\":\"ImageObject\",\"inLanguage\":\"fr-FR\",\"@id\":\"https:\\\/\\\/programme.yiddish.paris\\\/#\\\/schema\\\/logo\\\/image\\\/\",\"url\":\"https:\\\/\\\/programme.yiddish.paris\\\/wp-content\\\/uploads\\\/2020\\\/07\\\/cropped-mcy_yud-1.png\",\"contentUrl\":\"https:\\\/\\\/programme.yiddish.paris\\\/wp-content\\\/uploads\\\/2020\\\/07\\\/cropped-mcy_yud-1.png\",\"width\":250,\"height\":250,\"caption\":\"programme.yiddish.paris\"},\"image\":{\"@id\":\"https:\\\/\\\/programme.yiddish.paris\\\/#\\\/schema\\\/logo\\\/image\\\/\"}}]}<\/script>\n<!-- \/ Yoast SEO plugin. -->","yoast_head_json":{"title":"S\u00e9minaire intensif de grammaire (en yiddish ; hybride) - programme.yiddish.paris","robots":{"index":"index","follow":"follow","max-snippet":"max-snippet:-1","max-image-preview":"max-image-preview:large","max-video-preview":"max-video-preview:-1"},"canonical":"https:\/\/programme.yiddish.paris\/?tribe_events=seminaire-intensif-de-grammaire","og_locale":"fr_FR","og_type":"article","og_title":"S\u00e9minaire intensif de grammaire (en yiddish ; hybride) - programme.yiddish.paris","og_description":"S\u00e9minaire de grammaire yiddish, avec Eli\u00e9zer et Yitskhok Niborski Vous avez pris des cours ou vous parlez le yiddish, mais il vous manque toujours des bases de grammaire? Vous \u00eates &hellip; Continuer la lecture de &laquo;&nbsp;S\u00e9minaire intensif de grammaire (en yiddish ; hybride)&nbsp;&raquo;","og_url":"https:\/\/programme.yiddish.paris\/?tribe_events=seminaire-intensif-de-grammaire","og_site_name":"programme.yiddish.paris","article_modified_time":"2026-02-12T13:12:52+00:00","og_image":[{"width":1360,"height":883,"url":"https:\/\/programme.yiddish.paris\/wp-content\/uploads\/2026\/01\/IMG_0259.jpeg","type":"image\/jpeg"}],"twitter_card":"summary_large_image","twitter_misc":{"Dur\u00e9e de lecture estim\u00e9e":"2 minutes"},"schema":{"@context":"https:\/\/schema.org","@graph":[{"@type":"WebPage","@id":"https:\/\/programme.yiddish.paris\/?tribe_events=seminaire-intensif-de-grammaire","url":"https:\/\/programme.yiddish.paris\/?tribe_events=seminaire-intensif-de-grammaire","name":"S\u00e9minaire intensif de grammaire (en yiddish ; hybride) - programme.yiddish.paris","isPartOf":{"@id":"https:\/\/programme.yiddish.paris\/#website"},"primaryImageOfPage":{"@id":"https:\/\/programme.yiddish.paris\/?tribe_events=seminaire-intensif-de-grammaire#primaryimage"},"image":{"@id":"https:\/\/programme.yiddish.paris\/?tribe_events=seminaire-intensif-de-grammaire#primaryimage"},"thumbnailUrl":"https:\/\/programme.yiddish.paris\/wp-content\/uploads\/2026\/01\/IMG_0259.jpeg","datePublished":"2026-01-10T14:27:19+00:00","dateModified":"2026-02-12T13:12:52+00:00","breadcrumb":{"@id":"https:\/\/programme.yiddish.paris\/?tribe_events=seminaire-intensif-de-grammaire#breadcrumb"},"inLanguage":"fr-FR","potentialAction":[{"@type":"ReadAction","target":["https:\/\/programme.yiddish.paris\/?tribe_events=seminaire-intensif-de-grammaire"]}]},{"@type":"ImageObject","inLanguage":"fr-FR","@id":"https:\/\/programme.yiddish.paris\/?tribe_events=seminaire-intensif-de-grammaire#primaryimage","url":"https:\/\/programme.yiddish.paris\/wp-content\/uploads\/2026\/01\/IMG_0259.jpeg","contentUrl":"https:\/\/programme.yiddish.paris\/wp-content\/uploads\/2026\/01\/IMG_0259.jpeg","width":1360,"height":883},{"@type":"BreadcrumbList","@id":"https:\/\/programme.yiddish.paris\/?tribe_events=seminaire-intensif-de-grammaire#breadcrumb","itemListElement":[{"@type":"ListItem","position":1,"name":"Home","item":"https:\/\/programme.yiddish.paris\/"},{"@type":"ListItem","position":2,"name":"\u00c9v\u00e8nements","item":"https:\/\/programme.yiddish.paris\/?post_type=tribe_events"},{"@type":"ListItem","position":3,"name":"S\u00e9minaire intensif de grammaire (en yiddish ; hybride)"}]},{"@type":"WebSite","@id":"https:\/\/programme.yiddish.paris\/#website","url":"https:\/\/programme.yiddish.paris\/","name":"programme.yiddish.paris","description":"La programmation culturelle de la Maison de la culture yiddish \u2013\u00a0Biblioth\u00e8que Medem","publisher":{"@id":"https:\/\/programme.yiddish.paris\/#organization"},"potentialAction":[{"@type":"SearchAction","target":{"@type":"EntryPoint","urlTemplate":"https:\/\/programme.yiddish.paris\/?s={search_term_string}"},"query-input":{"@type":"PropertyValueSpecification","valueRequired":true,"valueName":"search_term_string"}}],"inLanguage":"fr-FR"},{"@type":"Organization","@id":"https:\/\/programme.yiddish.paris\/#organization","name":"programme.yiddish.paris","url":"https:\/\/programme.yiddish.paris\/","logo":{"@type":"ImageObject","inLanguage":"fr-FR","@id":"https:\/\/programme.yiddish.paris\/#\/schema\/logo\/image\/","url":"https:\/\/programme.yiddish.paris\/wp-content\/uploads\/2020\/07\/cropped-mcy_yud-1.png","contentUrl":"https:\/\/programme.yiddish.paris\/wp-content\/uploads\/2020\/07\/cropped-mcy_yud-1.png","width":250,"height":250,"caption":"programme.yiddish.paris"},"image":{"@id":"https:\/\/programme.yiddish.paris\/#\/schema\/logo\/image\/"}}]}},"_links":{"self":[{"href":"https:\/\/programme.yiddish.paris\/index.php?rest_route=\/wp\/v2\/tribe_events\/6906","targetHints":{"allow":["GET"]}}],"collection":[{"href":"https:\/\/programme.yiddish.paris\/index.php?rest_route=\/wp\/v2\/tribe_events"}],"about":[{"href":"https:\/\/programme.yiddish.paris\/index.php?rest_route=\/wp\/v2\/types\/tribe_events"}],"author":[{"embeddable":true,"href":"https:\/\/programme.yiddish.paris\/index.php?rest_route=\/wp\/v2\/users\/5"}],"version-history":[{"count":10,"href":"https:\/\/programme.yiddish.paris\/index.php?rest_route=\/wp\/v2\/tribe_events\/6906\/revisions"}],"predecessor-version":[{"id":7102,"href":"https:\/\/programme.yiddish.paris\/index.php?rest_route=\/wp\/v2\/tribe_events\/6906\/revisions\/7102"}],"wp:featuredmedia":[{"embeddable":true,"href":"https:\/\/programme.yiddish.paris\/index.php?rest_route=\/wp\/v2\/media\/6907"}],"wp:attachment":[{"href":"https:\/\/programme.yiddish.paris\/index.php?rest_route=%2Fwp%2Fv2%2Fmedia&parent=6906"}],"wp:term":[{"taxonomy":"post_tag","embeddable":true,"href":"https:\/\/programme.yiddish.paris\/index.php?rest_route=%2Fwp%2Fv2%2Ftags&post=6906"},{"taxonomy":"tribe_events_cat","embeddable":true,"href":"https:\/\/programme.yiddish.paris\/index.php?rest_route=%2Fwp%2Fv2%2Ftribe_events_cat&post=6906"}],"curies":[{"name":"wp","href":"https:\/\/api.w.org\/{rel}","templated":true}]}}