{"id":6993,"date":"2026-01-28T16:49:56","date_gmt":"2026-01-28T15:49:56","guid":{"rendered":"https:\/\/programme.yiddish.paris\/?post_type=tribe_events&#038;p=6993"},"modified":"2026-02-25T14:40:21","modified_gmt":"2026-02-25T13:40:21","slug":"pourim-une-lecture-ditsik-manger-par-rafael-goldwaser","status":"publish","type":"tribe_events","link":"https:\/\/programme.yiddish.paris\/?tribe_events=pourim-une-lecture-ditsik-manger-par-rafael-goldwaser","title":{"rendered":"Pourim : une lecture d&rsquo;Itsik Manger par Rafael Goldwaser &#8211; Annul\u00e9"},"content":{"rendered":"<div><span style=\"color: #ff0000;\"><strong>Cette activit\u00e9 a \u00e9t\u00e9 annul\u00e9e.<\/strong><\/span><\/div>\n<div><\/div>\n<div class=\"v1elementToProof\"><strong>Rafael Goldwaser<\/strong>, acteur et metteur en sc\u00e8ne du th\u00e9atre yiddish, pr\u00e9sente en musique et en rimes, \u00e0 la mani\u00e8re des troubadours la\u00a0<i>Meghile\u00a0<\/i>d&rsquo;Itsik Manger, le \u00ab\u00a0Prince des po\u00e8tes\u00a0\u00bb. Entrez dans le myst\u00e8re, l&rsquo;humour et la beaut\u00e9 de la farandole d&rsquo;Esther, Mordkhe et Homen haroshe.<\/div>\n<div class=\"v1elementToProof\">Spectacle en yiddish<\/div>\n<div class=\"v1elementToProof\"><\/div>\n<div class=\"v1elementToProof\">A l&rsquo;issue de la repr\u00e9sentation, <strong>Rafael Goldwaser<\/strong>, \u00e9changera avec\u00a0 les spectateurs.<\/div>\n<div><\/div>\n<div class=\"v1elementToProof\"><em style=\"font-size: 1rem;\">Tarif : 20 \u20ac. Adh\u00e9rents* : 15 \u20ac.<\/em><\/div>\n<div class=\"v1elementToProof\">\n<div class=\"v1elementToProof\"><em>Tarif Jeunes moins de 26 ans : 6\u20ac, sur place uniquement, en fonction des places disponibles.\u00a0<\/em><\/div>\n<div><\/div>\n<div class=\"v1elementToProof\"><em><br \/>\n*Adh\u00e9rez \u00e0 la Maison de la culture yiddish pour la saison 2025-2026\u00a0et d\u00e9couvrez\u00a0<strong>le code promotionnel<\/strong>\u00a0qui vous donnera acc\u00e8s au\u00a0<strong>tarif r\u00e9duit<\/strong>\u00a0sur vos r\u00e9servations.<\/em><\/div>\n<div><\/div>\n<div><\/div>\n<div>\n<p id=\"block-2ba98dcd-5f13-4105-b07b-0b0692c4fa6f\"><strong>Cliquez ici<\/strong>\u00a0pour r\u00e9server (r\u00e9servation obligatoire).<\/p>\n<\/div>\n<\/div>\n<div class=\"v1elementToProof\"><\/div>\n","protected":false},"excerpt":{"rendered":"<p>Cette activit\u00e9 a \u00e9t\u00e9 annul\u00e9e. Rafael Goldwaser, acteur et metteur en sc\u00e8ne du th\u00e9atre yiddish, pr\u00e9sente en musique et en rimes, \u00e0 la mani\u00e8re des troubadours la\u00a0Meghile\u00a0d&rsquo;Itsik Manger, le \u00ab\u00a0Prince &hellip; <\/p>\n<p class=\"link-more\"><a href=\"https:\/\/programme.yiddish.paris\/?tribe_events=pourim-une-lecture-ditsik-manger-par-rafael-goldwaser\" class=\"more-link\">Continuer la lecture<span class=\"screen-reader-text\"> de &laquo;&nbsp;Pourim : une lecture d&rsquo;Itsik Manger par Rafael Goldwaser &#8211; Annul\u00e9&nbsp;&raquo;<\/span><\/a><\/p>\n","protected":false},"author":5,"featured_media":6994,"template":"","meta":{"_monsterinsights_skip_tracking":false,"_monsterinsights_sitenote_active":false,"_monsterinsights_sitenote_note":"","_monsterinsights_sitenote_category":0,"_tribe_events_status":"","_tribe_events_status_reason":"","footnotes":""},"tags":[],"tribe_events_cat":[],"class_list":["post-6993","tribe_events","type-tribe_events","status-publish","has-post-thumbnail","hentry"],"yoast_head":"<!-- This site is optimized with the Yoast SEO plugin v27.5 - https:\/\/yoast.com\/product\/yoast-seo-wordpress\/ -->\n<title>Pourim : une lecture d&#039;Itsik Manger par Rafael Goldwaser - Annul\u00e9 - programme.yiddish.paris<\/title>\n<meta name=\"robots\" content=\"index, follow, max-snippet:-1, max-image-preview:large, max-video-preview:-1\" \/>\n<link rel=\"canonical\" href=\"https:\/\/programme.yiddish.paris\/?tribe_events=pourim-une-lecture-ditsik-manger-par-rafael-goldwaser\" \/>\n<meta property=\"og:locale\" content=\"fr_FR\" \/>\n<meta property=\"og:type\" content=\"article\" \/>\n<meta property=\"og:title\" content=\"Pourim : une lecture d&#039;Itsik Manger par Rafael Goldwaser - Annul\u00e9 - programme.yiddish.paris\" \/>\n<meta property=\"og:description\" content=\"Cette activit\u00e9 a \u00e9t\u00e9 annul\u00e9e. Rafael Goldwaser, acteur et metteur en sc\u00e8ne du th\u00e9atre yiddish, pr\u00e9sente en musique et en rimes, \u00e0 la mani\u00e8re des troubadours la\u00a0Meghile\u00a0d&rsquo;Itsik Manger, le \u00ab\u00a0Prince &hellip; Continuer la lecture de &laquo;&nbsp;Pourim : une lecture d&rsquo;Itsik Manger par Rafael Goldwaser &#8211; Annul\u00e9&nbsp;&raquo;\" \/>\n<meta property=\"og:url\" content=\"https:\/\/programme.yiddish.paris\/?tribe_events=pourim-une-lecture-ditsik-manger-par-rafael-goldwaser\" \/>\n<meta property=\"og:site_name\" content=\"programme.yiddish.paris\" \/>\n<meta property=\"article:modified_time\" content=\"2026-02-25T13:40:21+00:00\" \/>\n<meta property=\"og:image\" content=\"https:\/\/programme.yiddish.paris\/wp-content\/uploads\/2026\/01\/Capture-decran-2026-01-28-164922.png\" \/>\n\t<meta property=\"og:image:width\" content=\"771\" \/>\n\t<meta property=\"og:image:height\" content=\"543\" \/>\n\t<meta property=\"og:image:type\" content=\"image\/png\" \/>\n<meta name=\"twitter:card\" content=\"summary_large_image\" \/>\n<meta name=\"twitter:label1\" content=\"Dur\u00e9e de lecture estim\u00e9e\" \/>\n\t<meta name=\"twitter:data1\" content=\"1 minute\" \/>\n<script type=\"application\/ld+json\" class=\"yoast-schema-graph\">{\"@context\":\"https:\\\/\\\/schema.org\",\"@graph\":[{\"@type\":\"WebPage\",\"@id\":\"https:\\\/\\\/programme.yiddish.paris\\\/?tribe_events=pourim-une-lecture-ditsik-manger-par-rafael-goldwaser\",\"url\":\"https:\\\/\\\/programme.yiddish.paris\\\/?tribe_events=pourim-une-lecture-ditsik-manger-par-rafael-goldwaser\",\"name\":\"Pourim : une lecture d'Itsik Manger par Rafael Goldwaser - Annul\u00e9 - programme.yiddish.paris\",\"isPartOf\":{\"@id\":\"https:\\\/\\\/programme.yiddish.paris\\\/#website\"},\"primaryImageOfPage\":{\"@id\":\"https:\\\/\\\/programme.yiddish.paris\\\/?tribe_events=pourim-une-lecture-ditsik-manger-par-rafael-goldwaser#primaryimage\"},\"image\":{\"@id\":\"https:\\\/\\\/programme.yiddish.paris\\\/?tribe_events=pourim-une-lecture-ditsik-manger-par-rafael-goldwaser#primaryimage\"},\"thumbnailUrl\":\"https:\\\/\\\/programme.yiddish.paris\\\/wp-content\\\/uploads\\\/2026\\\/01\\\/Capture-decran-2026-01-28-164922.png\",\"datePublished\":\"2026-01-28T15:49:56+00:00\",\"dateModified\":\"2026-02-25T13:40:21+00:00\",\"breadcrumb\":{\"@id\":\"https:\\\/\\\/programme.yiddish.paris\\\/?tribe_events=pourim-une-lecture-ditsik-manger-par-rafael-goldwaser#breadcrumb\"},\"inLanguage\":\"fr-FR\",\"potentialAction\":[{\"@type\":\"ReadAction\",\"target\":[\"https:\\\/\\\/programme.yiddish.paris\\\/?tribe_events=pourim-une-lecture-ditsik-manger-par-rafael-goldwaser\"]}]},{\"@type\":\"ImageObject\",\"inLanguage\":\"fr-FR\",\"@id\":\"https:\\\/\\\/programme.yiddish.paris\\\/?tribe_events=pourim-une-lecture-ditsik-manger-par-rafael-goldwaser#primaryimage\",\"url\":\"https:\\\/\\\/programme.yiddish.paris\\\/wp-content\\\/uploads\\\/2026\\\/01\\\/Capture-decran-2026-01-28-164922.png\",\"contentUrl\":\"https:\\\/\\\/programme.yiddish.paris\\\/wp-content\\\/uploads\\\/2026\\\/01\\\/Capture-decran-2026-01-28-164922.png\",\"width\":771,\"height\":543},{\"@type\":\"BreadcrumbList\",\"@id\":\"https:\\\/\\\/programme.yiddish.paris\\\/?tribe_events=pourim-une-lecture-ditsik-manger-par-rafael-goldwaser#breadcrumb\",\"itemListElement\":[{\"@type\":\"ListItem\",\"position\":1,\"name\":\"Home\",\"item\":\"https:\\\/\\\/programme.yiddish.paris\\\/\"},{\"@type\":\"ListItem\",\"position\":2,\"name\":\"\u00c9v\u00e8nements\",\"item\":\"https:\\\/\\\/programme.yiddish.paris\\\/?post_type=tribe_events\"},{\"@type\":\"ListItem\",\"position\":3,\"name\":\"Pourim : une lecture d&rsquo;Itsik Manger par Rafael Goldwaser &#8211; Annul\u00e9\"}]},{\"@type\":\"WebSite\",\"@id\":\"https:\\\/\\\/programme.yiddish.paris\\\/#website\",\"url\":\"https:\\\/\\\/programme.yiddish.paris\\\/\",\"name\":\"programme.yiddish.paris\",\"description\":\"La programmation culturelle de la Maison de la culture yiddish \u2013\u00a0Biblioth\u00e8que Medem\",\"publisher\":{\"@id\":\"https:\\\/\\\/programme.yiddish.paris\\\/#organization\"},\"potentialAction\":[{\"@type\":\"SearchAction\",\"target\":{\"@type\":\"EntryPoint\",\"urlTemplate\":\"https:\\\/\\\/programme.yiddish.paris\\\/?s={search_term_string}\"},\"query-input\":{\"@type\":\"PropertyValueSpecification\",\"valueRequired\":true,\"valueName\":\"search_term_string\"}}],\"inLanguage\":\"fr-FR\"},{\"@type\":\"Organization\",\"@id\":\"https:\\\/\\\/programme.yiddish.paris\\\/#organization\",\"name\":\"programme.yiddish.paris\",\"url\":\"https:\\\/\\\/programme.yiddish.paris\\\/\",\"logo\":{\"@type\":\"ImageObject\",\"inLanguage\":\"fr-FR\",\"@id\":\"https:\\\/\\\/programme.yiddish.paris\\\/#\\\/schema\\\/logo\\\/image\\\/\",\"url\":\"https:\\\/\\\/programme.yiddish.paris\\\/wp-content\\\/uploads\\\/2020\\\/07\\\/cropped-mcy_yud-1.png\",\"contentUrl\":\"https:\\\/\\\/programme.yiddish.paris\\\/wp-content\\\/uploads\\\/2020\\\/07\\\/cropped-mcy_yud-1.png\",\"width\":250,\"height\":250,\"caption\":\"programme.yiddish.paris\"},\"image\":{\"@id\":\"https:\\\/\\\/programme.yiddish.paris\\\/#\\\/schema\\\/logo\\\/image\\\/\"}}]}<\/script>\n<!-- \/ Yoast SEO plugin. -->","yoast_head_json":{"title":"Pourim : une lecture d'Itsik Manger par Rafael Goldwaser - Annul\u00e9 - programme.yiddish.paris","robots":{"index":"index","follow":"follow","max-snippet":"max-snippet:-1","max-image-preview":"max-image-preview:large","max-video-preview":"max-video-preview:-1"},"canonical":"https:\/\/programme.yiddish.paris\/?tribe_events=pourim-une-lecture-ditsik-manger-par-rafael-goldwaser","og_locale":"fr_FR","og_type":"article","og_title":"Pourim : une lecture d'Itsik Manger par Rafael Goldwaser - Annul\u00e9 - programme.yiddish.paris","og_description":"Cette activit\u00e9 a \u00e9t\u00e9 annul\u00e9e. Rafael Goldwaser, acteur et metteur en sc\u00e8ne du th\u00e9atre yiddish, pr\u00e9sente en musique et en rimes, \u00e0 la mani\u00e8re des troubadours la\u00a0Meghile\u00a0d&rsquo;Itsik Manger, le \u00ab\u00a0Prince &hellip; Continuer la lecture de &laquo;&nbsp;Pourim : une lecture d&rsquo;Itsik Manger par Rafael Goldwaser &#8211; Annul\u00e9&nbsp;&raquo;","og_url":"https:\/\/programme.yiddish.paris\/?tribe_events=pourim-une-lecture-ditsik-manger-par-rafael-goldwaser","og_site_name":"programme.yiddish.paris","article_modified_time":"2026-02-25T13:40:21+00:00","og_image":[{"width":771,"height":543,"url":"https:\/\/programme.yiddish.paris\/wp-content\/uploads\/2026\/01\/Capture-decran-2026-01-28-164922.png","type":"image\/png"}],"twitter_card":"summary_large_image","twitter_misc":{"Dur\u00e9e de lecture estim\u00e9e":"1 minute"},"schema":{"@context":"https:\/\/schema.org","@graph":[{"@type":"WebPage","@id":"https:\/\/programme.yiddish.paris\/?tribe_events=pourim-une-lecture-ditsik-manger-par-rafael-goldwaser","url":"https:\/\/programme.yiddish.paris\/?tribe_events=pourim-une-lecture-ditsik-manger-par-rafael-goldwaser","name":"Pourim : une lecture d'Itsik Manger par Rafael Goldwaser - Annul\u00e9 - programme.yiddish.paris","isPartOf":{"@id":"https:\/\/programme.yiddish.paris\/#website"},"primaryImageOfPage":{"@id":"https:\/\/programme.yiddish.paris\/?tribe_events=pourim-une-lecture-ditsik-manger-par-rafael-goldwaser#primaryimage"},"image":{"@id":"https:\/\/programme.yiddish.paris\/?tribe_events=pourim-une-lecture-ditsik-manger-par-rafael-goldwaser#primaryimage"},"thumbnailUrl":"https:\/\/programme.yiddish.paris\/wp-content\/uploads\/2026\/01\/Capture-decran-2026-01-28-164922.png","datePublished":"2026-01-28T15:49:56+00:00","dateModified":"2026-02-25T13:40:21+00:00","breadcrumb":{"@id":"https:\/\/programme.yiddish.paris\/?tribe_events=pourim-une-lecture-ditsik-manger-par-rafael-goldwaser#breadcrumb"},"inLanguage":"fr-FR","potentialAction":[{"@type":"ReadAction","target":["https:\/\/programme.yiddish.paris\/?tribe_events=pourim-une-lecture-ditsik-manger-par-rafael-goldwaser"]}]},{"@type":"ImageObject","inLanguage":"fr-FR","@id":"https:\/\/programme.yiddish.paris\/?tribe_events=pourim-une-lecture-ditsik-manger-par-rafael-goldwaser#primaryimage","url":"https:\/\/programme.yiddish.paris\/wp-content\/uploads\/2026\/01\/Capture-decran-2026-01-28-164922.png","contentUrl":"https:\/\/programme.yiddish.paris\/wp-content\/uploads\/2026\/01\/Capture-decran-2026-01-28-164922.png","width":771,"height":543},{"@type":"BreadcrumbList","@id":"https:\/\/programme.yiddish.paris\/?tribe_events=pourim-une-lecture-ditsik-manger-par-rafael-goldwaser#breadcrumb","itemListElement":[{"@type":"ListItem","position":1,"name":"Home","item":"https:\/\/programme.yiddish.paris\/"},{"@type":"ListItem","position":2,"name":"\u00c9v\u00e8nements","item":"https:\/\/programme.yiddish.paris\/?post_type=tribe_events"},{"@type":"ListItem","position":3,"name":"Pourim : une lecture d&rsquo;Itsik Manger par Rafael Goldwaser &#8211; Annul\u00e9"}]},{"@type":"WebSite","@id":"https:\/\/programme.yiddish.paris\/#website","url":"https:\/\/programme.yiddish.paris\/","name":"programme.yiddish.paris","description":"La programmation culturelle de la Maison de la culture yiddish \u2013\u00a0Biblioth\u00e8que Medem","publisher":{"@id":"https:\/\/programme.yiddish.paris\/#organization"},"potentialAction":[{"@type":"SearchAction","target":{"@type":"EntryPoint","urlTemplate":"https:\/\/programme.yiddish.paris\/?s={search_term_string}"},"query-input":{"@type":"PropertyValueSpecification","valueRequired":true,"valueName":"search_term_string"}}],"inLanguage":"fr-FR"},{"@type":"Organization","@id":"https:\/\/programme.yiddish.paris\/#organization","name":"programme.yiddish.paris","url":"https:\/\/programme.yiddish.paris\/","logo":{"@type":"ImageObject","inLanguage":"fr-FR","@id":"https:\/\/programme.yiddish.paris\/#\/schema\/logo\/image\/","url":"https:\/\/programme.yiddish.paris\/wp-content\/uploads\/2020\/07\/cropped-mcy_yud-1.png","contentUrl":"https:\/\/programme.yiddish.paris\/wp-content\/uploads\/2020\/07\/cropped-mcy_yud-1.png","width":250,"height":250,"caption":"programme.yiddish.paris"},"image":{"@id":"https:\/\/programme.yiddish.paris\/#\/schema\/logo\/image\/"}}]}},"_links":{"self":[{"href":"https:\/\/programme.yiddish.paris\/index.php?rest_route=\/wp\/v2\/tribe_events\/6993","targetHints":{"allow":["GET"]}}],"collection":[{"href":"https:\/\/programme.yiddish.paris\/index.php?rest_route=\/wp\/v2\/tribe_events"}],"about":[{"href":"https:\/\/programme.yiddish.paris\/index.php?rest_route=\/wp\/v2\/types\/tribe_events"}],"author":[{"embeddable":true,"href":"https:\/\/programme.yiddish.paris\/index.php?rest_route=\/wp\/v2\/users\/5"}],"version-history":[{"count":7,"href":"https:\/\/programme.yiddish.paris\/index.php?rest_route=\/wp\/v2\/tribe_events\/6993\/revisions"}],"predecessor-version":[{"id":7152,"href":"https:\/\/programme.yiddish.paris\/index.php?rest_route=\/wp\/v2\/tribe_events\/6993\/revisions\/7152"}],"wp:featuredmedia":[{"embeddable":true,"href":"https:\/\/programme.yiddish.paris\/index.php?rest_route=\/wp\/v2\/media\/6994"}],"wp:attachment":[{"href":"https:\/\/programme.yiddish.paris\/index.php?rest_route=%2Fwp%2Fv2%2Fmedia&parent=6993"}],"wp:term":[{"taxonomy":"post_tag","embeddable":true,"href":"https:\/\/programme.yiddish.paris\/index.php?rest_route=%2Fwp%2Fv2%2Ftags&post=6993"},{"taxonomy":"tribe_events_cat","embeddable":true,"href":"https:\/\/programme.yiddish.paris\/index.php?rest_route=%2Fwp%2Fv2%2Ftribe_events_cat&post=6993"}],"curies":[{"name":"wp","href":"https:\/\/api.w.org\/{rel}","templated":true}]}}