{"id":7111,"date":"2026-02-16T18:54:06","date_gmt":"2026-02-16T17:54:06","guid":{"rendered":"https:\/\/programme.yiddish.paris\/?post_type=tribe_events&#038;p=7111"},"modified":"2026-04-16T14:43:44","modified_gmt":"2026-04-16T12:43:44","slug":"83e-anniversaire-du-soulevement-du-ghetto-de-varsovie-%d7%92%d7%a2%d7%98%d7%90%d6%b8%d6%be%d6%be%d7%90%d6%b7%d7%a7%d7%90%d6%b7%d7%93%d7%a2%d7%9e%d7%99%d7%a2-en-yiddish-et-francais","status":"publish","type":"tribe_events","link":"https:\/\/programme.yiddish.paris\/?tribe_events=83e-anniversaire-du-soulevement-du-ghetto-de-varsovie-%d7%92%d7%a2%d7%98%d7%90%d6%b8%d6%be%d6%be%d7%90%d6%b7%d7%a7%d7%90%d6%b7%d7%93%d7%a2%d7%9e%d7%99%d7%a2-en-yiddish-et-francais","title":{"rendered":"83e anniversaire du soul\u00e8vement du ghetto de Varsovie  \u05d2\u05e2\u05d8\u05d0\u05b8\u05be\u05d0\u05b7\u05e7\u05d0\u05b7\u05d3\u05e2\u05de\u05d9\u05e2  (en yiddish et fran\u00e7ais)"},"content":{"rendered":"<div>\n<h1 class=\"tribe-events-single-event-title\" style=\"text-align: right;\">\u05d2\u05e2\u05d8\u05d0\u05b8\u05be\u05d0\u05b7\u05e7\u05d0\u05b7\u05d3\u05e2\u05de\u05d9\u05e2<\/h1>\n<\/div>\n<p class=\"v1elementToProof\">Pour la comm\u00e9moration du soul\u00e8vement du ghetto de Varsovie,\u00a0<b>Muriel Chochois<\/b>\u00a0et\u00a0<b>Yitskhok Niborski<\/b>\u00a0pr\u00e9sentent le livre\u00a0\u00a0<i>Une vie, une voix, de Wilno \u00e0 Paris\u00a0<\/i>de Asia Turgel et Muriel Chochois (Ressouvenances 2025). Asia Turgel, survivante du ghetto de Wilno (1922-2020), n\u00e9e et grandie en plein c\u0153ur yiddishophone de la J\u00e9rusalem de Lituanie, porte t\u00e9moignage de la vie juive jusqu&rsquo;\u00e0 l&rsquo;invasion nazie, puis de son parcours durant et apr\u00e8s la destruction. Muriel Chochois a recueilli son r\u00e9cit au cours de longues rencontres, de 2009 \u00e0 2017.<\/p>\n<div class=\"v1elementToProof\"><\/div>\n<div>\n<p><strong>Entr\u00e9e libre<\/strong> sur r\u00e9servation<\/p>\n<\/div>\n<div>\n<p><span style=\"color: #ff0000;\"><a style=\"color: #ff0000;\" href=\"https:\/\/www.helloasso.com\/associations\/maison-de-la-culture-yiddish-bibliotheque-medem\/evenements\/mcy-activites-avril-2026\"><strong>Cliquez ici<\/strong><\/a><\/span>\u00a0pour r\u00e9server (r\u00e9servation obligatoire).<\/p>\n<p><strong>Attention :<\/strong> au moment du r\u00e8glement, la plateforme Helloasso vous proposera d\u2019ajouter une contribution \u00e0 son fonctionnement. Celle-ci est optionnelle, et vous pouvez changer son montant ou bien l\u2019annuler en appuyant sur le bouton<strong> \u00ab Modifier \u00bb<\/strong>.<\/p>\n<\/div>\n","protected":false},"excerpt":{"rendered":"<p>\u05d2\u05e2\u05d8\u05d0\u05b8\u05be\u05d0\u05b7\u05e7\u05d0\u05b7\u05d3\u05e2\u05de\u05d9\u05e2 Pour la comm\u00e9moration du soul\u00e8vement du ghetto de Varsovie,\u00a0Muriel Chochois\u00a0et\u00a0Yitskhok Niborski\u00a0pr\u00e9sentent le livre\u00a0\u00a0Une vie, une voix, de Wilno \u00e0 Paris\u00a0de Asia Turgel et Muriel Chochois (Ressouvenances 2025). Asia Turgel, &hellip; <\/p>\n<p class=\"link-more\"><a href=\"https:\/\/programme.yiddish.paris\/?tribe_events=83e-anniversaire-du-soulevement-du-ghetto-de-varsovie-%d7%92%d7%a2%d7%98%d7%90%d6%b8%d6%be%d6%be%d7%90%d6%b7%d7%a7%d7%90%d6%b7%d7%93%d7%a2%d7%9e%d7%99%d7%a2-en-yiddish-et-francais\" class=\"more-link\">Continuer la lecture<span class=\"screen-reader-text\"> de &laquo;&nbsp;83e anniversaire du soul\u00e8vement du ghetto de Varsovie  \u05d2\u05e2\u05d8\u05d0\u05b8\u05be\u05d0\u05b7\u05e7\u05d0\u05b7\u05d3\u05e2\u05de\u05d9\u05e2  (en yiddish et fran\u00e7ais)&nbsp;&raquo;<\/span><\/a><\/p>\n","protected":false},"author":5,"featured_media":7112,"template":"","meta":{"_monsterinsights_skip_tracking":false,"_monsterinsights_sitenote_active":false,"_monsterinsights_sitenote_note":"","_monsterinsights_sitenote_category":0,"_tribe_events_status":"","_tribe_events_status_reason":"","footnotes":""},"tags":[],"tribe_events_cat":[],"class_list":["post-7111","tribe_events","type-tribe_events","status-publish","has-post-thumbnail","hentry"],"yoast_head":"<!-- This site is optimized with the Yoast SEO plugin v27.5 - https:\/\/yoast.com\/product\/yoast-seo-wordpress\/ -->\n<title>83e anniversaire du soul\u00e8vement du ghetto de Varsovie \u05d2\u05e2\u05d8\u05d0\u05b8\u05be\u05d0\u05b7\u05e7\u05d0\u05b7\u05d3\u05e2\u05de\u05d9\u05e2 (en yiddish et fran\u00e7ais) - programme.yiddish.paris<\/title>\n<meta name=\"robots\" content=\"index, follow, max-snippet:-1, max-image-preview:large, max-video-preview:-1\" \/>\n<link rel=\"canonical\" href=\"https:\/\/programme.yiddish.paris\/?tribe_events=83e-anniversaire-du-soulevement-du-ghetto-de-varsovie-\u05d2\u05e2\u05d8\u05d0\u05b8\u05be\u05be\u05d0\u05b7\u05e7\u05d0\u05b7\u05d3\u05e2\u05de\u05d9\u05e2-en-yiddish-et-francais\" \/>\n<meta property=\"og:locale\" content=\"fr_FR\" \/>\n<meta property=\"og:type\" content=\"article\" \/>\n<meta property=\"og:title\" content=\"83e anniversaire du soul\u00e8vement du ghetto de Varsovie \u05d2\u05e2\u05d8\u05d0\u05b8\u05be\u05d0\u05b7\u05e7\u05d0\u05b7\u05d3\u05e2\u05de\u05d9\u05e2 (en yiddish et fran\u00e7ais) - programme.yiddish.paris\" \/>\n<meta property=\"og:description\" content=\"\u05d2\u05e2\u05d8\u05d0\u05b8\u05be\u05d0\u05b7\u05e7\u05d0\u05b7\u05d3\u05e2\u05de\u05d9\u05e2 Pour la comm\u00e9moration du soul\u00e8vement du ghetto de Varsovie,\u00a0Muriel Chochois\u00a0et\u00a0Yitskhok Niborski\u00a0pr\u00e9sentent le livre\u00a0\u00a0Une vie, une voix, de Wilno \u00e0 Paris\u00a0de Asia Turgel et Muriel Chochois (Ressouvenances 2025). Asia Turgel, &hellip; Continuer la lecture de &laquo;&nbsp;83e anniversaire du soul\u00e8vement du ghetto de Varsovie \u05d2\u05e2\u05d8\u05d0\u05b8\u05be\u05d0\u05b7\u05e7\u05d0\u05b7\u05d3\u05e2\u05de\u05d9\u05e2 (en yiddish et fran\u00e7ais)&nbsp;&raquo;\" \/>\n<meta property=\"og:url\" content=\"https:\/\/programme.yiddish.paris\/?tribe_events=83e-anniversaire-du-soulevement-du-ghetto-de-varsovie-\u05d2\u05e2\u05d8\u05d0\u05b8\u05be\u05be\u05d0\u05b7\u05e7\u05d0\u05b7\u05d3\u05e2\u05de\u05d9\u05e2-en-yiddish-et-francais\" \/>\n<meta property=\"og:site_name\" content=\"programme.yiddish.paris\" \/>\n<meta property=\"article:modified_time\" content=\"2026-04-16T12:43:44+00:00\" \/>\n<meta property=\"og:image\" content=\"https:\/\/programme.yiddish.paris\/wp-content\/uploads\/2026\/02\/Numerisation_20260209-e1771264536442.png\" \/>\n\t<meta property=\"og:image:width\" content=\"600\" \/>\n\t<meta property=\"og:image:height\" content=\"892\" \/>\n\t<meta property=\"og:image:type\" content=\"image\/png\" \/>\n<meta name=\"twitter:card\" content=\"summary_large_image\" \/>\n<meta name=\"twitter:label1\" content=\"Dur\u00e9e de lecture estim\u00e9e\" \/>\n\t<meta name=\"twitter:data1\" content=\"1 minute\" \/>\n<script type=\"application\/ld+json\" class=\"yoast-schema-graph\">{\"@context\":\"https:\\\/\\\/schema.org\",\"@graph\":[{\"@type\":\"WebPage\",\"@id\":\"https:\\\/\\\/programme.yiddish.paris\\\/?tribe_events=83e-anniversaire-du-soulevement-du-ghetto-de-varsovie-%d7%92%d7%a2%d7%98%d7%90%d6%b8%d6%be%d6%be%d7%90%d6%b7%d7%a7%d7%90%d6%b7%d7%93%d7%a2%d7%9e%d7%99%d7%a2-en-yiddish-et-francais\",\"url\":\"https:\\\/\\\/programme.yiddish.paris\\\/?tribe_events=83e-anniversaire-du-soulevement-du-ghetto-de-varsovie-%d7%92%d7%a2%d7%98%d7%90%d6%b8%d6%be%d6%be%d7%90%d6%b7%d7%a7%d7%90%d6%b7%d7%93%d7%a2%d7%9e%d7%99%d7%a2-en-yiddish-et-francais\",\"name\":\"83e anniversaire du soul\u00e8vement du ghetto de Varsovie \u05d2\u05e2\u05d8\u05d0\u05b8\u05be\u05d0\u05b7\u05e7\u05d0\u05b7\u05d3\u05e2\u05de\u05d9\u05e2 (en yiddish et fran\u00e7ais) - programme.yiddish.paris\",\"isPartOf\":{\"@id\":\"https:\\\/\\\/programme.yiddish.paris\\\/#website\"},\"primaryImageOfPage\":{\"@id\":\"https:\\\/\\\/programme.yiddish.paris\\\/?tribe_events=83e-anniversaire-du-soulevement-du-ghetto-de-varsovie-%d7%92%d7%a2%d7%98%d7%90%d6%b8%d6%be%d6%be%d7%90%d6%b7%d7%a7%d7%90%d6%b7%d7%93%d7%a2%d7%9e%d7%99%d7%a2-en-yiddish-et-francais#primaryimage\"},\"image\":{\"@id\":\"https:\\\/\\\/programme.yiddish.paris\\\/?tribe_events=83e-anniversaire-du-soulevement-du-ghetto-de-varsovie-%d7%92%d7%a2%d7%98%d7%90%d6%b8%d6%be%d6%be%d7%90%d6%b7%d7%a7%d7%90%d6%b7%d7%93%d7%a2%d7%9e%d7%99%d7%a2-en-yiddish-et-francais#primaryimage\"},\"thumbnailUrl\":\"https:\\\/\\\/programme.yiddish.paris\\\/wp-content\\\/uploads\\\/2026\\\/02\\\/Numerisation_20260209-e1771264536442.png\",\"datePublished\":\"2026-02-16T17:54:06+00:00\",\"dateModified\":\"2026-04-16T12:43:44+00:00\",\"breadcrumb\":{\"@id\":\"https:\\\/\\\/programme.yiddish.paris\\\/?tribe_events=83e-anniversaire-du-soulevement-du-ghetto-de-varsovie-%d7%92%d7%a2%d7%98%d7%90%d6%b8%d6%be%d6%be%d7%90%d6%b7%d7%a7%d7%90%d6%b7%d7%93%d7%a2%d7%9e%d7%99%d7%a2-en-yiddish-et-francais#breadcrumb\"},\"inLanguage\":\"fr-FR\",\"potentialAction\":[{\"@type\":\"ReadAction\",\"target\":[\"https:\\\/\\\/programme.yiddish.paris\\\/?tribe_events=83e-anniversaire-du-soulevement-du-ghetto-de-varsovie-%d7%92%d7%a2%d7%98%d7%90%d6%b8%d6%be%d6%be%d7%90%d6%b7%d7%a7%d7%90%d6%b7%d7%93%d7%a2%d7%9e%d7%99%d7%a2-en-yiddish-et-francais\"]}]},{\"@type\":\"ImageObject\",\"inLanguage\":\"fr-FR\",\"@id\":\"https:\\\/\\\/programme.yiddish.paris\\\/?tribe_events=83e-anniversaire-du-soulevement-du-ghetto-de-varsovie-%d7%92%d7%a2%d7%98%d7%90%d6%b8%d6%be%d6%be%d7%90%d6%b7%d7%a7%d7%90%d6%b7%d7%93%d7%a2%d7%9e%d7%99%d7%a2-en-yiddish-et-francais#primaryimage\",\"url\":\"https:\\\/\\\/programme.yiddish.paris\\\/wp-content\\\/uploads\\\/2026\\\/02\\\/Numerisation_20260209-e1771264536442.png\",\"contentUrl\":\"https:\\\/\\\/programme.yiddish.paris\\\/wp-content\\\/uploads\\\/2026\\\/02\\\/Numerisation_20260209-e1771264536442.png\",\"width\":600,\"height\":892},{\"@type\":\"BreadcrumbList\",\"@id\":\"https:\\\/\\\/programme.yiddish.paris\\\/?tribe_events=83e-anniversaire-du-soulevement-du-ghetto-de-varsovie-%d7%92%d7%a2%d7%98%d7%90%d6%b8%d6%be%d6%be%d7%90%d6%b7%d7%a7%d7%90%d6%b7%d7%93%d7%a2%d7%9e%d7%99%d7%a2-en-yiddish-et-francais#breadcrumb\",\"itemListElement\":[{\"@type\":\"ListItem\",\"position\":1,\"name\":\"Home\",\"item\":\"https:\\\/\\\/programme.yiddish.paris\\\/\"},{\"@type\":\"ListItem\",\"position\":2,\"name\":\"\u00c9v\u00e8nements\",\"item\":\"https:\\\/\\\/programme.yiddish.paris\\\/?post_type=tribe_events\"},{\"@type\":\"ListItem\",\"position\":3,\"name\":\"83e anniversaire du soul\u00e8vement du ghetto de Varsovie \u05d2\u05e2\u05d8\u05d0\u05b8\u05be\u05d0\u05b7\u05e7\u05d0\u05b7\u05d3\u05e2\u05de\u05d9\u05e2 (en yiddish et fran\u00e7ais)\"}]},{\"@type\":\"WebSite\",\"@id\":\"https:\\\/\\\/programme.yiddish.paris\\\/#website\",\"url\":\"https:\\\/\\\/programme.yiddish.paris\\\/\",\"name\":\"programme.yiddish.paris\",\"description\":\"La programmation culturelle de la Maison de la culture yiddish \u2013\u00a0Biblioth\u00e8que Medem\",\"publisher\":{\"@id\":\"https:\\\/\\\/programme.yiddish.paris\\\/#organization\"},\"potentialAction\":[{\"@type\":\"SearchAction\",\"target\":{\"@type\":\"EntryPoint\",\"urlTemplate\":\"https:\\\/\\\/programme.yiddish.paris\\\/?s={search_term_string}\"},\"query-input\":{\"@type\":\"PropertyValueSpecification\",\"valueRequired\":true,\"valueName\":\"search_term_string\"}}],\"inLanguage\":\"fr-FR\"},{\"@type\":\"Organization\",\"@id\":\"https:\\\/\\\/programme.yiddish.paris\\\/#organization\",\"name\":\"programme.yiddish.paris\",\"url\":\"https:\\\/\\\/programme.yiddish.paris\\\/\",\"logo\":{\"@type\":\"ImageObject\",\"inLanguage\":\"fr-FR\",\"@id\":\"https:\\\/\\\/programme.yiddish.paris\\\/#\\\/schema\\\/logo\\\/image\\\/\",\"url\":\"https:\\\/\\\/programme.yiddish.paris\\\/wp-content\\\/uploads\\\/2020\\\/07\\\/cropped-mcy_yud-1.png\",\"contentUrl\":\"https:\\\/\\\/programme.yiddish.paris\\\/wp-content\\\/uploads\\\/2020\\\/07\\\/cropped-mcy_yud-1.png\",\"width\":250,\"height\":250,\"caption\":\"programme.yiddish.paris\"},\"image\":{\"@id\":\"https:\\\/\\\/programme.yiddish.paris\\\/#\\\/schema\\\/logo\\\/image\\\/\"}}]}<\/script>\n<!-- \/ Yoast SEO plugin. -->","yoast_head_json":{"title":"83e anniversaire du soul\u00e8vement du ghetto de Varsovie \u05d2\u05e2\u05d8\u05d0\u05b8\u05be\u05d0\u05b7\u05e7\u05d0\u05b7\u05d3\u05e2\u05de\u05d9\u05e2 (en yiddish et fran\u00e7ais) - programme.yiddish.paris","robots":{"index":"index","follow":"follow","max-snippet":"max-snippet:-1","max-image-preview":"max-image-preview:large","max-video-preview":"max-video-preview:-1"},"canonical":"https:\/\/programme.yiddish.paris\/?tribe_events=83e-anniversaire-du-soulevement-du-ghetto-de-varsovie-\u05d2\u05e2\u05d8\u05d0\u05b8\u05be\u05be\u05d0\u05b7\u05e7\u05d0\u05b7\u05d3\u05e2\u05de\u05d9\u05e2-en-yiddish-et-francais","og_locale":"fr_FR","og_type":"article","og_title":"83e anniversaire du soul\u00e8vement du ghetto de Varsovie \u05d2\u05e2\u05d8\u05d0\u05b8\u05be\u05d0\u05b7\u05e7\u05d0\u05b7\u05d3\u05e2\u05de\u05d9\u05e2 (en yiddish et fran\u00e7ais) - programme.yiddish.paris","og_description":"\u05d2\u05e2\u05d8\u05d0\u05b8\u05be\u05d0\u05b7\u05e7\u05d0\u05b7\u05d3\u05e2\u05de\u05d9\u05e2 Pour la comm\u00e9moration du soul\u00e8vement du ghetto de Varsovie,\u00a0Muriel Chochois\u00a0et\u00a0Yitskhok Niborski\u00a0pr\u00e9sentent le livre\u00a0\u00a0Une vie, une voix, de Wilno \u00e0 Paris\u00a0de Asia Turgel et Muriel Chochois (Ressouvenances 2025). Asia Turgel, &hellip; Continuer la lecture de &laquo;&nbsp;83e anniversaire du soul\u00e8vement du ghetto de Varsovie \u05d2\u05e2\u05d8\u05d0\u05b8\u05be\u05d0\u05b7\u05e7\u05d0\u05b7\u05d3\u05e2\u05de\u05d9\u05e2 (en yiddish et fran\u00e7ais)&nbsp;&raquo;","og_url":"https:\/\/programme.yiddish.paris\/?tribe_events=83e-anniversaire-du-soulevement-du-ghetto-de-varsovie-\u05d2\u05e2\u05d8\u05d0\u05b8\u05be\u05be\u05d0\u05b7\u05e7\u05d0\u05b7\u05d3\u05e2\u05de\u05d9\u05e2-en-yiddish-et-francais","og_site_name":"programme.yiddish.paris","article_modified_time":"2026-04-16T12:43:44+00:00","og_image":[{"width":600,"height":892,"url":"https:\/\/programme.yiddish.paris\/wp-content\/uploads\/2026\/02\/Numerisation_20260209-e1771264536442.png","type":"image\/png"}],"twitter_card":"summary_large_image","twitter_misc":{"Dur\u00e9e de lecture estim\u00e9e":"1 minute"},"schema":{"@context":"https:\/\/schema.org","@graph":[{"@type":"WebPage","@id":"https:\/\/programme.yiddish.paris\/?tribe_events=83e-anniversaire-du-soulevement-du-ghetto-de-varsovie-%d7%92%d7%a2%d7%98%d7%90%d6%b8%d6%be%d6%be%d7%90%d6%b7%d7%a7%d7%90%d6%b7%d7%93%d7%a2%d7%9e%d7%99%d7%a2-en-yiddish-et-francais","url":"https:\/\/programme.yiddish.paris\/?tribe_events=83e-anniversaire-du-soulevement-du-ghetto-de-varsovie-%d7%92%d7%a2%d7%98%d7%90%d6%b8%d6%be%d6%be%d7%90%d6%b7%d7%a7%d7%90%d6%b7%d7%93%d7%a2%d7%9e%d7%99%d7%a2-en-yiddish-et-francais","name":"83e anniversaire du soul\u00e8vement du ghetto de Varsovie \u05d2\u05e2\u05d8\u05d0\u05b8\u05be\u05d0\u05b7\u05e7\u05d0\u05b7\u05d3\u05e2\u05de\u05d9\u05e2 (en yiddish et fran\u00e7ais) - programme.yiddish.paris","isPartOf":{"@id":"https:\/\/programme.yiddish.paris\/#website"},"primaryImageOfPage":{"@id":"https:\/\/programme.yiddish.paris\/?tribe_events=83e-anniversaire-du-soulevement-du-ghetto-de-varsovie-%d7%92%d7%a2%d7%98%d7%90%d6%b8%d6%be%d6%be%d7%90%d6%b7%d7%a7%d7%90%d6%b7%d7%93%d7%a2%d7%9e%d7%99%d7%a2-en-yiddish-et-francais#primaryimage"},"image":{"@id":"https:\/\/programme.yiddish.paris\/?tribe_events=83e-anniversaire-du-soulevement-du-ghetto-de-varsovie-%d7%92%d7%a2%d7%98%d7%90%d6%b8%d6%be%d6%be%d7%90%d6%b7%d7%a7%d7%90%d6%b7%d7%93%d7%a2%d7%9e%d7%99%d7%a2-en-yiddish-et-francais#primaryimage"},"thumbnailUrl":"https:\/\/programme.yiddish.paris\/wp-content\/uploads\/2026\/02\/Numerisation_20260209-e1771264536442.png","datePublished":"2026-02-16T17:54:06+00:00","dateModified":"2026-04-16T12:43:44+00:00","breadcrumb":{"@id":"https:\/\/programme.yiddish.paris\/?tribe_events=83e-anniversaire-du-soulevement-du-ghetto-de-varsovie-%d7%92%d7%a2%d7%98%d7%90%d6%b8%d6%be%d6%be%d7%90%d6%b7%d7%a7%d7%90%d6%b7%d7%93%d7%a2%d7%9e%d7%99%d7%a2-en-yiddish-et-francais#breadcrumb"},"inLanguage":"fr-FR","potentialAction":[{"@type":"ReadAction","target":["https:\/\/programme.yiddish.paris\/?tribe_events=83e-anniversaire-du-soulevement-du-ghetto-de-varsovie-%d7%92%d7%a2%d7%98%d7%90%d6%b8%d6%be%d6%be%d7%90%d6%b7%d7%a7%d7%90%d6%b7%d7%93%d7%a2%d7%9e%d7%99%d7%a2-en-yiddish-et-francais"]}]},{"@type":"ImageObject","inLanguage":"fr-FR","@id":"https:\/\/programme.yiddish.paris\/?tribe_events=83e-anniversaire-du-soulevement-du-ghetto-de-varsovie-%d7%92%d7%a2%d7%98%d7%90%d6%b8%d6%be%d6%be%d7%90%d6%b7%d7%a7%d7%90%d6%b7%d7%93%d7%a2%d7%9e%d7%99%d7%a2-en-yiddish-et-francais#primaryimage","url":"https:\/\/programme.yiddish.paris\/wp-content\/uploads\/2026\/02\/Numerisation_20260209-e1771264536442.png","contentUrl":"https:\/\/programme.yiddish.paris\/wp-content\/uploads\/2026\/02\/Numerisation_20260209-e1771264536442.png","width":600,"height":892},{"@type":"BreadcrumbList","@id":"https:\/\/programme.yiddish.paris\/?tribe_events=83e-anniversaire-du-soulevement-du-ghetto-de-varsovie-%d7%92%d7%a2%d7%98%d7%90%d6%b8%d6%be%d6%be%d7%90%d6%b7%d7%a7%d7%90%d6%b7%d7%93%d7%a2%d7%9e%d7%99%d7%a2-en-yiddish-et-francais#breadcrumb","itemListElement":[{"@type":"ListItem","position":1,"name":"Home","item":"https:\/\/programme.yiddish.paris\/"},{"@type":"ListItem","position":2,"name":"\u00c9v\u00e8nements","item":"https:\/\/programme.yiddish.paris\/?post_type=tribe_events"},{"@type":"ListItem","position":3,"name":"83e anniversaire du soul\u00e8vement du ghetto de Varsovie \u05d2\u05e2\u05d8\u05d0\u05b8\u05be\u05d0\u05b7\u05e7\u05d0\u05b7\u05d3\u05e2\u05de\u05d9\u05e2 (en yiddish et fran\u00e7ais)"}]},{"@type":"WebSite","@id":"https:\/\/programme.yiddish.paris\/#website","url":"https:\/\/programme.yiddish.paris\/","name":"programme.yiddish.paris","description":"La programmation culturelle de la Maison de la culture yiddish \u2013\u00a0Biblioth\u00e8que Medem","publisher":{"@id":"https:\/\/programme.yiddish.paris\/#organization"},"potentialAction":[{"@type":"SearchAction","target":{"@type":"EntryPoint","urlTemplate":"https:\/\/programme.yiddish.paris\/?s={search_term_string}"},"query-input":{"@type":"PropertyValueSpecification","valueRequired":true,"valueName":"search_term_string"}}],"inLanguage":"fr-FR"},{"@type":"Organization","@id":"https:\/\/programme.yiddish.paris\/#organization","name":"programme.yiddish.paris","url":"https:\/\/programme.yiddish.paris\/","logo":{"@type":"ImageObject","inLanguage":"fr-FR","@id":"https:\/\/programme.yiddish.paris\/#\/schema\/logo\/image\/","url":"https:\/\/programme.yiddish.paris\/wp-content\/uploads\/2020\/07\/cropped-mcy_yud-1.png","contentUrl":"https:\/\/programme.yiddish.paris\/wp-content\/uploads\/2020\/07\/cropped-mcy_yud-1.png","width":250,"height":250,"caption":"programme.yiddish.paris"},"image":{"@id":"https:\/\/programme.yiddish.paris\/#\/schema\/logo\/image\/"}}]}},"_links":{"self":[{"href":"https:\/\/programme.yiddish.paris\/index.php?rest_route=\/wp\/v2\/tribe_events\/7111","targetHints":{"allow":["GET"]}}],"collection":[{"href":"https:\/\/programme.yiddish.paris\/index.php?rest_route=\/wp\/v2\/tribe_events"}],"about":[{"href":"https:\/\/programme.yiddish.paris\/index.php?rest_route=\/wp\/v2\/types\/tribe_events"}],"author":[{"embeddable":true,"href":"https:\/\/programme.yiddish.paris\/index.php?rest_route=\/wp\/v2\/users\/5"}],"version-history":[{"count":8,"href":"https:\/\/programme.yiddish.paris\/index.php?rest_route=\/wp\/v2\/tribe_events\/7111\/revisions"}],"predecessor-version":[{"id":7415,"href":"https:\/\/programme.yiddish.paris\/index.php?rest_route=\/wp\/v2\/tribe_events\/7111\/revisions\/7415"}],"wp:featuredmedia":[{"embeddable":true,"href":"https:\/\/programme.yiddish.paris\/index.php?rest_route=\/wp\/v2\/media\/7112"}],"wp:attachment":[{"href":"https:\/\/programme.yiddish.paris\/index.php?rest_route=%2Fwp%2Fv2%2Fmedia&parent=7111"}],"wp:term":[{"taxonomy":"post_tag","embeddable":true,"href":"https:\/\/programme.yiddish.paris\/index.php?rest_route=%2Fwp%2Fv2%2Ftags&post=7111"},{"taxonomy":"tribe_events_cat","embeddable":true,"href":"https:\/\/programme.yiddish.paris\/index.php?rest_route=%2Fwp%2Fv2%2Ftribe_events_cat&post=7111"}],"curies":[{"name":"wp","href":"https:\/\/api.w.org\/{rel}","templated":true}]}}