{"id":7166,"date":"2026-02-25T18:33:07","date_gmt":"2026-02-25T17:33:07","guid":{"rendered":"https:\/\/programme.yiddish.paris\/?post_type=tribe_events&#038;p=7166"},"modified":"2026-04-28T17:59:42","modified_gmt":"2026-04-28T15:59:42","slug":"zuntik-seminar-seminaire-mensuel-de-litterature-yiddish-en-yiddish-sur-zoom-et-en-presentiel-2","status":"publish","type":"tribe_events","link":"https:\/\/programme.yiddish.paris\/?tribe_events=zuntik-seminar-seminaire-mensuel-de-litterature-yiddish-en-yiddish-sur-zoom-et-en-presentiel-2","title":{"rendered":"Zuntik-seminar \/ S\u00e9minaire mensuel de litt\u00e9rature yiddish (en yiddish, sur Zoom et en pr\u00e9sentiel)"},"content":{"rendered":"<h2 class=\"has-text-align-right\" style=\"text-align: right;\"><strong>\u05d7\u05d5\u05d3\u05e9\u05dc\u05e2\u05db\u05e2\u05e8 \u05e1\u05e2\u05de\u05d9\u05e0\u05d0\u05b7\u05e8 \u05e4\u05bf\u05d5\u05df \u05d9\u05d9\u05b4\u05d3\u05d9\u05e9\u05e2\u05e8 \u05dc\u05d9\u05d8\u05e2\u05e8\u05d0\u05b7\u05d8\u05d5\u05e8<\/strong><\/h2>\n<h2><strong>S\u00e9minaire mensuel de litt\u00e9rature yiddish<\/strong>\u00a0sous la direction de\u00a0<strong>Sharon Bar-Kochva<\/strong>,\u00a0<strong>Yitskhok Niborski<\/strong>\u00a0et\u00a0<strong>Natalia Krynicka<\/strong><\/h2>\n<p><span style=\"color: #ff0000;\"><strong>Dimanche 14 juin 2026, 9h30-17h00<\/strong><\/span><\/p>\n<p>\u0152uvres \u00e9tudi\u00e9es : nouvelles de Mendele Moykher-Sforim (\u00ab Der khilef \u00bb) ; nouvelles humoristiques de Der Tunkeler ; \u00ab Grine felder \u00bb de Perets Hirshbeyn : la pi\u00e8ce de th\u00e9\u00e2tre et le film.<\/p>\n<p><strong><span style=\"color: #ff0000;\">09h30 \u2013 11h00<\/span>\u00a0Yitskhok Niborski\u00a0<\/strong><strong><br \/>\n<span style=\"color: #ff0000;\">11h30 \u2013 13h00<\/span>\u00a0Sharon Bar-Kochva<\/strong><br \/>\n<strong><span style=\"color: #ff0000;\">14h30 \u2013 17h00<\/span>\u00a0Natalia Krynicka<\/strong><\/p>\n<p>Le s\u00e9minaire se d\u00e9roule en yiddish, en mode hybride :\u00a0<strong>sur<\/strong>\u00a0<strong>Zoom\u00a0<\/strong>et en<strong>\u00a0pr\u00e9sentiel<\/strong>.<\/p>\n<p><em><span style=\"color: #ff0000;\"><strong>Tarif : 35 \u20ac. Adh\u00e9rents : 30 \u20ac*.<\/strong><\/span><br \/>\n<a href=\"https:\/\/www.helloasso.com\/associations\/maison-de-la-culture-yiddish-bibliotheque-medem\/adhesions\/adhesion-en-ligne-a-la-maison-de-la-culture-yiddish-2021-2022\">*<\/a><a href=\"http:\/\/adhesion.yiddish.paris\/\">Adh\u00e9rez \u00e0 la Maison de la culture yiddish pour la saison 2025-2026<\/a>\u00a0et d\u00e9couvrez\u00a0<strong>le code promotionnel<\/strong>\u00a0qui vous donnera acc\u00e8s au\u00a0<strong>tarif r\u00e9duit<\/strong>\u00a0sur vos r\u00e9servations.<\/em><\/p>\n<p><strong><a href=\"https:\/\/www.helloasso.com\/associations\/maison-de-la-culture-yiddish-bibliotheque-medem\/evenements\/mcy-activites-juin-2026\"><span style=\"color: #ff0000;\">Cliquez ici<\/span><\/a><\/strong>\u00a0pour r\u00e9server (r\u00e9servation obligatoire).<\/p>\n<p><strong>Attention : <\/strong>au moment du r\u00e8glement, la plateforme Helloasso vous proposera d\u2019ajouter une contribution \u00e0 son fonctionnement. Celle-ci est optionnelle, et vous pouvez changer son montant ou bien l\u2019annuler en appuyant sur le bouton<strong> \u00ab Modifier \u00bb<\/strong>.<\/p>\n<h2 class=\"has-text-align-right\" style=\"text-align: right;\">\u05d7\u05d5\u05d3\u05e9\u05dc\u05e2\u05db\u05e2\u05e8 \u05e1\u05e2\u05de\u05d9\u05e0\u05d0\u05b7\u05e8 \u05e4\u05bf\u05d5\u05df \u05d9\u05d9\u05b4\u05d3\u05d9\u05e9\u05e2\u05e8 \u05dc\u05d9\u05d8\u05e2\u05e8\u05d0\u05b7\u05d8\u05d5\u05e8 \u05d0\u05d5\u05e0\u05d8\u05e2\u05e8 \u05d3\u05e2\u05e8 \u05d0\u05b8\u05e0\u05e4\u05bf\u05d9\u05e8\u05d5\u05e0\u05d2 \u05e4\u05bf\u05d5\u05df\u00a0<strong>\u05e9\u05e8\u05d5\u05df \u05d1\u05e8\u05be\u05db\u05bc\u05d5\u05db\u05d1\u05bf\u05d0<\/strong>,\u00a0<strong>\u05d9\u05e6\u05d7\u05e7 \u05e0\u05d9\u05d1\u05d0\u05b8\u05e8\u05e1\u05e7\u05d9\u00a0<\/strong>\u05d0\u05d5\u05df\u00a0<strong>\u05e0\u05d0\u05b7\u05d8\u05d0\u05b7\u05dc\u05d9\u05e2 \u05e7\u05e8\u05d9\u05e0\u05d9\u05e6\u05e7\u05d0\u05b7<\/strong><\/h2>\n<p style=\"text-align: right;\"><span style=\"color: #ff0000;\"><strong>\u00a0\u05d6\u05d5\u05e0\u05d8\u05d9\u05e7 \u05d3\u05e2\u05dd 14\u05d8\u05df \u05d9\u05d5\u05e0\u05d9 2026, 9.30 \u05d0\u05d9\u05df \u05d3\u05e2\u05e8 \u05e4\u05bf\u05e8\u05d9 \u2014 5.00 \u05d0\u05b7\u05d6\u05f3 \u05e0\u05d0\u05b8\u05da \u05de\u05d9\u05d8\u05d0\u05b8\u05d2 \u05e4\u05bc\u05d0\u05b7\u05e8\u05d9\u05d6\u05e2\u05e8 \u05e6\u05f2\u05b7\u05d8<\/strong><\/span><\/p>\n<p style=\"text-align: right;\">\u05d8\u05e2\u05de\u05e2\u05e1 : \u05de\u05e2\u05e0\u05d3\u05e2\u05dc\u05e2\u05e1 \u05d3\u05e2\u05e8\u05e6\u05d9\u05d9\u05dc\u05d5\u05e0\u05d2\u05e2\u05df (\u201e\u05d3\u05e2\u05e8 \u05d7\u05d9\u05dc\u05d5\u05e3\u201c), \u05d3\u05e2\u05e8 \u05d8\u05d5\u05e0\u05e7\u05e2\u05dc\u05e2\u05e8 : \u05d4\u05d5\u05de\u05d0\u05b8\u05e8\u05e2\u05e1\u05e7\u05e2\u05e1, \u201e\u05d2\u05e8\u05d9\u05e0\u05e2 \u05e4\u05bf\u05e2\u05dc\u05d3\u05e2\u05e8\u201c \u05e4\u05bf\u05d5\u05df \u05e4\u05bc\u05e8\u05e5 \u05d4\u05d9\u05e8\u05e9\u05d1\u05d9\u05d9\u05df : \u05e4\u05bc\u05d9\u05e2\u05e1\u05e2 \u05d0\u05d5\u05df \u05e4\u05bf\u05d9\u05dc\u05dd<\/p>\n<p dir=\"rtl\"><strong><span style=\"color: #ff0000;\">9.30 \u2013 11.00\u00a0\u05d0\u05b7\u05d6\u2019<\/span>\u00a0\u05d9\u05e6\u05d7\u05e7 \u05e0\u05d9\u05d1\u05d0\u05b8\u05e8\u05e1\u05e7\u05d9\u00a0<\/strong><br \/>\n<strong><span style=\"color: #ff0000;\">11.30 \u2013 13.00\u00a0\u05d0\u05b7\u05d6\u2019<\/span>\u00a0\u05e9\u05e8\u05d5\u05df \u05d1\u05e8\u05be\u05db\u05bc\u05d5\u05db\u05d1\u05bf\u05d0\u00a0<\/strong><br \/>\n<strong><span style=\"color: #ff0000;\">14.30 \u2013 17.00\u00a0\u05d0\u05b7\u05d6\u05f3<\/span>\u00a0\u05e0\u05d0\u05b7\u05d8\u05d0\u05b7\u05dc\u05d9\u05e2 \u05e7\u05e8\u05d9\u05e0\u05d9\u05e6\u05e7\u05d0\u05b7<\/strong><\/p>\n<p dir=\"rtl\">\u05d3\u05e2\u05e8 \u05e1\u05e2\u05de\u05d9\u05e0\u05d0\u05b7\u05e8 \u05e7\u05d5\u05de\u05d8 \u05e4\u05bf\u05d0\u05b8\u05e8 \u05d0\u05d5\u05d9\u05e3 \u05d9\u05d9\u05b4\u05d3\u05d9\u05e9,\u00a0<strong>\u05d3\u05d5\u05e8\u05da<\/strong>\u00a0<strong>\u05d6\u05d5\u05dd<\/strong>\u00a0\u05d0\u05d5\u05df\u00a0<strong>\u05d0\u05d5\u05d9\u05e4\u05bf\u05df \u05d0\u05b8\u05e8\u05d8<\/strong>, \u05d0\u05d9\u05e0\u05e2\u05dd \u05e4\u05bc\u05d0\u05b7\u05e8\u05d9\u05d6\u05e2\u05e8 \u05d9\u05d9\u05b4\u05d3\u05d9\u05e9\u05be\u05e6\u05e2\u05e0\u05d8\u05e2\u05e8.<\/p>\n<p dir=\"rtl\">\u05d0\u05d5\u05d9\u05d1 \u05d0\u05d9\u05e8 \u05d4\u05d0\u05b8\u05d8 \u05e4\u05bf\u05e8\u05d0\u05b7\u05d2\u05e2\u05e1\u2009:\u00a0<a href=\"mailto:talmidim@yiddishweb.com\"><strong>talmidim@yiddishweb.com<\/strong><\/a><\/p>\n<p dir=\"rtl\">\u05de\u05e2 \u05d3\u05d0\u05b7\u05e8\u05e3 \u05d6\u05d9\u05da \u05d0\u05d5\u05de\u05d1\u05d0\u05b7\u05d3\u05d9\u05e0\u05d2\u05d8 \u05d0\u05f2\u05b7\u05e0\u05e9\u05e8\u05f2\u05b7\u05d1\u05df \u05d0\u05d9\u05df \u05e4\u05bf\u05d0\u05b8\u05e8\u05d5\u05d9\u05e1.<\/p>\n<h3 dir=\"rtl\"><a href=\"https:\/\/www.helloasso.com\/associations\/maison-de-la-culture-yiddish-bibliotheque-medem\/evenements\/mcy-activites-juin-2026\"><span style=\"color: #ff0000;\"><strong>\u05d0\u05f2\u05b7\u05e0\u05e9\u05e8\u05f2\u05b7\u05d1\u05d5\u05e0\u05d2<\/strong><\/span><\/a><\/h3>\n<p dir=\"rtl\"><strong><span style=\"color: #ff0000;\">\u05e9\u05b9\u05db\u05e8\u05be\u05dc\u05d9\u05de\u05d5\u05d3 : 35 \u05d0\u05d9\u05d9\u05e8\u05d0\u05b8\u05e1. \u05de\u05d9\u05d8\u05d2\u05dc\u05d9\u05d3\u05e2\u05e8* : 30 \u05d0\u05d9\u05d9\u05e8\u05d0\u05b8\u05e1.<\/span><\/strong><\/p>\n<p dir=\"rtl\">*\u05d0\u05d5\u05d9\u05d1 \u05d0\u05d9\u05e8\u00a0\u05d5\u05d5\u05e2\u05e8\u05d8 \u05d0\u05b7\u00a0<a href=\"http:\/\/adhesion.yiddish.paris\/\">\u05de\u05d9\u05d8\u05d2\u05dc\u05d9\u05d3 \u05d0\u05d9\u05e0\u05e2\u05dd \u05e4\u05bc\u05d0\u05b7\u05e8\u05d9\u05d6\u05e2\u05e8 \u05d9\u05d9\u05b4\u05d3\u05d9\u05e9\u05be\u05e6\u05e2\u05e0\u05d8\u05e2\u05e8 \u05e4\u05bf\u05d0\u05b7\u05e8\u05df \u05d9\u05d0\u05b8\u05e8\u00a0 2026-2025<\/a>, \u05d5\u05d5\u05e2\u05d8 \u05d0\u05d9\u05e8 \u05e7\u05e8\u05d9\u05d2\u05df \u05d0\u05b7 \u05d4\u05e0\u05d7\u05d4\u05be\u05e7\u05d0\u05b8\u05d3 \u05e4\u05bf\u05d0\u05b7\u05e8\u05df \u05de\u05d9\u05d8\u05d2\u05dc\u05d9\u05d3\u05e2\u05e8\u05be\u05e4\u05bc\u05e8\u05f2\u05b7\u05d6.<\/p>\n<p dir=\"rtl\"><strong>\u05d5\u05d5\u05e2\u05df \u05d0\u05d9\u05e8 \u05d5\u05d5\u05e2\u05d8 \u05d4\u05d0\u05b7\u05dc\u05d8\u05df \u05d1\u05f2\u05b7\u05dd \u05d1\u05d0\u05b7\u05e6\u05d0\u05b8\u05dc\u05df, \u05d5\u05d5\u05e2\u05d8 \u05d0\u05f2\u05b7\u05da \u00ab \u05d4\u05e2\u05dc\u05d0\u05b8\u05d0\u05b7\u05e1\u05d0\u05b8 \u00bb \u05e4\u05bf\u05d0\u05b8\u05e8\u05dc\u05d9\u05d9\u05d2\u05df \u05d0\u05b7 \u05e6\u05d5\u05d2\u05d0\u05b8\u05d1\u05be\u05e6\u05d5\u05e9\u05d8\u05f2\u05b7\u05e2\u05e8 \u05e4\u05bf\u05d0\u05b7\u05e8\u05df \u05e7\u05d9\u05d5\u05dd \u05e4\u05bf\u05d5\u05df \u05d3\u05e2\u05e8 \u05d3\u05d0\u05b8\u05d6\u05d9\u05e7\u05e2\u05e8 \u05e4\u05bc\u05dc\u05d0\u05b7\u05d8\u05e4\u05bf\u05d0\u05b8\u05e8\u05de\u05e2. \u05d3\u05d0\u05b8\u05e1 \u05d0\u05d9\u05d6 \u05d0\u05b8\u05e4\u05bc\u05e6\u05d9\u05d0\u05b8\u05e0\u05e2\u05dc : \u05d0\u05d9\u05e8 \u05e7\u05e2\u05e0\u05d8 \u05d1\u05f2\u05b7\u05d8\u05df \u05d3\u05d9 \u05e1\u05d5\u05de\u05e2 \u05d0\u05b8\u05d3\u05e2\u05e8 \u05d0\u05b7\u05e0\u05d5\u05dc\u05d9\u05e8\u05df \u05d3\u05e2\u05dd \u05e6\u05d5\u05e9\u05d8\u05f2\u05b7\u05e2\u05e8 \u05de\u05d9\u05d8\u05df \u05e7\u05e0\u05e2\u05e4\u05bc\u05dc \u00ab\u00a0Modifier\u00a0\u00bb.<\/strong><\/p>\n","protected":false},"excerpt":{"rendered":"<p>\u05d7\u05d5\u05d3\u05e9\u05dc\u05e2\u05db\u05e2\u05e8 \u05e1\u05e2\u05de\u05d9\u05e0\u05d0\u05b7\u05e8 \u05e4\u05bf\u05d5\u05df \u05d9\u05d9\u05b4\u05d3\u05d9\u05e9\u05e2\u05e8 \u05dc\u05d9\u05d8\u05e2\u05e8\u05d0\u05b7\u05d8\u05d5\u05e8 S\u00e9minaire mensuel de litt\u00e9rature yiddish\u00a0sous la direction de\u00a0Sharon Bar-Kochva,\u00a0Yitskhok Niborski\u00a0et\u00a0Natalia Krynicka Dimanche 14 juin 2026, 9h30-17h00 \u0152uvres \u00e9tudi\u00e9es : nouvelles de Mendele Moykher-Sforim (\u00ab Der &hellip; <\/p>\n<p class=\"link-more\"><a href=\"https:\/\/programme.yiddish.paris\/?tribe_events=zuntik-seminar-seminaire-mensuel-de-litterature-yiddish-en-yiddish-sur-zoom-et-en-presentiel-2\" class=\"more-link\">Continuer la lecture<span class=\"screen-reader-text\"> de &laquo;&nbsp;Zuntik-seminar \/ S\u00e9minaire mensuel de litt\u00e9rature yiddish (en yiddish, sur Zoom et en pr\u00e9sentiel)&nbsp;&raquo;<\/span><\/a><\/p>\n","protected":false},"author":2,"featured_media":7168,"template":"","meta":{"_monsterinsights_skip_tracking":false,"_monsterinsights_sitenote_active":false,"_monsterinsights_sitenote_note":"","_monsterinsights_sitenote_category":0,"_tribe_events_status":"","_tribe_events_status_reason":"","footnotes":""},"tags":[],"tribe_events_cat":[45,56],"class_list":["post-7166","tribe_events","type-tribe_events","status-publish","has-post-thumbnail","hentry","tribe_events_cat-seminaire","tribe_events_cat-yiddish","cat_seminaire","cat_yiddish"],"yoast_head":"<!-- This site is optimized with the Yoast SEO plugin v27.5 - https:\/\/yoast.com\/product\/yoast-seo-wordpress\/ -->\n<title>Zuntik-seminar \/ S\u00e9minaire mensuel de litt\u00e9rature yiddish (en yiddish, sur Zoom et en pr\u00e9sentiel) - programme.yiddish.paris<\/title>\n<meta name=\"robots\" content=\"index, follow, max-snippet:-1, max-image-preview:large, max-video-preview:-1\" \/>\n<link rel=\"canonical\" href=\"https:\/\/programme.yiddish.paris\/?tribe_events=zuntik-seminar-seminaire-mensuel-de-litterature-yiddish-en-yiddish-sur-zoom-et-en-presentiel-2\" \/>\n<meta property=\"og:locale\" content=\"fr_FR\" \/>\n<meta property=\"og:type\" content=\"article\" \/>\n<meta property=\"og:title\" content=\"Zuntik-seminar \/ S\u00e9minaire mensuel de litt\u00e9rature yiddish (en yiddish, sur Zoom et en pr\u00e9sentiel) - programme.yiddish.paris\" \/>\n<meta property=\"og:description\" content=\"\u05d7\u05d5\u05d3\u05e9\u05dc\u05e2\u05db\u05e2\u05e8 \u05e1\u05e2\u05de\u05d9\u05e0\u05d0\u05b7\u05e8 \u05e4\u05bf\u05d5\u05df \u05d9\u05d9\u05b4\u05d3\u05d9\u05e9\u05e2\u05e8 \u05dc\u05d9\u05d8\u05e2\u05e8\u05d0\u05b7\u05d8\u05d5\u05e8 S\u00e9minaire mensuel de litt\u00e9rature yiddish\u00a0sous la direction de\u00a0Sharon Bar-Kochva,\u00a0Yitskhok Niborski\u00a0et\u00a0Natalia Krynicka Dimanche 14 juin 2026, 9h30-17h00 \u0152uvres \u00e9tudi\u00e9es : nouvelles de Mendele Moykher-Sforim (\u00ab Der &hellip; Continuer la lecture de &laquo;&nbsp;Zuntik-seminar \/ S\u00e9minaire mensuel de litt\u00e9rature yiddish (en yiddish, sur Zoom et en pr\u00e9sentiel)&nbsp;&raquo;\" \/>\n<meta property=\"og:url\" content=\"https:\/\/programme.yiddish.paris\/?tribe_events=zuntik-seminar-seminaire-mensuel-de-litterature-yiddish-en-yiddish-sur-zoom-et-en-presentiel-2\" \/>\n<meta property=\"og:site_name\" content=\"programme.yiddish.paris\" \/>\n<meta property=\"article:modified_time\" content=\"2026-04-28T15:59:42+00:00\" \/>\n<meta property=\"og:image\" content=\"https:\/\/programme.yiddish.paris\/wp-content\/uploads\/2026\/02\/Mendele-mitn-vayb-scaled.jpg\" \/>\n\t<meta property=\"og:image:width\" content=\"1706\" \/>\n\t<meta property=\"og:image:height\" content=\"2560\" \/>\n\t<meta property=\"og:image:type\" content=\"image\/jpeg\" \/>\n<meta name=\"twitter:card\" content=\"summary_large_image\" \/>\n<meta name=\"twitter:label1\" content=\"Dur\u00e9e de lecture estim\u00e9e\" \/>\n\t<meta name=\"twitter:data1\" content=\"2 minutes\" \/>\n<script type=\"application\/ld+json\" class=\"yoast-schema-graph\">{\"@context\":\"https:\\\/\\\/schema.org\",\"@graph\":[{\"@type\":\"WebPage\",\"@id\":\"https:\\\/\\\/programme.yiddish.paris\\\/?tribe_events=zuntik-seminar-seminaire-mensuel-de-litterature-yiddish-en-yiddish-sur-zoom-et-en-presentiel-2\",\"url\":\"https:\\\/\\\/programme.yiddish.paris\\\/?tribe_events=zuntik-seminar-seminaire-mensuel-de-litterature-yiddish-en-yiddish-sur-zoom-et-en-presentiel-2\",\"name\":\"Zuntik-seminar \\\/ S\u00e9minaire mensuel de litt\u00e9rature yiddish (en yiddish, sur Zoom et en pr\u00e9sentiel) - programme.yiddish.paris\",\"isPartOf\":{\"@id\":\"https:\\\/\\\/programme.yiddish.paris\\\/#website\"},\"primaryImageOfPage\":{\"@id\":\"https:\\\/\\\/programme.yiddish.paris\\\/?tribe_events=zuntik-seminar-seminaire-mensuel-de-litterature-yiddish-en-yiddish-sur-zoom-et-en-presentiel-2#primaryimage\"},\"image\":{\"@id\":\"https:\\\/\\\/programme.yiddish.paris\\\/?tribe_events=zuntik-seminar-seminaire-mensuel-de-litterature-yiddish-en-yiddish-sur-zoom-et-en-presentiel-2#primaryimage\"},\"thumbnailUrl\":\"https:\\\/\\\/programme.yiddish.paris\\\/wp-content\\\/uploads\\\/2026\\\/02\\\/Mendele-mitn-vayb-scaled.jpg\",\"datePublished\":\"2026-02-25T17:33:07+00:00\",\"dateModified\":\"2026-04-28T15:59:42+00:00\",\"breadcrumb\":{\"@id\":\"https:\\\/\\\/programme.yiddish.paris\\\/?tribe_events=zuntik-seminar-seminaire-mensuel-de-litterature-yiddish-en-yiddish-sur-zoom-et-en-presentiel-2#breadcrumb\"},\"inLanguage\":\"fr-FR\",\"potentialAction\":[{\"@type\":\"ReadAction\",\"target\":[\"https:\\\/\\\/programme.yiddish.paris\\\/?tribe_events=zuntik-seminar-seminaire-mensuel-de-litterature-yiddish-en-yiddish-sur-zoom-et-en-presentiel-2\"]}]},{\"@type\":\"ImageObject\",\"inLanguage\":\"fr-FR\",\"@id\":\"https:\\\/\\\/programme.yiddish.paris\\\/?tribe_events=zuntik-seminar-seminaire-mensuel-de-litterature-yiddish-en-yiddish-sur-zoom-et-en-presentiel-2#primaryimage\",\"url\":\"https:\\\/\\\/programme.yiddish.paris\\\/wp-content\\\/uploads\\\/2026\\\/02\\\/Mendele-mitn-vayb-scaled.jpg\",\"contentUrl\":\"https:\\\/\\\/programme.yiddish.paris\\\/wp-content\\\/uploads\\\/2026\\\/02\\\/Mendele-mitn-vayb-scaled.jpg\",\"width\":1706,\"height\":2560},{\"@type\":\"BreadcrumbList\",\"@id\":\"https:\\\/\\\/programme.yiddish.paris\\\/?tribe_events=zuntik-seminar-seminaire-mensuel-de-litterature-yiddish-en-yiddish-sur-zoom-et-en-presentiel-2#breadcrumb\",\"itemListElement\":[{\"@type\":\"ListItem\",\"position\":1,\"name\":\"Home\",\"item\":\"https:\\\/\\\/programme.yiddish.paris\\\/\"},{\"@type\":\"ListItem\",\"position\":2,\"name\":\"\u00c9v\u00e8nements\",\"item\":\"https:\\\/\\\/programme.yiddish.paris\\\/?post_type=tribe_events\"},{\"@type\":\"ListItem\",\"position\":3,\"name\":\"Zuntik-seminar \\\/ S\u00e9minaire mensuel de litt\u00e9rature yiddish (en yiddish, sur Zoom et en pr\u00e9sentiel)\"}]},{\"@type\":\"WebSite\",\"@id\":\"https:\\\/\\\/programme.yiddish.paris\\\/#website\",\"url\":\"https:\\\/\\\/programme.yiddish.paris\\\/\",\"name\":\"programme.yiddish.paris\",\"description\":\"La programmation culturelle de la Maison de la culture yiddish \u2013\u00a0Biblioth\u00e8que Medem\",\"publisher\":{\"@id\":\"https:\\\/\\\/programme.yiddish.paris\\\/#organization\"},\"potentialAction\":[{\"@type\":\"SearchAction\",\"target\":{\"@type\":\"EntryPoint\",\"urlTemplate\":\"https:\\\/\\\/programme.yiddish.paris\\\/?s={search_term_string}\"},\"query-input\":{\"@type\":\"PropertyValueSpecification\",\"valueRequired\":true,\"valueName\":\"search_term_string\"}}],\"inLanguage\":\"fr-FR\"},{\"@type\":\"Organization\",\"@id\":\"https:\\\/\\\/programme.yiddish.paris\\\/#organization\",\"name\":\"programme.yiddish.paris\",\"url\":\"https:\\\/\\\/programme.yiddish.paris\\\/\",\"logo\":{\"@type\":\"ImageObject\",\"inLanguage\":\"fr-FR\",\"@id\":\"https:\\\/\\\/programme.yiddish.paris\\\/#\\\/schema\\\/logo\\\/image\\\/\",\"url\":\"https:\\\/\\\/programme.yiddish.paris\\\/wp-content\\\/uploads\\\/2020\\\/07\\\/cropped-mcy_yud-1.png\",\"contentUrl\":\"https:\\\/\\\/programme.yiddish.paris\\\/wp-content\\\/uploads\\\/2020\\\/07\\\/cropped-mcy_yud-1.png\",\"width\":250,\"height\":250,\"caption\":\"programme.yiddish.paris\"},\"image\":{\"@id\":\"https:\\\/\\\/programme.yiddish.paris\\\/#\\\/schema\\\/logo\\\/image\\\/\"}}]}<\/script>\n<!-- \/ Yoast SEO plugin. -->","yoast_head_json":{"title":"Zuntik-seminar \/ S\u00e9minaire mensuel de litt\u00e9rature yiddish (en yiddish, sur Zoom et en pr\u00e9sentiel) - programme.yiddish.paris","robots":{"index":"index","follow":"follow","max-snippet":"max-snippet:-1","max-image-preview":"max-image-preview:large","max-video-preview":"max-video-preview:-1"},"canonical":"https:\/\/programme.yiddish.paris\/?tribe_events=zuntik-seminar-seminaire-mensuel-de-litterature-yiddish-en-yiddish-sur-zoom-et-en-presentiel-2","og_locale":"fr_FR","og_type":"article","og_title":"Zuntik-seminar \/ S\u00e9minaire mensuel de litt\u00e9rature yiddish (en yiddish, sur Zoom et en pr\u00e9sentiel) - programme.yiddish.paris","og_description":"\u05d7\u05d5\u05d3\u05e9\u05dc\u05e2\u05db\u05e2\u05e8 \u05e1\u05e2\u05de\u05d9\u05e0\u05d0\u05b7\u05e8 \u05e4\u05bf\u05d5\u05df \u05d9\u05d9\u05b4\u05d3\u05d9\u05e9\u05e2\u05e8 \u05dc\u05d9\u05d8\u05e2\u05e8\u05d0\u05b7\u05d8\u05d5\u05e8 S\u00e9minaire mensuel de litt\u00e9rature yiddish\u00a0sous la direction de\u00a0Sharon Bar-Kochva,\u00a0Yitskhok Niborski\u00a0et\u00a0Natalia Krynicka Dimanche 14 juin 2026, 9h30-17h00 \u0152uvres \u00e9tudi\u00e9es : nouvelles de Mendele Moykher-Sforim (\u00ab Der &hellip; Continuer la lecture de &laquo;&nbsp;Zuntik-seminar \/ S\u00e9minaire mensuel de litt\u00e9rature yiddish (en yiddish, sur Zoom et en pr\u00e9sentiel)&nbsp;&raquo;","og_url":"https:\/\/programme.yiddish.paris\/?tribe_events=zuntik-seminar-seminaire-mensuel-de-litterature-yiddish-en-yiddish-sur-zoom-et-en-presentiel-2","og_site_name":"programme.yiddish.paris","article_modified_time":"2026-04-28T15:59:42+00:00","og_image":[{"width":1706,"height":2560,"url":"https:\/\/programme.yiddish.paris\/wp-content\/uploads\/2026\/02\/Mendele-mitn-vayb-scaled.jpg","type":"image\/jpeg"}],"twitter_card":"summary_large_image","twitter_misc":{"Dur\u00e9e de lecture estim\u00e9e":"2 minutes"},"schema":{"@context":"https:\/\/schema.org","@graph":[{"@type":"WebPage","@id":"https:\/\/programme.yiddish.paris\/?tribe_events=zuntik-seminar-seminaire-mensuel-de-litterature-yiddish-en-yiddish-sur-zoom-et-en-presentiel-2","url":"https:\/\/programme.yiddish.paris\/?tribe_events=zuntik-seminar-seminaire-mensuel-de-litterature-yiddish-en-yiddish-sur-zoom-et-en-presentiel-2","name":"Zuntik-seminar \/ S\u00e9minaire mensuel de litt\u00e9rature yiddish (en yiddish, sur Zoom et en pr\u00e9sentiel) - programme.yiddish.paris","isPartOf":{"@id":"https:\/\/programme.yiddish.paris\/#website"},"primaryImageOfPage":{"@id":"https:\/\/programme.yiddish.paris\/?tribe_events=zuntik-seminar-seminaire-mensuel-de-litterature-yiddish-en-yiddish-sur-zoom-et-en-presentiel-2#primaryimage"},"image":{"@id":"https:\/\/programme.yiddish.paris\/?tribe_events=zuntik-seminar-seminaire-mensuel-de-litterature-yiddish-en-yiddish-sur-zoom-et-en-presentiel-2#primaryimage"},"thumbnailUrl":"https:\/\/programme.yiddish.paris\/wp-content\/uploads\/2026\/02\/Mendele-mitn-vayb-scaled.jpg","datePublished":"2026-02-25T17:33:07+00:00","dateModified":"2026-04-28T15:59:42+00:00","breadcrumb":{"@id":"https:\/\/programme.yiddish.paris\/?tribe_events=zuntik-seminar-seminaire-mensuel-de-litterature-yiddish-en-yiddish-sur-zoom-et-en-presentiel-2#breadcrumb"},"inLanguage":"fr-FR","potentialAction":[{"@type":"ReadAction","target":["https:\/\/programme.yiddish.paris\/?tribe_events=zuntik-seminar-seminaire-mensuel-de-litterature-yiddish-en-yiddish-sur-zoom-et-en-presentiel-2"]}]},{"@type":"ImageObject","inLanguage":"fr-FR","@id":"https:\/\/programme.yiddish.paris\/?tribe_events=zuntik-seminar-seminaire-mensuel-de-litterature-yiddish-en-yiddish-sur-zoom-et-en-presentiel-2#primaryimage","url":"https:\/\/programme.yiddish.paris\/wp-content\/uploads\/2026\/02\/Mendele-mitn-vayb-scaled.jpg","contentUrl":"https:\/\/programme.yiddish.paris\/wp-content\/uploads\/2026\/02\/Mendele-mitn-vayb-scaled.jpg","width":1706,"height":2560},{"@type":"BreadcrumbList","@id":"https:\/\/programme.yiddish.paris\/?tribe_events=zuntik-seminar-seminaire-mensuel-de-litterature-yiddish-en-yiddish-sur-zoom-et-en-presentiel-2#breadcrumb","itemListElement":[{"@type":"ListItem","position":1,"name":"Home","item":"https:\/\/programme.yiddish.paris\/"},{"@type":"ListItem","position":2,"name":"\u00c9v\u00e8nements","item":"https:\/\/programme.yiddish.paris\/?post_type=tribe_events"},{"@type":"ListItem","position":3,"name":"Zuntik-seminar \/ S\u00e9minaire mensuel de litt\u00e9rature yiddish (en yiddish, sur Zoom et en pr\u00e9sentiel)"}]},{"@type":"WebSite","@id":"https:\/\/programme.yiddish.paris\/#website","url":"https:\/\/programme.yiddish.paris\/","name":"programme.yiddish.paris","description":"La programmation culturelle de la Maison de la culture yiddish \u2013\u00a0Biblioth\u00e8que Medem","publisher":{"@id":"https:\/\/programme.yiddish.paris\/#organization"},"potentialAction":[{"@type":"SearchAction","target":{"@type":"EntryPoint","urlTemplate":"https:\/\/programme.yiddish.paris\/?s={search_term_string}"},"query-input":{"@type":"PropertyValueSpecification","valueRequired":true,"valueName":"search_term_string"}}],"inLanguage":"fr-FR"},{"@type":"Organization","@id":"https:\/\/programme.yiddish.paris\/#organization","name":"programme.yiddish.paris","url":"https:\/\/programme.yiddish.paris\/","logo":{"@type":"ImageObject","inLanguage":"fr-FR","@id":"https:\/\/programme.yiddish.paris\/#\/schema\/logo\/image\/","url":"https:\/\/programme.yiddish.paris\/wp-content\/uploads\/2020\/07\/cropped-mcy_yud-1.png","contentUrl":"https:\/\/programme.yiddish.paris\/wp-content\/uploads\/2020\/07\/cropped-mcy_yud-1.png","width":250,"height":250,"caption":"programme.yiddish.paris"},"image":{"@id":"https:\/\/programme.yiddish.paris\/#\/schema\/logo\/image\/"}}]}},"_links":{"self":[{"href":"https:\/\/programme.yiddish.paris\/index.php?rest_route=\/wp\/v2\/tribe_events\/7166","targetHints":{"allow":["GET"]}}],"collection":[{"href":"https:\/\/programme.yiddish.paris\/index.php?rest_route=\/wp\/v2\/tribe_events"}],"about":[{"href":"https:\/\/programme.yiddish.paris\/index.php?rest_route=\/wp\/v2\/types\/tribe_events"}],"author":[{"embeddable":true,"href":"https:\/\/programme.yiddish.paris\/index.php?rest_route=\/wp\/v2\/users\/2"}],"version-history":[{"count":6,"href":"https:\/\/programme.yiddish.paris\/index.php?rest_route=\/wp\/v2\/tribe_events\/7166\/revisions"}],"predecessor-version":[{"id":7431,"href":"https:\/\/programme.yiddish.paris\/index.php?rest_route=\/wp\/v2\/tribe_events\/7166\/revisions\/7431"}],"wp:featuredmedia":[{"embeddable":true,"href":"https:\/\/programme.yiddish.paris\/index.php?rest_route=\/wp\/v2\/media\/7168"}],"wp:attachment":[{"href":"https:\/\/programme.yiddish.paris\/index.php?rest_route=%2Fwp%2Fv2%2Fmedia&parent=7166"}],"wp:term":[{"taxonomy":"post_tag","embeddable":true,"href":"https:\/\/programme.yiddish.paris\/index.php?rest_route=%2Fwp%2Fv2%2Ftags&post=7166"},{"taxonomy":"tribe_events_cat","embeddable":true,"href":"https:\/\/programme.yiddish.paris\/index.php?rest_route=%2Fwp%2Fv2%2Ftribe_events_cat&post=7166"}],"curies":[{"name":"wp","href":"https:\/\/api.w.org\/{rel}","templated":true}]}}