{"id":7621,"date":"2026-09-05T13:36:09","date_gmt":"2026-09-05T11:36:09","guid":{"rendered":"https:\/\/programme.yiddish.paris\/?post_type=tribe_events&#038;p=7621"},"modified":"2026-09-05T13:37:08","modified_gmt":"2026-09-05T11:37:08","slug":"fete-de-rentree-de-la-chorale-tshiribim","status":"publish","type":"tribe_events","link":"https:\/\/programme.yiddish.paris\/?tribe_events=fete-de-rentree-de-la-chorale-tshiribim","title":{"rendered":"F\u00eate de rentr\u00e9e de la chorale Tshiribim"},"content":{"rendered":"<h2>Chorale Tshiribim \u2013 f\u00eate de rentr\u00e9e (report du 21 juin)<\/h2>\n<p><span style=\"color: #ff0000;\"><strong>Dimanche 27 septembre 2026, 15h30-16h et 16h30-17h<\/strong><\/span><\/p>\n<p>\u00c0 l\u2019occasion du coup d\u2019envoi de la saison 2026-2027, Tshiribim, la chorale de la Maison de la culture yiddish, vous invite \u00e0 l\u2019\u00e9couter chanter, dans une ambiance festive et conviviale, sous la direction de <strong>Shura Lipovsky<\/strong>, interpr\u00e8te, auteure-compositrice et po\u00e8te. Au programme : la chaleur et la richesse mill\u00e9naires de chants yiddish, h\u00e9bra\u00efques et jud\u00e9o-espagnols&#8230;<\/p>\n<p>Deux s\u00e9ances au choix :<br \/>\n<strong>15h30-16h<br \/>\n16h30-17h<\/strong><\/p>\n<div class=\"v1elementToProof\">Le Tshaynik-caf\u00e9 sera ouvert de 15h00 \u00e0 18h00.<\/div>\n<div><\/div>\n<p>Contact :\u00a0<a href=\"mailto:estelle@yiddishweb.com\">estelle@yiddishweb.com<\/a><\/p>\n<p><em>Entr\u00e9e libre\u00a0<strong><br \/>\n<\/strong><\/em><\/p>\n<p>R\u00e9servation obligatoire : <strong><span style=\"color: #ff0000;\"><a style=\"color: #ff0000;\" href=\"https:\/\/www.helloasso.com\/associations\/maison-de-la-culture-yiddish-bibliotheque-medem\/evenements\/mcy-activites-septembre-2026\">Cliquez ici<\/a><\/span><\/strong><\/p>\n","protected":false},"excerpt":{"rendered":"<p>Chorale Tshiribim \u2013 f\u00eate de rentr\u00e9e (report du 21 juin) Dimanche 27 septembre 2026, 15h30-16h et 16h30-17h \u00c0 l\u2019occasion du coup d\u2019envoi de la saison 2026-2027, Tshiribim, la chorale de &hellip; <\/p>\n<p class=\"link-more\"><a href=\"https:\/\/programme.yiddish.paris\/?tribe_events=fete-de-rentree-de-la-chorale-tshiribim\" class=\"more-link\">Continuer la lecture<span class=\"screen-reader-text\"> de &laquo;&nbsp;F\u00eate de rentr\u00e9e de la chorale Tshiribim&nbsp;&raquo;<\/span><\/a><\/p>\n","protected":false},"author":2,"featured_media":7477,"template":"","meta":{"_monsterinsights_skip_tracking":false,"_tribe_events_status":"","_tribe_events_status_reason":"","footnotes":""},"tags":[],"tribe_events_cat":[39,71],"class_list":["post-7621","tribe_events","type-tribe_events","status-publish","has-post-thumbnail","hentry","tribe_events_cat-divertissement","tribe_events_cat-musique","cat_divertissement","cat_musique"],"yoast_head":"<!-- This site is optimized with the Yoast SEO plugin v28.4 - https:\/\/yoast.com\/product\/yoast-seo-wordpress\/ -->\n<title>F\u00eate de rentr\u00e9e de la chorale Tshiribim - programme.yiddish.paris<\/title>\n<meta name=\"robots\" content=\"index, follow, max-snippet:-1, max-image-preview:large, max-video-preview:-1\" \/>\n<link rel=\"canonical\" href=\"https:\/\/programme.yiddish.paris\/?tribe_events=fete-de-rentree-de-la-chorale-tshiribim\" \/>\n<meta property=\"og:locale\" content=\"fr_FR\" \/>\n<meta property=\"og:type\" content=\"article\" \/>\n<meta property=\"og:title\" content=\"F\u00eate de rentr\u00e9e de la chorale Tshiribim - programme.yiddish.paris\" \/>\n<meta property=\"og:description\" content=\"Chorale Tshiribim \u2013 f\u00eate de rentr\u00e9e (report du 21 juin) Dimanche 27 septembre 2026, 15h30-16h et 16h30-17h \u00c0 l\u2019occasion du coup d\u2019envoi de la saison 2026-2027, Tshiribim, la chorale de &hellip; Continuer la lecture de &laquo;&nbsp;F\u00eate de rentr\u00e9e de la chorale Tshiribim&nbsp;&raquo;\" \/>\n<meta property=\"og:url\" content=\"https:\/\/programme.yiddish.paris\/?tribe_events=fete-de-rentree-de-la-chorale-tshiribim\" \/>\n<meta property=\"og:site_name\" content=\"programme.yiddish.paris\" \/>\n<meta property=\"article:modified_time\" content=\"2026-09-05T11:37:08+00:00\" \/>\n<meta property=\"og:image\" content=\"https:\/\/programme.yiddish.paris\/wp-content\/uploads\/2026\/05\/shor_khor.png\" \/>\n\t<meta property=\"og:image:width\" content=\"1323\" \/>\n\t<meta property=\"og:image:height\" content=\"1501\" \/>\n\t<meta property=\"og:image:type\" content=\"image\/png\" \/>\n<meta name=\"twitter:card\" content=\"summary_large_image\" \/>\n<meta name=\"twitter:label1\" content=\"Dur\u00e9e de lecture estim\u00e9e\" \/>\n\t<meta name=\"twitter:data1\" content=\"1 minute\" \/>\n<script type=\"application\/ld+json\" class=\"yoast-schema-graph\">{\"@context\":\"https:\\\/\\\/schema.org\",\"@graph\":[{\"@type\":\"WebPage\",\"@id\":\"https:\\\/\\\/programme.yiddish.paris\\\/?tribe_events=fete-de-rentree-de-la-chorale-tshiribim\",\"url\":\"https:\\\/\\\/programme.yiddish.paris\\\/?tribe_events=fete-de-rentree-de-la-chorale-tshiribim\",\"name\":\"F\u00eate de rentr\u00e9e de la chorale Tshiribim - programme.yiddish.paris\",\"isPartOf\":{\"@id\":\"https:\\\/\\\/programme.yiddish.paris\\\/#website\"},\"primaryImageOfPage\":{\"@id\":\"https:\\\/\\\/programme.yiddish.paris\\\/?tribe_events=fete-de-rentree-de-la-chorale-tshiribim#primaryimage\"},\"image\":{\"@id\":\"https:\\\/\\\/programme.yiddish.paris\\\/?tribe_events=fete-de-rentree-de-la-chorale-tshiribim#primaryimage\"},\"thumbnailUrl\":\"https:\\\/\\\/programme.yiddish.paris\\\/wp-content\\\/uploads\\\/2026\\\/05\\\/shor_khor.png\",\"datePublished\":\"2026-09-05T11:36:09+00:00\",\"dateModified\":\"2026-09-05T11:37:08+00:00\",\"breadcrumb\":{\"@id\":\"https:\\\/\\\/programme.yiddish.paris\\\/?tribe_events=fete-de-rentree-de-la-chorale-tshiribim#breadcrumb\"},\"inLanguage\":\"fr-FR\",\"potentialAction\":[{\"@type\":\"ReadAction\",\"target\":[\"https:\\\/\\\/programme.yiddish.paris\\\/?tribe_events=fete-de-rentree-de-la-chorale-tshiribim\"]}]},{\"@type\":\"ImageObject\",\"inLanguage\":\"fr-FR\",\"@id\":\"https:\\\/\\\/programme.yiddish.paris\\\/?tribe_events=fete-de-rentree-de-la-chorale-tshiribim#primaryimage\",\"url\":\"https:\\\/\\\/programme.yiddish.paris\\\/wp-content\\\/uploads\\\/2026\\\/05\\\/shor_khor.png\",\"contentUrl\":\"https:\\\/\\\/programme.yiddish.paris\\\/wp-content\\\/uploads\\\/2026\\\/05\\\/shor_khor.png\",\"width\":1323,\"height\":1501},{\"@type\":\"BreadcrumbList\",\"@id\":\"https:\\\/\\\/programme.yiddish.paris\\\/?tribe_events=fete-de-rentree-de-la-chorale-tshiribim#breadcrumb\",\"itemListElement\":[{\"@type\":\"ListItem\",\"position\":1,\"name\":\"Home\",\"item\":\"https:\\\/\\\/programme.yiddish.paris\\\/\"},{\"@type\":\"ListItem\",\"position\":2,\"name\":\"\u00c9v\u00e8nements\",\"item\":\"https:\\\/\\\/programme.yiddish.paris\\\/?post_type=tribe_events\"},{\"@type\":\"ListItem\",\"position\":3,\"name\":\"F\u00eate de rentr\u00e9e de la chorale Tshiribim\"}]},{\"@type\":\"WebSite\",\"@id\":\"https:\\\/\\\/programme.yiddish.paris\\\/#website\",\"url\":\"https:\\\/\\\/programme.yiddish.paris\\\/\",\"name\":\"programme.yiddish.paris\",\"description\":\"La programmation culturelle de la Maison de la culture yiddish \u2013\u00a0Biblioth\u00e8que Medem\",\"publisher\":{\"@id\":\"https:\\\/\\\/programme.yiddish.paris\\\/#organization\"},\"potentialAction\":[{\"@type\":\"SearchAction\",\"target\":{\"@type\":\"EntryPoint\",\"urlTemplate\":\"https:\\\/\\\/programme.yiddish.paris\\\/?s={search_term_string}\"},\"query-input\":{\"@type\":\"PropertyValueSpecification\",\"valueRequired\":true,\"valueName\":\"search_term_string\"}}],\"inLanguage\":\"fr-FR\"},{\"@type\":\"Organization\",\"@id\":\"https:\\\/\\\/programme.yiddish.paris\\\/#organization\",\"name\":\"programme.yiddish.paris\",\"url\":\"https:\\\/\\\/programme.yiddish.paris\\\/\",\"logo\":{\"@type\":\"ImageObject\",\"inLanguage\":\"fr-FR\",\"@id\":\"https:\\\/\\\/programme.yiddish.paris\\\/#\\\/schema\\\/logo\\\/image\\\/\",\"url\":\"https:\\\/\\\/programme.yiddish.paris\\\/wp-content\\\/uploads\\\/2020\\\/07\\\/cropped-mcy_yud-1.png\",\"contentUrl\":\"https:\\\/\\\/programme.yiddish.paris\\\/wp-content\\\/uploads\\\/2020\\\/07\\\/cropped-mcy_yud-1.png\",\"width\":250,\"height\":250,\"caption\":\"programme.yiddish.paris\"},\"image\":{\"@id\":\"https:\\\/\\\/programme.yiddish.paris\\\/#\\\/schema\\\/logo\\\/image\\\/\"}}]}<\/script>\n<!-- \/ Yoast SEO plugin. -->","yoast_head_json":{"title":"F\u00eate de rentr\u00e9e de la chorale Tshiribim - programme.yiddish.paris","robots":{"index":"index","follow":"follow","max-snippet":"max-snippet:-1","max-image-preview":"max-image-preview:large","max-video-preview":"max-video-preview:-1"},"canonical":"https:\/\/programme.yiddish.paris\/?tribe_events=fete-de-rentree-de-la-chorale-tshiribim","og_locale":"fr_FR","og_type":"article","og_title":"F\u00eate de rentr\u00e9e de la chorale Tshiribim - programme.yiddish.paris","og_description":"Chorale Tshiribim \u2013 f\u00eate de rentr\u00e9e (report du 21 juin) Dimanche 27 septembre 2026, 15h30-16h et 16h30-17h \u00c0 l\u2019occasion du coup d\u2019envoi de la saison 2026-2027, Tshiribim, la chorale de &hellip; Continuer la lecture de &laquo;&nbsp;F\u00eate de rentr\u00e9e de la chorale Tshiribim&nbsp;&raquo;","og_url":"https:\/\/programme.yiddish.paris\/?tribe_events=fete-de-rentree-de-la-chorale-tshiribim","og_site_name":"programme.yiddish.paris","article_modified_time":"2026-09-05T11:37:08+00:00","og_image":[{"width":1323,"height":1501,"url":"https:\/\/programme.yiddish.paris\/wp-content\/uploads\/2026\/05\/shor_khor.png","type":"image\/png"}],"twitter_card":"summary_large_image","twitter_misc":{"Dur\u00e9e de lecture estim\u00e9e":"1 minute"},"schema":{"@context":"https:\/\/schema.org","@graph":[{"@type":"WebPage","@id":"https:\/\/programme.yiddish.paris\/?tribe_events=fete-de-rentree-de-la-chorale-tshiribim","url":"https:\/\/programme.yiddish.paris\/?tribe_events=fete-de-rentree-de-la-chorale-tshiribim","name":"F\u00eate de rentr\u00e9e de la chorale Tshiribim - programme.yiddish.paris","isPartOf":{"@id":"https:\/\/programme.yiddish.paris\/#website"},"primaryImageOfPage":{"@id":"https:\/\/programme.yiddish.paris\/?tribe_events=fete-de-rentree-de-la-chorale-tshiribim#primaryimage"},"image":{"@id":"https:\/\/programme.yiddish.paris\/?tribe_events=fete-de-rentree-de-la-chorale-tshiribim#primaryimage"},"thumbnailUrl":"https:\/\/programme.yiddish.paris\/wp-content\/uploads\/2026\/05\/shor_khor.png","datePublished":"2026-09-05T11:36:09+00:00","dateModified":"2026-09-05T11:37:08+00:00","breadcrumb":{"@id":"https:\/\/programme.yiddish.paris\/?tribe_events=fete-de-rentree-de-la-chorale-tshiribim#breadcrumb"},"inLanguage":"fr-FR","potentialAction":[{"@type":"ReadAction","target":["https:\/\/programme.yiddish.paris\/?tribe_events=fete-de-rentree-de-la-chorale-tshiribim"]}]},{"@type":"ImageObject","inLanguage":"fr-FR","@id":"https:\/\/programme.yiddish.paris\/?tribe_events=fete-de-rentree-de-la-chorale-tshiribim#primaryimage","url":"https:\/\/programme.yiddish.paris\/wp-content\/uploads\/2026\/05\/shor_khor.png","contentUrl":"https:\/\/programme.yiddish.paris\/wp-content\/uploads\/2026\/05\/shor_khor.png","width":1323,"height":1501},{"@type":"BreadcrumbList","@id":"https:\/\/programme.yiddish.paris\/?tribe_events=fete-de-rentree-de-la-chorale-tshiribim#breadcrumb","itemListElement":[{"@type":"ListItem","position":1,"name":"Home","item":"https:\/\/programme.yiddish.paris\/"},{"@type":"ListItem","position":2,"name":"\u00c9v\u00e8nements","item":"https:\/\/programme.yiddish.paris\/?post_type=tribe_events"},{"@type":"ListItem","position":3,"name":"F\u00eate de rentr\u00e9e de la chorale Tshiribim"}]},{"@type":"WebSite","@id":"https:\/\/programme.yiddish.paris\/#website","url":"https:\/\/programme.yiddish.paris\/","name":"programme.yiddish.paris","description":"La programmation culturelle de la Maison de la culture yiddish \u2013\u00a0Biblioth\u00e8que Medem","publisher":{"@id":"https:\/\/programme.yiddish.paris\/#organization"},"potentialAction":[{"@type":"SearchAction","target":{"@type":"EntryPoint","urlTemplate":"https:\/\/programme.yiddish.paris\/?s={search_term_string}"},"query-input":{"@type":"PropertyValueSpecification","valueRequired":true,"valueName":"search_term_string"}}],"inLanguage":"fr-FR"},{"@type":"Organization","@id":"https:\/\/programme.yiddish.paris\/#organization","name":"programme.yiddish.paris","url":"https:\/\/programme.yiddish.paris\/","logo":{"@type":"ImageObject","inLanguage":"fr-FR","@id":"https:\/\/programme.yiddish.paris\/#\/schema\/logo\/image\/","url":"https:\/\/programme.yiddish.paris\/wp-content\/uploads\/2020\/07\/cropped-mcy_yud-1.png","contentUrl":"https:\/\/programme.yiddish.paris\/wp-content\/uploads\/2020\/07\/cropped-mcy_yud-1.png","width":250,"height":250,"caption":"programme.yiddish.paris"},"image":{"@id":"https:\/\/programme.yiddish.paris\/#\/schema\/logo\/image\/"}}]}},"_links":{"self":[{"href":"https:\/\/programme.yiddish.paris\/index.php?rest_route=\/wp\/v2\/tribe_events\/7621","targetHints":{"allow":["GET"]}}],"collection":[{"href":"https:\/\/programme.yiddish.paris\/index.php?rest_route=\/wp\/v2\/tribe_events"}],"about":[{"href":"https:\/\/programme.yiddish.paris\/index.php?rest_route=\/wp\/v2\/types\/tribe_events"}],"author":[{"embeddable":true,"href":"https:\/\/programme.yiddish.paris\/index.php?rest_route=\/wp\/v2\/users\/2"}],"version-history":[{"count":3,"href":"https:\/\/programme.yiddish.paris\/index.php?rest_route=\/wp\/v2\/tribe_events\/7621\/revisions"}],"predecessor-version":[{"id":7624,"href":"https:\/\/programme.yiddish.paris\/index.php?rest_route=\/wp\/v2\/tribe_events\/7621\/revisions\/7624"}],"wp:featuredmedia":[{"embeddable":true,"href":"https:\/\/programme.yiddish.paris\/index.php?rest_route=\/wp\/v2\/media\/7477"}],"wp:attachment":[{"href":"https:\/\/programme.yiddish.paris\/index.php?rest_route=%2Fwp%2Fv2%2Fmedia&parent=7621"}],"wp:term":[{"taxonomy":"post_tag","embeddable":true,"href":"https:\/\/programme.yiddish.paris\/index.php?rest_route=%2Fwp%2Fv2%2Ftags&post=7621"},{"taxonomy":"tribe_events_cat","embeddable":true,"href":"https:\/\/programme.yiddish.paris\/index.php?rest_route=%2Fwp%2Fv2%2Ftribe_events_cat&post=7621"}],"curies":[{"name":"wp","href":"https:\/\/api.w.org\/{rel}","templated":true}]}}